{"id":3568,"date":"2022-08-29T15:25:22","date_gmt":"2022-08-29T15:25:22","guid":{"rendered":"https:\/\/nunoa.cl\/nunoapatrimonial\/?page_id=3568"},"modified":"2024-03-11T20:23:04","modified_gmt":"2024-03-11T20:23:04","slug":"calles-de-nunoa","status":"publish","type":"page","link":"https:\/\/nunoa.cl\/nunoapatrimonial\/calles-de-nunoa\/","title":{"rendered":"Calles de \u00d1u\u00f1oa"},"content":{"rendered":"\t\t<div data-elementor-type=\"wp-post\" data-elementor-id=\"3568\" class=\"elementor elementor-3568\">\n\t\t\t\t\t\t<section class=\"elementor-section elementor-top-section elementor-element elementor-element-19fb96f elementor-section-boxed elementor-section-height-default elementor-section-height-default wpr-particle-no wpr-jarallax-no wpr-parallax-no wpr-sticky-section-no\" data-id=\"19fb96f\" data-element_type=\"section\" data-e-type=\"section\" data-settings=\"{&quot;background_background&quot;:&quot;classic&quot;}\">\n\t\t\t\t\t\t<div class=\"elementor-container elementor-column-gap-default\">\n\t\t\t\t\t<div class=\"elementor-column elementor-col-100 elementor-top-column elementor-element elementor-element-50b5663\" data-id=\"50b5663\" data-element_type=\"column\" data-e-type=\"column\">\n\t\t\t<div class=\"elementor-widget-wrap elementor-element-populated\">\n\t\t\t\t\t\t<div class=\"elementor-element elementor-element-308e18f elementor-widget__width-initial elementor-widget elementor-widget-spacer\" data-id=\"308e18f\" data-element_type=\"widget\" data-e-type=\"widget\" data-widget_type=\"spacer.default\">\n\t\t\t\t<div class=\"elementor-widget-container\">\n\t\t\t\t\t\t\t<div class=\"elementor-spacer\">\n\t\t\t<div class=\"elementor-spacer-inner\"><\/div>\n\t\t<\/div>\n\t\t\t\t\t\t<\/div>\n\t\t\t\t<\/div>\n\t\t\t\t<div class=\"elementor-element elementor-element-363716a eael-dual-header-content-align-center elementor-widget elementor-widget-eael-dual-color-header\" data-id=\"363716a\" data-element_type=\"widget\" data-e-type=\"widget\" data-widget_type=\"eael-dual-color-header.default\">\n\t\t\t\t<div class=\"elementor-widget-container\">\n\t\t\t\t\t\t\t\t<div class=\"eael-dual-header\">\n\t\t\t\t<h2 class=\"title eael-dch-title\"><span class=\"eael-dch-title-text eael-dch-title-lead lead solid-color\">Calles<\/span> <span class=\"eael-dch-title-text\">DE \u00d1U\u00d1OA<\/span><\/h2>\t\t\t<\/div>\n\n\t\t\t\t\t\t<\/div>\n\t\t\t\t<\/div>\n\t\t\t\t\t<\/div>\n\t\t<\/div>\n\t\t\t\t\t<\/div>\n\t\t<\/section>\n\t\t\t\t<section class=\"elementor-section elementor-top-section elementor-element elementor-element-fa876af elementor-section-boxed elementor-section-height-default elementor-section-height-default wpr-particle-no wpr-jarallax-no wpr-parallax-no wpr-sticky-section-no\" data-id=\"fa876af\" data-element_type=\"section\" data-e-type=\"section\" data-settings=\"{&quot;background_background&quot;:&quot;classic&quot;}\">\n\t\t\t\t\t\t<div class=\"elementor-container elementor-column-gap-default\">\n\t\t\t\t\t<div class=\"elementor-column elementor-col-100 elementor-top-column elementor-element elementor-element-dcc6be4\" data-id=\"dcc6be4\" data-element_type=\"column\" data-e-type=\"column\">\n\t\t\t<div class=\"elementor-widget-wrap elementor-element-populated\">\n\t\t\t\t<div class=\"elementor-element elementor-element-2e26e57 e-flex e-con-boxed wpr-particle-no wpr-jarallax-no wpr-parallax-no wpr-sticky-section-no e-con e-parent\" data-id=\"2e26e57\" data-element_type=\"container\" data-e-type=\"container\">\n\t\t\t\t\t<div class=\"e-con-inner\">\n\t\t\t\t<div class=\"elementor-element elementor-element-2db824c elementor-widget elementor-widget-html\" data-id=\"2db824c\" data-element_type=\"widget\" data-e-type=\"widget\" data-widget_type=\"html.default\">\n\t\t\t\t<div class=\"elementor-widget-container\">\n\t\t\t\t\t\t<table>\n\t\t<thead>\n\t\t\t<tr>\n\t\t\t\t<th>A<\/th>\n\t\t\t\t<th>B<\/th>\n\t\t\t\t<th>C<\/th>\n\t\t\t\t<th>D<\/th>\n\t\t\t\t<th>E<\/th>\n\t\t\t\t<th>F<\/th>\n\t\t\t\t<th>G<\/th>\n\t\t\t\t<th>H<\/th>\n\t\t\t\t<th>I<\/th>\n\t\t\t\t<th>J<\/th>\n\t\t\t\t<th>K<\/th>\n\t\t\t\t<th>L<\/th>\n\t\t\t\t<th>M<\/th>\n\t\t\t\t<th>N<\/th>\n\t\t\t\t<th>\u00d1<\/th>\n\t\t\t\t<th>O<\/th>\n\t\t\t\t<th>P<\/th>\n\t\t\t\t<th>Q<\/th>\n\t\t\t\t<th>R<\/th>\n\t\t\t\t<th>S<\/th>\n\t\t\t\t<th>T<\/th>\n\t\t\t\t<th>V<\/th>\n\t\t\t\t<th>W<\/th>\n\t\t\t\t<th>X<\/th>\n\t\t\t\t<th>Y<\/th>\n\t\t\t\t<th>Z<\/th>\n\t\t\t<\/tr>\n\t\t<\/thead>\n\t\t<tbody>\n\t\t<\/tbody>\n\t<\/table>\n\t\t\t\t\t<\/div>\n\t\t\t\t<\/div>\n\t\t\t\t<div class=\"elementor-element elementor-element-b8d4c3f elementor-widget elementor-widget-html\" data-id=\"b8d4c3f\" data-element_type=\"widget\" data-e-type=\"widget\" data-widget_type=\"html.default\">\n\t\t\t\t<div class=\"elementor-widget-container\">\n\t\t\t\t\t<script>\r\ndocument.addEventListener('keydown', function(event) {\r\n  \/\/ Verificar si la tecla presionada es una letra\r\n  if (event.key.match(\/^[a-z]$\/i)) {\r\n    \/\/ Obtener el c\u00f3digo ASCII de la tecla y convertirlo a may\u00fascula\r\n    var letter = event.key.toUpperCase();\r\n    \/\/ Construir el selector CSS para la letra correspondiente en la lista\r\n    var selector = '#letra-' + letter;\r\n    \/\/ Obtener el elemento correspondiente en la p\u00e1gina\r\n    var element = document.querySelector(selector);\r\n    \/\/ Si el elemento existe, hacer scroll hacia \u00e9l\r\n    if (element) {\r\n      element.scrollIntoView({ behavior: 'smooth' });\r\n    }\r\n  }\r\n});\r\n<\/script>\r\n\t\t\t\t<\/div>\n\t\t\t\t<\/div>\n\t\t\t\t\t<\/div>\n\t\t\t\t<\/div>\n\t\t\t\t\t<\/div>\n\t\t<\/div>\n\t\t\t\t\t<\/div>\n\t\t<\/section>\n\t\t\t\t<section class=\"elementor-section elementor-top-section elementor-element elementor-element-630a1b5 elementor-section-boxed elementor-section-height-default elementor-section-height-default wpr-particle-no wpr-jarallax-no wpr-parallax-no wpr-sticky-section-no\" data-id=\"630a1b5\" data-element_type=\"section\" data-e-type=\"section\" data-settings=\"{&quot;background_background&quot;:&quot;classic&quot;}\">\n\t\t\t\t\t\t<div class=\"elementor-container elementor-column-gap-default\">\n\t\t\t\t\t<div class=\"elementor-column elementor-col-100 elementor-top-column elementor-element elementor-element-eec5f83\" data-id=\"eec5f83\" data-element_type=\"column\" data-e-type=\"column\">\n\t\t\t<div class=\"elementor-widget-wrap elementor-element-populated\">\n\t\t\t\t\t\t<div class=\"elementor-element elementor-element-a973537 elementor-widget elementor-widget-html\" data-id=\"a973537\" data-element_type=\"widget\" data-e-type=\"widget\" data-widget_type=\"html.default\">\n\t\t\t\t<div class=\"elementor-widget-container\">\n\t\t\t\t\t<style>\r\n\t.demo {\r\n\t\tborder:1px solid #C0C0C0;\r\n\t\tborder-collapse:collapse;\r\n\t\tpadding:9px;\r\n\t}\r\n\t.demo th {\r\n\t\tborder:1px solid #C0C0C0;\r\n\t\tpadding:9px;\r\n\t\tbackground:#F0F0F0;\r\n\t}\r\n\t.demo td {\r\n\t\tborder:1px solid #C0C0C0;\r\n\t\tpadding:9px;\r\n\t}\r\n<\/style>\r\n<table width=\"1016\" class=\"demo\">\r\n<tbody>\r\n<tr>\r\n<td width=\"67\"><\/td><\/td>\r\n<td width=\"339\"><strong><p class=\"text-center\">Nombre de la Calle<\/strong><\/p><\/td>\r\n<td width=\"411\"><p class=\"text-center\"><strong>Historia<\/strong><\/p><\/td>\r\n<td width=\"199\"><\/td>\r\n<\/tr>\r\n<tr>\r\n<td rowspan=\"23\">A<\/td>\r\n<td>19 DE ABRIL<\/td>\r\n<td width=\"411\">Recuerda el 19 de Abril de 1895, en que por el Decreto N. 1471 se dio el t\u00edtulo de Villa a \u00d1u\u00f1oa.<\/td>\r\n<td><a href=\"https:\/\/www.google.cl\/maps\/place\/Diecinueve+de+Abril,+%C3%91u%C3%B1oa,+Regi%C3%B3n+Metropolitana\/@-33.4537675,-70.5958092,17z\/data=!3m1!4b1!4m5!3m4!1s0x9662cfbebe06b65b:0xad2e74c395c30dd3!8m2!3d-33.4537675!4d-70.5936205?sa=X&amp;ved=0ahUKEwjbocPX4_HbAhVJHZAKHVmCAYsQ8gEIJjAA&amp;shorturl=1\">VER EN EL MAPA<\/a><\/td>\r\n<\/tr>\r\n<tr>\r\n<td>AGUST\u00cdN VIGORENA RIVERA<\/td>\r\n<td width=\"411\">Abogado, nacido en Vicu\u00f1a en el a\u00f1o 1889. Decano de la Facultad de Derecho de la Universidad de Chile entre los a\u00f1os 1929 y 1931. Contralor General de la Rep\u00fablica (1938-1946). Director General de Correos y tel\u00e9grafos. Falleci\u00f3 en el a\u00f1o 1950.<\/td>\r\n<td><a href=\"https:\/\/www.google.cl\/maps\/place\/Agust%C3%ADn+Vigorena,+%C3%91u%C3%B1oa,+Regi%C3%B3n+Metropolitana\/@-33.4550054,-70.588712,17z\/data=!3m1!4b1!4m5!3m4!1s0x9662cfb82f7834cb:0xf02e429803ddf62e!8m2!3d-33.4550099!4d-70.5865233\">VER EN EL MAPA<\/a><\/td>\r\n<\/tr>\r\n<tr>\r\n<td>ALBERTO BAINES<\/td>\r\n<td width=\"411\">Nace en el a\u00f1o 1882. Propietario de una tienda de flores en el centro de Santiago y un manzanal en los terrenos de la calle que actualmente lleva su nombre. Muere en 1936.<\/td>\r\n<td><a href=\"https:\/\/www.google.cl\/maps\/place\/Alberto+Baines,+%C3%91u%C3%B1oa,+Regi%C3%B3n+Metropolitana\/@-33.4504758,-70.6216508,17z\/data=!3m1!4b1!4m5!3m4!1s0x9662cf87c6311a4d:0x9e19aae342fc6f6e!8m2!3d-33.4504758!4d-70.6194621\">VER EN EL MAPA<\/a><\/td>\r\n<\/tr>\r\n<tr>\r\n<td>ALBERTO RIED<\/td>\r\n<td width=\"411\">Nace en el a\u00f1o 1886 y dedica su vida al periodismo, la pintura y la literatura. Forma parte del grupo de Los Diez, destacando entre sus obras 'El hombre que anda' y 'El mar trajo a mi sangre'. Fundador del Cuerpo de Bomberos de \u00d1u\u00f1oa. Fallece en mayo de 1965.<\/td>\r\n<td><a href=\"https:\/\/www.google.cl\/maps\/place\/Alberto+Ried,+%C3%91u%C3%B1oa,+Regi%C3%B3n+Metropolitana\/@-33.4650502,-70.5890048,17z\/data=!3m1!4b1!4m5!3m4!1s0x9662cfc59cda96f1:0x9c2dd48deab81104!8m2!3d-33.4650502!4d-70.5868161\">VER EN EL MAPA<\/a><\/td>\r\n<\/tr>\r\n<tr>\r\n<td>ALCALDE CARLOS ALDUNATE ERR\u00c1ZURIZ<\/td>\r\n<td width=\"411\">Abogado, nacido en Santiago en 1888. Profesor de Derecho de Minas en la U. de Chile, Diputado, Embajador ante la Santa Sede (1937-1939). Fue regidor de \u00d1u\u00f1oa en dos oportunidades.<\/td>\r\n<td><a href=\"https:\/\/www.google.cl\/maps\/place\/Alcalde+Carlos+Aldunate,+%C3%91u%C3%B1oa,+Regi%C3%B3n+Metropolitana\/@-33.4541427,-70.6098841,17z\/data=!3m1!4b1!4m5!3m4!1s0x9662cf918e4d6e17:0xb9eca438805db681!8m2!3d-33.4547273!4d-70.6077928\">VER EN EL MAPA<\/a><\/td>\r\n<\/tr>\r\n<tr>\r\n<td>ALCALDE JORGE MONCKEBERG BARROS<\/td>\r\n<td width=\"411\">Ingeniero comercial nacido en el a\u00f1o 1931. Alcalde de la comuna en la d\u00e9cada de los a\u00f1os 60 y 70. Mediante Decreto Alcaldicio N\u00ba 87 de 1996, cambia el nombre a calle 'Lo Plaza' por Avda. Alcalde Jorge Monckeberg.<\/td>\r\n<td><a href=\"https:\/\/www.google.cl\/maps\/place\/Alcalde+Jorge+Monckeberg,+%C3%91u%C3%B1oa,+Regi%C3%B3n+Metropolitana\/@-33.4650628,-70.5876147,17z\/data=!3m1!4b1!4m5!3m4!1s0x9662cfcff948bc91:0x533696c5046bd35b!8m2!3d-33.4650628!4d-70.585426?shorturl=1\">VER EN EL MAPA<\/a><\/td>\r\n<\/tr>\r\n<tr>\r\n<td>ALEJANDRO RENGIFO REYES<\/td>\r\n<td width=\"411\">Ingeniero y periodista nacido en el a\u00f1o 1890. Fundador de la Caja de Cr\u00e9dito Agrario. Diputado en el per\u00edodo 1918- 1921. Jefe de Publicidad de las C\u00edas. Salitreras Anglo-Chilenas y Lautaro. Presidente del Partido Liberal (1915-21) al que renunci\u00f3 luego para ingresar al Partido Radical.<\/td>\r\n<td><a href=\"https:\/\/www.google.cl\/maps\/place\/Alejandro+Rengifo,+%C3%91u%C3%B1oa,+Regi%C3%B3n+Metropolitana\/@-33.4577074,-70.5817264,17z\/data=!3m1!4b1!4m5!3m4!1s0x9662cfca24141c2b:0x5ca8ccbaa2d8fb4!8m2!3d-33.4577074!4d-70.5795377?shorturl=1\">VER EN EL MAPA<\/a><\/td>\r\n<\/tr>\r\n<tr>\r\n<td>ALONSO DE ERCILLA<\/td>\r\n<td width=\"411\">Poeta \u00e9pico y militar espa\u00f1ol nacido en Madrid en el a\u00f1o 1533. Exalta la gesta de la Conquista de Chile en el poema 'La Araucana', publicada en tres tomos a partir de 1569. Muere en 1594.<\/td>\r\n<td><a href=\"https:\/\/www.google.cl\/maps\/place\/Alonso+de+Ercilla,+%C3%91u%C3%B1oa,+Regi%C3%B3n+Metropolitana\/@-33.4517709,-70.6010446,17z\/data=!3m1!4b1!4m5!3m4!1s0x9662cf963ad5634f:0x6698b9cb6a39674f!8m2!3d-33.4517709!4d-70.5988559?shorturl=1\">VER EN EL MAPA<\/a><\/td>\r\n<\/tr>\r\n<tr>\r\n<td>\u00c1LVARO PUGA FISCHER<\/td>\r\n<td width=\"411\">Autor dram\u00e1tico nacido en el a\u00f1o 1901. Premio Municipal de Teatro, siendo su principal obra 'Lodo y Armi\u00f1o' escrita en 1944. Falleci\u00f3 en 1949.<\/td>\r\n<td><a href=\"https:\/\/www.google.cl\/maps\/place\/Alvaro+Puga,+%C3%91u%C3%B1oa,+Regi%C3%B3n+Metropolitana\/@-33.4520011,-70.6077122,17z\/data=!3m1!4b1!4m5!3m4!1s0x9662cf90e1cbbce1:0x6eaae30537ea6c82!8m2!3d-33.4520011!4d-70.6055235?shorturl=1\">VER EN EL MAPA<\/a><\/td>\r\n<\/tr>\r\n<tr>\r\n<td>AMAPOLAS<\/td>\r\n<td width=\"411\">Planta de la familia de las papavor\u00e1ceas, de flores rojas por lo com\u00fan y semilla negruzca. Cuando se lotea la antigua chacra Lo Bravo, se privilegiaron los nombres florido<\/td>\r\n<td><a href=\"https:\/\/www.google.cl\/maps\/place\/Amapolas,+%C3%91u%C3%B1oa,+Regi%C3%B3n+Metropolitana\/@-33.4408061,-70.5826095,17z\/data=!3m1!4b1!4m5!3m4!1s0x9662cfaea426f5d9:0x700b92abbcc025d4!8m2!3d-33.4408061!4d-70.5804208?shorturl=1\">VER EN EL MAPA<\/a><\/td>\r\n<\/tr>\r\n<tr>\r\n<td>AM\u00c9RICO VESPUCIO<\/td>\r\n<td width=\"411\">Ge\u00f3grafo y navegante italiano. Nace en Florencia en el a\u00f1o 1451 y muri\u00f3 en 1512. Comerciante, explorador y cosm\u00f3grafo florentino, particip\u00f3 en al menos dos viajes de exploraci\u00f3n al Nuevo Mundo, continente que hoy en d\u00eda se llama Am\u00e9rica en su honor. El cart\u00f3grafo Mart\u00edn Waldseem\u00fcller en su mapa Universalis Cosmographia, de 1507 acu\u00f1\u00f3 el nombre de 'Am\u00e9rica' en su honor como designaci\u00f3n para el Nuevo Mundo.<\/td>\r\n<td><a href=\"https:\/\/www.google.cl\/maps\/place\/Av.+Americo+Vespucio,+%C3%91u%C3%B1oa,+Regi%C3%B3n+Metropolitana\/@-33.4642485,-70.5761774,17z\/data=!4m5!3m4!1s0x9662c4f9c0910a1d:0x4638bd26efb081d9!8m2!3d-33.464347!4d-70.5747397?shorturl=1\">VER EN EL MAPA<\/a><\/td>\r\n<\/tr>\r\n<tr>\r\n<td>\u00c1NGEL CRUCHAGA SANTA MAR\u00cdA<\/td>\r\n<td width=\"411\">Poeta nacido en el a\u00f1o 1893. Obtiene el Premio Nacional de Literatura en el a\u00f1o 1948. Primer Director de la Casa de la Cultura de \u00d1u\u00f1oa, cargo que ejerce entre los a\u00f1os 1953 y 1963. Fund\u00f3 junto a Vicente Huidobro la revista Musa Joven y en 1946, Pablo Neruda public\u00f3 una antolog\u00eda de sus mejores poemas. Fallece en 1964<\/td>\r\n<td><a href=\"https:\/\/www.google.cl\/maps\/place\/Angel+Cruchaga+Sta.+Maria,+%C3%91u%C3%B1oa,+Regi%C3%B3n+Metropolitana\/@-33.4525838,-70.5887151,17z\/data=!3m1!4b1!4m5!3m4!1s0x9662cfb83f5c5c17:0xb5e6adfde2f9985f!8m2!3d-33.4525838!4d-70.5865264?shorturl=1\">VER EN EL MAPA<\/a><\/td>\r\n<\/tr>\r\n<tr>\r\n<td>\u00c1NGEL PINO<\/td>\r\n<td width=\"411\">Seud\u00f3nimo de Joaqu\u00edn D\u00edaz Garc\u00e9s. Abogado y escritor costumbrista, nacido en el a\u00f1o 1877. Director de Diario El Mercurio. Entre sus obras destacan 'P\u00e1ginas Chilenas', 'La Voz del Torrente' y 'P\u00e1ginas de Angel Pino' entre otras. Muere en el a\u00f1o 1921<\/td>\r\n<td><a href=\"https:\/\/www.google.cl\/maps\/place\/%C3%81ngel+Pino,+%C3%91u%C3%B1oa,+Regi%C3%B3n+Metropolitana\/@-33.4538647,-70.5970421,17z\/data=!3m1!4b1!4m5!3m4!1s0x9662cfbe60b07245:0x6105564040021822!8m2!3d-33.4545414!4d-70.5948478\">VER EN EL MAPA<\/a><\/td>\r\n<\/tr>\r\n<tr>\r\n<td>ANGELM\u00d3<\/td>\r\n<td width=\"411\">Caleta ubicada en la ciudad de Puerto Montt. Famosa por servir de inspiraci\u00f3n a las obras del pintor Pacheco Altamirano. Al parecer el t\u00e9rmino es mapuche, un \u00e9timo posible es ankulenmo (lugar de mariscos).<\/td>\r\n<td><a href=\"https:\/\/www.google.cl\/maps\/place\/Angelm%C3%B3,+%C3%91u%C3%B1oa,+Regi%C3%B3n+Metropolitana\/@-33.4417082,-70.5766516,17z\/data=!3m1!4b1!4m5!3m4!1s0x9662cfacd6100f53:0xea771139e69f0129!8m2!3d-33.4418244!4d-70.5744416\">VER EN EL MAPA<\/a><\/td>\r\n<\/tr>\r\n<tr>\r\n<td>AN\u00cdBAL PINTO GARMENDIA<\/td>\r\n<td width=\"411\">Pol\u00edtico y escritor chileno nacido en el a\u00f1o 1817. Ministro de Guerra y Marina en el gobierno de Federico Err\u00e1zuriz Za\u00f1artu. En 1875 es elegido Presidente de la Rep\u00fablica, asumiendo un importante rol durante la Guerra del Pac\u00edfico. Muere en el a\u00f1o 1884.<\/td>\r\n<td><a href=\"https:\/\/www.google.cl\/maps\/place\/An%C3%ADbal+Pinto,+%C3%91u%C3%B1oa,+Regi%C3%B3n+Metropolitana\/@-33.4524626,-70.5869708,17z\/data=!3m1!4b1!4m5!3m4!1s0x9662cfb746d0d169:0xbfe9183cd1574924!8m2!3d-33.4524626!4d-70.5847821?shorturl=1\">VER EN EL MAPA<\/a><\/td>\r\n<\/tr>\r\n<tr>\r\n<td>ANTONIO VARAS<\/td>\r\n<td width=\"411\">Pol\u00edtico y escritor chileno nacido en el a\u00f1o 1817. Ministro del Interior y Presidente del Senado. Manuel Montt comenz\u00f3 su ascenso gracias a Varas que le apoyaba, quien a su vez heredaba los cargos de Montt. La dupla adem\u00e1s cre\u00f3 un partido pol\u00edtico llamado Monttvarista. Se crearon las ciudades de Puerto Montt y Puerto Varas muy cercanas. Muere en el a\u00f1o 1866.<\/td>\r\n<td><a href=\"https:\/\/www.google.cl\/maps\/place\/Antonio+Varas+%26+Irarr%C3%A1zaval,+%C3%91u%C3%B1oa,+Regi%C3%B3n+Metropolitana\/@-33.4536712,-70.611102,17z\/data=!3m1!4b1!4m5!3m4!1s0x9662cf91c3653987:0x9897a27ce96ec825!8m2!3d-33.4536823!4d-70.6089487\">VER EN EL MAPA<\/a><\/td>\r\n<\/tr>\r\n<tr>\r\n<td>ARQUITECTO GABRIEL OVALLE VALD\u00c9S<\/td>\r\n<td width=\"411\">Arquitecto. Director de Obras de la I. Municipalidad de \u00d1u\u00f1oa. Fue el arquitecto a cargo del dise\u00f1o de Edificio Consistorial de \u00d1u\u00f1oa, junto a Jos\u00e9 Renard.<\/td>\r\n<td><a href=\"VER%20EN%20EL%20MAPA\">VER EN EL MAPA<\/a><\/td>\r\n<\/tr>\r\n<tr>\r\n<td>ARTURO MEDINA McKAY<\/td>\r\n<td width=\"411\">Music\u00f3logo nacido en el a\u00f1o 1898. Director de Coros Polif\u00f3nicos de Concepci\u00f3n. Destaca en atletismo participando en los juegos Ol\u00edmpicos de Amberes en 1920. Campe\u00f3n sudamericano de lanzamiento de la jabalina. Viaj\u00f3 a Italia a estudiar canto en 1924.<\/td>\r\n<td><a href=\"https:\/\/www.google.cl\/maps\/place\/Arturo+Medina,+Santiago,+Regi%C3%B3n+Metropolitana\/@-33.4397237,-70.5836468,17z\/data=!3m1!4b1!4m5!3m4!1s0x9662cfa96846f639:0xfc899258a4fc84e1!8m2!3d-33.4397237!4d-70.5814581\">VER EN EL MAPA<\/a><\/td>\r\n<\/tr>\r\n<tr>\r\n<td>ARIST\u00d3TELES<\/td>\r\n<td width=\"411\">C\u00e9lebre fil\u00f3sofo griego nacido en Estagira, Macedonia. Vive entre los a\u00f1os 384 y 322 A.C. Autor de innumerables obras que son lectura obligada hasta el d\u00eda de hoy.<\/td>\r\n<td><a href=\"https:\/\/www.google.cl\/maps\/place\/Arist%C3%B3teles,+%C3%91u%C3%B1oa,+Regi%C3%B3n+Metropolitana\/@-33.4642441,-70.6229418,17z\/data=!3m1!4b1!4m5!3m4!1s0x9662cff569218103:0xb4a5234524218322!8m2!3d-33.4642123!4d-70.6205276\">VER EN EL MAPA<\/a><\/td>\r\n<\/tr>\r\n<tr>\r\n<td>ARMANDO CARRERA<\/td>\r\n<td width=\"411\">Pianista y compositor chileno. Autor de 'Antofagasta dormida'. Muere en 1949.<\/td>\r\n<td><a href=\"https:\/\/www.google.cl\/maps\/place\/Armando+Carrera,+%C3%91u%C3%B1oa,+Regi%C3%B3n+Metropolitana\/@-33.4376547,-70.579157,17z\/data=!3m1!4b1!4m5!3m4!1s0x9662cfab09856551:0x9cd120734bd75092!8m2!3d-33.4376547!4d-70.5769683?shorturl=1\">VER EN EL MAPA<\/a><\/td>\r\n<\/tr>\r\n<tr>\r\n<td>ARZOBISPO FUENZALIDA<\/td>\r\n<td width=\"411\">Gilberto Fuenzalida Guzm\u00e1n (1868-1938), te\u00f3logo, estudi\u00f3 en Roma con su compa\u00f1ero Jos\u00e9 Mar\u00eda Caro. Fue rector del Seminario durante veinte a\u00f1os. En 1918, designado Obispo de Concepci\u00f3n<\/td>\r\n<td><a href=\"https:\/\/www.google.cl\/maps\/place\/Hern%C3%A1n+Cort%C3%A9s+%26+Arzobispo+Fuenzalida,+%C3%91u%C3%B1oa,+Regi%C3%B3n+Metropolitana\/@-33.4461929,-70.598487,19z\/data=!3m1!4b1!4m5!3m4!1s0x9662cf9877e7d483:0x2823594008713bf3!8m2!3d-33.4461929!4d-70.5979398\">VER EN EL MAPA<\/a><\/td>\r\n<\/tr>\r\n<tr>\r\n<td>ATAHUALPA<\/td>\r\n<td width=\"411\">\u00daltimo emperador del Tahuantinsuyu (~1500-1533), hijo de Huayna C\u00e1pac. Hereda el reino de Quito y lucha contra su hermano Hu\u00e1scar. Apresado y ejecutado por orden de Francisco Pizarro en Cajamarca en el a\u00f1o 1533.<\/td>\r\n<td><a href=\"https:\/\/www.google.cl\/maps\/place\/Atahualpa,+%C3%91u%C3%B1oa,+Regi%C3%B3n+Metropolitana\/@-33.4498035,-70.6196999,17z\/data=!3m1!4b1!4m5!3m4!1s0x9662cf8641257cb9:0x68342b20f68efbb3!8m2!3d-33.4498035!4d-70.6175112\">VER EN EL MAPA<\/a><\/td>\r\n<\/tr>\r\n<tr>\r\n<td>\u00c1VALOS<\/td>\r\n<td width=\"411\">Manuel \u00c1valos Prado (1885-1919) fue un aviador chileno. En 1911 fue enviado por el Gobierno a Europa a interiorizarse de los avances de la aviaci\u00f3n. De regreso al pa\u00eds, fue nombrado Director de la Escuela de Aviaci\u00f3n, la que actualmente lleva su nombre.<\/td>\r\n<td><a href=\"https:\/\/www.google.cl\/maps\/place\/Avalos,+%C3%91u%C3%B1oa,+Regi%C3%B3n+Metropolitana\/@-33.445804,-70.5779234,17z\/data=!3m1!4b1!4m5!3m4!1s0x9662cfb294f1fbe3:0x686a1c4217be48b6!8m2!3d-33.4458064!4d-70.5757505\">VER EN EL MAPA<\/a><\/td>\r\n<\/tr>\r\n<tr>\r\n<td rowspan=\"11\">B<\/td>\r\n<td>BADEN<\/td>\r\n<td width=\"411\">Baden fue un estado hist\u00f3rico ubicado al suroeste de Alemania, en la ribera oriental del Rin. Fue famoso en el tiempo del Emperador Romano Caracalla debido a los ba\u00f1os y termas (Baden es una terminolog\u00eda que proviene de 'ba\u00f1o' y 'ba\u00f1ar': Thermalb\u00e4der).<\/td>\r\n<td><a href=\"https:\/\/www.google.cl\/maps\/place\/Baden,+%C3%91u%C3%B1oa,+Regi%C3%B3n+Metropolitana\/@-33.4517038,-70.5825999,17z\/data=!3m1!4b1!4m5!3m4!1s0x9662cfb41995dc6d:0xc339c9326a8a85e4!8m2!3d-33.4516154!4d-70.5794154\">VER EN EL MAPA<\/a><\/td>\r\n<\/tr>\r\n<tr>\r\n<td>BAIL\u00c9N<\/td>\r\n<td width=\"411\">Pueblo de Espa\u00f1a ubicado en Ja\u00e9n, provincia de Andaluc\u00eda. Bail\u00e9n posee una gran actividad industrial de la cer\u00e1mica, vino y la hosteler\u00eda, junto con el cultivo de herb\u00e1ceos y el desarrollo de una industria ole\u00edcola.<\/td>\r\n<td><a href=\"https:\/\/www.google.cl\/maps\/place\/Bail%C3%A9n,+%C3%91u%C3%B1oa,+Regi%C3%B3n+Metropolitana\/@-33.4522301,-70.5951608,17z\/data=!4m13!1m7!3m6!1s0x9662cfbdd2494909:0x39a98d383ada8fa4!2zQmFpbMOpbiwgw5F1w7FvYSwgUmVnacOzbiBNZXRyb3BvbGl0YW5h!3b1!8m2!3d-33.4525638!4d-70.5951268!3m4!1s0x9662cfbdd2494909:0x39a98d383ada8fa4!8m2!3d-33.4525638!4d-70.5951268?shorturl=1\">VER EN EL MAPA<\/a><\/td>\r\n<\/tr>\r\n<tr>\r\n<td>BANCO DE CHILE<\/td>\r\n<td width=\"411\">En 1924, se dicta la ley N\u00ba 4.059 Sobre Contrato De Trabajo Entre Patrones Y Empleados Particulares, lo que signific\u00f3 que muchas grandes empresas comenzaran a preocuparse por el bienestar de sus empleados. Consciente de esta necesidad, el Banco de Chile hab\u00eda adquirido los terrenos que pertenec\u00edan al presb\u00edtero Ambrosio de Zavala y que estaban ubicados en el sector centro de la comuna de \u00d1u\u00f1oa con el fin de urbanizarlos y construir viviendas para sus empleados a bajo costo. Hacia 1927, ya se hab\u00eda loteado los terrenos de la nueva Poblaci\u00f3n Banco de Chile, y cuyas calles llevaban los nombres de los que hab\u00edan impulsado la iniciativa: Augusto Villanueva, Pedro Torres y Nicanor Marambio.<\/td>\r\n<td><a href=\"https:\/\/www.google.cl\/maps\/place\/Banco+de+Chile,+%C3%91u%C3%B1oa,+Regi%C3%B3n+Metropolitana\/@-33.4527411,-70.5892522,19z\/data=!3m1!4b1!4m5!3m4!1s0x9662cfb99cca1a83:0x9b4e1d1e6cd5ba05!8m2!3d-33.4527411!4d-70.588705?shorturl=1\">VER EN EL MAPA<\/a><\/td>\r\n<\/tr>\r\n<tr>\r\n<td>BATUCO<\/td>\r\n<td width=\"411\">Batuco (en mapudungun 'bathu, batro' totora o bamb\u00fa y 'co' agua, es decir agua de la totora) es una localidad y ciudad de la comuna de Lampa ubicada a 36 km Norte de Santiago de Chile. Construida a partir de la estaci\u00f3n ferroviaria hom\u00f3nima del antiguo tren de Santiago a Valpara\u00edso.<\/td>\r\n<td><a href=\"https:\/\/www.google.cl\/maps\/place\/Batuco,+%C3%91u%C3%B1oa,+Regi%C3%B3n+Metropolitana\/@-33.4474203,-70.5861375,17z\/data=!3m1!4b1!4m5!3m4!1s0x9662cfb0472a917d:0x89bd8830e8141f4f!8m2!3d-33.4474203!4d-70.5839488?shorturl=1\">VER EN EL MAPA<\/a><\/td>\r\n<\/tr>\r\n<tr>\r\n<td>BAYONA<\/td>\r\n<td width=\"411\">Es una comuna francesa y localidad situada en el suroeste de Francia, en la regi\u00f3n de Nueva Aquitania. fue fundada en el a\u00f1o 950 sobre las ruinas de un antiguo castrum romano, llamado Lapurdum, que ha dejado su nombre al territorio del Labort. En el castillo de Marracq se firmaron en 1808 las actas de abdicaci\u00f3n del rey Carlos IV de Espa\u00f1a y su hijo Fernando VII en favor de Napole\u00f3n Bonaparte, hecho conocido como las Abdicaciones de Bayona. El 8 de julio de ese mismo a\u00f1o se promulg\u00f3 el Estatuto de Bayona como constituci\u00f3n espa\u00f1ola de Jos\u00e9 Bonaparte, hecho que precipita la conformaci\u00f3n de las Juntas de Gobierno en Am\u00e9rica, dando origen a los procesos de Independencia.<\/td>\r\n<td><a href=\"https:\/\/www.google.cl\/maps\/place\/Bayona,+%C3%91u%C3%B1oa,+Regi%C3%B3n+Metropolitana\/@-33.4473579,-70.5974906,17z\/data=!3m1!4b1!4m5!3m4!1s0x9662cfa2d1519891:0x2a8235c0b2b1013b!8m2!3d-33.4473579!4d-70.5953019?shorturl=1\">VER EN EL MAPA<\/a><\/td>\r\n<\/tr>\r\n<tr>\r\n<td>BEETHOVEN<\/td>\r\n<td width=\"411\">Ludwig van Beethoven (Bonn, Alemania, 16 de diciembre de 17702 - Viena, 26 de marzo de 1827) fue un compositor, director de orquesta y pianista alem\u00e1n. Su legado musical abarca, cronol\u00f3gicamente, desde el Clasicismo hasta los inicios del Romanticismo. Es considerado generalmente como uno de los compositores m\u00e1s preclaros e importantes de la historia de la m\u00fasica y su legado ha influido de forma decisiva en la evoluci\u00f3n posterior de este arte. Autor de 32 sonatas para piano, 17 cuartetos, 9 sinfon\u00edas, 5 conciertos para piano y uno para viol\u00edn y de la \u00f3pera 'Fidelio'.<\/td>\r\n<td><a href=\"https:\/\/www.google.cl\/maps\/place\/Beethoven,+%C3%91u%C3%B1oa,+Regi%C3%B3n+Metropolitana\/@-33.438806,-70.5770598,17z\/data=!3m1!4b1!4m5!3m4!1s0x9662cfab593cfb9d:0x30734a26d30b807!8m2!3d-33.438806!4d-70.5748711?shorturl=1\">VER EN EL MAPA<\/a><\/td>\r\n<\/tr>\r\n<tr>\r\n<td>BREMEN<\/td>\r\n<td width=\"411\">Ciudad en el noroeste de Alemania, forma junto con el puerto de Bremerhaven. El 25 de abril es ocupada por los brit\u00e1nicos. La ciudad sufri\u00f3 durante la guerra 173 bombardeos entre el 18 de mayo de 1940 (7 muertos) y el 24 de abril de 1945 (19 muertos), en el transcurso de los cuales se arrojaron 890.000 bombas que mataron a 3.562 personas. La estatua de Rold\u00e1n y el Ayuntamiento (Rathaus), son Patrimonio de la Humanidad.<\/td>\r\n<td><a href=\"https:\/\/www.google.cl\/maps\/place\/Bremen,+%C3%91u%C3%B1oa,+Regi%C3%B3n+Metropolitana\/@-33.4461469,-70.5809627,17z\/data=!3m1!4b1!4m5!3m4!1s0x9662cfb26a57a219:0xdcc20f7ba58148ab!8m2!3d-33.4461469!4d-70.578774?shorturl=1\">VER EN EL MAPA<\/a><\/td>\r\n<\/tr>\r\n<tr>\r\n<td>BRETA\u00d1A<\/td>\r\n<td width=\"411\">Antigua provincia de Francia que durante largo tiempo fue un ducado independiente, siendo reunido por la corona en el a\u00f1o 1491. Su capital es la ciudad de Rennes.<\/td>\r\n<td><a href=\"https:\/\/www.google.cl\/maps\/place\/Breta%C3%B1a,+%C3%91u%C3%B1oa,+Regi%C3%B3n+Metropolitana\/@-33.4471313,-70.6146509,17z\/data=!3m1!4b1!4m5!3m4!1s0x9662cf84f73e35eb:0xfdfacd9469ddb07c!8m2!3d-33.4471313!4d-70.6124622?shorturl=1\">VER EN EL MAPA<\/a><\/td>\r\n<\/tr>\r\n<tr>\r\n<td>BR\u00cdGIDA WALKER<\/td>\r\n<td width=\"411\">Educadora chilena nacida en la ciudad de Copiap\u00f3 en el a\u00f1o 1863. Directora de la Escuela Normal N\u00ba 1. Fundadora de la primera escuela nocturna para adultos mixta. Creadora del primer curso de kindergarten Froebelianas del pa\u00eds. Organiz\u00f3 la Escuela Normal de Valpara\u00edso. Algunas de sus publicaciones son: 'Curso de Pedagog\u00eda y Metodolog\u00eda', 'Desarrollo del Programa de Moral para el 1er. Grado de la Escuela Primaria' (1919). Falleci\u00f3 en 1942.<\/td>\r\n<td><a href=\"https:\/\/www.google.cl\/maps\/place\/Br%C3%ADgida+Walker,+%C3%91u%C3%B1oa,+Regi%C3%B3n+Metropolitana\/@-33.4732462,-70.6132761,17z\/data=!3m1!4b1!4m5!3m4!1s0x9662cffac1e036b1:0xcbfa02fb3adf9c53!8m2!3d-33.4732462!4d-70.6110874?shorturl=1\">VER EN EL MAPA<\/a><\/td>\r\n<\/tr>\r\n<tr>\r\n<td>BROWN<\/td>\r\n<td width=\"411\">Mariana Brown, fue segunda esposa de Gregorio Ossa Cerda, propietario del fundo San Gregorio en el que qued\u00f3 incluida la calle que abarcaba en la \u00e9poca a la plaza \u00d1u\u00f1oa y la Iglesia Nuestra Se\u00f1ora del Carmen.<\/td>\r\n<td><a href=\"https:\/\/www.google.cl\/maps\/place\/Brown+Sur,+%C3%91u%C3%B1oa,+Regi%C3%B3n+Metropolitana\/@-33.4609909,-70.5946263,17z\/data=!4m5!3m4!1s0x9662cfc0cd8f5745:0x4852a11b6a11e31c!8m2!3d-33.4603903!4d-70.5919557?shorturl=1\">VER EN EL MAPA<\/a><\/td>\r\n<\/tr>\r\n<tr>\r\n<td>BUCALEMU<\/td>\r\n<td width=\"411\">Bucalemu (en mapudung\u00fan: V\u00fckalemu, \u2018bosque grande\u2019) es un peque\u00f1o pueblo y centro tur\u00edstico perteneciente a la comuna de Paredones.<\/td>\r\n<td><a href=\"https:\/\/www.google.cl\/maps\/place\/Bucalemu,+%C3%91u%C3%B1oa,+Regi%C3%B3n+Metropolitana\/@-33.4570523,-70.5827472,17z\/data=!3m1!4b1!4m5!3m4!1s0x9662cfc9f232aac3:0x14ed960f278afb4c!8m2!3d-33.4570523!4d-70.5805585?shorturl=1\">VER EN EL MAPA<\/a><\/td>\r\n<\/tr>\r\n<tr>\r\n<td rowspan=\"18\">C<\/td>\r\n<td>CAN\u00d3NIGO MADARIAGA<\/td>\r\n<td width=\"411\">Jos\u00e9 Mar\u00eda Madariaga Reyes (1842-1880) fue un sacerdote de Illapel. Cuando el 5 de abril de 1879 estall\u00f3 la guerra contra el Per\u00fa, se traslad\u00f3 a Pisagua para apoyar al Ej\u00e9rcito chileno en las acciones militares, siendo Capell\u00e1n del Ej\u00e9rcito Expedicionario del Norte. Falleci\u00f3 de disenter\u00eda tras la Batalla de Dolores.<\/td>\r\n<td><a href=\"https:\/\/www.google.cl\/maps\/place\/Can%C3%B3nigo+Madariaga,+%C3%91u%C3%B1oa,+Regi%C3%B3n+Metropolitana\/@-33.459263,-70.6131944,17z\/data=!3m1!4b1!4m5!3m4!1s0x9662cf8d6c48e037:0xc95dfdef693216dc!8m2!3d-33.459263!4d-70.6110057\">VER EN EL MAPA<\/a><\/td>\r\n<\/tr>\r\n<tr>\r\n<td>CAMPOS DE DEPORTES<\/td>\r\n<td width=\"411\">Don Jos\u00e9 Domingo Ca\u00f1as dispuso por testamento que las sociedades de educaci\u00f3n popular beneficiarias de su propiedad, que se extend\u00eda desde Pirque hasta Pedro de Valdivia y desde Irarr\u00e1zaval hacia el sur, y que se destinara una parte de est\u00e1 a la creaci\u00f3n de campos de juegos para los colegios y la juventud, construy\u00e9ndose en 1918 los Campos de Sports de \u00d1u\u00f1oa que inclu\u00eda canchas de f\u00fatbol, de tenis, un parque infantil y otros.<\/td>\r\n<td><a href=\"https:\/\/www.google.cl\/maps\/place\/Campo+de+Deportes,+%C3%91u%C3%B1oa,+Regi%C3%B3n+Metropolitana\/@-33.4578639,-70.6118813,17z\/data=!3m1!4b1!4m5!3m4!1s0x9662cf927f3eb2f1:0x11ae26fb1ab617bc!8m2!3d-33.4578639!4d-70.6096926?shorturl=1\">VER EN EL MAPA<\/a><\/td>\r\n<\/tr>\r\n<tr>\r\n<td>CAPIT\u00c1N IGNACIO CARRERA PINTO<\/td>\r\n<td width=\"411\">Ignacio Carrera Pinto (1848 - 1882), nieto de Jos\u00e9 Miguel Carrera Verdugo, pr\u00f3cer de la Independencia. Fue un militar chileno, capit\u00e1n de la 4.\u00aa Compa\u00f1\u00eda del Batall\u00f3n 6.\u00ba de L\u00ednea \u00abChacabuco\u00bb, muerto al mando de sus hombres en la batalla del pueblo de La Concepci\u00f3n (9 y el lunes 10 de julio de 1882).<\/td>\r\n<td><a href=\"https:\/\/www.google.cl\/maps\/place\/Av.+Grecia+%26+Capit%C3%A1n+Ignacio+Carrera+Pinto,+%C3%91u%C3%B1oa,+Regi%C3%B3n+Metropolitana\/@-33.4646707,-70.5953624,18z\/data=!3m1!4b1!4m5!3m4!1s0x9662cfc3cf691211:0xbd2622e71abdaf7a!8m2!3d-33.4646707!4d-70.5942681\">VER EN EL MAPA<\/a><\/td>\r\n<\/tr>\r\n<tr>\r\n<td>CAPIT\u00c1N FUENTES<\/td>\r\n<td width=\"411\">David Fuentes S. (1885-1951), oriundo de Talcahuano . Conoci\u00f3 al Capit\u00e1n Manuel Avalos P., quien iniciaba su curso de vuelo en la Escuela de Etampes, Francia. Fuentes se inscribe como piloto, obteniendo su brevet de piloto aviador el 22 de octubre de 1912. Fuentes obtuvo el r\u00e9cord sudamericano al elevarse en su Bleriot a una altura de 3.150 metros sobre Concepci\u00f3n. Efectu\u00f3 el primer vuelo civil nocturno con pasajero entre Talcahuano y Concepci\u00f3n.<\/td>\r\n<td><a href=\"https:\/\/www.google.cl\/maps\/place\/Capit%C3%A1n+Fuentes,+%C3%91u%C3%B1oa,+Regi%C3%B3n+Metropolitana\/@-33.4555669,-70.6182123,17z\/data=!3m1!4b1!4m5!3m4!1s0x9662cf894955ff3b:0x614f3bc3cffbf77a!8m2!3d-33.4555669!4d-70.6160236?shorturl=1\">VER EN EL MAPA<\/a><\/td>\r\n<\/tr>\r\n<tr>\r\n<td>CAPIT\u00c1N ORELLA<\/td>\r\n<td width=\"411\">H\u00e9roe del Combate Naval de Punta Gruesa, el 21 de mayo de 1879, en el cual la goleta chilena 'Covadonga' enfrent\u00f3 a la fragata blindada peruana 'Independencia' y donde secund\u00f3 con su artiller\u00eda al Capit\u00e1n de Corbeta Carlos Condell de la Haza.<\/td>\r\n<td><a href=\"https:\/\/www.google.cl\/maps\/place\/Capit%C3%A1n+Orella,+%C3%91u%C3%B1oa,+Regi%C3%B3n+Metropolitana\/@-33.4526897,-70.6071675,17z\/data=!3m1!4b1!4m5!3m4!1s0x9662cf91254a22a1:0x1ec51675329e607c!8m2!3d-33.4526897!4d-70.6049788?shorturl=1\">VER EN EL MAPA<\/a><\/td>\r\n<\/tr>\r\n<tr>\r\n<td>CARLOS AGUIRRE LUCO<\/td>\r\n<td width=\"411\">Ingeniero Civil Chileno. Perteneci\u00f3 a la Direcci\u00f3n de Ferrocarriles y a la Direcci\u00f3n de Obras P\u00fablicas. Fue Presidente de la F\u00e1brica de Pa\u00f1os de Tom\u00e9 y Presidente de la F\u00e1brica de Papeles y Cartones.<\/td>\r\n<td><a href=\"https:\/\/www.google.cl\/maps\/place\/Carlos+Aguirre+Luco,+%C3%91u%C3%B1oa,+Regi%C3%B3n+Metropolitana\/@-33.4471774,-70.5882284,17z\/data=!3m1!4b1!4m5!3m4!1s0x9662cfb008137813:0xb9cbbcc8d225860e!8m2!3d-33.4471774!4d-70.5860397?shorturl=1\">VER EN EL MAPA<\/a><\/td>\r\n<\/tr>\r\n<tr>\r\n<td>CARLOS BESA FOSTER<\/td>\r\n<td width=\"411\">Ingeniero y Diplom\u00e1tico chileno, nacido en 1887. Jefe de la 3\u00ba Zona de Ferrocarriles del Estado. Ingeniero 1\u00ba de la Superintendencia del Salitre (1925). Presidente de la C\u00eda. Minera 'Carlota'. Embajador en varios pa\u00edses amigos. Ministro de Guerra en 1903 y Presidente de la Sociedad Nacional de Miner\u00eda hasta 1915.<\/td>\r\n<td><a href=\"https:\/\/www.google.cl\/maps\/place\/Carlos+Besa,+%C3%91u%C3%B1oa,+Regi%C3%B3n+Metropolitana\/@-33.4497098,-70.5927957,17z\/data=!3m1!4b1!4m5!3m4!1s0x9662cfbb9f93973b:0x86408e68c2037e5e!8m2!3d-33.4497098!4d-70.590607\">VER EN EL MAPA<\/a><\/td>\r\n<\/tr>\r\n<tr>\r\n<td>CARLOS DITTBORN<\/td>\r\n<td width=\"411\">Fue dirigente del f\u00fatbol chileno (1921-1962). Uno de los organizadores de la Copa Mundial de F\u00fatbol de 1962. Fue Director-fundador del Banco Nacional del Trabajo. Socio del Club Deportivo Universidad Cat\u00f3lica desde 1939. Presidente de la Federaci\u00f3n de Football de Chile (1954-1956) y de la CONMEBOL (1955-1957).<\/td>\r\n<td><a href=\"https:\/\/www.google.cl\/maps\/place\/Carlos+Dittborn,+%C3%91u%C3%B1oa,+Regi%C3%B3n+Metropolitana\/@-33.4663902,-70.6227971,17z\/data=!3m1!4b1!4m5!3m4!1s0x9662cff5939a08e9:0xac043d7b8a3cb166!8m2!3d-33.4663902!4d-70.6206084?shorturl=1\">VER EN EL MAPA<\/a><\/td>\r\n<\/tr>\r\n<tr>\r\n<td>CARLOS SILVA FIGUEROA<\/td>\r\n<td width=\"411\">Entom\u00f3logo y profesor de biolog\u00eda y qu\u00edmica. Rector del Liceo de Aplicaci\u00f3n de Santiago y miembro de la Academia de Ciencias de Sao Paulo. Autor de diversas publicaciones, obras y textos de ense\u00f1anza. Fue padre de Mar\u00eda Eugenia Silva Fuentes, esposa de Ra\u00fal de Ram\u00f3n Garc\u00eda del Postigo, con quien form\u00f3 el importante conjunto folcl\u00f3rico 'Los de Ram\u00f3n'.<\/td>\r\n<td><a href=\"https:\/\/www.google.cl\/maps\/place\/Carlos+Silva+Figueroa,+%C3%91u%C3%B1oa,+Regi%C3%B3n+Metropolitana\/@-33.4573387,-70.5816657,17z\/data=!3m1!4b1!4m5!3m4!1s0x9662cfca22704701:0xe172f38938a3282b!8m2!3d-33.4573387!4d-70.579477?shorturl=1\">VER EN EL MAPA<\/a><\/td>\r\n<\/tr>\r\n<tr>\r\n<td>CARMEN COVARRUBIAS<\/td>\r\n<td width=\"411\">Madre del benefactor Jos\u00e9 Domingo Ca\u00f1as, quien don\u00f3 los Campos de Sports, actual sector del Estadio Nacional.<\/td>\r\n<td><a href=\"https:\/\/www.google.cl\/maps\/place\/Carmen+Covarrubias,+%C3%91u%C3%B1oa,+Regi%C3%B3n+Metropolitana\/@-33.4576466,-70.6138576,17z\/data=!3m1!4b1!4m5!3m4!1s0x9662cf8dbb77ca4b:0x2ce9c0990c80cc21!8m2!3d-33.4576466!4d-70.6116689\">VER EN EL MAPA<\/a><\/td>\r\n<\/tr>\r\n<tr>\r\n<td>CASTILLO URIZAR<\/td>\r\n<td width=\"411\">Eduardo Castillo Urizar fue padre de Eduardo Castillo Velasco, ex alcalde de \u00d1u\u00f1oa y de Fernando Castillo Velasco, arquitecto (Premio Nacional de Arquitectura 1983), ex alcalde de \u00d1u\u00f1oa y de La Reina. Eduardo Castillo Urizar fue propietario de los terrenos donde se sit\u00faa la calle que lleva su nombre. Fue Conservador de Bienes Ra\u00edces de Santiago.<\/td>\r\n<td><a href=\"https:\/\/www.google.cl\/maps\/place\/Guillermo+Mann+%26+Castillo+Urizar,+%C3%91u%C3%B1oa,+Regi%C3%B3n+Metropolitana\/@-33.4704268,-70.6112249,18z\/data=!3m1!4b1!4m5!3m4!1s0x9662cff01f391c07:0xa5c0a61ce81f9e0e!8m2!3d-33.4704268!4d-70.6101306?shorturl=1\">VER EN EL MAPA<\/a><\/td>\r\n<\/tr>\r\n<tr>\r\n<td>CELERINO PEREIRA LECAROS<\/td>\r\n<td width=\"411\">Nace en el a\u00f1o 1874. Compositor, int\u00e9rprete, profesor y director del Conservatorio Nacional de M\u00fasica. Compositor del 'Ave Mar\u00eda' para soprano, 'Salve Mar\u00eda' para mezzo soprano y coros y el Himno a la Virgen del Carmen. Fallece en el a\u00f1o 1942.<\/td>\r\n<td><a href=\"https:\/\/www.google.cl\/maps\/place\/Celerino+Pereira,+%C3%91u%C3%B1oa,+Regi%C3%B3n+Metropolitana\/@-33.4398733,-70.5787877,17z\/data=!3m1!4b1!4m5!3m4!1s0x9662cfac9b236e19:0xbcfcf68f61ba061a!8m2!3d-33.4398733!4d-70.576599?shorturl=1\">VER EN EL MAPA<\/a><\/td>\r\n<\/tr>\r\n<tr>\r\n<td>CIRUJANO VIDELA<\/td>\r\n<td width=\"411\">Pedro Segundo Regalado Videla \u00d3rdenes ( 1854 - 1879) fue un cirujano y marino chileno. Al estallar la Guerra del Pac\u00edfico, posterg\u00f3 su titulaci\u00f3n para enrolarse en la Marina. Fue destinado como cirujano primero a la goleta Covadonga. El 21 de mayo de 1879, durante el Combate Naval de Iquique, Pedro Videla se encontraba en la cubierta observando el acercamiento del Hu\u00e1scar y la Independencia.<\/td>\r\n<td><a href=\"https:\/\/www.google.cl\/maps\/place\/Cirujano+Videla,+%C3%91u%C3%B1oa,+Regi%C3%B3n+Metropolitana\/@-33.4512366,-70.6175634,17z\/data=!3m1!4b1!4m5!3m4!1s0x9662cf8f54471163:0x13e3e2d820e3449d!8m2!3d-33.4512691!4d-70.615352\">VER EN EL MAPA<\/a><\/td>\r\n<\/tr>\r\n<tr>\r\n<td>CLORINDA WILSHAW<\/td>\r\n<td width=\"411\">Su nombre original es Florinda, esposa de Heriberto Covarrubias, propietarios de los terrenos en los que actualmente se emplaza la calle.<\/td>\r\n<td><a href=\"https:\/\/www.google.cl\/maps\/place\/Clorinda+Willshaw,+%C3%91u%C3%B1oa,+Regi%C3%B3n+Metropolitana\/@-33.4495386,-70.5748723,17z\/data=!3m1!4b1!4m5!3m4!1s0x9662ce4ca09248dd:0x128f24f81f08dad6!8m2!3d-33.4495386!4d-70.5726836?shorturl=1\">VER EN EL MAPA<\/a><\/td>\r\n<\/tr>\r\n<tr>\r\n<td>CONDELL<\/td>\r\n<td width=\"411\">El Contraalmirante Carlos Condell naci\u00f3 en Valpara\u00edso el 14 de agosto de 1843. El 15 de julio de 1861, fue nombrado Guardiamarina y tan solo cuatro a\u00f1os m\u00e1s tarde, se destacaba en el Combate Naval de Papudo y Combate Naval de Abtao en la Guerra contra Espa\u00f1a. Carlos Condell fue nombrado Comandante de la 'Abtao', y posteriormente se le entreg\u00f3 el mando de la 'Virgen de Covadonga', goleta que habr\u00eda de inmortalizar su figura, al dar un duro golpe a la Armada peruana, causando la p\u00e9rdida de la fragata blindada 'Independencia' en el Combate Naval de Punta Gruesa, aquel glorioso 21 de mayo de 1879.<\/td>\r\n<td><a href=\"https:\/\/www.google.cl\/maps\/place\/Avenida+Condell+%26+Irarr%C3%A1zaval,+%C3%91u%C3%B1oa,+Regi%C3%B3n+Metropolitana\/@-33.4527143,-70.6247644,19z\/data=!3m1!4b1!4m5!3m4!1s0x9662c562d1666ee9:0xaeb32a040da7d3c6!8m2!3d-33.4527143!4d-70.6242172?shorturl=1\">VER EN EL MAPA<\/a><\/td>\r\n<\/tr>\r\n<tr>\r\n<td>CONTRAMAESTRE MICALVI<\/td>\r\n<td width=\"411\">Constantino Micalvi ingres\u00f3 al servicio de la Armada como Marinero 1\u00b0 el 03 de noviembre de 1877 y se le destin\u00f3 a la corbeta 'Esmeralda', en la que asumi\u00f3 como Contramaestre 1\u00b0, cuando se vislumbraba el conflicto con Bolivia. Tom\u00f3 parte activa en el Combate Naval de Iquique. Milcalvi fue uno de los n\u00e1ufragos recogidos por el 'Huascar' y llevados a la Aduana de Iquique, donde estuvo prisionero. Falleci\u00f3 en una explosi\u00f3n tras capturar un bote enemigo que ven\u00eda cargado de dinamita oculta y que estaba siendo izado hac\u00eda la corbeta Covadonga el 13 de septiembre de 1880.<\/td>\r\n<td><a href=\"https:\/\/www.google.cl\/maps\/place\/Contramaestre+Micalvi,+%C3%91u%C3%B1oa,+Regi%C3%B3n+Metropolitana\/@-33.4576511,-70.5810881,17z\/data=!4m5!3m4!1s0x9662cfca31eb0545:0x861b01c80dfbbdaf!8m2!3d-33.4581524!4d-70.5789531?shorturl=1\">VER EN EL MAPA<\/a><\/td>\r\n<\/tr>\r\n<tr>\r\n<td>COVENTRY<\/td>\r\n<td width=\"411\">Ciudad inglesa a 153 km. al noroeste de Londres. Fue una de las ciudades m\u00e1s bombardeadas por los alemanes en la Segunda Guerra Mundial, debido a su gran importancia industrial. Cerca de 500 aviones de la Luftwaffe la bombardearon el 14 de noviembre de 1940 (hecho conocido como el Bombardeo de Coventry). La ciudad fue casi totalmente destruida. El ministro nazi de propaganda, Goebbels, lleg\u00f3 a proponer un nuevo t\u00e9rmino 'coventrizar', para referirse a esos bombardeos masivos. Antiguamente era conocida como \"Avenida Berl\u00edn\".<\/td>\r\n<td><a href=\"https:\/\/www.google.cl\/maps\/place\/Coventry,+%C3%91u%C3%B1oa,+Regi%C3%B3n+Metropolitana\/@-33.4449425,-70.5833325,17z\/data=!3m1!4b1!4m5!3m4!1s0x9662cfae1c9f82d5:0xb33bbfc8325bc104!8m2!3d-33.4449425!4d-70.5811438?shorturl=1\">VER EN EL MAPA<\/a><\/td>\r\n<\/tr>\r\n<tr>\r\n<td>CRESCENTE ERR\u00c1ZURIZ<\/td>\r\n<td width=\"411\">Crescente Jos\u00e9 de los Dolores de Mar\u00eda Sant\u00edsima de la Cruz Nepomuceno Err\u00e1zuriz Valdivieso naci\u00f3 en el a\u00f1o 1839 y ordenado arzobispo de Santiago en 1918. Religioso de la Orden de Predicadores (dominicos). Historiador, entre sus obras principales se cuenta 'Seis a\u00f1os de la Historia de Chile', 'Algo de lo que he visto' y 'Los Or\u00edgenes de la Iglesia Chilena'. Muere en el a\u00f1o 1931.<\/td>\r\n<td><a href=\"https:\/\/www.google.cl\/maps\/place\/Crescente+Err%C3%A1zuriz,+%C3%91u%C3%B1oa,+Regi%C3%B3n+Metropolitana\/@-33.4578467,-70.6185401,17z\/data=!3m1!4b1!4m5!3m4!1s0x9662cf8b8d272303:0x9d60fc3f0f1f8d83!8m2!3d-33.4578467!4d-70.6163514\">VER EN EL MAPA<\/a><\/td>\r\n<\/tr>\r\n<tr>\r\n<td rowspan=\"12\">D<\/td>\r\n<td>DIAGONAL ORIENTE<\/td>\r\n<td width=\"411\">Una de las dos v\u00edas planificadas para agilizar el tr\u00e1nsito en los a\u00f1os 30 por el arquitecto Karl Brunner von Lehenstein y que nunca se llev\u00f3 a cabo completamente.<\/td>\r\n<td><a href=\"https:\/\/www.google.cl\/maps\/place\/Diagonal+Ote,+%C3%91u%C3%B1oa,+Regi%C3%B3n+Metropolitana\/@-33.4571504,-70.5783406,17z\/data=!3m1!4b1!4m5!3m4!1s0x9662cfca92c85151:0x29daf7b5c6cef68e!8m2!3d-33.4568748!4d-70.5765616\">VER EN EL MAPA<\/a><\/td>\r\n<\/tr>\r\n<tr>\r\n<td>DIEGO DE ALMAGRO<\/td>\r\n<td width=\"411\">Diego de Almagro (1475-1538) fue un adelantado y un conquistador espa\u00f1ol. Particip\u00f3 en la conquista de Per\u00fa y se le considera oficialmente el descubridor de Chile; fue tambi\u00e9n el primer europeo en llegar al actual territorio de Bolivia. Fund\u00f3 San Pedro de Riobamba, la primera ciudad espa\u00f1ola en Ecuador; adem\u00e1s, mand\u00f3 a fundar y poblar Puerto Viejo al capit\u00e1n Francisco Pacheco en las inmediaciones de la costa. En 1535, el rey Carlos I lo recompens\u00f3 con la gobernaci\u00f3n de Nueva Toledo. Se levant\u00f3 en armas contra Francisco Pizarro en 1538, causa por la que fue estrangulado.<\/td>\r\n<td><a href=\"https:\/\/www.google.cl\/maps\/place\/Diego+de+Almagro+%26+Montenegro,+%C3%91u%C3%B1oa,+Regi%C3%B3n+Metropolitana\/@-33.4369865,-70.5840461,17z\/data=!3m1!4b1!4m5!3m4!1s0x9662cfa9a3a08521:0x21d0e4b324937d7b!8m2!3d-33.4369865!4d-70.5818574\">VER EN EL MAPA<\/a><\/td>\r\n<\/tr>\r\n<tr>\r\n<td>DOCTOR ALEJANDRO DEL R\u00cdO<\/td>\r\n<td width=\"411\">Naci\u00f3 en Santiago el 3 de mayo de 1867. Estudi\u00f3 en el Instituto Nacional y en la Universidad de Chile, se titul\u00f3 de M\u00e9dico Cirujano en 1889. Fue ayudante de Patolog\u00eda General y Anatom\u00eda Patol\u00f3gica en la Escuela de Medicina (1887\u20131888). Como m\u00e9dico cirujano y pol\u00edtico chileno, fue gestor y organizador de los servicios sociales y fundador del Hospital de Urgencia Asistencia P\u00fablica, tambi\u00e9n conocido como Posta Central. Fue el primer ministro de Higiene, Asistencia y Prevenci\u00f3n Social, secretar\u00eda de Estado cuya creaci\u00f3n impuls\u00f3 y que es antecedente del Ministerio de Salud. Es hermano del tambi\u00e9n destacado m\u00e9dico chileno Roberto del R\u00edo.<\/td>\r\n<td><a href=\"https:\/\/www.google.cl\/maps\/place\/Dr+Alejandro+del+R%C3%ADo,+%C3%91u%C3%B1oa,+Regi%C3%B3n+Metropolitana\/@-33.447382,-70.6105614,17z\/data=!3m1!4b1!4m5!3m4!1s0x9662cf9ade55b79b:0x6442123c2dd43bb6!8m2!3d-33.447382!4d-70.6083727?shorturl=1\">VER EN EL MAPA<\/a><\/td>\r\n<\/tr>\r\n<tr>\r\n<td>DOCTOR LUIS BISQUERT<\/td>\r\n<td width=\"411\">Nace en Santiago en el a\u00f1o 1896. M\u00e9dico cirujano y profesor de educaci\u00f3n f\u00edsica. Director del Hospital Alem\u00e1n, especializ\u00e1ndose en kinesiterapia. Muere en el a\u00f1o 1970.<\/td>\r\n<td><a href=\"https:\/\/www.google.cl\/maps\/place\/Dr+Luis+Bisquert,+%C3%91u%C3%B1oa,+Regi%C3%B3n+Metropolitana\/@-33.4652802,-70.6063736,17z\/data=!3m1!4b1!4m5!3m4!1s0x9662cfeeaa4178b7:0x6ef7e4134ddbd1b6!8m2!3d-33.4652802!4d-70.6041849?shorturl=1\">VER EN EL MAPA<\/a><\/td>\r\n<\/tr>\r\n<tr>\r\n<td>DOCTOR JOHOW<\/td>\r\n<td width=\"411\">Friedrich Richard Adelbart Johow Biehler ( 1859 - 1933), fue un prestigioso bot\u00e1nico, mic\u00f3logo, liquen\u00f3logo alem\u00e1n, que trabaj\u00f3 cuarenta y cuatro a\u00f1os en Chile. El presidente Jos\u00e9 Manuel Balmaceda inicia una Programaci\u00f3n de Mejoramiento de la Educaci\u00f3n, abriendo un Instituto Pedag\u00f3gico en 1889, formando profesores. As\u00ed es convocado Johow, y se desempe\u00f1ar\u00eda a partir de 1889, y por varios decenios en las c\u00e1tedras de Bot\u00e1nica en el Instituto Pedag\u00f3gico de Chile hasta 1925, y en las Escuelas de Farmacia y de Medicina de la Universidad de Chile.<\/td>\r\n<td><a href=\"https:\/\/www.google.cl\/maps\/place\/Dr+Johow,+%C3%91u%C3%B1oa,+Regi%C3%B3n+Metropolitana\/@-33.4607628,-70.5962367,17z\/data=!3m1!4b1!4m5!3m4!1s0x9662cfc0e3bad503:0xa2269ecc96ecace6!8m2!3d-33.4607628!4d-70.594048?shorturl=1\">VER EN EL MAPA<\/a><\/td>\r\n<\/tr>\r\n<tr>\r\n<td>DOCTOR MAMERTO C\u00c1DIZ CALVO<\/td>\r\n<td width=\"411\">El profesor Mamerto C\u00e1diz Calvo (1863 \u2013 1929) fue un bacteri\u00f3logo chileno. M\u00e9dico cirujano de la Universidad de Chile.Realiz\u00f3 estudios en su especialidad en Paris, y se perfeccion\u00f3 en los principales laboratorios de Rusia, B\u00e9lgica y Espa\u00f1a. Realiz\u00f3 estad\u00edas de entrenamiento en el Instituto Pasteur de Par\u00eds junto a los profesores Roux y Metchnikoff y en el Instituto Koch de Berl\u00edn, Alemania (1897-1898).<\/td>\r\n<td><a href=\"https:\/\/www.google.cl\/maps\/place\/Dr+Mamerto+C%C3%A1diz,+%C3%91u%C3%B1oa,+Regi%C3%B3n+Metropolitana\/@-33.4601239,-70.6186598,17z\/data=!3m1!4b1!4m8!1m2!2m1!1zRG9jdG9yIE1hbWVydG8gQ8OhZGl6LCDDkXXDsW9h!3m4!1s0x9662cf8b6f7ddf1d:0x431ab84edd5534a4!8m2!3d-33.4601239!4d-70.6164711?shorturl=1\">VER EN EL MAPA<\/a><\/td>\r\n<\/tr>\r\n<tr>\r\n<td>DOMINGO FAUSTINO SARMIENTO<\/td>\r\n<td width=\"411\">Pol\u00edtico, escritor y pedagogo argentino nacido en el a\u00f1o 1811. Autor, entre otras de obras tales como 'Viajes', 'Recuerdos de provincia', 'Conflicto y armon\u00edas de las razas de Am\u00e9rica' y la m\u00e1s importante 'Facundo o la Civilizaci\u00f3n o la Barbarie'. Presidente de su pa\u00eds entre los a\u00f1os 1874 y 1880.<\/td>\r\n<td><a href=\"https:\/\/www.google.cl\/maps\/place\/Domingo+Faustino+Sarmiento,+%C3%91u%C3%B1oa,+Regi%C3%B3n+Metropolitana\/@-33.4510389,-70.6165346,17z\/data=!3m1!4b1!4m5!3m4!1s0x9662cf8f5ddededf:0xd2824f5dbcb9c597!8m2!3d-33.4510389!4d-70.6143459?shorturl=1\">VER EN EL MAPA<\/a><\/td>\r\n<\/tr>\r\n<tr>\r\n<td>DOCTOR PEDRO LAUTARO FERRER<\/td>\r\n<td width=\"411\">Naci\u00f3 en Cha\u00f1aral en 1869. Inici\u00f3 sus estudios de humanidades en Copiap\u00f3 y los complet\u00f3 en el Colegio de los Padres Franceses de Valpara\u00edso. Hizo sus estudios de Medicina en la Universidad de Chile. Su memoria aprobada en 1898, vers\u00f3 sobre Poikilocitosis. Se titul\u00f3 de M\u00e9dico Cirujano en octubre de 1905. El Dr. Pedro Lautaro Ferrer Rodr\u00edguez, fallece en Santiago el 16 de agosto de 1937.<\/td>\r\n<td><a href=\"https:\/\/www.google.cl\/maps\/place\/Gral+Jos%C3%A9+Artigas+%26+Dr+Pedro+Lautaro+Ferrer,+%C3%91u%C3%B1oa,+Regi%C3%B3n+Metropolitana\/@-33.4449462,-70.5997883,19z\/data=!3m1!4b1!4m5!3m4!1s0x9662cf98925f9807:0x5c0d57b4c55bdedc!8m2!3d-33.4449462!4d-70.5992411?shorturl=1\">VER EN EL MAPA<\/a><\/td>\r\n<\/tr>\r\n<tr>\r\n<td>DOCTOR PARMENIO Y\u00c1\u00d1EZ ANDRADE<\/td>\r\n<td width=\"411\">Parmenio Y\u00e1\u00f1ez (1902-1977) fue un m\u00e9dico de la Universidad de Chile. Disc\u00edpulo del Dr. Johow y del Dr. Juan No\u00e9. Fue Jefe del Departamento de Biolog\u00eda del Instituto Pedag\u00f3gico de la Universidad de Chile. En 1937 solicit\u00f3 a la Universidad de Chile enviarlo a Alemania a la Estaci\u00f3n Limnol\u00f3gica de Pl\u00f6n y en el Instituto Biol\u00f3gico de Helgoland. En 1941 asume como Director de la Estaci\u00f3n de Biolog\u00eda Marina de la Universidad de Chile. Particip\u00f3 en la Primera Expedici\u00f3n Chilena a la Ant\u00e1rtica en 1947. Fue un destacado vecino de la comuna, quien por m\u00e1s de cuarenta a\u00f1os vivi\u00f3 en la calle Pedro Hemrick Ling. Mediante Decreto Alcaldicio N\u00ba 129 de fecha 23.01.2008, se cambia el nombre a calle Pedro Hemrick Ling, por el nombre de calle Doctor Parmenio Y\u00e1\u00f1ez Andrade.<\/td>\r\n<td><a href=\"https:\/\/www.google.cl\/maps\/place\/Dr.Parmenio+Ya%C3%B1ez+Andrade,+%C3%91u%C3%B1oa,+Regi%C3%B3n+Metropolitana\/@-33.463073,-70.5942335,19z\/data=!4m5!3m4!1s0x9662cfc16ffc0ff3:0xeff38a10a2b7c05e!8m2!3d-33.4630327!4d-70.5934288?shorturl=1\">VER EN EL MAPA<\/a><\/td>\r\n<\/tr>\r\n<tr>\r\n<td>DOMINGO TORO HERRERA<\/td>\r\n<td width=\"411\">Naci\u00f3 en Santiago, el 23 de enero de 1840. Estudi\u00f3 en los Sagrados Corazones de Santiago y en el Instituto Nacional. Realiz\u00f3 estudios de Ingenier\u00eda en la Universidad del Estado y en Estados Unidos. Fue teniente coronel de Ej\u00e9rcito en 1879, coronel en 1880, comandante del Batall\u00f3n Chacabuco en 1879 a 1881; con este batall\u00f3n particip\u00f3 en Pisagua, Dolores, Tarapac\u00e1 y Tacna; combati\u00f3 tambi\u00e9n en Chorrillos y Miraflores. Fue comandante general de la Marina en 1885. Fue militante del Partido Liberal; tom\u00f3 una postura neutral ante la figura del Presidente Balmaceda en la Revoluci\u00f3n de 1891. Fue intendente de Copiap\u00f3 y tambi\u00e9n de Coquimbo, en el a\u00f1o 1881; intendente de Valpara\u00edso, en 1885; consejero de Estado en el a\u00f1o 1889, 1893 y 1896; superintendente de la Casa de Moneda, en 1891. Ministro de Industrias y Obras P\u00fablicas, 25 de agosto al 11 de octubre de 1897; reasumi\u00f3 el 27 de octubre al 16 del noviembre del mismo a\u00f1o. Muri\u00f3 en Talagante, el 4 de mayo de 1923.<\/td>\r\n<td><a href=\"https:\/\/www.google.cl\/maps\/place\/Domingo+Toro+Herrera,+%C3%91u%C3%B1oa,+Regi%C3%B3n+Metropolitana\/@-33.4554957,-70.618793,17z\/data=!3m1!4b1!4m5!3m4!1s0x9662cf8946f296cf:0x34df75280e40a8f6!8m2!3d-33.4554957!4d-70.6166043?shorturl=1\">VER EN EL MAPA<\/a><\/td>\r\n<\/tr>\r\n<tr>\r\n<td>DUBL\u00c9 ALMEYDA<\/td>\r\n<td width=\"411\">Diego Dubl\u00e9 Almeyda naci\u00f3 en Valpara\u00edso en 1841. A causa de la muerte de ella, Diego se traslad\u00f3 a Santiago, donde continu\u00f3 su ense\u00f1anza en el Instituto Nacional y se destac\u00f3 en Matem\u00e1ticas. Ingres\u00f3 en 1860 a la Escuela Militar con el grado de alf\u00e9rez, especializ\u00e1ndose en la rama de Artiller\u00eda. Sus primeras acciones de guerra las vivi\u00f3 entre 1865 y 1866 durante la guerra con Espa\u00f1a, defendiendo los puertos de Valpara\u00edso y Caldera. En 1874, el gobierno lo design\u00f3 Gobernador de Magallanes. En la Campa\u00f1a de Lima fue designado comandante del Regimiento Atacama, participando en las batallas de Chorrillos y Miraflores en enero de 1881. A pesar de que durante la Revoluci\u00f3n de 1891 se encontraba fuera de Chile, fue dado de baja por haber permanecido fiel al Ej\u00e9rcito que apoyaba al Presidente Balmaceda. En 1908 el Congreso lo reivindic\u00f3. Falleci\u00f3 en Santiago el 6 de mayo de 1922.<\/td>\r\n<td><a href=\"https:\/\/www.google.cl\/maps\/place\/Dubl%C3%A9+Almeyda,+%C3%91u%C3%B1oa,+Regi%C3%B3n+Metropolitana\/@-33.4567144,-70.5994583,17z\/data=!3m1!4b1!4m5!3m4!1s0x9662cfbfdce2d4a7:0xef7343e09d54ad2!8m2!3d-33.4567144!4d-70.5972696?shorturl=1\">VER EN EL MAPA<\/a><\/td>\r\n<\/tr>\r\n<tr>\r\n<td>DIEGO JOS\u00c9 BENAVENTE<\/td>\r\n<td width=\"411\">Diego Jos\u00e9 Benavente Bustamante (1790\u2013 1867) fue un pol\u00edtico chileno, de destacada participaci\u00f3n en la \u00e9poca de la independencia y la organizaci\u00f3n de la Rep\u00fablica. En 1824 el Director Supremo Ram\u00f3n Freire lo design\u00f3 Ministro de Hacienda. Su popularidad se vio mermada al apoyar el estanco del tabaco que enriqueci\u00f3 a Diego Portales y Jos\u00e9 M. Cea. Perteneciente al grupo conservador, entre 1829 y 1835 realiz\u00f3 una gran oposici\u00f3n a Portales, siendo parte del partido filopolita. Incluso se le acus\u00f3 de participar en el mot\u00edn de Quillota, en el que asesinaron al Ministro, pero fue absuelto.<\/td>\r\n<td><a href=\"https:\/\/www.google.cl\/maps\/place\/Jos%C3%A9+Benavente,+%C3%91u%C3%B1oa,+Regi%C3%B3n+Metropolitana\/@-33.4534814,-70.5996344,17z\/data=!3m1!4b1!4m5!3m4!1s0x9662cfbdfc92d1e5:0x6764b1b3290b0a74!8m2!3d-33.4534859!4d-70.5974457?shorturl=1\">VER EN EL MAPA<\/a><\/td>\r\n<\/tr>\r\n<tr>\r\n<td rowspan=\"14\">E<\/td>\r\n<td>ECHE\u00d1IQUE<\/td>\r\n<td width=\"411\">Joaqu\u00edn Eche\u00f1ique Gandarillas (1863-1959) fue un pol\u00edtico chileno. Estudi\u00f3 en el Seminario Conciliar y en la Facultad de Ingenier\u00eda de la Universidad de Chile, titul\u00e1ndose de ingeniero ge\u00f3grafo el 26 de julio de 1885. Se dedic\u00f3 al ejercicio de su profesi\u00f3n, y tambi\u00e9n a la agricultura, aparte de ser empresario period\u00edstico. Fund\u00f3 y fue socio del diario 'El Chileno' en 1884. Fund\u00f3 tambi\u00e9n, la Sociedad Period\u00edstica 'Uni\u00f3n de Valpara\u00edso'. Fue presidente de la Sociedad Period\u00edstica de Chile S.A. (El Diario Ilustrado) y director de la Sociedad Period\u00edstica Popular; estos dos \u00faltimos cargos, en el a\u00f1o 1939. Fue miembro del Partido Conservador. fue due\u00f1o de una de las propiedades m\u00e1s importantes del sector a comienzos de siglo. Segundo Alcalde (Regidor) de \u00d1u\u00f1oa, entre 1918 y 1921.<\/td>\r\n<td><a href=\"https:\/\/goo.gl\/maps\/8CLURobE2Sf6UUhp7\">VER EN EL MAPA<\/a><\/td>\r\n<\/tr>\r\n<tr>\r\n<td>EDUARDO DONOSO<\/td>\r\n<td width=\"411\">Pintor Chileno de dominio artesanal, nacido en 1890. Representa la adhesi\u00f3n a los impulsos objetivistas de la pintura.<\/td>\r\n<td><a href=\"https:\/\/goo.gl\/maps\/f32VG33mND4vE1K57\">VER EN EL MAPA<\/a><\/td>\r\n<\/tr>\r\n<tr>\r\n<td>EDUARDO LLANOS<\/td>\r\n<td width=\"411\">Eduardo Llanos \u00c1lvarez s naci\u00f3 en Asturias, Espa\u00f1a en 1833. Llega a Chile en 1851, a\u00f1o en que se funda la primera instituci\u00f3n bomberil de nuestro pa\u00eds: el Cuerpo de Bomberos de Valpara\u00edso. Entre ese a\u00f1o y el estallido de la guerra contra Espa\u00f1a (1865-1866) fue un destacado comerciante en el puerto de Valpara\u00edso. Fund\u00f3 la Sociedad de Beneficencia Espa\u00f1ola y el C\u00edrculo Espa\u00f1ol. Se instal\u00f3 en el puerto peruano de Iquique, donde se hace parte de la primera compa\u00f1\u00eda de bomberos de esa ciudad. El 21 de mayo de 1879, rescat\u00f3 los cuerpos de Arturo Prat e Ignacio Serrano y los lleva en improvisadas urnas a darles sepultura en el cementerio de Iquique.<\/td>\r\n<td><a href=\"https:\/\/goo.gl\/maps\/x7rmwzjVDyjhy4FE7\">VER EN EL MAPA<\/a><\/td>\r\n<\/tr>\r\n<tr>\r\n<td>ELEODORO FLORES<\/td>\r\n<td width=\"411\">Eleodoro Flores Toledo fue un profesor de Castellano y Literatura en el Instituto Pedag\u00f3gico de la Universidad de Chile. Docente en el Instituto Nacional desde 1908 hasta su muerte. Tambi\u00e9n profesor de la c\u00e1tedra de castellano en la Escuela Militar (por m\u00e1s de 20 a\u00f1os) y en el Liceo Barros Borgo\u00f1o. Doctor en Letras de la Universidad Central de Madrid (1929), apadrinado por el famoso intelectual espa\u00f1ol don Ram\u00f3n Men\u00e9ndez Pidal. Miembro correspondiente de la Real Academia de C\u00e1diz (1932). En 1913 el gobierno de Italia le otorga la Cruz de Caballero de la Corona Real de Italia.<\/td>\r\n<td><a href=\"https:\/\/goo.gl\/maps\/tiNJX1Z1rc3eg7he8\">VER EN EL MAPA<\/a><\/td>\r\n<\/tr>\r\n<tr>\r\n<td>EL\u00cdAS DE LA CRUZ<\/td>\r\n<td width=\"411\">Abogado y fil\u00e1ntropo chileno. Ministro de las Cortes de Apelaciones y Suprema.<\/td>\r\n<td><a href=\"https:\/\/goo.gl\/maps\/JweNNsdQMR9yTpcd9\">VER EN EL MAPA<\/a><\/td>\r\n<\/tr>\r\n<tr>\r\n<td>ELIECER PARADA<\/td>\r\n<td width=\"411\">Eliecer Parada Pacheco fue un militar y alcalde de la comuna de \u00d1u\u00f1oa, en tres periodos (1926-1929, 1930-1931, 1938-1939), adem\u00e1s alcalde designado de Santiago entre 1929-1931.<\/td>\r\n<td><a href=\"https:\/\/goo.gl\/maps\/BXwSTwhxcavCFCpG9\">VER EN EL MAPA<\/a><\/td>\r\n<\/tr>\r\n<tr>\r\n<td>EMILIA TELLEZ<\/td>\r\n<td width=\"411\">Una de las propietarias de la chacra Lo Cerda a principios de siglo, sector en el que actualmente se ubica la calle que lleva su nombre.<\/td>\r\n<td><a href=\"https:\/\/goo.gl\/maps\/sg5icyX2tBBYPTGNA\">VER EN EL MAPA<\/a><\/td>\r\n<\/tr>\r\n<tr>\r\n<td>EMILIO VAISSE<\/td>\r\n<td width=\"411\">Emilio Va\u00efsse Houl\u00e9s fue un sacerdote franc\u00e9s nacido en el a\u00f1o 1860. Habit\u00f3 gran parte de su vida en la calle que actualmente lleva su nombre. Cr\u00edtico literario del diario 'El Mercurio' bajo el seud\u00f3nimo 'Omer Emeth'. En la Biblioteca Nacional de Chile cre\u00f3 la 'Revista de Bibliograf\u00eda Chilena y Extranjera' y proyect\u00f3 la 'Bibliograf\u00eda General de Chile'. Fue profesor en el Instituto Nacional, el Liceo de Aplicaci\u00f3n y en la Universidad Cat\u00f3lica, donde fue nombrado profesor honorario y miembro perpetuo de la Facultad de Filosof\u00eda y Humanidades. Entre sus alumnos se contar\u00e1 Jos\u00e9 Santos Gonz\u00e1lez Vera. Recibe del gobierno chileno la 'Condecoraci\u00f3n de las Orden al M\u00e9rito' y del de Francia la de 'Caballero de la Legi\u00f3n de Honor. Muere en el a\u00f1o 1935.<\/td>\r\n<td><a href=\"https:\/\/goo.gl\/maps\/sgA4w8YgoajXDPbu8\">VER EN EL MAPA<\/a><\/td>\r\n<\/tr>\r\n<tr>\r\n<td>ENRIQUE RICHARD<\/td>\r\n<td width=\"411\">Naci\u00f3 en 1865 en Santiago. Abogado chileno y diputado. Estudi\u00f3 Derecho en la U. de Chile. Profesor de Derecho Civil de la U. Cat\u00f3lica. Decano de la Facultad de Leyes de la Universidad Cat\u00f3lica de Chile. Militante del Partido Conservador. Falleci\u00f3 el 14 de mayo de 1912.<\/td>\r\n<td><a href=\"https:\/\/goo.gl\/maps\/FSsn8SuVuF5f2nuF9\">VER EN EL MAPA<\/a><\/td>\r\n<\/tr>\r\n<tr>\r\n<td>ERNESTO ANSARD<\/td>\r\n<td width=\"411\">Profesor de la Universidad de Chile en la especialidad de puentes y caminos. Como ingeniero fue autor del plano topogr\u00e1fico de Santiago impreso en Par\u00eds en el a\u00f1o 1875.<\/td>\r\n<td><a href=\"https:\/\/goo.gl\/maps\/FbdeiVukJNPyyfQs5\">VER EN EL MAPA<\/a><\/td>\r\n<\/tr>\r\n<tr>\r\n<td>EXEQUIEL FERN\u00c1NDEZ<\/td>\r\n<td width=\"411\">Naci\u00f3 en Santiago en 1850, hijo de Manuel Fern\u00e1ndez Cereceda y de Ana Mar\u00eda I\u00f1iguez Ovalle. Casado con Mar\u00eda Teresa Campino Larra\u00edn, con 7 hijos. Estudi\u00f3 en el Colegio San Ignacio en los a\u00f1os 1867 a 1869. Se dedic\u00f3 a la agricultura en la explotaci\u00f3n de su fundo Estaci\u00f3n Rosario. Elegido Diputado por Collipulli y Marilu\u00e1n para el periodo de 1915 a 1918. Integr\u00f3 la Comisi\u00f3n de Instrucci\u00f3n P\u00fablica y la de Guerra y Marina.<\/td>\r\n<td><a href=\"https:\/\/goo.gl\/maps\/q6N8TKLhdw6fWX3C9\">VER EN EL MAPA<\/a><\/td>\r\n<\/tr>\r\n<tr>\r\n<td>EXEQUIEL FIGUEROA<\/td>\r\n<td width=\"411\">Nace en Concepci\u00f3n en el a\u00f1o 1886. Estudia Derecho en las Universidades de Chile y Cat\u00f3lica. Subsecretario de Agricultura e Industria.<\/td>\r\n<td><a href=\"https:\/\/goo.gl\/maps\/XTRcJSSVKto1tBCz8\">VER EN EL MAPA<\/a><\/td>\r\n<\/tr>\r\n<tr>\r\n<td>ERNESTO COURTOIS<\/td>\r\n<td width=\"411\">Ernest Courtois naci\u00f3 el 27 de junio de 1859 en Bonnencontre, Francia. En 1874 comienza a estudiar arquitectura e ingenier\u00eda en la Escuela des Ponts et Chauss\u00e9 y se inscribe en la Academia de Bellas Artes de Dijon. En 1907, a sus 48 a\u00f1os, llega a vivir junto a su familia a Santiago de Chile. Aun cuando el trabajo que ven\u00eda a realizar para una editorial de publicaciones ilustradas de Am\u00e9rica Latina, finalmente no se concreta, s\u00ed consigue insertarse en la escena local donde trabajar\u00e1 por m\u00e1s de 40 a\u00f1os. A pocos meses de su llegada, el Rector de la Universidad de Chile, Valent\u00edn Letelier (1852-1919), lo contrat\u00f3 como profesor del dibujo para los estudiantes del Instituto de Educaci\u00f3n F\u00edsica y luego, en 1909, como profesor de composici\u00f3n, dibujo y acuarela en la Escuela de Arquitectura, lugar en el que trabaj\u00f3 hasta su jubilaci\u00f3n en 1932<\/td>\r\n<td><a href=\"https:\/\/goo.gl\/maps\/d7YXEFtFhc7n61J38\">VER EN EL MAPA<\/a><\/td>\r\n<\/tr>\r\n<tr>\r\n<td>ESPRONCEDA<\/td>\r\n<td width=\"411\">Jos\u00e9 Ignacio Javier Oriol Encarnaci\u00f3n de Espronceda Delgado (Almendralejo, 25 de marzo de 1808-Madrid; 23 de mayo de 1842) fue un escritor espa\u00f1ol de la \u00e9poca del Romanticismo, considerado como el m\u00e1s representativo poeta del primer Romanticismo en Espa\u00f1a.<\/td>\r\n<td><a href=\"https:\/\/goo.gl\/maps\/QYWbXXANVtXFF4xaA\">VER EN EL MAPA<\/a><\/td>\r\n<\/tr>\r\n<tr>\r\n<td rowspan=\"6\">F<\/td>\r\n<td>FENEL\u00d3N<\/td>\r\n<td width=\"411\">FENEL\u00d3N\r\nFran\u00e7ois de Salignac de la Mothe, m\u00e1s conocido como Fran\u00e7ois F\u00e9nelon (1651 - 1715), fue un prelado y escritor franc\u00e9s nacido en el a\u00f1o 1651. Autor de varios libros de car\u00e1cter pedag\u00f3gico, entre los que se cuentan 'Tratado de la educaci\u00f3n de los j\u00f3venes' y 'Las aventuras de Tel\u00e9maco'. Muere en el a\u00f1o 1715.<\/td>\r\n<td><a href=\"https:\/\/www.google.com\/maps\/place\/F%C3%A9nelon,+%C3%91u%C3%B1oa,+Regi%C3%B3n+Metropolitana\/@-33.4555689,-70.5731344,17z\/data=!3m1!4b1!4m5!3m4!1s0x9662ce35503dd88d:0x881f0138d9bd1d43!8m2!3d-33.4555477!4d-70.5735839\">VER EN EL MAPA<\/a><\/td>\r\n<\/tr>\r\n<tr>\r\n<td>FERN\u00c1NDEZ CONCHA<\/td>\r\n<td width=\"411\">Pedro Fern\u00e1ndez Concha (1828-1913). Estudi\u00f3 en el Instituto Nacional. Miembro del Partido Conservador; fue electo vicepresidente de la Asamblea, el 25 de diciembre de 1885; en 1878 fue delegado de Copiap\u00f3 y Caldera, a la Primera Convenci\u00f3n Nacional de su Partido. Organizador de la Segunda Convenci\u00f3n Nacional, 25 de diciembre de 1885, en la que fue delegado por Chill\u00e1n y vicepresidente. De esta Convenci\u00f3n result\u00f3 electo presidente del Partido. Miembro de la Junta Ejecutiva del mismo, en 1890-1891. En 1891 no particip\u00f3 en la revoluci\u00f3n contra el presidente Balmaceda.<\/td>\r\n<td><a href=\"https:\/\/goo.gl\/maps\/gV2dX1HcYJHXT6L67\">VER EN EL MAPA<\/a><\/td>\r\n<\/tr>\r\n<tr>\r\n<td>FLORENCIO GARC\u00cdA CASTILLO<\/td>\r\n<td width=\"411\">Nacido en Copiap\u00f3 en 1895, ingres\u00f3 a la Armada, de la cual se retir\u00f3 como Teniente 1\u00ba. Secretario General de la C\u00eda. de Salitre de Chile.<\/td>\r\n<td><a href=\"https:\/\/goo.gl\/maps\/gkdfUxYmHE8WhrwY6\">VER EN EL MAPA<\/a><\/td>\r\n<\/tr>\r\n<tr>\r\n<td>FRANCISCO DE PAULA TAFOR\u00d3<\/td>\r\n<td width=\"411\">Francisco de Paula Tafor\u00f3 Zamora (1817-1889). Hizo sus estudios en el convento de Santo Domingo y en el Seminario de Santiago, del cual fue m\u00e1s tarde, profesor de Lat\u00edn; se orden\u00f3 de presb\u00edtero en julio de 1839. En el a\u00f1o 1849 se inici\u00f3 en la vida pol\u00edtica como miembro del partido Liberal y fue elegido diputado por el departamento de Linares para el per\u00edodo de 1849 a 1852; integr\u00f3 la Comisi\u00f3n Permanente de Negocios Eclesi\u00e1sticos. En 1874 fue nombrado consejero de Estado, si\u00e9ndolo tambi\u00e9n en las administraciones de Federico Err\u00e1zuriz Za\u00f1artu, de An\u00edbal Pinto, de Domingo Santa Mar\u00eda y de Jos\u00e9 Manuel Balmaceda.<\/td>\r\n<td><\/td>\r\n<\/tr>\r\n<tr>\r\n<td>FRANCISCO DE VILLAGRA<\/td>\r\n<td width=\"411\">Francisco de Villagra Vel\u00e1squez (1511-1563). Acompa\u00f1ante de Pedro de Valdivia en la Conquista de Chile, participando en la fundaci\u00f3n de la ciudad de Santiago el 12 de febrero de 1541. Valdivia muri\u00f3 en la batalla de Tucapel, el 25 de diciembre de 1553. En su testamento, que solo se deb\u00eda abrir tras su muerte, nombraba gobernador de Chile en primer lugar a Jer\u00f3nimo de Alderete, en segundo a Francisco de Aguirre y por \u00faltimo a Villagra. Alderete se encontraba en Espa\u00f1a negociando el reconocimiento del cargo de Valdivia por el rey, y Aguirre en la conquista de Tucum\u00e1n. Las ciudades del sur proclamaron entonces a Villagra como gobernador. No pas\u00f3 lo mismo en Santiago en donde no se abri\u00f3 el testamento de Valdivia y se proclam\u00f3 gobernador a Rodrigo de Quiroga.<\/td>\r\n<td><a href=\"https:\/\/goo.gl\/maps\/1LZUVozvXLiu1oWT6\">VER EN EL MAPA<\/a><\/td>\r\n<\/tr>\r\n<tr>\r\n<td>FRANCISCO MENESES<\/td>\r\n<td width=\"411\">Eliecer Parada Pacheco fue un militar y alcalde de la comuna de \u00d1u\u00f1oa, en tres periodos (1926-1929, 1930-1931, 1938-1939), adem\u00e1s alcalde designado de Santiago entre 1929-1931.<\/td>\r\n<td><a href=\"https:\/\/goo.gl\/maps\/dADYkkVMej3PkQRP7\">VER EN EL MAPA<\/a><\/td>\r\n<\/tr>\r\n<tr>\r\n<td rowspan=\"11\">G<\/td>\r\n<td>GARC\u00cdA MORENO<\/td>\r\n<td width=\"411\">Gabriel Gregorio Fernando Jos\u00e9 Mar\u00eda Garc\u00eda y Moreno y Mor\u00e1n de Buitr\u00f3n (1821 - 1875) fue un estadista, abogado, pol\u00edtico, periodista y escritor ecuatoriano, dos veces presidente constitucional de la Rep\u00fablica del Ecuador. Tuvo una influencia pol\u00edtica y cultural que ejerci\u00f3 en el Ecuador desde 1858 hasta 1875.<\/td>\r\n<td><a href=\"https:\/\/goo.gl\/maps\/Ffm5gMj7R7tTUdxs6\">VER EN EL MAPA<\/a><\/td>\r\n<\/tr>\r\n<tr>\r\n<td>GARIBALDI<\/td>\r\n<td width=\"411\">Giuseppe Garibaldi (1807-1882) fue un militar y pol\u00edtico italiano. Junto con el rey de Cerde\u00f1a V\u00edctor Manuel II, fue uno de los principales l\u00edderes y art\u00edfices de la Unificaci\u00f3n de Italia.<\/td>\r\n<td><a href=\"https:\/\/goo.gl\/maps\/6YHxEHgQhMFSXyVT8\">VER EN EL MAPA<\/a><\/td>\r\n<\/tr>\r\n<tr>\r\n<td>GASPAR VILLARROEL<\/td>\r\n<td width=\"411\">Fray Gaspar de Villaroel O.S.A. (1587 - 1665) fue un religioso de la Orden de San Agust\u00edn.\r\nFue obispo de la arquidi\u00f3cesis de Santiago de Chile (1637), de Arequipa y de la arquidi\u00f3cesis de La Plata (Charcas).<\/td>\r\n<td><a href=\"https:\/\/www.google.com\/maps\/place\/Gaspar+Villarroel,+%C3%91u%C3%B1oa,+Regi%C3%B3n+Metropolitana\/@-33.4715746,-70.6116934,19z\/data=!4m5!3m4!1s0x9662cff07129ae45:0x7a89af14239dc5a6!8m2!3d-33.4714816!4d-70.6118377?shorturl=1&amp;shorturl=1\">VER EN EL MAPA<\/a><\/td>\r\n<\/tr>\r\n<tr>\r\n<td>GENERAL DIRECTORDE CARABINEROS ALEJANDRO BERNALES<\/td>\r\n<td width=\"411\">Jos\u00e9 Alejandro Bernales Ram\u00edrez (1949-2008) fue un militar chileno. Se desempe\u00f1\u00f3 como General Director de Carabineros de Chile, entre el 27 de noviembre de 2005 y el 29 de mayo de 2008. Durante una visita oficial que realizaba en Panam\u00e1, el helic\u00f3ptero en que viajaba junto a su esposa y otras 10 personas se precipit\u00f3 sobre el barrio de Calidonia en la Ciudad De Panam\u00e1. Antiguamente esta calle era el inicio de Licenciado de las Pe\u00f1as (antigua Avda. Colonia).<\/td>\r\n<td><a href=\"https:\/\/goo.gl\/maps\/CBUW6v8vUUiDMiME7\">VER EN EL MAPA<\/a><\/td>\r\n<\/tr>\r\n<tr>\r\n<td>GENERAL JOS\u00c9 ARTIGAS<\/td>\r\n<td width=\"411\">Jos\u00e9 Gervasio Artigas Arnal ( 1764 - 1850) fue un militar y estadista rioplatense que actu\u00f3 durante la Guerra de la Independencia de las Provincias Unidas del R\u00edo de la Plata y que se destac\u00f3 por ser el heraldo del federalismo en el pa\u00eds. Recibi\u00f3 los t\u00edtulos de \u00abJefe de los Orientales\u00bb y \u00abProtector de los Pueblos Libres\u00bb. Es honrado en ambas m\u00e1rgenes del R\u00edo de la Plata, siendo el m\u00e1ximo pr\u00f3cer de Uruguay y tambi\u00e9n pr\u00f3cer en Argentina.<\/td>\r\n<td><a href=\"https:\/\/goo.gl\/maps\/ZoLAQBnDq7VTcGns9\">VER EN EL MAPA<\/a><\/td>\r\n<\/tr>\r\n<tr>\r\n<td>GENERAL PEDRO PABLO DARTNELL<\/td>\r\n<td width=\"411\">Pedro Pablo Dartnell Encina (1874 - 1944) fue un militar chileno y miembro de la junta de gobierno de 1925. En dicha fecha, un grupo de j\u00f3venes oficiales le entreg\u00f3 el poder ejecutivo que depuso a la Junta de Septiembre, pero declin\u00f3 continuar con el poder en solitario, optando por convertirse en uno de los miembros de la Junta de Enero, que tom\u00f3 el poder de la naci\u00f3n unos d\u00edas m\u00e1s tarde.<\/td>\r\n<td><a href=\"https:\/\/goo.gl\/maps\/bWp6KJGHYeHD1sQR7\">VER EN EL MAPA<\/a><\/td>\r\n<\/tr>\r\n<tr>\r\n<td>GENERAL BUSTAMANTE<\/td>\r\n<td width=\"411\">Jos\u00e9 Antonio Bustamante Donoso (1778 - 1850). Participa activamente en las batallas de la independencia en 1813, 1814 y en Rancagua en el mismo a\u00f1o. Participa, adem\u00e1s, en la batalla de Chacabuco en 1817. En el a\u00f1o 1822 es ascendido a General por el Director Supremo Bernardo O'Higgins.<\/td>\r\n<td><a href=\"https:\/\/goo.gl\/maps\/nvVTZjVu6zwfbgmn9\">VER EN EL MAPA<\/a><\/td>\r\n<\/tr>\r\n<tr>\r\n<td>GENERAL GOROSTIAGA<\/td>\r\n<td width=\"411\">Alejandro Gorostiaga Orrego (1840-1912) fue un militar chileno. Ingres\u00f3 a la Escuela Militar de Chile en enero de 1857, prestando servicios hasta 1878, cuando pas\u00f3 a retiro. En 1879 reingres\u00f3 al Ej\u00e9rcito de Chile con motivo del estallido de la Guerra del Pac\u00edfico, entre Chile, Bolivia y Per\u00fa. En mayo de ese a\u00f1o, fue nombrado comandante del Batall\u00f3n C\u00edvico Movilizado Coquimbo N\u00ba1. Particip\u00f3 en el Asalto y Toma de Pisagua, las acciones de Dolores y de Tacna. El hecho principal de este militar chileno fue la batalla de Huamachuco, librada el 10 de julio de 1883.<\/td>\r\n<td><a href=\"https:\/\/goo.gl\/maps\/5xV6jkN5dcWquhz97\">VER EN EL MAPA<\/a><\/td>\r\n<\/tr>\r\n<tr>\r\n<td width=\"339\">GIRARDI<\/td>\r\n<td width=\"411\">Gino Girardi Chiminello fue gerente de la f\u00e1brica de sombreros ubicada en calle Condell N\u00ba 801.<\/td>\r\n<td><a href=\"https:\/\/goo.gl\/maps\/wE9TZMqNvdAHpRJj9\">VER EN EL MAPA<\/a><\/td>\r\n<\/tr>\r\n<tr>\r\n<td>GUILLERMO FRANKE<\/td>\r\n<td width=\"411\">Ingeniero civil nacido en el a\u00f1o 1890. Constructor del Barrio C\u00edvico y del primer rascacielos de Santiago ubicado en la calle Nueva York N\u00ba 52 en el a\u00f1o 1921. En los a\u00f1os 30\u2019, dise\u00f1\u00f3 la calle que lleva su nombre, ubicada a una cuadra de la plaza.<\/td>\r\n<td><a href=\"https:\/\/goo.gl\/maps\/3Gi9VgEEQvCTo4u99\">VER EN EL MAPA<\/a><\/td>\r\n<\/tr>\r\n<tr>\r\n<td>GUILLERMO MANN<\/td>\r\n<td width=\"411\">Guillermo Te\u00f3filo Federico Mann Fischer (1919-1967) fue un zo\u00f3logo, naturalista y ec\u00f3logo chileno, reconocido por sus investigaciones cient\u00edficas sobre mam\u00edferos. Fue Director del Centro de Investigaciones Zool\u00f3gicas de la Universidad de Chile. En 1947 particip\u00f3 de la Primera Expedici\u00f3n Ant\u00e1rtica Chilena.<\/td>\r\n<td><a href=\"https:\/\/goo.gl\/maps\/WxEm9qYTNr76MuHs8\">VER EN EL MAPA<\/a><\/td>\r\n<\/tr>\r\n<tr>\r\n<td rowspan=\"4\">H<\/td>\r\n<td>HERIBERTO COVARRUBIAS<\/td>\r\n<td width=\"411\">Agricultor nacido en Santiago en el a\u00f1o 1902, militante del Partido Conservador.\r\nPropietario de los terrenos en los que actualmente se emplaza la calle que lleva su nombre.<\/td>\r\n<td><a href=\"https:\/\/goo.gl\/maps\/S3skePqAxZT4vRgo9\">VER EN EL MAPA<\/a><\/td>\r\n<\/tr>\r\n<tr>\r\n<td>HERN\u00c1N CORT\u00c9S<\/td>\r\n<td width=\"411\">Hern\u00e1n Cort\u00e9s de Monroy y Pizarro Altamirano, I marqu\u00e9s del Valle de Oaxaca (1485 - 1547) fue un conquistador espa\u00f1ol que, a principios del siglo XVI, lider\u00f3 la expedici\u00f3n que inici\u00f3 la conquista de M\u00e9xico y el final del imperio mexica, poni\u00e9ndolo bajo dominio de la Corona de Castilla.<\/td>\r\n<td><a href=\"https:\/\/goo.gl\/maps\/zc4E11cC3XXs4Ku36\">VER EN EL MAPA<\/a><\/td>\r\n<\/tr>\r\n<tr>\r\n<td>HERNANDO DE AGUIRRE<\/td>\r\n<td width=\"411\">Hernando de Aguirre (1528-1605 \u00f3 1609) Corregidor de La Serena y Gobernador de Tucum\u00e1n. Hijo del conquistador Francisco de Aguirre. En 1534 acompa\u00f1\u00f3 a su padre en el paso al Nuevo Mundo con s\u00f3lo seis a\u00f1os. Tambi\u00e9n estuvo junto a \u00e9l cuando este fue al Per\u00fa y luego hizo campa\u00f1a en Alto Per\u00fa, desde donde baj\u00f3 a Atacama para unirse a las tropas de Pedro de Valdivia en 1540. Hizo la expedici\u00f3n a Chile y fue vecino de La Serena desde 1552, cuando Francisco de Aguirre lo nombra lugarteniente (6 de noviembre de 1552).\r\nRepresent\u00f3 a su padre ante el cabildo de Santiago ante los alegatos que este plante\u00f3 por la sucesi\u00f3n del Gobierno de Chile. Encabez\u00f3 la tropa que rechaz\u00f3 al pirata Francis Drake en la bah\u00eda de Guayac\u00e1n (Herradura) el 19 de diciembre de 1578.<\/td>\r\n<td><a href=\"https:\/\/goo.gl\/maps\/sVbcG4hcz6QizdLe6\">VER EN EL MAPA<\/a><\/td>\r\n<\/tr>\r\n<tr>\r\n<td>HUMBERTO TRUCCO<\/td>\r\n<td width=\"411\">Humberto Trucco Franzani (1882- 1951), abogado, juez y acad\u00e9mico chileno, presidente de la Corte Suprema de Chile en dos per\u00edodos; 1934-1937 y 1944-1950.<\/td>\r\n<td><a href=\"https:\/\/goo.gl\/maps\/tVaLvE16N4rshuc4A\">VER EN EL MAPA<\/a><\/td>\r\n<\/tr>\r\n<tr>\r\n<td>I<\/td>\r\n<td>IRARR\u00c1ZAVAL<\/td>\r\n<td width=\"411\">Manuel Jos\u00e9 Irarr\u00e1zaval Larra\u00edn (1834-1896) fue un pol\u00edtico y abogado chileno. Estudi\u00f3 en el Colegio de los Sagrados Corazones de Santiago (1849-1853), en el Instituto Nacional y en 1851 se traslad\u00f3 a Estados Unidos para ingresar a la Universidad de Georgetown, Washington D. C., donde obtuvo su grado acad\u00e9mico de abogado. Fue elegido senador por Llanquihue (1852-1876, 1879-1885), periodo en que compatibiliz\u00f3 el Senado con la C\u00e1mara de Diputados, siendo Diputado por Petorca (1861-1864), Santiago (1864-1867), Ovalle (1867-1870), y Santiago nuevamente (1870-1873). Dada su condici\u00f3n de l\u00edder del Partido Conservador, el presidente Jos\u00e9 Manuel Balmaceda busc\u00f3 su apoyo para mediar con su partido los proyectos del Gobierno. Fue un opositor al r\u00e9gimen de Jos\u00e9 Manuel Balmaceda y durante la Revoluci\u00f3n de 1891 Manuel Jos\u00e9 Irarr\u00e1zaval propuso la creaci\u00f3n de la Junta Provisional que se instal\u00f3 en al ciudad de Iquique, donde asumi\u00f3 como Ministro del Interior, Industria y Obras P\u00fablicas el 12 de mayo de 1891, subrog\u00f3 luego al Ministro de Hacienda. El 10 de agosto de 1891 asumi\u00f3 como Secretario de la Junta Provisional. Irarr\u00e1zaval firm\u00f3 el Acta de Deposici\u00f3n y una vez derrocado el gobierno de Balmaceda ocup\u00f3 el cargo de Ministro del interior (diciembre de 1891-marzo de 1892). Irarr\u00e1zaval promovi\u00f3 la Ley de Comuna Aut\u00f3noma en 1888. Fue publicada el 27 de diciembre de 1891 (que inclu\u00eda la nueva comuna de \u00d1u\u00f1oa) y determin\u00f3 que los municipios gozar\u00e1n de total independencia del ejecutivo, y que sus facultades ser\u00edan a\u00fan m\u00e1s amplias que las que antes correspond\u00edan a los gobernadores dentro de sus departamentos. Entre ellas figuraban la salubridad, el aseo y el ornato de las poblaciones, el fomento de la educaci\u00f3n y de las industrias, el mantenimiento de la polic\u00eda de seguridad, etc.<\/td>\r\n<td><a href=\"https:\/\/goo.gl\/maps\/KwXZ6WK5jwaPBMaDA\">VER EN EL MAPA<\/a><\/td>\r\n<\/tr>\r\n<tr>\r\n<td rowspan=\"20\">J<\/td>\r\n<td>JOAQU\u00cdN CABEZAS<\/td>\r\n<td width=\"411\">Joaqu\u00edn Cabezas, profesor normalista, fue enviado por el gobierno a Suecia en 1889, para profesionalizarse en lo referente a la organizaci\u00f3n de la educaci\u00f3n f\u00edsica. En dicho pa\u00eds estudi\u00f3 en el Instituto Central de Gimnasia de Estocolmo hasta 1893, periodo en el cual regres\u00f3 a Chile. Fue uno de los primeros profesores e instructores de la educaci\u00f3n f\u00edsica en Chile. En 1906, se convirti\u00f3 en el director del Instituto de Educaci\u00f3n F\u00edsica y Manual teniendo como objetivo principal reglamentar los planes de estudio para dicho Instituto. Con ese hecho el modelo sueco de educaci\u00f3n f\u00edsica reemplaz\u00f3 al modelo alem\u00e1n.<\/td>\r\n<td><a href=\"https:\/\/goo.gl\/maps\/ewoS9eG5qC1ULsGbA\">VER EN EL MAPA<\/a><\/td>\r\n<\/tr>\r\n<tr>\r\n<td>JORGE CANNING<\/td>\r\n<td width=\"411\">George Canning (1770 - 1827). Abogado y pol\u00edtico brit\u00e1nico, quien se desempe\u00f1\u00f3 como ministro de asuntos exteriores de Gran Breta\u00f1a durante las Guerras Napole\u00f3nicas y luego en la 'Europa de la Restauraci\u00f3n' tras el Congreso de Viena. En este nuevo cargo Canning apoy\u00f3 tambi\u00e9n los movimientos independentistas latinoamericanos, rehusando que las potencias de la Santa Alianza auxiliaran con armas o dinero a Espa\u00f1a para recuperar sus colonias de Am\u00e9rica.<\/td>\r\n<td><a href=\"https:\/\/goo.gl\/maps\/CekhJUifv94ksMd56\">VER EN EL MAPA<\/a><\/td>\r\n<\/tr>\r\n<tr>\r\n<td>JORGE WASHINGTON<\/td>\r\n<td width=\"411\">Dicha arteria fue designada con ese nombre por don Joaqu\u00edn Walker Mart\u00ednez, en recuerdo a su estad\u00eda como Embajador de Chile en Washington (1901 y 1904) y hace referencia a George Washington, militar y pol\u00edtico norteamericano, naci\u00f3 en Virginia (1732-1799), fue uno de los fundadores de la Rep\u00fablica de los Estados Unidos y su primer presidente (1789-1797). El nombre de dicha calle se formaliz\u00f3 mediante la Ley N\u00ba 7.767 del 28 de febrero de 1944.<\/td>\r\n<td><a href=\"https:\/\/goo.gl\/maps\/3yDsQv4EbANVJCFr5\">VER EN EL MAPA<\/a><\/td>\r\n<\/tr>\r\n<tr>\r\n<td>JOS\u00c9 DOMINGO CA\u00d1AS<\/td>\r\n<td width=\"411\">Nace en el a\u00f1o 1835. Fundador de una serie de organizaciones de beneficencia. Dispuso por testamento que las sociedades de educaci\u00f3n popular beneficiarias de su propiedad -que se extend\u00eda desde Pirque hasta Pedro de Valdivia y desde Irarr\u00e1zaval hacia el sur- destinaran una parte de \u00e9sta a la creaci\u00f3n de campos de juegos para los colegios y la juventud, construy\u00e9ndose en 1918, los Campos de Sports de \u00d1u\u00f1oa que inclu\u00eda canchas de f\u00fatbol, de tenis, un parque infantil y otros. Regidor del primer Municipio en el a\u00f1o 1894.<\/td>\r\n<td><a href=\"https:\/\/goo.gl\/maps\/fdWcXev47FYudJaE6\">VER EN EL MAPA<\/a><\/td>\r\n<\/tr>\r\n<tr>\r\n<td>JOS\u00c9 GABRIEL ROJAS<\/td>\r\n<td width=\"411\">Jos\u00e9 Gabriel Rojas Miranda (1891-1913) . Ingres\u00f3 a la Sexta Compa\u00f1\u00eda de Bomberos de Santiago el 10 de agosto de 1912 en calidad de Auxiliar. Falleci\u00f3 en un accidente de tr\u00e1nsito en camino a un llamado de incendio.<\/td>\r\n<td><a href=\"https:\/\/goo.gl\/maps\/idxUscZeysundxxJ9\">VER EN EL MAPA<\/a><\/td>\r\n<\/tr>\r\n<tr>\r\n<td>JOS\u00c9 LUIS ARANEDA<\/td>\r\n<td width=\"411\">Jos\u00e9 Luis Araneda Carrasco (1848 - 1912). Militar chileno, participa en la Guerra del Pac\u00edfico y en la Guerra Civil de 1891. En 1875, es destinado al batall\u00f3n Buin 1\u00ba de L\u00ednea, con el que estar\u00e1 presente en todas las campa\u00f1as de la Guerra del Pac\u00edfico. Toma parte en el desembarco chileno en Pisagua el 2 de noviembre de 1879 y es ascendido a capit\u00e1n en 1880. Participa en la Batalla de Tacna y en la batalla de Arica. Participa en la Guerra Civil de 1891 en el bando gobiernista, lo que le ocasiona su llamada a retiro tras el triunfo de las fuerzas revolucionarias en septiembre de 1891. Es restituido en 1899 comision\u00e1ndosele en el batall\u00f3n Rancagua donde permanece hasta su retiro definitivo en 1907.<\/td>\r\n<td><a href=\"https:\/\/goo.gl\/maps\/Xc3JvursycwhD5oE6\">VER EN EL MAPA<\/a><\/td>\r\n<\/tr>\r\n<tr>\r\n<td>JOS\u00c9 MANUEL INFANTE<\/td>\r\n<td width=\"411\">Jos\u00e9 Manuel Infante Montt (1835 -1899) fue un abogado, juez y pol\u00edtico chileno. Ingres\u00f3 al Instituto Nacional en 1845 donde realiz\u00f3 sus estudios secundarios. Posteriormente ingres\u00f3 a estudiar Licenciatura en Derecho en la Universidad de Chile y jur\u00f3 como abogado el 26 de agosto de 1861.4 En 1865 trabaj\u00f3 como Defensor de Menores. Fue secretario de la Corte Suprema a partir de 2 de julio de 1867. El 18 de marzo de 1892 fue nombrado ministro de la Corte de Apelaciones de Santiago, muri\u00f3 en el ejercicio de este cargo. Propietario de terrenos que posteriormente entrega para la construcci\u00f3n del Hospital Salvador.<\/td>\r\n<td><a href=\"https:\/\/goo.gl\/maps\/Uu3NDX3YhQCcmMZo9\">VER EN EL MAPA<\/a><\/td>\r\n<\/tr>\r\n<tr>\r\n<td>JOS\u00c9 MAR\u00cdA NARBONA<\/td>\r\n<td width=\"411\">Destacado alcalde de \u00d1u\u00f1oa en diversos per\u00edodos: 1949-1953; 1958-1960 y 1961-1963. Durante su gobierno comunal, \u00d1u\u00f1oa comenz\u00f3 una amplia expansi\u00f3n comercial y residencial.<\/td>\r\n<td><a href=\"https:\/\/goo.gl\/maps\/h5vLzS9b3b1SWnWS6\">VER EN EL MAPA<\/a><\/td>\r\n<\/tr>\r\n<tr>\r\n<td>JOS\u00c9 PEDRO ALESSANDRI<\/td>\r\n<td width=\"411\">Jos\u00e9 Pedro Alessandri Palma (1864 - 1923) fue un ingeniero, empresario y pol\u00edtico chileno. Fund\u00f3 y dirigi\u00f3 durante varios a\u00f1os el Sindicato de Obras P\u00fablicas. El grueso de su fortuna provino de la compra, loteo y edificaci\u00f3n de extensos terrenos en \u00d1u\u00f1oa. Abri\u00f3 la avenida Macul, que hoy lleva su nombre, vendi\u00f3 sitios a ambos lados y consigui\u00f3 pr\u00e9stamos para los compradores. Hacia 1910, compr\u00f3 la Chacra de Jos\u00e9 Gregorio Ossa. La familia mantuvo la casa hasta 1952 cuando es donada a la Ilustre Municipalidad de \u00d1u\u00f1oa. As\u00ed, el 9 de mayo de 1953, el Alcalde don Jos\u00e9 Mar\u00eda Narbona inaugura solemnemente la Casa de la Cultura y la Biblioteca Gabriela Mistral.<\/td>\r\n<td><a href=\"https:\/\/goo.gl\/maps\/qVUieESXLCwk1SkB8\">VER EN EL MAPA<\/a><\/td>\r\n<\/tr>\r\n<tr>\r\n<td>JUAN ENRIQUE CONCHA<\/td>\r\n<td width=\"411\">Juan Enrique Concha Subercaseaux (1876-1931). Estudi\u00f3 en diferentes colegios de Europa. En 1889 de regreso en Chile, ingres\u00f3 al Colegio San Ignacio y m\u00e1s tarde a la Facultad de Derecho de la Universidad Cat\u00f3lica de Chile, titul\u00e1ndose de abogado el 26 de abril de 1899. Fue profesor de Econom\u00eda Pol\u00edtica en la Facultad de Derecho de la Universidad Cat\u00f3lica, desde 1901 a 1920. Alcalde de la municipalidad de Santiago; su obra principal fue la pavimentaci\u00f3n de Santiago con asfalto 'Trinidad'. Fue cercano a la Legaci\u00f3n de Chile en Francia, y Director de la Compa\u00f1\u00eda Galvanizadora de Fierro en 1902. Consejero del Banco Espa\u00f1ol de Chile en 1923 y director de la Compa\u00f1\u00eda Argentina de Seguros en 1931.<\/td>\r\n<td><a href=\"https:\/\/goo.gl\/maps\/Qyh6mD8KNg3X7M8Z6\">VER EN EL MAPA<\/a><\/td>\r\n<\/tr>\r\n<tr>\r\n<td>JUAN FRANCISCO GONZ\u00c1LEZ<\/td>\r\n<td width=\"411\">Juan Francisco Gonz\u00e1lez Escobar (1853-1933). Pintor chileno, sus primeros estudios los realiz\u00f3 en el taller de Manuel Tapia, pintor disc\u00edpulo de Alessandro Ciccarelli. M\u00e1s tarde, fue Pedro Lira quien reconoci\u00f3 su destreza art\u00edstica y le aconsej\u00f3 ingresar a la Academia de Pintura en 1869. Tambi\u00e9n fue alumno de Ernesto Kirchbach y Giovanni Mochi. En 1879 viaj\u00f3 a Per\u00fa, donde realiz\u00f3 algunas de sus primeras pinturas. En 1916 integr\u00f3 el Grupo Los Diez, junto a poetas e intelectuales que lideraron el movimiento de vanguardia de la \u00e9poca.<\/td>\r\n<td><a href=\"https:\/\/goo.gl\/maps\/2kdeTPne7jQzj7Tu5\">VER EN EL MAPA<\/a><\/td>\r\n<\/tr>\r\n<tr>\r\n<td>JUAN GODOY<\/td>\r\n<td width=\"411\">Juan Godoy (1800-1842) fue un pastor chileno, descubridor de la mina de Cha\u00f1arcillo, ubicada cerca de Copiap\u00f3.<\/td>\r\n<td><a href=\"https:\/\/goo.gl\/maps\/y5DKYQ7VMP398fu1A\">VER EN EL MAPA<\/a><\/td>\r\n<\/tr>\r\n<tr>\r\n<td>JOS\u00c9 PEDRO ALESSANDRI<\/td>\r\n<td width=\"411\">Jos\u00e9 Pedro Alessandri Palma (1864 - 1923) fue un ingeniero, empresario y pol\u00edtico chileno. Fund\u00f3 y dirigi\u00f3 durante varios a\u00f1os el Sindicato de Obras P\u00fablicas. El grueso de su fortuna provino de la compra, loteo y edificaci\u00f3n de extensos terrenos en \u00d1u\u00f1oa. Abri\u00f3 la avenida Macul, que hoy lleva su nombre, vendi\u00f3 sitios a ambos lados y consigui\u00f3 pr\u00e9stamos para los compradores. Hacia 1910, compr\u00f3 la Chacra de Jos\u00e9 Gregorio Ossa. La familia mantuvo la casa hasta 1952 cuando es donada a la Ilustre Municipalidad de \u00d1u\u00f1oa. As\u00ed, el 9 de mayo de 1953, el Alcalde don Jos\u00e9 Mar\u00eda Narbona inaugura solemnemente la Casa de la Cultura y la Biblioteca Gabriela Mistral.<\/td>\r\n<td><a href=\"https:\/\/goo.gl\/maps\/qVUieESXLCwk1SkB8\">VER EN EL MAPA<\/a><\/td>\r\n<\/tr>\r\n<tr>\r\n<td>JUAN ENRIQUE CONCHA<\/td>\r\n<td width=\"411\">Juan Enrique Concha Subercaseaux (1876-1931). Estudi\u00f3 en diferentes colegios de Europa. En 1889 de regreso en Chile, ingres\u00f3 al Colegio San Ignacio y m\u00e1s tarde a la Facultad de Derecho de la Universidad Cat\u00f3lica de Chile, titul\u00e1ndose de abogado el 26 de abril de 1899. Fue profesor de Econom\u00eda Pol\u00edtica en la Facultad de Derecho de la Universidad Cat\u00f3lica, desde 1901 a 1920. Alcalde de la municipalidad de Santiago; su obra principal fue la pavimentaci\u00f3n de Santiago con asfalto 'Trinidad'. Fue cercano a la Legaci\u00f3n de Chile en Francia, y Director de la Compa\u00f1\u00eda Galvanizadora de Fierro en 1902. Consejero del Banco Espa\u00f1ol de Chile en 1923 y director de la Compa\u00f1\u00eda Argentina de Seguros en 1931.<\/td>\r\n<td><a href=\"https:\/\/goo.gl\/maps\/Qyh6mD8KNg3X7M8Z6\">VER EN EL MAPA<\/a><\/td>\r\n<\/tr>\r\n<tr>\r\n<td>JUAN JARA<\/td>\r\n<td width=\"411\">Juan Nepomuceno Jara Armaza (1818-1885). Estudi\u00f3 Derecho. Ingres\u00f3 a la carrera administrativa en 1840 y sirvi\u00f3 al pa\u00eds durante 45 a\u00f1os. Fue auxiliar del departamento de Hacienda y ascendi\u00f3 a oficial mayor en 1849. Permaneci\u00f3 en este puesto durante varias administraciones, hasta An\u00edbal Pinto. Fue secretario del Consejo de Estado, 1853; director de la Oficina de Contabilidad General, 1860; superintendente de la Casa de Moneda, 1857; superintendente de Ferrocarriles, 1859. Ministro de la Corte Suprema en la sala de Hacienda, 1866; director de la Caja de Cr\u00e9dito Hipotecario y fundador de la Caja de Ahorros en 1858.<\/td>\r\n<td><a href=\"https:\/\/goo.gl\/maps\/DP82R6hqYKgNohPL7\">VER EN EL MAPA<\/a><\/td>\r\n<\/tr>\r\n<tr>\r\n<td>JUAN MOYA MORALES<\/td>\r\n<td width=\"411\">Industrial Chileno nacido en 1891. Alcalde de \u00d1u\u00f1oa entre los a\u00f1os 1942 y 1943. Titulado de Ingeniero y Arquitecto en 1911. Consejero de la SOFOFA. En 1942, como alcalde de \u00d1u\u00f1oa compra un terreno a la Sucesi\u00f3n de Carlos Walker Mart\u00ednez en la parte norte de la Plaza \u00d1u\u00f1oa. En 1945 se inaugura el edificio construido por Gabriel Ovalle y Jos\u00e9 Renard.<\/td>\r\n<td><a href=\"https:\/\/goo.gl\/maps\/szz45Jfsw2XSE4LM8\">VER EN EL MAPA<\/a><\/td>\r\n<\/tr>\r\n<tr>\r\n<td>JUAN SABAJ<\/td>\r\n<td width=\"411\">Vecino de \u00d1u\u00f1oa y propietario del sector de Los Guindos. Don\u00f3 terrenos para apertura de nuevas calles.<\/td>\r\n<td><a href=\"https:\/\/goo.gl\/maps\/MSp7nN5iMYQkiuSUA\">VER EN EL MAPA<\/a><\/td>\r\n<\/tr>\r\n<tr>\r\n<td>JULIO PRADO<\/td>\r\n<td width=\"411\">Julio Prado Amor (1870 - 1951) fue un pol\u00edtico, abogado y profesor chileno. Curs\u00f3 Derecho en la Universidad de Chile, y Pedagog\u00eda en Historia en la misma universidad. En 1889 fue oficial supernumerario del Ministerio de Relaciones Exteriores, y en 1891 era oficial de partes del Ministerio de Guerra. En 1898 comenz\u00f3 a trabajar como profesor de su asignatura en el Liceo Amun\u00e1tegui. Integr\u00f3 el Partido Liberal Democr\u00e1tico y fue nombrado Gobernador de Taltal (1901) y de Antofagasta (1902). Intendente de Atacama (1903). Secretario de la Sociedad de Instrucci\u00f3n Primaria de Santiago (1904-1928). Elector presidencial por Santiago (1906) y Regidor Municipal de la capital (1913). En 1918 fue elegido Consejero de Instrucci\u00f3n P\u00fablica. Ministro de Justicia e Instrucci\u00f3n P\u00fablica (1919), bajo la administraci\u00f3n de Juan Luis Sanfuentes.<\/td>\r\n<td><a href=\"https:\/\/goo.gl\/maps\/U3UaueZw9w2GfudL8\">VER EN EL MAPA<\/a><\/td>\r\n<\/tr>\r\n<tr>\r\n<td>JULIO ZEGERS<\/td>\r\n<td width=\"411\">Julio Zegers Samaniego (1830 \u2013 1918) Pol\u00edtico y abogado chileno. Director de la Imprenta Nacional en 1856 y encargado de revisar la impresi\u00f3n del C\u00f3digo Civil. En 1857 viaj\u00f3 por Europa, nombr\u00e1ndosele miembro de la Legaci\u00f3n chilena en Par\u00eds. Regres\u00f3 a Chile en 1858 siendo nombrado vicerrector del Instituto Nacional. El 5 de agosto de 1878 fue ministro de hacienda del presidente An\u00edbal Pinto, debiendo enfrentar el inicio de la Guerra del Pac\u00edfico y las complicaciones financieras que significaba, hasta el 17 de abril de 1879. Fue abogado de la Compa\u00f1\u00eda Inglesa de Tarapac\u00e1, propiedad de John Thomas North (del cual recib\u00eda fuertes sumas de dineros), por lo que al estallar el conflicto por la provisi\u00f3n de luz y agua potable en Tarapac\u00e1 se enfrent\u00f3 al gobierno, al cual pertenec\u00eda como Consejero de Estado (de lo cual fue acusado por incompatibilidad). Trabaj\u00f3 para el derrocamiento de Balmaceda en la Guerra Civil de 1891, siendo parte del bando congresista, el cual era financiado en parte por North.<\/td>\r\n<td><a href=\"https:\/\/goo.gl\/maps\/8KXTTmXdAzdo8ijg6\">VER EN EL MAPA<\/a><\/td>\r\n<\/tr>\r\n<tr>\r\n<td>JUSTO UGARTE<\/td>\r\n<td width=\"411\">Actor de teatro chileno. Trabaj\u00f3 en 'La P\u00e9rgola de las Flores', en las pel\u00edculas 'Surcos de sangre' (1950); 'Un viaje a Santiago' (1960); 'El bur\u00f3crata Gonz\u00e1lez' (1964); 'M\u00e1s all\u00e1 de Pipilco' (1965).<\/td>\r\n<td><a href=\"https:\/\/goo.gl\/maps\/xxkPguuiVuXyimzR6\">VER EN EL MAPA<\/a><\/td>\r\n<\/tr>\r\n<tr>\r\n<td rowspan=\"8\">L<\/td>\r\n<td>LEOPOLDO URRUTIA<\/td>\r\n<td width=\"411\">Leopoldo Urrutia Anguita (1849-1936). Abogado de la Universidad de Chile. Empez\u00f3 a servir en la administraci\u00f3n desde 1869 como Oficial de la Direcci\u00f3n de Ingenieros. Secretario del Juzgado del Crimen de Valpara\u00edso; Secretario de la Intendencia d\u00e9 Linares; profesor del Liceo y Juez de Letras de la misma ciudad; Juez de Santiago, Curic\u00f3, Cauquenes, San Fernando, Valpara\u00edso; ministro de la Corte de Apelaciones de Santiago; Fiscal de la misma y Ministro de la Corte Suprema en 1892. En dos per\u00edodos ejerci\u00f3 la presidencia de la Corte Suprema. Form\u00f3 en la Comisi\u00f3n Codificadora de Enjuiciamiento Civil y en la revisora del C\u00f3digo de Minas. Designado profesor de C\u00f3digo Civil en 1888, ingres\u00f3 a la Facultad de Leyes, cuyo decanato sirvi\u00f3 en varios per\u00edodos. En 1896 fue Elector de Presidente y el a\u00f1o siguiente represent\u00f3 al poder judicial en el Consejo de Estado.<\/td>\r\n<td><a href=\"https:\/\/goo.gl\/maps\/bvYW4QsiwpJoaza96\">VER EN EL MAPA<\/a><\/td>\r\n<\/tr>\r\n<tr>\r\n<td>LICENCIADO DE LAS PE\u00d1AS<\/td>\r\n<td width=\"411\">Antonio De las Pe\u00f1as, fue representante del gobierno espa\u00f1ol colonial que ejerci\u00f3 su actividad con el t\u00edtulo de \"Justicia Mayor\" para todo el territorio de la Capitan\u00eda General, pero con dependencia del Virreynato. Antiguamente era conocida como Avda. Colonia.<\/td>\r\n<td><a href=\"https:\/\/goo.gl\/maps\/9sjsixshGpmF7AJ86\">VER EN EL MAPA<\/a><\/td>\r\n<\/tr>\r\n<tr>\r\n<td>LOS PESCADORES DEL CARDENAL RA\u00daL SILVA HENR\u00cdQUEZ<\/td>\r\n<td width=\"411\">La calle Los Pescadores, antiguamente se llamaba Jorge Calvo Mackenna. La Ley 7.767 (28.02.1944), le cambi\u00f3 el nombre a 'Los Pescadores'. Mediante Decreto Alcaldicio N\u00ba 1132 de fecha 13.09.2007, se cambia el nombre a calle 'Los Pescadores' entre Pedro de Valdivia y Carmen Covarrubias, por el nombre de calle 'Los Pescadores del Cardenal Ra\u00fal Silva Henr\u00edquez' debido a que el Cardenal Silva Henr\u00edquez vivi\u00f3 mucho tiempo en ese lugar.<\/td>\r\n<td><a href=\"https:\/\/goo.gl\/maps\/UymY67pTayb1XknL7\">VER EN EL MAPA<\/a><\/td>\r\n<\/tr>\r\n<tr>\r\n<td>LO ENCALADA<\/td>\r\n<td width=\"411\">Manuel Jos\u00e9 Blanco y Calvo de Encalada (1790-1876). fue un militar, pol\u00edtico y diplom\u00e1tico chileno que tuvo una destacada participaci\u00f3n en la guerra de independencia de Chile y Per\u00fa. Aprendi\u00f3 sus primeras letras en su ciudad natal y a los 15 a\u00f1os inici\u00f3 sus estudios navales en la Academia de Marina de la Isla del Le\u00f3n en C\u00e1diz, Espa\u00f1a, de donde egres\u00f3 en 1807 con el grado de Alf\u00e9rez. Se incorpor\u00f3 a la lucha por la Independencia y empez\u00f3 una largu\u00edsima carrera al servicio de Chile. Tuvo participaci\u00f3n en las batallas de Cancha Rayada y Maip\u00fa y en junio de 1818 fue nombrado Comandante General de Marina, siendo el primer Comandante de la Escuadra chilena. Se destac\u00f3 por su participaci\u00f3n en la guerra contra la Confederaci\u00f3n Peru-Boliviana, 1834, donde firm\u00f3 el Tratado de Paucarpata que, posteriormente, ser\u00eda desconocido por Chile. Fue denominado Presidente de la Rep\u00fablica, por Ley de 8 de julio de 1826 (Presidente Provisional de la Rep\u00fablica, 9 de julio al 9 de septiembre de 1826, siendo el primero en llevar el t\u00edtulo de Presidente de la Rep\u00fablica). Propietario de la Chacra Lo Encalada ubicada al sur del 'Camino de \u00d1u\u00f1oa'.<\/td>\r\n<td><a href=\"https:\/\/goo.gl\/maps\/YRFNK1rjrBUTxyqSA\">VER EN EL MAPA<\/a><\/td>\r\n<\/tr>\r\n<tr>\r\n<td>LOS TRES ANTONIOS<\/td>\r\n<td width=\"411\">Hace referencia a la conspiraci\u00f3n de los Tres Antonios (1780), que fue un intento de conspiraci\u00f3n para establecer en Chile una rep\u00fablica basada en la igualdad de clases y la repartici\u00f3n de la tierra en lotes iguales bajo el Gobierno de Ambrosio de Benavides Medina, liderada por Alejandro Antonio Berney, Antonio Gramusset y Jos\u00e9 Antonio de Rojas. En 1923, la calle pose\u00eda el nombre de \"Avenida de Setiembre\" (sic).<\/td>\r\n<td><a href=\"https:\/\/goo.gl\/maps\/KF13TLzVGK4fScjr7\">VER EN EL MAPA<\/a><\/td>\r\n<\/tr>\r\n<tr>\r\n<td width=\"339\">LUIS BELTR\u00c1N<\/td>\r\n<td width=\"411\">Presb\u00edtero y militar argentino nacido en el a\u00f1o 1784. Durante la Guerra de Independencia, Jos\u00e9 de San Mart\u00edn le encarg\u00f3 el aprovisionamiento del Ej\u00e9rcito de los Andes, de brillante actuaci\u00f3n como fabricante y organizador de la artiller\u00eda. Muere en el a\u00f1o 1827.<\/td>\r\n<td><a href=\"https:\/\/goo.gl\/maps\/SytznmMeKoEryNn78\">VER EN EL MAPA<\/a><\/td>\r\n<\/tr>\r\n<tr>\r\n<td>LUIS PEREIRA<\/td>\r\n<td width=\"411\">Luis Pereira Cotapos (1835-1909). Fue miembro del partido Conservador y desde 1861 fue parlamentario. Diputado suplente por Los Andes, per\u00edodo 1861 a 1864. Diputado propietario por Vichuqu\u00e9n, per\u00edodo 1867 a 1870; integr\u00f3 la Comisi\u00f3n Permanente de Constituci\u00f3n, Legislaci\u00f3n y Justicia. Fue partidario de la revoluci\u00f3n de 1891. Fue ministro de Relaciones Exteriores, Culto y Colonizaci\u00f3n, 31 de diciembre de 1891 al 14 de marzo de 1892, en el gobierno de Jorge Montt. En 1869 se incorpor\u00f3 a la Facultad de Leyes e hizo la biograf\u00eda de Diego Jos\u00e9 Benavente.<\/td>\r\n<td><a href=\"https:\/\/goo.gl\/maps\/4kVe7MgXJC5uMKhm9\">VER EN EL MAPA<\/a><\/td>\r\n<\/tr>\r\n<tr>\r\n<td>LUIS URIBE<\/td>\r\n<td width=\"411\">Luis Uribe Orrego (1847-1914). Ingres\u00f3 a la Escuela Naval el 20 de agosto de 1858, junto a una serie de muchachos, quienes conformaron lo que m\u00e1s tarde se conoci\u00f3 como el 'Curso de los H\u00e9roes', inmortalizado durante la Guerra del Pac\u00edfico (1879-1884). Al iniciarse la Guerra del Pac\u00edfico en 1879, Uribe se encontraba como Segundo Comandante de la corbeta 'Esmeralda', con la misi\u00f3n de bloquear el puerto peruano de Iquique. El 21 de mayo del mismo a\u00f1o, esta vieja nave junto a la goleta 'Virgen de Covadonga' escribir\u00edan las m\u00e1s hermosas p\u00e1ginas de la historia Naval de Chile, el Combate Naval de Iquique y el Combate Naval de Punta Gruesa. Tras la muerte del Comandante Prat en el abordaje de la nave peruana 'Hu\u00e1scar', Uribe asumi\u00f3 el mando y siguiendo la consigna de mantener inmaculado el pabell\u00f3n, combati\u00f3 hasta que la corbeta 'Esmeralda' se hundi\u00f3.<\/td>\r\n<td><a href=\"https:\/\/goo.gl\/maps\/G7jm3yfcqJUSfwLP7\">VER EN EL MAPA<\/a><\/td>\r\n<\/tr>\r\n<tr>\r\n<td rowspan=\"10\">M<\/td>\r\n<td>MALAQUIAS CONCHA<\/td>\r\n<td width=\"411\">Malaqu\u00edas Concha Ortiz (1859 - 1921). Escritor, abogado y pol\u00edtico chileno, precursor de los movimientos obreros y sociales. Ingres\u00f3 al Partido Radical, del cual se separ\u00f3 en 1887 para crear el Partido Dem\u00f3crata. Apoy\u00f3 al presidente Jos\u00e9 Manuel Balmaceda durante la Revoluci\u00f3n de 1891. Fue hecho reo entre 1891 y 1893, se le acusa de conspiraci\u00f3n y es despojado de sus bienes. En 1896 su Partido Dem\u00f3crata se une a la Alianza Liberal. Electo diputado por Concepci\u00f3n, Talcahuano, Lautaro y Coelemu (1900-1912), Concepci\u00f3n (1912-1915) y Temuco, Imperial y Llaima (1915-1918). En 1915 es nombrado Ministro de Industria y Obras P\u00fablicas de Juan Luis Sanfuentes. Fue electo senador por Concepci\u00f3n en 1918. Su Cartilla de Educaci\u00f3n C\u00edvica se convirti\u00f3 en texto obligado en las escuelas primarias del pa\u00eds. Otra obra suya, Programa de la Democracia, fue una verdadera ense\u00f1a del movimiento obrero chileno. Tambi\u00e9n hizo un Tratado de Econom\u00eda Pol\u00edtica Experimental. Colabor\u00f3 adem\u00e1s en prensa en los diarios La Raz\u00f3n de Santiago y El Iris de Talca<\/td>\r\n<td><a href=\"https:\/\/goo.gl\/maps\/cystLBMBWiNdoqZP8\">VER EN EL MAPA<\/a><\/td>\r\n<\/tr>\r\n<tr>\r\n<td>MANUEL COVARRUBIAS<\/td>\r\n<td width=\"411\">Manuel Covarrubias Ort\u00fazar (1792-1870). En 1810 se incorpor\u00f3 al Regimiento de Caballer\u00eda de Milicias Provinciales de Borb\u00f3n del Partido de Melipilla. Integr\u00f3 la Comisi\u00f3n Permanente Calificadora de Peticiones. Electo diputado propietario por Caupolic\u00e1n, per\u00edodo 1843-1846.<\/td>\r\n<td><a href=\"https:\/\/goo.gl\/maps\/JSbcD9ZZyZY1ujMa6\">VER EN EL MAPA<\/a><\/td>\r\n<\/tr>\r\n<tr>\r\n<td>MANUEL DE SALAS<\/td>\r\n<td width=\"411\">Manuel de Salas y Corbal\u00e1n (1754- 841) fue un destacado educador y pol\u00edtico chileno. Fue miembro del bando patriota por la causa de la independencia de Chile, y es considerado uno de los fundadores de la Rep\u00fablica de Chile. e regreso en Chile, su vocaci\u00f3n y su preparaci\u00f3n lo llevaron a ocupar diferentes cargos p\u00fablicos, como alcalde del Cabildo de Santiago (1775); superintendente de la poblaci\u00f3n ind\u00edgena de La Calera (1775); regidor del Cabildo de Santiago (1782); superintendente de obras p\u00fablicas y Director General de Miner\u00eda. Sus objetivos fundamentales eran el fomento del progreso, la prosperidad econ\u00f3mica y el desarrollo de la industria. Este convencimiento lo llev\u00f3 a fundar, en 1797, la Real Academia de San Luis. En 1811, durante la Patria Nueva, Salas desempe\u00f1\u00f3 diversos cargos p\u00fablicos y como congresista impuls\u00f3 la simb\u00f3lica ley sobre la libertad de vientres, seg\u00fan la cual todos los hijos nacidos de madre esclava ser\u00edan libres desde aquel momento. Manuel de Salas fue uno de los precursores del debate nacional en torno a la cuesti\u00f3n social, que se manifestar\u00eda con fuerza hacia fines del siglo XIX.<\/td>\r\n<td><a href=\"https:\/\/goo.gl\/maps\/C2TX8Xd3BXEnRZ6r6\">VER EN EL MAPA<\/a><\/td>\r\n<\/tr>\r\n<tr>\r\n<td>MANUEL MONTT<\/td>\r\n<td width=\"411\">Manuel Francisco Antonio Juli\u00e1n Monte Torres (1809-1880). Ingres\u00f3 al Instituto Nacional en 1822. Se gradu\u00f3 de bachiller en C\u00e1nones y Leyes por la Universidad de San Felipe. Particip\u00f3 en el Partido Conservador y luego en el Partido Nacional. Los a\u00f1os 1838, 1839 y 1840 fue nombrado director de la Academia de Leyes y Pr\u00e1ctica Forense. En 1837 sirvi\u00f3 como oficial mayor interino del Ministerio del Interior cargo en el que estaba cuando su jefe, el ministro Diego Portales Palazuelos fue asesinado. Ministro del Interior y Relaciones Exteriores entre el 5 de septiembre de 1840 y el 27 de marzo de 1841, ministro subrogante de Hacienda entre el 12 de septiembre y el 11 de noviembre de 1840, ministro subrogante de Justicia, Culto e Instrucci\u00f3n P\u00fablica entre el 21 de diciembre de 1840 y el 27 de marzo de 1841, ministro subrogante de Interior y Relaciones Exteriores entre el 19 y el 24 de mayo de 1841 y ministro interino de Guerra y Marina entre el 14 de diciembre de 1840 y el 18 de septiembre de 1841, todas estas carteras bajo el gobierno de Jos\u00e9 Joaqu\u00edn Prieto Vial. Mantiene este \u00faltimo ministerio en calidad de subrogante bajo el gobierno de Manuel Bulnes Prieto. Dio inicio a los gobiernos civiles en el pa\u00eds manteni\u00e9ndose como presidente de Chile por 10 a\u00f1os, entre el 18 de septiembre de 1851 y el 18 de septiembre de 1861. Durante su per\u00edodo se produjeron dos hechos que buscaron romper la institucionalidad republicana, al inicio de su gobierno ocurri\u00f3 la revoluci\u00f3n de 1851, siendo sofocada en la batalla de Loncomilla, y m\u00e1s tarde (1856) la llamada Cuesti\u00f3n del Sacrist\u00e1n, que provoca que muchos conservadores se alejen del gobierno uni\u00e9ndose a los liberales en la Fusi\u00f3n Liberal-Conservadora.<\/td>\r\n<td><a href=\"https:\/\/goo.gl\/maps\/tWvPtmCKMkQSShrs8\">VER EN EL MAPA<\/a><\/td>\r\n<\/tr>\r\n<tr>\r\n<td>MARCHANT PEREIRA<\/td>\r\n<td width=\"411\">Ruperto Marchant Pereira (1846 - 1934) fue un sacerdote cat\u00f3lico y escritor chileno. Capell\u00e1n del Ej\u00e9rcito durante la Guerra del Pac\u00edfico. Fue fundador de la 5\u00aa Compa\u00f1\u00eda de Bomberos de Santiago el 7 de diciembre de 1873. Al comenzar la Guerra del Pac\u00edfico, se ofreci\u00f3 gratuitamente al ej\u00e9rcito para ser Capell\u00e1n. Particip\u00f3 en las campa\u00f1as de Pisagua, Dolores. En Tacna, recuper\u00f3 el estandarte chileno perdido en la batalla de Caracoles. En 1881 regresa a Chile como h\u00e9roe, continuando con su carrera sacerdotal. El a\u00f1o 1887 es nombrado rector del Seminario de Valpara\u00edso y Gobernador Eclesi\u00e1stico de este puerto.<\/td>\r\n<td><a href=\"https:\/\/goo.gl\/maps\/1nMsWz5cX9pnMRNr6\">VER EN EL MAPA<\/a><\/td>\r\n<\/tr>\r\n<tr>\r\n<td>MATTA (ORIENTE)<\/td>\r\n<td width=\"411\">Manuel Antonio Matta Goyenechea (1826-1892) fue un pol\u00edtico, abogado y escritor chileno, fundador del Partido Radical de Chile junto con Pedro Le\u00f3n Gallo. En 1863 fue fundador del Cuerpo de Bomberos de Santiago (20 de Diciembre de 1863) y primer Director de la Compa\u00f1\u00eda de Guardias de Propiedad (actual 6\u00ba compa\u00f1\u00eda). Su vida pol\u00edtica se desarroll\u00f3 en 1855 cuando es electo Diputado por su natal Copiap\u00f3, y m\u00e1s tarde es reelecto en 1858. Un a\u00f1o antes de su segunda elecci\u00f3n Matta renuncia al Partido Liberal de Chile, para fundar el nuevo Partido Radical. De un grupo de j\u00f3venes de los mismos ideales, \u00e9l era el l\u00edder junto con su hermano menor Guillermo Matta, \u00c1ngel Custodio Gallo, Pedro Le\u00f3n Gallo, Francisco Mar\u00edn y Juan Arteaga Alemparte.<\/td>\r\n<td><a href=\"https:\/\/goo.gl\/maps\/CGyehFv6Ze5X4KCF6\">VER EN EL MAPA<\/a><\/td>\r\n<\/tr>\r\n<tr>\r\n<td>MONSE\u00d1OR EYZAGUIRRE<\/td>\r\n<td width=\"411\">Jos\u00e9 Ignacio Eyzaguirre Portales (1817-1875), fue sobrino del Ministro Diego Portales Palazuelos. Su padre fue Diputado del Primer Congreso Nacional y uno de los redactores de la Constituci\u00f3n de 1812 y de 1823. Sacerdote y abogado de la Universidad de San Felipe, fue uno de los fundadores del Pontificio Colegio P\u00edo Latino Americano, una de las m\u00e1s prestigiosas universidades pontificias existentes en el mundo, fundada en 1858 y que hasta el d\u00eda de hoy funciona en Roma como un importante centro de investigaci\u00f3n y formaci\u00f3n. Fue miembro de la Facultad de Teolog\u00eda de la Universidad de Chile, compa\u00f1ero en la Sociedad Literaria junto al Presidente Federico Err\u00e1zuriz Za\u00f1artu y a Benjam\u00edn Vicu\u00f1a Mackenna. El Papa Pio IX lo nombr\u00f3 Prelado Dom\u00e9stico de Su Santidad y Protonotario y Delegado Apost\u00f3lico para Am\u00e9rica Latina. Fue un notable historiador eclesi\u00e1stico. Por ser miembro de la Sociedad Literaria, la Biblioteca Nacional de Chile posee una sala dedicada a su trabajo.<\/td>\r\n<td><a href=\"https:\/\/goo.gl\/maps\/gFHPtQvrWZYBYrRE9\">VER EN EL MAPA<\/a><\/td>\r\n<\/tr>\r\n<tr>\r\n<td>MIGUEL CLARO<\/td>\r\n<td width=\"411\">Miguel Claro V\u00e1squez (1861-1921). Fue un m\u00e9dico cirujano y sacerdote cat\u00f3lico. Fue Obispo auxiliar de los Obispos de Santiago de Chile Crescente Err\u00e1zuriz y Juan Ignacio Gonz\u00e1lez Eyzaguirre. Fue el primero en traducir al castellano la Enc\u00edclica 'Rerum Novarum' publicada por el Papa Le\u00f3n XIII. Como m\u00e9dico, su memoria \"Observaciones cl\u00ednicas sobre el tratamiento de los abscesos hep\u00e1ticos\", en 1884, despert\u00f3 extraordinario inter\u00e9s, siendo uno de los trabajos m\u00e1s importantes de la abundante literatura m\u00e9dica de aquel tiempo sobre el tema.<\/td>\r\n<td><a href=\"https:\/\/goo.gl\/maps\/9BhVaEHC73rbPfPN6\">VER EN EL MAPA<\/a><\/td>\r\n<\/tr>\r\n<tr>\r\n<td>MUJICA<\/td>\r\n<td width=\"411\">La Chacra Lo Mujica fue parte de la Chacra Lo Encalada del Almirante Manuel Blanco Encalada. El 5 de junio de 1896 Roberto Su\u00e1rez Mujica compra la chacra Lo Encalada a Alfredo Echaurren Valero. Abarcaba aproximadamente desde la actual calle Castillo Velasco hacia el sur. En tal forma figura en planos de Santiago desde fines del siglo pasado; y aun, en algunos de ellos, se se\u00f1ala en el trazado del ferrocarril de Pirque una estaci\u00f3n Lo Mujica, en la esquina de Yrarr\u00e1zaval con la actual avenida Bustamante, estaci\u00f3n que seguramente era un paradero provisorio antes que se estableciera la estaci\u00f3n \u00d1u\u00f1oa. Como en las otras propiedades se produjo tambi\u00e9n en la chacra Lo Mujica el proceso de urbanizaci\u00f3n, transform\u00e1ndose en centro poblado. Don Adolfo Mujica ten\u00eda establecida una posada de carretas, en la cual se deten\u00edan y alojaban las carretas que llevaban productos a Santiago.<\/td>\r\n<td><a href=\"https:\/\/goo.gl\/maps\/HjvfKT1J8h6NWkJMA\">VER EN EL MAPA<\/a><\/td>\r\n<\/tr>\r\n<tr>\r\n<td>MONTENEGRO<\/td>\r\n<td width=\"411\">Pedro Nicol\u00e1s Montenegro Onel (1872 - 1940). Fue un abogado y pol\u00edtico chileno. Sus servicios a la causa del Presidente Balmaceda, sus campa\u00f1as pol\u00edticas en la tribuna, en el Club y en la prensa, atrajeron la atenci\u00f3n sobre su talento del elemento directivo de su partido, el Liberal Democr\u00e1tico y fue llevado al Congreso por primera vez en el periodo 1903-1906, como diputado por La Laja, Nacimiento y Mulch\u00e9n; fue miembro de la Comisi\u00f3n Permanente de Elecciones y de la de Relaciones Exteriores. Reelecto dipuatdo, por la misma zona, periodo 1906-1909; integr\u00f3 la Comisi\u00f3n Permanente de Relaciones Exteriores. 1909-1912, reelecto diputado, siempre por la zona; continu\u00f3 en la Comisi\u00f3n Permanente de Relaciones Exteriores, pero como diputado reemplazante de ella. 1912-1918, fue elegido senador por B\u00edo-B\u00edo; integr\u00f3 la Comisi\u00f3n Permanente de Constituci\u00f3n, Legislaci\u00f3n y Justicia y la de Hacienda.<\/td>\r\n<td><a href=\"https:\/\/goo.gl\/maps\/4HPeQZspjdJ36mRu9\">VER EN EL MAPA<\/a><\/td>\r\n<\/tr>\r\n<tr>\r\n<td rowspan=\"2\">N<\/td>\r\n<td>NUEVA GUSTAVO CARRE\u00d1O<\/td>\r\n<td width=\"411\">Gustavo Enrique Carre\u00f1o Cabello, fue un destacado dirigente vecinal nacido el 31 de agosto de 1922. Presidente de la Junta de Vecinos Arturo Prat y Presidente de la Uni\u00f3n Comunal de Juntas de Vecinos de \u00d1u\u00f1oa. Fallece en Santiago 11 de febrero de 2008. Mediante Decreto Alcaldicio N\u00ba 565 de fecha 15.04.2011, se cambia el nombre a calle 'Nueva' entre Juan Francisco Gonz\u00e1lez y Bremen, por el nombre de 'Nueva Gustavo Carre\u00f1o'.<\/td>\r\n<td><a href=\"https:\/\/goo.gl\/maps\/x3imq5CJ2tLymTst5\">VER EN EL MAPA<\/a><\/td>\r\n<\/tr>\r\n<tr>\r\n<td>N\u00da\u00d1EZ DE ARCE<\/td>\r\n<td width=\"411\">Gaspar N\u00fa\u00f1ez de Arce (1832-1903) fue un poeta y pol\u00edtico espa\u00f1ol que evolucion\u00f3 del Romanticismo hacia el realismo literario. Fue gobernador civil de Barcelona, diputado por Valladolid en 1865 y ministro de Ultramar, Interior y Educaci\u00f3n con el Partido Liberal de Pr\u00e1xedes Mateo Sagasta. Fue nombrado acad\u00e9mico de la RAE en 1874.<\/td>\r\n<td><a href=\"https:\/\/goo.gl\/maps\/EZ5JejHFmR9o4tHD8\">VER EN EL MAPA<\/a><\/td>\r\n<\/tr>\r\n<tr>\r\n<td rowspan=\"2\">O<\/td>\r\n<td>OBISPO ORREGO<\/td>\r\n<td width=\"411\">Jos\u00e9 Manuel Orrego Pizarro (1818-1891). Religioso chileno. En 1868 fue instituido obispo de La Serena y como tal asisti\u00f3 al Concilio Vaticano I. Durante su mandato se establecieron en su di\u00f3cesis las Monjas de la Providencia y se fund\u00f3 el Seminario de Copiap\u00f3.<\/td>\r\n<td><a href=\"https:\/\/goo.gl\/maps\/CjzcPnYaLeAy4WD9A\">VER EN EL MAPA<\/a><\/td>\r\n<\/tr>\r\n<tr>\r\n<td>ORT\u00daZAR<\/td>\r\n<td width=\"411\">Eugenio Ort\u00fazar Rojas fue Presidente del Consejo de Defensa del Estado en 1932, sucediendo a Pedro Aguirre Cerda. En 1929 instruye a los arquitectos Esteban Barbieri y Rigoberto Correa la construcci\u00f3n de su residencia, en la esquina de Montenegro con Avda. Irarr\u00e1zaval, sitio que hoy ocupa la Direcci\u00f3n de Educaci\u00f3n, Doctrina e Historia de Carabineros de Chile.<\/td>\r\n<td><a href=\"https:\/\/goo.gl\/maps\/VwiFZh4RQkDjR1n9A\">VER EN EL MAPA<\/a><\/td>\r\n<\/tr>\r\n<tr>\r\n<td rowspan=\"13\">P<\/td>\r\n<td>PASCUAL BABURIZZA<\/td>\r\n<td width=\"411\">Pascual Baburizza Soletic (1875-1941). Fue un empresario croata que a los 17 a\u00f1os de edad se radic\u00f3 en Chile, pa\u00eds en el que vivi\u00f3 hasta su muerte. Es recordado principalmente por haber legado su colecci\u00f3n de pintura europea a Valpara\u00edso (su residencia en Valpara\u00edso hoy es el Museo Municipal de Bellas Artes). Se estableci\u00f3 en la ciudad de Iquique donde comenz\u00f3 desde abajo en empresas de inmigrantes croatas que se dedicaban al negocio de suministro de mercader\u00edas a las oficinas salitreras. Al poco tiempo, tuvo su propio negocio de suministro al por mayor de mercader\u00edas y alimentos a las salitreras. En poco m\u00e1s de veinte a\u00f1os de duro trabajo, Baburizza estaba transformado en un gran empresario nacional posicion\u00e1ndose a trav\u00e9s de un grupo de compa\u00f1\u00edas y empresas en el comercio, la miner\u00eda y agricultura. Nunca se cas\u00f3 ni tuvo hijos, llevando una vida solitaria, reservada. Se estableci\u00f3 en Valpara\u00edso e incursion\u00f3 en el valle del Aconcagua como agricultor. Fue reconocido como uno de empresarios m\u00e1s ricos de Chile, pero tambi\u00e9n como fil\u00e1ntropo de gustos refinados, del buen vivir interesado por el arte y la cultura. Dej\u00f3 como legado una importante colecci\u00f3n pict\u00f3rica y un Instituto Agr\u00edcola que hasta hoy funciona con su nombre en Los Andes.<\/td>\r\n<td><a href=\"https:\/\/goo.gl\/maps\/9CyVUQpFwcaVsQi46\">VER EN EL MAPA<\/a><\/td>\r\n<\/tr>\r\n<tr>\r\n<td>PEDRO AGUIRRE CERDA<\/td>\r\n<td width=\"411\">Pedro Aguirre Cerda (1879-1941) fue un pol\u00edtico, educador y abogado chileno. Miembro del Partido Radical, tuvo diversos cargos ministeriales, incluyendo el Ministerio del Interior durante el primer gobierno de Arturo Alessandri Palma. Bajo el lema 'Gobernar es educar', Aguirre Cerda fue electo como Presidente de la Rep\u00fablica. Dentro de las principales obras de su gobierno se encuentran el impulso dado a la educaci\u00f3n, la reclamaci\u00f3n del Territorio Chileno Ant\u00e1rtico, la fundaci\u00f3n de la Corporaci\u00f3n de Fomento de la Producci\u00f3n (CORFO) y la creaci\u00f3n de la Secretar\u00eda General de Defensa de la Raza y Aprovechamiento de las horas Libres. Su gobierno ser\u00eda el primero de los tres Gobiernos Radicales que existir\u00edan en el pa\u00eds hasta 1952. Popularmente conocido como 'Don Tinto', por su vinculaci\u00f3n a la industria vitivin\u00edcola, y como 'El Presidente de los pobres', una tuberculosis le impidi\u00f3 terminar su mandato, falleciendo a mitad de \u00e9ste. En su honor, se fund\u00f3 una base ant\u00e1rtica y el antiguo sector de Ochagav\u00eda (al sur de Santiago) dio origen a un departamento con su nombre y que comprend\u00eda la actual comuna de Pedro Aguirre Cerda.<\/td>\r\n<td><a href=\"https:\/\/goo.gl\/maps\/Yh33ATHUBWpqZUHr7\">VER EN EL MAPA<\/a><\/td>\r\n<\/tr>\r\n<tr>\r\n<td>PEDRO DE VALDIVIA<\/td>\r\n<td width=\"411\">Pedro de Valdivia (1497-1553) fue un militar y conquistador espa\u00f1ol de origen extreme\u00f1o. Valdivia viaj\u00f3 a Am\u00e9rica, formando parte de las huestes de Francisco Pizarro, gobernador del Per\u00fa. Con el t\u00edtulo de teniente gobernador otorgado por Pizarro, Valdivia lider\u00f3 la Conquista de Chile a partir de 1540. En dicho rol, fue el fundador de las ciudades m\u00e1s antiguas del pa\u00eds, incluyendo la capital Santiago en 1541, La Serena (1544), Concepci\u00f3n (1550), Valdivia (1552) y La Imperial (1552). Adem\u00e1s, dispuso la fundaci\u00f3n de las ciudades de Villarrica y Los Confines (Angol). En 1541 recibi\u00f3 de sus compa\u00f1eros conquistadores organizados en un cabildo, el t\u00edtulo de Gobernador y Capit\u00e1n General del Reino de Chile, siendo el primero en ostentar dichos cargos. Despu\u00e9s de sofocar la resistencia ind\u00edgena y algunas conspiraciones en su contra, regres\u00f3 al Virreinato del Per\u00fa en 1548, donde Pedro de la Gasca le confirm\u00f3 el t\u00edtulo. De regreso a Chile, emprendi\u00f3 la llamada Guerra de Arauco contra el pueblo mapuche, en la cual muri\u00f3 en 1553 en la batalla de Tucapel.<\/td>\r\n<td><a href=\"https:\/\/goo.gl\/maps\/WWFYvZYkKGo7aYb7A\">VER EN EL MAPA<\/a><\/td>\r\n<\/tr>\r\n<tr>\r\n<td>PEDRO DE O\u00d1A<\/td>\r\n<td width=\"411\">Pedro de O\u00f1a (1570-1643) fue un te\u00f3logo, poeta y escritor chileno. Su principal obra es Arauco Domado, largo poema \u00e9pico (inspirado por La Araucana de Alonso de Ercilla) escrito a petici\u00f3n del virrey del Per\u00fa Garc\u00eda Hurtado de Mendoza. Obtuvo una beca asignada al Real Colegio de San Felipe y San Marcos (1590), y se gradu\u00f3 de Licenciado en Artes. En Arauco Domado (1596) describe la lucha del pueblo mapuche (llamado 'arauco' por los espa\u00f1oles ) y las huestes hispanas. La Municipalidad de \u00d1u\u00f1oa y la Corporaci\u00f3n Cultural entregan anualmente un premio literario en honor al poeta.<\/td>\r\n<td><a href=\"https:\/\/goo.gl\/maps\/AieXSdajoEvbTjmD8\">VER EN EL MAPA<\/a><\/td>\r\n<\/tr>\r\n<tr>\r\n<td>PEDRO TORRES<\/td>\r\n<td width=\"411\">Pedro Torres Ibieta (1870-1947). Fue miembro del primer consejo del Banco Central y Presidente del Banco de Chile. Estaba casado con Hortensia Reyes Foster. Como Presidente del Banco de Chile, en el a\u00f1o 1931 adquiere del presb\u00edtero Ambros\u00edo de Zavala las tierras de Ant\u00f3n D\u00edaz, terrenos en los cuales se construye una poblaci\u00f3n para los funcionarios de esa entidad bancaria, entre ellos su casa en Brown Norte con Avda. Irarr\u00e1zaval que hoy alberga al Liceo Manuel de Salas. En 1933 viaj\u00f3 a EE.UU. a reunirse con el presidente Franklin Delano Roosevelt, participando tambi\u00e9n en la conferencia econ\u00f3mica y monetaria que se celebr\u00f3 en Londres ese mismo a\u00f1o. Adem\u00e1s fue condecorado con la Orden del Imperio Brit\u00e1nico.<\/td>\r\n<td><a href=\"https:\/\/goo.gl\/maps\/iacEFn9shpSE6D2Q8\">VER EN EL MAPA<\/a><\/td>\r\n<\/tr>\r\n<tr>\r\n<td>PEDRO RICO<\/td>\r\n<td width=\"411\">Pedro Rico fue un ingeniero que trabaj\u00f3 en la administraci\u00f3n de Ambrosio O\u2019Higgins (1788-1796). Fue el encargado de proyectar diferentes obras p\u00fablicas, especialmente el trazado del camino entre Santiago y Valpara\u00edso (1792), obra denominada 'Camino de San Pablo'.<\/td>\r\n<td><a href=\"https:\/\/goo.gl\/maps\/mK1SMptht2qtrFLAA\">VER EN EL MAPA<\/a><\/td>\r\n<\/tr>\r\n<tr>\r\n<td width=\"339\">POETA WASHINGTON ESPEJO<\/td>\r\n<td width=\"411\">Poeta chileno, autor de los libros Del largo camino (1938), Canto al romance castellano (1939), Canto perdido (1942), Nada nuevo (1944), Poemas del hombre (1945) y Sonetos (1945). Fue un fiel colaborador con nuestra comuna, nombrado 'Vecino Ilustre'.<\/td>\r\n<td><a href=\"https:\/\/goo.gl\/maps\/EtNeLiyxT9dmwX1M7\">VER EN EL MAPA<\/a><\/td>\r\n<\/tr>\r\n<tr>\r\n<td>PRESIDENTE JOS\u00c9 BATTLE Y ORD\u00d3\u00d1EZ<\/td>\r\n<td width=\"411\">Jos\u00e9 Pablo Torcuato Batlle y Ord\u00f3\u00f1ez (1856 - 1929) Pol\u00edtico uruguayo, presidente de la Rep\u00fablica en dos ocasiones (1903-1907 y 1911-1915). Era hijo de Lorenzo Batlle, quien hab\u00eda sido presidente entre 1868 y 1872. En esos mismos a\u00f1os se enfrent\u00f3 a la dictadura del general M\u00e1ximo Santos. Tuvo que enfrentarse a la Revoluci\u00f3n de 1904, que fue la \u00faltima guerra civil que se vivi\u00f3 en el Uruguay, as\u00ed como la m\u00e1s sangrienta y decisiva en la suerte del pa\u00eds en el siglo XX, cuya finalizaci\u00f3n determin\u00f3, entre otras consecuencias, un nuevo orden como la imposici\u00f3n de los valores eminentemente urbanos e intelectualistas, encarnados por Jos\u00e9 Batlle y Ord\u00f3\u00f1ez.<\/td>\r\n<td><a href=\"https:\/\/goo.gl\/maps\/Kqi7dJLoWKX4TDrh8\">VER EN EL MAPA<\/a><\/td>\r\n<\/tr>\r\n<tr>\r\n<td>PEDRO LOBOS<\/td>\r\n<td width=\"411\">Pedro Lobos Gald\u00e1mez (1919-1968), pintor y grabador. En 1939 ingres\u00f3 a los cursos nocturnos de la Escuela de Artes Aplicadas de la Universidad de Chile, estimulado por escultor Samuel Rom\u00e1n Rojas. De origen humilde y de familia campesina, trabaj\u00f3 de d\u00eda como obrero textil. Se form\u00f3 con los profesores Jos\u00e9 Perotti y Marco Bont\u00e1. Se titul\u00f3 como Profesor de Artes Pl\u00e1sticas. En 1945 fue nombrado profesor auxiliar del Curso de Grabado en la Escuela de Artes Aplicadas, y en 1947 fue becado a Brasil, donde estudi\u00f3 pintura mural con C\u00e1ndido Portinari. Posteriormente, viaj\u00f3 a M\u00e9xico becado por ese gobierno y donde profundiz\u00f3 estudios con Diego Rivera y David Alfaro Siqueiros. Tambi\u00e9n enriqueci\u00f3 sus t\u00e9cnicas del grabado junto a Leopoldo M\u00e9ndez y Pablo O'Higgins.<\/td>\r\n<td><a href=\"https:\/\/goo.gl\/maps\/B275H3q8c29DGA4Y7\">VER EN EL MAPA<\/a><\/td>\r\n<\/tr>\r\n<tr>\r\n<td>PEDRO MAR\u00cdN<\/td>\r\n<td width=\"411\">Pedro Mar\u00edn Alemany (1896 -1984) Diputado. Agregado comercial en Washington (1921) y en Francia e Italia. Diputado por Temuco por el periodo 1924- 1927.<\/td>\r\n<td><a href=\"https:\/\/goo.gl\/maps\/mViecvvnsrgnJpAH7\">VER EN EL MAPA<\/a><\/td>\r\n<\/tr>\r\n<tr>\r\n<td>PROFESOR JUAN G\u00d3MEZ MILLAS<\/td>\r\n<td width=\"411\">Juan G\u00f3mez Millas (1900 - 1987). Rector de la Universidad de Chile en el per\u00edodo 1953 - 1963. Uno de los m\u00e1s importantes educadores e intelectuales de la historia de Chile. Se gradu\u00f3 el a\u00f1o 1922 como Profesor de Historia y Geograf\u00eda en el Instituto Pedag\u00f3gico de la Universidad de Chile. Secretario General de la universidad en 1931. Durante los a\u00f1os en que fue Rector, Juan G\u00f3mez Millas prosigui\u00f3 con la creaci\u00f3n de institutos de investigaci\u00f3n iniciada por su antecesor. Proyect\u00f3 adem\u00e1s la profesionalizaci\u00f3n de las actividades acad\u00e9micas. En materia de extensi\u00f3n la Universidad cre\u00f3 los Colegios Regionales y extendi\u00f3 la labor universitaria a provincias, a trav\u00e9s de la sede de Valpara\u00edso. En 1956, por medio de una ley, se cre\u00f3 el Centro Universitario de la zona norte, que qued\u00f3 bajo la tuici\u00f3n de la Universidad. En 1964, el presidente Frei Montalva lo design\u00f3 nuevamente como ministro de Educaci\u00f3n, cargo en el que estuvo hasta 1968. Durante su per\u00edodo se dio inicio a una de las reformas m\u00e1s importantes a la educaci\u00f3n chilena.<\/td>\r\n<td><a href=\"https:\/\/goo.gl\/maps\/yxRMThLzNHoEhAKA8\">VER EN EL MAPA<\/a><\/td>\r\n<\/tr>\r\n<tr>\r\n<td>PRESIDENTE MADERO<\/td>\r\n<td width=\"411\">Francisco Ignacio Madero Gonz\u00e1lez (1873 - 1913) fue un empresario y pol\u00edtico mexicano. Su proclamaci\u00f3n en contra del gobierno de Porfirio D\u00edaz suele considerarse como el evento que inici\u00f3 la Revoluci\u00f3n mexicana de 1910. Durante este conflicto, Madero fue elegido presidente de M\u00e9xico, cargo que ejerci\u00f3 desde el 6 de noviembre de 1911. Poco m\u00e1s de un a\u00f1o despu\u00e9s, en 1913, fue traicionado y asesinado (22 de febrero de 1913) junto con el vicepresidente Jos\u00e9 Mar\u00eda Pino Su\u00e1rez, como resultado del golpe de estado (la llamada Decena Tr\u00e1gica) dirigido por Victoriano Huerta.<\/td>\r\n<td><a href=\"https:\/\/goo.gl\/maps\/SsjDrQZyrCVpjBZa9\">VER EN EL MAPA<\/a><\/td>\r\n<\/tr>\r\n<tr>\r\n<td>PROFESOR RODOLFO LENZ<\/td>\r\n<td width=\"411\">Rodolfo Lenz (1863-1938). Obtuvo el grado de Doctor en Filosof\u00eda en 1886, en la Universidad de Bonn. Ten\u00eda una gran habilidad para aprender lenguas y, aparte del alem\u00e1n, dominaba el ingl\u00e9s, franc\u00e9s, italiano y el espa\u00f1ol. A fines de 1889, con tan solo 27 a\u00f1os de edad, fue contratado por el Gobierno de Chile para impartir clases en el Instituto Pedag\u00f3gico, junto a otros docentes como Federico Hanssen y Federico Johow. Rodolfo Lenz es considerado hoy como una de las m\u00e1ximas autoridades en el conocimiento del mapudungun de fines del siglo XIX y principios del XX. En el mismo a\u00f1o de 1893, public\u00f3 su art\u00edculo Beitr\u00e4ge zur Kenntnis des Amerikanospanischen ('Contribuci\u00f3n para el conocimiento del espa\u00f1ol de Am\u00e9rica'). Considerado uno de los pioneros del estudio del folclore en el pa\u00eds, Lenz no solo se ocup\u00f3 de registrar en terreno las manifestaciones de la cultura oral, sino que adem\u00e1s promovi\u00f3 su divulgaci\u00f3n y estimul\u00f3 el inter\u00e9s acad\u00e9mico a trav\u00e9s de iniciativas como la fundaci\u00f3n de la Sociedad Chilena de Folklore, junto a Julio Vicu\u00f1a Cifuentes y Ram\u00f3n Laval.<\/td>\r\n<td><a href=\"https:\/\/goo.gl\/maps\/RsA4LqrpPZeZj9W38\">VER EN EL MAPA<\/a><\/td>\r\n<\/tr>\r\n<tr>\r\n<td rowspan=\"6\">R<\/td>\r\n<td>RAM\u00d3N CRUZ MONTT<\/td>\r\n<td width=\"411\">Ram\u00f3n Cruz Montt, fue un destacado vecino y miembro de la Municipalidad de \u00d1u\u00f1oa. En 1921 y 1924 fue elegido Regidor de la comuna. En 1924, producto de la ca\u00edda del Presidente Alessandri Palma, fue designado como Primer Alcalde en el periodo de 1924-1926. Era uno de los propietarios de la chacra Valpara\u00edso,. Dedicada primero a la crianza bovina y luego a cultivos frut\u00edcolas y de chacarer\u00eda, termin\u00f3 por incorporarse tambi\u00e9n en a\u00f1os recientes al proceso de urbanizaci\u00f3n de la zona, y donde se construy\u00f3 en la d\u00e9cada de los \u201960 la Villa Frei.<\/td>\r\n<td><a href=\"https:\/\/goo.gl\/maps\/j6HdHWFs8yczcFkf6\">VER EN EL MAPA<\/a><\/td>\r\n<\/tr>\r\n<tr>\r\n<td>RAFAEL PRADO<\/td>\r\n<td width=\"411\">Nacido en Talca en el a\u00f1o 1830. Presb\u00edtero y Vicario For\u00e1neo de la misma ciudad. Fundador del Colegio San Pelayo de Talca. Fundador y Director de la Escuela Santo Tom\u00e1s de Aquino. Rector Interino de la Universidad de Chile en 1898.<\/td>\r\n<td><a href=\"https:\/\/goo.gl\/maps\/QF2axd36vku8B1wR6\">VER EN EL MAPA<\/a><\/td>\r\n<\/tr>\r\n<tr>\r\n<td>RICARDO LYON<\/td>\r\n<td width=\"411\">Ricardo Lyon P\u00e9rez (1863 - 1932) fue un comerciante, agricultor y pol\u00edtico conservador chileno. Contrajo matrimonio en Par\u00eds con Loreto Cousi\u00f1o Goyenechea, hija del millonario industrial, pol\u00edtico liberal y fil\u00e1ntropo Luis Cousi\u00f1o Squella y de la tambi\u00e9n multimillonaria empresaria Isidora Goyenechea. Alcalde de Providencia, tuvo cuatro per\u00edodos edilicios entre 1909 y 1924. Cambi\u00f3 el nombre de su fundo Lo Bravo por Los Leones y atrajo el establecimiento de nuevos vecinos.<\/td>\r\n<td><a href=\"https:\/\/goo.gl\/maps\/fy9mTEEyYYQPvyxWA\">VER EN EL MAPA<\/a><\/td>\r\n<\/tr>\r\n<tr>\r\n<td>RA\u00daL SILVA CASTRO<\/td>\r\n<td width=\"411\">Ra\u00fal Silva Castro (1905 - 1970) fue un periodista, profesor, cr\u00edtico literario y escritor chileno. Fue director de la revista Atenea de la Universidad de Concepci\u00f3n, miembro de la Academia Chilena de la Historia y de la Academia Chilena de la Lengua, acad\u00e9mico de las universidades de Chile y Concepci\u00f3n y de la de UCLA Berkeley. desarroll\u00f3 una destacada labor como ensayista, bibli\u00f3grafo, periodista, traductor y cr\u00edtico literario en diversos medios de prensa en Chile y el extranjero. Esta \u00faltima \u00e1rea fue en la que alcanz\u00f3 mayor notoriedad, sobre todo por su larga trayectoria en el diario El Mercurio, del cual fue adem\u00e1s redactor, desde 1924 hasta su muerte, y en el que dej\u00f3 una profunda huella a trav\u00e9s de incontables art\u00edculos de toda \u00edndole, como cr\u00edticas literarias, glosas culturales y pol\u00edticas.<\/td>\r\n<td><a href=\"https:\/\/goo.gl\/maps\/z6qUssBXyuSkU2mG8\">VER EN EL MAPA<\/a><\/td>\r\n<\/tr>\r\n<tr>\r\n<td>RODRIGO DE ARAYA<\/td>\r\n<td width=\"411\">Rodrigo de Araya (+1561) fue un conquistador espa\u00f1ol de origen vasco. Particip\u00f3 como soldado de Pedro de Candia en la jornada a los Chunchos. Con Diego de Rojas y Francisco de Villagra baj\u00f3 a la desastrosa campa\u00f1a a los chiriguanes. Desde Tarija y al mando de 16 hombres baj\u00f3 hasta el valle de Tarapac\u00e1 al auxilio de Pedro de Valdivia. Particip\u00f3 en la fundaci\u00f3n de Santiago de Nueva Extremadura (hoy Santiago de Chile), de donde fue vecino encomendero. Fue alcalde ordinario de Santiago los a\u00f1os 1546, 1547, 1550, 1552, 1555, 1557 y 1560; Regidor del cabildo en 1543, 1544, 1548, 1554 y 1556. En 1560 fue Tenedor de Bienes de Difuntos. Erigi\u00f3 el primer molino de Chile, en 1548, en la ladera suroeste del cerro Huel\u00e9n, hoy Santa Luc\u00eda. Estaba junto al de Bartolom\u00e9 Blumenthal qie erigi\u00f3 el segundo. Rodrigo de Araya es consignado como el primer viticultor de Chile por el Acta de Fundaci\u00f3n del Vino Chileno, descubierta en el Archivo de Indias por el historiador Jos\u00e9 Toribio Medina.<\/td>\r\n<td><a href=\"https:\/\/goo.gl\/maps\/6PtUKY33yVqVnceJ6\">VER EN EL MAPA<\/a><\/td>\r\n<\/tr>\r\n<tr>\r\n<td>ROSITA RENARD<\/td>\r\n<td width=\"411\">Rosa Amelia Renard Artigas (1894-949), fue una pianista chilena. Viaj\u00f3 en junio de 1910 a Berl\u00edn, donde ingres\u00f3 al 'St\u00e4dtisches Konservatorium f\u00fcr Musik' (m\u00e1s conocido como Stern'sches Konservatorium). En esta academia, se perfeccion\u00f3 con su maestro Martin Krause, quien tambi\u00e9n fue preceptor del c\u00e9lebre pianista chileno Claudio Arrau. No se sabe por recomendaci\u00f3n de qui\u00e9n Rosita lleg\u00f3 a estudiar con Krause, quien hab\u00eda sido disc\u00edpulo de Carl Reinecke y de Franz Liszt. Como Liszt hab\u00eda estudiado con Carl Czerny, y este, a su vez, con Beethoven, la estirpe pian\u00edstica de Rosita Renard es, por dem\u00e1s, ilustre: Beethoven, Czerny, Liszt, Krause, Renard. En 1915, y en el marco de la Primera Guerra Mundial, debi\u00f3 regresar a Chile en compa\u00f1\u00eda de su familia. Ya en su patria, realiz\u00f3 presentaciones en distintas ciudades: una de ellas tuvo lugar en Puerto Montt, donde ofreci\u00f3 dos conciertos en el Club Alem\u00e1n (14 de abril de 1916), en los que interpret\u00f3 con \u00e9xito piezas de Mozart y Chopin. Desde 1925 a 1930, residi\u00f3 en los Estados Unidos. La Universidad de Chile la contrat\u00f3 en 1930 como profesora de piano, al tiempo que la nombr\u00f3 como profesora jefe del Departamento de Instrumentos de Teclado.<\/td>\r\n<td><a href=\"https:\/\/goo.gl\/maps\/NFsbQU3vp51yCE7n6\">VER EN EL MAPA<\/a><\/td>\r\n<\/tr>\r\n<tr>\r\n<td rowspan=\"6\">S<\/td>\r\n<td>SARGENTO CANDELARIA<\/td>\r\n<td width=\"411\">Candelaria P\u00e9rez (1810-1870), fue una militar chilena que particip\u00f3 en la Guerra contra la Confederaci\u00f3n Per\u00fa-Boliviana. A la llegada del Ej\u00e9rcito Unido Restaurador, bajo las \u00f3rdenes del general Manuel Bulnes Prieto, victorioso despu\u00e9s del combate de Portada de Gu\u00edas efectuado el 21 de agosto de 1838, se enrol\u00f3 inmediatamente en el Ej\u00e9rcito de Chile, sin tener en consideraci\u00f3n su condici\u00f3n de mujer. Adem\u00e1s de ser cantinera, particip\u00f3 en el combate del cerro Pan de Az\u00facar, en la batalla de Yungay, el 20 de enero de 1839, en donde obtuvo el grado militar de sargento por el valor demostrado. En 1840, de vuelta en Chile, fue recibida con honores por el ej\u00e9rcito chileno y recibi\u00f3 el grado de alf\u00e9rez y una pensi\u00f3n vitalicia de 17 pesos mensuales. Falleci\u00f3 en Santiago el 28 de marzo de 1870. Sus funerales no fueron los que merec\u00eda, puesto que asistieron solo cinco personas. Sus pertenencias militares se perdieron del Museo Nacional y hasta hoy se desconoce su paradero.<\/td>\r\n<td><a href=\"https:\/\/goo.gl\/maps\/XUkcRF4nMf67L9W89\">VER EN EL MAPA<\/a><\/td>\r\n<\/tr>\r\n<tr>\r\n<td>SARGENTO NAVARRETE<\/td>\r\n<td width=\"411\">Luis Navarrete Larenas fue un sargento del Ej\u00e9rcito chileno, y una de las v\u00edctimas de la cat\u00e1strofe del Alpatacal ocurrida el d\u00eda 7 de julio de 1927.<\/td>\r\n<td><a href=\"https:\/\/goo.gl\/maps\/Ky9vdH1v3yHFXy1S6\">VER EN EL MAPA<\/a><\/td>\r\n<\/tr>\r\n<tr>\r\n<td>SEMINARIO<\/td>\r\n<td width=\"411\">La Avenida Seminario tiene su nombre debido a que el Seminario Conciliar Pontificio Mayor, que hab\u00eda sido fundado en 1584 debi\u00f3 trasladarse y en 1853 se compraron terrenos en el pago de \u00d1u\u00f1oa. El Arzobispo Valdivieso puso la primera piedra y en 1857 comienza a funcionar.<\/td>\r\n<td><a href=\"https:\/\/goo.gl\/maps\/XUkcRF4nMf67L9W89\">VER EN EL MAPA<\/a><\/td>\r\n<\/tr>\r\n<tr>\r\n<td>SIM\u00d3N BOL\u00cdVAR<\/td>\r\n<td width=\"411\">Sim\u00f3n Jos\u00e9 Antonio de la Sant\u00edsima Trinidad Bol\u00edvar Palacios Ponte y Blanco (1783-1830). Fue un militar y pol\u00edtico venezolano, fundador de las rep\u00fablicas de la Gran Colombia y Bolivia. Fue una de las figuras m\u00e1s destacadas de la emancipaci\u00f3n hispanoamericana frente al Imperio espa\u00f1ol. Contribuy\u00f3 a inspirar y concretar de manera decisiva la independencia de las actuales Bolivia, Colombia, Ecuador, Panam\u00e1, Venezuela y la reorganizaci\u00f3n del Per\u00fa.<\/td>\r\n<td><a href=\"https:\/\/goo.gl\/maps\/4tVnR5Pvs28GC2Tm9\">VER EN EL MAPA<\/a><\/td>\r\n<\/tr>\r\n<tr>\r\n<td>SUCRE<\/td>\r\n<td width=\"411\">Antonio Jos\u00e9 Francisco de Sucre y Alcal\u00e1 (1795 -1830), conocido como El Gran Mariscal de Ayacucho, fue un pol\u00edtico y militar venezolano, pr\u00f3cer de la independencia americana, as\u00ed como un diplom\u00e1tico y estadista, Presidente de Bolivia, Gobernador del Per\u00fa, General en Jefe del Ej\u00e9rcito de la Gran Colombia, Comandante del Ej\u00e9rcito del Sur y Gran Mariscal de Ayacucho. Era hijo de una familia acomodada de tradici\u00f3n militar, siendo su padre coronel del Ej\u00e9rcito Patriota. Es considerado como uno de los militares m\u00e1s completos entre los pr\u00f3ceres de la independencia sudamericana<\/td>\r\n<td><a href=\"https:\/\/goo.gl\/maps\/UFGw7EszwDkAEgjC6\">VER EN EL MAPA<\/a><\/td>\r\n<\/tr>\r\n<tr>\r\n<td>SALVADOR REYES<\/td>\r\n<td width=\"411\">Salvador Reyes (1899 - 1970), fue un escritor chileno, perteneci\u00f3 a la Generaci\u00f3n de 1927 y recibi\u00f3 el Premio Nacional de Literatura en 1967. En 1921 viaja a radicarse a Santiago, comenzando a escribir en las revistas Zig-Zag y Hoy, y en algunos peri\u00f3dicos, utilizando el seud\u00f3nimo Simbad. En 1928 fund\u00f3 la revista Letras junto a \u00c1ngel Cruchaga Santa Mar\u00eda, Manuel Eduardo H\u00fcbner, Luis Enrique D\u00e9lano y Hern\u00e1n del Solar. La publicaci\u00f3n, seg\u00fan algunos especialistas, reunir\u00eda a los mejores poetas y prosistas de su \u00e9poca. En 1939 comenz\u00f3 su carrera diplom\u00e1tica, al asumir el cargo de c\u00f3nsul en Par\u00eds durante el gobierno de Pedro Aguirre Cerda, donde conoce a escritores franceses como Pierre Mac Orlan y al cr\u00edtico Francis de Miomandre. Posteriormente sigui\u00f3 sirviendo a la diplomacia, asumiendo cargos en Barcelona, Londres, Roma y Hait\u00ed. En 1954 viaja a la Ant\u00e1rtida, donde escribe El continente de los hombres solos.<\/td>\r\n<td><a href=\"https:\/\/goo.gl\/maps\/2cydRYUjygVszsLC6\">VER EN EL MAPA<\/a><\/td>\r\n<\/tr>\r\n<tr>\r\n<td rowspan=\"2\">T<\/td>\r\n<td>TOBALABA<\/td>\r\n<td width=\"411\">Corresponde a un sector del oriente del Valle del Mapocho, llamado entonces Tobalahue (algunos autories se\u00f1alan que significaba 'de lugar de thopa, o sea, de manchas o colores de flores`, otros que significa 'escalones de greda'. El pueblo de Tobalaba estaba ubicado a corta distancia del pueblo de \u00d1u\u00f1oa. Su cacique principal se llamaba Catacingo y de \u00e9l depend\u00edan los caciques subalternos Vanga, Mantep\u00e1n, Pameurongo, Condatongo, Anguaguay y Parapuchi.<\/td>\r\n<td><a href=\"https:\/\/goo.gl\/maps\/D5f97WCkpZNpLSaM6\">VER EN EL MAPA<\/a><\/td>\r\n<\/tr>\r\n<tr>\r\n<td>TENIENTE MONTT<\/td>\r\n<td width=\"411\">Julio Montt Salamanca (1861 - 1882) fue un militar chileno. Subteniente de la 4.\u00aa compa\u00f1\u00eda del Regimiento 'Chacabuco' (al mando del Capit\u00e1n Ignacio Carrera Pinto), h\u00e9roe de la batalla de La Concepci\u00f3n. l domingo 9 de julio, la vanguardia de C\u00e1ceres, que pose\u00eda aproximadamente 300 soldados regulares y un n\u00famero indeterminado de guerrilleros locales, descendi\u00f3 al pueblo. Carrera Pinto y el resto de los jefes de la 4.\u00aa compa\u00f1\u00eda, Arturo P\u00e9rez Canto, Julio Montt Salamanca y Luis Cruz Mart\u00ednez, cerraron las entradas a la plaza y se defendieron en ella, aunque ca\u00edda la tarde se tuvieron que replegar al cuartel.<\/td>\r\n<td><a href=\"https:\/\/goo.gl\/maps\/DQNKuMs3AmpHnv9s7\">VER EN EL MAPA<\/a><\/td>\r\n<\/tr>\r\n<tr>\r\n<td rowspan=\"4\">V<\/td>\r\n<td>VICENTE REYES<\/td>\r\n<td width=\"411\">Pedro Vicente Reyes Palazuelos (1835-1918) fue un pol\u00edtico y abogado chileno. Fue elegido diputado por Ovalle (1861-1864), por Talca (1870-1873) y por Valpara\u00edso (1876-1882). Ministro del Interior e Instrucci\u00f3n P\u00fablica en 1877, durante el segundo cambio ministerial del presidente An\u00edbal Pinto. Se distingui\u00f3 como orador pol\u00edtico y eminente jurisconsulto. Fue elegido senador de la Rep\u00fablica (1885-1891) por la provincia de Coquimbo. Fue presidente del Senado (1889, 1895 y 1909). Elegido senador por Santiago (1891-1918).<\/td>\r\n<td><a href=\"https:\/\/goo.gl\/maps\/DgEkXDbtsAiByuTz9\">VER EN EL MAPA<\/a><\/td>\r\n<\/tr>\r\n<tr>\r\n<td>VICU\u00d1A MACKENNA<\/td>\r\n<td width=\"411\">Benjam\u00edn Vicu\u00f1a Mackenna (1831-1886) fue un pol\u00edtico, escritor e historiador chileno. Ocup\u00f3 los cargos de intendente de Santiago, diputado, senador y fue candidato a la Presidencia de la Rep\u00fablica. Su herencia a\u00fan es visible en Santiago y en la pol\u00edtica actual. Durante su vida, luch\u00f3 por las libertades c\u00edvicas y el progreso del pa\u00eds. Como Intendente Metropolitano, ideo la nueva configuraci\u00f3n de la ciudad, organizando de forma racional, abriendo avenidas, calles y paseos p\u00fablicos. Esta avenida surgi\u00f3 del proyecto del intendente Benjam\u00edn Vicu\u00f1a Mackenna de hacer un 'camino de cintura para la ciudad', contemplando cuatro avenidas, uno por cada punto cardinal ('Del Poniente', 'Del Sur', 'Del Oriente' y 'Del Norte') cumpliendo un rol similar al que cumple actualmente la Avenida Circunvalaci\u00f3n Am\u00e9rico Vespucio. No obstante, solo las avenidas Sur y Oriente se ajustaron a lo planteado en el proyecto. De hecho, el actual tramo de la avenida Vicu\u00f1a Mackenna entre Plaza Italia y Avenida Matta, se llam\u00f3 primero Avenida Oriente.<\/td>\r\n<td><a href=\"https:\/\/goo.gl\/maps\/SeVGA9XF2qvGAigw6\">VER EN EL MAPA<\/a><\/td>\r\n<\/tr>\r\n<tr>\r\n<td>VILLASECA<\/td>\r\n<td width=\"411\">Camino colonial de la \u00e9poca ubicado en el sector por donde actualmente se encuentra la v\u00eda.<\/td>\r\n<td><a href=\"https:\/\/goo.gl\/maps\/35yHKrtNXYjH8dL1A\">VER EN EL MAPA<\/a><\/td>\r\n<\/tr>\r\n<tr>\r\n<td>VIRGINIO ARIAS<\/td>\r\n<td width=\"411\">Virginio Arias Cruz (1855 - 1941) fue un c\u00e9lebre escultor chileno. A los 19 a\u00f1os de edad, se destaca como uno de los alumnos m\u00e1s sobresalientes del maestro Nicanor Plaza, quien lo llevar\u00eda a Par\u00eds en 1875. Al a\u00f1o siguiente, Virginio Arias era alumno de la Academia de Bellas Artes de esa ciudad, donde se radic\u00f3 hasta 1890. En 1895 el gobierno chileno lo nombr\u00f3 Encargado para hacer un estudio en Europa sobre la organizaci\u00f3n de la Escuela de Bellas Artes. En 1900, regresa al pa\u00eds, asumiendo como Director de dicha Escuela. Durante sus m\u00e1s de diez a\u00f1os como Director, desarroll\u00f3 una efectiva tarea en la formaci\u00f3n de artistas, entre los que destacan Rom\u00e1n, Perotti y Rodig. En 1911, el Gobierno nuevamente lo comisiona a Europa, regresando en los a\u00f1os 30. Entre 1938 y 1940 fue Miembro Honorario de la Sociedad de Bellas Artes de Chile. Su creaci\u00f3n m\u00e1s trascendente es 'El Descendimiento', m\u00e1rmol que se halla en el Museo Nacional de Bellas Artes. Con esa obra obtuvo, en 1887, su tercera medalla de oro en el Sal\u00f3n de Par\u00eds.<\/td>\r\n<td><a href=\"https:\/\/www.google.cl\/maps\/place\/Virginio+Arias,+%C3%91u%C3%B1oa,+Regi%C3%B3n+Metropolitana\/@-33.4683968,-70.598877,17z\/data=!3m1!4b1!4m5!3m4!1s0x9662cfc28e739499:0x8d58afe965486f4b!8m2!3d-33.4684974!4d-70.5966984?shorturl=1\">VER EN EL MAPA<\/a><\/td>\r\n<\/tr>\r\n<tr>\r\n<td>W<\/td>\r\n<td>WILLIAMS REBOLLEDO<\/td>\r\n<td width=\"411\">Juan Williams Rebolledo (1825-1910) fue un marino chileno, comandante de la escuadra durante el inicio de la Guerra del Pac\u00edfico. Era hijo del marino ingl\u00e9s Juan Williams, que hab\u00eda servido en la Armada chilena a las \u00f3rdenes de Lord Thomas Cochrane, y de Micaela Rebolledo. Ingres\u00f3 en 1844 a la marina. Luego de comandar varias naves, en 1855 fue designado comandante de los Arsenales y gobernador mar\u00edtimo de Atacama. En 1865 se hizo cargo de la Esmeralda, a cuyo mando particip\u00f3 en la guerra contra Espa\u00f1a a mediados de la d\u00e9cada de 1860. En esta contienda protagoniz\u00f3 el Combate Naval de Papudo, el 26 de noviembre de 1865, producto del cual la ca\u00f1o\u00f1era espa\u00f1ola Covadonga fue apresada. En 1867 lleg\u00f3 a la C\u00e1mara de Diputados en representaci\u00f3n de Valpara\u00edso y seis a\u00f1os m\u00e1s tarde se convirti\u00f3 en regidor municipal del puerto. En 1874 fue nombrado comandante general de marina. Al estallar el conflicto de Chile contra Per\u00fa y Bolivia en 1879, la Guerra del Pac\u00edfico, Williams fue nombrado comandante en jefe de las fuerzas navales chilenas.<\/td>\r\n<td><a href=\"https:\/\/goo.gl\/maps\/VayaRYefJ4aVHoc7A\">VER EN EL MAPA<\/a><\/td>\r\n<\/tr>\r\n<tr>\r\n<td>Z<\/td>\r\n<td>ZA\u00d1ARTU<\/td>\r\n<td width=\"411\">An\u00edbal Za\u00f1artu Za\u00f1artu (1847-1902) fue un pol\u00edtico liberal chileno. Fue diplom\u00e1tico, parlamentario y ministro de Estado. Ejerci\u00f3 la vicepresidencia de la Rep\u00fablica entre el 12 de julio al 18 de septiembre de 1901 debido a la muerte del presidente Federico Err\u00e1zuriz Echaurren.<\/td>\r\n<td><a href=\"https:\/\/goo.gl\/maps\/zJtFg87vZFfn8wcNA\">VER EN EL MAPA<\/a><\/td>\r\n<\/tr>\r\n<\/tbody>\r\n<\/table>\t\t\t\t<\/div>\n\t\t\t\t<\/div>\n\t\t\t\t<div class=\"elementor-element elementor-element-bff2170 eael-dual-header-content-align-center elementor-widget elementor-widget-eael-dual-color-header\" data-id=\"bff2170\" data-element_type=\"widget\" data-e-type=\"widget\" data-widget_type=\"eael-dual-color-header.default\">\n\t\t\t\t<div class=\"elementor-widget-container\">\n\t\t\t\t\t\t\t\t<div class=\"eael-dual-header\">\n\t\t\t\t<h2 class=\"title eael-dch-title\"><span class=\"eael-dch-title-text eael-dch-title-lead lead solid-color\">LINKS<\/span> <span class=\"eael-dch-title-text\">DE INTERES<\/span><\/h2>\t\t\t<\/div>\n\n\t\t\t\t\t\t<\/div>\n\t\t\t\t<\/div>\n\t\t\t\t\t<\/div>\n\t\t<\/div>\n\t\t\t\t\t<\/div>\n\t\t<\/section>\n\t\t\t\t<section class=\"elementor-section elementor-top-section elementor-element elementor-element-ba62e1a elementor-section-boxed elementor-section-height-default elementor-section-height-default wpr-particle-no wpr-jarallax-no wpr-parallax-no wpr-sticky-section-no\" data-id=\"ba62e1a\" data-element_type=\"section\" data-e-type=\"section\" data-settings=\"{&quot;background_background&quot;:&quot;classic&quot;}\">\n\t\t\t\t\t\t<div class=\"elementor-container elementor-column-gap-default\">\n\t\t\t\t\t<div class=\"elementor-column elementor-col-33 elementor-top-column elementor-element elementor-element-0e93b65\" data-id=\"0e93b65\" data-element_type=\"column\" data-e-type=\"column\">\n\t\t\t<div class=\"elementor-widget-wrap elementor-element-populated\">\n\t\t\t\t\t\t<div class=\"elementor-element elementor-element-d0bd925 elementor-widget elementor-widget-image\" data-id=\"d0bd925\" data-element_type=\"widget\" data-e-type=\"widget\" data-widget_type=\"image.default\">\n\t\t\t\t<div class=\"elementor-widget-container\">\n\t\t\t\t\t\t\t\t\t\t\t\t\t\t\t\t<a href=\"https:\/\/www.nunoa.cl\/\">\n\t\t\t\t\t\t\t<img decoding=\"async\" width=\"300\" height=\"122\" src=\"https:\/\/nunoa.cl\/nunoapatrimonial\/wp-content\/uploads\/2022\/08\/LOGO-1-300x122.png\" class=\"attachment-medium size-medium wp-image-1080\" alt=\"\" srcset=\"https:\/\/nunoa.cl\/nunoapatrimonial\/wp-content\/uploads\/2022\/08\/LOGO-1-300x122.png 300w, https:\/\/nunoa.cl\/nunoapatrimonial\/wp-content\/uploads\/2022\/08\/LOGO-1-1024x416.png 1024w, https:\/\/nunoa.cl\/nunoapatrimonial\/wp-content\/uploads\/2022\/08\/LOGO-1-768x312.png 768w, https:\/\/nunoa.cl\/nunoapatrimonial\/wp-content\/uploads\/2022\/08\/LOGO-1-1536x625.png 1536w, https:\/\/nunoa.cl\/nunoapatrimonial\/wp-content\/uploads\/2022\/08\/LOGO-1-2048x833.png 2048w, https:\/\/nunoa.cl\/nunoapatrimonial\/wp-content\/uploads\/2022\/08\/LOGO-1-600x244.png 600w\" sizes=\"(max-width: 300px) 100vw, 300px\" \/>\t\t\t\t\t\t\t\t<\/a>\n\t\t\t\t\t\t\t\t\t\t\t\t\t\t\t<\/div>\n\t\t\t\t<\/div>\n\t\t\t\t\t<\/div>\n\t\t<\/div>\n\t\t\t\t<div class=\"elementor-column elementor-col-33 elementor-top-column elementor-element elementor-element-83b2b46\" data-id=\"83b2b46\" data-element_type=\"column\" data-e-type=\"column\">\n\t\t\t<div class=\"elementor-widget-wrap elementor-element-populated\">\n\t\t\t\t\t\t<div class=\"elementor-element elementor-element-8def44c elementor-widget elementor-widget-image\" data-id=\"8def44c\" data-element_type=\"widget\" data-e-type=\"widget\" data-widget_type=\"image.default\">\n\t\t\t\t<div class=\"elementor-widget-container\">\n\t\t\t\t\t\t\t\t\t\t\t\t\t\t\t\t<a href=\"https:\/\/www.ccn.cl\/\">\n\t\t\t\t\t\t\t<img decoding=\"async\" width=\"300\" height=\"122\" src=\"https:\/\/nunoa.cl\/nunoapatrimonial\/wp-content\/uploads\/2022\/08\/ccn-300x122.png\" class=\"attachment-medium size-medium wp-image-1079\" alt=\"\" srcset=\"https:\/\/nunoa.cl\/nunoapatrimonial\/wp-content\/uploads\/2022\/08\/ccn-300x122.png 300w, https:\/\/nunoa.cl\/nunoapatrimonial\/wp-content\/uploads\/2022\/08\/ccn-1024x416.png 1024w, https:\/\/nunoa.cl\/nunoapatrimonial\/wp-content\/uploads\/2022\/08\/ccn-768x312.png 768w, https:\/\/nunoa.cl\/nunoapatrimonial\/wp-content\/uploads\/2022\/08\/ccn-1536x625.png 1536w, https:\/\/nunoa.cl\/nunoapatrimonial\/wp-content\/uploads\/2022\/08\/ccn-2048x833.png 2048w, https:\/\/nunoa.cl\/nunoapatrimonial\/wp-content\/uploads\/2022\/08\/ccn-600x244.png 600w\" sizes=\"(max-width: 300px) 100vw, 300px\" \/>\t\t\t\t\t\t\t\t<\/a>\n\t\t\t\t\t\t\t\t\t\t\t\t\t\t\t<\/div>\n\t\t\t\t<\/div>\n\t\t\t\t\t<\/div>\n\t\t<\/div>\n\t\t\t\t<div class=\"elementor-column elementor-col-33 elementor-top-column elementor-element elementor-element-668e27d\" data-id=\"668e27d\" data-element_type=\"column\" data-e-type=\"column\">\n\t\t\t<div class=\"elementor-widget-wrap elementor-element-populated\">\n\t\t\t\t\t\t<div class=\"elementor-element elementor-element-f062280 elementor-widget elementor-widget-image\" data-id=\"f062280\" data-element_type=\"widget\" data-e-type=\"widget\" data-widget_type=\"image.default\">\n\t\t\t\t<div class=\"elementor-widget-container\">\n\t\t\t\t\t\t\t\t\t\t\t\t\t\t\t\t<a href=\"https:\/\/nunoapanorama.cl\/\">\n\t\t\t\t\t\t\t<img decoding=\"async\" width=\"300\" height=\"122\" src=\"https:\/\/nunoa.cl\/nunoapatrimonial\/wp-content\/uploads\/2022\/08\/LOGO-1-2-300x122.png\" class=\"attachment-medium size-medium wp-image-1090\" alt=\"\" srcset=\"https:\/\/nunoa.cl\/nunoapatrimonial\/wp-content\/uploads\/2022\/08\/LOGO-1-2-300x122.png 300w, https:\/\/nunoa.cl\/nunoapatrimonial\/wp-content\/uploads\/2022\/08\/LOGO-1-2-1024x416.png 1024w, https:\/\/nunoa.cl\/nunoapatrimonial\/wp-content\/uploads\/2022\/08\/LOGO-1-2-768x312.png 768w, https:\/\/nunoa.cl\/nunoapatrimonial\/wp-content\/uploads\/2022\/08\/LOGO-1-2-1536x625.png 1536w, https:\/\/nunoa.cl\/nunoapatrimonial\/wp-content\/uploads\/2022\/08\/LOGO-1-2-2048x833.png 2048w, https:\/\/nunoa.cl\/nunoapatrimonial\/wp-content\/uploads\/2022\/08\/LOGO-1-2-600x244.png 600w\" sizes=\"(max-width: 300px) 100vw, 300px\" \/>\t\t\t\t\t\t\t\t<\/a>\n\t\t\t\t\t\t\t\t\t\t\t\t\t\t\t<\/div>\n\t\t\t\t<\/div>\n\t\t\t\t\t<\/div>\n\t\t<\/div>\n\t\t\t\t\t<\/div>\n\t\t<\/section>\n\t\t\t\t<section class=\"elementor-section elementor-top-section elementor-element elementor-element-734889f elementor-section-boxed elementor-section-height-default elementor-section-height-default wpr-particle-no wpr-jarallax-no wpr-parallax-no wpr-sticky-section-no\" data-id=\"734889f\" data-element_type=\"section\" data-e-type=\"section\" data-settings=\"{&quot;background_background&quot;:&quot;classic&quot;}\">\n\t\t\t\t\t\t<div class=\"elementor-container elementor-column-gap-default\">\n\t\t\t\t\t<div class=\"elementor-column elementor-col-33 elementor-top-column elementor-element elementor-element-1708253\" data-id=\"1708253\" data-element_type=\"column\" data-e-type=\"column\">\n\t\t\t<div class=\"elementor-widget-wrap elementor-element-populated\">\n\t\t\t\t\t\t<div class=\"elementor-element elementor-element-e2971d0 elementor-widget elementor-widget-image\" data-id=\"e2971d0\" data-element_type=\"widget\" data-e-type=\"widget\" data-widget_type=\"image.default\">\n\t\t\t\t<div class=\"elementor-widget-container\">\n\t\t\t\t\t\t\t\t\t\t\t\t\t\t\t\t<a href=\"https:\/\/www.nunoa.cl\/\">\n\t\t\t\t\t\t\t<img decoding=\"async\" width=\"300\" height=\"122\" src=\"https:\/\/nunoa.cl\/nunoapatrimonial\/wp-content\/uploads\/2022\/08\/LOGO-1-300x122.png\" class=\"attachment-medium size-medium wp-image-1080\" alt=\"\" srcset=\"https:\/\/nunoa.cl\/nunoapatrimonial\/wp-content\/uploads\/2022\/08\/LOGO-1-300x122.png 300w, https:\/\/nunoa.cl\/nunoapatrimonial\/wp-content\/uploads\/2022\/08\/LOGO-1-1024x416.png 1024w, https:\/\/nunoa.cl\/nunoapatrimonial\/wp-content\/uploads\/2022\/08\/LOGO-1-768x312.png 768w, https:\/\/nunoa.cl\/nunoapatrimonial\/wp-content\/uploads\/2022\/08\/LOGO-1-1536x625.png 1536w, https:\/\/nunoa.cl\/nunoapatrimonial\/wp-content\/uploads\/2022\/08\/LOGO-1-2048x833.png 2048w, https:\/\/nunoa.cl\/nunoapatrimonial\/wp-content\/uploads\/2022\/08\/LOGO-1-600x244.png 600w\" sizes=\"(max-width: 300px) 100vw, 300px\" \/>\t\t\t\t\t\t\t\t<\/a>\n\t\t\t\t\t\t\t\t\t\t\t\t\t\t\t<\/div>\n\t\t\t\t<\/div>\n\t\t\t\t\t<\/div>\n\t\t<\/div>\n\t\t\t\t<div class=\"elementor-column elementor-col-33 elementor-top-column elementor-element elementor-element-0f65fbf\" data-id=\"0f65fbf\" data-element_type=\"column\" data-e-type=\"column\">\n\t\t\t<div class=\"elementor-widget-wrap elementor-element-populated\">\n\t\t\t\t\t\t<div class=\"elementor-element elementor-element-605c951 elementor-widget elementor-widget-image\" data-id=\"605c951\" data-element_type=\"widget\" data-e-type=\"widget\" data-widget_type=\"image.default\">\n\t\t\t\t<div class=\"elementor-widget-container\">\n\t\t\t\t\t\t\t\t\t\t\t\t\t\t\t\t<a href=\"https:\/\/www.ccn.cl\/\">\n\t\t\t\t\t\t\t<img decoding=\"async\" width=\"300\" height=\"122\" src=\"https:\/\/nunoa.cl\/nunoapatrimonial\/wp-content\/uploads\/2022\/08\/ccn-300x122.png\" class=\"attachment-medium size-medium wp-image-1079\" alt=\"\" srcset=\"https:\/\/nunoa.cl\/nunoapatrimonial\/wp-content\/uploads\/2022\/08\/ccn-300x122.png 300w, https:\/\/nunoa.cl\/nunoapatrimonial\/wp-content\/uploads\/2022\/08\/ccn-1024x416.png 1024w, https:\/\/nunoa.cl\/nunoapatrimonial\/wp-content\/uploads\/2022\/08\/ccn-768x312.png 768w, https:\/\/nunoa.cl\/nunoapatrimonial\/wp-content\/uploads\/2022\/08\/ccn-1536x625.png 1536w, https:\/\/nunoa.cl\/nunoapatrimonial\/wp-content\/uploads\/2022\/08\/ccn-2048x833.png 2048w, https:\/\/nunoa.cl\/nunoapatrimonial\/wp-content\/uploads\/2022\/08\/ccn-600x244.png 600w\" sizes=\"(max-width: 300px) 100vw, 300px\" \/>\t\t\t\t\t\t\t\t<\/a>\n\t\t\t\t\t\t\t\t\t\t\t\t\t\t\t<\/div>\n\t\t\t\t<\/div>\n\t\t\t\t\t<\/div>\n\t\t<\/div>\n\t\t\t\t<div class=\"elementor-column elementor-col-33 elementor-top-column elementor-element elementor-element-d8dd6d6\" data-id=\"d8dd6d6\" data-element_type=\"column\" data-e-type=\"column\">\n\t\t\t<div class=\"elementor-widget-wrap elementor-element-populated\">\n\t\t\t\t\t\t<div class=\"elementor-element elementor-element-af44782 elementor-widget elementor-widget-image\" data-id=\"af44782\" data-element_type=\"widget\" data-e-type=\"widget\" data-widget_type=\"image.default\">\n\t\t\t\t<div class=\"elementor-widget-container\">\n\t\t\t\t\t\t\t\t\t\t\t\t\t\t\t\t<a href=\"https:\/\/nunoapanorama.cl\/\">\n\t\t\t\t\t\t\t<img decoding=\"async\" width=\"300\" height=\"122\" src=\"https:\/\/nunoa.cl\/nunoapatrimonial\/wp-content\/uploads\/2022\/08\/LOGO-1-2-300x122.png\" class=\"attachment-medium size-medium wp-image-1090\" alt=\"\" srcset=\"https:\/\/nunoa.cl\/nunoapatrimonial\/wp-content\/uploads\/2022\/08\/LOGO-1-2-300x122.png 300w, https:\/\/nunoa.cl\/nunoapatrimonial\/wp-content\/uploads\/2022\/08\/LOGO-1-2-1024x416.png 1024w, https:\/\/nunoa.cl\/nunoapatrimonial\/wp-content\/uploads\/2022\/08\/LOGO-1-2-768x312.png 768w, https:\/\/nunoa.cl\/nunoapatrimonial\/wp-content\/uploads\/2022\/08\/LOGO-1-2-1536x625.png 1536w, https:\/\/nunoa.cl\/nunoapatrimonial\/wp-content\/uploads\/2022\/08\/LOGO-1-2-2048x833.png 2048w, https:\/\/nunoa.cl\/nunoapatrimonial\/wp-content\/uploads\/2022\/08\/LOGO-1-2-600x244.png 600w\" sizes=\"(max-width: 300px) 100vw, 300px\" \/>\t\t\t\t\t\t\t\t<\/a>\n\t\t\t\t\t\t\t\t\t\t\t\t\t\t\t<\/div>\n\t\t\t\t<\/div>\n\t\t\t\t\t<\/div>\n\t\t<\/div>\n\t\t\t\t\t<\/div>\n\t\t<\/section>\n\t\t<div class=\"elementor-element elementor-element-12ca23a e-flex e-con-boxed wpr-particle-no wpr-jarallax-no wpr-parallax-no wpr-sticky-section-no e-con e-parent\" data-id=\"12ca23a\" data-element_type=\"container\" data-e-type=\"container\">\n\t\t\t\t\t<div class=\"e-con-inner\">\n\t\t\t\t\t<\/div>\n\t\t\t\t<\/div>\n\t\t\t\t<\/div>\n\t\t","protected":false},"excerpt":{"rendered":"<p>Calles DE \u00d1U\u00d1OA A B C D E F G H I J K L M N \u00d1 O P Q R S T V W X Y Z Nombre de la Calle Historia A 19 DE ABRIL Recuerda el 19 de Abril de 1895, en que por el Decreto N. 1471 se dio el t\u00edtulo de Villa a \u00d1u\u00f1oa. VER EN EL MAPA AGUST\u00cdN VIGORENA RIVERA Abogado, nacido en Vicu\u00f1a en el a\u00f1o 1889. Decano de la Facultad de Derecho de la Universidad de Chile entre los a\u00f1os 1929 y 1931. Contralor General de la Rep\u00fablica (1938-1946). Director General de Correos y tel\u00e9grafos. Falleci\u00f3 en el a\u00f1o 1950. VER EN EL MAPA ALBERTO BAINES Nace en el a\u00f1o 1882. Propietario de una tienda de flores en el centro de Santiago y un manzanal en los terrenos de la calle que actualmente lleva su nombre. Muere en 1936. VER EN EL MAPA ALBERTO RIED Nace en el a\u00f1o 1886 y dedica su vida al periodismo, la pintura y la literatura. Forma parte del grupo de Los Diez, destacando entre sus obras &#8216;El hombre que anda&#8217; y &#8216;El mar trajo a mi sangre&#8217;. Fundador del Cuerpo de Bomberos de \u00d1u\u00f1oa. Fallece en mayo de 1965. VER EN EL MAPA ALCALDE CARLOS ALDUNATE ERR\u00c1ZURIZ Abogado, nacido en Santiago en 1888. Profesor de Derecho de Minas en la U. de Chile, Diputado, Embajador ante la Santa Sede (1937-1939). Fue regidor de \u00d1u\u00f1oa en dos oportunidades. VER EN EL MAPA ALCALDE JORGE MONCKEBERG BARROS Ingeniero comercial nacido en el a\u00f1o 1931. Alcalde de la comuna en la d\u00e9cada de los a\u00f1os 60 y 70. Mediante Decreto Alcaldicio N\u00ba 87 de 1996, cambia el nombre a calle &#8216;Lo Plaza&#8217; por Avda. Alcalde Jorge Monckeberg. VER EN EL MAPA ALEJANDRO RENGIFO REYES Ingeniero y periodista nacido en el a\u00f1o 1890. Fundador de la Caja de Cr\u00e9dito Agrario. Diputado en el per\u00edodo 1918- 1921. Jefe de Publicidad de las C\u00edas. Salitreras Anglo-Chilenas y Lautaro. Presidente del Partido Liberal (1915-21) al que renunci\u00f3 luego para ingresar al Partido Radical. VER EN EL MAPA ALONSO DE ERCILLA Poeta \u00e9pico y militar espa\u00f1ol nacido en Madrid en el a\u00f1o 1533. Exalta la gesta de la Conquista de Chile en el poema &#8216;La Araucana&#8217;, publicada en tres tomos a partir de 1569. Muere en 1594. VER EN EL MAPA \u00c1LVARO PUGA FISCHER Autor dram\u00e1tico nacido en el a\u00f1o 1901. Premio Municipal de Teatro, siendo su principal obra &#8216;Lodo y Armi\u00f1o&#8217; escrita en 1944. Falleci\u00f3 en 1949. VER EN EL MAPA AMAPOLAS Planta de la familia de las papavor\u00e1ceas, de flores rojas por lo com\u00fan y semilla negruzca. Cuando se lotea la antigua chacra Lo Bravo, se privilegiaron los nombres florido VER EN EL MAPA AM\u00c9RICO VESPUCIO Ge\u00f3grafo y navegante italiano. Nace en Florencia en el a\u00f1o 1451 y muri\u00f3 en 1512. Comerciante, explorador y cosm\u00f3grafo florentino, particip\u00f3 en al menos dos viajes de exploraci\u00f3n al Nuevo Mundo, continente que hoy en d\u00eda se llama Am\u00e9rica en su honor. El cart\u00f3grafo Mart\u00edn Waldseem\u00fcller en su mapa Universalis Cosmographia, de 1507 acu\u00f1\u00f3 el nombre de &#8216;Am\u00e9rica&#8217; en su honor como designaci\u00f3n para el Nuevo Mundo. VER EN EL MAPA \u00c1NGEL CRUCHAGA SANTA MAR\u00cdA Poeta nacido en el a\u00f1o 1893. Obtiene el Premio Nacional de Literatura en el a\u00f1o 1948. Primer Director de la Casa de la Cultura de \u00d1u\u00f1oa, cargo que ejerce entre los a\u00f1os 1953 y 1963. Fund\u00f3 junto a Vicente Huidobro la revista Musa Joven y en 1946, Pablo Neruda public\u00f3 una antolog\u00eda de sus mejores poemas. Fallece en 1964 VER EN EL MAPA \u00c1NGEL PINO Seud\u00f3nimo de Joaqu\u00edn D\u00edaz Garc\u00e9s. Abogado y escritor costumbrista, nacido en el a\u00f1o 1877. Director de Diario El Mercurio. Entre sus obras destacan &#8216;P\u00e1ginas Chilenas&#8217;, &#8216;La Voz del Torrente&#8217; y &#8216;P\u00e1ginas de Angel Pino&#8217; entre otras. Muere en el a\u00f1o 1921 VER EN EL MAPA ANGELM\u00d3 Caleta ubicada en la ciudad de Puerto Montt. Famosa por servir de inspiraci\u00f3n a las obras del pintor Pacheco Altamirano. Al parecer el t\u00e9rmino es mapuche, un \u00e9timo posible es ankulenmo (lugar de mariscos). VER EN EL MAPA AN\u00cdBAL PINTO GARMENDIA Pol\u00edtico y escritor chileno nacido en el a\u00f1o 1817. Ministro de Guerra y Marina en el gobierno de Federico Err\u00e1zuriz Za\u00f1artu. En 1875 es elegido Presidente de la Rep\u00fablica, asumiendo un importante rol durante la Guerra del Pac\u00edfico. Muere en el a\u00f1o 1884. VER EN EL MAPA ANTONIO VARAS Pol\u00edtico y escritor chileno nacido en el a\u00f1o 1817. Ministro del Interior y Presidente del Senado. Manuel Montt comenz\u00f3 su ascenso gracias a Varas que le apoyaba, quien a su vez heredaba los cargos de Montt. La dupla adem\u00e1s cre\u00f3 un partido pol\u00edtico llamado Monttvarista. Se crearon las ciudades de Puerto Montt y Puerto Varas muy cercanas. Muere en el a\u00f1o 1866. VER EN EL MAPA ARQUITECTO GABRIEL OVALLE VALD\u00c9S Arquitecto. Director de Obras de la I. Municipalidad de \u00d1u\u00f1oa. Fue el arquitecto a cargo del dise\u00f1o de Edificio Consistorial de \u00d1u\u00f1oa, junto a Jos\u00e9 Renard. VER EN EL MAPA ARTURO MEDINA McKAY Music\u00f3logo nacido en el a\u00f1o 1898. Director de Coros Polif\u00f3nicos de Concepci\u00f3n. Destaca en atletismo participando en los juegos Ol\u00edmpicos de Amberes en 1920. Campe\u00f3n sudamericano de lanzamiento de la jabalina. Viaj\u00f3 a Italia a estudiar canto en 1924. VER EN EL MAPA ARIST\u00d3TELES C\u00e9lebre fil\u00f3sofo griego nacido en Estagira, Macedonia. Vive entre los a\u00f1os 384 y 322 A.C. Autor de innumerables obras que son lectura obligada hasta el d\u00eda de hoy. VER EN EL MAPA ARMANDO CARRERA Pianista y compositor chileno. Autor de &#8216;Antofagasta dormida&#8217;. Muere en 1949. VER EN EL MAPA ARZOBISPO FUENZALIDA Gilberto Fuenzalida Guzm\u00e1n (1868-1938), te\u00f3logo, estudi\u00f3 en Roma con su compa\u00f1ero Jos\u00e9 Mar\u00eda Caro. Fue rector del Seminario durante veinte a\u00f1os. En 1918, designado Obispo de Concepci\u00f3n VER EN EL MAPA ATAHUALPA \u00daltimo emperador del Tahuantinsuyu (~1500-1533), hijo de Huayna C\u00e1pac. Hereda el reino de Quito y lucha contra su hermano Hu\u00e1scar. Apresado y ejecutado por orden de Francisco Pizarro en Cajamarca en el a\u00f1o 1533. VER EN EL MAPA<\/p>\n","protected":false},"author":1,"featured_media":0,"parent":0,"menu_order":0,"comment_status":"closed","ping_status":"closed","template":"elementor_header_footer","meta":{"_uag_custom_page_level_css":"","footnotes":""},"class_list":["post-3568","page","type-page","status-publish","hentry","no-post-thumbnail"],"uagb_featured_image_src":{"full":false,"thumbnail":false,"medium":false,"medium_large":false,"large":false,"1536x1536":false,"2048x2048":false,"appart_350x360":false,"appart_350x400":false,"appart_80x80":false,"appart_570x340":false,"appart_100x80":false,"appart_750x400":false,"alm-thumbnail":false},"uagb_author_info":{"display_name":"ADMIN","author_link":"https:\/\/nunoa.cl\/nunoapatrimonial\/author\/admin\/"},"uagb_comment_info":0,"uagb_excerpt":"Calles DE \u00d1U\u00d1OA A B C D E F G H I J K L M N \u00d1 O P Q R S T V W X Y Z Nombre de la Calle Historia A 19 DE ABRIL Recuerda el 19 de Abril de 1895, en que por el Decreto N. 1471 se dio el&hellip;","_links":{"self":[{"href":"https:\/\/nunoa.cl\/nunoapatrimonial\/wp-json\/wp\/v2\/pages\/3568","targetHints":{"allow":["GET"]}}],"collection":[{"href":"https:\/\/nunoa.cl\/nunoapatrimonial\/wp-json\/wp\/v2\/pages"}],"about":[{"href":"https:\/\/nunoa.cl\/nunoapatrimonial\/wp-json\/wp\/v2\/types\/page"}],"author":[{"embeddable":true,"href":"https:\/\/nunoa.cl\/nunoapatrimonial\/wp-json\/wp\/v2\/users\/1"}],"replies":[{"embeddable":true,"href":"https:\/\/nunoa.cl\/nunoapatrimonial\/wp-json\/wp\/v2\/comments?post=3568"}],"version-history":[{"count":0,"href":"https:\/\/nunoa.cl\/nunoapatrimonial\/wp-json\/wp\/v2\/pages\/3568\/revisions"}],"wp:attachment":[{"href":"https:\/\/nunoa.cl\/nunoapatrimonial\/wp-json\/wp\/v2\/media?parent=3568"}],"curies":[{"name":"wp","href":"https:\/\/api.w.org\/{rel}","templated":true}]}}