{"id":2062,"date":"2022-08-10T19:26:11","date_gmt":"2022-08-10T19:26:11","guid":{"rendered":"https:\/\/nunoa.cl\/nunoapatrimonial\/?page_id=2062"},"modified":"2022-10-21T17:31:45","modified_gmt":"2022-10-21T17:31:45","slug":"j-domingo-canas","status":"publish","type":"page","link":"https:\/\/nunoa.cl\/nunoapatrimonial\/j-domingo-canas\/","title":{"rendered":"J. DOMINGO CA\u00d1AS"},"content":{"rendered":"\t\t<div data-elementor-type=\"wp-post\" data-elementor-id=\"2062\" class=\"elementor elementor-2062\">\n\t\t\t\t\t\t<section class=\"elementor-section elementor-top-section elementor-element elementor-element-2af8feb elementor-section-boxed elementor-section-height-default elementor-section-height-default wpr-particle-no wpr-jarallax-no wpr-parallax-no wpr-sticky-section-no\" data-id=\"2af8feb\" data-element_type=\"section\" data-e-type=\"section\" id=\"republicana\" data-settings=\"{&quot;background_background&quot;:&quot;classic&quot;}\">\n\t\t\t\t\t\t<div class=\"elementor-container elementor-column-gap-default\">\n\t\t\t\t\t<div class=\"elementor-column elementor-col-100 elementor-top-column elementor-element elementor-element-bea3cec\" data-id=\"bea3cec\" data-element_type=\"column\" data-e-type=\"column\">\n\t\t\t<div class=\"elementor-widget-wrap elementor-element-populated\">\n\t\t\t\t\t\t<div class=\"elementor-element elementor-element-d4a9a68 elementor-widget elementor-widget-spacer\" data-id=\"d4a9a68\" data-element_type=\"widget\" data-e-type=\"widget\" data-widget_type=\"spacer.default\">\n\t\t\t\t<div class=\"elementor-widget-container\">\n\t\t\t\t\t\t\t<div class=\"elementor-spacer\">\n\t\t\t<div class=\"elementor-spacer-inner\"><\/div>\n\t\t<\/div>\n\t\t\t\t\t\t<\/div>\n\t\t\t\t<\/div>\n\t\t\t\t\t<\/div>\n\t\t<\/div>\n\t\t\t\t\t<\/div>\n\t\t<\/section>\n\t\t<div class=\"elementor-element elementor-element-3e0dd93 e-flex e-con-boxed wpr-particle-no wpr-jarallax-no wpr-parallax-no wpr-sticky-section-no e-con e-parent\" data-id=\"3e0dd93\" data-element_type=\"container\" data-e-type=\"container\">\n\t\t\t\t\t<div class=\"e-con-inner\">\n\t\t\t\t<div class=\"elementor-element elementor-element-ebb043d elementor-widget elementor-widget-text-editor\" data-id=\"ebb043d\" data-element_type=\"widget\" data-e-type=\"widget\" data-widget_type=\"text-editor.default\">\n\t\t\t\t<div class=\"elementor-widget-container\">\n\t\t\t\t\t\t\t\t\t<h1><strong><b style=\"color: #602baf;\">JOS\u00c9 DOMINGO<\/b> <b style=\"color: #7a7a7a;\">CA\u00d1AS<\/b><\/strong><\/h1>\t\t\t\t\t\t\t\t<\/div>\n\t\t\t\t<\/div>\n\t\t\t\t\t<\/div>\n\t\t\t\t<\/div>\n\t\t<div class=\"elementor-element elementor-element-b0bbe5a uno e-flex e-con-boxed wpr-particle-no wpr-jarallax-no wpr-parallax-no wpr-sticky-section-no e-con e-parent\" data-id=\"b0bbe5a\" data-element_type=\"container\" data-e-type=\"container\">\n\t\t\t\t\t<div class=\"e-con-inner\">\n\t\t<div class=\"elementor-element elementor-element-e964645 e-con-full uno e-flex wpr-particle-no wpr-jarallax-no wpr-parallax-no wpr-sticky-section-no e-con e-parent\" data-id=\"e964645\" data-element_type=\"container\" data-e-type=\"container\">\n\t\t\t\t<div class=\"elementor-element elementor-element-db15eb8 elementor-invisible elementor-widget elementor-widget-image\" data-id=\"db15eb8\" data-element_type=\"widget\" data-e-type=\"widget\" data-settings=\"{&quot;_animation&quot;:&quot;fadeInLeft&quot;}\" data-widget_type=\"image.default\">\n\t\t\t\t<div class=\"elementor-widget-container\">\n\t\t\t\t\t\t\t\t\t\t\t\t<figure class=\"wp-caption\">\n\t\t\t\t\t\t\t\t\t\t<img fetchpriority=\"high\" decoding=\"async\" width=\"610\" height=\"329\" src=\"https:\/\/nunoa.cl\/nunoapatrimonial\/wp-content\/uploads\/2022\/08\/2013_04_26_aniversario_josedomingocanas_int1.jpg\" class=\"attachment-full size-full wp-image-2268\" alt=\"\" srcset=\"https:\/\/nunoa.cl\/nunoapatrimonial\/wp-content\/uploads\/2022\/08\/2013_04_26_aniversario_josedomingocanas_int1.jpg 610w, https:\/\/nunoa.cl\/nunoapatrimonial\/wp-content\/uploads\/2022\/08\/2013_04_26_aniversario_josedomingocanas_int1-300x162.jpg 300w, https:\/\/nunoa.cl\/nunoapatrimonial\/wp-content\/uploads\/2022\/08\/2013_04_26_aniversario_josedomingocanas_int1-600x324.jpg 600w\" sizes=\"(max-width: 610px) 100vw, 610px\" \/>\t\t\t\t\t\t\t\t\t\t\t<figcaption class=\"widget-image-caption wp-caption-text\">Sitio de Memoria Jos\u00e9 Domingo Ca\u00f1as \u201cCuartel Ollag\u00fce\u201d<\/figcaption>\n\t\t\t\t\t\t\t\t\t\t<\/figure>\n\t\t\t\t\t\t\t\t\t<\/div>\n\t\t\t\t<\/div>\n\t\t\t\t<\/div>\n\t\t<div class=\"elementor-element elementor-element-7d5b8c4 e-con-full e-flex wpr-particle-no wpr-jarallax-no wpr-parallax-no wpr-sticky-section-no e-con e-parent\" data-id=\"7d5b8c4\" data-element_type=\"container\" data-e-type=\"container\">\n\t\t\t\t<div class=\"elementor-element elementor-element-5c30f13 elementor-invisible elementor-widget elementor-widget-text-editor\" data-id=\"5c30f13\" data-element_type=\"widget\" data-e-type=\"widget\" data-settings=\"{&quot;_animation&quot;:&quot;fadeInRight&quot;}\" data-widget_type=\"text-editor.default\">\n\t\t\t\t<div class=\"elementor-widget-container\">\n\t\t\t\t\t\t\t\t\t<p>Fue un centro de\u00a0<strong>detenci\u00f3n y torturas<\/strong>\u00a0de la\u00a0<strong>Direcci\u00f3n de Inteligencia Nacional.\u00a0<\/strong><\/p>\t\t\t\t\t\t\t\t<\/div>\n\t\t\t\t<\/div>\n\t\t\t\t<div class=\"elementor-element elementor-element-b97a29a elementor-invisible elementor-widget elementor-widget-text-editor\" data-id=\"b97a29a\" data-element_type=\"widget\" data-e-type=\"widget\" data-settings=\"{&quot;_animation&quot;:&quot;fadeInLeft&quot;}\" data-widget_type=\"text-editor.default\">\n\t\t\t\t<div class=\"elementor-widget-container\">\n\t\t\t\t\t\t\t\t\t<p>La casa pertenec\u00eda al soci\u00f3logo brasile\u00f1o\u00a0<strong>Teutonio Dos Santos<\/strong>.\u00a0<\/p>\t\t\t\t\t\t\t\t<\/div>\n\t\t\t\t<\/div>\n\t\t\t\t<div class=\"elementor-element elementor-element-0b0de6e elementor-invisible elementor-widget elementor-widget-text-editor\" data-id=\"0b0de6e\" data-element_type=\"widget\" data-e-type=\"widget\" data-settings=\"{&quot;_animation&quot;:&quot;fadeInRight&quot;}\" data-widget_type=\"text-editor.default\">\n\t\t\t\t<div class=\"elementor-widget-container\">\n\t\t\t\t\t\t\t\t\t<p>Luego del Golpe de Estado de 1973, fue ocupada por la embajada de Panam\u00e1 para albergar refugiados chilenos que solicitaban asilo pol\u00edtico de ese pa\u00eds. En agosto de 1974, la casa pas\u00f3 a poder de la <strong>DINA<\/strong>.<\/p>\t\t\t\t\t\t\t\t<\/div>\n\t\t\t\t<\/div>\n\t\t\t\t<div class=\"elementor-element elementor-element-2921752 elementor-invisible elementor-widget elementor-widget-text-editor\" data-id=\"2921752\" data-element_type=\"widget\" data-e-type=\"widget\" data-settings=\"{&quot;_animation&quot;:&quot;fadeInLeft&quot;}\" data-widget_type=\"text-editor.default\">\n\t\t\t\t<div class=\"elementor-widget-container\">\n\t\t\t\t\t\t\t\t\t<p>La casa de Jos\u00e9 Domingo Ca\u00f1as N\u00b0 1367, ubicada en un barrio residencial, funcion\u00f3 como \u2018<strong>Cuartel Ollag\u00fce<\/strong>\u2019 de la Direcci\u00f3n de Inteligencia Nacional (DINA) concentrando sus actividades entre los meses de agosto a noviembre del a\u00f1o 1974. Este recinto fue un local de transici\u00f3n, usado desde el fin del funcionamiento de <b>Londres 38<\/b>\u00a0y hasta comienzos del funcionamiento de\u00a0<b>Villa Grimaldi<i>.<\/i><\/b><\/p>\t\t\t\t\t\t\t\t<\/div>\n\t\t\t\t<\/div>\n\t\t\t\t<\/div>\n\t\t\t\t\t<\/div>\n\t\t\t\t<\/div>\n\t\t<div class=\"elementor-element elementor-element-3501249 e-flex e-con-boxed wpr-particle-no wpr-jarallax-no wpr-parallax-no wpr-sticky-section-no e-con e-parent\" data-id=\"3501249\" data-element_type=\"container\" data-e-type=\"container\">\n\t\t\t\t\t<div class=\"e-con-inner\">\n\t\t<div class=\"elementor-element elementor-element-28a7026 e-con-full e-flex wpr-particle-no wpr-jarallax-no wpr-parallax-no wpr-sticky-section-no e-con e-parent\" data-id=\"28a7026\" data-element_type=\"container\" data-e-type=\"container\">\n\t\t\t\t<div class=\"elementor-element elementor-element-d068c77 elementor-invisible elementor-widget elementor-widget-text-editor\" data-id=\"d068c77\" data-element_type=\"widget\" data-e-type=\"widget\" data-settings=\"{&quot;_animation&quot;:&quot;fadeInLeft&quot;}\" data-widget_type=\"text-editor.default\">\n\t\t\t\t<div class=\"elementor-widget-container\">\n\t\t\t\t\t\t\t\t\t<p>El Comandante de este centro de tortura era el entonces mayor de Ej\u00e9rcito, <b>Marcelo Luis Manuel Moren Brito<\/b>, quien no ten\u00eda oficina all\u00e1, pero llegaba todos los d\u00edas al centro. Anteriormente el Comandante del centro de detenci\u00f3n fue <b>Ciro Torres<\/b>, Oficial de Carabineros.<\/p>\t\t\t\t\t\t\t\t<\/div>\n\t\t\t\t<\/div>\n\t\t\t\t<div class=\"elementor-element elementor-element-cafe535 elementor-invisible elementor-widget elementor-widget-text-editor\" data-id=\"cafe535\" data-element_type=\"widget\" data-e-type=\"widget\" data-settings=\"{&quot;_animation&quot;:&quot;fadeInRight&quot;}\" data-widget_type=\"text-editor.default\">\n\t\t\t\t<div class=\"elementor-widget-container\">\n\t\t\t\t\t\t\t\t\t<p>Luego fue reemplazado por el Capit\u00e1n de Ej\u00e9rcito, <b>Francisco Ferrer Lima<\/b>, alias <b>Max Lenou<\/b>. Bajo Ferrer y con mayor jerarqu\u00eda, entre los oficiales estaba <b>Miguel Krasnoff<\/b>. Otros oficiales eran, el Capit\u00e1n de Carabineros <b>Ricardo Lawrence Mires<\/b>; Teniente de Carabineros<b>\u00a0Gerardo Godoy\u00a0Garc\u00eda<\/b>, y el Teniente de Ej\u00e9rcito, <b>Fernando Laureani Maturana<\/b>, alias <b>Tte. Pablo<\/b>.\u00a0<b>Krasnoff<\/b> dirig\u00eda dos grupos operativos.\u00a0<b>Halc\u00f3n I<\/b>\u00a0y\u00a0<b>Halc\u00f3n II<\/b>.\u00a0Halc\u00f3n I\u00a0estaba integrado por\u00a0<b>Basclay Zapata Reyes<\/b>, alias <b>El Troglo<\/b>,\u00a0<b>Osvaldo Romo Mena<\/b>\u00a0y\u00a0<b>Eduardo Pulgar<\/b>.\u00a0Halc\u00f3n II\u00a0estaba dirigido por el Suboficial de Carabineros\u00a0<b>Tulio Pereira<\/b>, adem\u00e1s lo integraba un agente de la <b>DINA<\/b>\u00a0<b>de apellido Fuentes<\/b>, alias <b>El Cara de Santo<\/b>\u00a0y\u00a0<b>Teresa Osorio<\/b>;\u00a0 fue integrado por <b>Mar\u00eda Gabriela Ordenes<\/b>, apodada <b>Soledad<\/b>.<\/p>\t\t\t\t\t\t\t\t<\/div>\n\t\t\t\t<\/div>\n\t\t\t\t<div class=\"elementor-element elementor-element-d6bbf29 elementor-invisible elementor-widget elementor-widget-text-editor\" data-id=\"d6bbf29\" data-element_type=\"widget\" data-e-type=\"widget\" data-settings=\"{&quot;_animation&quot;:&quot;fadeInLeft&quot;}\" data-widget_type=\"text-editor.default\">\n\t\t\t\t<div class=\"elementor-widget-container\">\n\t\t\t\t\t\t\t\t\t<p>Posterior al a\u00f1o 1977, el recinto estuvo a cargo de la <strong>Central Nacional de Informaciones (CNI)<\/strong> hasta el a\u00f1o 1987. Entre 1987 y 1989 la casa queda en poder del Ministerio de Bienes Nacionales. <strong>Cerca de 250 prisioneros pasaron por este recinto, de los cuales 57 tienen la calidad de desaparecidos<\/strong>.<\/p>\t\t\t\t\t\t\t\t<\/div>\n\t\t\t\t<\/div>\n\t\t\t\t<\/div>\n\t\t<div class=\"elementor-element elementor-element-e52121f e-con-full e-flex wpr-particle-no wpr-jarallax-no wpr-parallax-no wpr-sticky-section-no e-con e-parent\" data-id=\"e52121f\" data-element_type=\"container\" data-e-type=\"container\">\n\t\t\t\t<div class=\"elementor-element elementor-element-7d377fd elementor-invisible elementor-widget elementor-widget-image\" data-id=\"7d377fd\" data-element_type=\"widget\" data-e-type=\"widget\" data-settings=\"{&quot;_animation&quot;:&quot;fadeInRight&quot;}\" data-widget_type=\"image.default\">\n\t\t\t\t<div class=\"elementor-widget-container\">\n\t\t\t\t\t\t\t\t\t\t\t\t<figure class=\"wp-caption\">\n\t\t\t\t\t\t\t\t\t\t<img decoding=\"async\" width=\"615\" height=\"519\" src=\"https:\/\/nunoa.cl\/nunoapatrimonial\/wp-content\/uploads\/2022\/08\/Santiago_Jose_Domingo_Canas2-1.jpg\" class=\"attachment-full size-full wp-image-2271\" alt=\"\" srcset=\"https:\/\/nunoa.cl\/nunoapatrimonial\/wp-content\/uploads\/2022\/08\/Santiago_Jose_Domingo_Canas2-1.jpg 615w, https:\/\/nunoa.cl\/nunoapatrimonial\/wp-content\/uploads\/2022\/08\/Santiago_Jose_Domingo_Canas2-1-300x253.jpg 300w, https:\/\/nunoa.cl\/nunoapatrimonial\/wp-content\/uploads\/2022\/08\/Santiago_Jose_Domingo_Canas2-1-600x506.jpg 600w\" sizes=\"(max-width: 615px) 100vw, 615px\" \/>\t\t\t\t\t\t\t\t\t\t\t<figcaption class=\"widget-image-caption wp-caption-text\">Casa Or\u00edginal<\/figcaption>\n\t\t\t\t\t\t\t\t\t\t<\/figure>\n\t\t\t\t\t\t\t\t\t<\/div>\n\t\t\t\t<\/div>\n\t\t\t\t<\/div>\n\t\t\t\t\t<\/div>\n\t\t\t\t<\/div>\n\t\t\t\t<section class=\"elementor-section elementor-top-section elementor-element elementor-element-d172118 elementor-reverse-mobile elementor-section-boxed elementor-section-height-default elementor-section-height-default wpr-particle-no wpr-jarallax-no wpr-parallax-no wpr-sticky-section-no\" data-id=\"d172118\" data-element_type=\"section\" data-e-type=\"section\">\n\t\t\t\t\t\t<div class=\"elementor-container elementor-column-gap-default\">\n\t\t\t\t\t<div class=\"elementor-column elementor-col-50 elementor-top-column elementor-element elementor-element-7ef7e37\" data-id=\"7ef7e37\" data-element_type=\"column\" data-e-type=\"column\">\n\t\t\t<div class=\"elementor-widget-wrap elementor-element-populated\">\n\t\t\t\t\t\t<div class=\"elementor-element elementor-element-ecf7808 elementor-invisible elementor-widget elementor-widget-image\" data-id=\"ecf7808\" data-element_type=\"widget\" data-e-type=\"widget\" data-settings=\"{&quot;_animation&quot;:&quot;fadeInLeft&quot;}\" data-widget_type=\"image.default\">\n\t\t\t\t<div class=\"elementor-widget-container\">\n\t\t\t\t\t\t\t\t\t\t\t\t<figure class=\"wp-caption\">\n\t\t\t\t\t\t\t\t\t\t<img decoding=\"async\" width=\"873\" height=\"564\" src=\"https:\/\/nunoa.cl\/nunoapatrimonial\/wp-content\/uploads\/2022\/08\/MH-Casa-Jose-Dgo-03-1.jpg\" class=\"attachment-full size-full wp-image-2269\" alt=\"\" srcset=\"https:\/\/nunoa.cl\/nunoapatrimonial\/wp-content\/uploads\/2022\/08\/MH-Casa-Jose-Dgo-03-1.jpg 873w, https:\/\/nunoa.cl\/nunoapatrimonial\/wp-content\/uploads\/2022\/08\/MH-Casa-Jose-Dgo-03-1-300x194.jpg 300w, https:\/\/nunoa.cl\/nunoapatrimonial\/wp-content\/uploads\/2022\/08\/MH-Casa-Jose-Dgo-03-1-768x496.jpg 768w, https:\/\/nunoa.cl\/nunoapatrimonial\/wp-content\/uploads\/2022\/08\/MH-Casa-Jose-Dgo-03-1-600x388.jpg 600w\" sizes=\"(max-width: 873px) 100vw, 873px\" \/>\t\t\t\t\t\t\t\t\t\t\t<figcaption class=\"widget-image-caption wp-caption-text\">Patio del Cuartel. En la piscina se llevaban a cabo torturas con electricidad y ahogamiento de las v\u00edctimas.<\/figcaption>\n\t\t\t\t\t\t\t\t\t\t<\/figure>\n\t\t\t\t\t\t\t\t\t<\/div>\n\t\t\t\t<\/div>\n\t\t\t\t\t<\/div>\n\t\t<\/div>\n\t\t\t\t<div class=\"elementor-column elementor-col-50 elementor-top-column elementor-element elementor-element-c9fc029\" data-id=\"c9fc029\" data-element_type=\"column\" data-e-type=\"column\">\n\t\t\t<div class=\"elementor-widget-wrap elementor-element-populated\">\n\t\t\t\t\t\t<div class=\"elementor-element elementor-element-442e8bb elementor-invisible elementor-widget elementor-widget-text-editor\" data-id=\"442e8bb\" data-element_type=\"widget\" data-e-type=\"widget\" data-settings=\"{&quot;_animation&quot;:&quot;fadeInRight&quot;}\" data-widget_type=\"text-editor.default\">\n\t\t\t\t<div class=\"elementor-widget-container\">\n\t\t\t\t\t\t\t\t\t<p>En los \u00faltimos d\u00edas de agosto de 1974, los equipos operativos de la DINA trasladaron el grueso de su operaci\u00f3n al recinto de Jos\u00e9 Domingo Ca\u00f1as donde se continuaba con un intenso ritmo de detenciones. Es en este per\u00edodo que los esfuerzos de la DINA se centraron en la ubicaci\u00f3n de <strong>Miguel Enr\u00edquez Espinosa<\/strong>, Secretario General del MIR en la clandestinidad, lo que lograron en octubre de 1974. La mayor parte de los detenidos que cayeron en el proceso de b\u00fasqueda del Secretario General del MIR permanecieron en el recinto de Jos\u00e9 Domingo Ca\u00f1as.<\/p>\t\t\t\t\t\t\t\t<\/div>\n\t\t\t\t<\/div>\n\t\t\t\t<div class=\"elementor-element elementor-element-8de1d01 elementor-invisible elementor-widget elementor-widget-text-editor\" data-id=\"8de1d01\" data-element_type=\"widget\" data-e-type=\"widget\" data-settings=\"{&quot;_animation&quot;:&quot;fadeInLeft&quot;}\" data-widget_type=\"text-editor.default\">\n\t\t\t\t<div class=\"elementor-widget-container\">\n\t\t\t\t\t\t\t\t\t<p>En el a\u00f1o 2000 la propiedad es vendida al empresario <strong>Pablo Rochet Araujo<\/strong>, quien demuele la propiedad en diciembre del 2001 con el fin de disponer un estacionamiento para su negocio &#8220;<strong>El Castillo del Juguete<\/strong>&#8220;. El inmueble fue desmantelado y destruido por su propietario durante la semana entre Navidad y A\u00f1o Nuevo del a\u00f1o 2002, con el fin de borrar todo rastro o vestigio de lo ocurrido. Lo anterior, mientras se ratificaba el proceso de declaratoria.<\/p>\t\t\t\t\t\t\t\t<\/div>\n\t\t\t\t<\/div>\n\t\t\t\t<div class=\"elementor-element elementor-element-6f5860f elementor-invisible elementor-widget elementor-widget-text-editor\" data-id=\"6f5860f\" data-element_type=\"widget\" data-e-type=\"widget\" data-settings=\"{&quot;_animation&quot;:&quot;fadeInRight&quot;}\" data-widget_type=\"text-editor.default\">\n\t\t\t\t<div class=\"elementor-widget-container\">\n\t\t\t\t\t\t\t\t\t<p align=\"justify\">El 30 de abril de 2010, se materializ\u00f3 la casa memorial que recordara a las personas que estuvieron detenidas en ese lugar. Fue declarado&nbsp;<span style=\"font-weight: bolder;\">Monumento Hist\u00f3rico<\/span>&nbsp;en 21.01.2002<\/p>\n<p align=\"justify\">\n<\/p><p align=\"justify\"><br><\/p>\t\t\t\t\t\t\t\t<\/div>\n\t\t\t\t<\/div>\n\t\t\t\t\t<\/div>\n\t\t<\/div>\n\t\t\t\t\t<\/div>\n\t\t<\/section>\n\t\t\t\t<section class=\"elementor-section elementor-top-section elementor-element elementor-element-35dada8 historia elementor-section-boxed elementor-section-height-default elementor-section-height-default wpr-particle-no wpr-jarallax-no wpr-parallax-no wpr-sticky-section-no\" data-id=\"35dada8\" data-element_type=\"section\" data-e-type=\"section\" data-settings=\"{&quot;background_background&quot;:&quot;classic&quot;}\">\n\t\t\t\t\t\t<div class=\"elementor-container elementor-column-gap-default\">\n\t\t\t\t\t<div class=\"elementor-column elementor-col-100 elementor-top-column elementor-element elementor-element-c60c8f0\" data-id=\"c60c8f0\" data-element_type=\"column\" data-e-type=\"column\">\n\t\t\t<div class=\"elementor-widget-wrap elementor-element-populated\">\n\t\t\t\t\t\t<div class=\"elementor-element elementor-element-27f3d84 elementor-widget-divider--view-line elementor-widget elementor-widget-divider\" data-id=\"27f3d84\" data-element_type=\"widget\" data-e-type=\"widget\" data-widget_type=\"divider.default\">\n\t\t\t\t<div class=\"elementor-widget-container\">\n\t\t\t\t\t\t\t<div class=\"elementor-divider\">\n\t\t\t<span class=\"elementor-divider-separator\">\n\t\t\t\t\t\t<\/span>\n\t\t<\/div>\n\t\t\t\t\t\t<\/div>\n\t\t\t\t<\/div>\n\t\t\t\t\t<\/div>\n\t\t<\/div>\n\t\t\t\t\t<\/div>\n\t\t<\/section>\n\t\t\t\t<section class=\"elementor-section elementor-top-section elementor-element elementor-element-a36fca3 elementor-section-boxed elementor-section-height-default elementor-section-height-default wpr-particle-no wpr-jarallax-no wpr-parallax-no wpr-sticky-section-no\" data-id=\"a36fca3\" data-element_type=\"section\" data-e-type=\"section\" data-settings=\"{&quot;background_background&quot;:&quot;classic&quot;}\">\n\t\t\t\t\t\t<div class=\"elementor-container elementor-column-gap-default\">\n\t\t\t\t\t<div class=\"elementor-column elementor-col-100 elementor-top-column elementor-element elementor-element-71a8236\" data-id=\"71a8236\" data-element_type=\"column\" data-e-type=\"column\">\n\t\t\t<div class=\"elementor-widget-wrap elementor-element-populated\">\n\t\t\t\t\t\t<div class=\"elementor-element elementor-element-470dc4b elementor-widget elementor-widget-spacer\" data-id=\"470dc4b\" data-element_type=\"widget\" data-e-type=\"widget\" data-widget_type=\"spacer.default\">\n\t\t\t\t<div class=\"elementor-widget-container\">\n\t\t\t\t\t\t\t<div class=\"elementor-spacer\">\n\t\t\t<div class=\"elementor-spacer-inner\"><\/div>\n\t\t<\/div>\n\t\t\t\t\t\t<\/div>\n\t\t\t\t<\/div>\n\t\t\t\t\t<\/div>\n\t\t<\/div>\n\t\t\t\t\t<\/div>\n\t\t<\/section>\n\t\t<div class=\"elementor-element elementor-element-556dd31 e-flex e-con-boxed wpr-particle-no wpr-jarallax-no wpr-parallax-no wpr-sticky-section-no elementor-invisible e-con e-parent\" data-id=\"556dd31\" data-element_type=\"container\" data-e-type=\"container\" data-settings=\"{&quot;animation&quot;:&quot;fadeInLeft&quot;}\">\n\t\t\t\t\t<div class=\"e-con-inner\">\n\t\t<div class=\"elementor-element elementor-element-2a55c714 e-con-full e-flex wpr-particle-no wpr-jarallax-no wpr-parallax-no wpr-sticky-section-no e-con e-parent\" data-id=\"2a55c714\" data-element_type=\"container\" data-e-type=\"container\">\n\t\t<div class=\"elementor-element elementor-element-6d556fb4 e-con-full e-flex wpr-particle-no wpr-jarallax-no wpr-parallax-no wpr-sticky-section-no e-con e-parent\" data-id=\"6d556fb4\" data-element_type=\"container\" data-e-type=\"container\">\n\t\t\t\t<div class=\"elementor-element elementor-element-349cf710 ekit-equal-height-disable elementor-widget elementor-widget-elementskit-image-box\" data-id=\"349cf710\" data-element_type=\"widget\" data-e-type=\"widget\" data-widget_type=\"elementskit-image-box.default\">\n\t\t\t\t<div class=\"elementor-widget-container\">\n\t\t\t\t\t<div class=\"ekit-wid-con\" >\n            <div class=\"elementskit-info-image-box ekit-image-box text-left style-sideline\" >\n\n                <a href=\"https:\/\/nunoa.cl\/nunoapatrimonial\/estadio-nacional\/\">\n                <div class=\"elementskit-box-header image-box-img-left\">\n\n                    <img loading=\"lazy\" decoding=\"async\" width=\"800\" height=\"800\" src=\"https:\/\/nunoa.cl\/nunoapatrimonial\/wp-content\/uploads\/2022\/10\/estadio-nacional.jpg\" class=\"attachment-full size-full wp-image-6393\" alt=\"\" srcset=\"https:\/\/nunoa.cl\/nunoapatrimonial\/wp-content\/uploads\/2022\/10\/estadio-nacional.jpg 800w, https:\/\/nunoa.cl\/nunoapatrimonial\/wp-content\/uploads\/2022\/10\/estadio-nacional-300x300.jpg 300w, https:\/\/nunoa.cl\/nunoapatrimonial\/wp-content\/uploads\/2022\/10\/estadio-nacional-150x150.jpg 150w, https:\/\/nunoa.cl\/nunoapatrimonial\/wp-content\/uploads\/2022\/10\/estadio-nacional-768x768.jpg 768w, https:\/\/nunoa.cl\/nunoapatrimonial\/wp-content\/uploads\/2022\/10\/estadio-nacional-80x80.jpg 80w, https:\/\/nunoa.cl\/nunoapatrimonial\/wp-content\/uploads\/2022\/10\/estadio-nacional-600x600.jpg 600w, https:\/\/nunoa.cl\/nunoapatrimonial\/wp-content\/uploads\/2022\/10\/estadio-nacional-100x100.jpg 100w\" sizes=\"(max-width: 800px) 100vw, 800px\" \/>\n                <\/div>\n                <\/a>\n                <div class=\"elementskit-box-body ekit-image-box-body\">\n                    <div class=\"elementskit-box-content ekit-image-box-body-inner\">\n                                                <h3 class=\"elementskit-info-box-title\">\n\n                        <h3>ESTADIO NACIONAL <\/h3>\n                        \n                    <\/h3>\n                                                        <\/div>\n\n                                <div class=\"elementskit-box-footer\">\n                    <div class=\"box-footer\">\n                        <div class=\"btn-wraper\">\n                                                            <a href=\"https:\/\/nunoa.cl\/nunoapatrimonial\/estadio-nacional\/\" class=\"elementskit-btn whitespace--normal\">\n                                    \n                                    \n                                    Saber m\u00e1s                                <\/a>\n                                                        <\/div>\n                    <\/div>\n                <\/div>\n                            <\/div>\n            <\/div>\n    <\/div>\t\t\t\t<\/div>\n\t\t\t\t<\/div>\n\t\t\t\t<\/div>\n\t\t\t\t<\/div>\n\t\t<div class=\"elementor-element elementor-element-57b14814 e-con-full e-flex wpr-particle-no wpr-jarallax-no wpr-parallax-no wpr-sticky-section-no e-con e-parent\" data-id=\"57b14814\" data-element_type=\"container\" data-e-type=\"container\">\n\t\t<div class=\"elementor-element elementor-element-32831aa4 e-con-full e-flex wpr-particle-no wpr-jarallax-no wpr-parallax-no wpr-sticky-section-no e-con e-parent\" data-id=\"32831aa4\" data-element_type=\"container\" data-e-type=\"container\">\n\t\t\t\t<div class=\"elementor-element elementor-element-1b3932a6 ekit-equal-height-disable elementor-widget elementor-widget-elementskit-image-box\" data-id=\"1b3932a6\" data-element_type=\"widget\" data-e-type=\"widget\" data-widget_type=\"elementskit-image-box.default\">\n\t\t\t\t<div class=\"elementor-widget-container\">\n\t\t\t\t\t<div class=\"ekit-wid-con\" >\n            <div class=\"elementskit-info-image-box ekit-image-box text-left style-sideline\" >\n\n                <a href=\"https:\/\/nunoa.cl\/nunoapatrimonial\/palacio-ossa\/\">\n                <div class=\"elementskit-box-header image-box-img-left\">\n\n                    <img loading=\"lazy\" decoding=\"async\" width=\"800\" height=\"800\" src=\"https:\/\/nunoa.cl\/nunoapatrimonial\/wp-content\/uploads\/2022\/10\/ossa-1.jpg\" class=\"attachment-full size-full wp-image-6392\" alt=\"\" srcset=\"https:\/\/nunoa.cl\/nunoapatrimonial\/wp-content\/uploads\/2022\/10\/ossa-1.jpg 800w, https:\/\/nunoa.cl\/nunoapatrimonial\/wp-content\/uploads\/2022\/10\/ossa-1-300x300.jpg 300w, https:\/\/nunoa.cl\/nunoapatrimonial\/wp-content\/uploads\/2022\/10\/ossa-1-150x150.jpg 150w, https:\/\/nunoa.cl\/nunoapatrimonial\/wp-content\/uploads\/2022\/10\/ossa-1-768x768.jpg 768w, https:\/\/nunoa.cl\/nunoapatrimonial\/wp-content\/uploads\/2022\/10\/ossa-1-80x80.jpg 80w, https:\/\/nunoa.cl\/nunoapatrimonial\/wp-content\/uploads\/2022\/10\/ossa-1-600x600.jpg 600w, https:\/\/nunoa.cl\/nunoapatrimonial\/wp-content\/uploads\/2022\/10\/ossa-1-100x100.jpg 100w\" sizes=\"(max-width: 800px) 100vw, 800px\" \/>\n                <\/div>\n                <\/a>\n                <div class=\"elementskit-box-body ekit-image-box-body\">\n                    <div class=\"elementskit-box-content ekit-image-box-body-inner\">\n                                                <h3 class=\"elementskit-info-box-title\">\n\n                        <h3>PALACIO OSSA<\/h3>\n                        \n                    <\/h3>\n                                                        <\/div>\n\n                                <div class=\"elementskit-box-footer\">\n                    <div class=\"box-footer\">\n                        <div class=\"btn-wraper\">\n                                                            <a href=\"https:\/\/nunoa.cl\/nunoapatrimonial\/palacio-ossa\/\" class=\"elementskit-btn whitespace--normal\">\n                                    \n                                    \n                                    Saber m\u00e1s                                <\/a>\n                                                        <\/div>\n                    <\/div>\n                <\/div>\n                            <\/div>\n            <\/div>\n    <\/div>\t\t\t\t<\/div>\n\t\t\t\t<\/div>\n\t\t\t\t<\/div>\n\t\t\t\t<\/div>\n\t\t<div class=\"elementor-element elementor-element-51a1bb9 e-con-full e-flex wpr-particle-no wpr-jarallax-no wpr-parallax-no wpr-sticky-section-no e-con e-parent\" data-id=\"51a1bb9\" data-element_type=\"container\" data-e-type=\"container\">\n\t\t<div class=\"elementor-element elementor-element-38b7b01f e-con-full e-flex wpr-particle-no wpr-jarallax-no wpr-parallax-no wpr-sticky-section-no e-con e-parent\" data-id=\"38b7b01f\" data-element_type=\"container\" data-e-type=\"container\">\n\t\t\t\t<div class=\"elementor-element elementor-element-2c090d70 borde ekit-equal-height-disable elementor-widget elementor-widget-elementskit-image-box\" data-id=\"2c090d70\" data-element_type=\"widget\" data-e-type=\"widget\" data-widget_type=\"elementskit-image-box.default\">\n\t\t\t\t<div class=\"elementor-widget-container\">\n\t\t\t\t\t<div class=\"ekit-wid-con\" >\n            <div class=\"elementskit-info-image-box ekit-image-box text-left style-sideline\" >\n\n                <a href=\"https:\/\/nunoa.cl\/nunoapatrimonial\/archivo-colonia-dignidad\/\">\n                <div class=\"elementskit-box-header image-box-img-left\">\n\n                    <img loading=\"lazy\" decoding=\"async\" width=\"800\" height=\"800\" src=\"https:\/\/nunoa.cl\/nunoapatrimonial\/wp-content\/uploads\/2022\/08\/vjigortjj.jpg\" class=\"attachment-full size-full wp-image-1953\" alt=\"\" srcset=\"https:\/\/nunoa.cl\/nunoapatrimonial\/wp-content\/uploads\/2022\/08\/vjigortjj.jpg 800w, https:\/\/nunoa.cl\/nunoapatrimonial\/wp-content\/uploads\/2022\/08\/vjigortjj-300x300.jpg 300w, https:\/\/nunoa.cl\/nunoapatrimonial\/wp-content\/uploads\/2022\/08\/vjigortjj-150x150.jpg 150w, https:\/\/nunoa.cl\/nunoapatrimonial\/wp-content\/uploads\/2022\/08\/vjigortjj-768x768.jpg 768w, https:\/\/nunoa.cl\/nunoapatrimonial\/wp-content\/uploads\/2022\/08\/vjigortjj-80x80.jpg 80w, https:\/\/nunoa.cl\/nunoapatrimonial\/wp-content\/uploads\/2022\/08\/vjigortjj-600x600.jpg 600w, https:\/\/nunoa.cl\/nunoapatrimonial\/wp-content\/uploads\/2022\/08\/vjigortjj-100x100.jpg 100w\" sizes=\"(max-width: 800px) 100vw, 800px\" \/>\n                <\/div>\n                <\/a>\n                <div class=\"elementskit-box-body ekit-image-box-body\">\n                    <div class=\"elementskit-box-content ekit-image-box-body-inner\">\n                                                <h3 class=\"elementskit-info-box-title\">\n\n                        <h3>ARCHIVO COLONIA DIGNIDAD<\/h3>\n                        \n                    <\/h3>\n                                                        <\/div>\n\n                                <div class=\"elementskit-box-footer\">\n                    <div class=\"box-footer\">\n                        <div class=\"btn-wraper\">\n                                                            <a href=\"https:\/\/nunoa.cl\/nunoapatrimonial\/archivo-colonia-dignidad\/\" class=\"elementskit-btn whitespace--normal\">\n                                    \n                                    \n                                    Saber m\u00e1s                                <\/a>\n                                                        <\/div>\n                    <\/div>\n                <\/div>\n                            <\/div>\n            <\/div>\n    <\/div>\t\t\t\t<\/div>\n\t\t\t\t<\/div>\n\t\t\t\t<\/div>\n\t\t\t\t<\/div>\n\t\t\t\t\t<\/div>\n\t\t\t\t<\/div>\n\t\t\t\t<section class=\"elementor-section elementor-top-section elementor-element elementor-element-baba1d9 elementor-section-height-min-height elementor-section-boxed elementor-section-height-default elementor-section-items-middle wpr-particle-no wpr-jarallax-no wpr-parallax-no wpr-sticky-section-no\" data-id=\"baba1d9\" data-element_type=\"section\" data-e-type=\"section\">\n\t\t\t\t\t\t<div class=\"elementor-container elementor-column-gap-default\">\n\t\t\t\t\t<div class=\"elementor-column elementor-col-100 elementor-top-column elementor-element elementor-element-50a2b25\" data-id=\"50a2b25\" data-element_type=\"column\" data-e-type=\"column\">\n\t\t\t<div class=\"elementor-widget-wrap elementor-element-populated\">\n\t\t\t\t\t\t<div class=\"elementor-element elementor-element-a18a149 elementor-widget elementor-widget-spacer\" data-id=\"a18a149\" data-element_type=\"widget\" data-e-type=\"widget\" data-widget_type=\"spacer.default\">\n\t\t\t\t<div class=\"elementor-widget-container\">\n\t\t\t\t\t\t\t<div class=\"elementor-spacer\">\n\t\t\t<div class=\"elementor-spacer-inner\"><\/div>\n\t\t<\/div>\n\t\t\t\t\t\t<\/div>\n\t\t\t\t<\/div>\n\t\t\t\t\t<\/div>\n\t\t<\/div>\n\t\t\t\t\t<\/div>\n\t\t<\/section>\n\t\t\t\t<section class=\"elementor-section elementor-top-section elementor-element elementor-element-795e9a2 elementor-section-height-min-height elementor-section-boxed elementor-section-height-default elementor-section-items-middle wpr-particle-no wpr-jarallax-no wpr-parallax-no wpr-sticky-section-no\" data-id=\"795e9a2\" data-element_type=\"section\" data-e-type=\"section\">\n\t\t\t\t\t\t<div class=\"elementor-container elementor-column-gap-default\">\n\t\t\t\t\t<div class=\"elementor-column elementor-col-100 elementor-top-column elementor-element elementor-element-0d3d641\" data-id=\"0d3d641\" data-element_type=\"column\" data-e-type=\"column\">\n\t\t\t<div class=\"elementor-widget-wrap elementor-element-populated\">\n\t\t\t\t\t\t<div class=\"elementor-element elementor-element-c5d3176 elementor-widget elementor-widget-heading\" data-id=\"c5d3176\" data-element_type=\"widget\" data-e-type=\"widget\" data-widget_type=\"heading.default\">\n\t\t\t\t<div class=\"elementor-widget-container\">\n\t\t\t\t\t<h2 class=\"elementor-heading-title elementor-size-default\">\u00daltimas publicaciones<\/h2>\t\t\t\t<\/div>\n\t\t\t\t<\/div>\n\t\t\t\t\t<\/div>\n\t\t<\/div>\n\t\t\t\t\t<\/div>\n\t\t<\/section>\n\t\t\t\t<section class=\"elementor-section elementor-top-section elementor-element elementor-element-a066e96 elementor-section-boxed elementor-section-height-default elementor-section-height-default wpr-particle-no wpr-jarallax-no wpr-parallax-no wpr-sticky-section-no\" data-id=\"a066e96\" data-element_type=\"section\" data-e-type=\"section\" data-settings=\"{&quot;background_background&quot;:&quot;classic&quot;}\">\n\t\t\t\t\t\t<div class=\"elementor-container elementor-column-gap-default\">\n\t\t\t\t\t<div class=\"elementor-column elementor-col-100 elementor-top-column elementor-element elementor-element-3ba63ba\" data-id=\"3ba63ba\" data-element_type=\"column\" data-e-type=\"column\" data-settings=\"{&quot;background_background&quot;:&quot;classic&quot;}\">\n\t\t\t<div class=\"elementor-widget-wrap elementor-element-populated\">\n\t\t\t\t\t\t<div class=\"elementor-element elementor-element-0cefd4c elementor-grid-eael-col-4 elementor-grid-tablet-eael-col-2 elementor-grid-mobile-eael-col-1 elementor-widget elementor-widget-eael-post-grid\" data-id=\"0cefd4c\" data-element_type=\"widget\" data-e-type=\"widget\" data-settings=\"{&quot;eael_post_grid_columns&quot;:&quot;eael-col-4&quot;,&quot;eael_post_grid_columns_tablet&quot;:&quot;eael-col-2&quot;,&quot;eael_post_grid_columns_mobile&quot;:&quot;eael-col-1&quot;}\" data-widget_type=\"eael-post-grid.default\">\n\t\t\t\t<div class=\"elementor-widget-container\">\n\t\t\t\t\t<div id=\"eael-post-grid-0cefd4c\" class=\"eael-post-grid-container\">\n            <div class=\"eael-post-grid eael-post-appender eael-post-appender-0cefd4c eael-post-grid-style-one\" data-layout-mode=\"grid\"><article class=\"eael-grid-post  eael-post-grid-column eael-pg-post-247 category-historia-noticias tags-business-food-photography\" data-id=\"247\">\n        <div class=\"eael-grid-post-holder\">\n            <div class=\"eael-grid-post-holder-inner\"><div class=\"eael-entry-media\"><div class=\"eael-entry-overlay fade-in\"><i class=\"fas fa-angle-right\" aria-hidden=\"true\"><\/i><a href=\"https:\/\/nunoa.cl\/nunoapatrimonial\/el-origen-indigena-del-nombre-nunoa\/\"><\/a><\/div><div class=\"eael-entry-thumbnail eael-image-ratio\">\n                <img loading=\"lazy\" decoding=\"async\" width=\"300\" height=\"247\" src=\"https:\/\/nunoa.cl\/nunoapatrimonial\/wp-content\/uploads\/2018\/02\/mc0018794-e1664409879528-300x247.jpg\" class=\"attachment-medium size-medium wp-image-1859\" alt=\"\" srcset=\"https:\/\/nunoa.cl\/nunoapatrimonial\/wp-content\/uploads\/2018\/02\/mc0018794-e1664409879528-300x247.jpg 300w, https:\/\/nunoa.cl\/nunoapatrimonial\/wp-content\/uploads\/2018\/02\/mc0018794-e1664409879528.jpg 451w\" sizes=\"(max-width: 300px) 100vw, 300px\" \/>\n            <\/div>\n        <\/div><div class=\"eael-entry-wrapper\"><header class=\"eael-entry-header\"><h3 class=\"eael-entry-title\"><a class=\"eael-grid-post-link\" href=\"https:\/\/nunoa.cl\/nunoapatrimonial\/el-origen-indigena-del-nombre-nunoa\/\" title=\"El Origen Ind\u00edgena del nombre \u00d1u\u00f1oa\">El Origen Ind\u00edgena del nombre \u00d1u\u00f1oa<\/a><\/h3><\/header><\/div><\/div>\n        <\/div>\n    <\/article><article class=\"eael-grid-post  eael-post-grid-column eael-pg-post-256 category-historia-noticias-patrimonio tags-business-food-photography\" data-id=\"256\">\n        <div class=\"eael-grid-post-holder\">\n            <div class=\"eael-grid-post-holder-inner\"><div class=\"eael-entry-media\"><div class=\"eael-entry-overlay fade-in\"><i class=\"fas fa-angle-right\" aria-hidden=\"true\"><\/i><a href=\"https:\/\/nunoa.cl\/nunoapatrimonial\/el-arte-de-gregorio-de-la-fuente\/\"><\/a><\/div><div class=\"eael-entry-thumbnail eael-image-ratio\">\n                <img loading=\"lazy\" decoding=\"async\" width=\"300\" height=\"216\" src=\"https:\/\/nunoa.cl\/nunoapatrimonial\/wp-content\/uploads\/2018\/02\/e343c7dbce18df297b34421d928457cb-300x216.jpg\" class=\"attachment-medium size-medium wp-image-1837\" alt=\"\" srcset=\"https:\/\/nunoa.cl\/nunoapatrimonial\/wp-content\/uploads\/2018\/02\/e343c7dbce18df297b34421d928457cb-300x216.jpg 300w, https:\/\/nunoa.cl\/nunoapatrimonial\/wp-content\/uploads\/2018\/02\/e343c7dbce18df297b34421d928457cb-1024x736.jpg 1024w, https:\/\/nunoa.cl\/nunoapatrimonial\/wp-content\/uploads\/2018\/02\/e343c7dbce18df297b34421d928457cb-768x552.jpg 768w, https:\/\/nunoa.cl\/nunoapatrimonial\/wp-content\/uploads\/2018\/02\/e343c7dbce18df297b34421d928457cb-600x431.jpg 600w, https:\/\/nunoa.cl\/nunoapatrimonial\/wp-content\/uploads\/2018\/02\/e343c7dbce18df297b34421d928457cb.jpg 1077w\" sizes=\"(max-width: 300px) 100vw, 300px\" \/>\n            <\/div>\n        <\/div><div class=\"eael-entry-wrapper\"><header class=\"eael-entry-header\"><h3 class=\"eael-entry-title\"><a class=\"eael-grid-post-link\" href=\"https:\/\/nunoa.cl\/nunoapatrimonial\/el-arte-de-gregorio-de-la-fuente\/\" title=\"El Arte de Gregorio de la Fuente\">El Arte de Gregorio de la Fuente<\/a><\/h3><\/header><\/div><\/div>\n        <\/div>\n    <\/article><article class=\"eael-grid-post  eael-post-grid-column eael-pg-post-4435 category-historia-noticias\" data-id=\"4435\">\n        <div class=\"eael-grid-post-holder\">\n            <div class=\"eael-grid-post-holder-inner\"><div class=\"eael-entry-media\"><div class=\"eael-entry-overlay fade-in\"><i class=\"fas fa-angle-right\" aria-hidden=\"true\"><\/i><a href=\"https:\/\/nunoa.cl\/nunoapatrimonial\/fiesta18\/\"><\/a><\/div><div class=\"eael-entry-thumbnail eael-image-ratio\">\n                <img loading=\"lazy\" decoding=\"async\" width=\"300\" height=\"134\" src=\"https:\/\/nunoa.cl\/nunoapatrimonial\/wp-content\/uploads\/2022\/09\/Charton_Ernest_-_18_de_septiembre_en_el_Campo_de_Marte_1845_f2-e1663248952536-300x134.jpg\" class=\"attachment-medium size-medium wp-image-4439\" alt=\"\" srcset=\"https:\/\/nunoa.cl\/nunoapatrimonial\/wp-content\/uploads\/2022\/09\/Charton_Ernest_-_18_de_septiembre_en_el_Campo_de_Marte_1845_f2-e1663248952536-300x134.jpg 300w, https:\/\/nunoa.cl\/nunoapatrimonial\/wp-content\/uploads\/2022\/09\/Charton_Ernest_-_18_de_septiembre_en_el_Campo_de_Marte_1845_f2-e1663248952536-768x344.jpg 768w, https:\/\/nunoa.cl\/nunoapatrimonial\/wp-content\/uploads\/2022\/09\/Charton_Ernest_-_18_de_septiembre_en_el_Campo_de_Marte_1845_f2-e1663248952536-600x268.jpg 600w, https:\/\/nunoa.cl\/nunoapatrimonial\/wp-content\/uploads\/2022\/09\/Charton_Ernest_-_18_de_septiembre_en_el_Campo_de_Marte_1845_f2-e1663248952536.jpg 990w\" sizes=\"(max-width: 300px) 100vw, 300px\" \/>\n            <\/div>\n        <\/div><div class=\"eael-entry-wrapper\"><header class=\"eael-entry-header\"><h3 class=\"eael-entry-title\"><a class=\"eael-grid-post-link\" href=\"https:\/\/nunoa.cl\/nunoapatrimonial\/fiesta18\/\" title=\"El Origen de la Fiesta del 18\">El Origen de la Fiesta del 18<\/a><\/h3><\/header><\/div><\/div>\n        <\/div>\n    <\/article><article class=\"eael-grid-post  eael-post-grid-column eael-pg-post-537 category-historia-memoria-patrimonio\" data-id=\"537\">\n        <div class=\"eael-grid-post-holder\">\n            <div class=\"eael-grid-post-holder-inner\"><div class=\"eael-entry-media\"><div class=\"eael-entry-overlay fade-in\"><i class=\"fas fa-angle-right\" aria-hidden=\"true\"><\/i><a href=\"https:\/\/nunoa.cl\/nunoapatrimonial\/dia_los_patrimonios-_en_nunoa\/\"><\/a><\/div><div class=\"eael-entry-thumbnail eael-image-ratio\">\n                <img loading=\"lazy\" decoding=\"async\" width=\"300\" height=\"225\" src=\"https:\/\/nunoa.cl\/nunoapatrimonial\/wp-content\/uploads\/2022\/05\/DPC17-1200x900-1-300x225.jpg\" class=\"attachment-medium size-medium wp-image-1763\" alt=\"\" srcset=\"https:\/\/nunoa.cl\/nunoapatrimonial\/wp-content\/uploads\/2022\/05\/DPC17-1200x900-1-300x225.jpg 300w, https:\/\/nunoa.cl\/nunoapatrimonial\/wp-content\/uploads\/2022\/05\/DPC17-1200x900-1-1024x768.jpg 1024w, https:\/\/nunoa.cl\/nunoapatrimonial\/wp-content\/uploads\/2022\/05\/DPC17-1200x900-1-768x576.jpg 768w, https:\/\/nunoa.cl\/nunoapatrimonial\/wp-content\/uploads\/2022\/05\/DPC17-1200x900-1-600x450.jpg 600w, https:\/\/nunoa.cl\/nunoapatrimonial\/wp-content\/uploads\/2022\/05\/DPC17-1200x900-1.jpg 1200w\" sizes=\"(max-width: 300px) 100vw, 300px\" \/>\n            <\/div>\n        <\/div><div class=\"eael-entry-wrapper\"><header class=\"eael-entry-header\"><h3 class=\"eael-entry-title\"><a class=\"eael-grid-post-link\" href=\"https:\/\/nunoa.cl\/nunoapatrimonial\/dia_los_patrimonios-_en_nunoa\/\" title=\"D\u00eda de los Patrimonios en \u00d1u\u00f1oa\">D\u00eda de los Patrimonios en \u00d1u\u00f1oa<\/a><\/h3><\/header><\/div><\/div>\n        <\/div>\n    <\/article><\/div>\n            <div class=\"clearfix\"><\/div>\n        <\/div>            <div class=\"eael-load-more-button-wrap\">\n                <button class=\"eael-load-more-button\" id=\"eael-load-more-btn-0cefd4c\" data-widget-id=\"0cefd4c\" data-widget=\"0cefd4c\" data-page-id=\"2062\" data-template=\"{&quot;dir&quot;:&quot;lite&quot;,&quot;file_name&quot;:&quot;one.php&quot;,&quot;name&quot;:&quot;Post-Grid&quot;}\" data-class=\"Essential_Addons_Elementor\\Elements\\Post_Grid\" data-layout=\"grid\" data-page=\"1\" data-args=\"orderby=date&amp;order=desc&amp;ignore_sticky_posts=1&amp;post_status=publish&amp;posts_per_page=4&amp;offset=0&amp;post_type=post&amp;tax_query%5B0%5D%5Btaxonomy%5D=category&amp;tax_query%5B0%5D%5Bfield%5D=term_id&amp;tax_query%5B0%5D%5Bterms%5D%5B0%5D=42&amp;tax_query%5Brelation%5D=AND\" data-max-page=\"3\">\n                    <span class=\"eael-btn-loader button__loader\"><\/span>\n                    <span class=\"eael_load_more_text\">Conocer m\u00e1s<\/span>\n                <\/button>\n            <\/div>\n            \t\t\t\t<\/div>\n\t\t\t\t<\/div>\n\t\t\t\t\t<\/div>\n\t\t<\/div>\n\t\t\t\t\t<\/div>\n\t\t<\/section>\n\t\t\t\t<section class=\"elementor-section elementor-top-section elementor-element elementor-element-630a1b5 elementor-section-boxed elementor-section-height-default elementor-section-height-default wpr-particle-no wpr-jarallax-no wpr-parallax-no wpr-sticky-section-no\" data-id=\"630a1b5\" data-element_type=\"section\" data-e-type=\"section\" data-settings=\"{&quot;background_background&quot;:&quot;classic&quot;}\">\n\t\t\t\t\t\t<div class=\"elementor-container elementor-column-gap-default\">\n\t\t\t\t\t<div class=\"elementor-column elementor-col-100 elementor-top-column elementor-element elementor-element-eec5f83\" data-id=\"eec5f83\" data-element_type=\"column\" data-e-type=\"column\">\n\t\t\t<div class=\"elementor-widget-wrap elementor-element-populated\">\n\t\t\t\t\t\t<div class=\"elementor-element elementor-element-27724fa eael-dual-header-content-align-center elementor-widget elementor-widget-eael-dual-color-header\" data-id=\"27724fa\" data-element_type=\"widget\" data-e-type=\"widget\" data-widget_type=\"eael-dual-color-header.default\">\n\t\t\t\t<div class=\"elementor-widget-container\">\n\t\t\t\t\t\t\t\t<div class=\"eael-dual-header\">\n\t\t\t\t<h2 class=\"title eael-dch-title\"><span class=\"eael-dch-title-text eael-dch-title-lead lead solid-color\">LINKS<\/span> <span class=\"eael-dch-title-text\">DE INTER\u00c9S<\/span><\/h2>\t\t\t<\/div>\n\n\t\t\t\t\t\t<\/div>\n\t\t\t\t<\/div>\n\t\t\t\t\t<\/div>\n\t\t<\/div>\n\t\t\t\t\t<\/div>\n\t\t<\/section>\n\t\t\t\t<section class=\"elementor-section elementor-top-section elementor-element elementor-element-ba62e1a elementor-section-boxed elementor-section-height-default elementor-section-height-default wpr-particle-no wpr-jarallax-no wpr-parallax-no wpr-sticky-section-no\" data-id=\"ba62e1a\" data-element_type=\"section\" data-e-type=\"section\" data-settings=\"{&quot;background_background&quot;:&quot;classic&quot;}\">\n\t\t\t\t\t\t<div class=\"elementor-container elementor-column-gap-default\">\n\t\t\t\t\t<div class=\"elementor-column elementor-col-33 elementor-top-column elementor-element elementor-element-0e93b65\" data-id=\"0e93b65\" data-element_type=\"column\" data-e-type=\"column\">\n\t\t\t<div class=\"elementor-widget-wrap elementor-element-populated\">\n\t\t\t\t\t\t<div class=\"elementor-element elementor-element-d0bd925 elementor-widget elementor-widget-image\" data-id=\"d0bd925\" data-element_type=\"widget\" data-e-type=\"widget\" data-widget_type=\"image.default\">\n\t\t\t\t<div class=\"elementor-widget-container\">\n\t\t\t\t\t\t\t\t\t\t\t\t\t\t\t\t<a href=\"https:\/\/www.nunoa.cl\/\">\n\t\t\t\t\t\t\t<img loading=\"lazy\" decoding=\"async\" width=\"300\" height=\"122\" src=\"https:\/\/nunoa.cl\/nunoapatrimonial\/wp-content\/uploads\/2022\/08\/LOGO-1-300x122.png\" class=\"attachment-medium size-medium wp-image-1080\" alt=\"\" srcset=\"https:\/\/nunoa.cl\/nunoapatrimonial\/wp-content\/uploads\/2022\/08\/LOGO-1-300x122.png 300w, https:\/\/nunoa.cl\/nunoapatrimonial\/wp-content\/uploads\/2022\/08\/LOGO-1-1024x416.png 1024w, https:\/\/nunoa.cl\/nunoapatrimonial\/wp-content\/uploads\/2022\/08\/LOGO-1-768x312.png 768w, https:\/\/nunoa.cl\/nunoapatrimonial\/wp-content\/uploads\/2022\/08\/LOGO-1-1536x625.png 1536w, https:\/\/nunoa.cl\/nunoapatrimonial\/wp-content\/uploads\/2022\/08\/LOGO-1-2048x833.png 2048w, https:\/\/nunoa.cl\/nunoapatrimonial\/wp-content\/uploads\/2022\/08\/LOGO-1-600x244.png 600w\" sizes=\"(max-width: 300px) 100vw, 300px\" \/>\t\t\t\t\t\t\t\t<\/a>\n\t\t\t\t\t\t\t\t\t\t\t\t\t\t\t<\/div>\n\t\t\t\t<\/div>\n\t\t\t\t\t<\/div>\n\t\t<\/div>\n\t\t\t\t<div class=\"elementor-column elementor-col-33 elementor-top-column elementor-element elementor-element-83b2b46\" data-id=\"83b2b46\" data-element_type=\"column\" data-e-type=\"column\">\n\t\t\t<div class=\"elementor-widget-wrap elementor-element-populated\">\n\t\t\t\t\t\t<div class=\"elementor-element elementor-element-8def44c elementor-widget elementor-widget-image\" data-id=\"8def44c\" data-element_type=\"widget\" data-e-type=\"widget\" data-widget_type=\"image.default\">\n\t\t\t\t<div class=\"elementor-widget-container\">\n\t\t\t\t\t\t\t\t\t\t\t\t\t\t\t\t<a href=\"https:\/\/www.ccn.cl\/\">\n\t\t\t\t\t\t\t<img loading=\"lazy\" decoding=\"async\" width=\"300\" height=\"122\" src=\"https:\/\/nunoa.cl\/nunoapatrimonial\/wp-content\/uploads\/2022\/08\/ccn-300x122.png\" class=\"attachment-medium size-medium wp-image-1079\" alt=\"\" srcset=\"https:\/\/nunoa.cl\/nunoapatrimonial\/wp-content\/uploads\/2022\/08\/ccn-300x122.png 300w, https:\/\/nunoa.cl\/nunoapatrimonial\/wp-content\/uploads\/2022\/08\/ccn-1024x416.png 1024w, https:\/\/nunoa.cl\/nunoapatrimonial\/wp-content\/uploads\/2022\/08\/ccn-768x312.png 768w, https:\/\/nunoa.cl\/nunoapatrimonial\/wp-content\/uploads\/2022\/08\/ccn-1536x625.png 1536w, https:\/\/nunoa.cl\/nunoapatrimonial\/wp-content\/uploads\/2022\/08\/ccn-2048x833.png 2048w, https:\/\/nunoa.cl\/nunoapatrimonial\/wp-content\/uploads\/2022\/08\/ccn-600x244.png 600w\" sizes=\"(max-width: 300px) 100vw, 300px\" \/>\t\t\t\t\t\t\t\t<\/a>\n\t\t\t\t\t\t\t\t\t\t\t\t\t\t\t<\/div>\n\t\t\t\t<\/div>\n\t\t\t\t\t<\/div>\n\t\t<\/div>\n\t\t\t\t<div class=\"elementor-column elementor-col-33 elementor-top-column elementor-element elementor-element-668e27d\" data-id=\"668e27d\" data-element_type=\"column\" data-e-type=\"column\">\n\t\t\t<div class=\"elementor-widget-wrap elementor-element-populated\">\n\t\t\t\t\t\t<div class=\"elementor-element elementor-element-f062280 elementor-widget elementor-widget-image\" data-id=\"f062280\" data-element_type=\"widget\" data-e-type=\"widget\" data-widget_type=\"image.default\">\n\t\t\t\t<div class=\"elementor-widget-container\">\n\t\t\t\t\t\t\t\t\t\t\t\t\t\t\t\t<a href=\"https:\/\/nunoapanorama.cl\/\">\n\t\t\t\t\t\t\t<img loading=\"lazy\" decoding=\"async\" width=\"300\" height=\"122\" src=\"https:\/\/nunoa.cl\/nunoapatrimonial\/wp-content\/uploads\/2022\/08\/LOGO-1-2-300x122.png\" class=\"attachment-medium size-medium wp-image-1090\" alt=\"\" srcset=\"https:\/\/nunoa.cl\/nunoapatrimonial\/wp-content\/uploads\/2022\/08\/LOGO-1-2-300x122.png 300w, https:\/\/nunoa.cl\/nunoapatrimonial\/wp-content\/uploads\/2022\/08\/LOGO-1-2-1024x416.png 1024w, https:\/\/nunoa.cl\/nunoapatrimonial\/wp-content\/uploads\/2022\/08\/LOGO-1-2-768x312.png 768w, https:\/\/nunoa.cl\/nunoapatrimonial\/wp-content\/uploads\/2022\/08\/LOGO-1-2-1536x625.png 1536w, https:\/\/nunoa.cl\/nunoapatrimonial\/wp-content\/uploads\/2022\/08\/LOGO-1-2-2048x833.png 2048w, https:\/\/nunoa.cl\/nunoapatrimonial\/wp-content\/uploads\/2022\/08\/LOGO-1-2-600x244.png 600w\" sizes=\"(max-width: 300px) 100vw, 300px\" \/>\t\t\t\t\t\t\t\t<\/a>\n\t\t\t\t\t\t\t\t\t\t\t\t\t\t\t<\/div>\n\t\t\t\t<\/div>\n\t\t\t\t\t<\/div>\n\t\t<\/div>\n\t\t\t\t\t<\/div>\n\t\t<\/section>\n\t\t\t\t<section class=\"elementor-section elementor-top-section elementor-element elementor-element-5b20b27 elementor-section-boxed elementor-section-height-default elementor-section-height-default wpr-particle-no wpr-jarallax-no wpr-parallax-no wpr-sticky-section-no\" data-id=\"5b20b27\" data-element_type=\"section\" data-e-type=\"section\">\n\t\t\t\t\t\t<div class=\"elementor-container elementor-column-gap-default\">\n\t\t\t\t\t<div class=\"elementor-column elementor-col-100 elementor-top-column elementor-element elementor-element-afb039e\" data-id=\"afb039e\" data-element_type=\"column\" data-e-type=\"column\">\n\t\t\t<div class=\"elementor-widget-wrap\">\n\t\t\t\t\t\t\t<\/div>\n\t\t<\/div>\n\t\t\t\t\t<\/div>\n\t\t<\/section>\n\t\t\t\t<\/div>\n\t\t","protected":false},"excerpt":{"rendered":"<p>JOS\u00c9 DOMINGO CA\u00d1AS Sitio de Memoria Jos\u00e9 Domingo Ca\u00f1as \u201cCuartel Ollag\u00fce\u201d Fue un centro de\u00a0detenci\u00f3n y torturas\u00a0de la\u00a0Direcci\u00f3n de Inteligencia Nacional.\u00a0 La casa pertenec\u00eda al soci\u00f3logo brasile\u00f1o\u00a0Teutonio Dos Santos.\u00a0 Luego del Golpe de Estado de 1973, fue ocupada por la embajada de Panam\u00e1 para albergar refugiados chilenos que solicitaban asilo pol\u00edtico de ese pa\u00eds. En agosto de 1974, la casa pas\u00f3 a poder de la DINA. La casa de Jos\u00e9 Domingo Ca\u00f1as N\u00b0 1367, ubicada en un barrio residencial, funcion\u00f3 como \u2018Cuartel Ollag\u00fce\u2019 de la Direcci\u00f3n de Inteligencia Nacional (DINA) concentrando sus actividades entre los meses de agosto a noviembre del a\u00f1o 1974. Este recinto fue un local de transici\u00f3n, usado desde el fin del funcionamiento de Londres 38\u00a0y hasta comienzos del funcionamiento de\u00a0Villa Grimaldi. El Comandante de este centro de tortura era el entonces mayor de Ej\u00e9rcito, Marcelo Luis Manuel Moren Brito, quien no ten\u00eda oficina all\u00e1, pero llegaba todos los d\u00edas al centro. Anteriormente el Comandante del centro de detenci\u00f3n fue Ciro Torres, Oficial de Carabineros. Luego fue reemplazado por el Capit\u00e1n de Ej\u00e9rcito, Francisco Ferrer Lima, alias Max Lenou. Bajo Ferrer y con mayor jerarqu\u00eda, entre los oficiales estaba Miguel Krasnoff. Otros oficiales eran, el Capit\u00e1n de Carabineros Ricardo Lawrence Mires; Teniente de Carabineros\u00a0Gerardo Godoy\u00a0Garc\u00eda, y el Teniente de Ej\u00e9rcito, Fernando Laureani Maturana, alias Tte. Pablo.\u00a0Krasnoff dirig\u00eda dos grupos operativos.\u00a0Halc\u00f3n I\u00a0y\u00a0Halc\u00f3n II.\u00a0Halc\u00f3n I\u00a0estaba integrado por\u00a0Basclay Zapata Reyes, alias El Troglo,\u00a0Osvaldo Romo Mena\u00a0y\u00a0Eduardo Pulgar.\u00a0Halc\u00f3n II\u00a0estaba dirigido por el Suboficial de Carabineros\u00a0Tulio Pereira, adem\u00e1s lo integraba un agente de la DINA\u00a0de apellido Fuentes, alias El Cara de Santo\u00a0y\u00a0Teresa Osorio;\u00a0 fue integrado por Mar\u00eda Gabriela Ordenes, apodada Soledad. Posterior al a\u00f1o 1977, el recinto estuvo a cargo de la Central Nacional de Informaciones (CNI) hasta el a\u00f1o 1987. Entre 1987 y 1989 la casa queda en poder del Ministerio de Bienes Nacionales. Cerca de 250 prisioneros pasaron por este recinto, de los cuales 57 tienen la calidad de desaparecidos. Casa Or\u00edginal Patio del Cuartel. En la piscina se llevaban a cabo torturas con electricidad y ahogamiento de las v\u00edctimas. En los \u00faltimos d\u00edas de agosto de 1974, los equipos operativos de la DINA trasladaron el grueso de su operaci\u00f3n al recinto de Jos\u00e9 Domingo Ca\u00f1as donde se continuaba con un intenso ritmo de detenciones. Es en este per\u00edodo que los esfuerzos de la DINA se centraron en la ubicaci\u00f3n de Miguel Enr\u00edquez Espinosa, Secretario General del MIR en la clandestinidad, lo que lograron en octubre de 1974. La mayor parte de los detenidos que cayeron en el proceso de b\u00fasqueda del Secretario General del MIR permanecieron en el recinto de Jos\u00e9 Domingo Ca\u00f1as. En el a\u00f1o 2000 la propiedad es vendida al empresario Pablo Rochet Araujo, quien demuele la propiedad en diciembre del 2001 con el fin de disponer un estacionamiento para su negocio &#8220;El Castillo del Juguete&#8220;. El inmueble fue desmantelado y destruido por su propietario durante la semana entre Navidad y A\u00f1o Nuevo del a\u00f1o 2002, con el fin de borrar todo rastro o vestigio de lo ocurrido. Lo anterior, mientras se ratificaba el proceso de declaratoria. El 30 de abril de 2010, se materializ\u00f3 la casa memorial que recordara a las personas que estuvieron detenidas en ese lugar. Fue declarado&nbsp;Monumento Hist\u00f3rico&nbsp;en 21.01.2002 ESTADIO NACIONAL Saber m\u00e1s PALACIO OSSA Saber m\u00e1s ARCHIVO COLONIA DIGNIDAD Saber m\u00e1s \u00daltimas publicaciones D\u00eda de los Patrimonios en \u00d1u\u00f1oa Villa Ol\u00edmpica (Operaci\u00f3n Albania) Observatorio de Memoria y Derechos Humanos Los Carros de Sangre y Tranv\u00edas en \u00d1u\u00f1oa Conocer m\u00e1s LINKS DE INTER\u00c9S<\/p>\n","protected":false},"author":1,"featured_media":0,"parent":0,"menu_order":0,"comment_status":"closed","ping_status":"closed","template":"elementor_header_footer","meta":{"_uag_custom_page_level_css":"","footnotes":""},"class_list":["post-2062","page","type-page","status-publish","hentry"],"uagb_featured_image_src":{"full":false,"thumbnail":false,"medium":false,"medium_large":false,"large":false,"1536x1536":false,"2048x2048":false,"appart_350x360":false,"appart_350x400":false,"appart_80x80":false,"appart_570x340":false,"appart_100x80":false,"appart_750x400":false,"alm-thumbnail":false},"uagb_author_info":{"display_name":"ADMIN","author_link":"https:\/\/nunoa.cl\/nunoapatrimonial\/author\/admin\/"},"uagb_comment_info":0,"uagb_excerpt":"JOS\u00c9 DOMINGO CA\u00d1AS Sitio de Memoria Jos\u00e9 Domingo Ca\u00f1as \u201cCuartel Ollag\u00fce\u201d Fue un centro de\u00a0detenci\u00f3n y torturas\u00a0de la\u00a0Direcci\u00f3n de Inteligencia Nacional.\u00a0 La casa pertenec\u00eda al soci\u00f3logo brasile\u00f1o\u00a0Teutonio Dos Santos.\u00a0 Luego del Golpe de Estado de 1973, fue ocupada por la embajada de Panam\u00e1 para albergar refugiados chilenos que solicitaban asilo pol\u00edtico de ese pa\u00eds. En&hellip;","_links":{"self":[{"href":"https:\/\/nunoa.cl\/nunoapatrimonial\/wp-json\/wp\/v2\/pages\/2062","targetHints":{"allow":["GET"]}}],"collection":[{"href":"https:\/\/nunoa.cl\/nunoapatrimonial\/wp-json\/wp\/v2\/pages"}],"about":[{"href":"https:\/\/nunoa.cl\/nunoapatrimonial\/wp-json\/wp\/v2\/types\/page"}],"author":[{"embeddable":true,"href":"https:\/\/nunoa.cl\/nunoapatrimonial\/wp-json\/wp\/v2\/users\/1"}],"replies":[{"embeddable":true,"href":"https:\/\/nunoa.cl\/nunoapatrimonial\/wp-json\/wp\/v2\/comments?post=2062"}],"version-history":[{"count":0,"href":"https:\/\/nunoa.cl\/nunoapatrimonial\/wp-json\/wp\/v2\/pages\/2062\/revisions"}],"wp:attachment":[{"href":"https:\/\/nunoa.cl\/nunoapatrimonial\/wp-json\/wp\/v2\/media?parent=2062"}],"curies":[{"name":"wp","href":"https:\/\/api.w.org\/{rel}","templated":true}]}}