{"id":3,"date":"2022-07-12T17:40:55","date_gmt":"2022-07-12T17:40:55","guid":{"rendered":"https:\/\/nunoa.cl\/nunoapanorama\/?page_id=3"},"modified":"2022-10-04T18:55:05","modified_gmt":"2022-10-04T18:55:05","slug":"0001-2","status":"publish","type":"page","link":"https:\/\/nunoa.cl\/nunoapanorama\/","title":{"rendered":"0001"},"content":{"rendered":"\t\t<div data-elementor-type=\"wp-page\" data-elementor-id=\"3\" class=\"elementor elementor-3\">\n\t\t\t\t\t\t<section class=\"elementor-section elementor-top-section elementor-element elementor-element-6230942 elementor-section-full_width elementor-section-stretched elementor-section-content-middle elementor-hidden-mobile elementor-section-height-default elementor-section-height-default\" data-id=\"6230942\" data-element_type=\"section\" data-settings=\"{&quot;stretch_section&quot;:&quot;section-stretched&quot;,&quot;background_background&quot;:&quot;classic&quot;}\">\n\t\t\t\t\t\t<div class=\"elementor-container elementor-column-gap-default\">\n\t\t\t\t\t<div class=\"elementor-column elementor-col-100 elementor-top-column elementor-element elementor-element-665b4df elementor-hidden-tablet elementor-hidden-mobile\" data-id=\"665b4df\" data-element_type=\"column\" data-settings=\"{&quot;background_background&quot;:&quot;classic&quot;}\">\n\t\t\t<div class=\"elementor-widget-wrap elementor-element-populated\">\n\t\t\t\t\t\t<div class=\"elementor-element elementor-element-70bf3de elementor-arrows-position-inside elementor-widget elementor-widget-image-carousel\" data-id=\"70bf3de\" data-element_type=\"widget\" data-settings=\"{&quot;slides_to_show&quot;:&quot;1&quot;,&quot;navigation&quot;:&quot;arrows&quot;,&quot;autoplay&quot;:&quot;yes&quot;,&quot;pause_on_hover&quot;:&quot;yes&quot;,&quot;pause_on_interaction&quot;:&quot;yes&quot;,&quot;autoplay_speed&quot;:5000,&quot;infinite&quot;:&quot;yes&quot;,&quot;effect&quot;:&quot;slide&quot;,&quot;speed&quot;:500}\" data-widget_type=\"image-carousel.default\">\n\t\t\t\t<div class=\"elementor-widget-container\">\n\t\t\t<style>\/*! elementor - v3.23.0 - 10-07-2024 *\/\n.elementor-widget-image-carousel .swiper,.elementor-widget-image-carousel .swiper-container{position:static}.elementor-widget-image-carousel .swiper-container .swiper-slide figure,.elementor-widget-image-carousel .swiper .swiper-slide figure{line-height:inherit}.elementor-widget-image-carousel .swiper-slide{text-align:center}.elementor-image-carousel-wrapper:not(.swiper-container-initialized):not(.swiper-initialized) .swiper-slide{max-width:calc(100% \/ var(--e-image-carousel-slides-to-show, 3))}<\/style>\t\t<div class=\"elementor-image-carousel-wrapper swiper\" dir=\"ltr\">\n\t\t\t<div class=\"elementor-image-carousel swiper-wrapper swiper-image-stretch\" aria-live=\"off\">\n\t\t\t\t\t\t\t\t<div class=\"swiper-slide\" role=\"group\" aria-roledescription=\"slide\" aria-label=\"1 de 4\"><figure class=\"swiper-slide-inner\"><img decoding=\"async\" class=\"swiper-slide-image\" src=\"https:\/\/nunoa.cl\/nunoapanorama\/wp-content\/uploads\/2022\/08\/b01.jpg\" alt=\"b01\" \/><\/figure><\/div><div class=\"swiper-slide\" role=\"group\" aria-roledescription=\"slide\" aria-label=\"2 de 4\"><figure class=\"swiper-slide-inner\"><img decoding=\"async\" class=\"swiper-slide-image\" src=\"https:\/\/nunoa.cl\/nunoapanorama\/wp-content\/uploads\/2022\/08\/b02.jpg\" alt=\"b02\" \/><\/figure><\/div><div class=\"swiper-slide\" role=\"group\" aria-roledescription=\"slide\" aria-label=\"3 de 4\"><figure class=\"swiper-slide-inner\"><img decoding=\"async\" class=\"swiper-slide-image\" src=\"https:\/\/nunoa.cl\/nunoapanorama\/wp-content\/uploads\/2022\/08\/b03.jpg\" alt=\"b03\" \/><\/figure><\/div><div class=\"swiper-slide\" role=\"group\" aria-roledescription=\"slide\" aria-label=\"4 de 4\"><figure class=\"swiper-slide-inner\"><img decoding=\"async\" class=\"swiper-slide-image\" src=\"https:\/\/nunoa.cl\/nunoapanorama\/wp-content\/uploads\/2022\/08\/b04.jpg\" alt=\"b04\" \/><\/figure><\/div>\t\t\t<\/div>\n\t\t\t\t\t\t\t\t\t\t\t\t<div class=\"elementor-swiper-button elementor-swiper-button-prev\" role=\"button\" tabindex=\"0\">\n\t\t\t\t\t\t<svg aria-hidden=\"true\" class=\"e-font-icon-svg e-eicon-chevron-left\" viewBox=\"0 0 1000 1000\" xmlns=\"http:\/\/www.w3.org\/2000\/svg\"><path d=\"M646 125C629 125 613 133 604 142L308 442C296 454 292 471 292 487 292 504 296 521 308 533L604 854C617 867 629 875 646 875 663 875 679 871 692 858 704 846 713 829 713 812 713 796 708 779 692 767L438 487 692 225C700 217 708 204 708 187 708 171 704 154 692 142 675 129 663 125 646 125Z\"><\/path><\/svg>\t\t\t\t\t<\/div>\n\t\t\t\t\t<div class=\"elementor-swiper-button elementor-swiper-button-next\" role=\"button\" tabindex=\"0\">\n\t\t\t\t\t\t<svg aria-hidden=\"true\" class=\"e-font-icon-svg e-eicon-chevron-right\" viewBox=\"0 0 1000 1000\" xmlns=\"http:\/\/www.w3.org\/2000\/svg\"><path d=\"M696 533C708 521 713 504 713 487 713 471 708 454 696 446L400 146C388 133 375 125 354 125 338 125 325 129 313 142 300 154 292 171 292 187 292 204 296 221 308 233L563 492 304 771C292 783 288 800 288 817 288 833 296 850 308 863 321 871 338 875 354 875 371 875 388 867 400 854L696 533Z\"><\/path><\/svg>\t\t\t\t\t<\/div>\n\t\t\t\t\n\t\t\t\t\t\t\t\t\t<\/div>\n\t\t\t\t<\/div>\n\t\t\t\t<\/div>\n\t\t\t\t\t<\/div>\n\t\t<\/div>\n\t\t\t\t\t<\/div>\n\t\t<\/section>\n\t\t\t\t<section class=\"elementor-section elementor-top-section elementor-element elementor-element-1a2727c elementor-section-full_width elementor-section-height-min-height elementor-section-stretched elementor-section-height-default elementor-section-items-middle\" data-id=\"1a2727c\" data-element_type=\"section\" data-settings=\"{&quot;stretch_section&quot;:&quot;section-stretched&quot;,&quot;background_background&quot;:&quot;classic&quot;}\">\n\t\t\t\t\t\t<div class=\"elementor-container elementor-column-gap-no\">\n\t\t\t\t\t<div class=\"elementor-column elementor-col-100 elementor-top-column elementor-element elementor-element-88aefcd\" data-id=\"88aefcd\" data-element_type=\"column\" data-settings=\"{&quot;background_background&quot;:&quot;gradient&quot;}\">\n\t\t\t<div class=\"elementor-widget-wrap elementor-element-populated\">\n\t\t\t\t\t\t<div class=\"elementor-element elementor-element-1ddac71 elementor-align-center elementor-widget elementor-widget-button\" data-id=\"1ddac71\" data-element_type=\"widget\" data-widget_type=\"button.default\">\n\t\t\t\t<div class=\"elementor-widget-container\">\n\t\t\t\t\t<div class=\"elementor-button-wrapper\">\n\t\t\t<a class=\"elementor-button elementor-button-link elementor-size-md\" href=\"https:\/\/docs.google.com\/forms\/d\/e\/1FAIpQLSd9Dpll3S7K_iPpJmfSJXpArRqxO0m4LxiSE1EOo91y-oQ9TQ\/viewform\" target=\"_blank\">\n\t\t\t\t\t\t<span class=\"elementor-button-content-wrapper\">\n\t\t\t\t\t\t\t\t\t<span class=\"elementor-button-text\">Inscribe Tu Evento<\/span>\n\t\t\t\t\t<\/span>\n\t\t\t\t\t<\/a>\n\t\t<\/div>\n\t\t\t\t<\/div>\n\t\t\t\t<\/div>\n\t\t\t\t\t<\/div>\n\t\t<\/div>\n\t\t\t\t\t<\/div>\n\t\t<\/section>\n\t\t\t\t<section class=\"elementor-section elementor-top-section elementor-element elementor-element-ce35c45 elementor-section-boxed elementor-section-height-default elementor-section-height-default\" data-id=\"ce35c45\" data-element_type=\"section\">\n\t\t\t\t\t\t<div class=\"elementor-container elementor-column-gap-default\">\n\t\t\t\t\t<div class=\"elementor-column elementor-col-100 elementor-top-column elementor-element elementor-element-6d2548c\" data-id=\"6d2548c\" data-element_type=\"column\">\n\t\t\t<div class=\"elementor-widget-wrap elementor-element-populated\">\n\t\t\t\t\t\t<div class=\"elementor-element elementor-element-4e2a932 elementor-widget elementor-widget-ova_events_search_ajax\" data-id=\"4e2a932\" data-element_type=\"widget\" data-widget_type=\"ova_events_search_ajax.default\">\n\t\t\t\t<div class=\"elementor-widget-container\">\n\t\t\t\n<div class=\"ovaev-wrapper-search-ajax\">\n\t<!-- Search Form -->\n\t<div class=\"ovaev-search-ajax-form search_archive_event\">\n\t\t<form action=\"https:\/\/nunoa.cl\/nunoapanorama\/event\/\" method=\"POST\" name=\"search_ajax_event\" autocomplete=\"off\">\n\t\t\t<div class=\"start_date\">\n\t\t\t\t<label class=\"second_font ova-label-search\">\n\t\t\t\t\t\nFecha de inicio\t\t\t\t<\/label>\n\n\t\t\t\t<input type=\"text\" \n\t\t\t\t\tid=\"ovaev_start_date_search\" \n\t\t\t\t\tclass=\"ovaev_start_date_search\" \n\t\t\t\t\tdata-lang=\"es\" \n\t\t\t\t\tdata-date=\"d-m-Y\" \n\t\t\t\t\tdata-time=\"H:i\" \n\t\t\t\t\tplaceholder=\"Elija Fecha\" \n\t\t\t\t\tname=\"ovaev_start_date_search\" \n\t\t\t\t\tvalue=\"\" \n\t\t\t\t\/>\n\t\t\t\t<i class=\"far fa-calendar-alt\"><\/i>\n\t\t\t<\/div>\n\n\t\t\t<div class=\"end_date\">\n\t\t\t\t<label class=\"second_font ova-label-search\">\n\t\t\t\t\tFecha de termino\t\t\t\t<\/label>\n\t\t\t\t<input \n\t\t\t\t\ttype=\"text\" \n\t\t\t\t\tid=\"ovaev_end_date_search\" \n\t\t\t\t\tclass=\"ovaev_end_date_search\" \n\t\t\t\t\tdata-lang=\"es\" \n\t\t\t\t\tdata-date=\"d-m-Y\" \n\t\t\t\t\tplaceholder=\"Elija Fecha\" \n\t\t\t\t\tname=\"ovaev_end_date_search\" \n\t\t\t\t\tvalue=\"\" \n\t\t\t\t\/>\n\t\t\t\t<i class=\"far fa-calendar-alt\"><\/i>\n\t\t\t<\/div>\n\n\t\t\t<div class=\"ovaev_cat_search\">\n\t\t\t\t<label class=\"second_font ova-label-search\" for=\"ovaev_type\">\n\t\t\t\t\t\nCategor\u00eda\t\t\t\t<\/label>\n\t\t\t\t<select  name='ovaev_type' id='ovaev_type' class='ovaev_type'>\n\t<option value='' selected='selected'>Todas las categor\u00edas<\/option>\n\t<option class=\"level-0\" value=\"patrimonio\">Patrimonio<\/option>\n\t<option class=\"level-0\" value=\"audiovisual\">Audiovisual<\/option>\n\t<option class=\"level-0\" value=\"artesescenicas\">Artes esc\u00e9nicas<\/option>\n\t<option class=\"level-1\" value=\"musica\">&nbsp;&nbsp;&nbsp;M\u00fasica<\/option>\n\t<option class=\"level-1\" value=\"danza\">&nbsp;&nbsp;&nbsp;Danza<\/option>\n\t<option class=\"level-1\" value=\"teatro\">&nbsp;&nbsp;&nbsp;Teatro<\/option>\n\t<option class=\"level-1\" value=\"circo\">&nbsp;&nbsp;&nbsp;Circo<\/option>\n\t<option class=\"level-0\" value=\"actividad-gratuita\">Actividad gratuita<\/option>\n\t<option class=\"level-0\" value=\"actividad-pagada\">Actividad pagada<\/option>\n\t<option class=\"level-0\" value=\"artes-visuales\">Artes Visuales<\/option>\n\t<option class=\"level-0\" value=\"feria-de-emprendedores\">Feria de Emprendedores<\/option>\n\t<option class=\"level-0\" value=\"talleres\">Talleres<\/option>\n\t<option class=\"level-0\" value=\"cine\">Cine<\/option>\n\t<option class=\"level-0\" value=\"literatura\">Literatura<\/option>\n\t<option class=\"level-0\" value=\"manualidades\">Manualidades<\/option>\n\t<option class=\"level-0\" value=\"ninos-as\">Ni\u00f1os\/as<\/option>\n\t<option class=\"level-0\" value=\"familiar\">Familiar<\/option>\n\t<option class=\"level-0\" value=\"textil\">Textil<\/option>\n\t<option class=\"level-0\" value=\"ceramica\">Cer\u00e1mica<\/option>\n\t<option class=\"level-0\" value=\"fotografia\">Fotograf\u00eda<\/option>\n\t<option class=\"level-0\" value=\"ciencias\">Ciencias<\/option>\n\t<option class=\"level-0\" value=\"oficios\">Oficios<\/option>\n\t<option class=\"level-0\" value=\"conversatorio\">Conversatorio<\/option>\n\t<option class=\"level-0\" value=\"bingo\">Bingo<\/option>\n\t<option class=\"level-0\" value=\"conmemoracion\">Conmemoraci\u00f3n<\/option>\n\t<option class=\"level-0\" value=\"comedia\">Comedia<\/option>\n\t<option class=\"level-0\" value=\"documental\">Documental<\/option>\n\t<option class=\"level-0\" value=\"diseno\">Dise\u00f1o<\/option>\n\t<option class=\"level-0\" value=\"pintura\">Pintura<\/option>\n\t<option class=\"level-0\" value=\"cultura\">Cultura<\/option>\n\t<option class=\"level-0\" value=\"escultura\">Escultura<\/option>\n<\/select>\n\t\t\t\t<i class=\"arrow_carrot-down \"><\/i>\n\t\t\t<\/div>\n\t\t<\/form>\n\t<\/div>\n\t<!-- End Search Form -->\n\n\t<!-- Events -->\n\t<div class=\"ovaev-search-ajax-container\">\n\t\t<div class=\"search-ajax-content\">\n\t\t\t<div class=\"archive_event ovaev-search-ajax-events col1\">\n\t\t\t\t\n<div class=\"ovaev-content\">\n\t<div class=\"type2\">\n\t\t<!-- Display Highlight Date 2 -->\n\t\t\n<div class=\"date-event\">\n\n\t<span class=\"date second_font\">\n\t\t19\t<\/span>\n\n\t<span class=\"month-year second_font\">\n\n\t\t<span class=\"month\">\n\t\t\tMay\t\t<\/span>\n\t\t\n\t\t<span class=\"year\">\n\t\t\t2025\t\t<\/span>\n\n\t<\/span>\n\n<\/div>\n\n\n\t\t<div class=\"desc\">\n\n\t\t\t<!-- Thumbnail -->\n\t\t\t\n<div class=\"event-thumbnail\" style=\"background-image:url(https:\/\/nunoa.cl\/nunoapanorama\/wp-content\/uploads\/2025\/05\/Screenshot_2025-05-14-13-39-27-926_com.instagram.android-edit.jpg);\">\n\t<a href=\"https:\/\/nunoa.cl\/nunoapanorama\/event\/exposicion-brote\/\">\n\t\t<img fetchpriority=\"high\" decoding=\"async\" width=\"500\" height=\"500\" src=\"https:\/\/nunoa.cl\/nunoapanorama\/wp-content\/uploads\/2025\/05\/Screenshot_2025-05-14-13-39-27-926_com.instagram.android-edit-500x500.jpg\" class=\"attachment-ovaev_event_thumbnail size-ovaev_event_thumbnail wp-post-image\" alt=\"\" srcset=\"https:\/\/nunoa.cl\/nunoapanorama\/wp-content\/uploads\/2025\/05\/Screenshot_2025-05-14-13-39-27-926_com.instagram.android-edit-500x500.jpg 500w, https:\/\/nunoa.cl\/nunoapanorama\/wp-content\/uploads\/2025\/05\/Screenshot_2025-05-14-13-39-27-926_com.instagram.android-edit-300x300.jpg 300w, https:\/\/nunoa.cl\/nunoapanorama\/wp-content\/uploads\/2025\/05\/Screenshot_2025-05-14-13-39-27-926_com.instagram.android-edit-1024x1021.jpg 1024w, https:\/\/nunoa.cl\/nunoapanorama\/wp-content\/uploads\/2025\/05\/Screenshot_2025-05-14-13-39-27-926_com.instagram.android-edit-150x150.jpg 150w, https:\/\/nunoa.cl\/nunoapanorama\/wp-content\/uploads\/2025\/05\/Screenshot_2025-05-14-13-39-27-926_com.instagram.android-edit-768x766.jpg 768w, https:\/\/nunoa.cl\/nunoapanorama\/wp-content\/uploads\/2025\/05\/Screenshot_2025-05-14-13-39-27-926_com.instagram.android-edit-80x80.jpg 80w, https:\/\/nunoa.cl\/nunoapanorama\/wp-content\/uploads\/2025\/05\/Screenshot_2025-05-14-13-39-27-926_com.instagram.android-edit.jpg 1080w\" sizes=\"(max-width: 500px) 100vw, 500px\" \/>\t<\/a>\n<\/div>\n\t\t\t\n<div class=\"event-thumbnail-v2\">\t\n\n\t<a href=\"https:\/\/nunoa.cl\/nunoapanorama\/event\/exposicion-brote\/\">\n\t\t<img fetchpriority=\"high\" decoding=\"async\" width=\"500\" height=\"500\" src=\"https:\/\/nunoa.cl\/nunoapanorama\/wp-content\/uploads\/2025\/05\/Screenshot_2025-05-14-13-39-27-926_com.instagram.android-edit-500x500.jpg\" class=\"attachment-ovaev_event_thumbnail size-ovaev_event_thumbnail wp-post-image\" alt=\"\" srcset=\"https:\/\/nunoa.cl\/nunoapanorama\/wp-content\/uploads\/2025\/05\/Screenshot_2025-05-14-13-39-27-926_com.instagram.android-edit-500x500.jpg 500w, https:\/\/nunoa.cl\/nunoapanorama\/wp-content\/uploads\/2025\/05\/Screenshot_2025-05-14-13-39-27-926_com.instagram.android-edit-300x300.jpg 300w, https:\/\/nunoa.cl\/nunoapanorama\/wp-content\/uploads\/2025\/05\/Screenshot_2025-05-14-13-39-27-926_com.instagram.android-edit-1024x1021.jpg 1024w, https:\/\/nunoa.cl\/nunoapanorama\/wp-content\/uploads\/2025\/05\/Screenshot_2025-05-14-13-39-27-926_com.instagram.android-edit-150x150.jpg 150w, https:\/\/nunoa.cl\/nunoapanorama\/wp-content\/uploads\/2025\/05\/Screenshot_2025-05-14-13-39-27-926_com.instagram.android-edit-768x766.jpg 768w, https:\/\/nunoa.cl\/nunoapanorama\/wp-content\/uploads\/2025\/05\/Screenshot_2025-05-14-13-39-27-926_com.instagram.android-edit-80x80.jpg 80w, https:\/\/nunoa.cl\/nunoapanorama\/wp-content\/uploads\/2025\/05\/Screenshot_2025-05-14-13-39-27-926_com.instagram.android-edit.jpg 1080w\" sizes=\"(max-width: 500px) 100vw, 500px\" \/>\t<\/a>\n\n<\/div>\n\t\t\t<div class=\"event_post\">\n\t\t\t\t<!-- Taxonomy Type -->\n\t\t\t\t\n<div class=\"post_cat\">\n\t<a class=\"event_type\" href=\"https:\/\/nunoa.cl\/nunoapanorama\/event_category\/actividad-gratuita\/\">Actividad gratuita<\/a>, <a class=\"event_type\" href=\"https:\/\/nunoa.cl\/nunoapanorama\/event_category\/artes-visuales\/\">Artes Visuales<\/a>, <a class=\"event_type\" href=\"https:\/\/nunoa.cl\/nunoapanorama\/event_category\/cultura\/\">Cultura<\/a>, <a class=\"event_type\" href=\"https:\/\/nunoa.cl\/nunoapanorama\/event_category\/escultura\/\">Escultura<\/a><\/div>\n\n\n\t\t\t\t<!-- Tille -->\n\t\t\t\t\n<h2 class=\"second_font event_title\">\n\t<a href=\"https:\/\/nunoa.cl\/nunoapanorama\/event\/exposicion-brote\/\">\n\t\tExposici\u00f3n &#8220;Brote&#8221;\t<\/a>\n<\/h2>\n\t\t\t\t<div class=\"time-event\">\n\t\t\t\t\t<!-- Date -->\n\t\t\t\t\t\n<div class=\"time equal-date\">\n\t\n\t<span class=\"icon-time\">\n\t\t<i class=\"far fa-clock icon_event\"><\/i>\n\t<\/span>\n\n\t\t\t<span class=\"time-date-child\">\n\t\t\t<span class=\"date-child\">\n\t\t\t\t19 de mayo de 2025 @\t\t\t<\/span>\n\n\t\t\t<span> 10:00<\/span>\n\n\t\t\t\t\t\t\t<a href=\"https:\/\/nunoa.cl\/nunoapanorama\/event\/exposicion-brote\/ \" class=\"more_date_text\" data-id=\"1838\">\n\t\t\t\t\t<span>, mas<\/span>\t\n\t\t\t\t<\/a>\n\t\t\t\t\n\t\t<\/span>\n\t\n<\/div>\n\n\t\t\t\t\t<!-- Tille -->\n\t\t\t\t\t\n\t<div class=\"venue\">\n\t\t\n\t\t<i class=\"fas fa-map-marker-alt icon_event\"><\/i>\n\t\t\n\t\t<span class=\"number\">\n\t\t\tSala Juan Egenau, Las Encinas 3370, \u00d1u\u00f1oa, Campus JGM de la U. de Chile\t\t<\/span>\n\t\t\n\t<\/div>\n\n\t\t\t\t<\/div>\n\t\t\t\t\n\t\t\t\t<!-- Read More Button -->\n\t\t\t\t\n<div class=\"button_event\">\n\t<a class=\"view_detail second_font\" href=\"https:\/\/nunoa.cl\/nunoapanorama\/event\/exposicion-brote\/\">\n\t\tM\u00e1s detalles\t<\/a>\n<\/div>\t\t\t<\/div>\n\t\t<\/div>\n\t<\/div>\n<\/div>\n\n\t\t\t\t\n<div class=\"ovaev-content\">\n\t<div class=\"type2\">\n\t\t<!-- Display Highlight Date 2 -->\n\t\t\n<div class=\"date-event\">\n\n\t<span class=\"date second_font\">\n\t\t23\t<\/span>\n\n\t<span class=\"month-year second_font\">\n\n\t\t<span class=\"month\">\n\t\t\tAbr\t\t<\/span>\n\t\t\n\t\t<span class=\"year\">\n\t\t\t2025\t\t<\/span>\n\n\t<\/span>\n\n<\/div>\n\n\n\t\t<div class=\"desc\">\n\n\t\t\t<!-- Thumbnail -->\n\t\t\t\n<div class=\"event-thumbnail\" style=\"background-image:url(https:\/\/nunoa.cl\/nunoapanorama\/wp-content\/uploads\/2025\/04\/IMG_20250421_092709.jpg);\">\n\t<a href=\"https:\/\/nunoa.cl\/nunoapanorama\/event\/exposicion-informe-de-obra\/\">\n\t\t<img decoding=\"async\" width=\"500\" height=\"500\" src=\"https:\/\/nunoa.cl\/nunoapanorama\/wp-content\/uploads\/2025\/04\/IMG_20250421_092709-500x500.jpg\" class=\"attachment-ovaev_event_thumbnail size-ovaev_event_thumbnail wp-post-image\" alt=\"\" srcset=\"https:\/\/nunoa.cl\/nunoapanorama\/wp-content\/uploads\/2025\/04\/IMG_20250421_092709-500x500.jpg 500w, https:\/\/nunoa.cl\/nunoapanorama\/wp-content\/uploads\/2025\/04\/IMG_20250421_092709-300x300.jpg 300w, https:\/\/nunoa.cl\/nunoapanorama\/wp-content\/uploads\/2025\/04\/IMG_20250421_092709-150x150.jpg 150w, https:\/\/nunoa.cl\/nunoapanorama\/wp-content\/uploads\/2025\/04\/IMG_20250421_092709-80x80.jpg 80w\" sizes=\"(max-width: 500px) 100vw, 500px\" \/>\t<\/a>\n<\/div>\n\t\t\t\n<div class=\"event-thumbnail-v2\">\t\n\n\t<a href=\"https:\/\/nunoa.cl\/nunoapanorama\/event\/exposicion-informe-de-obra\/\">\n\t\t<img decoding=\"async\" width=\"500\" height=\"500\" src=\"https:\/\/nunoa.cl\/nunoapanorama\/wp-content\/uploads\/2025\/04\/IMG_20250421_092709-500x500.jpg\" class=\"attachment-ovaev_event_thumbnail size-ovaev_event_thumbnail wp-post-image\" alt=\"\" srcset=\"https:\/\/nunoa.cl\/nunoapanorama\/wp-content\/uploads\/2025\/04\/IMG_20250421_092709-500x500.jpg 500w, https:\/\/nunoa.cl\/nunoapanorama\/wp-content\/uploads\/2025\/04\/IMG_20250421_092709-300x300.jpg 300w, https:\/\/nunoa.cl\/nunoapanorama\/wp-content\/uploads\/2025\/04\/IMG_20250421_092709-150x150.jpg 150w, https:\/\/nunoa.cl\/nunoapanorama\/wp-content\/uploads\/2025\/04\/IMG_20250421_092709-80x80.jpg 80w\" sizes=\"(max-width: 500px) 100vw, 500px\" \/>\t<\/a>\n\n<\/div>\n\t\t\t<div class=\"event_post\">\n\t\t\t\t<!-- Taxonomy Type -->\n\t\t\t\t\n<div class=\"post_cat\">\n\t<a class=\"event_type\" href=\"https:\/\/nunoa.cl\/nunoapanorama\/event_category\/actividad-gratuita\/\">Actividad gratuita<\/a>, <a class=\"event_type\" href=\"https:\/\/nunoa.cl\/nunoapanorama\/event_category\/artes-visuales\/\">Artes Visuales<\/a>, <a class=\"event_type\" href=\"https:\/\/nunoa.cl\/nunoapanorama\/event_category\/cultura\/\">Cultura<\/a><\/div>\n\n\n\t\t\t\t<!-- Tille -->\n\t\t\t\t\n<h2 class=\"second_font event_title\">\n\t<a href=\"https:\/\/nunoa.cl\/nunoapanorama\/event\/exposicion-informe-de-obra\/\">\n\t\tExposici\u00f3n &#8220;Informe de Obra&#8221;\t<\/a>\n<\/h2>\n\t\t\t\t<div class=\"time-event\">\n\t\t\t\t\t<!-- Date -->\n\t\t\t\t\t\n<div class=\"time equal-date\">\n\t\n\t<span class=\"icon-time\">\n\t\t<i class=\"far fa-clock icon_event\"><\/i>\n\t<\/span>\n\n\t\t\t<span class=\"time-date-child\">\n\t\t\t<span class=\"date-child\">\n\t\t\t\t23 de abril de 2025 @\t\t\t<\/span>\n\n\t\t\t<span> 10:00<\/span>\n\n\t\t\t\t\t\t\t<a href=\"https:\/\/nunoa.cl\/nunoapanorama\/event\/exposicion-informe-de-obra\/ \" class=\"more_date_text\" data-id=\"1810\">\n\t\t\t\t\t<span>, mas<\/span>\t\n\t\t\t\t<\/a>\n\t\t\t\t\n\t\t<\/span>\n\t\n<\/div>\n\n\t\t\t\t\t<!-- Tille -->\n\t\t\t\t\t\n\n\t\t\t\t<\/div>\n\t\t\t\t\n\t\t\t\t<!-- Read More Button -->\n\t\t\t\t\n<div class=\"button_event\">\n\t<a class=\"view_detail second_font\" href=\"https:\/\/nunoa.cl\/nunoapanorama\/event\/exposicion-informe-de-obra\/\">\n\t\tM\u00e1s detalles\t<\/a>\n<\/div>\t\t\t<\/div>\n\t\t<\/div>\n\t<\/div>\n<\/div>\n\n\t\t\t\t\n<div class=\"ovaev-content\">\n\t<div class=\"type2\">\n\t\t<!-- Display Highlight Date 2 -->\n\t\t\n<div class=\"date-event\">\n\n\t<span class=\"date second_font\">\n\t\t22\t<\/span>\n\n\t<span class=\"month-year second_font\">\n\n\t\t<span class=\"month\">\n\t\t\tAbr\t\t<\/span>\n\t\t\n\t\t<span class=\"year\">\n\t\t\t2025\t\t<\/span>\n\n\t<\/span>\n\n<\/div>\n\n\n\t\t<div class=\"desc\">\n\n\t\t\t<!-- Thumbnail -->\n\t\t\t\n<div class=\"event-thumbnail\" style=\"background-image:url(https:\/\/nunoa.cl\/nunoapanorama\/wp-content\/uploads\/2025\/04\/Nunohue-scaled.png);\">\n\t<a href=\"https:\/\/nunoa.cl\/nunoapanorama\/event\/lanzamiento-del-libro-nunohue-historia-de-nunoa-providencia-las-condes-y-la-reina\/\">\n\t\t<img decoding=\"async\" width=\"500\" height=\"500\" src=\"https:\/\/nunoa.cl\/nunoapanorama\/wp-content\/uploads\/2025\/04\/Nunohue-500x500.png\" class=\"attachment-ovaev_event_thumbnail size-ovaev_event_thumbnail wp-post-image\" alt=\"\" srcset=\"https:\/\/nunoa.cl\/nunoapanorama\/wp-content\/uploads\/2025\/04\/Nunohue-500x500.png 500w, https:\/\/nunoa.cl\/nunoapanorama\/wp-content\/uploads\/2025\/04\/Nunohue-150x150.png 150w, https:\/\/nunoa.cl\/nunoapanorama\/wp-content\/uploads\/2025\/04\/Nunohue-80x80.png 80w\" sizes=\"(max-width: 500px) 100vw, 500px\" \/>\t<\/a>\n<\/div>\n\t\t\t\n<div class=\"event-thumbnail-v2\">\t\n\n\t<a href=\"https:\/\/nunoa.cl\/nunoapanorama\/event\/lanzamiento-del-libro-nunohue-historia-de-nunoa-providencia-las-condes-y-la-reina\/\">\n\t\t<img decoding=\"async\" width=\"500\" height=\"500\" src=\"https:\/\/nunoa.cl\/nunoapanorama\/wp-content\/uploads\/2025\/04\/Nunohue-500x500.png\" class=\"attachment-ovaev_event_thumbnail size-ovaev_event_thumbnail wp-post-image\" alt=\"\" srcset=\"https:\/\/nunoa.cl\/nunoapanorama\/wp-content\/uploads\/2025\/04\/Nunohue-500x500.png 500w, https:\/\/nunoa.cl\/nunoapanorama\/wp-content\/uploads\/2025\/04\/Nunohue-150x150.png 150w, https:\/\/nunoa.cl\/nunoapanorama\/wp-content\/uploads\/2025\/04\/Nunohue-80x80.png 80w\" sizes=\"(max-width: 500px) 100vw, 500px\" \/>\t<\/a>\n\n<\/div>\n\t\t\t<div class=\"event_post\">\n\t\t\t\t<!-- Taxonomy Type -->\n\t\t\t\t\n<div class=\"post_cat\">\n\t<a class=\"event_type\" href=\"https:\/\/nunoa.cl\/nunoapanorama\/event_category\/actividad-gratuita\/\">Actividad gratuita<\/a>, <a class=\"event_type\" href=\"https:\/\/nunoa.cl\/nunoapanorama\/event_category\/cultura\/\">Cultura<\/a>, <a class=\"event_type\" href=\"https:\/\/nunoa.cl\/nunoapanorama\/event_category\/literatura\/\">Literatura<\/a>, <a class=\"event_type\" href=\"https:\/\/nunoa.cl\/nunoapanorama\/event_category\/patrimonio\/\">Patrimonio<\/a><\/div>\n\n\n\t\t\t\t<!-- Tille -->\n\t\t\t\t\n<h2 class=\"second_font event_title\">\n\t<a href=\"https:\/\/nunoa.cl\/nunoapanorama\/event\/lanzamiento-del-libro-nunohue-historia-de-nunoa-providencia-las-condes-y-la-reina\/\">\n\t\tLanzamiento del Libro: &#8220;\u00d1u\u00f1ohue: Historia de \u00d1u\u00f1oa, Providencia, Las Condes y La Reina&#8221;\t<\/a>\n<\/h2>\n\t\t\t\t<div class=\"time-event\">\n\t\t\t\t\t<!-- Date -->\n\t\t\t\t\t\n<div class=\"time equal-date\">\n\t\n\t<span class=\"icon-time\">\n\t\t<i class=\"far fa-clock icon_event\"><\/i>\n\t<\/span>\n\n\t\t\t<span class=\"time-date-child\">\n\t\t\t<span class=\"date-child\">\n\t\t\t\t11:30 - 12:30\t\t\t<\/span>\n\t\t<\/span>\n\t\n<\/div>\n\n\t\t\t\t\t<!-- Tille -->\n\t\t\t\t\t\n\t<div class=\"venue\">\n\t\t\n\t\t<i class=\"fas fa-map-marker-alt icon_event\"><\/i>\n\t\t\n\t\t<span class=\"number\">\n\t\t\tSal\u00f3n de Honor, UMCE, Av. Jos\u00e9 Pedro Alessandri 774, \u00d1u\u00f1oa..\t\t<\/span>\n\t\t\n\t<\/div>\n\n\t\t\t\t<\/div>\n\t\t\t\t\n\t\t\t\t<!-- Read More Button -->\n\t\t\t\t\n<div class=\"button_event\">\n\t<a class=\"view_detail second_font\" href=\"https:\/\/nunoa.cl\/nunoapanorama\/event\/lanzamiento-del-libro-nunohue-historia-de-nunoa-providencia-las-condes-y-la-reina\/\">\n\t\tM\u00e1s detalles\t<\/a>\n<\/div>\t\t\t<\/div>\n\t\t<\/div>\n\t<\/div>\n<\/div>\n\n\t\t\t\t\n<div class=\"ovaev-content\">\n\t<div class=\"type2\">\n\t\t<!-- Display Highlight Date 2 -->\n\t\t\n<div class=\"date-event\">\n\n\t<span class=\"date second_font\">\n\t\t21\t<\/span>\n\n\t<span class=\"month-year second_font\">\n\n\t\t<span class=\"month\">\n\t\t\tAbr\t\t<\/span>\n\t\t\n\t\t<span class=\"year\">\n\t\t\t2025\t\t<\/span>\n\n\t<\/span>\n\n<\/div>\n\n\n\t\t<div class=\"desc\">\n\n\t\t\t<!-- Thumbnail -->\n\t\t\t\n<div class=\"event-thumbnail\" style=\"background-image:url(https:\/\/nunoa.cl\/nunoapanorama\/wp-content\/uploads\/2025\/04\/Screenshot_2025-04-15-08-59-01-318_com.instagram.android-edit.jpg);\">\n\t<a href=\"https:\/\/nunoa.cl\/nunoapanorama\/event\/semana-del-libro-campus-juan-gomez-millas\/\">\n\t\t<img loading=\"lazy\" decoding=\"async\" width=\"500\" height=\"500\" src=\"https:\/\/nunoa.cl\/nunoapanorama\/wp-content\/uploads\/2025\/04\/Screenshot_2025-04-15-08-59-01-318_com.instagram.android-edit-500x500.jpg\" class=\"attachment-ovaev_event_thumbnail size-ovaev_event_thumbnail wp-post-image\" alt=\"\" srcset=\"https:\/\/nunoa.cl\/nunoapanorama\/wp-content\/uploads\/2025\/04\/Screenshot_2025-04-15-08-59-01-318_com.instagram.android-edit-500x500.jpg 500w, https:\/\/nunoa.cl\/nunoapanorama\/wp-content\/uploads\/2025\/04\/Screenshot_2025-04-15-08-59-01-318_com.instagram.android-edit-150x150.jpg 150w, https:\/\/nunoa.cl\/nunoapanorama\/wp-content\/uploads\/2025\/04\/Screenshot_2025-04-15-08-59-01-318_com.instagram.android-edit-80x80.jpg 80w\" sizes=\"(max-width: 500px) 100vw, 500px\" \/>\t<\/a>\n<\/div>\n\t\t\t\n<div class=\"event-thumbnail-v2\">\t\n\n\t<a href=\"https:\/\/nunoa.cl\/nunoapanorama\/event\/semana-del-libro-campus-juan-gomez-millas\/\">\n\t\t<img loading=\"lazy\" decoding=\"async\" width=\"500\" height=\"500\" src=\"https:\/\/nunoa.cl\/nunoapanorama\/wp-content\/uploads\/2025\/04\/Screenshot_2025-04-15-08-59-01-318_com.instagram.android-edit-500x500.jpg\" class=\"attachment-ovaev_event_thumbnail size-ovaev_event_thumbnail wp-post-image\" alt=\"\" srcset=\"https:\/\/nunoa.cl\/nunoapanorama\/wp-content\/uploads\/2025\/04\/Screenshot_2025-04-15-08-59-01-318_com.instagram.android-edit-500x500.jpg 500w, https:\/\/nunoa.cl\/nunoapanorama\/wp-content\/uploads\/2025\/04\/Screenshot_2025-04-15-08-59-01-318_com.instagram.android-edit-150x150.jpg 150w, https:\/\/nunoa.cl\/nunoapanorama\/wp-content\/uploads\/2025\/04\/Screenshot_2025-04-15-08-59-01-318_com.instagram.android-edit-80x80.jpg 80w\" sizes=\"(max-width: 500px) 100vw, 500px\" \/>\t<\/a>\n\n<\/div>\n\t\t\t<div class=\"event_post\">\n\t\t\t\t<!-- Taxonomy Type -->\n\t\t\t\t\n<div class=\"post_cat\">\n\t<a class=\"event_type\" href=\"https:\/\/nunoa.cl\/nunoapanorama\/event_category\/actividad-gratuita\/\">Actividad gratuita<\/a>, <a class=\"event_type\" href=\"https:\/\/nunoa.cl\/nunoapanorama\/event_category\/conversatorio\/\">Conversatorio<\/a>, <a class=\"event_type\" href=\"https:\/\/nunoa.cl\/nunoapanorama\/event_category\/cultura\/\">Cultura<\/a>, <a class=\"event_type\" href=\"https:\/\/nunoa.cl\/nunoapanorama\/event_category\/literatura\/\">Literatura<\/a>, <a class=\"event_type\" href=\"https:\/\/nunoa.cl\/nunoapanorama\/event_category\/talleres\/\">Talleres<\/a><\/div>\n\n\n\t\t\t\t<!-- Tille -->\n\t\t\t\t\n<h2 class=\"second_font event_title\">\n\t<a href=\"https:\/\/nunoa.cl\/nunoapanorama\/event\/semana-del-libro-campus-juan-gomez-millas\/\">\n\t\tSemana del Libro Campus Juan G\u00f3mez Millas\t<\/a>\n<\/h2>\n\t\t\t\t<div class=\"time-event\">\n\t\t\t\t\t<!-- Date -->\n\t\t\t\t\t\n<div class=\"time equal-date\">\n\t\n\t<span class=\"icon-time\">\n\t\t<i class=\"far fa-clock icon_event\"><\/i>\n\t<\/span>\n\n\t\t\t<span class=\"time-date-child\">\n\t\t\t<span class=\"date-child\">\n\t\t\t\t21 de abril de 2025 @\t\t\t<\/span>\n\n\t\t\t<span> 10:00<\/span>\n\n\t\t\t\t\t\t\t<a href=\"https:\/\/nunoa.cl\/nunoapanorama\/event\/semana-del-libro-campus-juan-gomez-millas\/ \" class=\"more_date_text\" data-id=\"1802\">\n\t\t\t\t\t<span>, mas<\/span>\t\n\t\t\t\t<\/a>\n\t\t\t\t\n\t\t<\/span>\n\t\n<\/div>\n\n\t\t\t\t\t<!-- Tille -->\n\t\t\t\t\t\n\t<div class=\"venue\">\n\t\t\n\t\t<i class=\"fas fa-map-marker-alt icon_event\"><\/i>\n\t\t\n\t\t<span class=\"number\">\n\t\t\tAv. Ignacio Carrera Pinto 1045, Campus JGM, \u00d1u\u00f1oa\t\t<\/span>\n\t\t\n\t<\/div>\n\n\t\t\t\t<\/div>\n\t\t\t\t\n\t\t\t\t<!-- Read More Button -->\n\t\t\t\t\n<div class=\"button_event\">\n\t<a class=\"view_detail second_font\" href=\"https:\/\/nunoa.cl\/nunoapanorama\/event\/semana-del-libro-campus-juan-gomez-millas\/\">\n\t\tM\u00e1s detalles\t<\/a>\n<\/div>\t\t\t<\/div>\n\t\t<\/div>\n\t<\/div>\n<\/div>\n\n\t\t\t\t\n<div class=\"ovaev-content\">\n\t<div class=\"type2\">\n\t\t<!-- Display Highlight Date 2 -->\n\t\t\n<div class=\"date-event\">\n\n\t<span class=\"date second_font\">\n\t\t17\t<\/span>\n\n\t<span class=\"month-year second_font\">\n\n\t\t<span class=\"month\">\n\t\t\tAbr\t\t<\/span>\n\t\t\n\t\t<span class=\"year\">\n\t\t\t2025\t\t<\/span>\n\n\t<\/span>\n\n<\/div>\n\n\n\t\t<div class=\"desc\">\n\n\t\t\t<!-- Thumbnail -->\n\t\t\t\n<div class=\"event-thumbnail\" style=\"background-image:url(https:\/\/nunoa.cl\/nunoapanorama\/wp-content\/uploads\/2025\/04\/Screenshot_2025-04-16-10-42-56-867_com.instagram.android-edit.jpg);\">\n\t<a href=\"https:\/\/nunoa.cl\/nunoapanorama\/event\/cierre-exposicion-novela\/\">\n\t\t<img loading=\"lazy\" decoding=\"async\" width=\"500\" height=\"500\" src=\"https:\/\/nunoa.cl\/nunoapanorama\/wp-content\/uploads\/2025\/04\/Screenshot_2025-04-16-10-42-56-867_com.instagram.android-edit-500x500.jpg\" class=\"attachment-ovaev_event_thumbnail size-ovaev_event_thumbnail wp-post-image\" alt=\"\" srcset=\"https:\/\/nunoa.cl\/nunoapanorama\/wp-content\/uploads\/2025\/04\/Screenshot_2025-04-16-10-42-56-867_com.instagram.android-edit-500x500.jpg 500w, https:\/\/nunoa.cl\/nunoapanorama\/wp-content\/uploads\/2025\/04\/Screenshot_2025-04-16-10-42-56-867_com.instagram.android-edit-300x300.jpg 300w, https:\/\/nunoa.cl\/nunoapanorama\/wp-content\/uploads\/2025\/04\/Screenshot_2025-04-16-10-42-56-867_com.instagram.android-edit-1024x1021.jpg 1024w, https:\/\/nunoa.cl\/nunoapanorama\/wp-content\/uploads\/2025\/04\/Screenshot_2025-04-16-10-42-56-867_com.instagram.android-edit-150x150.jpg 150w, https:\/\/nunoa.cl\/nunoapanorama\/wp-content\/uploads\/2025\/04\/Screenshot_2025-04-16-10-42-56-867_com.instagram.android-edit-768x766.jpg 768w, https:\/\/nunoa.cl\/nunoapanorama\/wp-content\/uploads\/2025\/04\/Screenshot_2025-04-16-10-42-56-867_com.instagram.android-edit-80x80.jpg 80w, https:\/\/nunoa.cl\/nunoapanorama\/wp-content\/uploads\/2025\/04\/Screenshot_2025-04-16-10-42-56-867_com.instagram.android-edit.jpg 1080w\" sizes=\"(max-width: 500px) 100vw, 500px\" \/>\t<\/a>\n<\/div>\n\t\t\t\n<div class=\"event-thumbnail-v2\">\t\n\n\t<a href=\"https:\/\/nunoa.cl\/nunoapanorama\/event\/cierre-exposicion-novela\/\">\n\t\t<img loading=\"lazy\" decoding=\"async\" width=\"500\" height=\"500\" src=\"https:\/\/nunoa.cl\/nunoapanorama\/wp-content\/uploads\/2025\/04\/Screenshot_2025-04-16-10-42-56-867_com.instagram.android-edit-500x500.jpg\" class=\"attachment-ovaev_event_thumbnail size-ovaev_event_thumbnail wp-post-image\" alt=\"\" srcset=\"https:\/\/nunoa.cl\/nunoapanorama\/wp-content\/uploads\/2025\/04\/Screenshot_2025-04-16-10-42-56-867_com.instagram.android-edit-500x500.jpg 500w, https:\/\/nunoa.cl\/nunoapanorama\/wp-content\/uploads\/2025\/04\/Screenshot_2025-04-16-10-42-56-867_com.instagram.android-edit-300x300.jpg 300w, https:\/\/nunoa.cl\/nunoapanorama\/wp-content\/uploads\/2025\/04\/Screenshot_2025-04-16-10-42-56-867_com.instagram.android-edit-1024x1021.jpg 1024w, https:\/\/nunoa.cl\/nunoapanorama\/wp-content\/uploads\/2025\/04\/Screenshot_2025-04-16-10-42-56-867_com.instagram.android-edit-150x150.jpg 150w, https:\/\/nunoa.cl\/nunoapanorama\/wp-content\/uploads\/2025\/04\/Screenshot_2025-04-16-10-42-56-867_com.instagram.android-edit-768x766.jpg 768w, https:\/\/nunoa.cl\/nunoapanorama\/wp-content\/uploads\/2025\/04\/Screenshot_2025-04-16-10-42-56-867_com.instagram.android-edit-80x80.jpg 80w, https:\/\/nunoa.cl\/nunoapanorama\/wp-content\/uploads\/2025\/04\/Screenshot_2025-04-16-10-42-56-867_com.instagram.android-edit.jpg 1080w\" sizes=\"(max-width: 500px) 100vw, 500px\" \/>\t<\/a>\n\n<\/div>\n\t\t\t<div class=\"event_post\">\n\t\t\t\t<!-- Taxonomy Type -->\n\t\t\t\t\n<div class=\"post_cat\">\n\t<a class=\"event_type\" href=\"https:\/\/nunoa.cl\/nunoapanorama\/event_category\/actividad-gratuita\/\">Actividad gratuita<\/a>, <a class=\"event_type\" href=\"https:\/\/nunoa.cl\/nunoapanorama\/event_category\/artes-visuales\/\">Artes Visuales<\/a>, <a class=\"event_type\" href=\"https:\/\/nunoa.cl\/nunoapanorama\/event_category\/cultura\/\">Cultura<\/a>, <a class=\"event_type\" href=\"https:\/\/nunoa.cl\/nunoapanorama\/event_category\/pintura\/\">Pintura<\/a><\/div>\n\n\n\t\t\t\t<!-- Tille -->\n\t\t\t\t\n<h2 class=\"second_font event_title\">\n\t<a href=\"https:\/\/nunoa.cl\/nunoapanorama\/event\/cierre-exposicion-novela\/\">\n\t\tCierre Exposici\u00f3n &#8220;Novela&#8221;\t<\/a>\n<\/h2>\n\t\t\t\t<div class=\"time-event\">\n\t\t\t\t\t<!-- Date -->\n\t\t\t\t\t\n<div class=\"time equal-date\">\n\t\n\t<span class=\"icon-time\">\n\t\t<i class=\"far fa-clock icon_event\"><\/i>\n\t<\/span>\n\n\t\t\t<span class=\"time-date-child\">\n\t\t\t<span class=\"date-child\">\n\t\t\t\t12:45 - 14:00\t\t\t<\/span>\n\t\t<\/span>\n\t\n<\/div>\n\n\t\t\t\t\t<!-- Tille -->\n\t\t\t\t\t\n\t<div class=\"venue\">\n\t\t\n\t\t<i class=\"fas fa-map-marker-alt icon_event\"><\/i>\n\t\t\n\t\t<span class=\"number\">\n\t\t\tSala Juan Egenau, Las Encinas 3370, Campus JGM, \u00d1u\u00f1oa.\t\t<\/span>\n\t\t\n\t<\/div>\n\n\t\t\t\t<\/div>\n\t\t\t\t\n\t\t\t\t<!-- Read More Button -->\n\t\t\t\t\n<div class=\"button_event\">\n\t<a class=\"view_detail second_font\" href=\"https:\/\/nunoa.cl\/nunoapanorama\/event\/cierre-exposicion-novela\/\">\n\t\tM\u00e1s detalles\t<\/a>\n<\/div>\t\t\t<\/div>\n\t\t<\/div>\n\t<\/div>\n<\/div>\n\n\t\t\t\t\n<div class=\"ovaev-content\">\n\t<div class=\"type2\">\n\t\t<!-- Display Highlight Date 2 -->\n\t\t\n<div class=\"date-event\">\n\n\t<span class=\"date second_font\">\n\t\t14\t<\/span>\n\n\t<span class=\"month-year second_font\">\n\n\t\t<span class=\"month\">\n\t\t\tAbr\t\t<\/span>\n\t\t\n\t\t<span class=\"year\">\n\t\t\t2025\t\t<\/span>\n\n\t<\/span>\n\n<\/div>\n\n\n\t\t<div class=\"desc\">\n\n\t\t\t<!-- Thumbnail -->\n\t\t\t\n<div class=\"event-thumbnail\" style=\"background-image:url(https:\/\/nunoa.cl\/nunoapanorama\/wp-content\/uploads\/2025\/04\/Screenshot_2025-04-15-09-28-06-596_com.instagram.android-edit.jpg);\">\n\t<a href=\"https:\/\/nunoa.cl\/nunoapanorama\/event\/exposicion-kurruf-en-la-plataforma-cultural\/\">\n\t\t<img loading=\"lazy\" decoding=\"async\" width=\"500\" height=\"500\" src=\"https:\/\/nunoa.cl\/nunoapanorama\/wp-content\/uploads\/2025\/04\/Screenshot_2025-04-15-09-28-06-596_com.instagram.android-edit-500x500.jpg\" class=\"attachment-ovaev_event_thumbnail size-ovaev_event_thumbnail wp-post-image\" alt=\"\" srcset=\"https:\/\/nunoa.cl\/nunoapanorama\/wp-content\/uploads\/2025\/04\/Screenshot_2025-04-15-09-28-06-596_com.instagram.android-edit-500x500.jpg 500w, https:\/\/nunoa.cl\/nunoapanorama\/wp-content\/uploads\/2025\/04\/Screenshot_2025-04-15-09-28-06-596_com.instagram.android-edit-150x150.jpg 150w, https:\/\/nunoa.cl\/nunoapanorama\/wp-content\/uploads\/2025\/04\/Screenshot_2025-04-15-09-28-06-596_com.instagram.android-edit-80x80.jpg 80w\" sizes=\"(max-width: 500px) 100vw, 500px\" \/>\t<\/a>\n<\/div>\n\t\t\t\n<div class=\"event-thumbnail-v2\">\t\n\n\t<a href=\"https:\/\/nunoa.cl\/nunoapanorama\/event\/exposicion-kurruf-en-la-plataforma-cultural\/\">\n\t\t<img loading=\"lazy\" decoding=\"async\" width=\"500\" height=\"500\" src=\"https:\/\/nunoa.cl\/nunoapanorama\/wp-content\/uploads\/2025\/04\/Screenshot_2025-04-15-09-28-06-596_com.instagram.android-edit-500x500.jpg\" class=\"attachment-ovaev_event_thumbnail size-ovaev_event_thumbnail wp-post-image\" alt=\"\" srcset=\"https:\/\/nunoa.cl\/nunoapanorama\/wp-content\/uploads\/2025\/04\/Screenshot_2025-04-15-09-28-06-596_com.instagram.android-edit-500x500.jpg 500w, https:\/\/nunoa.cl\/nunoapanorama\/wp-content\/uploads\/2025\/04\/Screenshot_2025-04-15-09-28-06-596_com.instagram.android-edit-150x150.jpg 150w, https:\/\/nunoa.cl\/nunoapanorama\/wp-content\/uploads\/2025\/04\/Screenshot_2025-04-15-09-28-06-596_com.instagram.android-edit-80x80.jpg 80w\" sizes=\"(max-width: 500px) 100vw, 500px\" \/>\t<\/a>\n\n<\/div>\n\t\t\t<div class=\"event_post\">\n\t\t\t\t<!-- Taxonomy Type -->\n\t\t\t\t\n<div class=\"post_cat\">\n\t<a class=\"event_type\" href=\"https:\/\/nunoa.cl\/nunoapanorama\/event_category\/actividad-gratuita\/\">Actividad gratuita<\/a>, <a class=\"event_type\" href=\"https:\/\/nunoa.cl\/nunoapanorama\/event_category\/ceramica\/\">Cer\u00e1mica<\/a>, <a class=\"event_type\" href=\"https:\/\/nunoa.cl\/nunoapanorama\/event_category\/cultura\/\">Cultura<\/a>, <a class=\"event_type\" href=\"https:\/\/nunoa.cl\/nunoapanorama\/event_category\/talleres\/\">Talleres<\/a><\/div>\n\n\n\t\t\t\t<!-- Tille -->\n\t\t\t\t\n<h2 class=\"second_font event_title\">\n\t<a href=\"https:\/\/nunoa.cl\/nunoapanorama\/event\/exposicion-kurruf-en-la-plataforma-cultural\/\">\n\t\tExposici\u00f3n K\u00fcrruf en la Plataforma Cultural\t<\/a>\n<\/h2>\n\t\t\t\t<div class=\"time-event\">\n\t\t\t\t\t<!-- Date -->\n\t\t\t\t\t\n<div class=\"time equal-date\">\n\t\n\t<span class=\"icon-time\">\n\t\t<i class=\"far fa-clock icon_event\"><\/i>\n\t<\/span>\n\n\t\t\t<span class=\"time-date-child\">\n\t\t\t<span class=\"date-child\">\n\t\t\t\t14 de abril de 2025 @\t\t\t<\/span>\n\n\t\t\t<span> 10:00<\/span>\n\n\t\t\t\t\t\t\t<a href=\"https:\/\/nunoa.cl\/nunoapanorama\/event\/exposicion-kurruf-en-la-plataforma-cultural\/ \" class=\"more_date_text\" data-id=\"1805\">\n\t\t\t\t\t<span>, mas<\/span>\t\n\t\t\t\t<\/a>\n\t\t\t\t\n\t\t<\/span>\n\t\n<\/div>\n\n\t\t\t\t\t<!-- Tille -->\n\t\t\t\t\t\n\t<div class=\"venue\">\n\t\t\n\t\t<i class=\"fas fa-map-marker-alt icon_event\"><\/i>\n\t\t\n\t\t<span class=\"number\">\n\t\t\tPlataforma Cultural Campus JGM, Av. Grecia 3401, \u00d1u\u00f1oa.\t\t<\/span>\n\t\t\n\t<\/div>\n\n\t\t\t\t<\/div>\n\t\t\t\t\n\t\t\t\t<!-- Read More Button -->\n\t\t\t\t\n<div class=\"button_event\">\n\t<a class=\"view_detail second_font\" href=\"https:\/\/nunoa.cl\/nunoapanorama\/event\/exposicion-kurruf-en-la-plataforma-cultural\/\">\n\t\tM\u00e1s detalles\t<\/a>\n<\/div>\t\t\t<\/div>\n\t\t<\/div>\n\t<\/div>\n<\/div>\n\n\t\t\t\t\t\t\t<\/div>\n\n\t\t\t<div class=\"data-events\" \n\t\t\t\tdata-layout=\"2\" \n\t\t\t\tdata-column=\"col1\" \n\t\t\t\tdata-per-page=\"6\" \n\t\t\t\tdata-order=\"DESC\" \n\t\t\t\tdata-orderby=\"ovaev_start_date_time\" \n\t\t\t\tdata-category-slug=\"all\" \n\t\t\t\tdata-time-event=\"all\">\n\t\t\t<\/div>\n\t\t<\/div>\n\n\t\t<!-- Loader -->\n\t\t<div class=\"wrap_loader\">\n\t\t\t<svg class=\"loader\" width=\"50\" height=\"50\">\n\t\t\t\t<circle cx=\"25\" cy=\"25\" r=\"10\" stroke=\"#a1a1a1\"\/>\n\t\t\t\t<circle cx=\"25\" cy=\"25\" r=\"20\" stroke=\"#a1a1a1\"\/>\n\t\t\t<\/svg>\n\t\t<\/div>\n\t<!-- End Loader -->\n\t<\/div>\n\t<!-- End Events -->\n\n\t<!-- Pagination -->\n\t<div class=\"search-ajax-pagination-wrapper\">\n\t\t\t<div class=\"search-ajax-pagination\" data-total-page=\"68\">\n\t\t\t<ul>\n\t\t\t\t\t\t\t\t\t\t\t\t\t\t\t<li>\n\t\t\t\t\t\t\t<span class=\"prev page-numbers\" data-paged=\"0\">\n\t\t\t\t\t\t\t\tprevio\t\t\t\t\t\t\t<\/span>\n\t\t\t\t\t\t<\/li>\n\t\t\t\t\t\t<li>\n\t\t\t\t\t\t\t<span class=\"page-numbers current\" data-paged=\"1\">\n\t\t\t\t\t\t\t\t1\t\t\t\t\t\t\t<\/span>\n\t\t\t\t\t\t<\/li>\n\t\t\t\t\t\t\t\t\t\t\t\t\t\t\t\t\t\t\t\t<li>\n\t\t\t\t\t\t\t<span class=\"page-numbers\" data-paged=\"2\">\n\t\t\t\t\t\t\t\t2\t\t\t\t\t\t\t<\/span>\n\t\t\t\t\t\t<\/li>\n\t\t\t\t\t\t\t\t\t\t\t\t\t\t\t\t\t\t\t\t<li>\n\t\t\t\t\t\t\t<span class=\"page-numbers\" data-paged=\"3\">\n\t\t\t\t\t\t\t\t3\t\t\t\t\t\t\t<\/span>\n\t\t\t\t\t\t<\/li>\n\t\t\t\t\t\t\t\t\t\t\t\t\t\t\t\t\t\t\t\t<li>\n\t\t\t\t\t\t\t<span class=\"page-numbers\" data-paged=\"4\">\n\t\t\t\t\t\t\t\t4\t\t\t\t\t\t\t<\/span>\n\t\t\t\t\t\t<\/li>\n\t\t\t\t\t\t\t\t\t\t\t\t\t\t\t\t\t\t\t\t<li>\n\t\t\t\t\t\t\t<span class=\"page-numbers\" data-paged=\"5\">\n\t\t\t\t\t\t\t\t5\t\t\t\t\t\t\t<\/span>\n\t\t\t\t\t\t<\/li>\n\t\t\t\t\t\t\t\t\t\t\t\t\t\t\t\t\t\t\t\t<li>\n\t\t\t\t\t\t\t<span class=\"page-numbers\" data-paged=\"6\">\n\t\t\t\t\t\t\t\t6\t\t\t\t\t\t\t<\/span>\n\t\t\t\t\t\t<\/li>\n\t\t\t\t\t\t\t\t\t\t\t\t\t\t\t\t\t\t\t\t<li>\n\t\t\t\t\t\t\t<span class=\"page-numbers\" data-paged=\"7\">\n\t\t\t\t\t\t\t\t7\t\t\t\t\t\t\t<\/span>\n\t\t\t\t\t\t<\/li>\n\t\t\t\t\t\t\t\t\t\t\t\t\t\t\t\t\t\t\t\t<li>\n\t\t\t\t\t\t\t<span class=\"page-numbers\" data-paged=\"8\">\n\t\t\t\t\t\t\t\t8\t\t\t\t\t\t\t<\/span>\n\t\t\t\t\t\t<\/li>\n\t\t\t\t\t\t\t\t\t\t\t\t\t\t\t\t\t\t\t\t<li>\n\t\t\t\t\t\t\t<span class=\"page-numbers\" data-paged=\"9\">\n\t\t\t\t\t\t\t\t9\t\t\t\t\t\t\t<\/span>\n\t\t\t\t\t\t<\/li>\n\t\t\t\t\t\t\t\t\t\t\t\t\t\t\t\t\t\t\t\t<li>\n\t\t\t\t\t\t\t<span class=\"page-numbers\" data-paged=\"10\">\n\t\t\t\t\t\t\t\t10\t\t\t\t\t\t\t<\/span>\n\t\t\t\t\t\t<\/li>\n\t\t\t\t\t\t\t\t\t\t\t\t\t\t\t\t\t\t\t\t<li>\n\t\t\t\t\t\t\t<span class=\"page-numbers\" data-paged=\"11\">\n\t\t\t\t\t\t\t\t11\t\t\t\t\t\t\t<\/span>\n\t\t\t\t\t\t<\/li>\n\t\t\t\t\t\t\t\t\t\t\t\t\t\t\t\t\t\t\t\t<li>\n\t\t\t\t\t\t\t<span class=\"page-numbers\" data-paged=\"12\">\n\t\t\t\t\t\t\t\t12\t\t\t\t\t\t\t<\/span>\n\t\t\t\t\t\t<\/li>\n\t\t\t\t\t\t\t\t\t\t\t\t\t\t\t\t\t\t\t\t<li>\n\t\t\t\t\t\t\t<span class=\"page-numbers\" data-paged=\"13\">\n\t\t\t\t\t\t\t\t13\t\t\t\t\t\t\t<\/span>\n\t\t\t\t\t\t<\/li>\n\t\t\t\t\t\t\t\t\t\t\t\t\t\t\t\t\t\t\t\t<li>\n\t\t\t\t\t\t\t<span class=\"page-numbers\" data-paged=\"14\">\n\t\t\t\t\t\t\t\t14\t\t\t\t\t\t\t<\/span>\n\t\t\t\t\t\t<\/li>\n\t\t\t\t\t\t\t\t\t\t\t\t\t\t\t\t\t\t\t\t<li>\n\t\t\t\t\t\t\t<span class=\"page-numbers\" data-paged=\"15\">\n\t\t\t\t\t\t\t\t15\t\t\t\t\t\t\t<\/span>\n\t\t\t\t\t\t<\/li>\n\t\t\t\t\t\t\t\t\t\t\t\t\t\t\t\t\t\t\t\t<li>\n\t\t\t\t\t\t\t<span class=\"page-numbers\" data-paged=\"16\">\n\t\t\t\t\t\t\t\t16\t\t\t\t\t\t\t<\/span>\n\t\t\t\t\t\t<\/li>\n\t\t\t\t\t\t\t\t\t\t\t\t\t\t\t\t\t\t\t\t<li>\n\t\t\t\t\t\t\t<span class=\"page-numbers\" data-paged=\"17\">\n\t\t\t\t\t\t\t\t17\t\t\t\t\t\t\t<\/span>\n\t\t\t\t\t\t<\/li>\n\t\t\t\t\t\t\t\t\t\t\t\t\t\t\t\t\t\t\t\t<li>\n\t\t\t\t\t\t\t<span class=\"page-numbers\" data-paged=\"18\">\n\t\t\t\t\t\t\t\t18\t\t\t\t\t\t\t<\/span>\n\t\t\t\t\t\t<\/li>\n\t\t\t\t\t\t\t\t\t\t\t\t\t\t\t\t\t\t\t\t<li>\n\t\t\t\t\t\t\t<span class=\"page-numbers\" data-paged=\"19\">\n\t\t\t\t\t\t\t\t19\t\t\t\t\t\t\t<\/span>\n\t\t\t\t\t\t<\/li>\n\t\t\t\t\t\t\t\t\t\t\t\t\t\t\t\t\t\t\t\t<li>\n\t\t\t\t\t\t\t<span class=\"page-numbers\" data-paged=\"20\">\n\t\t\t\t\t\t\t\t20\t\t\t\t\t\t\t<\/span>\n\t\t\t\t\t\t<\/li>\n\t\t\t\t\t\t\t\t\t\t\t\t\t\t\t\t\t\t\t\t<li>\n\t\t\t\t\t\t\t<span class=\"page-numbers\" data-paged=\"21\">\n\t\t\t\t\t\t\t\t21\t\t\t\t\t\t\t<\/span>\n\t\t\t\t\t\t<\/li>\n\t\t\t\t\t\t\t\t\t\t\t\t\t\t\t\t\t\t\t\t<li>\n\t\t\t\t\t\t\t<span class=\"page-numbers\" data-paged=\"22\">\n\t\t\t\t\t\t\t\t22\t\t\t\t\t\t\t<\/span>\n\t\t\t\t\t\t<\/li>\n\t\t\t\t\t\t\t\t\t\t\t\t\t\t\t\t\t\t\t\t<li>\n\t\t\t\t\t\t\t<span class=\"page-numbers\" data-paged=\"23\">\n\t\t\t\t\t\t\t\t23\t\t\t\t\t\t\t<\/span>\n\t\t\t\t\t\t<\/li>\n\t\t\t\t\t\t\t\t\t\t\t\t\t\t\t\t\t\t\t\t<li>\n\t\t\t\t\t\t\t<span class=\"page-numbers\" data-paged=\"24\">\n\t\t\t\t\t\t\t\t24\t\t\t\t\t\t\t<\/span>\n\t\t\t\t\t\t<\/li>\n\t\t\t\t\t\t\t\t\t\t\t\t\t\t\t\t\t\t\t\t<li>\n\t\t\t\t\t\t\t<span class=\"page-numbers\" data-paged=\"25\">\n\t\t\t\t\t\t\t\t25\t\t\t\t\t\t\t<\/span>\n\t\t\t\t\t\t<\/li>\n\t\t\t\t\t\t\t\t\t\t\t\t\t\t\t\t\t\t\t\t<li>\n\t\t\t\t\t\t\t<span class=\"page-numbers\" data-paged=\"26\">\n\t\t\t\t\t\t\t\t26\t\t\t\t\t\t\t<\/span>\n\t\t\t\t\t\t<\/li>\n\t\t\t\t\t\t\t\t\t\t\t\t\t\t\t\t\t\t\t\t<li>\n\t\t\t\t\t\t\t<span class=\"page-numbers\" data-paged=\"27\">\n\t\t\t\t\t\t\t\t27\t\t\t\t\t\t\t<\/span>\n\t\t\t\t\t\t<\/li>\n\t\t\t\t\t\t\t\t\t\t\t\t\t\t\t\t\t\t\t\t<li>\n\t\t\t\t\t\t\t<span class=\"page-numbers\" data-paged=\"28\">\n\t\t\t\t\t\t\t\t28\t\t\t\t\t\t\t<\/span>\n\t\t\t\t\t\t<\/li>\n\t\t\t\t\t\t\t\t\t\t\t\t\t\t\t\t\t\t\t\t<li>\n\t\t\t\t\t\t\t<span class=\"page-numbers\" data-paged=\"29\">\n\t\t\t\t\t\t\t\t29\t\t\t\t\t\t\t<\/span>\n\t\t\t\t\t\t<\/li>\n\t\t\t\t\t\t\t\t\t\t\t\t\t\t\t\t\t\t\t\t<li>\n\t\t\t\t\t\t\t<span class=\"page-numbers\" data-paged=\"30\">\n\t\t\t\t\t\t\t\t30\t\t\t\t\t\t\t<\/span>\n\t\t\t\t\t\t<\/li>\n\t\t\t\t\t\t\t\t\t\t\t\t\t\t\t\t\t\t\t\t<li>\n\t\t\t\t\t\t\t<span class=\"page-numbers\" data-paged=\"31\">\n\t\t\t\t\t\t\t\t31\t\t\t\t\t\t\t<\/span>\n\t\t\t\t\t\t<\/li>\n\t\t\t\t\t\t\t\t\t\t\t\t\t\t\t\t\t\t\t\t<li>\n\t\t\t\t\t\t\t<span class=\"page-numbers\" data-paged=\"32\">\n\t\t\t\t\t\t\t\t32\t\t\t\t\t\t\t<\/span>\n\t\t\t\t\t\t<\/li>\n\t\t\t\t\t\t\t\t\t\t\t\t\t\t\t\t\t\t\t\t<li>\n\t\t\t\t\t\t\t<span class=\"page-numbers\" data-paged=\"33\">\n\t\t\t\t\t\t\t\t33\t\t\t\t\t\t\t<\/span>\n\t\t\t\t\t\t<\/li>\n\t\t\t\t\t\t\t\t\t\t\t\t\t\t\t\t\t\t\t\t<li>\n\t\t\t\t\t\t\t<span class=\"page-numbers\" data-paged=\"34\">\n\t\t\t\t\t\t\t\t34\t\t\t\t\t\t\t<\/span>\n\t\t\t\t\t\t<\/li>\n\t\t\t\t\t\t\t\t\t\t\t\t\t\t\t\t\t\t\t\t<li>\n\t\t\t\t\t\t\t<span class=\"page-numbers\" data-paged=\"35\">\n\t\t\t\t\t\t\t\t35\t\t\t\t\t\t\t<\/span>\n\t\t\t\t\t\t<\/li>\n\t\t\t\t\t\t\t\t\t\t\t\t\t\t\t\t\t\t\t\t<li>\n\t\t\t\t\t\t\t<span class=\"page-numbers\" data-paged=\"36\">\n\t\t\t\t\t\t\t\t36\t\t\t\t\t\t\t<\/span>\n\t\t\t\t\t\t<\/li>\n\t\t\t\t\t\t\t\t\t\t\t\t\t\t\t\t\t\t\t\t<li>\n\t\t\t\t\t\t\t<span class=\"page-numbers\" data-paged=\"37\">\n\t\t\t\t\t\t\t\t37\t\t\t\t\t\t\t<\/span>\n\t\t\t\t\t\t<\/li>\n\t\t\t\t\t\t\t\t\t\t\t\t\t\t\t\t\t\t\t\t<li>\n\t\t\t\t\t\t\t<span class=\"page-numbers\" data-paged=\"38\">\n\t\t\t\t\t\t\t\t38\t\t\t\t\t\t\t<\/span>\n\t\t\t\t\t\t<\/li>\n\t\t\t\t\t\t\t\t\t\t\t\t\t\t\t\t\t\t\t\t<li>\n\t\t\t\t\t\t\t<span class=\"page-numbers\" data-paged=\"39\">\n\t\t\t\t\t\t\t\t39\t\t\t\t\t\t\t<\/span>\n\t\t\t\t\t\t<\/li>\n\t\t\t\t\t\t\t\t\t\t\t\t\t\t\t\t\t\t\t\t<li>\n\t\t\t\t\t\t\t<span class=\"page-numbers\" data-paged=\"40\">\n\t\t\t\t\t\t\t\t40\t\t\t\t\t\t\t<\/span>\n\t\t\t\t\t\t<\/li>\n\t\t\t\t\t\t\t\t\t\t\t\t\t\t\t\t\t\t\t\t<li>\n\t\t\t\t\t\t\t<span class=\"page-numbers\" data-paged=\"41\">\n\t\t\t\t\t\t\t\t41\t\t\t\t\t\t\t<\/span>\n\t\t\t\t\t\t<\/li>\n\t\t\t\t\t\t\t\t\t\t\t\t\t\t\t\t\t\t\t\t<li>\n\t\t\t\t\t\t\t<span class=\"page-numbers\" data-paged=\"42\">\n\t\t\t\t\t\t\t\t42\t\t\t\t\t\t\t<\/span>\n\t\t\t\t\t\t<\/li>\n\t\t\t\t\t\t\t\t\t\t\t\t\t\t\t\t\t\t\t\t<li>\n\t\t\t\t\t\t\t<span class=\"page-numbers\" data-paged=\"43\">\n\t\t\t\t\t\t\t\t43\t\t\t\t\t\t\t<\/span>\n\t\t\t\t\t\t<\/li>\n\t\t\t\t\t\t\t\t\t\t\t\t\t\t\t\t\t\t\t\t<li>\n\t\t\t\t\t\t\t<span class=\"page-numbers\" data-paged=\"44\">\n\t\t\t\t\t\t\t\t44\t\t\t\t\t\t\t<\/span>\n\t\t\t\t\t\t<\/li>\n\t\t\t\t\t\t\t\t\t\t\t\t\t\t\t\t\t\t\t\t<li>\n\t\t\t\t\t\t\t<span class=\"page-numbers\" data-paged=\"45\">\n\t\t\t\t\t\t\t\t45\t\t\t\t\t\t\t<\/span>\n\t\t\t\t\t\t<\/li>\n\t\t\t\t\t\t\t\t\t\t\t\t\t\t\t\t\t\t\t\t<li>\n\t\t\t\t\t\t\t<span class=\"page-numbers\" data-paged=\"46\">\n\t\t\t\t\t\t\t\t46\t\t\t\t\t\t\t<\/span>\n\t\t\t\t\t\t<\/li>\n\t\t\t\t\t\t\t\t\t\t\t\t\t\t\t\t\t\t\t\t<li>\n\t\t\t\t\t\t\t<span class=\"page-numbers\" data-paged=\"47\">\n\t\t\t\t\t\t\t\t47\t\t\t\t\t\t\t<\/span>\n\t\t\t\t\t\t<\/li>\n\t\t\t\t\t\t\t\t\t\t\t\t\t\t\t\t\t\t\t\t<li>\n\t\t\t\t\t\t\t<span class=\"page-numbers\" data-paged=\"48\">\n\t\t\t\t\t\t\t\t48\t\t\t\t\t\t\t<\/span>\n\t\t\t\t\t\t<\/li>\n\t\t\t\t\t\t\t\t\t\t\t\t\t\t\t\t\t\t\t\t<li>\n\t\t\t\t\t\t\t<span class=\"page-numbers\" data-paged=\"49\">\n\t\t\t\t\t\t\t\t49\t\t\t\t\t\t\t<\/span>\n\t\t\t\t\t\t<\/li>\n\t\t\t\t\t\t\t\t\t\t\t\t\t\t\t\t\t\t\t\t<li>\n\t\t\t\t\t\t\t<span class=\"page-numbers\" data-paged=\"50\">\n\t\t\t\t\t\t\t\t50\t\t\t\t\t\t\t<\/span>\n\t\t\t\t\t\t<\/li>\n\t\t\t\t\t\t\t\t\t\t\t\t\t\t\t\t\t\t\t\t<li>\n\t\t\t\t\t\t\t<span class=\"page-numbers\" data-paged=\"51\">\n\t\t\t\t\t\t\t\t51\t\t\t\t\t\t\t<\/span>\n\t\t\t\t\t\t<\/li>\n\t\t\t\t\t\t\t\t\t\t\t\t\t\t\t\t\t\t\t\t<li>\n\t\t\t\t\t\t\t<span class=\"page-numbers\" data-paged=\"52\">\n\t\t\t\t\t\t\t\t52\t\t\t\t\t\t\t<\/span>\n\t\t\t\t\t\t<\/li>\n\t\t\t\t\t\t\t\t\t\t\t\t\t\t\t\t\t\t\t\t<li>\n\t\t\t\t\t\t\t<span class=\"page-numbers\" data-paged=\"53\">\n\t\t\t\t\t\t\t\t53\t\t\t\t\t\t\t<\/span>\n\t\t\t\t\t\t<\/li>\n\t\t\t\t\t\t\t\t\t\t\t\t\t\t\t\t\t\t\t\t<li>\n\t\t\t\t\t\t\t<span class=\"page-numbers\" data-paged=\"54\">\n\t\t\t\t\t\t\t\t54\t\t\t\t\t\t\t<\/span>\n\t\t\t\t\t\t<\/li>\n\t\t\t\t\t\t\t\t\t\t\t\t\t\t\t\t\t\t\t\t<li>\n\t\t\t\t\t\t\t<span class=\"page-numbers\" data-paged=\"55\">\n\t\t\t\t\t\t\t\t55\t\t\t\t\t\t\t<\/span>\n\t\t\t\t\t\t<\/li>\n\t\t\t\t\t\t\t\t\t\t\t\t\t\t\t\t\t\t\t\t<li>\n\t\t\t\t\t\t\t<span class=\"page-numbers\" data-paged=\"56\">\n\t\t\t\t\t\t\t\t56\t\t\t\t\t\t\t<\/span>\n\t\t\t\t\t\t<\/li>\n\t\t\t\t\t\t\t\t\t\t\t\t\t\t\t\t\t\t\t\t<li>\n\t\t\t\t\t\t\t<span class=\"page-numbers\" data-paged=\"57\">\n\t\t\t\t\t\t\t\t57\t\t\t\t\t\t\t<\/span>\n\t\t\t\t\t\t<\/li>\n\t\t\t\t\t\t\t\t\t\t\t\t\t\t\t\t\t\t\t\t<li>\n\t\t\t\t\t\t\t<span class=\"page-numbers\" data-paged=\"58\">\n\t\t\t\t\t\t\t\t58\t\t\t\t\t\t\t<\/span>\n\t\t\t\t\t\t<\/li>\n\t\t\t\t\t\t\t\t\t\t\t\t\t\t\t\t\t\t\t\t<li>\n\t\t\t\t\t\t\t<span class=\"page-numbers\" data-paged=\"59\">\n\t\t\t\t\t\t\t\t59\t\t\t\t\t\t\t<\/span>\n\t\t\t\t\t\t<\/li>\n\t\t\t\t\t\t\t\t\t\t\t\t\t\t\t\t\t\t\t\t<li>\n\t\t\t\t\t\t\t<span class=\"page-numbers\" data-paged=\"60\">\n\t\t\t\t\t\t\t\t60\t\t\t\t\t\t\t<\/span>\n\t\t\t\t\t\t<\/li>\n\t\t\t\t\t\t\t\t\t\t\t\t\t\t\t\t\t\t\t\t<li>\n\t\t\t\t\t\t\t<span class=\"page-numbers\" data-paged=\"61\">\n\t\t\t\t\t\t\t\t61\t\t\t\t\t\t\t<\/span>\n\t\t\t\t\t\t<\/li>\n\t\t\t\t\t\t\t\t\t\t\t\t\t\t\t\t\t\t\t\t<li>\n\t\t\t\t\t\t\t<span class=\"page-numbers\" data-paged=\"62\">\n\t\t\t\t\t\t\t\t62\t\t\t\t\t\t\t<\/span>\n\t\t\t\t\t\t<\/li>\n\t\t\t\t\t\t\t\t\t\t\t\t\t\t\t\t\t\t\t\t<li>\n\t\t\t\t\t\t\t<span class=\"page-numbers\" data-paged=\"63\">\n\t\t\t\t\t\t\t\t63\t\t\t\t\t\t\t<\/span>\n\t\t\t\t\t\t<\/li>\n\t\t\t\t\t\t\t\t\t\t\t\t\t\t\t\t\t\t\t\t<li>\n\t\t\t\t\t\t\t<span class=\"page-numbers\" data-paged=\"64\">\n\t\t\t\t\t\t\t\t64\t\t\t\t\t\t\t<\/span>\n\t\t\t\t\t\t<\/li>\n\t\t\t\t\t\t\t\t\t\t\t\t\t\t\t\t\t\t\t\t<li>\n\t\t\t\t\t\t\t<span class=\"page-numbers\" data-paged=\"65\">\n\t\t\t\t\t\t\t\t65\t\t\t\t\t\t\t<\/span>\n\t\t\t\t\t\t<\/li>\n\t\t\t\t\t\t\t\t\t\t\t\t\t\t\t\t\t\t\t\t<li>\n\t\t\t\t\t\t\t<span class=\"page-numbers\" data-paged=\"66\">\n\t\t\t\t\t\t\t\t66\t\t\t\t\t\t\t<\/span>\n\t\t\t\t\t\t<\/li>\n\t\t\t\t\t\t\t\t\t\t\t\t\t\t\t\t\t\t\t\t<li>\n\t\t\t\t\t\t\t<span class=\"page-numbers\" data-paged=\"67\">\n\t\t\t\t\t\t\t\t67\t\t\t\t\t\t\t<\/span>\n\t\t\t\t\t\t<\/li>\n\t\t\t\t\t\t\t\t\t\t\t\t\t\t\t\t\t\t\t\t<li>\n\t\t\t\t\t\t\t<span class=\"page-numbers\" data-paged=\"68\">\n\t\t\t\t\t\t\t\t68\t\t\t\t\t\t\t<\/span>\n\t\t\t\t\t\t<\/li>\n\t\t\t\t\t\t<li>\n\t\t\t\t\t\t\t<span class=\"next page-numbers\" data-paged=\"2\">\n\t\t\t\t\t\t\t\tSiguiente\t\t\t\t\t\t\t<\/span>\n\t\t\t\t\t\t<\/li>\n\t\t\t\t\t\t\t\t\t\t\t\t<\/ul>\n\t\t<\/div>\n\t\t<!-- End Pagination -->\n\t<\/div>\n\n<\/div>\n\n\t\t<\/div>\n\t\t\t\t<\/div>\n\t\t\t\t\t<\/div>\n\t\t<\/div>\n\t\t\t\t\t<\/div>\n\t\t<\/section>\n\t\t\t\t<section class=\"elementor-section elementor-top-section elementor-element elementor-element-8a81778 elementor-section-boxed elementor-section-height-default elementor-section-height-default\" data-id=\"8a81778\" data-element_type=\"section\">\n\t\t\t\t\t\t<div class=\"elementor-container elementor-column-gap-default\">\n\t\t\t\t\t<div class=\"elementor-column elementor-col-100 elementor-top-column elementor-element elementor-element-0505ee4\" data-id=\"0505ee4\" data-element_type=\"column\">\n\t\t\t<div class=\"elementor-widget-wrap elementor-element-populated\">\n\t\t\t\t\t\t<div class=\"elementor-element elementor-element-8946819 elementor-widget elementor-widget-ova_events_calendar\" data-id=\"8946819\" data-element_type=\"widget\" data-widget_type=\"ova_events_calendar.default\">\n\t\t\t\t<div class=\"elementor-widget-container\">\n\t\t\t\n<div class=\"ovaev_fullcalendar\" \n\t full_events='[{\"start\":\"2022-08-05 20:30\",\"end\":\"2022-08-27 22:00\",\"url\":\"https:\\\/\\\/nunoa.cl\\\/nunoapanorama\\\/event\\\/el-mar-en-la-muralla\\\/\",\"title\":\"El mar en la muralla\",\"desc\":\"<a href=https:\\\/\\\/nunoa.cl\\\/nunoapanorama\\\/event\\\/el-mar-en-la-muralla\\\/><img width=\\\"2560\\\" height=\\\"1707\\\" src=\\\"https:\\\/\\\/nunoa.cl\\\/nunoapanorama\\\/wp-content\\\/uploads\\\/2022\\\/07\\\/el-mar-en-la-muralla-2-teatro-uc-scaled-1.jpg\\\" class=\\\"attachment-post-thumbnail size-post-thumbnail wp-post-image\\\" alt=\\\"\\\" srcset=\\\"https:\\\/\\\/nunoa.cl\\\/nunoapanorama\\\/wp-content\\\/uploads\\\/2022\\\/07\\\/el-mar-en-la-muralla-2-teatro-uc-scaled-1.jpg 2560w, https:\\\/\\\/nunoa.cl\\\/nunoapanorama\\\/wp-content\\\/uploads\\\/2022\\\/07\\\/el-mar-en-la-muralla-2-teatro-uc-scaled-1-300x200.jpg 300w, https:\\\/\\\/nunoa.cl\\\/nunoapanorama\\\/wp-content\\\/uploads\\\/2022\\\/07\\\/el-mar-en-la-muralla-2-teatro-uc-scaled-1-1024x683.jpg 1024w, https:\\\/\\\/nunoa.cl\\\/nunoapanorama\\\/wp-content\\\/uploads\\\/2022\\\/07\\\/el-mar-en-la-muralla-2-teatro-uc-scaled-1-768x512.jpg 768w, https:\\\/\\\/nunoa.cl\\\/nunoapanorama\\\/wp-content\\\/uploads\\\/2022\\\/07\\\/el-mar-en-la-muralla-2-teatro-uc-scaled-1-1536x1024.jpg 1536w, https:\\\/\\\/nunoa.cl\\\/nunoapanorama\\\/wp-content\\\/uploads\\\/2022\\\/07\\\/el-mar-en-la-muralla-2-teatro-uc-scaled-1-2048x1366.jpg 2048w, https:\\\/\\\/nunoa.cl\\\/nunoapanorama\\\/wp-content\\\/uploads\\\/2022\\\/07\\\/el-mar-en-la-muralla-2-teatro-uc-scaled-1-600x400.jpg 600w\\\" sizes=\\\"(max-width: 2560px) 100vw, 2560px\\\" \\\/><\\\/a><p><a href=https:\\\/\\\/nunoa.cl\\\/nunoapanorama\\\/event\\\/el-mar-en-la-muralla\\\/>El mar en la muralla<\\\/a><\\\/p>\",\"special\":\"\"},{\"start\":\"2022-07-28 22:00\",\"end\":\"2022-07-28 23:00\",\"url\":\"https:\\\/\\\/nunoa.cl\\\/nunoapanorama\\\/event\\\/plumas-batuta\\\/\",\"title\":\"Concierto Plumas\",\"desc\":\"<a href=https:\\\/\\\/nunoa.cl\\\/nunoapanorama\\\/event\\\/plumas-batuta\\\/><img width=\\\"835\\\" height=\\\"342\\\" src=\\\"https:\\\/\\\/nunoa.cl\\\/nunoapanorama\\\/wp-content\\\/uploads\\\/2022\\\/07\\\/Captura-de-pantalla-2022-07-13-152249.png\\\" class=\\\"attachment-post-thumbnail size-post-thumbnail wp-post-image\\\" alt=\\\"\\\" srcset=\\\"https:\\\/\\\/nunoa.cl\\\/nunoapanorama\\\/wp-content\\\/uploads\\\/2022\\\/07\\\/Captura-de-pantalla-2022-07-13-152249.png 835w, https:\\\/\\\/nunoa.cl\\\/nunoapanorama\\\/wp-content\\\/uploads\\\/2022\\\/07\\\/Captura-de-pantalla-2022-07-13-152249-300x123.png 300w, https:\\\/\\\/nunoa.cl\\\/nunoapanorama\\\/wp-content\\\/uploads\\\/2022\\\/07\\\/Captura-de-pantalla-2022-07-13-152249-768x315.png 768w, https:\\\/\\\/nunoa.cl\\\/nunoapanorama\\\/wp-content\\\/uploads\\\/2022\\\/07\\\/Captura-de-pantalla-2022-07-13-152249-600x246.png 600w\\\" sizes=\\\"(max-width: 835px) 100vw, 835px\\\" \\\/><\\\/a><p><a href=https:\\\/\\\/nunoa.cl\\\/nunoapanorama\\\/event\\\/plumas-batuta\\\/>Concierto Plumas<\\\/a><\\\/p>\",\"special\":\"\"},{\"start\":\"2022-07-22 23:00\",\"end\":\"1970-01-01 \",\"url\":\"https:\\\/\\\/nunoa.cl\\\/nunoapanorama\\\/event\\\/sexual-democracia\\\/\",\"title\":\"Concierto Sexual Democracia\",\"desc\":\"<a href=https:\\\/\\\/nunoa.cl\\\/nunoapanorama\\\/event\\\/sexual-democracia\\\/><img width=\\\"548\\\" height=\\\"227\\\" src=\\\"https:\\\/\\\/nunoa.cl\\\/nunoapanorama\\\/wp-content\\\/uploads\\\/2022\\\/07\\\/Captura-de-pantalla-2022-07-13-152854.png\\\" class=\\\"attachment-post-thumbnail size-post-thumbnail wp-post-image\\\" alt=\\\"\\\" srcset=\\\"https:\\\/\\\/nunoa.cl\\\/nunoapanorama\\\/wp-content\\\/uploads\\\/2022\\\/07\\\/Captura-de-pantalla-2022-07-13-152854.png 548w, https:\\\/\\\/nunoa.cl\\\/nunoapanorama\\\/wp-content\\\/uploads\\\/2022\\\/07\\\/Captura-de-pantalla-2022-07-13-152854-300x124.png 300w\\\" sizes=\\\"(max-width: 548px) 100vw, 548px\\\" \\\/><\\\/a><p><a href=https:\\\/\\\/nunoa.cl\\\/nunoapanorama\\\/event\\\/sexual-democracia\\\/>Concierto Sexual Democracia<\\\/a><\\\/p>\",\"special\":\"\"},{\"start\":\"2022-08-27 21:00\",\"end\":\"2022-08-27 23:00\",\"url\":\"https:\\\/\\\/nunoa.cl\\\/nunoapanorama\\\/event\\\/eduardo-gatti-lmds\\\/\",\"title\":\"Concierto Eduardo Gatti en Aula Magna del Liceo Manuel de Salas\",\"desc\":\"<a href=https:\\\/\\\/nunoa.cl\\\/nunoapanorama\\\/event\\\/eduardo-gatti-lmds\\\/><img width=\\\"1000\\\" height=\\\"1000\\\" src=\\\"https:\\\/\\\/nunoa.cl\\\/nunoapanorama\\\/wp-content\\\/uploads\\\/2022\\\/08\\\/283.jpg\\\" class=\\\"attachment-post-thumbnail size-post-thumbnail wp-post-image\\\" alt=\\\"\\\" srcset=\\\"https:\\\/\\\/nunoa.cl\\\/nunoapanorama\\\/wp-content\\\/uploads\\\/2022\\\/08\\\/283.jpg 1000w, https:\\\/\\\/nunoa.cl\\\/nunoapanorama\\\/wp-content\\\/uploads\\\/2022\\\/08\\\/283-300x300.jpg 300w, https:\\\/\\\/nunoa.cl\\\/nunoapanorama\\\/wp-content\\\/uploads\\\/2022\\\/08\\\/283-150x150.jpg 150w, https:\\\/\\\/nunoa.cl\\\/nunoapanorama\\\/wp-content\\\/uploads\\\/2022\\\/08\\\/283-768x768.jpg 768w, https:\\\/\\\/nunoa.cl\\\/nunoapanorama\\\/wp-content\\\/uploads\\\/2022\\\/08\\\/283-500x500.jpg 500w, https:\\\/\\\/nunoa.cl\\\/nunoapanorama\\\/wp-content\\\/uploads\\\/2022\\\/08\\\/283-80x80.jpg 80w, https:\\\/\\\/nunoa.cl\\\/nunoapanorama\\\/wp-content\\\/uploads\\\/2022\\\/08\\\/283-600x600.jpg 600w, https:\\\/\\\/nunoa.cl\\\/nunoapanorama\\\/wp-content\\\/uploads\\\/2022\\\/08\\\/283-100x100.jpg 100w\\\" sizes=\\\"(max-width: 1000px) 100vw, 1000px\\\" \\\/><\\\/a><p><a href=https:\\\/\\\/nunoa.cl\\\/nunoapanorama\\\/event\\\/eduardo-gatti-lmds\\\/>Concierto Eduardo Gatti en Aula Magna del Liceo Manuel de Salas<\\\/a><\\\/p>\",\"special\":\"\"},{\"start\":\"2022-08-20 10:30\",\"end\":\"2022-08-20 15:00\",\"url\":\"https:\\\/\\\/nunoa.cl\\\/nunoapanorama\\\/event\\\/visita-cementerio-general-agosto\\\/\",\"title\":\"Visita guiada por el Cementerio General\",\"desc\":\"<a href=https:\\\/\\\/nunoa.cl\\\/nunoapanorama\\\/event\\\/visita-cementerio-general-agosto\\\/><img width=\\\"1080\\\" height=\\\"1080\\\" src=\\\"https:\\\/\\\/nunoa.cl\\\/nunoapanorama\\\/wp-content\\\/uploads\\\/2022\\\/08\\\/Recorridos-patrimonio-post-2-1.png\\\" class=\\\"attachment-post-thumbnail size-post-thumbnail wp-post-image\\\" alt=\\\"\\\" srcset=\\\"https:\\\/\\\/nunoa.cl\\\/nunoapanorama\\\/wp-content\\\/uploads\\\/2022\\\/08\\\/Recorridos-patrimonio-post-2-1.png 1080w, https:\\\/\\\/nunoa.cl\\\/nunoapanorama\\\/wp-content\\\/uploads\\\/2022\\\/08\\\/Recorridos-patrimonio-post-2-1-300x300.png 300w, https:\\\/\\\/nunoa.cl\\\/nunoapanorama\\\/wp-content\\\/uploads\\\/2022\\\/08\\\/Recorridos-patrimonio-post-2-1-1024x1024.png 1024w, https:\\\/\\\/nunoa.cl\\\/nunoapanorama\\\/wp-content\\\/uploads\\\/2022\\\/08\\\/Recorridos-patrimonio-post-2-1-150x150.png 150w, https:\\\/\\\/nunoa.cl\\\/nunoapanorama\\\/wp-content\\\/uploads\\\/2022\\\/08\\\/Recorridos-patrimonio-post-2-1-768x768.png 768w, https:\\\/\\\/nunoa.cl\\\/nunoapanorama\\\/wp-content\\\/uploads\\\/2022\\\/08\\\/Recorridos-patrimonio-post-2-1-500x500.png 500w, https:\\\/\\\/nunoa.cl\\\/nunoapanorama\\\/wp-content\\\/uploads\\\/2022\\\/08\\\/Recorridos-patrimonio-post-2-1-80x80.png 80w, https:\\\/\\\/nunoa.cl\\\/nunoapanorama\\\/wp-content\\\/uploads\\\/2022\\\/08\\\/Recorridos-patrimonio-post-2-1-600x600.png 600w, https:\\\/\\\/nunoa.cl\\\/nunoapanorama\\\/wp-content\\\/uploads\\\/2022\\\/08\\\/Recorridos-patrimonio-post-2-1-100x100.png 100w\\\" sizes=\\\"(max-width: 1080px) 100vw, 1080px\\\" \\\/><\\\/a><p><a href=https:\\\/\\\/nunoa.cl\\\/nunoapanorama\\\/event\\\/visita-cementerio-general-agosto\\\/>Visita guiada por el Cementerio General<\\\/a><\\\/p>\",\"special\":\"\"},{\"start\":\"2022-08-24 10:30\",\"end\":\"2022-08-24 15:00\",\"url\":\"https:\\\/\\\/nunoa.cl\\\/nunoapanorama\\\/event\\\/recorrido-historico-por-santiago\\\/\",\"title\":\"Recorrido Hist\\u00f3rico por Santiago\",\"desc\":\"<a href=https:\\\/\\\/nunoa.cl\\\/nunoapanorama\\\/event\\\/recorrido-historico-por-santiago\\\/><img width=\\\"1080\\\" height=\\\"1080\\\" src=\\\"https:\\\/\\\/nunoa.cl\\\/nunoapanorama\\\/wp-content\\\/uploads\\\/2022\\\/08\\\/Recorridos-patrimonio-post-3.png\\\" class=\\\"attachment-post-thumbnail size-post-thumbnail wp-post-image\\\" alt=\\\"\\\" srcset=\\\"https:\\\/\\\/nunoa.cl\\\/nunoapanorama\\\/wp-content\\\/uploads\\\/2022\\\/08\\\/Recorridos-patrimonio-post-3.png 1080w, https:\\\/\\\/nunoa.cl\\\/nunoapanorama\\\/wp-content\\\/uploads\\\/2022\\\/08\\\/Recorridos-patrimonio-post-3-300x300.png 300w, https:\\\/\\\/nunoa.cl\\\/nunoapanorama\\\/wp-content\\\/uploads\\\/2022\\\/08\\\/Recorridos-patrimonio-post-3-1024x1024.png 1024w, https:\\\/\\\/nunoa.cl\\\/nunoapanorama\\\/wp-content\\\/uploads\\\/2022\\\/08\\\/Recorridos-patrimonio-post-3-150x150.png 150w, https:\\\/\\\/nunoa.cl\\\/nunoapanorama\\\/wp-content\\\/uploads\\\/2022\\\/08\\\/Recorridos-patrimonio-post-3-768x768.png 768w, https:\\\/\\\/nunoa.cl\\\/nunoapanorama\\\/wp-content\\\/uploads\\\/2022\\\/08\\\/Recorridos-patrimonio-post-3-500x500.png 500w, https:\\\/\\\/nunoa.cl\\\/nunoapanorama\\\/wp-content\\\/uploads\\\/2022\\\/08\\\/Recorridos-patrimonio-post-3-80x80.png 80w, https:\\\/\\\/nunoa.cl\\\/nunoapanorama\\\/wp-content\\\/uploads\\\/2022\\\/08\\\/Recorridos-patrimonio-post-3-600x600.png 600w, https:\\\/\\\/nunoa.cl\\\/nunoapanorama\\\/wp-content\\\/uploads\\\/2022\\\/08\\\/Recorridos-patrimonio-post-3-100x100.png 100w\\\" sizes=\\\"(max-width: 1080px) 100vw, 1080px\\\" \\\/><\\\/a><p><a href=https:\\\/\\\/nunoa.cl\\\/nunoapanorama\\\/event\\\/recorrido-historico-por-santiago\\\/>Recorrido Hist\\u00f3rico por Santiago<\\\/a><\\\/p>\",\"special\":\"\"},{\"start\":\"2022-08-04 10:00\",\"end\":\"2022-08-19 17:00\",\"url\":\"https:\\\/\\\/nunoa.cl\\\/nunoapanorama\\\/event\\\/exposicion-mal-de-diogenes-de-kevin-parra-avendano\\\/\",\"title\":\"Exposici\\u00f3n &#8220;Mal de Di\\u00f3genes&#8221; de Kevin Parra Avenda\\u00f1o\",\"desc\":\"<a href=https:\\\/\\\/nunoa.cl\\\/nunoapanorama\\\/event\\\/exposicion-mal-de-diogenes-de-kevin-parra-avendano\\\/><img width=\\\"1684\\\" height=\\\"1264\\\" src=\\\"https:\\\/\\\/nunoa.cl\\\/nunoapanorama\\\/wp-content\\\/uploads\\\/2022\\\/08\\\/Mal-de-Dio\\u0301genes-01-1.jpg\\\" class=\\\"attachment-post-thumbnail size-post-thumbnail wp-post-image\\\" alt=\\\"\\\" srcset=\\\"https:\\\/\\\/nunoa.cl\\\/nunoapanorama\\\/wp-content\\\/uploads\\\/2022\\\/08\\\/Mal-de-Dio\\u0301genes-01-1.jpg 1684w, https:\\\/\\\/nunoa.cl\\\/nunoapanorama\\\/wp-content\\\/uploads\\\/2022\\\/08\\\/Mal-de-Dio\\u0301genes-01-1-300x225.jpg 300w, https:\\\/\\\/nunoa.cl\\\/nunoapanorama\\\/wp-content\\\/uploads\\\/2022\\\/08\\\/Mal-de-Dio\\u0301genes-01-1-1024x769.jpg 1024w, https:\\\/\\\/nunoa.cl\\\/nunoapanorama\\\/wp-content\\\/uploads\\\/2022\\\/08\\\/Mal-de-Dio\\u0301genes-01-1-768x576.jpg 768w, https:\\\/\\\/nunoa.cl\\\/nunoapanorama\\\/wp-content\\\/uploads\\\/2022\\\/08\\\/Mal-de-Dio\\u0301genes-01-1-1536x1153.jpg 1536w, https:\\\/\\\/nunoa.cl\\\/nunoapanorama\\\/wp-content\\\/uploads\\\/2022\\\/08\\\/Mal-de-Dio\\u0301genes-01-1-600x450.jpg 600w\\\" sizes=\\\"(max-width: 1684px) 100vw, 1684px\\\" \\\/><\\\/a><p><a href=https:\\\/\\\/nunoa.cl\\\/nunoapanorama\\\/event\\\/exposicion-mal-de-diogenes-de-kevin-parra-avendano\\\/>Exposici\\u00f3n &#8220;Mal de Di\\u00f3genes&#8221; de Kevin Parra Avenda\\u00f1o<\\\/a><\\\/p>\",\"special\":\"\"},{\"start\":\"2022-08-12 21:00\",\"end\":\"2022-08-12 23:30\",\"url\":\"https:\\\/\\\/nunoa.cl\\\/nunoapanorama\\\/event\\\/ballbreakers-en-rbx\\\/\",\"title\":\"Ballbreakers en RBX\",\"desc\":\"<a href=https:\\\/\\\/nunoa.cl\\\/nunoapanorama\\\/event\\\/ballbreakers-en-rbx\\\/><img width=\\\"1000\\\" height=\\\"1000\\\" src=\\\"https:\\\/\\\/nunoa.cl\\\/nunoapanorama\\\/wp-content\\\/uploads\\\/2022\\\/08\\\/WhatsApp-Image-2022-07-29-at-6.30.07-PM-Sebastian-WowPro.jpeg\\\" class=\\\"attachment-post-thumbnail size-post-thumbnail wp-post-image\\\" alt=\\\"\\\" srcset=\\\"https:\\\/\\\/nunoa.cl\\\/nunoapanorama\\\/wp-content\\\/uploads\\\/2022\\\/08\\\/WhatsApp-Image-2022-07-29-at-6.30.07-PM-Sebastian-WowPro.jpeg 1000w, https:\\\/\\\/nunoa.cl\\\/nunoapanorama\\\/wp-content\\\/uploads\\\/2022\\\/08\\\/WhatsApp-Image-2022-07-29-at-6.30.07-PM-Sebastian-WowPro-300x300.jpeg 300w, https:\\\/\\\/nunoa.cl\\\/nunoapanorama\\\/wp-content\\\/uploads\\\/2022\\\/08\\\/WhatsApp-Image-2022-07-29-at-6.30.07-PM-Sebastian-WowPro-150x150.jpeg 150w, https:\\\/\\\/nunoa.cl\\\/nunoapanorama\\\/wp-content\\\/uploads\\\/2022\\\/08\\\/WhatsApp-Image-2022-07-29-at-6.30.07-PM-Sebastian-WowPro-768x768.jpeg 768w, https:\\\/\\\/nunoa.cl\\\/nunoapanorama\\\/wp-content\\\/uploads\\\/2022\\\/08\\\/WhatsApp-Image-2022-07-29-at-6.30.07-PM-Sebastian-WowPro-500x500.jpeg 500w, https:\\\/\\\/nunoa.cl\\\/nunoapanorama\\\/wp-content\\\/uploads\\\/2022\\\/08\\\/WhatsApp-Image-2022-07-29-at-6.30.07-PM-Sebastian-WowPro-80x80.jpeg 80w, https:\\\/\\\/nunoa.cl\\\/nunoapanorama\\\/wp-content\\\/uploads\\\/2022\\\/08\\\/WhatsApp-Image-2022-07-29-at-6.30.07-PM-Sebastian-WowPro-600x600.jpeg 600w, https:\\\/\\\/nunoa.cl\\\/nunoapanorama\\\/wp-content\\\/uploads\\\/2022\\\/08\\\/WhatsApp-Image-2022-07-29-at-6.30.07-PM-Sebastian-WowPro-100x100.jpeg 100w\\\" sizes=\\\"(max-width: 1000px) 100vw, 1000px\\\" \\\/><\\\/a><p><a href=https:\\\/\\\/nunoa.cl\\\/nunoapanorama\\\/event\\\/ballbreakers-en-rbx\\\/>Ballbreakers en RBX<\\\/a><\\\/p>\",\"special\":\"\"},{\"start\":\"2022-08-14 18:00\",\"end\":\"2022-08-14 22:00\",\"url\":\"https:\\\/\\\/nunoa.cl\\\/nunoapanorama\\\/event\\\/rbx-presenta-stormbringer\\\/\",\"title\":\"RBX Presenta StormBringer\",\"desc\":\"<a href=https:\\\/\\\/nunoa.cl\\\/nunoapanorama\\\/event\\\/rbx-presenta-stormbringer\\\/><img width=\\\"640\\\" height=\\\"836\\\" src=\\\"https:\\\/\\\/nunoa.cl\\\/nunoapanorama\\\/wp-content\\\/uploads\\\/2022\\\/08\\\/WhatsApp-Image-2022-08-09-at-4.02.51-PM-Sebastian-WowPro.jpeg\\\" class=\\\"attachment-post-thumbnail size-post-thumbnail wp-post-image\\\" alt=\\\"\\\" srcset=\\\"https:\\\/\\\/nunoa.cl\\\/nunoapanorama\\\/wp-content\\\/uploads\\\/2022\\\/08\\\/WhatsApp-Image-2022-08-09-at-4.02.51-PM-Sebastian-WowPro.jpeg 640w, https:\\\/\\\/nunoa.cl\\\/nunoapanorama\\\/wp-content\\\/uploads\\\/2022\\\/08\\\/WhatsApp-Image-2022-08-09-at-4.02.51-PM-Sebastian-WowPro-230x300.jpeg 230w, https:\\\/\\\/nunoa.cl\\\/nunoapanorama\\\/wp-content\\\/uploads\\\/2022\\\/08\\\/WhatsApp-Image-2022-08-09-at-4.02.51-PM-Sebastian-WowPro-600x784.jpeg 600w\\\" sizes=\\\"(max-width: 640px) 100vw, 640px\\\" \\\/><\\\/a><p><a href=https:\\\/\\\/nunoa.cl\\\/nunoapanorama\\\/event\\\/rbx-presenta-stormbringer\\\/>RBX Presenta StormBringer<\\\/a><\\\/p>\",\"special\":\"\"},{\"start\":\"2022-08-27 21:00\",\"end\":\"1970-01-01 \",\"url\":\"https:\\\/\\\/nunoa.cl\\\/nunoapanorama\\\/event\\\/rbx-presenta-tell-mama\\\/\",\"title\":\"RBX presenta Tell Mama\",\"desc\":\"<a href=https:\\\/\\\/nunoa.cl\\\/nunoapanorama\\\/event\\\/rbx-presenta-tell-mama\\\/><img width=\\\"1000\\\" height=\\\"1000\\\" src=\\\"https:\\\/\\\/nunoa.cl\\\/nunoapanorama\\\/wp-content\\\/uploads\\\/2022\\\/08\\\/WhatsApp-Image-2022-07-29-at-6.43.51-PM-Sebastian-WowPro.jpeg\\\" class=\\\"attachment-post-thumbnail size-post-thumbnail wp-post-image\\\" alt=\\\"\\\" srcset=\\\"https:\\\/\\\/nunoa.cl\\\/nunoapanorama\\\/wp-content\\\/uploads\\\/2022\\\/08\\\/WhatsApp-Image-2022-07-29-at-6.43.51-PM-Sebastian-WowPro.jpeg 1000w, https:\\\/\\\/nunoa.cl\\\/nunoapanorama\\\/wp-content\\\/uploads\\\/2022\\\/08\\\/WhatsApp-Image-2022-07-29-at-6.43.51-PM-Sebastian-WowPro-300x300.jpeg 300w, https:\\\/\\\/nunoa.cl\\\/nunoapanorama\\\/wp-content\\\/uploads\\\/2022\\\/08\\\/WhatsApp-Image-2022-07-29-at-6.43.51-PM-Sebastian-WowPro-150x150.jpeg 150w, https:\\\/\\\/nunoa.cl\\\/nunoapanorama\\\/wp-content\\\/uploads\\\/2022\\\/08\\\/WhatsApp-Image-2022-07-29-at-6.43.51-PM-Sebastian-WowPro-768x768.jpeg 768w, https:\\\/\\\/nunoa.cl\\\/nunoapanorama\\\/wp-content\\\/uploads\\\/2022\\\/08\\\/WhatsApp-Image-2022-07-29-at-6.43.51-PM-Sebastian-WowPro-500x500.jpeg 500w, https:\\\/\\\/nunoa.cl\\\/nunoapanorama\\\/wp-content\\\/uploads\\\/2022\\\/08\\\/WhatsApp-Image-2022-07-29-at-6.43.51-PM-Sebastian-WowPro-80x80.jpeg 80w, https:\\\/\\\/nunoa.cl\\\/nunoapanorama\\\/wp-content\\\/uploads\\\/2022\\\/08\\\/WhatsApp-Image-2022-07-29-at-6.43.51-PM-Sebastian-WowPro-600x600.jpeg 600w, https:\\\/\\\/nunoa.cl\\\/nunoapanorama\\\/wp-content\\\/uploads\\\/2022\\\/08\\\/WhatsApp-Image-2022-07-29-at-6.43.51-PM-Sebastian-WowPro-100x100.jpeg 100w\\\" sizes=\\\"(max-width: 1000px) 100vw, 1000px\\\" \\\/><\\\/a><p><a href=https:\\\/\\\/nunoa.cl\\\/nunoapanorama\\\/event\\\/rbx-presenta-tell-mama\\\/>RBX presenta Tell Mama<\\\/a><\\\/p>\",\"special\":\"\"},{\"start\":\"2022-08-20 21:00\",\"end\":\"2022-08-20 00:00\",\"url\":\"https:\\\/\\\/nunoa.cl\\\/nunoapanorama\\\/event\\\/rbx-presenta-a-ribo-y-im28z\\\/\",\"title\":\"RBX presenta a RIBO y IM28Z\",\"desc\":\"<a href=https:\\\/\\\/nunoa.cl\\\/nunoapanorama\\\/event\\\/rbx-presenta-a-ribo-y-im28z\\\/><img width=\\\"1000\\\" height=\\\"999\\\" src=\\\"https:\\\/\\\/nunoa.cl\\\/nunoapanorama\\\/wp-content\\\/uploads\\\/2022\\\/08\\\/WhatsApp-Image-2022-07-05-at-10.33.21-AM-Sebastian-WowPro.jpeg\\\" class=\\\"attachment-post-thumbnail size-post-thumbnail wp-post-image\\\" alt=\\\"\\\" srcset=\\\"https:\\\/\\\/nunoa.cl\\\/nunoapanorama\\\/wp-content\\\/uploads\\\/2022\\\/08\\\/WhatsApp-Image-2022-07-05-at-10.33.21-AM-Sebastian-WowPro.jpeg 1000w, https:\\\/\\\/nunoa.cl\\\/nunoapanorama\\\/wp-content\\\/uploads\\\/2022\\\/08\\\/WhatsApp-Image-2022-07-05-at-10.33.21-AM-Sebastian-WowPro-300x300.jpeg 300w, https:\\\/\\\/nunoa.cl\\\/nunoapanorama\\\/wp-content\\\/uploads\\\/2022\\\/08\\\/WhatsApp-Image-2022-07-05-at-10.33.21-AM-Sebastian-WowPro-150x150.jpeg 150w, https:\\\/\\\/nunoa.cl\\\/nunoapanorama\\\/wp-content\\\/uploads\\\/2022\\\/08\\\/WhatsApp-Image-2022-07-05-at-10.33.21-AM-Sebastian-WowPro-768x767.jpeg 768w, https:\\\/\\\/nunoa.cl\\\/nunoapanorama\\\/wp-content\\\/uploads\\\/2022\\\/08\\\/WhatsApp-Image-2022-07-05-at-10.33.21-AM-Sebastian-WowPro-500x500.jpeg 500w, https:\\\/\\\/nunoa.cl\\\/nunoapanorama\\\/wp-content\\\/uploads\\\/2022\\\/08\\\/WhatsApp-Image-2022-07-05-at-10.33.21-AM-Sebastian-WowPro-80x80.jpeg 80w, https:\\\/\\\/nunoa.cl\\\/nunoapanorama\\\/wp-content\\\/uploads\\\/2022\\\/08\\\/WhatsApp-Image-2022-07-05-at-10.33.21-AM-Sebastian-WowPro-600x599.jpeg 600w, https:\\\/\\\/nunoa.cl\\\/nunoapanorama\\\/wp-content\\\/uploads\\\/2022\\\/08\\\/WhatsApp-Image-2022-07-05-at-10.33.21-AM-Sebastian-WowPro-100x100.jpeg 100w\\\" sizes=\\\"(max-width: 1000px) 100vw, 1000px\\\" \\\/><\\\/a><p><a href=https:\\\/\\\/nunoa.cl\\\/nunoapanorama\\\/event\\\/rbx-presenta-a-ribo-y-im28z\\\/>RBX presenta a RIBO y IM28Z<\\\/a><\\\/p>\",\"special\":\"\"},{\"start\":\"2022-08-19 21:00\",\"end\":\"1970-01-01 \",\"url\":\"https:\\\/\\\/nunoa.cl\\\/nunoapanorama\\\/event\\\/rbx-presenta-metalcollection\\\/\",\"title\":\"RBX Presenta METALCOLLECTION\",\"desc\":\"<a href=https:\\\/\\\/nunoa.cl\\\/nunoapanorama\\\/event\\\/rbx-presenta-metalcollection\\\/><img width=\\\"1130\\\" height=\\\"1130\\\" src=\\\"https:\\\/\\\/nunoa.cl\\\/nunoapanorama\\\/wp-content\\\/uploads\\\/2022\\\/08\\\/WhatsApp-Image-2022-08-09-at-5.32.29-PM-Sebastian-WowPro.jpeg\\\" class=\\\"attachment-post-thumbnail size-post-thumbnail wp-post-image\\\" alt=\\\"\\\" srcset=\\\"https:\\\/\\\/nunoa.cl\\\/nunoapanorama\\\/wp-content\\\/uploads\\\/2022\\\/08\\\/WhatsApp-Image-2022-08-09-at-5.32.29-PM-Sebastian-WowPro.jpeg 1130w, https:\\\/\\\/nunoa.cl\\\/nunoapanorama\\\/wp-content\\\/uploads\\\/2022\\\/08\\\/WhatsApp-Image-2022-08-09-at-5.32.29-PM-Sebastian-WowPro-300x300.jpeg 300w, https:\\\/\\\/nunoa.cl\\\/nunoapanorama\\\/wp-content\\\/uploads\\\/2022\\\/08\\\/WhatsApp-Image-2022-08-09-at-5.32.29-PM-Sebastian-WowPro-1024x1024.jpeg 1024w, https:\\\/\\\/nunoa.cl\\\/nunoapanorama\\\/wp-content\\\/uploads\\\/2022\\\/08\\\/WhatsApp-Image-2022-08-09-at-5.32.29-PM-Sebastian-WowPro-150x150.jpeg 150w, https:\\\/\\\/nunoa.cl\\\/nunoapanorama\\\/wp-content\\\/uploads\\\/2022\\\/08\\\/WhatsApp-Image-2022-08-09-at-5.32.29-PM-Sebastian-WowPro-768x768.jpeg 768w, https:\\\/\\\/nunoa.cl\\\/nunoapanorama\\\/wp-content\\\/uploads\\\/2022\\\/08\\\/WhatsApp-Image-2022-08-09-at-5.32.29-PM-Sebastian-WowPro-500x500.jpeg 500w, https:\\\/\\\/nunoa.cl\\\/nunoapanorama\\\/wp-content\\\/uploads\\\/2022\\\/08\\\/WhatsApp-Image-2022-08-09-at-5.32.29-PM-Sebastian-WowPro-80x80.jpeg 80w, https:\\\/\\\/nunoa.cl\\\/nunoapanorama\\\/wp-content\\\/uploads\\\/2022\\\/08\\\/WhatsApp-Image-2022-08-09-at-5.32.29-PM-Sebastian-WowPro-600x600.jpeg 600w, https:\\\/\\\/nunoa.cl\\\/nunoapanorama\\\/wp-content\\\/uploads\\\/2022\\\/08\\\/WhatsApp-Image-2022-08-09-at-5.32.29-PM-Sebastian-WowPro-100x100.jpeg 100w\\\" sizes=\\\"(max-width: 1130px) 100vw, 1130px\\\" \\\/><\\\/a><p><a href=https:\\\/\\\/nunoa.cl\\\/nunoapanorama\\\/event\\\/rbx-presenta-metalcollection\\\/>RBX Presenta METALCOLLECTION<\\\/a><\\\/p>\",\"special\":\"\"},{\"start\":\"2022-08-19 00:00\",\"end\":\"1970-01-01 \",\"url\":\"https:\\\/\\\/nunoa.cl\\\/nunoapanorama\\\/event\\\/rbx-presenta-a-dj-catboy-y-dj-fader\\\/\",\"title\":\"Fiesta 80-90: DJ CATBOY &#038; DJ FADER\",\"desc\":\"<a href=https:\\\/\\\/nunoa.cl\\\/nunoapanorama\\\/event\\\/rbx-presenta-a-dj-catboy-y-dj-fader\\\/><img width=\\\"1000\\\" height=\\\"1000\\\" src=\\\"https:\\\/\\\/nunoa.cl\\\/nunoapanorama\\\/wp-content\\\/uploads\\\/2022\\\/08\\\/WhatsApp-Image-2022-08-09-at-6.34.20-PM-Sebastian-WowPro.jpeg\\\" class=\\\"attachment-post-thumbnail size-post-thumbnail wp-post-image\\\" alt=\\\"\\\" srcset=\\\"https:\\\/\\\/nunoa.cl\\\/nunoapanorama\\\/wp-content\\\/uploads\\\/2022\\\/08\\\/WhatsApp-Image-2022-08-09-at-6.34.20-PM-Sebastian-WowPro.jpeg 1000w, https:\\\/\\\/nunoa.cl\\\/nunoapanorama\\\/wp-content\\\/uploads\\\/2022\\\/08\\\/WhatsApp-Image-2022-08-09-at-6.34.20-PM-Sebastian-WowPro-300x300.jpeg 300w, https:\\\/\\\/nunoa.cl\\\/nunoapanorama\\\/wp-content\\\/uploads\\\/2022\\\/08\\\/WhatsApp-Image-2022-08-09-at-6.34.20-PM-Sebastian-WowPro-150x150.jpeg 150w, https:\\\/\\\/nunoa.cl\\\/nunoapanorama\\\/wp-content\\\/uploads\\\/2022\\\/08\\\/WhatsApp-Image-2022-08-09-at-6.34.20-PM-Sebastian-WowPro-768x768.jpeg 768w, https:\\\/\\\/nunoa.cl\\\/nunoapanorama\\\/wp-content\\\/uploads\\\/2022\\\/08\\\/WhatsApp-Image-2022-08-09-at-6.34.20-PM-Sebastian-WowPro-500x500.jpeg 500w, https:\\\/\\\/nunoa.cl\\\/nunoapanorama\\\/wp-content\\\/uploads\\\/2022\\\/08\\\/WhatsApp-Image-2022-08-09-at-6.34.20-PM-Sebastian-WowPro-80x80.jpeg 80w, https:\\\/\\\/nunoa.cl\\\/nunoapanorama\\\/wp-content\\\/uploads\\\/2022\\\/08\\\/WhatsApp-Image-2022-08-09-at-6.34.20-PM-Sebastian-WowPro-600x600.jpeg 600w, https:\\\/\\\/nunoa.cl\\\/nunoapanorama\\\/wp-content\\\/uploads\\\/2022\\\/08\\\/WhatsApp-Image-2022-08-09-at-6.34.20-PM-Sebastian-WowPro-100x100.jpeg 100w\\\" sizes=\\\"(max-width: 1000px) 100vw, 1000px\\\" \\\/><\\\/a><p><a href=https:\\\/\\\/nunoa.cl\\\/nunoapanorama\\\/event\\\/rbx-presenta-a-dj-catboy-y-dj-fader\\\/>Fiesta 80-90: DJ CATBOY &#038; DJ FADER<\\\/a><\\\/p>\",\"special\":\"\"},{\"start\":\"2022-08-20 21:00\",\"end\":\"1970-01-01 \",\"url\":\"https:\\\/\\\/nunoa.cl\\\/nunoapanorama\\\/event\\\/obra-de-teatro-el-divino-anticristo\\\/\",\"title\":\"Obra de Teatro &#8220;El divino anticristo\\u201d\",\"desc\":\"<a href=https:\\\/\\\/nunoa.cl\\\/nunoapanorama\\\/event\\\/obra-de-teatro-el-divino-anticristo\\\/><img width=\\\"1024\\\" height=\\\"1280\\\" src=\\\"https:\\\/\\\/nunoa.cl\\\/nunoapanorama\\\/wp-content\\\/uploads\\\/2022\\\/08\\\/WhatsApp-Image-2022-08-08-at-4.43.48-PM-1-Espacio-Incluir.jpeg\\\" class=\\\"attachment-post-thumbnail size-post-thumbnail wp-post-image\\\" alt=\\\"\\\" srcset=\\\"https:\\\/\\\/nunoa.cl\\\/nunoapanorama\\\/wp-content\\\/uploads\\\/2022\\\/08\\\/WhatsApp-Image-2022-08-08-at-4.43.48-PM-1-Espacio-Incluir.jpeg 1024w, https:\\\/\\\/nunoa.cl\\\/nunoapanorama\\\/wp-content\\\/uploads\\\/2022\\\/08\\\/WhatsApp-Image-2022-08-08-at-4.43.48-PM-1-Espacio-Incluir-240x300.jpeg 240w, https:\\\/\\\/nunoa.cl\\\/nunoapanorama\\\/wp-content\\\/uploads\\\/2022\\\/08\\\/WhatsApp-Image-2022-08-08-at-4.43.48-PM-1-Espacio-Incluir-819x1024.jpeg 819w, https:\\\/\\\/nunoa.cl\\\/nunoapanorama\\\/wp-content\\\/uploads\\\/2022\\\/08\\\/WhatsApp-Image-2022-08-08-at-4.43.48-PM-1-Espacio-Incluir-768x960.jpeg 768w, https:\\\/\\\/nunoa.cl\\\/nunoapanorama\\\/wp-content\\\/uploads\\\/2022\\\/08\\\/WhatsApp-Image-2022-08-08-at-4.43.48-PM-1-Espacio-Incluir-600x750.jpeg 600w\\\" sizes=\\\"(max-width: 1024px) 100vw, 1024px\\\" \\\/><\\\/a><p><a href=https:\\\/\\\/nunoa.cl\\\/nunoapanorama\\\/event\\\/obra-de-teatro-el-divino-anticristo\\\/>Obra de Teatro &#8220;El divino anticristo\\u201d<\\\/a><\\\/p>\",\"special\":\"checked\"},{\"start\":\"2022-08-21 12:30\",\"end\":\"1970-01-01 \",\"url\":\"https:\\\/\\\/nunoa.cl\\\/nunoapanorama\\\/event\\\/obra-de-teatro-la-familia-gato-quiere-un-buen-trato-trato\\\/\",\"title\":\"Obra de Teatro: La Familia Gato quiere un Buen Trato\",\"desc\":\"<a href=https:\\\/\\\/nunoa.cl\\\/nunoapanorama\\\/event\\\/obra-de-teatro-la-familia-gato-quiere-un-buen-trato-trato\\\/><img width=\\\"984\\\" height=\\\"1280\\\" src=\\\"https:\\\/\\\/nunoa.cl\\\/nunoapanorama\\\/wp-content\\\/uploads\\\/2022\\\/08\\\/WhatsApp-Image-2022-08-10-at-1.28.17-PM-Espacio-Incluir.jpeg\\\" class=\\\"attachment-post-thumbnail size-post-thumbnail wp-post-image\\\" alt=\\\"\\\" srcset=\\\"https:\\\/\\\/nunoa.cl\\\/nunoapanorama\\\/wp-content\\\/uploads\\\/2022\\\/08\\\/WhatsApp-Image-2022-08-10-at-1.28.17-PM-Espacio-Incluir.jpeg 984w, https:\\\/\\\/nunoa.cl\\\/nunoapanorama\\\/wp-content\\\/uploads\\\/2022\\\/08\\\/WhatsApp-Image-2022-08-10-at-1.28.17-PM-Espacio-Incluir-231x300.jpeg 231w, https:\\\/\\\/nunoa.cl\\\/nunoapanorama\\\/wp-content\\\/uploads\\\/2022\\\/08\\\/WhatsApp-Image-2022-08-10-at-1.28.17-PM-Espacio-Incluir-787x1024.jpeg 787w, https:\\\/\\\/nunoa.cl\\\/nunoapanorama\\\/wp-content\\\/uploads\\\/2022\\\/08\\\/WhatsApp-Image-2022-08-10-at-1.28.17-PM-Espacio-Incluir-768x999.jpeg 768w, https:\\\/\\\/nunoa.cl\\\/nunoapanorama\\\/wp-content\\\/uploads\\\/2022\\\/08\\\/WhatsApp-Image-2022-08-10-at-1.28.17-PM-Espacio-Incluir-600x780.jpeg 600w\\\" sizes=\\\"(max-width: 984px) 100vw, 984px\\\" \\\/><\\\/a><p><a href=https:\\\/\\\/nunoa.cl\\\/nunoapanorama\\\/event\\\/obra-de-teatro-la-familia-gato-quiere-un-buen-trato-trato\\\/>Obra de Teatro: La Familia Gato quiere un Buen Trato<\\\/a><\\\/p>\",\"special\":\"checked\"},{\"start\":\"2022-09-01 17:00\",\"end\":\"2022-09-03 21:00\",\"url\":\"https:\\\/\\\/nunoa.cl\\\/nunoapanorama\\\/event\\\/deco-y-artesania-emprendedores-varios\\\/\",\"title\":\"Deco y Artesan\\u00eda Emprendedores Varios\",\"desc\":\"<a href=https:\\\/\\\/nunoa.cl\\\/nunoapanorama\\\/event\\\/deco-y-artesania-emprendedores-varios\\\/><img width=\\\"863\\\" height=\\\"863\\\" src=\\\"https:\\\/\\\/nunoa.cl\\\/nunoapanorama\\\/wp-content\\\/uploads\\\/2022\\\/08\\\/IMG_20220812_230838_550-Karen-Henseleit.jpg\\\" class=\\\"attachment-post-thumbnail size-post-thumbnail wp-post-image\\\" alt=\\\"\\\" srcset=\\\"https:\\\/\\\/nunoa.cl\\\/nunoapanorama\\\/wp-content\\\/uploads\\\/2022\\\/08\\\/IMG_20220812_230838_550-Karen-Henseleit.jpg 863w, https:\\\/\\\/nunoa.cl\\\/nunoapanorama\\\/wp-content\\\/uploads\\\/2022\\\/08\\\/IMG_20220812_230838_550-Karen-Henseleit-300x300.jpg 300w, https:\\\/\\\/nunoa.cl\\\/nunoapanorama\\\/wp-content\\\/uploads\\\/2022\\\/08\\\/IMG_20220812_230838_550-Karen-Henseleit-150x150.jpg 150w, https:\\\/\\\/nunoa.cl\\\/nunoapanorama\\\/wp-content\\\/uploads\\\/2022\\\/08\\\/IMG_20220812_230838_550-Karen-Henseleit-768x768.jpg 768w, https:\\\/\\\/nunoa.cl\\\/nunoapanorama\\\/wp-content\\\/uploads\\\/2022\\\/08\\\/IMG_20220812_230838_550-Karen-Henseleit-500x500.jpg 500w, https:\\\/\\\/nunoa.cl\\\/nunoapanorama\\\/wp-content\\\/uploads\\\/2022\\\/08\\\/IMG_20220812_230838_550-Karen-Henseleit-80x80.jpg 80w, https:\\\/\\\/nunoa.cl\\\/nunoapanorama\\\/wp-content\\\/uploads\\\/2022\\\/08\\\/IMG_20220812_230838_550-Karen-Henseleit-600x600.jpg 600w, https:\\\/\\\/nunoa.cl\\\/nunoapanorama\\\/wp-content\\\/uploads\\\/2022\\\/08\\\/IMG_20220812_230838_550-Karen-Henseleit-100x100.jpg 100w\\\" sizes=\\\"(max-width: 863px) 100vw, 863px\\\" \\\/><\\\/a><p><a href=https:\\\/\\\/nunoa.cl\\\/nunoapanorama\\\/event\\\/deco-y-artesania-emprendedores-varios\\\/>Deco y Artesan\\u00eda Emprendedores Varios<\\\/a><\\\/p>\",\"special\":\"\"},{\"start\":\"2022-08-20 16:00\",\"end\":\"2022-08-21 19:00\",\"url\":\"https:\\\/\\\/nunoa.cl\\\/nunoapanorama\\\/event\\\/variete-galeria-de-experiencias\\\/\",\"title\":\"Variet\\u00e9 &#8220;Galer\\u00eda de Experiencias&#8221;\",\"desc\":\"<a href=https:\\\/\\\/nunoa.cl\\\/nunoapanorama\\\/event\\\/variete-galeria-de-experiencias\\\/><img width=\\\"1080\\\" height=\\\"1080\\\" src=\\\"https:\\\/\\\/nunoa.cl\\\/nunoapanorama\\\/wp-content\\\/uploads\\\/2022\\\/08\\\/feed-El-Cachafaz.jpg\\\" class=\\\"attachment-post-thumbnail size-post-thumbnail wp-post-image\\\" alt=\\\"\\\" srcset=\\\"https:\\\/\\\/nunoa.cl\\\/nunoapanorama\\\/wp-content\\\/uploads\\\/2022\\\/08\\\/feed-El-Cachafaz.jpg 1080w, https:\\\/\\\/nunoa.cl\\\/nunoapanorama\\\/wp-content\\\/uploads\\\/2022\\\/08\\\/feed-El-Cachafaz-300x300.jpg 300w, https:\\\/\\\/nunoa.cl\\\/nunoapanorama\\\/wp-content\\\/uploads\\\/2022\\\/08\\\/feed-El-Cachafaz-1024x1024.jpg 1024w, https:\\\/\\\/nunoa.cl\\\/nunoapanorama\\\/wp-content\\\/uploads\\\/2022\\\/08\\\/feed-El-Cachafaz-150x150.jpg 150w, https:\\\/\\\/nunoa.cl\\\/nunoapanorama\\\/wp-content\\\/uploads\\\/2022\\\/08\\\/feed-El-Cachafaz-768x768.jpg 768w, https:\\\/\\\/nunoa.cl\\\/nunoapanorama\\\/wp-content\\\/uploads\\\/2022\\\/08\\\/feed-El-Cachafaz-500x500.jpg 500w, https:\\\/\\\/nunoa.cl\\\/nunoapanorama\\\/wp-content\\\/uploads\\\/2022\\\/08\\\/feed-El-Cachafaz-80x80.jpg 80w, https:\\\/\\\/nunoa.cl\\\/nunoapanorama\\\/wp-content\\\/uploads\\\/2022\\\/08\\\/feed-El-Cachafaz-600x600.jpg 600w, https:\\\/\\\/nunoa.cl\\\/nunoapanorama\\\/wp-content\\\/uploads\\\/2022\\\/08\\\/feed-El-Cachafaz-100x100.jpg 100w\\\" sizes=\\\"(max-width: 1080px) 100vw, 1080px\\\" \\\/><\\\/a><p><a href=https:\\\/\\\/nunoa.cl\\\/nunoapanorama\\\/event\\\/variete-galeria-de-experiencias\\\/>Variet\\u00e9 &#8220;Galer\\u00eda de Experiencias&#8221;<\\\/a><\\\/p>\",\"special\":\"\"},{\"start\":\"2022-08-26 20:00\",\"end\":\"2022-08-27 22:00\",\"url\":\"https:\\\/\\\/nunoa.cl\\\/nunoapanorama\\\/event\\\/la-variante-alis-de-jorge-alis\\\/\",\"title\":\"&#8220;LA VARIANTE ALIS&#8221; de Jorge Alis\",\"desc\":\"<a href=https:\\\/\\\/nunoa.cl\\\/nunoapanorama\\\/event\\\/la-variante-alis-de-jorge-alis\\\/><img width=\\\"1000\\\" height=\\\"1000\\\" src=\\\"https:\\\/\\\/nunoa.cl\\\/nunoapanorama\\\/wp-content\\\/uploads\\\/2022\\\/08\\\/26-27-AGOSTO-JORGE-SHOW_ONLINE-PRESENCIAL-El-Cachafaz.png\\\" class=\\\"attachment-post-thumbnail size-post-thumbnail wp-post-image\\\" alt=\\\"\\\" srcset=\\\"https:\\\/\\\/nunoa.cl\\\/nunoapanorama\\\/wp-content\\\/uploads\\\/2022\\\/08\\\/26-27-AGOSTO-JORGE-SHOW_ONLINE-PRESENCIAL-El-Cachafaz.png 1000w, https:\\\/\\\/nunoa.cl\\\/nunoapanorama\\\/wp-content\\\/uploads\\\/2022\\\/08\\\/26-27-AGOSTO-JORGE-SHOW_ONLINE-PRESENCIAL-El-Cachafaz-300x300.png 300w, https:\\\/\\\/nunoa.cl\\\/nunoapanorama\\\/wp-content\\\/uploads\\\/2022\\\/08\\\/26-27-AGOSTO-JORGE-SHOW_ONLINE-PRESENCIAL-El-Cachafaz-150x150.png 150w, https:\\\/\\\/nunoa.cl\\\/nunoapanorama\\\/wp-content\\\/uploads\\\/2022\\\/08\\\/26-27-AGOSTO-JORGE-SHOW_ONLINE-PRESENCIAL-El-Cachafaz-768x768.png 768w, https:\\\/\\\/nunoa.cl\\\/nunoapanorama\\\/wp-content\\\/uploads\\\/2022\\\/08\\\/26-27-AGOSTO-JORGE-SHOW_ONLINE-PRESENCIAL-El-Cachafaz-500x500.png 500w, https:\\\/\\\/nunoa.cl\\\/nunoapanorama\\\/wp-content\\\/uploads\\\/2022\\\/08\\\/26-27-AGOSTO-JORGE-SHOW_ONLINE-PRESENCIAL-El-Cachafaz-80x80.png 80w, https:\\\/\\\/nunoa.cl\\\/nunoapanorama\\\/wp-content\\\/uploads\\\/2022\\\/08\\\/26-27-AGOSTO-JORGE-SHOW_ONLINE-PRESENCIAL-El-Cachafaz-600x600.png 600w, https:\\\/\\\/nunoa.cl\\\/nunoapanorama\\\/wp-content\\\/uploads\\\/2022\\\/08\\\/26-27-AGOSTO-JORGE-SHOW_ONLINE-PRESENCIAL-El-Cachafaz-100x100.png 100w\\\" sizes=\\\"(max-width: 1000px) 100vw, 1000px\\\" \\\/><\\\/a><p><a href=https:\\\/\\\/nunoa.cl\\\/nunoapanorama\\\/event\\\/la-variante-alis-de-jorge-alis\\\/>&#8220;LA VARIANTE ALIS&#8221; de Jorge Alis<\\\/a><\\\/p>\",\"special\":\"checked\"},{\"start\":\"2022-09-01 21:00\",\"end\":\"2022-09-01 00:00\",\"url\":\"https:\\\/\\\/nunoa.cl\\\/nunoapanorama\\\/event\\\/la-milonga-del-cachafaz\\\/\",\"title\":\"LA MILONGA DEL CACHAFAZ\",\"desc\":\"<a href=https:\\\/\\\/nunoa.cl\\\/nunoapanorama\\\/event\\\/la-milonga-del-cachafaz\\\/><img width=\\\"1000\\\" height=\\\"1000\\\" src=\\\"https:\\\/\\\/nunoa.cl\\\/nunoapanorama\\\/wp-content\\\/uploads\\\/2022\\\/08\\\/WhatsApp-Image-2022-08-10-at-5.36.02-PM-El-Cachafaz.jpeg\\\" class=\\\"attachment-post-thumbnail size-post-thumbnail wp-post-image\\\" alt=\\\"\\\" srcset=\\\"https:\\\/\\\/nunoa.cl\\\/nunoapanorama\\\/wp-content\\\/uploads\\\/2022\\\/08\\\/WhatsApp-Image-2022-08-10-at-5.36.02-PM-El-Cachafaz.jpeg 1000w, https:\\\/\\\/nunoa.cl\\\/nunoapanorama\\\/wp-content\\\/uploads\\\/2022\\\/08\\\/WhatsApp-Image-2022-08-10-at-5.36.02-PM-El-Cachafaz-300x300.jpeg 300w, https:\\\/\\\/nunoa.cl\\\/nunoapanorama\\\/wp-content\\\/uploads\\\/2022\\\/08\\\/WhatsApp-Image-2022-08-10-at-5.36.02-PM-El-Cachafaz-150x150.jpeg 150w, https:\\\/\\\/nunoa.cl\\\/nunoapanorama\\\/wp-content\\\/uploads\\\/2022\\\/08\\\/WhatsApp-Image-2022-08-10-at-5.36.02-PM-El-Cachafaz-768x768.jpeg 768w, https:\\\/\\\/nunoa.cl\\\/nunoapanorama\\\/wp-content\\\/uploads\\\/2022\\\/08\\\/WhatsApp-Image-2022-08-10-at-5.36.02-PM-El-Cachafaz-500x500.jpeg 500w, https:\\\/\\\/nunoa.cl\\\/nunoapanorama\\\/wp-content\\\/uploads\\\/2022\\\/08\\\/WhatsApp-Image-2022-08-10-at-5.36.02-PM-El-Cachafaz-80x80.jpeg 80w, https:\\\/\\\/nunoa.cl\\\/nunoapanorama\\\/wp-content\\\/uploads\\\/2022\\\/08\\\/WhatsApp-Image-2022-08-10-at-5.36.02-PM-El-Cachafaz-600x600.jpeg 600w, https:\\\/\\\/nunoa.cl\\\/nunoapanorama\\\/wp-content\\\/uploads\\\/2022\\\/08\\\/WhatsApp-Image-2022-08-10-at-5.36.02-PM-El-Cachafaz-100x100.jpeg 100w\\\" sizes=\\\"(max-width: 1000px) 100vw, 1000px\\\" \\\/><\\\/a><p><a href=https:\\\/\\\/nunoa.cl\\\/nunoapanorama\\\/event\\\/la-milonga-del-cachafaz\\\/>LA MILONGA DEL CACHAFAZ<\\\/a><\\\/p>\",\"special\":\"checked\"},{\"start\":\"2022-08-24 17:30\",\"end\":\"1970-01-01 \",\"url\":\"https:\\\/\\\/nunoa.cl\\\/nunoapanorama\\\/event\\\/audiciones-para-variete-galeria-de-experiencias\\\/\",\"title\":\"Audiciones para variet\\u00e9 GALERIA DE EXPERIENCIAS\",\"desc\":\"<a href=https:\\\/\\\/nunoa.cl\\\/nunoapanorama\\\/event\\\/audiciones-para-variete-galeria-de-experiencias\\\/><img width=\\\"1080\\\" height=\\\"1080\\\" src=\\\"https:\\\/\\\/nunoa.cl\\\/nunoapanorama\\\/wp-content\\\/uploads\\\/2022\\\/08\\\/GDE-feed-El-Cachafaz.jpg\\\" class=\\\"attachment-post-thumbnail size-post-thumbnail wp-post-image\\\" alt=\\\"\\\" srcset=\\\"https:\\\/\\\/nunoa.cl\\\/nunoapanorama\\\/wp-content\\\/uploads\\\/2022\\\/08\\\/GDE-feed-El-Cachafaz.jpg 1080w, https:\\\/\\\/nunoa.cl\\\/nunoapanorama\\\/wp-content\\\/uploads\\\/2022\\\/08\\\/GDE-feed-El-Cachafaz-300x300.jpg 300w, https:\\\/\\\/nunoa.cl\\\/nunoapanorama\\\/wp-content\\\/uploads\\\/2022\\\/08\\\/GDE-feed-El-Cachafaz-1024x1024.jpg 1024w, https:\\\/\\\/nunoa.cl\\\/nunoapanorama\\\/wp-content\\\/uploads\\\/2022\\\/08\\\/GDE-feed-El-Cachafaz-150x150.jpg 150w, https:\\\/\\\/nunoa.cl\\\/nunoapanorama\\\/wp-content\\\/uploads\\\/2022\\\/08\\\/GDE-feed-El-Cachafaz-768x768.jpg 768w, https:\\\/\\\/nunoa.cl\\\/nunoapanorama\\\/wp-content\\\/uploads\\\/2022\\\/08\\\/GDE-feed-El-Cachafaz-500x500.jpg 500w, https:\\\/\\\/nunoa.cl\\\/nunoapanorama\\\/wp-content\\\/uploads\\\/2022\\\/08\\\/GDE-feed-El-Cachafaz-80x80.jpg 80w, https:\\\/\\\/nunoa.cl\\\/nunoapanorama\\\/wp-content\\\/uploads\\\/2022\\\/08\\\/GDE-feed-El-Cachafaz-600x600.jpg 600w, https:\\\/\\\/nunoa.cl\\\/nunoapanorama\\\/wp-content\\\/uploads\\\/2022\\\/08\\\/GDE-feed-El-Cachafaz-100x100.jpg 100w\\\" sizes=\\\"(max-width: 1080px) 100vw, 1080px\\\" \\\/><\\\/a><p><a href=https:\\\/\\\/nunoa.cl\\\/nunoapanorama\\\/event\\\/audiciones-para-variete-galeria-de-experiencias\\\/>Audiciones para variet\\u00e9 GALERIA DE EXPERIENCIAS<\\\/a><\\\/p>\",\"special\":\"checked\"},{\"start\":\"2022-09-02 21:00\",\"end\":\"1970-01-01 \",\"url\":\"https:\\\/\\\/nunoa.cl\\\/nunoapanorama\\\/event\\\/rbx-presenta-alvaro-scaramelli-junto-a-cinema\\\/\",\"title\":\"RBX presenta \\u00c1lvaro Scaramelli junto a CINEMA\",\"desc\":\"<a href=https:\\\/\\\/nunoa.cl\\\/nunoapanorama\\\/event\\\/rbx-presenta-alvaro-scaramelli-junto-a-cinema\\\/><img width=\\\"1000\\\" height=\\\"1000\\\" src=\\\"https:\\\/\\\/nunoa.cl\\\/nunoapanorama\\\/wp-content\\\/uploads\\\/2022\\\/08\\\/WhatsApp-Image-2022-07-25-at-7.06.24-PM-Sebastian-WowPro.jpeg\\\" class=\\\"attachment-post-thumbnail size-post-thumbnail wp-post-image\\\" alt=\\\"\\\" srcset=\\\"https:\\\/\\\/nunoa.cl\\\/nunoapanorama\\\/wp-content\\\/uploads\\\/2022\\\/08\\\/WhatsApp-Image-2022-07-25-at-7.06.24-PM-Sebastian-WowPro.jpeg 1000w, https:\\\/\\\/nunoa.cl\\\/nunoapanorama\\\/wp-content\\\/uploads\\\/2022\\\/08\\\/WhatsApp-Image-2022-07-25-at-7.06.24-PM-Sebastian-WowPro-300x300.jpeg 300w, https:\\\/\\\/nunoa.cl\\\/nunoapanorama\\\/wp-content\\\/uploads\\\/2022\\\/08\\\/WhatsApp-Image-2022-07-25-at-7.06.24-PM-Sebastian-WowPro-150x150.jpeg 150w, https:\\\/\\\/nunoa.cl\\\/nunoapanorama\\\/wp-content\\\/uploads\\\/2022\\\/08\\\/WhatsApp-Image-2022-07-25-at-7.06.24-PM-Sebastian-WowPro-768x768.jpeg 768w, https:\\\/\\\/nunoa.cl\\\/nunoapanorama\\\/wp-content\\\/uploads\\\/2022\\\/08\\\/WhatsApp-Image-2022-07-25-at-7.06.24-PM-Sebastian-WowPro-500x500.jpeg 500w, https:\\\/\\\/nunoa.cl\\\/nunoapanorama\\\/wp-content\\\/uploads\\\/2022\\\/08\\\/WhatsApp-Image-2022-07-25-at-7.06.24-PM-Sebastian-WowPro-80x80.jpeg 80w, https:\\\/\\\/nunoa.cl\\\/nunoapanorama\\\/wp-content\\\/uploads\\\/2022\\\/08\\\/WhatsApp-Image-2022-07-25-at-7.06.24-PM-Sebastian-WowPro-600x600.jpeg 600w, https:\\\/\\\/nunoa.cl\\\/nunoapanorama\\\/wp-content\\\/uploads\\\/2022\\\/08\\\/WhatsApp-Image-2022-07-25-at-7.06.24-PM-Sebastian-WowPro-100x100.jpeg 100w\\\" sizes=\\\"(max-width: 1000px) 100vw, 1000px\\\" \\\/><\\\/a><p><a href=https:\\\/\\\/nunoa.cl\\\/nunoapanorama\\\/event\\\/rbx-presenta-alvaro-scaramelli-junto-a-cinema\\\/>RBX presenta \\u00c1lvaro Scaramelli junto a CINEMA<\\\/a><\\\/p>\",\"special\":\"checked\"},{\"start\":\"2022-08-23 10:00\",\"end\":\"2022-09-15 17:00\",\"url\":\"https:\\\/\\\/nunoa.cl\\\/nunoapanorama\\\/event\\\/exposicion-ejercicios-minimos-para-un-jardin-de-invierno-de-ines-molina\\\/\",\"title\":\"Exposici\\u00f3n &#8220;Ejercicios m\\u00ednimos para un Jard\\u00edn de invierno&#8221; de In\\u00e9s Molina\",\"desc\":\"<a href=https:\\\/\\\/nunoa.cl\\\/nunoapanorama\\\/event\\\/exposicion-ejercicios-minimos-para-un-jardin-de-invierno-de-ines-molina\\\/><img width=\\\"2268\\\" height=\\\"1701\\\" src=\\\"https:\\\/\\\/nunoa.cl\\\/nunoapanorama\\\/wp-content\\\/uploads\\\/2022\\\/08\\\/IMN_afiche.jpg\\\" class=\\\"attachment-post-thumbnail size-post-thumbnail wp-post-image\\\" alt=\\\"\\\" srcset=\\\"https:\\\/\\\/nunoa.cl\\\/nunoapanorama\\\/wp-content\\\/uploads\\\/2022\\\/08\\\/IMN_afiche.jpg 2268w, https:\\\/\\\/nunoa.cl\\\/nunoapanorama\\\/wp-content\\\/uploads\\\/2022\\\/08\\\/IMN_afiche-300x225.jpg 300w, https:\\\/\\\/nunoa.cl\\\/nunoapanorama\\\/wp-content\\\/uploads\\\/2022\\\/08\\\/IMN_afiche-1024x768.jpg 1024w, https:\\\/\\\/nunoa.cl\\\/nunoapanorama\\\/wp-content\\\/uploads\\\/2022\\\/08\\\/IMN_afiche-768x576.jpg 768w, https:\\\/\\\/nunoa.cl\\\/nunoapanorama\\\/wp-content\\\/uploads\\\/2022\\\/08\\\/IMN_afiche-1536x1152.jpg 1536w, https:\\\/\\\/nunoa.cl\\\/nunoapanorama\\\/wp-content\\\/uploads\\\/2022\\\/08\\\/IMN_afiche-2048x1536.jpg 2048w, https:\\\/\\\/nunoa.cl\\\/nunoapanorama\\\/wp-content\\\/uploads\\\/2022\\\/08\\\/IMN_afiche-600x450.jpg 600w\\\" sizes=\\\"(max-width: 2268px) 100vw, 2268px\\\" \\\/><\\\/a><p><a href=https:\\\/\\\/nunoa.cl\\\/nunoapanorama\\\/event\\\/exposicion-ejercicios-minimos-para-un-jardin-de-invierno-de-ines-molina\\\/>Exposici\\u00f3n &#8220;Ejercicios m\\u00ednimos para un Jard\\u00edn de invierno&#8221; de In\\u00e9s Molina<\\\/a><\\\/p>\",\"special\":\"\"},{\"start\":\"2022-08-26 20:00\",\"end\":\"2022-08-26 23:00\",\"url\":\"https:\\\/\\\/nunoa.cl\\\/nunoapanorama\\\/event\\\/hasta-cuando-el-frio\\\/\",\"title\":\"Hasta cuando el fr\\u00edo\",\"desc\":\"<a href=https:\\\/\\\/nunoa.cl\\\/nunoapanorama\\\/event\\\/hasta-cuando-el-frio\\\/><img width=\\\"1024\\\" height=\\\"1280\\\" src=\\\"https:\\\/\\\/nunoa.cl\\\/nunoapanorama\\\/wp-content\\\/uploads\\\/2022\\\/08\\\/WhatsApp-Image-2022-08-10-at-8.34.35-AM-Espacio-Incluir.jpeg\\\" class=\\\"attachment-post-thumbnail size-post-thumbnail wp-post-image\\\" alt=\\\"\\\" srcset=\\\"https:\\\/\\\/nunoa.cl\\\/nunoapanorama\\\/wp-content\\\/uploads\\\/2022\\\/08\\\/WhatsApp-Image-2022-08-10-at-8.34.35-AM-Espacio-Incluir.jpeg 1024w, https:\\\/\\\/nunoa.cl\\\/nunoapanorama\\\/wp-content\\\/uploads\\\/2022\\\/08\\\/WhatsApp-Image-2022-08-10-at-8.34.35-AM-Espacio-Incluir-240x300.jpeg 240w, https:\\\/\\\/nunoa.cl\\\/nunoapanorama\\\/wp-content\\\/uploads\\\/2022\\\/08\\\/WhatsApp-Image-2022-08-10-at-8.34.35-AM-Espacio-Incluir-819x1024.jpeg 819w, https:\\\/\\\/nunoa.cl\\\/nunoapanorama\\\/wp-content\\\/uploads\\\/2022\\\/08\\\/WhatsApp-Image-2022-08-10-at-8.34.35-AM-Espacio-Incluir-768x960.jpeg 768w, https:\\\/\\\/nunoa.cl\\\/nunoapanorama\\\/wp-content\\\/uploads\\\/2022\\\/08\\\/WhatsApp-Image-2022-08-10-at-8.34.35-AM-Espacio-Incluir-600x750.jpeg 600w\\\" sizes=\\\"(max-width: 1024px) 100vw, 1024px\\\" \\\/><\\\/a><p><a href=https:\\\/\\\/nunoa.cl\\\/nunoapanorama\\\/event\\\/hasta-cuando-el-frio\\\/>Hasta cuando el fr\\u00edo<\\\/a><\\\/p>\",\"special\":\"checked\"},{\"start\":\"2022-09-25 18:00\",\"end\":\"1970-01-01 \",\"url\":\"https:\\\/\\\/nunoa.cl\\\/nunoapanorama\\\/event\\\/rbx-presenta-a-astronautiko\\\/\",\"title\":\"RBX Presenta a Astronautiko\",\"desc\":\"<a href=https:\\\/\\\/nunoa.cl\\\/nunoapanorama\\\/event\\\/rbx-presenta-a-astronautiko\\\/><img width=\\\"1000\\\" height=\\\"1000\\\" src=\\\"https:\\\/\\\/nunoa.cl\\\/nunoapanorama\\\/wp-content\\\/uploads\\\/2022\\\/08\\\/WhatsApp-Image-2022-07-29-at-7.09.32-PM-1-Sebastian-WowPro.jpeg\\\" class=\\\"attachment-post-thumbnail size-post-thumbnail wp-post-image\\\" alt=\\\"\\\" srcset=\\\"https:\\\/\\\/nunoa.cl\\\/nunoapanorama\\\/wp-content\\\/uploads\\\/2022\\\/08\\\/WhatsApp-Image-2022-07-29-at-7.09.32-PM-1-Sebastian-WowPro.jpeg 1000w, https:\\\/\\\/nunoa.cl\\\/nunoapanorama\\\/wp-content\\\/uploads\\\/2022\\\/08\\\/WhatsApp-Image-2022-07-29-at-7.09.32-PM-1-Sebastian-WowPro-300x300.jpeg 300w, https:\\\/\\\/nunoa.cl\\\/nunoapanorama\\\/wp-content\\\/uploads\\\/2022\\\/08\\\/WhatsApp-Image-2022-07-29-at-7.09.32-PM-1-Sebastian-WowPro-150x150.jpeg 150w, https:\\\/\\\/nunoa.cl\\\/nunoapanorama\\\/wp-content\\\/uploads\\\/2022\\\/08\\\/WhatsApp-Image-2022-07-29-at-7.09.32-PM-1-Sebastian-WowPro-768x768.jpeg 768w, https:\\\/\\\/nunoa.cl\\\/nunoapanorama\\\/wp-content\\\/uploads\\\/2022\\\/08\\\/WhatsApp-Image-2022-07-29-at-7.09.32-PM-1-Sebastian-WowPro-500x500.jpeg 500w, https:\\\/\\\/nunoa.cl\\\/nunoapanorama\\\/wp-content\\\/uploads\\\/2022\\\/08\\\/WhatsApp-Image-2022-07-29-at-7.09.32-PM-1-Sebastian-WowPro-80x80.jpeg 80w, https:\\\/\\\/nunoa.cl\\\/nunoapanorama\\\/wp-content\\\/uploads\\\/2022\\\/08\\\/WhatsApp-Image-2022-07-29-at-7.09.32-PM-1-Sebastian-WowPro-600x600.jpeg 600w, https:\\\/\\\/nunoa.cl\\\/nunoapanorama\\\/wp-content\\\/uploads\\\/2022\\\/08\\\/WhatsApp-Image-2022-07-29-at-7.09.32-PM-1-Sebastian-WowPro-100x100.jpeg 100w\\\" sizes=\\\"(max-width: 1000px) 100vw, 1000px\\\" \\\/><\\\/a><p><a href=https:\\\/\\\/nunoa.cl\\\/nunoapanorama\\\/event\\\/rbx-presenta-a-astronautiko\\\/>RBX Presenta a Astronautiko<\\\/a><\\\/p>\",\"special\":\"checked\"},{\"start\":\"2022-09-15 21:00\",\"end\":\"1970-01-01 \",\"url\":\"https:\\\/\\\/nunoa.cl\\\/nunoapanorama\\\/event\\\/rbx-presenta-a-sol-y-lluvia\\\/\",\"title\":\"RBX Presenta a SOL Y LLUVIA\",\"desc\":\"<a href=https:\\\/\\\/nunoa.cl\\\/nunoapanorama\\\/event\\\/rbx-presenta-a-sol-y-lluvia\\\/><img width=\\\"1000\\\" height=\\\"1000\\\" src=\\\"https:\\\/\\\/nunoa.cl\\\/nunoapanorama\\\/wp-content\\\/uploads\\\/2022\\\/08\\\/WhatsApp-Image-2022-08-10-at-5.39.08-PM-Sebastian-WowPro.jpeg\\\" class=\\\"attachment-post-thumbnail size-post-thumbnail wp-post-image\\\" alt=\\\"\\\" srcset=\\\"https:\\\/\\\/nunoa.cl\\\/nunoapanorama\\\/wp-content\\\/uploads\\\/2022\\\/08\\\/WhatsApp-Image-2022-08-10-at-5.39.08-PM-Sebastian-WowPro.jpeg 1000w, https:\\\/\\\/nunoa.cl\\\/nunoapanorama\\\/wp-content\\\/uploads\\\/2022\\\/08\\\/WhatsApp-Image-2022-08-10-at-5.39.08-PM-Sebastian-WowPro-300x300.jpeg 300w, https:\\\/\\\/nunoa.cl\\\/nunoapanorama\\\/wp-content\\\/uploads\\\/2022\\\/08\\\/WhatsApp-Image-2022-08-10-at-5.39.08-PM-Sebastian-WowPro-150x150.jpeg 150w, https:\\\/\\\/nunoa.cl\\\/nunoapanorama\\\/wp-content\\\/uploads\\\/2022\\\/08\\\/WhatsApp-Image-2022-08-10-at-5.39.08-PM-Sebastian-WowPro-768x768.jpeg 768w, https:\\\/\\\/nunoa.cl\\\/nunoapanorama\\\/wp-content\\\/uploads\\\/2022\\\/08\\\/WhatsApp-Image-2022-08-10-at-5.39.08-PM-Sebastian-WowPro-500x500.jpeg 500w, https:\\\/\\\/nunoa.cl\\\/nunoapanorama\\\/wp-content\\\/uploads\\\/2022\\\/08\\\/WhatsApp-Image-2022-08-10-at-5.39.08-PM-Sebastian-WowPro-80x80.jpeg 80w, https:\\\/\\\/nunoa.cl\\\/nunoapanorama\\\/wp-content\\\/uploads\\\/2022\\\/08\\\/WhatsApp-Image-2022-08-10-at-5.39.08-PM-Sebastian-WowPro-600x600.jpeg 600w, https:\\\/\\\/nunoa.cl\\\/nunoapanorama\\\/wp-content\\\/uploads\\\/2022\\\/08\\\/WhatsApp-Image-2022-08-10-at-5.39.08-PM-Sebastian-WowPro-100x100.jpeg 100w\\\" sizes=\\\"(max-width: 1000px) 100vw, 1000px\\\" \\\/><\\\/a><p><a href=https:\\\/\\\/nunoa.cl\\\/nunoapanorama\\\/event\\\/rbx-presenta-a-sol-y-lluvia\\\/>RBX Presenta a SOL Y LLUVIA<\\\/a><\\\/p>\",\"special\":\"checked\"},{\"start\":\"2022-09-16 21:00\",\"end\":\"2022-09-17 03:00\",\"url\":\"https:\\\/\\\/nunoa.cl\\\/nunoapanorama\\\/event\\\/rbx-presenta-fonda-grunge-2023\\\/\",\"title\":\"RBX Presenta: FONDA GRUNGE 2023\",\"desc\":\"<a href=https:\\\/\\\/nunoa.cl\\\/nunoapanorama\\\/event\\\/rbx-presenta-fonda-grunge-2023\\\/><img width=\\\"1200\\\" height=\\\"1200\\\" src=\\\"https:\\\/\\\/nunoa.cl\\\/nunoapanorama\\\/wp-content\\\/uploads\\\/2022\\\/08\\\/WhatsApp-Image-2022-08-12-at-5.51.48-PM-Sebastian-WowPro.jpeg\\\" class=\\\"attachment-post-thumbnail size-post-thumbnail wp-post-image\\\" alt=\\\"\\\" srcset=\\\"https:\\\/\\\/nunoa.cl\\\/nunoapanorama\\\/wp-content\\\/uploads\\\/2022\\\/08\\\/WhatsApp-Image-2022-08-12-at-5.51.48-PM-Sebastian-WowPro.jpeg 1200w, https:\\\/\\\/nunoa.cl\\\/nunoapanorama\\\/wp-content\\\/uploads\\\/2022\\\/08\\\/WhatsApp-Image-2022-08-12-at-5.51.48-PM-Sebastian-WowPro-300x300.jpeg 300w, https:\\\/\\\/nunoa.cl\\\/nunoapanorama\\\/wp-content\\\/uploads\\\/2022\\\/08\\\/WhatsApp-Image-2022-08-12-at-5.51.48-PM-Sebastian-WowPro-1024x1024.jpeg 1024w, https:\\\/\\\/nunoa.cl\\\/nunoapanorama\\\/wp-content\\\/uploads\\\/2022\\\/08\\\/WhatsApp-Image-2022-08-12-at-5.51.48-PM-Sebastian-WowPro-150x150.jpeg 150w, https:\\\/\\\/nunoa.cl\\\/nunoapanorama\\\/wp-content\\\/uploads\\\/2022\\\/08\\\/WhatsApp-Image-2022-08-12-at-5.51.48-PM-Sebastian-WowPro-768x768.jpeg 768w, https:\\\/\\\/nunoa.cl\\\/nunoapanorama\\\/wp-content\\\/uploads\\\/2022\\\/08\\\/WhatsApp-Image-2022-08-12-at-5.51.48-PM-Sebastian-WowPro-500x500.jpeg 500w, https:\\\/\\\/nunoa.cl\\\/nunoapanorama\\\/wp-content\\\/uploads\\\/2022\\\/08\\\/WhatsApp-Image-2022-08-12-at-5.51.48-PM-Sebastian-WowPro-80x80.jpeg 80w, https:\\\/\\\/nunoa.cl\\\/nunoapanorama\\\/wp-content\\\/uploads\\\/2022\\\/08\\\/WhatsApp-Image-2022-08-12-at-5.51.48-PM-Sebastian-WowPro-600x600.jpeg 600w, https:\\\/\\\/nunoa.cl\\\/nunoapanorama\\\/wp-content\\\/uploads\\\/2022\\\/08\\\/WhatsApp-Image-2022-08-12-at-5.51.48-PM-Sebastian-WowPro-100x100.jpeg 100w\\\" sizes=\\\"(max-width: 1200px) 100vw, 1200px\\\" \\\/><\\\/a><p><a href=https:\\\/\\\/nunoa.cl\\\/nunoapanorama\\\/event\\\/rbx-presenta-fonda-grunge-2023\\\/>RBX Presenta: FONDA GRUNGE 2023<\\\/a><\\\/p>\",\"special\":\"checked\"},{\"start\":\"2022-10-07 21:00\",\"end\":\"1970-01-01 \",\"url\":\"https:\\\/\\\/nunoa.cl\\\/nunoapanorama\\\/event\\\/rbx-presenta-a-la-rata-bluesera\\\/\",\"title\":\"RBX Presenta a LA RATA BLUESERA\",\"desc\":\"<a href=https:\\\/\\\/nunoa.cl\\\/nunoapanorama\\\/event\\\/rbx-presenta-a-la-rata-bluesera\\\/><img width=\\\"1000\\\" height=\\\"1000\\\" src=\\\"https:\\\/\\\/nunoa.cl\\\/nunoapanorama\\\/wp-content\\\/uploads\\\/2022\\\/08\\\/WhatsApp-Image-2022-08-08-at-11.14.41-AM-2-Sebastian-WowPro.jpeg\\\" class=\\\"attachment-post-thumbnail size-post-thumbnail wp-post-image\\\" alt=\\\"\\\" srcset=\\\"https:\\\/\\\/nunoa.cl\\\/nunoapanorama\\\/wp-content\\\/uploads\\\/2022\\\/08\\\/WhatsApp-Image-2022-08-08-at-11.14.41-AM-2-Sebastian-WowPro.jpeg 1000w, https:\\\/\\\/nunoa.cl\\\/nunoapanorama\\\/wp-content\\\/uploads\\\/2022\\\/08\\\/WhatsApp-Image-2022-08-08-at-11.14.41-AM-2-Sebastian-WowPro-300x300.jpeg 300w, https:\\\/\\\/nunoa.cl\\\/nunoapanorama\\\/wp-content\\\/uploads\\\/2022\\\/08\\\/WhatsApp-Image-2022-08-08-at-11.14.41-AM-2-Sebastian-WowPro-150x150.jpeg 150w, https:\\\/\\\/nunoa.cl\\\/nunoapanorama\\\/wp-content\\\/uploads\\\/2022\\\/08\\\/WhatsApp-Image-2022-08-08-at-11.14.41-AM-2-Sebastian-WowPro-768x768.jpeg 768w, https:\\\/\\\/nunoa.cl\\\/nunoapanorama\\\/wp-content\\\/uploads\\\/2022\\\/08\\\/WhatsApp-Image-2022-08-08-at-11.14.41-AM-2-Sebastian-WowPro-500x500.jpeg 500w, https:\\\/\\\/nunoa.cl\\\/nunoapanorama\\\/wp-content\\\/uploads\\\/2022\\\/08\\\/WhatsApp-Image-2022-08-08-at-11.14.41-AM-2-Sebastian-WowPro-80x80.jpeg 80w, https:\\\/\\\/nunoa.cl\\\/nunoapanorama\\\/wp-content\\\/uploads\\\/2022\\\/08\\\/WhatsApp-Image-2022-08-08-at-11.14.41-AM-2-Sebastian-WowPro-600x600.jpeg 600w, https:\\\/\\\/nunoa.cl\\\/nunoapanorama\\\/wp-content\\\/uploads\\\/2022\\\/08\\\/WhatsApp-Image-2022-08-08-at-11.14.41-AM-2-Sebastian-WowPro-100x100.jpeg 100w\\\" sizes=\\\"(max-width: 1000px) 100vw, 1000px\\\" \\\/><\\\/a><p><a href=https:\\\/\\\/nunoa.cl\\\/nunoapanorama\\\/event\\\/rbx-presenta-a-la-rata-bluesera\\\/>RBX Presenta a LA RATA BLUESERA<\\\/a><\\\/p>\",\"special\":\"checked\"},{\"start\":\"2022-10-29 21:00\",\"end\":\"1970-01-01 \",\"url\":\"https:\\\/\\\/nunoa.cl\\\/nunoapanorama\\\/event\\\/rbx-y-rockaxis-presentan-electrofobia\\\/\",\"title\":\"RBX y Rockaxis presentan Alectrofobia\",\"desc\":\"<a href=https:\\\/\\\/nunoa.cl\\\/nunoapanorama\\\/event\\\/rbx-y-rockaxis-presentan-electrofobia\\\/><img width=\\\"992\\\" height=\\\"1280\\\" src=\\\"https:\\\/\\\/nunoa.cl\\\/nunoapanorama\\\/wp-content\\\/uploads\\\/2022\\\/08\\\/WhatsApp-Image-2022-08-23-at-11.10.24-AM-Sebastian-WowPro.jpeg\\\" class=\\\"attachment-post-thumbnail size-post-thumbnail wp-post-image\\\" alt=\\\"\\\" srcset=\\\"https:\\\/\\\/nunoa.cl\\\/nunoapanorama\\\/wp-content\\\/uploads\\\/2022\\\/08\\\/WhatsApp-Image-2022-08-23-at-11.10.24-AM-Sebastian-WowPro.jpeg 992w, https:\\\/\\\/nunoa.cl\\\/nunoapanorama\\\/wp-content\\\/uploads\\\/2022\\\/08\\\/WhatsApp-Image-2022-08-23-at-11.10.24-AM-Sebastian-WowPro-233x300.jpeg 233w, https:\\\/\\\/nunoa.cl\\\/nunoapanorama\\\/wp-content\\\/uploads\\\/2022\\\/08\\\/WhatsApp-Image-2022-08-23-at-11.10.24-AM-Sebastian-WowPro-794x1024.jpeg 794w, https:\\\/\\\/nunoa.cl\\\/nunoapanorama\\\/wp-content\\\/uploads\\\/2022\\\/08\\\/WhatsApp-Image-2022-08-23-at-11.10.24-AM-Sebastian-WowPro-768x991.jpeg 768w, https:\\\/\\\/nunoa.cl\\\/nunoapanorama\\\/wp-content\\\/uploads\\\/2022\\\/08\\\/WhatsApp-Image-2022-08-23-at-11.10.24-AM-Sebastian-WowPro-600x774.jpeg 600w\\\" sizes=\\\"(max-width: 992px) 100vw, 992px\\\" \\\/><\\\/a><p><a href=https:\\\/\\\/nunoa.cl\\\/nunoapanorama\\\/event\\\/rbx-y-rockaxis-presentan-electrofobia\\\/>RBX y Rockaxis presentan Alectrofobia<\\\/a><\\\/p>\",\"special\":\"checked\"},{\"start\":\"2022-09-16 12:00\",\"end\":\"2022-09-18 23:00\",\"url\":\"https:\\\/\\\/nunoa.cl\\\/nunoapanorama\\\/event\\\/vuelta-al-barrio\\\/\",\"title\":\"Vuelta al Barrio\",\"desc\":\"<a href=https:\\\/\\\/nunoa.cl\\\/nunoapanorama\\\/event\\\/vuelta-al-barrio\\\/><img width=\\\"1181\\\" height=\\\"1181\\\" src=\\\"https:\\\/\\\/nunoa.cl\\\/nunoapanorama\\\/wp-content\\\/uploads\\\/2022\\\/09\\\/line-up_Mesa-de-trabajo-1.jpg\\\" class=\\\"attachment-post-thumbnail size-post-thumbnail wp-post-image\\\" alt=\\\"\\\" srcset=\\\"https:\\\/\\\/nunoa.cl\\\/nunoapanorama\\\/wp-content\\\/uploads\\\/2022\\\/09\\\/line-up_Mesa-de-trabajo-1.jpg 1181w, https:\\\/\\\/nunoa.cl\\\/nunoapanorama\\\/wp-content\\\/uploads\\\/2022\\\/09\\\/line-up_Mesa-de-trabajo-1-300x300.jpg 300w, https:\\\/\\\/nunoa.cl\\\/nunoapanorama\\\/wp-content\\\/uploads\\\/2022\\\/09\\\/line-up_Mesa-de-trabajo-1-1024x1024.jpg 1024w, https:\\\/\\\/nunoa.cl\\\/nunoapanorama\\\/wp-content\\\/uploads\\\/2022\\\/09\\\/line-up_Mesa-de-trabajo-1-150x150.jpg 150w, https:\\\/\\\/nunoa.cl\\\/nunoapanorama\\\/wp-content\\\/uploads\\\/2022\\\/09\\\/line-up_Mesa-de-trabajo-1-768x768.jpg 768w, https:\\\/\\\/nunoa.cl\\\/nunoapanorama\\\/wp-content\\\/uploads\\\/2022\\\/09\\\/line-up_Mesa-de-trabajo-1-500x500.jpg 500w, https:\\\/\\\/nunoa.cl\\\/nunoapanorama\\\/wp-content\\\/uploads\\\/2022\\\/09\\\/line-up_Mesa-de-trabajo-1-80x80.jpg 80w, https:\\\/\\\/nunoa.cl\\\/nunoapanorama\\\/wp-content\\\/uploads\\\/2022\\\/09\\\/line-up_Mesa-de-trabajo-1-600x600.jpg 600w, https:\\\/\\\/nunoa.cl\\\/nunoapanorama\\\/wp-content\\\/uploads\\\/2022\\\/09\\\/line-up_Mesa-de-trabajo-1-100x100.jpg 100w\\\" sizes=\\\"(max-width: 1181px) 100vw, 1181px\\\" \\\/><\\\/a><p><a href=https:\\\/\\\/nunoa.cl\\\/nunoapanorama\\\/event\\\/vuelta-al-barrio\\\/>Vuelta al Barrio<\\\/a><\\\/p>\",\"special\":\"\"},{\"start\":\"2022-09-10 11:00\",\"end\":\"1970-01-01 \",\"url\":\"https:\\\/\\\/nunoa.cl\\\/nunoapanorama\\\/event\\\/la-tirana-historias-para-armar\\\/\",\"title\":\"La Tirana: historias para armar\",\"desc\":\"<a href=https:\\\/\\\/nunoa.cl\\\/nunoapanorama\\\/event\\\/la-tirana-historias-para-armar\\\/><img width=\\\"1575\\\" height=\\\"1575\\\" src=\\\"https:\\\/\\\/nunoa.cl\\\/nunoapanorama\\\/wp-content\\\/uploads\\\/2022\\\/09\\\/taller_latirana.jpg\\\" class=\\\"attachment-post-thumbnail size-post-thumbnail wp-post-image\\\" alt=\\\"\\\" srcset=\\\"https:\\\/\\\/nunoa.cl\\\/nunoapanorama\\\/wp-content\\\/uploads\\\/2022\\\/09\\\/taller_latirana.jpg 1575w, https:\\\/\\\/nunoa.cl\\\/nunoapanorama\\\/wp-content\\\/uploads\\\/2022\\\/09\\\/taller_latirana-300x300.jpg 300w, https:\\\/\\\/nunoa.cl\\\/nunoapanorama\\\/wp-content\\\/uploads\\\/2022\\\/09\\\/taller_latirana-1024x1024.jpg 1024w, https:\\\/\\\/nunoa.cl\\\/nunoapanorama\\\/wp-content\\\/uploads\\\/2022\\\/09\\\/taller_latirana-150x150.jpg 150w, https:\\\/\\\/nunoa.cl\\\/nunoapanorama\\\/wp-content\\\/uploads\\\/2022\\\/09\\\/taller_latirana-768x768.jpg 768w, https:\\\/\\\/nunoa.cl\\\/nunoapanorama\\\/wp-content\\\/uploads\\\/2022\\\/09\\\/taller_latirana-500x500.jpg 500w, https:\\\/\\\/nunoa.cl\\\/nunoapanorama\\\/wp-content\\\/uploads\\\/2022\\\/09\\\/taller_latirana-1536x1536.jpg 1536w, https:\\\/\\\/nunoa.cl\\\/nunoapanorama\\\/wp-content\\\/uploads\\\/2022\\\/09\\\/taller_latirana-80x80.jpg 80w, https:\\\/\\\/nunoa.cl\\\/nunoapanorama\\\/wp-content\\\/uploads\\\/2022\\\/09\\\/taller_latirana-600x600.jpg 600w, https:\\\/\\\/nunoa.cl\\\/nunoapanorama\\\/wp-content\\\/uploads\\\/2022\\\/09\\\/taller_latirana-100x100.jpg 100w\\\" sizes=\\\"(max-width: 1575px) 100vw, 1575px\\\" \\\/><\\\/a><p><a href=https:\\\/\\\/nunoa.cl\\\/nunoapanorama\\\/event\\\/la-tirana-historias-para-armar\\\/>La Tirana: historias para armar<\\\/a><\\\/p>\",\"special\":\"\"},{\"start\":\"2022-09-14 19:30\",\"end\":\"1970-01-01 \",\"url\":\"https:\\\/\\\/nunoa.cl\\\/nunoapanorama\\\/event\\\/pelicula-un-lugar-llamado-dignidad\\\/\",\"title\":\"Pel\\u00edcula &#8220;Un lugar llamado Dignidad&#8221;\",\"desc\":\"<a href=https:\\\/\\\/nunoa.cl\\\/nunoapanorama\\\/event\\\/pelicula-un-lugar-llamado-dignidad\\\/><img width=\\\"1181\\\" height=\\\"1181\\\" src=\\\"https:\\\/\\\/nunoa.cl\\\/nunoapanorama\\\/wp-content\\\/uploads\\\/2022\\\/09\\\/plantilla-pelicula-sept_Mesa-de-trabajo-1-copia-5.jpg\\\" class=\\\"attachment-post-thumbnail size-post-thumbnail wp-post-image\\\" alt=\\\"\\\" srcset=\\\"https:\\\/\\\/nunoa.cl\\\/nunoapanorama\\\/wp-content\\\/uploads\\\/2022\\\/09\\\/plantilla-pelicula-sept_Mesa-de-trabajo-1-copia-5.jpg 1181w, https:\\\/\\\/nunoa.cl\\\/nunoapanorama\\\/wp-content\\\/uploads\\\/2022\\\/09\\\/plantilla-pelicula-sept_Mesa-de-trabajo-1-copia-5-300x300.jpg 300w, https:\\\/\\\/nunoa.cl\\\/nunoapanorama\\\/wp-content\\\/uploads\\\/2022\\\/09\\\/plantilla-pelicula-sept_Mesa-de-trabajo-1-copia-5-1024x1024.jpg 1024w, https:\\\/\\\/nunoa.cl\\\/nunoapanorama\\\/wp-content\\\/uploads\\\/2022\\\/09\\\/plantilla-pelicula-sept_Mesa-de-trabajo-1-copia-5-150x150.jpg 150w, https:\\\/\\\/nunoa.cl\\\/nunoapanorama\\\/wp-content\\\/uploads\\\/2022\\\/09\\\/plantilla-pelicula-sept_Mesa-de-trabajo-1-copia-5-768x768.jpg 768w, https:\\\/\\\/nunoa.cl\\\/nunoapanorama\\\/wp-content\\\/uploads\\\/2022\\\/09\\\/plantilla-pelicula-sept_Mesa-de-trabajo-1-copia-5-500x500.jpg 500w, https:\\\/\\\/nunoa.cl\\\/nunoapanorama\\\/wp-content\\\/uploads\\\/2022\\\/09\\\/plantilla-pelicula-sept_Mesa-de-trabajo-1-copia-5-80x80.jpg 80w, https:\\\/\\\/nunoa.cl\\\/nunoapanorama\\\/wp-content\\\/uploads\\\/2022\\\/09\\\/plantilla-pelicula-sept_Mesa-de-trabajo-1-copia-5-600x600.jpg 600w, https:\\\/\\\/nunoa.cl\\\/nunoapanorama\\\/wp-content\\\/uploads\\\/2022\\\/09\\\/plantilla-pelicula-sept_Mesa-de-trabajo-1-copia-5-100x100.jpg 100w\\\" sizes=\\\"(max-width: 1181px) 100vw, 1181px\\\" \\\/><\\\/a><p><a href=https:\\\/\\\/nunoa.cl\\\/nunoapanorama\\\/event\\\/pelicula-un-lugar-llamado-dignidad\\\/>Pel\\u00edcula &#8220;Un lugar llamado Dignidad&#8221;<\\\/a><\\\/p>\",\"special\":\"\"},{\"start\":\"2022-09-09 19:00\",\"end\":\"2022-09-09 21:30\",\"url\":\"https:\\\/\\\/nunoa.cl\\\/nunoapanorama\\\/event\\\/exhibicion-documental-haydee-y-el-pez-volador\\\/\",\"title\":\"Exhibici\\u00f3n Documental &#8220;Haydee y el pez volador&#8221;\",\"desc\":\"<a href=https:\\\/\\\/nunoa.cl\\\/nunoapanorama\\\/event\\\/exhibicion-documental-haydee-y-el-pez-volador\\\/><img width=\\\"1920\\\" height=\\\"960\\\" src=\\\"https:\\\/\\\/nunoa.cl\\\/nunoapanorama\\\/wp-content\\\/uploads\\\/2022\\\/09\\\/Twitter-1-1.jpg\\\" class=\\\"attachment-post-thumbnail size-post-thumbnail wp-post-image\\\" alt=\\\"\\\" srcset=\\\"https:\\\/\\\/nunoa.cl\\\/nunoapanorama\\\/wp-content\\\/uploads\\\/2022\\\/09\\\/Twitter-1-1.jpg 1920w, https:\\\/\\\/nunoa.cl\\\/nunoapanorama\\\/wp-content\\\/uploads\\\/2022\\\/09\\\/Twitter-1-1-300x150.jpg 300w, https:\\\/\\\/nunoa.cl\\\/nunoapanorama\\\/wp-content\\\/uploads\\\/2022\\\/09\\\/Twitter-1-1-1024x512.jpg 1024w, https:\\\/\\\/nunoa.cl\\\/nunoapanorama\\\/wp-content\\\/uploads\\\/2022\\\/09\\\/Twitter-1-1-768x384.jpg 768w, https:\\\/\\\/nunoa.cl\\\/nunoapanorama\\\/wp-content\\\/uploads\\\/2022\\\/09\\\/Twitter-1-1-1536x768.jpg 1536w, https:\\\/\\\/nunoa.cl\\\/nunoapanorama\\\/wp-content\\\/uploads\\\/2022\\\/09\\\/Twitter-1-1-600x300.jpg 600w\\\" sizes=\\\"(max-width: 1920px) 100vw, 1920px\\\" \\\/><\\\/a><p><a href=https:\\\/\\\/nunoa.cl\\\/nunoapanorama\\\/event\\\/exhibicion-documental-haydee-y-el-pez-volador\\\/>Exhibici\\u00f3n Documental &#8220;Haydee y el pez volador&#8221;<\\\/a><\\\/p>\",\"special\":\"\"},{\"start\":\"2022-09-21 16:30\",\"end\":\"1970-01-01 \",\"url\":\"https:\\\/\\\/nunoa.cl\\\/nunoapanorama\\\/event\\\/pelicula-el-padeciente\\\/\",\"title\":\"Pel\\u00edcula &#8220;El Pa(de)ciente&#8221;\",\"desc\":\"<a href=https:\\\/\\\/nunoa.cl\\\/nunoapanorama\\\/event\\\/pelicula-el-padeciente\\\/><img width=\\\"1181\\\" height=\\\"1181\\\" src=\\\"https:\\\/\\\/nunoa.cl\\\/nunoapanorama\\\/wp-content\\\/uploads\\\/2022\\\/09\\\/plantilla-pelicula-sept_Mesa-de-trabajo-1-copia-6.jpg\\\" class=\\\"attachment-post-thumbnail size-post-thumbnail wp-post-image\\\" alt=\\\"\\\" srcset=\\\"https:\\\/\\\/nunoa.cl\\\/nunoapanorama\\\/wp-content\\\/uploads\\\/2022\\\/09\\\/plantilla-pelicula-sept_Mesa-de-trabajo-1-copia-6.jpg 1181w, https:\\\/\\\/nunoa.cl\\\/nunoapanorama\\\/wp-content\\\/uploads\\\/2022\\\/09\\\/plantilla-pelicula-sept_Mesa-de-trabajo-1-copia-6-300x300.jpg 300w, https:\\\/\\\/nunoa.cl\\\/nunoapanorama\\\/wp-content\\\/uploads\\\/2022\\\/09\\\/plantilla-pelicula-sept_Mesa-de-trabajo-1-copia-6-1024x1024.jpg 1024w, https:\\\/\\\/nunoa.cl\\\/nunoapanorama\\\/wp-content\\\/uploads\\\/2022\\\/09\\\/plantilla-pelicula-sept_Mesa-de-trabajo-1-copia-6-150x150.jpg 150w, https:\\\/\\\/nunoa.cl\\\/nunoapanorama\\\/wp-content\\\/uploads\\\/2022\\\/09\\\/plantilla-pelicula-sept_Mesa-de-trabajo-1-copia-6-768x768.jpg 768w, https:\\\/\\\/nunoa.cl\\\/nunoapanorama\\\/wp-content\\\/uploads\\\/2022\\\/09\\\/plantilla-pelicula-sept_Mesa-de-trabajo-1-copia-6-500x500.jpg 500w, https:\\\/\\\/nunoa.cl\\\/nunoapanorama\\\/wp-content\\\/uploads\\\/2022\\\/09\\\/plantilla-pelicula-sept_Mesa-de-trabajo-1-copia-6-80x80.jpg 80w, https:\\\/\\\/nunoa.cl\\\/nunoapanorama\\\/wp-content\\\/uploads\\\/2022\\\/09\\\/plantilla-pelicula-sept_Mesa-de-trabajo-1-copia-6-600x600.jpg 600w, https:\\\/\\\/nunoa.cl\\\/nunoapanorama\\\/wp-content\\\/uploads\\\/2022\\\/09\\\/plantilla-pelicula-sept_Mesa-de-trabajo-1-copia-6-100x100.jpg 100w\\\" sizes=\\\"(max-width: 1181px) 100vw, 1181px\\\" \\\/><\\\/a><p><a href=https:\\\/\\\/nunoa.cl\\\/nunoapanorama\\\/event\\\/pelicula-el-padeciente\\\/>Pel\\u00edcula &#8220;El Pa(de)ciente&#8221;<\\\/a><\\\/p>\",\"special\":\"\"},{\"start\":\"2022-09-28 19:30\",\"end\":\"1970-01-01 \",\"url\":\"https:\\\/\\\/nunoa.cl\\\/nunoapanorama\\\/event\\\/documental-el-espanto\\\/\",\"title\":\"Documental &#8220;El Espanto&#8221;\",\"desc\":\"<a href=https:\\\/\\\/nunoa.cl\\\/nunoapanorama\\\/event\\\/documental-el-espanto\\\/><img width=\\\"1181\\\" height=\\\"1181\\\" src=\\\"https:\\\/\\\/nunoa.cl\\\/nunoapanorama\\\/wp-content\\\/uploads\\\/2022\\\/09\\\/plantilla-pelicula-sept_Mesa-de-trabajo-1-copia-8.jpg\\\" class=\\\"attachment-post-thumbnail size-post-thumbnail wp-post-image\\\" alt=\\\"\\\" srcset=\\\"https:\\\/\\\/nunoa.cl\\\/nunoapanorama\\\/wp-content\\\/uploads\\\/2022\\\/09\\\/plantilla-pelicula-sept_Mesa-de-trabajo-1-copia-8.jpg 1181w, https:\\\/\\\/nunoa.cl\\\/nunoapanorama\\\/wp-content\\\/uploads\\\/2022\\\/09\\\/plantilla-pelicula-sept_Mesa-de-trabajo-1-copia-8-300x300.jpg 300w, https:\\\/\\\/nunoa.cl\\\/nunoapanorama\\\/wp-content\\\/uploads\\\/2022\\\/09\\\/plantilla-pelicula-sept_Mesa-de-trabajo-1-copia-8-1024x1024.jpg 1024w, https:\\\/\\\/nunoa.cl\\\/nunoapanorama\\\/wp-content\\\/uploads\\\/2022\\\/09\\\/plantilla-pelicula-sept_Mesa-de-trabajo-1-copia-8-150x150.jpg 150w, https:\\\/\\\/nunoa.cl\\\/nunoapanorama\\\/wp-content\\\/uploads\\\/2022\\\/09\\\/plantilla-pelicula-sept_Mesa-de-trabajo-1-copia-8-768x768.jpg 768w, https:\\\/\\\/nunoa.cl\\\/nunoapanorama\\\/wp-content\\\/uploads\\\/2022\\\/09\\\/plantilla-pelicula-sept_Mesa-de-trabajo-1-copia-8-500x500.jpg 500w, https:\\\/\\\/nunoa.cl\\\/nunoapanorama\\\/wp-content\\\/uploads\\\/2022\\\/09\\\/plantilla-pelicula-sept_Mesa-de-trabajo-1-copia-8-80x80.jpg 80w, https:\\\/\\\/nunoa.cl\\\/nunoapanorama\\\/wp-content\\\/uploads\\\/2022\\\/09\\\/plantilla-pelicula-sept_Mesa-de-trabajo-1-copia-8-600x600.jpg 600w, https:\\\/\\\/nunoa.cl\\\/nunoapanorama\\\/wp-content\\\/uploads\\\/2022\\\/09\\\/plantilla-pelicula-sept_Mesa-de-trabajo-1-copia-8-100x100.jpg 100w\\\" sizes=\\\"(max-width: 1181px) 100vw, 1181px\\\" \\\/><\\\/a><p><a href=https:\\\/\\\/nunoa.cl\\\/nunoapanorama\\\/event\\\/documental-el-espanto\\\/>Documental &#8220;El Espanto&#8221;<\\\/a><\\\/p>\",\"special\":\"\"},{\"start\":\"2022-09-30 19:00\",\"end\":\"2022-09-30 23:00\",\"url\":\"https:\\\/\\\/nunoa.cl\\\/nunoapanorama\\\/event\\\/concierto-anti-pop\\\/\",\"title\":\"Concierto Anti &#8211; pop\",\"desc\":\"<a href=https:\\\/\\\/nunoa.cl\\\/nunoapanorama\\\/event\\\/concierto-anti-pop\\\/><img width=\\\"1080\\\" height=\\\"1080\\\" src=\\\"https:\\\/\\\/nunoa.cl\\\/nunoapanorama\\\/wp-content\\\/uploads\\\/2022\\\/09\\\/Anti-Pop_publicacion-Espacio-Incluir.jpg\\\" class=\\\"attachment-post-thumbnail size-post-thumbnail wp-post-image\\\" alt=\\\"\\\" srcset=\\\"https:\\\/\\\/nunoa.cl\\\/nunoapanorama\\\/wp-content\\\/uploads\\\/2022\\\/09\\\/Anti-Pop_publicacion-Espacio-Incluir.jpg 1080w, https:\\\/\\\/nunoa.cl\\\/nunoapanorama\\\/wp-content\\\/uploads\\\/2022\\\/09\\\/Anti-Pop_publicacion-Espacio-Incluir-300x300.jpg 300w, https:\\\/\\\/nunoa.cl\\\/nunoapanorama\\\/wp-content\\\/uploads\\\/2022\\\/09\\\/Anti-Pop_publicacion-Espacio-Incluir-1024x1024.jpg 1024w, https:\\\/\\\/nunoa.cl\\\/nunoapanorama\\\/wp-content\\\/uploads\\\/2022\\\/09\\\/Anti-Pop_publicacion-Espacio-Incluir-150x150.jpg 150w, https:\\\/\\\/nunoa.cl\\\/nunoapanorama\\\/wp-content\\\/uploads\\\/2022\\\/09\\\/Anti-Pop_publicacion-Espacio-Incluir-768x768.jpg 768w, https:\\\/\\\/nunoa.cl\\\/nunoapanorama\\\/wp-content\\\/uploads\\\/2022\\\/09\\\/Anti-Pop_publicacion-Espacio-Incluir-500x500.jpg 500w, https:\\\/\\\/nunoa.cl\\\/nunoapanorama\\\/wp-content\\\/uploads\\\/2022\\\/09\\\/Anti-Pop_publicacion-Espacio-Incluir-80x80.jpg 80w, https:\\\/\\\/nunoa.cl\\\/nunoapanorama\\\/wp-content\\\/uploads\\\/2022\\\/09\\\/Anti-Pop_publicacion-Espacio-Incluir-600x600.jpg 600w, https:\\\/\\\/nunoa.cl\\\/nunoapanorama\\\/wp-content\\\/uploads\\\/2022\\\/09\\\/Anti-Pop_publicacion-Espacio-Incluir-100x100.jpg 100w\\\" sizes=\\\"(max-width: 1080px) 100vw, 1080px\\\" \\\/><\\\/a><p><a href=https:\\\/\\\/nunoa.cl\\\/nunoapanorama\\\/event\\\/concierto-anti-pop\\\/>Concierto Anti &#8211; pop<\\\/a><\\\/p>\",\"special\":\"\"},{\"start\":\"2022-10-02 21:00\",\"end\":\"1970-01-01 \",\"url\":\"https:\\\/\\\/nunoa.cl\\\/nunoapanorama\\\/event\\\/rbx-presenta-previa-guns-n-roses-familiar\\\/\",\"title\":\"RBX presenta: PREVIA GUNS N ROSES FAMILIAR\",\"desc\":\"<a href=https:\\\/\\\/nunoa.cl\\\/nunoapanorama\\\/event\\\/rbx-presenta-previa-guns-n-roses-familiar\\\/><img width=\\\"1000\\\" height=\\\"1000\\\" src=\\\"https:\\\/\\\/nunoa.cl\\\/nunoapanorama\\\/wp-content\\\/uploads\\\/2022\\\/09\\\/WhatsApp-Image-2022-09-21-at-13.32.37-Sebastian-WowPro.jpeg\\\" class=\\\"attachment-post-thumbnail size-post-thumbnail wp-post-image\\\" alt=\\\"\\\" srcset=\\\"https:\\\/\\\/nunoa.cl\\\/nunoapanorama\\\/wp-content\\\/uploads\\\/2022\\\/09\\\/WhatsApp-Image-2022-09-21-at-13.32.37-Sebastian-WowPro.jpeg 1000w, https:\\\/\\\/nunoa.cl\\\/nunoapanorama\\\/wp-content\\\/uploads\\\/2022\\\/09\\\/WhatsApp-Image-2022-09-21-at-13.32.37-Sebastian-WowPro-300x300.jpeg 300w, https:\\\/\\\/nunoa.cl\\\/nunoapanorama\\\/wp-content\\\/uploads\\\/2022\\\/09\\\/WhatsApp-Image-2022-09-21-at-13.32.37-Sebastian-WowPro-150x150.jpeg 150w, https:\\\/\\\/nunoa.cl\\\/nunoapanorama\\\/wp-content\\\/uploads\\\/2022\\\/09\\\/WhatsApp-Image-2022-09-21-at-13.32.37-Sebastian-WowPro-768x768.jpeg 768w, https:\\\/\\\/nunoa.cl\\\/nunoapanorama\\\/wp-content\\\/uploads\\\/2022\\\/09\\\/WhatsApp-Image-2022-09-21-at-13.32.37-Sebastian-WowPro-500x500.jpeg 500w, https:\\\/\\\/nunoa.cl\\\/nunoapanorama\\\/wp-content\\\/uploads\\\/2022\\\/09\\\/WhatsApp-Image-2022-09-21-at-13.32.37-Sebastian-WowPro-80x80.jpeg 80w, https:\\\/\\\/nunoa.cl\\\/nunoapanorama\\\/wp-content\\\/uploads\\\/2022\\\/09\\\/WhatsApp-Image-2022-09-21-at-13.32.37-Sebastian-WowPro-600x600.jpeg 600w, https:\\\/\\\/nunoa.cl\\\/nunoapanorama\\\/wp-content\\\/uploads\\\/2022\\\/09\\\/WhatsApp-Image-2022-09-21-at-13.32.37-Sebastian-WowPro-100x100.jpeg 100w\\\" sizes=\\\"(max-width: 1000px) 100vw, 1000px\\\" \\\/><\\\/a><p><a href=https:\\\/\\\/nunoa.cl\\\/nunoapanorama\\\/event\\\/rbx-presenta-previa-guns-n-roses-familiar\\\/>RBX presenta: PREVIA GUNS N ROSES FAMILIAR<\\\/a><\\\/p>\",\"special\":\"checked\"},{\"start\":\"2022-10-21 20:30\",\"end\":\"1970-01-01 \",\"url\":\"https:\\\/\\\/nunoa.cl\\\/nunoapanorama\\\/event\\\/rbx-presenta-machuca-en-vivo\\\/\",\"title\":\"RBX Presenta: Machuca en vivo\",\"desc\":\"<a href=https:\\\/\\\/nunoa.cl\\\/nunoapanorama\\\/event\\\/rbx-presenta-machuca-en-vivo\\\/><img width=\\\"704\\\" height=\\\"737\\\" src=\\\"https:\\\/\\\/nunoa.cl\\\/nunoapanorama\\\/wp-content\\\/uploads\\\/2022\\\/09\\\/WhatsApp-Image-2022-09-07-at-18.09.35-Sebastian-WowPro.jpeg\\\" class=\\\"attachment-post-thumbnail size-post-thumbnail wp-post-image\\\" alt=\\\"\\\" srcset=\\\"https:\\\/\\\/nunoa.cl\\\/nunoapanorama\\\/wp-content\\\/uploads\\\/2022\\\/09\\\/WhatsApp-Image-2022-09-07-at-18.09.35-Sebastian-WowPro.jpeg 704w, https:\\\/\\\/nunoa.cl\\\/nunoapanorama\\\/wp-content\\\/uploads\\\/2022\\\/09\\\/WhatsApp-Image-2022-09-07-at-18.09.35-Sebastian-WowPro-287x300.jpeg 287w, https:\\\/\\\/nunoa.cl\\\/nunoapanorama\\\/wp-content\\\/uploads\\\/2022\\\/09\\\/WhatsApp-Image-2022-09-07-at-18.09.35-Sebastian-WowPro-600x628.jpeg 600w\\\" sizes=\\\"(max-width: 704px) 100vw, 704px\\\" \\\/><\\\/a><p><a href=https:\\\/\\\/nunoa.cl\\\/nunoapanorama\\\/event\\\/rbx-presenta-machuca-en-vivo\\\/>RBX Presenta: Machuca en vivo<\\\/a><\\\/p>\",\"special\":\"checked\"},{\"start\":\"2022-09-21 10:00\",\"end\":\"2022-10-05 17:00\",\"url\":\"https:\\\/\\\/nunoa.cl\\\/nunoapanorama\\\/event\\\/exposicion-borrar-y-rebobinar-de-ismael-palma-tellez\\\/\",\"title\":\"Exposici\\u00f3n: \\u201cBorrar y rebobinar\\u201d de Ismael Palma T\\u00e9llez\",\"desc\":\"<a href=https:\\\/\\\/nunoa.cl\\\/nunoapanorama\\\/event\\\/exposicion-borrar-y-rebobinar-de-ismael-palma-tellez\\\/><img width=\\\"1718\\\" height=\\\"1287\\\" src=\\\"https:\\\/\\\/nunoa.cl\\\/nunoapanorama\\\/wp-content\\\/uploads\\\/2022\\\/09\\\/Flyer-Ismael-Palma-Te\\u0301llez.png\\\" class=\\\"attachment-post-thumbnail size-post-thumbnail wp-post-image\\\" alt=\\\"\\\" srcset=\\\"https:\\\/\\\/nunoa.cl\\\/nunoapanorama\\\/wp-content\\\/uploads\\\/2022\\\/09\\\/Flyer-Ismael-Palma-Te\\u0301llez.png 1718w, https:\\\/\\\/nunoa.cl\\\/nunoapanorama\\\/wp-content\\\/uploads\\\/2022\\\/09\\\/Flyer-Ismael-Palma-Te\\u0301llez-300x225.png 300w, https:\\\/\\\/nunoa.cl\\\/nunoapanorama\\\/wp-content\\\/uploads\\\/2022\\\/09\\\/Flyer-Ismael-Palma-Te\\u0301llez-1024x767.png 1024w, https:\\\/\\\/nunoa.cl\\\/nunoapanorama\\\/wp-content\\\/uploads\\\/2022\\\/09\\\/Flyer-Ismael-Palma-Te\\u0301llez-768x575.png 768w, https:\\\/\\\/nunoa.cl\\\/nunoapanorama\\\/wp-content\\\/uploads\\\/2022\\\/09\\\/Flyer-Ismael-Palma-Te\\u0301llez-1536x1151.png 1536w, https:\\\/\\\/nunoa.cl\\\/nunoapanorama\\\/wp-content\\\/uploads\\\/2022\\\/09\\\/Flyer-Ismael-Palma-Te\\u0301llez-600x449.png 600w\\\" sizes=\\\"(max-width: 1718px) 100vw, 1718px\\\" \\\/><\\\/a><p><a href=https:\\\/\\\/nunoa.cl\\\/nunoapanorama\\\/event\\\/exposicion-borrar-y-rebobinar-de-ismael-palma-tellez\\\/>Exposici\\u00f3n: \\u201cBorrar y rebobinar\\u201d de Ismael Palma T\\u00e9llez<\\\/a><\\\/p>\",\"special\":\"\"},{\"start\":\"2022-10-09 21:00\",\"end\":\"2022-10-09 22:00\",\"url\":\"https:\\\/\\\/nunoa.cl\\\/nunoapanorama\\\/event\\\/rbx-presenta-eduardo-gatti-en-vivo\\\/\",\"title\":\"RBX Presenta : Eduardo Gatti en vivo\",\"desc\":\"<a href=https:\\\/\\\/nunoa.cl\\\/nunoapanorama\\\/event\\\/rbx-presenta-eduardo-gatti-en-vivo\\\/><img width=\\\"1000\\\" height=\\\"1000\\\" src=\\\"https:\\\/\\\/nunoa.cl\\\/nunoapanorama\\\/wp-content\\\/uploads\\\/2022\\\/09\\\/WhatsApp-Image-2022-09-29-at-13.07.37-Sebastian-WowPro.jpeg\\\" class=\\\"attachment-post-thumbnail size-post-thumbnail wp-post-image\\\" alt=\\\"\\\" srcset=\\\"https:\\\/\\\/nunoa.cl\\\/nunoapanorama\\\/wp-content\\\/uploads\\\/2022\\\/09\\\/WhatsApp-Image-2022-09-29-at-13.07.37-Sebastian-WowPro.jpeg 1000w, https:\\\/\\\/nunoa.cl\\\/nunoapanorama\\\/wp-content\\\/uploads\\\/2022\\\/09\\\/WhatsApp-Image-2022-09-29-at-13.07.37-Sebastian-WowPro-300x300.jpeg 300w, https:\\\/\\\/nunoa.cl\\\/nunoapanorama\\\/wp-content\\\/uploads\\\/2022\\\/09\\\/WhatsApp-Image-2022-09-29-at-13.07.37-Sebastian-WowPro-150x150.jpeg 150w, https:\\\/\\\/nunoa.cl\\\/nunoapanorama\\\/wp-content\\\/uploads\\\/2022\\\/09\\\/WhatsApp-Image-2022-09-29-at-13.07.37-Sebastian-WowPro-768x768.jpeg 768w, https:\\\/\\\/nunoa.cl\\\/nunoapanorama\\\/wp-content\\\/uploads\\\/2022\\\/09\\\/WhatsApp-Image-2022-09-29-at-13.07.37-Sebastian-WowPro-500x500.jpeg 500w, https:\\\/\\\/nunoa.cl\\\/nunoapanorama\\\/wp-content\\\/uploads\\\/2022\\\/09\\\/WhatsApp-Image-2022-09-29-at-13.07.37-Sebastian-WowPro-80x80.jpeg 80w, https:\\\/\\\/nunoa.cl\\\/nunoapanorama\\\/wp-content\\\/uploads\\\/2022\\\/09\\\/WhatsApp-Image-2022-09-29-at-13.07.37-Sebastian-WowPro-600x600.jpeg 600w, https:\\\/\\\/nunoa.cl\\\/nunoapanorama\\\/wp-content\\\/uploads\\\/2022\\\/09\\\/WhatsApp-Image-2022-09-29-at-13.07.37-Sebastian-WowPro-100x100.jpeg 100w\\\" sizes=\\\"(max-width: 1000px) 100vw, 1000px\\\" \\\/><\\\/a><p><a href=https:\\\/\\\/nunoa.cl\\\/nunoapanorama\\\/event\\\/rbx-presenta-eduardo-gatti-en-vivo\\\/>RBX Presenta : Eduardo Gatti en vivo<\\\/a><\\\/p>\",\"special\":\"checked\"},{\"start\":\"2022-10-14 20:00\",\"end\":\"1970-01-01 \",\"url\":\"https:\\\/\\\/nunoa.cl\\\/nunoapanorama\\\/event\\\/concierto-malos-modales\\\/\",\"title\":\"Concierto Malos Modales\",\"desc\":\"<a href=https:\\\/\\\/nunoa.cl\\\/nunoapanorama\\\/event\\\/concierto-malos-modales\\\/><img width=\\\"600\\\" height=\\\"798\\\" src=\\\"https:\\\/\\\/nunoa.cl\\\/nunoapanorama\\\/wp-content\\\/uploads\\\/2022\\\/10\\\/WhatsApp-Image-2022-09-20-at-11.21.33-PM-Espacio-Incluir.jpeg\\\" class=\\\"attachment-post-thumbnail size-post-thumbnail wp-post-image\\\" alt=\\\"\\\" srcset=\\\"https:\\\/\\\/nunoa.cl\\\/nunoapanorama\\\/wp-content\\\/uploads\\\/2022\\\/10\\\/WhatsApp-Image-2022-09-20-at-11.21.33-PM-Espacio-Incluir.jpeg 600w, https:\\\/\\\/nunoa.cl\\\/nunoapanorama\\\/wp-content\\\/uploads\\\/2022\\\/10\\\/WhatsApp-Image-2022-09-20-at-11.21.33-PM-Espacio-Incluir-226x300.jpeg 226w\\\" sizes=\\\"(max-width: 600px) 100vw, 600px\\\" \\\/><\\\/a><p><a href=https:\\\/\\\/nunoa.cl\\\/nunoapanorama\\\/event\\\/concierto-malos-modales\\\/>Concierto Malos Modales<\\\/a><\\\/p>\",\"special\":\"checked\"},{\"start\":\"2022-10-03 10:00\",\"end\":\"2022-10-07 18:00\",\"url\":\"https:\\\/\\\/nunoa.cl\\\/nunoapanorama\\\/event\\\/exposicion-trabajando-con-el-terror\\\/\",\"title\":\"Exposici\\u00f3n: &#8220;Trabajando con el Terror&#8221;\",\"desc\":\"<a href=https:\\\/\\\/nunoa.cl\\\/nunoapanorama\\\/event\\\/exposicion-trabajando-con-el-terror\\\/><img width=\\\"2560\\\" height=\\\"1843\\\" src=\\\"https:\\\/\\\/nunoa.cl\\\/nunoapanorama\\\/wp-content\\\/uploads\\\/2022\\\/10\\\/Afiche-muestra_page-0001-scaled.jpg\\\" class=\\\"attachment-post-thumbnail size-post-thumbnail wp-post-image\\\" alt=\\\"\\\" srcset=\\\"https:\\\/\\\/nunoa.cl\\\/nunoapanorama\\\/wp-content\\\/uploads\\\/2022\\\/10\\\/Afiche-muestra_page-0001-scaled.jpg 2560w, https:\\\/\\\/nunoa.cl\\\/nunoapanorama\\\/wp-content\\\/uploads\\\/2022\\\/10\\\/Afiche-muestra_page-0001-300x216.jpg 300w, https:\\\/\\\/nunoa.cl\\\/nunoapanorama\\\/wp-content\\\/uploads\\\/2022\\\/10\\\/Afiche-muestra_page-0001-1024x737.jpg 1024w, https:\\\/\\\/nunoa.cl\\\/nunoapanorama\\\/wp-content\\\/uploads\\\/2022\\\/10\\\/Afiche-muestra_page-0001-768x553.jpg 768w, https:\\\/\\\/nunoa.cl\\\/nunoapanorama\\\/wp-content\\\/uploads\\\/2022\\\/10\\\/Afiche-muestra_page-0001-1536x1106.jpg 1536w, https:\\\/\\\/nunoa.cl\\\/nunoapanorama\\\/wp-content\\\/uploads\\\/2022\\\/10\\\/Afiche-muestra_page-0001-2048x1474.jpg 2048w, https:\\\/\\\/nunoa.cl\\\/nunoapanorama\\\/wp-content\\\/uploads\\\/2022\\\/10\\\/Afiche-muestra_page-0001-600x432.jpg 600w\\\" sizes=\\\"(max-width: 2560px) 100vw, 2560px\\\" \\\/><\\\/a><p><a href=https:\\\/\\\/nunoa.cl\\\/nunoapanorama\\\/event\\\/exposicion-trabajando-con-el-terror\\\/>Exposici\\u00f3n: &#8220;Trabajando con el Terror&#8221;<\\\/a><\\\/p>\",\"special\":\"\"},{\"start\":\"2022-10-22 17:30\",\"end\":\"1970-01-01 \",\"url\":\"https:\\\/\\\/nunoa.cl\\\/nunoapanorama\\\/event\\\/primavera-teatral-plaza-pedro-montt\\\/\",\"title\":\"Primavera Teatral \\\/ Plaza Pedro Montt\",\"desc\":\"<a href=https:\\\/\\\/nunoa.cl\\\/nunoapanorama\\\/event\\\/primavera-teatral-plaza-pedro-montt\\\/><img width=\\\"1180\\\" height=\\\"480\\\" src=\\\"https:\\\/\\\/nunoa.cl\\\/nunoapanorama\\\/wp-content\\\/uploads\\\/2022\\\/10\\\/este-jardin-es-mio-3-teatro-uc-nunoa-2048x1363-1-pvjeokk7n6kfbrcep6a0ip554tlbwze5chtqk8ja2o.jpg\\\" class=\\\"attachment-post-thumbnail size-post-thumbnail wp-post-image\\\" alt=\\\"\\\" srcset=\\\"https:\\\/\\\/nunoa.cl\\\/nunoapanorama\\\/wp-content\\\/uploads\\\/2022\\\/10\\\/este-jardin-es-mio-3-teatro-uc-nunoa-2048x1363-1-pvjeokk7n6kfbrcep6a0ip554tlbwze5chtqk8ja2o.jpg 1180w, https:\\\/\\\/nunoa.cl\\\/nunoapanorama\\\/wp-content\\\/uploads\\\/2022\\\/10\\\/este-jardin-es-mio-3-teatro-uc-nunoa-2048x1363-1-pvjeokk7n6kfbrcep6a0ip554tlbwze5chtqk8ja2o-300x122.jpg 300w, https:\\\/\\\/nunoa.cl\\\/nunoapanorama\\\/wp-content\\\/uploads\\\/2022\\\/10\\\/este-jardin-es-mio-3-teatro-uc-nunoa-2048x1363-1-pvjeokk7n6kfbrcep6a0ip554tlbwze5chtqk8ja2o-1024x417.jpg 1024w, https:\\\/\\\/nunoa.cl\\\/nunoapanorama\\\/wp-content\\\/uploads\\\/2022\\\/10\\\/este-jardin-es-mio-3-teatro-uc-nunoa-2048x1363-1-pvjeokk7n6kfbrcep6a0ip554tlbwze5chtqk8ja2o-768x312.jpg 768w, https:\\\/\\\/nunoa.cl\\\/nunoapanorama\\\/wp-content\\\/uploads\\\/2022\\\/10\\\/este-jardin-es-mio-3-teatro-uc-nunoa-2048x1363-1-pvjeokk7n6kfbrcep6a0ip554tlbwze5chtqk8ja2o-600x244.jpg 600w\\\" sizes=\\\"(max-width: 1180px) 100vw, 1180px\\\" \\\/><\\\/a><p><a href=https:\\\/\\\/nunoa.cl\\\/nunoapanorama\\\/event\\\/primavera-teatral-plaza-pedro-montt\\\/>Primavera Teatral \\\/ Plaza Pedro Montt<\\\/a><\\\/p>\",\"special\":\"\"},{\"start\":\"2022-10-19 19:30\",\"end\":\"1970-01-01 \",\"url\":\"https:\\\/\\\/nunoa.cl\\\/nunoapanorama\\\/event\\\/estreno-mi-pais-imaginario\\\/\",\"title\":\"Estreno: Mi pa\\u00eds Imaginario\",\"desc\":\"<a href=https:\\\/\\\/nunoa.cl\\\/nunoapanorama\\\/event\\\/estreno-mi-pais-imaginario\\\/><img width=\\\"1536\\\" height=\\\"768\\\" src=\\\"https:\\\/\\\/nunoa.cl\\\/nunoapanorama\\\/wp-content\\\/uploads\\\/2022\\\/10\\\/mipaisimaginario-e1663731951678-1536x768-1.jpg\\\" class=\\\"attachment-post-thumbnail size-post-thumbnail wp-post-image\\\" alt=\\\"\\\" srcset=\\\"https:\\\/\\\/nunoa.cl\\\/nunoapanorama\\\/wp-content\\\/uploads\\\/2022\\\/10\\\/mipaisimaginario-e1663731951678-1536x768-1.jpg 1536w, https:\\\/\\\/nunoa.cl\\\/nunoapanorama\\\/wp-content\\\/uploads\\\/2022\\\/10\\\/mipaisimaginario-e1663731951678-1536x768-1-300x150.jpg 300w, https:\\\/\\\/nunoa.cl\\\/nunoapanorama\\\/wp-content\\\/uploads\\\/2022\\\/10\\\/mipaisimaginario-e1663731951678-1536x768-1-1024x512.jpg 1024w, https:\\\/\\\/nunoa.cl\\\/nunoapanorama\\\/wp-content\\\/uploads\\\/2022\\\/10\\\/mipaisimaginario-e1663731951678-1536x768-1-768x384.jpg 768w, https:\\\/\\\/nunoa.cl\\\/nunoapanorama\\\/wp-content\\\/uploads\\\/2022\\\/10\\\/mipaisimaginario-e1663731951678-1536x768-1-600x300.jpg 600w\\\" sizes=\\\"(max-width: 1536px) 100vw, 1536px\\\" \\\/><\\\/a><p><a href=https:\\\/\\\/nunoa.cl\\\/nunoapanorama\\\/event\\\/estreno-mi-pais-imaginario\\\/>Estreno: Mi pa\\u00eds Imaginario<\\\/a><\\\/p>\",\"special\":\"\"},{\"start\":\"2022-10-21 19:30\",\"end\":\"1970-01-01 \",\"url\":\"https:\\\/\\\/nunoa.cl\\\/nunoapanorama\\\/event\\\/ficnova-moostro-dos-rios-cocoa-y-libertad-conversatorio\\\/\",\"title\":\"FICNOVA: Moostro | Dos r\\u00edos, cocoa y libertad + conversatorio\",\"desc\":\"<a href=https:\\\/\\\/nunoa.cl\\\/nunoapanorama\\\/event\\\/ficnova-moostro-dos-rios-cocoa-y-libertad-conversatorio\\\/><img width=\\\"1455\\\" height=\\\"818\\\" src=\\\"https:\\\/\\\/nunoa.cl\\\/nunoapanorama\\\/wp-content\\\/uploads\\\/2022\\\/10\\\/moostro-e1663733031209.png\\\" class=\\\"attachment-post-thumbnail size-post-thumbnail wp-post-image\\\" alt=\\\"\\\" srcset=\\\"https:\\\/\\\/nunoa.cl\\\/nunoapanorama\\\/wp-content\\\/uploads\\\/2022\\\/10\\\/moostro-e1663733031209.png 1455w, https:\\\/\\\/nunoa.cl\\\/nunoapanorama\\\/wp-content\\\/uploads\\\/2022\\\/10\\\/moostro-e1663733031209-300x169.png 300w, https:\\\/\\\/nunoa.cl\\\/nunoapanorama\\\/wp-content\\\/uploads\\\/2022\\\/10\\\/moostro-e1663733031209-1024x576.png 1024w, https:\\\/\\\/nunoa.cl\\\/nunoapanorama\\\/wp-content\\\/uploads\\\/2022\\\/10\\\/moostro-e1663733031209-768x432.png 768w, https:\\\/\\\/nunoa.cl\\\/nunoapanorama\\\/wp-content\\\/uploads\\\/2022\\\/10\\\/moostro-e1663733031209-600x337.png 600w\\\" sizes=\\\"(max-width: 1455px) 100vw, 1455px\\\" \\\/><\\\/a><p><a href=https:\\\/\\\/nunoa.cl\\\/nunoapanorama\\\/event\\\/ficnova-moostro-dos-rios-cocoa-y-libertad-conversatorio\\\/>FICNOVA: Moostro | Dos r\\u00edos, cocoa y libertad + conversatorio<\\\/a><\\\/p>\",\"special\":\"\"},{\"start\":\"2022-10-22 16:30\",\"end\":\"1970-01-01 \",\"url\":\"https:\\\/\\\/nunoa.cl\\\/nunoapanorama\\\/event\\\/cabildo-infantil-el-desfile-de-los-ausentes-taller-familiar\\\/\",\"title\":\"Cabildo infantil | El desfile de los ausentes + Taller familiar\",\"desc\":\"<a href=https:\\\/\\\/nunoa.cl\\\/nunoapanorama\\\/event\\\/cabildo-infantil-el-desfile-de-los-ausentes-taller-familiar\\\/><img width=\\\"846\\\" height=\\\"475\\\" src=\\\"https:\\\/\\\/nunoa.cl\\\/nunoapanorama\\\/wp-content\\\/uploads\\\/2022\\\/10\\\/desfile-e1663733817213.png\\\" class=\\\"attachment-post-thumbnail size-post-thumbnail wp-post-image\\\" alt=\\\"\\\" srcset=\\\"https:\\\/\\\/nunoa.cl\\\/nunoapanorama\\\/wp-content\\\/uploads\\\/2022\\\/10\\\/desfile-e1663733817213.png 846w, https:\\\/\\\/nunoa.cl\\\/nunoapanorama\\\/wp-content\\\/uploads\\\/2022\\\/10\\\/desfile-e1663733817213-300x168.png 300w, https:\\\/\\\/nunoa.cl\\\/nunoapanorama\\\/wp-content\\\/uploads\\\/2022\\\/10\\\/desfile-e1663733817213-768x431.png 768w, https:\\\/\\\/nunoa.cl\\\/nunoapanorama\\\/wp-content\\\/uploads\\\/2022\\\/10\\\/desfile-e1663733817213-600x337.png 600w\\\" sizes=\\\"(max-width: 846px) 100vw, 846px\\\" \\\/><\\\/a><p><a href=https:\\\/\\\/nunoa.cl\\\/nunoapanorama\\\/event\\\/cabildo-infantil-el-desfile-de-los-ausentes-taller-familiar\\\/>Cabildo infantil | El desfile de los ausentes + Taller familiar<\\\/a><\\\/p>\",\"special\":\"\"},{\"start\":\"2022-10-24 19:30\",\"end\":\"2022-10-29 21:00\",\"url\":\"https:\\\/\\\/nunoa.cl\\\/nunoapanorama\\\/event\\\/649\\\/\",\"title\":\"5ta edici\\u00f3n de Festigol, Festival de Cine + F\\u00fatbol.\",\"desc\":\"<a href=https:\\\/\\\/nunoa.cl\\\/nunoapanorama\\\/event\\\/649\\\/><img width=\\\"931\\\" height=\\\"524\\\" src=\\\"https:\\\/\\\/nunoa.cl\\\/nunoapanorama\\\/wp-content\\\/uploads\\\/2022\\\/10\\\/Captura-de-pantalla-2022-09-27-020356-e1664255075596.png\\\" class=\\\"attachment-post-thumbnail size-post-thumbnail wp-post-image\\\" alt=\\\"\\\" srcset=\\\"https:\\\/\\\/nunoa.cl\\\/nunoapanorama\\\/wp-content\\\/uploads\\\/2022\\\/10\\\/Captura-de-pantalla-2022-09-27-020356-e1664255075596.png 931w, https:\\\/\\\/nunoa.cl\\\/nunoapanorama\\\/wp-content\\\/uploads\\\/2022\\\/10\\\/Captura-de-pantalla-2022-09-27-020356-e1664255075596-300x169.png 300w, https:\\\/\\\/nunoa.cl\\\/nunoapanorama\\\/wp-content\\\/uploads\\\/2022\\\/10\\\/Captura-de-pantalla-2022-09-27-020356-e1664255075596-768x432.png 768w, https:\\\/\\\/nunoa.cl\\\/nunoapanorama\\\/wp-content\\\/uploads\\\/2022\\\/10\\\/Captura-de-pantalla-2022-09-27-020356-e1664255075596-600x338.png 600w\\\" sizes=\\\"(max-width: 931px) 100vw, 931px\\\" \\\/><\\\/a><p><a href=https:\\\/\\\/nunoa.cl\\\/nunoapanorama\\\/event\\\/649\\\/>5ta edici\\u00f3n de Festigol, Festival de Cine + F\\u00fatbol.<\\\/a><\\\/p>\",\"special\":\"\"},{\"start\":\"2022-10-26 19:30\",\"end\":\"1970-01-01 \",\"url\":\"https:\\\/\\\/nunoa.cl\\\/nunoapanorama\\\/event\\\/estreno-1976-conversatorio\\\/\",\"title\":\"Estreno: 1976 + conversatorio\",\"desc\":\"<a href=https:\\\/\\\/nunoa.cl\\\/nunoapanorama\\\/event\\\/estreno-1976-conversatorio\\\/><img width=\\\"942\\\" height=\\\"530\\\" src=\\\"https:\\\/\\\/nunoa.cl\\\/nunoapanorama\\\/wp-content\\\/uploads\\\/2022\\\/10\\\/1976-martelli-critica-e1664255619189.jpg\\\" class=\\\"attachment-post-thumbnail size-post-thumbnail wp-post-image\\\" alt=\\\"\\\" srcset=\\\"https:\\\/\\\/nunoa.cl\\\/nunoapanorama\\\/wp-content\\\/uploads\\\/2022\\\/10\\\/1976-martelli-critica-e1664255619189.jpg 942w, https:\\\/\\\/nunoa.cl\\\/nunoapanorama\\\/wp-content\\\/uploads\\\/2022\\\/10\\\/1976-martelli-critica-e1664255619189-300x169.jpg 300w, https:\\\/\\\/nunoa.cl\\\/nunoapanorama\\\/wp-content\\\/uploads\\\/2022\\\/10\\\/1976-martelli-critica-e1664255619189-768x432.jpg 768w, https:\\\/\\\/nunoa.cl\\\/nunoapanorama\\\/wp-content\\\/uploads\\\/2022\\\/10\\\/1976-martelli-critica-e1664255619189-600x338.jpg 600w\\\" sizes=\\\"(max-width: 942px) 100vw, 942px\\\" \\\/><\\\/a><p><a href=https:\\\/\\\/nunoa.cl\\\/nunoapanorama\\\/event\\\/estreno-1976-conversatorio\\\/>Estreno: 1976 + conversatorio<\\\/a><\\\/p>\",\"special\":\"\"},{\"start\":\"2022-10-29 17:30\",\"end\":\"2022-10-29 00:00\",\"url\":\"https:\\\/\\\/nunoa.cl\\\/nunoapanorama\\\/event\\\/primavera-teatral-plaza-augusto-dhalmar\\\/\",\"title\":\"PRIMAVERA TEATRAL\\\/\\\/ PLAZA AUGUSTO D\\u00b4HALMAR\",\"desc\":\"<a href=https:\\\/\\\/nunoa.cl\\\/nunoapanorama\\\/event\\\/primavera-teatral-plaza-augusto-dhalmar\\\/><img width=\\\"1536\\\" height=\\\"1022\\\" src=\\\"https:\\\/\\\/nunoa.cl\\\/nunoapanorama\\\/wp-content\\\/uploads\\\/2022\\\/10\\\/este-jardin-es-mio-2-teatro-uc-nunoa-2-1536x1022-1.webp\\\" class=\\\"attachment-post-thumbnail size-post-thumbnail wp-post-image\\\" alt=\\\"\\\" srcset=\\\"https:\\\/\\\/nunoa.cl\\\/nunoapanorama\\\/wp-content\\\/uploads\\\/2022\\\/10\\\/este-jardin-es-mio-2-teatro-uc-nunoa-2-1536x1022-1.webp 1536w, https:\\\/\\\/nunoa.cl\\\/nunoapanorama\\\/wp-content\\\/uploads\\\/2022\\\/10\\\/este-jardin-es-mio-2-teatro-uc-nunoa-2-1536x1022-1-300x200.webp 300w, https:\\\/\\\/nunoa.cl\\\/nunoapanorama\\\/wp-content\\\/uploads\\\/2022\\\/10\\\/este-jardin-es-mio-2-teatro-uc-nunoa-2-1536x1022-1-1024x681.webp 1024w, https:\\\/\\\/nunoa.cl\\\/nunoapanorama\\\/wp-content\\\/uploads\\\/2022\\\/10\\\/este-jardin-es-mio-2-teatro-uc-nunoa-2-1536x1022-1-768x511.webp 768w, https:\\\/\\\/nunoa.cl\\\/nunoapanorama\\\/wp-content\\\/uploads\\\/2022\\\/10\\\/este-jardin-es-mio-2-teatro-uc-nunoa-2-1536x1022-1-600x399.webp 600w\\\" sizes=\\\"(max-width: 1536px) 100vw, 1536px\\\" \\\/><\\\/a><p><a href=https:\\\/\\\/nunoa.cl\\\/nunoapanorama\\\/event\\\/primavera-teatral-plaza-augusto-dhalmar\\\/>PRIMAVERA TEATRAL\\\/\\\/ PLAZA AUGUSTO D\\u00b4HALMAR<\\\/a><\\\/p>\",\"special\":\"\"},{\"start\":\"2022-10-29 14:00\",\"end\":\"2022-10-29 20:00\",\"url\":\"https:\\\/\\\/nunoa.cl\\\/nunoapanorama\\\/event\\\/feria-cultural-de-derechos-humanos-nunoa-habita-su-memoria-2022\\\/\",\"title\":\"Feria Cultural de Derechos Humanos &#8220;\\u00d1u\\u00f1oa Habita su Memoria 2022\\u201d\",\"desc\":\"<a href=https:\\\/\\\/nunoa.cl\\\/nunoapanorama\\\/event\\\/feria-cultural-de-derechos-humanos-nunoa-habita-su-memoria-2022\\\/><img width=\\\"1810\\\" height=\\\"2560\\\" src=\\\"https:\\\/\\\/nunoa.cl\\\/nunoapanorama\\\/wp-content\\\/uploads\\\/2022\\\/10\\\/Afiche-Digital-min-scaled.jpg\\\" class=\\\"attachment-post-thumbnail size-post-thumbnail wp-post-image\\\" alt=\\\"\\\" srcset=\\\"https:\\\/\\\/nunoa.cl\\\/nunoapanorama\\\/wp-content\\\/uploads\\\/2022\\\/10\\\/Afiche-Digital-min-scaled.jpg 1810w, https:\\\/\\\/nunoa.cl\\\/nunoapanorama\\\/wp-content\\\/uploads\\\/2022\\\/10\\\/Afiche-Digital-min-212x300.jpg 212w, https:\\\/\\\/nunoa.cl\\\/nunoapanorama\\\/wp-content\\\/uploads\\\/2022\\\/10\\\/Afiche-Digital-min-724x1024.jpg 724w, https:\\\/\\\/nunoa.cl\\\/nunoapanorama\\\/wp-content\\\/uploads\\\/2022\\\/10\\\/Afiche-Digital-min-768x1086.jpg 768w, https:\\\/\\\/nunoa.cl\\\/nunoapanorama\\\/wp-content\\\/uploads\\\/2022\\\/10\\\/Afiche-Digital-min-1086x1536.jpg 1086w, https:\\\/\\\/nunoa.cl\\\/nunoapanorama\\\/wp-content\\\/uploads\\\/2022\\\/10\\\/Afiche-Digital-min-1448x2048.jpg 1448w, https:\\\/\\\/nunoa.cl\\\/nunoapanorama\\\/wp-content\\\/uploads\\\/2022\\\/10\\\/Afiche-Digital-min-600x849.jpg 600w\\\" sizes=\\\"(max-width: 1810px) 100vw, 1810px\\\" \\\/><\\\/a><p><a href=https:\\\/\\\/nunoa.cl\\\/nunoapanorama\\\/event\\\/feria-cultural-de-derechos-humanos-nunoa-habita-su-memoria-2022\\\/>Feria Cultural de Derechos Humanos &#8220;\\u00d1u\\u00f1oa Habita su Memoria 2022\\u201d<\\\/a><\\\/p>\",\"special\":\"\"},{\"start\":\"2022-12-04 19:00\",\"end\":\"1970-01-01 \",\"url\":\"https:\\\/\\\/nunoa.cl\\\/nunoapanorama\\\/event\\\/concierto-napale-arak-pacha\\\/\",\"title\":\"Concierto Napal\\u00e9 + Arak Pacha\",\"desc\":\"<a href=https:\\\/\\\/nunoa.cl\\\/nunoapanorama\\\/event\\\/concierto-napale-arak-pacha\\\/><img width=\\\"1440\\\" height=\\\"1800\\\" src=\\\"https:\\\/\\\/nunoa.cl\\\/nunoapanorama\\\/wp-content\\\/uploads\\\/2022\\\/10\\\/311878036_548352137293047_8959860058577586190_n.jpg\\\" class=\\\"attachment-post-thumbnail size-post-thumbnail wp-post-image\\\" alt=\\\"\\\" srcset=\\\"https:\\\/\\\/nunoa.cl\\\/nunoapanorama\\\/wp-content\\\/uploads\\\/2022\\\/10\\\/311878036_548352137293047_8959860058577586190_n.jpg 1440w, https:\\\/\\\/nunoa.cl\\\/nunoapanorama\\\/wp-content\\\/uploads\\\/2022\\\/10\\\/311878036_548352137293047_8959860058577586190_n-240x300.jpg 240w, https:\\\/\\\/nunoa.cl\\\/nunoapanorama\\\/wp-content\\\/uploads\\\/2022\\\/10\\\/311878036_548352137293047_8959860058577586190_n-819x1024.jpg 819w, https:\\\/\\\/nunoa.cl\\\/nunoapanorama\\\/wp-content\\\/uploads\\\/2022\\\/10\\\/311878036_548352137293047_8959860058577586190_n-768x960.jpg 768w, https:\\\/\\\/nunoa.cl\\\/nunoapanorama\\\/wp-content\\\/uploads\\\/2022\\\/10\\\/311878036_548352137293047_8959860058577586190_n-1229x1536.jpg 1229w, https:\\\/\\\/nunoa.cl\\\/nunoapanorama\\\/wp-content\\\/uploads\\\/2022\\\/10\\\/311878036_548352137293047_8959860058577586190_n-600x750.jpg 600w\\\" sizes=\\\"(max-width: 1440px) 100vw, 1440px\\\" \\\/><\\\/a><p><a href=https:\\\/\\\/nunoa.cl\\\/nunoapanorama\\\/event\\\/concierto-napale-arak-pacha\\\/>Concierto Napal\\u00e9 + Arak Pacha<\\\/a><\\\/p>\",\"special\":\"checked\"},{\"start\":\"2022-10-29 21:00\",\"end\":\"1970-01-01 \",\"url\":\"https:\\\/\\\/nunoa.cl\\\/nunoapanorama\\\/event\\\/obra-de-teatro-el-divino-anticristo-2\\\/\",\"title\":\"OBRA DE TEATRO &#8220;EL DIVINO ANTICRISTO&#8221;\",\"desc\":\"<a href=https:\\\/\\\/nunoa.cl\\\/nunoapanorama\\\/event\\\/obra-de-teatro-el-divino-anticristo-2\\\/><img width=\\\"1024\\\" height=\\\"1280\\\" src=\\\"https:\\\/\\\/nunoa.cl\\\/nunoapanorama\\\/wp-content\\\/uploads\\\/2022\\\/10\\\/ELDIVINOANTICRISTO_29_10-Ana-Maria-Cardenas.jpg\\\" class=\\\"attachment-post-thumbnail size-post-thumbnail wp-post-image\\\" alt=\\\"\\\" srcset=\\\"https:\\\/\\\/nunoa.cl\\\/nunoapanorama\\\/wp-content\\\/uploads\\\/2022\\\/10\\\/ELDIVINOANTICRISTO_29_10-Ana-Maria-Cardenas.jpg 1024w, https:\\\/\\\/nunoa.cl\\\/nunoapanorama\\\/wp-content\\\/uploads\\\/2022\\\/10\\\/ELDIVINOANTICRISTO_29_10-Ana-Maria-Cardenas-240x300.jpg 240w, https:\\\/\\\/nunoa.cl\\\/nunoapanorama\\\/wp-content\\\/uploads\\\/2022\\\/10\\\/ELDIVINOANTICRISTO_29_10-Ana-Maria-Cardenas-819x1024.jpg 819w, https:\\\/\\\/nunoa.cl\\\/nunoapanorama\\\/wp-content\\\/uploads\\\/2022\\\/10\\\/ELDIVINOANTICRISTO_29_10-Ana-Maria-Cardenas-768x960.jpg 768w, https:\\\/\\\/nunoa.cl\\\/nunoapanorama\\\/wp-content\\\/uploads\\\/2022\\\/10\\\/ELDIVINOANTICRISTO_29_10-Ana-Maria-Cardenas-600x750.jpg 600w\\\" sizes=\\\"(max-width: 1024px) 100vw, 1024px\\\" \\\/><\\\/a><p><a href=https:\\\/\\\/nunoa.cl\\\/nunoapanorama\\\/event\\\/obra-de-teatro-el-divino-anticristo-2\\\/>OBRA DE TEATRO &#8220;EL DIVINO ANTICRISTO&#8221;<\\\/a><\\\/p>\",\"special\":\"checked\"},{\"start\":\"2022-11-10 20:30\",\"end\":\"2022-12-03 22:00\",\"url\":\"https:\\\/\\\/nunoa.cl\\\/nunoapanorama\\\/event\\\/girls-boys\\\/\",\"title\":\"&#8220;Girls &#038; Boys&#8221;\",\"desc\":\"<a href=https:\\\/\\\/nunoa.cl\\\/nunoapanorama\\\/event\\\/girls-boys\\\/><img width=\\\"2560\\\" height=\\\"2182\\\" src=\\\"https:\\\/\\\/nunoa.cl\\\/nunoapanorama\\\/wp-content\\\/uploads\\\/2022\\\/10\\\/Girls-Boys_-credito-Pablo-Larrain-MARCELA-PAZ-RIVERA-OLMEDO-scaled.jpg\\\" class=\\\"attachment-post-thumbnail size-post-thumbnail wp-post-image\\\" alt=\\\"\\\" srcset=\\\"https:\\\/\\\/nunoa.cl\\\/nunoapanorama\\\/wp-content\\\/uploads\\\/2022\\\/10\\\/Girls-Boys_-credito-Pablo-Larrain-MARCELA-PAZ-RIVERA-OLMEDO-scaled.jpg 2560w, https:\\\/\\\/nunoa.cl\\\/nunoapanorama\\\/wp-content\\\/uploads\\\/2022\\\/10\\\/Girls-Boys_-credito-Pablo-Larrain-MARCELA-PAZ-RIVERA-OLMEDO-300x256.jpg 300w, https:\\\/\\\/nunoa.cl\\\/nunoapanorama\\\/wp-content\\\/uploads\\\/2022\\\/10\\\/Girls-Boys_-credito-Pablo-Larrain-MARCELA-PAZ-RIVERA-OLMEDO-1024x873.jpg 1024w, https:\\\/\\\/nunoa.cl\\\/nunoapanorama\\\/wp-content\\\/uploads\\\/2022\\\/10\\\/Girls-Boys_-credito-Pablo-Larrain-MARCELA-PAZ-RIVERA-OLMEDO-768x654.jpg 768w, https:\\\/\\\/nunoa.cl\\\/nunoapanorama\\\/wp-content\\\/uploads\\\/2022\\\/10\\\/Girls-Boys_-credito-Pablo-Larrain-MARCELA-PAZ-RIVERA-OLMEDO-1536x1309.jpg 1536w, https:\\\/\\\/nunoa.cl\\\/nunoapanorama\\\/wp-content\\\/uploads\\\/2022\\\/10\\\/Girls-Boys_-credito-Pablo-Larrain-MARCELA-PAZ-RIVERA-OLMEDO-2048x1745.jpg 2048w, https:\\\/\\\/nunoa.cl\\\/nunoapanorama\\\/wp-content\\\/uploads\\\/2022\\\/10\\\/Girls-Boys_-credito-Pablo-Larrain-MARCELA-PAZ-RIVERA-OLMEDO-600x511.jpg 600w\\\" sizes=\\\"(max-width: 2560px) 100vw, 2560px\\\" \\\/><\\\/a><p><a href=https:\\\/\\\/nunoa.cl\\\/nunoapanorama\\\/event\\\/girls-boys\\\/>&#8220;Girls &#038; Boys&#8221;<\\\/a><\\\/p>\",\"special\":\"checked\"},{\"start\":\"2022-11-11 20:00\",\"end\":\"2022-11-26 22:00\",\"url\":\"https:\\\/\\\/nunoa.cl\\\/nunoapanorama\\\/event\\\/capac-nan-el-camino-del-inca-en-chile\\\/\",\"title\":\"&#8220;Capac \\u00d1an, el Camino del Inca en Chile&#8221;\",\"desc\":\"<a href=https:\\\/\\\/nunoa.cl\\\/nunoapanorama\\\/event\\\/capac-nan-el-camino-del-inca-en-chile\\\/><img width=\\\"2560\\\" height=\\\"1709\\\" src=\\\"https:\\\/\\\/nunoa.cl\\\/nunoapanorama\\\/wp-content\\\/uploads\\\/2022\\\/10\\\/TRY_9188-MARCELA-PAZ-RIVERA-OLMEDO-scaled.jpg\\\" class=\\\"attachment-post-thumbnail size-post-thumbnail wp-post-image\\\" alt=\\\"\\\" srcset=\\\"https:\\\/\\\/nunoa.cl\\\/nunoapanorama\\\/wp-content\\\/uploads\\\/2022\\\/10\\\/TRY_9188-MARCELA-PAZ-RIVERA-OLMEDO-scaled.jpg 2560w, https:\\\/\\\/nunoa.cl\\\/nunoapanorama\\\/wp-content\\\/uploads\\\/2022\\\/10\\\/TRY_9188-MARCELA-PAZ-RIVERA-OLMEDO-300x200.jpg 300w, https:\\\/\\\/nunoa.cl\\\/nunoapanorama\\\/wp-content\\\/uploads\\\/2022\\\/10\\\/TRY_9188-MARCELA-PAZ-RIVERA-OLMEDO-1024x684.jpg 1024w, https:\\\/\\\/nunoa.cl\\\/nunoapanorama\\\/wp-content\\\/uploads\\\/2022\\\/10\\\/TRY_9188-MARCELA-PAZ-RIVERA-OLMEDO-768x513.jpg 768w, https:\\\/\\\/nunoa.cl\\\/nunoapanorama\\\/wp-content\\\/uploads\\\/2022\\\/10\\\/TRY_9188-MARCELA-PAZ-RIVERA-OLMEDO-1536x1025.jpg 1536w, https:\\\/\\\/nunoa.cl\\\/nunoapanorama\\\/wp-content\\\/uploads\\\/2022\\\/10\\\/TRY_9188-MARCELA-PAZ-RIVERA-OLMEDO-2048x1367.jpg 2048w, https:\\\/\\\/nunoa.cl\\\/nunoapanorama\\\/wp-content\\\/uploads\\\/2022\\\/10\\\/TRY_9188-MARCELA-PAZ-RIVERA-OLMEDO-600x401.jpg 600w\\\" sizes=\\\"(max-width: 2560px) 100vw, 2560px\\\" \\\/><\\\/a><p><a href=https:\\\/\\\/nunoa.cl\\\/nunoapanorama\\\/event\\\/capac-nan-el-camino-del-inca-en-chile\\\/>&#8220;Capac \\u00d1an, el Camino del Inca en Chile&#8221;<\\\/a><\\\/p>\",\"special\":\"checked\"},{\"start\":\"2022-11-03 18:30\",\"end\":\"2022-11-06 22:00\",\"url\":\"https:\\\/\\\/nunoa.cl\\\/nunoapanorama\\\/event\\\/festival-internacional-del-libro-y-la-lectura-de-nunoa-2022\\\/\",\"title\":\"Festival Internacional del Libro y la Lectura de \\u00d1u\\u00f1oa 2022\",\"desc\":\"<a href=https:\\\/\\\/nunoa.cl\\\/nunoapanorama\\\/event\\\/festival-internacional-del-libro-y-la-lectura-de-nunoa-2022\\\/><img width=\\\"1180\\\" height=\\\"480\\\" src=\\\"https:\\\/\\\/nunoa.cl\\\/nunoapanorama\\\/wp-content\\\/uploads\\\/2022\\\/11\\\/web-copia-7-pw24hokdokq2a0jc7fznqi158pdmwgfye1qzs69wao.jpg\\\" class=\\\"attachment-post-thumbnail size-post-thumbnail wp-post-image\\\" alt=\\\"\\\" srcset=\\\"https:\\\/\\\/nunoa.cl\\\/nunoapanorama\\\/wp-content\\\/uploads\\\/2022\\\/11\\\/web-copia-7-pw24hokdokq2a0jc7fznqi158pdmwgfye1qzs69wao.jpg 1180w, https:\\\/\\\/nunoa.cl\\\/nunoapanorama\\\/wp-content\\\/uploads\\\/2022\\\/11\\\/web-copia-7-pw24hokdokq2a0jc7fznqi158pdmwgfye1qzs69wao-300x122.jpg 300w, https:\\\/\\\/nunoa.cl\\\/nunoapanorama\\\/wp-content\\\/uploads\\\/2022\\\/11\\\/web-copia-7-pw24hokdokq2a0jc7fznqi158pdmwgfye1qzs69wao-1024x417.jpg 1024w, https:\\\/\\\/nunoa.cl\\\/nunoapanorama\\\/wp-content\\\/uploads\\\/2022\\\/11\\\/web-copia-7-pw24hokdokq2a0jc7fznqi158pdmwgfye1qzs69wao-768x312.jpg 768w\\\" sizes=\\\"(max-width: 1180px) 100vw, 1180px\\\" \\\/><\\\/a><p><a href=https:\\\/\\\/nunoa.cl\\\/nunoapanorama\\\/event\\\/festival-internacional-del-libro-y-la-lectura-de-nunoa-2022\\\/>Festival Internacional del Libro y la Lectura de \\u00d1u\\u00f1oa 2022<\\\/a><\\\/p>\",\"special\":\"checked\"},{\"start\":\"2022-11-05 16:30\",\"end\":\"1970-01-01 \",\"url\":\"https:\\\/\\\/nunoa.cl\\\/nunoapanorama\\\/event\\\/ciclo-dia-de-los-muertos-coco\\\/\",\"title\":\"Ciclo \\u00abD\\u00eda de los Muertos\\u00bb: Coco\",\"desc\":\"<a href=https:\\\/\\\/nunoa.cl\\\/nunoapanorama\\\/event\\\/ciclo-dia-de-los-muertos-coco\\\/><img width=\\\"828\\\" height=\\\"465\\\" src=\\\"https:\\\/\\\/nunoa.cl\\\/nunoapanorama\\\/wp-content\\\/uploads\\\/2022\\\/11\\\/1366_2000-e1666898540357.jpg\\\" class=\\\"attachment-post-thumbnail size-post-thumbnail wp-post-image\\\" alt=\\\"\\\" srcset=\\\"https:\\\/\\\/nunoa.cl\\\/nunoapanorama\\\/wp-content\\\/uploads\\\/2022\\\/11\\\/1366_2000-e1666898540357.jpg 828w, https:\\\/\\\/nunoa.cl\\\/nunoapanorama\\\/wp-content\\\/uploads\\\/2022\\\/11\\\/1366_2000-e1666898540357-300x168.jpg 300w, https:\\\/\\\/nunoa.cl\\\/nunoapanorama\\\/wp-content\\\/uploads\\\/2022\\\/11\\\/1366_2000-e1666898540357-768x431.jpg 768w\\\" sizes=\\\"(max-width: 828px) 100vw, 828px\\\" \\\/><\\\/a><p><a href=https:\\\/\\\/nunoa.cl\\\/nunoapanorama\\\/event\\\/ciclo-dia-de-los-muertos-coco\\\/>Ciclo \\u00abD\\u00eda de los Muertos\\u00bb: Coco<\\\/a><\\\/p>\",\"special\":\"\"},{\"start\":\"2022-11-05 19:30\",\"end\":\"1970-01-01 \",\"url\":\"https:\\\/\\\/nunoa.cl\\\/nunoapanorama\\\/event\\\/ciclo-dia-de-los-muertos-albertina-y-los-muertos-conversatorio\\\/\",\"title\":\"Ciclo \\u00abD\\u00eda de los Muertos\\u00bb: Albertina y los muertos + conversatorio\",\"desc\":\"<a href=https:\\\/\\\/nunoa.cl\\\/nunoapanorama\\\/event\\\/ciclo-dia-de-los-muertos-albertina-y-los-muertos-conversatorio\\\/><img width=\\\"1024\\\" height=\\\"576\\\" src=\\\"https:\\\/\\\/nunoa.cl\\\/nunoapanorama\\\/wp-content\\\/uploads\\\/2022\\\/11\\\/Still-2-1024x576-1.jpg\\\" class=\\\"attachment-post-thumbnail size-post-thumbnail wp-post-image\\\" alt=\\\"\\\" srcset=\\\"https:\\\/\\\/nunoa.cl\\\/nunoapanorama\\\/wp-content\\\/uploads\\\/2022\\\/11\\\/Still-2-1024x576-1.jpg 1024w, https:\\\/\\\/nunoa.cl\\\/nunoapanorama\\\/wp-content\\\/uploads\\\/2022\\\/11\\\/Still-2-1024x576-1-300x169.jpg 300w, https:\\\/\\\/nunoa.cl\\\/nunoapanorama\\\/wp-content\\\/uploads\\\/2022\\\/11\\\/Still-2-1024x576-1-768x432.jpg 768w\\\" sizes=\\\"(max-width: 1024px) 100vw, 1024px\\\" \\\/><\\\/a><p><a href=https:\\\/\\\/nunoa.cl\\\/nunoapanorama\\\/event\\\/ciclo-dia-de-los-muertos-albertina-y-los-muertos-conversatorio\\\/>Ciclo \\u00abD\\u00eda de los Muertos\\u00bb: Albertina y los muertos + conversatorio<\\\/a><\\\/p>\",\"special\":\"\"},{\"start\":\"2022-11-09 16:30\",\"end\":\"1970-01-01 \",\"url\":\"https:\\\/\\\/nunoa.cl\\\/nunoapanorama\\\/event\\\/los-puentes-de-madison\\\/\",\"title\":\"Funci\\u00f3n: &#8220;Los puentes de Madison&#8221;\",\"desc\":\"<a href=https:\\\/\\\/nunoa.cl\\\/nunoapanorama\\\/event\\\/los-puentes-de-madison\\\/><img width=\\\"1024\\\" height=\\\"576\\\" src=\\\"https:\\\/\\\/nunoa.cl\\\/nunoapanorama\\\/wp-content\\\/uploads\\\/2022\\\/11\\\/resena-puentes-de-madison-1024x576-1.jpg\\\" class=\\\"attachment-post-thumbnail size-post-thumbnail wp-post-image\\\" alt=\\\"\\\" srcset=\\\"https:\\\/\\\/nunoa.cl\\\/nunoapanorama\\\/wp-content\\\/uploads\\\/2022\\\/11\\\/resena-puentes-de-madison-1024x576-1.jpg 1024w, https:\\\/\\\/nunoa.cl\\\/nunoapanorama\\\/wp-content\\\/uploads\\\/2022\\\/11\\\/resena-puentes-de-madison-1024x576-1-300x169.jpg 300w, https:\\\/\\\/nunoa.cl\\\/nunoapanorama\\\/wp-content\\\/uploads\\\/2022\\\/11\\\/resena-puentes-de-madison-1024x576-1-768x432.jpg 768w\\\" sizes=\\\"(max-width: 1024px) 100vw, 1024px\\\" \\\/><\\\/a><p><a href=https:\\\/\\\/nunoa.cl\\\/nunoapanorama\\\/event\\\/los-puentes-de-madison\\\/>Funci\\u00f3n: &#8220;Los puentes de Madison&#8221;<\\\/a><\\\/p>\",\"special\":\"\"},{\"start\":\"2022-11-09 19:30\",\"end\":\"1970-01-01 \",\"url\":\"https:\\\/\\\/nunoa.cl\\\/nunoapanorama\\\/event\\\/1976-funcion-con-inscripcion\\\/\",\"title\":\"1976 (Funci\\u00f3n con inscripci\\u00f3n)\",\"desc\":\"<a href=https:\\\/\\\/nunoa.cl\\\/nunoapanorama\\\/event\\\/1976-funcion-con-inscripcion\\\/><img width=\\\"942\\\" height=\\\"530\\\" src=\\\"https:\\\/\\\/nunoa.cl\\\/nunoapanorama\\\/wp-content\\\/uploads\\\/2022\\\/11\\\/1976-martelli-critica-e1664255619189.jpg\\\" class=\\\"attachment-post-thumbnail size-post-thumbnail wp-post-image\\\" alt=\\\"\\\" srcset=\\\"https:\\\/\\\/nunoa.cl\\\/nunoapanorama\\\/wp-content\\\/uploads\\\/2022\\\/11\\\/1976-martelli-critica-e1664255619189.jpg 942w, https:\\\/\\\/nunoa.cl\\\/nunoapanorama\\\/wp-content\\\/uploads\\\/2022\\\/11\\\/1976-martelli-critica-e1664255619189-300x169.jpg 300w, https:\\\/\\\/nunoa.cl\\\/nunoapanorama\\\/wp-content\\\/uploads\\\/2022\\\/11\\\/1976-martelli-critica-e1664255619189-768x432.jpg 768w\\\" sizes=\\\"(max-width: 942px) 100vw, 942px\\\" \\\/><\\\/a><p><a href=https:\\\/\\\/nunoa.cl\\\/nunoapanorama\\\/event\\\/1976-funcion-con-inscripcion\\\/>1976 (Funci\\u00f3n con inscripci\\u00f3n)<\\\/a><\\\/p>\",\"special\":\"checked\"},{\"start\":\"2022-11-12 16:30\",\"end\":\"1970-01-01 \",\"url\":\"https:\\\/\\\/nunoa.cl\\\/nunoapanorama\\\/event\\\/anina-franja-familiar\\\/\",\"title\":\"Funci\\u00f3n: &#8220;Anina &#8211; franja familiar&#8221;\",\"desc\":\"<a href=https:\\\/\\\/nunoa.cl\\\/nunoapanorama\\\/event\\\/anina-franja-familiar\\\/><img width=\\\"1024\\\" height=\\\"575\\\" src=\\\"https:\\\/\\\/nunoa.cl\\\/nunoapanorama\\\/wp-content\\\/uploads\\\/2022\\\/11\\\/AninA_img_001-e1661874423500-1024x575-1.jpg\\\" class=\\\"attachment-post-thumbnail size-post-thumbnail wp-post-image\\\" alt=\\\"\\\" srcset=\\\"https:\\\/\\\/nunoa.cl\\\/nunoapanorama\\\/wp-content\\\/uploads\\\/2022\\\/11\\\/AninA_img_001-e1661874423500-1024x575-1.jpg 1024w, https:\\\/\\\/nunoa.cl\\\/nunoapanorama\\\/wp-content\\\/uploads\\\/2022\\\/11\\\/AninA_img_001-e1661874423500-1024x575-1-300x168.jpg 300w, https:\\\/\\\/nunoa.cl\\\/nunoapanorama\\\/wp-content\\\/uploads\\\/2022\\\/11\\\/AninA_img_001-e1661874423500-1024x575-1-768x431.jpg 768w\\\" sizes=\\\"(max-width: 1024px) 100vw, 1024px\\\" \\\/><\\\/a><p><a href=https:\\\/\\\/nunoa.cl\\\/nunoapanorama\\\/event\\\/anina-franja-familiar\\\/>Funci\\u00f3n: &#8220;Anina &#8211; franja familiar&#8221;<\\\/a><\\\/p>\",\"special\":\"\"},{\"start\":\"2022-11-12 19:30\",\"end\":\"1970-01-01 \",\"url\":\"https:\\\/\\\/nunoa.cl\\\/nunoapanorama\\\/event\\\/los-guantes-magicos\\\/\",\"title\":\"Funci\\u00f3n &#8220;Los guantes m\\u00e1gicos&#8221;\",\"desc\":\"<a href=https:\\\/\\\/nunoa.cl\\\/nunoapanorama\\\/event\\\/los-guantes-magicos\\\/><img width=\\\"1024\\\" height=\\\"576\\\" src=\\\"https:\\\/\\\/nunoa.cl\\\/nunoapanorama\\\/wp-content\\\/uploads\\\/2022\\\/11\\\/image-w1280-e1666901086857-1024x576-1.jpg\\\" class=\\\"attachment-post-thumbnail size-post-thumbnail wp-post-image\\\" alt=\\\"\\\" srcset=\\\"https:\\\/\\\/nunoa.cl\\\/nunoapanorama\\\/wp-content\\\/uploads\\\/2022\\\/11\\\/image-w1280-e1666901086857-1024x576-1.jpg 1024w, https:\\\/\\\/nunoa.cl\\\/nunoapanorama\\\/wp-content\\\/uploads\\\/2022\\\/11\\\/image-w1280-e1666901086857-1024x576-1-300x169.jpg 300w, https:\\\/\\\/nunoa.cl\\\/nunoapanorama\\\/wp-content\\\/uploads\\\/2022\\\/11\\\/image-w1280-e1666901086857-1024x576-1-768x432.jpg 768w\\\" sizes=\\\"(max-width: 1024px) 100vw, 1024px\\\" \\\/><\\\/a><p><a href=https:\\\/\\\/nunoa.cl\\\/nunoapanorama\\\/event\\\/los-guantes-magicos\\\/>Funci\\u00f3n &#8220;Los guantes m\\u00e1gicos&#8221;<\\\/a><\\\/p>\",\"special\":\"\"},{\"start\":\"2022-11-23 16:30\",\"end\":\"2022-11-23 00:00\",\"url\":\"https:\\\/\\\/nunoa.cl\\\/nunoapanorama\\\/event\\\/los-castores\\\/\",\"title\":\"Funci\\u00f3n: &#8220;Los Castores&#8221;\",\"desc\":\"<a href=https:\\\/\\\/nunoa.cl\\\/nunoapanorama\\\/event\\\/los-castores\\\/><img width=\\\"386\\\" height=\\\"217\\\" src=\\\"https:\\\/\\\/nunoa.cl\\\/nunoapanorama\\\/wp-content\\\/uploads\\\/2022\\\/11\\\/castor_620x412-e1666902156400.jpg\\\" class=\\\"attachment-post-thumbnail size-post-thumbnail wp-post-image\\\" alt=\\\"\\\" srcset=\\\"https:\\\/\\\/nunoa.cl\\\/nunoapanorama\\\/wp-content\\\/uploads\\\/2022\\\/11\\\/castor_620x412-e1666902156400.jpg 386w, https:\\\/\\\/nunoa.cl\\\/nunoapanorama\\\/wp-content\\\/uploads\\\/2022\\\/11\\\/castor_620x412-e1666902156400-300x169.jpg 300w\\\" sizes=\\\"(max-width: 386px) 100vw, 386px\\\" \\\/><\\\/a><p><a href=https:\\\/\\\/nunoa.cl\\\/nunoapanorama\\\/event\\\/los-castores\\\/>Funci\\u00f3n: &#8220;Los Castores&#8221;<\\\/a><\\\/p>\",\"special\":\"\"},{\"start\":\"2022-11-10 22:00\",\"end\":\"2022-11-10 23:59\",\"url\":\"https:\\\/\\\/nunoa.cl\\\/nunoapanorama\\\/event\\\/concierto-lupus-nunca-tuvimos-nada-en-la-batuta\\\/\",\"title\":\"Concierto Lupus + Nunca Tuvimos Nada\",\"desc\":\"<a href=https:\\\/\\\/nunoa.cl\\\/nunoapanorama\\\/event\\\/concierto-lupus-nunca-tuvimos-nada-en-la-batuta\\\/><img width=\\\"709\\\" height=\\\"299\\\" src=\\\"https:\\\/\\\/nunoa.cl\\\/nunoapanorama\\\/wp-content\\\/uploads\\\/2022\\\/11\\\/Lupus-NTN.png\\\" class=\\\"attachment-post-thumbnail size-post-thumbnail wp-post-image\\\" alt=\\\"\\\" srcset=\\\"https:\\\/\\\/nunoa.cl\\\/nunoapanorama\\\/wp-content\\\/uploads\\\/2022\\\/11\\\/Lupus-NTN.png 709w, https:\\\/\\\/nunoa.cl\\\/nunoapanorama\\\/wp-content\\\/uploads\\\/2022\\\/11\\\/Lupus-NTN-300x127.png 300w\\\" sizes=\\\"(max-width: 709px) 100vw, 709px\\\" \\\/><\\\/a><p><a href=https:\\\/\\\/nunoa.cl\\\/nunoapanorama\\\/event\\\/concierto-lupus-nunca-tuvimos-nada-en-la-batuta\\\/>Concierto Lupus + Nunca Tuvimos Nada<\\\/a><\\\/p>\",\"special\":\"\"},{\"start\":\"2022-11-23 19:30\",\"end\":\"1970-01-01 \",\"url\":\"https:\\\/\\\/nunoa.cl\\\/nunoapanorama\\\/event\\\/el-otro-conversatorio\\\/\",\"title\":\"Funci\\u00f3n: &#8220;El otro&#8221; + Conversatorio\",\"desc\":\"<a href=https:\\\/\\\/nunoa.cl\\\/nunoapanorama\\\/event\\\/el-otro-conversatorio\\\/><img width=\\\"1024\\\" height=\\\"578\\\" src=\\\"https:\\\/\\\/nunoa.cl\\\/nunoapanorama\\\/wp-content\\\/uploads\\\/2022\\\/11\\\/EWtEffcXkAI0iyO-1024x578-1.jpg\\\" class=\\\"attachment-post-thumbnail size-post-thumbnail wp-post-image\\\" alt=\\\"\\\" srcset=\\\"https:\\\/\\\/nunoa.cl\\\/nunoapanorama\\\/wp-content\\\/uploads\\\/2022\\\/11\\\/EWtEffcXkAI0iyO-1024x578-1.jpg 1024w, https:\\\/\\\/nunoa.cl\\\/nunoapanorama\\\/wp-content\\\/uploads\\\/2022\\\/11\\\/EWtEffcXkAI0iyO-1024x578-1-300x169.jpg 300w, https:\\\/\\\/nunoa.cl\\\/nunoapanorama\\\/wp-content\\\/uploads\\\/2022\\\/11\\\/EWtEffcXkAI0iyO-1024x578-1-768x434.jpg 768w\\\" sizes=\\\"(max-width: 1024px) 100vw, 1024px\\\" \\\/><\\\/a><p><a href=https:\\\/\\\/nunoa.cl\\\/nunoapanorama\\\/event\\\/el-otro-conversatorio\\\/>Funci\\u00f3n: &#8220;El otro&#8221; + Conversatorio<\\\/a><\\\/p>\",\"special\":\"\"},{\"start\":\"2022-11-26 16:30\",\"end\":\"1970-01-01 \",\"url\":\"https:\\\/\\\/nunoa.cl\\\/nunoapanorama\\\/event\\\/fidocs-la-traversee\\\/\",\"title\":\"FIDOCS: La Travers\\u00e9e\",\"desc\":\"<a href=https:\\\/\\\/nunoa.cl\\\/nunoapanorama\\\/event\\\/fidocs-la-traversee\\\/><img width=\\\"1024\\\" height=\\\"578\\\" src=\\\"https:\\\/\\\/nunoa.cl\\\/nunoapanorama\\\/wp-content\\\/uploads\\\/2022\\\/11\\\/still-4-1915x1080-1-1024x578-1.jpg\\\" class=\\\"attachment-post-thumbnail size-post-thumbnail wp-post-image\\\" alt=\\\"\\\" srcset=\\\"https:\\\/\\\/nunoa.cl\\\/nunoapanorama\\\/wp-content\\\/uploads\\\/2022\\\/11\\\/still-4-1915x1080-1-1024x578-1.jpg 1024w, https:\\\/\\\/nunoa.cl\\\/nunoapanorama\\\/wp-content\\\/uploads\\\/2022\\\/11\\\/still-4-1915x1080-1-1024x578-1-300x169.jpg 300w, https:\\\/\\\/nunoa.cl\\\/nunoapanorama\\\/wp-content\\\/uploads\\\/2022\\\/11\\\/still-4-1915x1080-1-1024x578-1-768x434.jpg 768w\\\" sizes=\\\"(max-width: 1024px) 100vw, 1024px\\\" \\\/><\\\/a><p><a href=https:\\\/\\\/nunoa.cl\\\/nunoapanorama\\\/event\\\/fidocs-la-traversee\\\/>FIDOCS: La Travers\\u00e9e<\\\/a><\\\/p>\",\"special\":\"\"},{\"start\":\"2022-11-26 19:30\",\"end\":\"1970-01-01 \",\"url\":\"https:\\\/\\\/nunoa.cl\\\/nunoapanorama\\\/event\\\/estreno-inmersion-conversatorio\\\/\",\"title\":\"Estreno: Inmersi\\u00f3n + conversatorio\",\"desc\":\"<a href=https:\\\/\\\/nunoa.cl\\\/nunoapanorama\\\/event\\\/estreno-inmersion-conversatorio\\\/><img width=\\\"1024\\\" height=\\\"576\\\" src=\\\"https:\\\/\\\/nunoa.cl\\\/nunoapanorama\\\/wp-content\\\/uploads\\\/2022\\\/11\\\/WhatsApp-Image-2022-09-26-at-11.11.30-1024x576-1.jpeg\\\" class=\\\"attachment-post-thumbnail size-post-thumbnail wp-post-image\\\" alt=\\\"\\\" srcset=\\\"https:\\\/\\\/nunoa.cl\\\/nunoapanorama\\\/wp-content\\\/uploads\\\/2022\\\/11\\\/WhatsApp-Image-2022-09-26-at-11.11.30-1024x576-1.jpeg 1024w, https:\\\/\\\/nunoa.cl\\\/nunoapanorama\\\/wp-content\\\/uploads\\\/2022\\\/11\\\/WhatsApp-Image-2022-09-26-at-11.11.30-1024x576-1-300x169.jpeg 300w, https:\\\/\\\/nunoa.cl\\\/nunoapanorama\\\/wp-content\\\/uploads\\\/2022\\\/11\\\/WhatsApp-Image-2022-09-26-at-11.11.30-1024x576-1-768x432.jpeg 768w\\\" sizes=\\\"(max-width: 1024px) 100vw, 1024px\\\" \\\/><\\\/a><p><a href=https:\\\/\\\/nunoa.cl\\\/nunoapanorama\\\/event\\\/estreno-inmersion-conversatorio\\\/>Estreno: Inmersi\\u00f3n + conversatorio<\\\/a><\\\/p>\",\"special\":\"\"},{\"start\":\"2022-11-28 19:30\",\"end\":\"2022-12-03 22:00\",\"url\":\"https:\\\/\\\/nunoa.cl\\\/nunoapanorama\\\/event\\\/muestra-de-cine-mexicano\\\/\",\"title\":\"Muestra de Cine Mexicano\",\"desc\":\"<a href=https:\\\/\\\/nunoa.cl\\\/nunoapanorama\\\/event\\\/muestra-de-cine-mexicano\\\/><img width=\\\"1013\\\" height=\\\"576\\\" src=\\\"https:\\\/\\\/nunoa.cl\\\/nunoapanorama\\\/wp-content\\\/uploads\\\/2022\\\/11\\\/afiche_oficial_cine_mex-e1666904893319-1024x577-1-e1669724698504.jpg\\\" class=\\\"attachment-post-thumbnail size-post-thumbnail wp-post-image\\\" alt=\\\"\\\" srcset=\\\"https:\\\/\\\/nunoa.cl\\\/nunoapanorama\\\/wp-content\\\/uploads\\\/2022\\\/11\\\/afiche_oficial_cine_mex-e1666904893319-1024x577-1-e1669724698504.jpg 1013w, https:\\\/\\\/nunoa.cl\\\/nunoapanorama\\\/wp-content\\\/uploads\\\/2022\\\/11\\\/afiche_oficial_cine_mex-e1666904893319-1024x577-1-e1669724698504-300x171.jpg 300w, https:\\\/\\\/nunoa.cl\\\/nunoapanorama\\\/wp-content\\\/uploads\\\/2022\\\/11\\\/afiche_oficial_cine_mex-e1666904893319-1024x577-1-e1669724698504-768x437.jpg 768w\\\" sizes=\\\"(max-width: 1013px) 100vw, 1013px\\\" \\\/><\\\/a><p><a href=https:\\\/\\\/nunoa.cl\\\/nunoapanorama\\\/event\\\/muestra-de-cine-mexicano\\\/>Muestra de Cine Mexicano<\\\/a><\\\/p>\",\"special\":\"\"},{\"start\":\"2022-11-03 20:30\",\"end\":\"2022-11-05 22:30\",\"url\":\"https:\\\/\\\/nunoa.cl\\\/nunoapanorama\\\/event\\\/restos\\\/\",\"title\":\"&#8220;Restos&#8221;\",\"desc\":\"<a href=https:\\\/\\\/nunoa.cl\\\/nunoapanorama\\\/event\\\/restos\\\/><img width=\\\"1638\\\" height=\\\"2048\\\" src=\\\"https:\\\/\\\/nunoa.cl\\\/nunoapanorama\\\/wp-content\\\/uploads\\\/2022\\\/11\\\/restos-teatro-uc-1638x2048-1.webp\\\" class=\\\"attachment-post-thumbnail size-post-thumbnail wp-post-image\\\" alt=\\\"\\\" srcset=\\\"https:\\\/\\\/nunoa.cl\\\/nunoapanorama\\\/wp-content\\\/uploads\\\/2022\\\/11\\\/restos-teatro-uc-1638x2048-1.webp 1638w, https:\\\/\\\/nunoa.cl\\\/nunoapanorama\\\/wp-content\\\/uploads\\\/2022\\\/11\\\/restos-teatro-uc-1638x2048-1-240x300.webp 240w, https:\\\/\\\/nunoa.cl\\\/nunoapanorama\\\/wp-content\\\/uploads\\\/2022\\\/11\\\/restos-teatro-uc-1638x2048-1-819x1024.webp 819w, https:\\\/\\\/nunoa.cl\\\/nunoapanorama\\\/wp-content\\\/uploads\\\/2022\\\/11\\\/restos-teatro-uc-1638x2048-1-768x960.webp 768w, https:\\\/\\\/nunoa.cl\\\/nunoapanorama\\\/wp-content\\\/uploads\\\/2022\\\/11\\\/restos-teatro-uc-1638x2048-1-1229x1536.webp 1229w\\\" sizes=\\\"(max-width: 1638px) 100vw, 1638px\\\" \\\/><\\\/a><p><a href=https:\\\/\\\/nunoa.cl\\\/nunoapanorama\\\/event\\\/restos\\\/>&#8220;Restos&#8221;<\\\/a><\\\/p>\",\"special\":\"checked\"},{\"start\":\"2022-11-03 20:00\",\"end\":\"2022-11-05 21:00\",\"url\":\"https:\\\/\\\/nunoa.cl\\\/nunoapanorama\\\/event\\\/pedro-de-valdivia-la-gesta-inconclusa\\\/\",\"title\":\"&#8220;Pedro de Valdivia: La gesta inconclusa&#8221;\",\"desc\":\"<a href=https:\\\/\\\/nunoa.cl\\\/nunoapanorama\\\/event\\\/pedro-de-valdivia-la-gesta-inconclusa\\\/><img width=\\\"1536\\\" height=\\\"1024\\\" src=\\\"https:\\\/\\\/nunoa.cl\\\/nunoapanorama\\\/wp-content\\\/uploads\\\/2022\\\/11\\\/pedro-de-valdivia-teatro-uc-principal-1536x1024-1.webp\\\" class=\\\"attachment-post-thumbnail size-post-thumbnail wp-post-image\\\" alt=\\\"\\\" srcset=\\\"https:\\\/\\\/nunoa.cl\\\/nunoapanorama\\\/wp-content\\\/uploads\\\/2022\\\/11\\\/pedro-de-valdivia-teatro-uc-principal-1536x1024-1.webp 1536w, https:\\\/\\\/nunoa.cl\\\/nunoapanorama\\\/wp-content\\\/uploads\\\/2022\\\/11\\\/pedro-de-valdivia-teatro-uc-principal-1536x1024-1-300x200.webp 300w, https:\\\/\\\/nunoa.cl\\\/nunoapanorama\\\/wp-content\\\/uploads\\\/2022\\\/11\\\/pedro-de-valdivia-teatro-uc-principal-1536x1024-1-1024x683.webp 1024w, https:\\\/\\\/nunoa.cl\\\/nunoapanorama\\\/wp-content\\\/uploads\\\/2022\\\/11\\\/pedro-de-valdivia-teatro-uc-principal-1536x1024-1-768x512.webp 768w\\\" sizes=\\\"(max-width: 1536px) 100vw, 1536px\\\" \\\/><\\\/a><p><a href=https:\\\/\\\/nunoa.cl\\\/nunoapanorama\\\/event\\\/pedro-de-valdivia-la-gesta-inconclusa\\\/>&#8220;Pedro de Valdivia: La gesta inconclusa&#8221;<\\\/a><\\\/p>\",\"special\":\"checked\"},{\"start\":\"2022-11-16 12:00\",\"end\":\"1970-01-01 \",\"url\":\"https:\\\/\\\/nunoa.cl\\\/nunoapanorama\\\/event\\\/presentacion-del-libro-la-tempestad-de-giorgione-de-victor-alegria\\\/\",\"title\":\"Presentaci\\u00f3n del libro &#8220;La tempestad de Giorgione&#8221; de V\\u00edctor Alegr\\u00eda\",\"desc\":\"<a href=https:\\\/\\\/nunoa.cl\\\/nunoapanorama\\\/event\\\/presentacion-del-libro-la-tempestad-de-giorgione-de-victor-alegria\\\/><img width=\\\"2560\\\" height=\\\"1555\\\" src=\\\"https:\\\/\\\/nunoa.cl\\\/nunoapanorama\\\/wp-content\\\/uploads\\\/2022\\\/11\\\/La-tempestad-de-Giorgione-Flyer-Digital-scaled.jpg\\\" class=\\\"attachment-post-thumbnail size-post-thumbnail wp-post-image\\\" alt=\\\"\\\" srcset=\\\"https:\\\/\\\/nunoa.cl\\\/nunoapanorama\\\/wp-content\\\/uploads\\\/2022\\\/11\\\/La-tempestad-de-Giorgione-Flyer-Digital-scaled.jpg 2560w, https:\\\/\\\/nunoa.cl\\\/nunoapanorama\\\/wp-content\\\/uploads\\\/2022\\\/11\\\/La-tempestad-de-Giorgione-Flyer-Digital-300x182.jpg 300w, https:\\\/\\\/nunoa.cl\\\/nunoapanorama\\\/wp-content\\\/uploads\\\/2022\\\/11\\\/La-tempestad-de-Giorgione-Flyer-Digital-1024x622.jpg 1024w, https:\\\/\\\/nunoa.cl\\\/nunoapanorama\\\/wp-content\\\/uploads\\\/2022\\\/11\\\/La-tempestad-de-Giorgione-Flyer-Digital-768x466.jpg 768w, https:\\\/\\\/nunoa.cl\\\/nunoapanorama\\\/wp-content\\\/uploads\\\/2022\\\/11\\\/La-tempestad-de-Giorgione-Flyer-Digital-1536x933.jpg 1536w, https:\\\/\\\/nunoa.cl\\\/nunoapanorama\\\/wp-content\\\/uploads\\\/2022\\\/11\\\/La-tempestad-de-Giorgione-Flyer-Digital-2048x1244.jpg 2048w\\\" sizes=\\\"(max-width: 2560px) 100vw, 2560px\\\" \\\/><\\\/a><p><a href=https:\\\/\\\/nunoa.cl\\\/nunoapanorama\\\/event\\\/presentacion-del-libro-la-tempestad-de-giorgione-de-victor-alegria\\\/>Presentaci\\u00f3n del libro &#8220;La tempestad de Giorgione&#8221; de V\\u00edctor Alegr\\u00eda<\\\/a><\\\/p>\",\"special\":\"\"},{\"start\":\"2022-11-10 19:00\",\"end\":\"2022-11-10 20:00\",\"url\":\"https:\\\/\\\/nunoa.cl\\\/nunoapanorama\\\/event\\\/presentacion-libro-corazon-de-weichan-espacio-literario\\\/\",\"title\":\"Presentaci\\u00f3n del Libro &#8220;Coraz\\u00f3n de Weichan&#8221;\",\"desc\":\"<a href=https:\\\/\\\/nunoa.cl\\\/nunoapanorama\\\/event\\\/presentacion-libro-corazon-de-weichan-espacio-literario\\\/><img width=\\\"1670\\\" height=\\\"2560\\\" src=\\\"https:\\\/\\\/nunoa.cl\\\/nunoapanorama\\\/wp-content\\\/uploads\\\/2022\\\/11\\\/portada_corazon-de-weichan_GRANDE.jpg\\\" class=\\\"attachment-post-thumbnail size-post-thumbnail wp-post-image\\\" alt=\\\"\\\" srcset=\\\"https:\\\/\\\/nunoa.cl\\\/nunoapanorama\\\/wp-content\\\/uploads\\\/2022\\\/11\\\/portada_corazon-de-weichan_GRANDE.jpg 1670w, https:\\\/\\\/nunoa.cl\\\/nunoapanorama\\\/wp-content\\\/uploads\\\/2022\\\/11\\\/portada_corazon-de-weichan_GRANDE-196x300.jpg 196w, https:\\\/\\\/nunoa.cl\\\/nunoapanorama\\\/wp-content\\\/uploads\\\/2022\\\/11\\\/portada_corazon-de-weichan_GRANDE-668x1024.jpg 668w, https:\\\/\\\/nunoa.cl\\\/nunoapanorama\\\/wp-content\\\/uploads\\\/2022\\\/11\\\/portada_corazon-de-weichan_GRANDE-768x1177.jpg 768w, https:\\\/\\\/nunoa.cl\\\/nunoapanorama\\\/wp-content\\\/uploads\\\/2022\\\/11\\\/portada_corazon-de-weichan_GRANDE-1002x1536.jpg 1002w, https:\\\/\\\/nunoa.cl\\\/nunoapanorama\\\/wp-content\\\/uploads\\\/2022\\\/11\\\/portada_corazon-de-weichan_GRANDE-1336x2048.jpg 1336w\\\" sizes=\\\"(max-width: 1670px) 100vw, 1670px\\\" \\\/><\\\/a><p><a href=https:\\\/\\\/nunoa.cl\\\/nunoapanorama\\\/event\\\/presentacion-libro-corazon-de-weichan-espacio-literario\\\/>Presentaci\\u00f3n del Libro &#8220;Coraz\\u00f3n de Weichan&#8221;<\\\/a><\\\/p>\",\"special\":\"\"},{\"start\":\"2022-11-12 21:00\",\"end\":\"2022-11-12 23:00\",\"url\":\"https:\\\/\\\/nunoa.cl\\\/nunoapanorama\\\/event\\\/concierto-rngd-en-rbx\\\/\",\"title\":\"Concierto: &#8220;RNGD&#8221; en RBX\",\"desc\":\"<a href=https:\\\/\\\/nunoa.cl\\\/nunoapanorama\\\/event\\\/concierto-rngd-en-rbx\\\/><img width=\\\"347\\\" height=\\\"347\\\" src=\\\"https:\\\/\\\/nunoa.cl\\\/nunoapanorama\\\/wp-content\\\/uploads\\\/2022\\\/11\\\/rbx-presenta-rngd-115335-min.jpg\\\" class=\\\"attachment-post-thumbnail size-post-thumbnail wp-post-image\\\" alt=\\\"\\\" srcset=\\\"https:\\\/\\\/nunoa.cl\\\/nunoapanorama\\\/wp-content\\\/uploads\\\/2022\\\/11\\\/rbx-presenta-rngd-115335-min.jpg 347w, https:\\\/\\\/nunoa.cl\\\/nunoapanorama\\\/wp-content\\\/uploads\\\/2022\\\/11\\\/rbx-presenta-rngd-115335-min-300x300.jpg 300w, https:\\\/\\\/nunoa.cl\\\/nunoapanorama\\\/wp-content\\\/uploads\\\/2022\\\/11\\\/rbx-presenta-rngd-115335-min-150x150.jpg 150w, https:\\\/\\\/nunoa.cl\\\/nunoapanorama\\\/wp-content\\\/uploads\\\/2022\\\/11\\\/rbx-presenta-rngd-115335-min-80x80.jpg 80w\\\" sizes=\\\"(max-width: 347px) 100vw, 347px\\\" \\\/><\\\/a><p><a href=https:\\\/\\\/nunoa.cl\\\/nunoapanorama\\\/event\\\/concierto-rngd-en-rbx\\\/>Concierto: &#8220;RNGD&#8221; en RBX<\\\/a><\\\/p>\",\"special\":\"\"},{\"start\":\"2022-11-27 21:00\",\"end\":\"2022-11-27 23:00\",\"url\":\"https:\\\/\\\/nunoa.cl\\\/nunoapanorama\\\/event\\\/concierto-astronautiko-en-rbx\\\/\",\"title\":\"Concierto: &#8220;Astronautiko&#8221; en RBX\",\"desc\":\"<a href=https:\\\/\\\/nunoa.cl\\\/nunoapanorama\\\/event\\\/concierto-astronautiko-en-rbx\\\/><img width=\\\"347\\\" height=\\\"617\\\" src=\\\"https:\\\/\\\/nunoa.cl\\\/nunoapanorama\\\/wp-content\\\/uploads\\\/2022\\\/11\\\/rbx-presenta-astronautiko-133160-133160-min.jpg\\\" class=\\\"attachment-post-thumbnail size-post-thumbnail wp-post-image\\\" alt=\\\"\\\" srcset=\\\"https:\\\/\\\/nunoa.cl\\\/nunoapanorama\\\/wp-content\\\/uploads\\\/2022\\\/11\\\/rbx-presenta-astronautiko-133160-133160-min.jpg 347w, https:\\\/\\\/nunoa.cl\\\/nunoapanorama\\\/wp-content\\\/uploads\\\/2022\\\/11\\\/rbx-presenta-astronautiko-133160-133160-min-169x300.jpg 169w\\\" sizes=\\\"(max-width: 347px) 100vw, 347px\\\" \\\/><\\\/a><p><a href=https:\\\/\\\/nunoa.cl\\\/nunoapanorama\\\/event\\\/concierto-astronautiko-en-rbx\\\/>Concierto: &#8220;Astronautiko&#8221; en RBX<\\\/a><\\\/p>\",\"special\":\"\"},{\"start\":\"2022-12-14 21:00\",\"end\":\"2022-12-14 23:00\",\"url\":\"https:\\\/\\\/nunoa.cl\\\/nunoapanorama\\\/event\\\/rbx-lasbandasdelacasa\\\/\",\"title\":\"RBX Presenta: &#8220;Las bandas de la casa&#8221;\",\"desc\":\"<a href=https:\\\/\\\/nunoa.cl\\\/nunoapanorama\\\/event\\\/rbx-lasbandasdelacasa\\\/><img width=\\\"347\\\" height=\\\"347\\\" src=\\\"https:\\\/\\\/nunoa.cl\\\/nunoapanorama\\\/wp-content\\\/uploads\\\/2022\\\/11\\\/rbx-presenta-bandas-de-la-casa-135627-min.jpg\\\" class=\\\"attachment-post-thumbnail size-post-thumbnail wp-post-image\\\" alt=\\\"\\\" srcset=\\\"https:\\\/\\\/nunoa.cl\\\/nunoapanorama\\\/wp-content\\\/uploads\\\/2022\\\/11\\\/rbx-presenta-bandas-de-la-casa-135627-min.jpg 347w, https:\\\/\\\/nunoa.cl\\\/nunoapanorama\\\/wp-content\\\/uploads\\\/2022\\\/11\\\/rbx-presenta-bandas-de-la-casa-135627-min-300x300.jpg 300w, https:\\\/\\\/nunoa.cl\\\/nunoapanorama\\\/wp-content\\\/uploads\\\/2022\\\/11\\\/rbx-presenta-bandas-de-la-casa-135627-min-150x150.jpg 150w, https:\\\/\\\/nunoa.cl\\\/nunoapanorama\\\/wp-content\\\/uploads\\\/2022\\\/11\\\/rbx-presenta-bandas-de-la-casa-135627-min-80x80.jpg 80w\\\" sizes=\\\"(max-width: 347px) 100vw, 347px\\\" \\\/><\\\/a><p><a href=https:\\\/\\\/nunoa.cl\\\/nunoapanorama\\\/event\\\/rbx-lasbandasdelacasa\\\/>RBX Presenta: &#8220;Las bandas de la casa&#8221;<\\\/a><\\\/p>\",\"special\":\"\"},{\"start\":\"2022-11-09 10:00\",\"end\":\"2022-11-24 18:00\",\"url\":\"https:\\\/\\\/nunoa.cl\\\/nunoapanorama\\\/event\\\/exposicion-los-placeres-y-los-dias-de-victor-alegria\\\/\",\"title\":\"Exposici\\u00f3n &#8220;Los Placeres y los d\\u00edas&#8221; de V\\u00edctor Alegr\\u00eda\",\"desc\":\"<a href=https:\\\/\\\/nunoa.cl\\\/nunoapanorama\\\/event\\\/exposicion-los-placeres-y-los-dias-de-victor-alegria\\\/><img width=\\\"1286\\\" height=\\\"1284\\\" src=\\\"https:\\\/\\\/nunoa.cl\\\/nunoapanorama\\\/wp-content\\\/uploads\\\/2022\\\/11\\\/Los-placeres-y-los-di-as-01-p.-Web.png\\\" class=\\\"attachment-post-thumbnail size-post-thumbnail wp-post-image\\\" alt=\\\"\\\" srcset=\\\"https:\\\/\\\/nunoa.cl\\\/nunoapanorama\\\/wp-content\\\/uploads\\\/2022\\\/11\\\/Los-placeres-y-los-di-as-01-p.-Web.png 1286w, https:\\\/\\\/nunoa.cl\\\/nunoapanorama\\\/wp-content\\\/uploads\\\/2022\\\/11\\\/Los-placeres-y-los-di-as-01-p.-Web-300x300.png 300w, https:\\\/\\\/nunoa.cl\\\/nunoapanorama\\\/wp-content\\\/uploads\\\/2022\\\/11\\\/Los-placeres-y-los-di-as-01-p.-Web-1024x1022.png 1024w, https:\\\/\\\/nunoa.cl\\\/nunoapanorama\\\/wp-content\\\/uploads\\\/2022\\\/11\\\/Los-placeres-y-los-di-as-01-p.-Web-150x150.png 150w, https:\\\/\\\/nunoa.cl\\\/nunoapanorama\\\/wp-content\\\/uploads\\\/2022\\\/11\\\/Los-placeres-y-los-di-as-01-p.-Web-768x767.png 768w, https:\\\/\\\/nunoa.cl\\\/nunoapanorama\\\/wp-content\\\/uploads\\\/2022\\\/11\\\/Los-placeres-y-los-di-as-01-p.-Web-500x500.png 500w, https:\\\/\\\/nunoa.cl\\\/nunoapanorama\\\/wp-content\\\/uploads\\\/2022\\\/11\\\/Los-placeres-y-los-di-as-01-p.-Web-80x80.png 80w\\\" sizes=\\\"(max-width: 1286px) 100vw, 1286px\\\" \\\/><\\\/a><p><a href=https:\\\/\\\/nunoa.cl\\\/nunoapanorama\\\/event\\\/exposicion-los-placeres-y-los-dias-de-victor-alegria\\\/>Exposici\\u00f3n &#8220;Los Placeres y los d\\u00edas&#8221; de V\\u00edctor Alegr\\u00eda<\\\/a><\\\/p>\",\"special\":\"\"},{\"start\":\"2022-11-11 20:00\",\"end\":\"2022-11-11 21:00\",\"url\":\"https:\\\/\\\/nunoa.cl\\\/nunoapanorama\\\/event\\\/quilombo-noche-de-experiencias-en-el-teatro-el-cachafaz\\\/\",\"title\":\"QUILOMBO: NOCHE DE EXPERIENCIAS EN EL TEATRO EL CACHAFAZ\",\"desc\":\"<a href=https:\\\/\\\/nunoa.cl\\\/nunoapanorama\\\/event\\\/quilombo-noche-de-experiencias-en-el-teatro-el-cachafaz\\\/><img width=\\\"4500\\\" height=\\\"4500\\\" src=\\\"https:\\\/\\\/nunoa.cl\\\/nunoapanorama\\\/wp-content\\\/uploads\\\/2022\\\/11\\\/Quilombo-1080-x1080-05-red-de-salas-Paula-Cartes.png\\\" class=\\\"attachment-post-thumbnail size-post-thumbnail wp-post-image\\\" alt=\\\"\\\" srcset=\\\"https:\\\/\\\/nunoa.cl\\\/nunoapanorama\\\/wp-content\\\/uploads\\\/2022\\\/11\\\/Quilombo-1080-x1080-05-red-de-salas-Paula-Cartes.png 4500w, https:\\\/\\\/nunoa.cl\\\/nunoapanorama\\\/wp-content\\\/uploads\\\/2022\\\/11\\\/Quilombo-1080-x1080-05-red-de-salas-Paula-Cartes-300x300.png 300w, https:\\\/\\\/nunoa.cl\\\/nunoapanorama\\\/wp-content\\\/uploads\\\/2022\\\/11\\\/Quilombo-1080-x1080-05-red-de-salas-Paula-Cartes-1024x1024.png 1024w, https:\\\/\\\/nunoa.cl\\\/nunoapanorama\\\/wp-content\\\/uploads\\\/2022\\\/11\\\/Quilombo-1080-x1080-05-red-de-salas-Paula-Cartes-150x150.png 150w, https:\\\/\\\/nunoa.cl\\\/nunoapanorama\\\/wp-content\\\/uploads\\\/2022\\\/11\\\/Quilombo-1080-x1080-05-red-de-salas-Paula-Cartes-768x768.png 768w, https:\\\/\\\/nunoa.cl\\\/nunoapanorama\\\/wp-content\\\/uploads\\\/2022\\\/11\\\/Quilombo-1080-x1080-05-red-de-salas-Paula-Cartes-500x500.png 500w, https:\\\/\\\/nunoa.cl\\\/nunoapanorama\\\/wp-content\\\/uploads\\\/2022\\\/11\\\/Quilombo-1080-x1080-05-red-de-salas-Paula-Cartes-1536x1536.png 1536w, https:\\\/\\\/nunoa.cl\\\/nunoapanorama\\\/wp-content\\\/uploads\\\/2022\\\/11\\\/Quilombo-1080-x1080-05-red-de-salas-Paula-Cartes-2048x2048.png 2048w, https:\\\/\\\/nunoa.cl\\\/nunoapanorama\\\/wp-content\\\/uploads\\\/2022\\\/11\\\/Quilombo-1080-x1080-05-red-de-salas-Paula-Cartes-80x80.png 80w\\\" sizes=\\\"(max-width: 4500px) 100vw, 4500px\\\" \\\/><\\\/a><p><a href=https:\\\/\\\/nunoa.cl\\\/nunoapanorama\\\/event\\\/quilombo-noche-de-experiencias-en-el-teatro-el-cachafaz\\\/>QUILOMBO: NOCHE DE EXPERIENCIAS EN EL TEATRO EL CACHAFAZ<\\\/a><\\\/p>\",\"special\":\"checked\"},{\"start\":\"2022-12-10 19:30\",\"end\":\"1970-01-01 \",\"url\":\"https:\\\/\\\/nunoa.cl\\\/nunoapanorama\\\/event\\\/concierto-15-anos-conjunto-al-fin-del-mundo\\\/\",\"title\":\"Concierto 15 a\\u00f1os &#8220;Conjunto al fin del mundo&#8221;.\",\"desc\":\"<a href=https:\\\/\\\/nunoa.cl\\\/nunoapanorama\\\/event\\\/concierto-15-anos-conjunto-al-fin-del-mundo\\\/><img width=\\\"1080\\\" height=\\\"1080\\\" src=\\\"https:\\\/\\\/nunoa.cl\\\/nunoapanorama\\\/wp-content\\\/uploads\\\/2022\\\/11\\\/853c25037bf940969e9fe8929f5c66e1_313899827_640353417508542_2787476146755175790_n.jpg\\\" class=\\\"attachment-post-thumbnail size-post-thumbnail wp-post-image\\\" alt=\\\"\\\" srcset=\\\"https:\\\/\\\/nunoa.cl\\\/nunoapanorama\\\/wp-content\\\/uploads\\\/2022\\\/11\\\/853c25037bf940969e9fe8929f5c66e1_313899827_640353417508542_2787476146755175790_n.jpg 1080w, https:\\\/\\\/nunoa.cl\\\/nunoapanorama\\\/wp-content\\\/uploads\\\/2022\\\/11\\\/853c25037bf940969e9fe8929f5c66e1_313899827_640353417508542_2787476146755175790_n-300x300.jpg 300w, https:\\\/\\\/nunoa.cl\\\/nunoapanorama\\\/wp-content\\\/uploads\\\/2022\\\/11\\\/853c25037bf940969e9fe8929f5c66e1_313899827_640353417508542_2787476146755175790_n-1024x1024.jpg 1024w, https:\\\/\\\/nunoa.cl\\\/nunoapanorama\\\/wp-content\\\/uploads\\\/2022\\\/11\\\/853c25037bf940969e9fe8929f5c66e1_313899827_640353417508542_2787476146755175790_n-150x150.jpg 150w, https:\\\/\\\/nunoa.cl\\\/nunoapanorama\\\/wp-content\\\/uploads\\\/2022\\\/11\\\/853c25037bf940969e9fe8929f5c66e1_313899827_640353417508542_2787476146755175790_n-768x768.jpg 768w, https:\\\/\\\/nunoa.cl\\\/nunoapanorama\\\/wp-content\\\/uploads\\\/2022\\\/11\\\/853c25037bf940969e9fe8929f5c66e1_313899827_640353417508542_2787476146755175790_n-500x500.jpg 500w, https:\\\/\\\/nunoa.cl\\\/nunoapanorama\\\/wp-content\\\/uploads\\\/2022\\\/11\\\/853c25037bf940969e9fe8929f5c66e1_313899827_640353417508542_2787476146755175790_n-80x80.jpg 80w\\\" sizes=\\\"(max-width: 1080px) 100vw, 1080px\\\" \\\/><\\\/a><p><a href=https:\\\/\\\/nunoa.cl\\\/nunoapanorama\\\/event\\\/concierto-15-anos-conjunto-al-fin-del-mundo\\\/>Concierto 15 a\\u00f1os &#8220;Conjunto al fin del mundo&#8221;.<\\\/a><\\\/p>\",\"special\":\"checked\"},{\"start\":\"2022-11-25 21:00\",\"end\":\"1970-01-01 \",\"url\":\"https:\\\/\\\/nunoa.cl\\\/nunoapanorama\\\/event\\\/obra-de-teatro-el-divino-anticristo-de-mateo-iribarren\\\/\",\"title\":\"OBRA DE TEATRO &#8220;EL DIVINO ANTICRISTO&#8221; DE MATEO IRIBARREN\",\"desc\":\"<a href=https:\\\/\\\/nunoa.cl\\\/nunoapanorama\\\/event\\\/obra-de-teatro-el-divino-anticristo-de-mateo-iribarren\\\/><img width=\\\"1024\\\" height=\\\"1280\\\" src=\\\"https:\\\/\\\/nunoa.cl\\\/nunoapanorama\\\/wp-content\\\/uploads\\\/2022\\\/11\\\/EL-DIVINO-ANTICRISTO_25_11-Ana-Maria-Cardenas.jpeg\\\" class=\\\"attachment-post-thumbnail size-post-thumbnail wp-post-image\\\" alt=\\\"\\\" srcset=\\\"https:\\\/\\\/nunoa.cl\\\/nunoapanorama\\\/wp-content\\\/uploads\\\/2022\\\/11\\\/EL-DIVINO-ANTICRISTO_25_11-Ana-Maria-Cardenas.jpeg 1024w, https:\\\/\\\/nunoa.cl\\\/nunoapanorama\\\/wp-content\\\/uploads\\\/2022\\\/11\\\/EL-DIVINO-ANTICRISTO_25_11-Ana-Maria-Cardenas-240x300.jpeg 240w, https:\\\/\\\/nunoa.cl\\\/nunoapanorama\\\/wp-content\\\/uploads\\\/2022\\\/11\\\/EL-DIVINO-ANTICRISTO_25_11-Ana-Maria-Cardenas-819x1024.jpeg 819w, https:\\\/\\\/nunoa.cl\\\/nunoapanorama\\\/wp-content\\\/uploads\\\/2022\\\/11\\\/EL-DIVINO-ANTICRISTO_25_11-Ana-Maria-Cardenas-768x960.jpeg 768w\\\" sizes=\\\"(max-width: 1024px) 100vw, 1024px\\\" \\\/><\\\/a><p><a href=https:\\\/\\\/nunoa.cl\\\/nunoapanorama\\\/event\\\/obra-de-teatro-el-divino-anticristo-de-mateo-iribarren\\\/>OBRA DE TEATRO &#8220;EL DIVINO ANTICRISTO&#8221; DE MATEO IRIBARREN<\\\/a><\\\/p>\",\"special\":\"checked\"},{\"start\":\"2022-11-16 17:00\",\"end\":\"2022-11-19 19:30\",\"url\":\"https:\\\/\\\/nunoa.cl\\\/nunoapanorama\\\/event\\\/nufest-encuentro-de-cortometrajes-de-escuela-de-nunoa\\\/\",\"title\":\"\\u00d1ufest: Encuentro de cortometrajes de escuela de \\u00d1u\\u00f1oa.\",\"desc\":\"<a href=https:\\\/\\\/nunoa.cl\\\/nunoapanorama\\\/event\\\/nufest-encuentro-de-cortometrajes-de-escuela-de-nunoa\\\/><img width=\\\"519\\\" height=\\\"524\\\" src=\\\"https:\\\/\\\/nunoa.cl\\\/nunoapanorama\\\/wp-content\\\/uploads\\\/2022\\\/11\\\/Captura.jpg\\\" class=\\\"attachment-post-thumbnail size-post-thumbnail wp-post-image\\\" alt=\\\"\\\" srcset=\\\"https:\\\/\\\/nunoa.cl\\\/nunoapanorama\\\/wp-content\\\/uploads\\\/2022\\\/11\\\/Captura.jpg 519w, https:\\\/\\\/nunoa.cl\\\/nunoapanorama\\\/wp-content\\\/uploads\\\/2022\\\/11\\\/Captura-297x300.jpg 297w, https:\\\/\\\/nunoa.cl\\\/nunoapanorama\\\/wp-content\\\/uploads\\\/2022\\\/11\\\/Captura-150x150.jpg 150w, https:\\\/\\\/nunoa.cl\\\/nunoapanorama\\\/wp-content\\\/uploads\\\/2022\\\/11\\\/Captura-80x80.jpg 80w\\\" sizes=\\\"(max-width: 519px) 100vw, 519px\\\" \\\/><\\\/a><p><a href=https:\\\/\\\/nunoa.cl\\\/nunoapanorama\\\/event\\\/nufest-encuentro-de-cortometrajes-de-escuela-de-nunoa\\\/>\\u00d1ufest: Encuentro de cortometrajes de escuela de \\u00d1u\\u00f1oa.<\\\/a><\\\/p>\",\"special\":\"checked\"},{\"start\":\"2022-11-19 22:00\",\"end\":\"2022-11-19 23:00\",\"url\":\"https:\\\/\\\/nunoa.cl\\\/nunoapanorama\\\/event\\\/quilombo-noche-de-experiencias\\\/\",\"title\":\"QUILOMBO, noche de experiencias\",\"desc\":\"<a href=https:\\\/\\\/nunoa.cl\\\/nunoapanorama\\\/event\\\/quilombo-noche-de-experiencias\\\/><img width=\\\"1077\\\" height=\\\"1335\\\" src=\\\"https:\\\/\\\/nunoa.cl\\\/nunoapanorama\\\/wp-content\\\/uploads\\\/2022\\\/11\\\/feed-quilombo-sab-19-nov-Paula-Cartes.jpeg\\\" class=\\\"attachment-post-thumbnail size-post-thumbnail wp-post-image\\\" alt=\\\"\\\" srcset=\\\"https:\\\/\\\/nunoa.cl\\\/nunoapanorama\\\/wp-content\\\/uploads\\\/2022\\\/11\\\/feed-quilombo-sab-19-nov-Paula-Cartes.jpeg 1077w, https:\\\/\\\/nunoa.cl\\\/nunoapanorama\\\/wp-content\\\/uploads\\\/2022\\\/11\\\/feed-quilombo-sab-19-nov-Paula-Cartes-242x300.jpeg 242w, https:\\\/\\\/nunoa.cl\\\/nunoapanorama\\\/wp-content\\\/uploads\\\/2022\\\/11\\\/feed-quilombo-sab-19-nov-Paula-Cartes-826x1024.jpeg 826w, https:\\\/\\\/nunoa.cl\\\/nunoapanorama\\\/wp-content\\\/uploads\\\/2022\\\/11\\\/feed-quilombo-sab-19-nov-Paula-Cartes-768x952.jpeg 768w\\\" sizes=\\\"(max-width: 1077px) 100vw, 1077px\\\" \\\/><\\\/a><p><a href=https:\\\/\\\/nunoa.cl\\\/nunoapanorama\\\/event\\\/quilombo-noche-de-experiencias\\\/>QUILOMBO, noche de experiencias<\\\/a><\\\/p>\",\"special\":\"checked\"},{\"start\":\"2022-11-19 11:00\",\"end\":\"2022-11-19 12:30\",\"url\":\"https:\\\/\\\/nunoa.cl\\\/nunoapanorama\\\/event\\\/taller-hagamos-libros-origami\\\/\",\"title\":\"TALLER: \\u00a1Hagamos libros origami!\",\"desc\":\"<a href=https:\\\/\\\/nunoa.cl\\\/nunoapanorama\\\/event\\\/taller-hagamos-libros-origami\\\/><img width=\\\"522\\\" height=\\\"528\\\" src=\\\"https:\\\/\\\/nunoa.cl\\\/nunoapanorama\\\/wp-content\\\/uploads\\\/2022\\\/11\\\/Captura-1.jpg\\\" class=\\\"attachment-post-thumbnail size-post-thumbnail wp-post-image\\\" alt=\\\"\\\" srcset=\\\"https:\\\/\\\/nunoa.cl\\\/nunoapanorama\\\/wp-content\\\/uploads\\\/2022\\\/11\\\/Captura-1.jpg 522w, https:\\\/\\\/nunoa.cl\\\/nunoapanorama\\\/wp-content\\\/uploads\\\/2022\\\/11\\\/Captura-1-297x300.jpg 297w, https:\\\/\\\/nunoa.cl\\\/nunoapanorama\\\/wp-content\\\/uploads\\\/2022\\\/11\\\/Captura-1-80x80.jpg 80w\\\" sizes=\\\"(max-width: 522px) 100vw, 522px\\\" \\\/><\\\/a><p><a href=https:\\\/\\\/nunoa.cl\\\/nunoapanorama\\\/event\\\/taller-hagamos-libros-origami\\\/>TALLER: \\u00a1Hagamos libros origami!<\\\/a><\\\/p>\",\"special\":\"checked\"},{\"start\":\"2022-11-24 19:30\",\"end\":\"2022-11-24 21:00\",\"url\":\"https:\\\/\\\/nunoa.cl\\\/nunoapanorama\\\/event\\\/lanzamiento-la-novela-del-corazon\\\/\",\"title\":\"LANZAMIENTO &#8220;LA NOVELA DEL CORAZ\\u00d3N&#8221;\",\"desc\":\"<a href=https:\\\/\\\/nunoa.cl\\\/nunoapanorama\\\/event\\\/lanzamiento-la-novela-del-corazon\\\/><img width=\\\"818\\\" height=\\\"1174\\\" src=\\\"https:\\\/\\\/nunoa.cl\\\/nunoapanorama\\\/wp-content\\\/uploads\\\/2022\\\/11\\\/Portada-Corazon-1.png\\\" class=\\\"attachment-post-thumbnail size-post-thumbnail wp-post-image\\\" alt=\\\"\\\" srcset=\\\"https:\\\/\\\/nunoa.cl\\\/nunoapanorama\\\/wp-content\\\/uploads\\\/2022\\\/11\\\/Portada-Corazon-1.png 818w, https:\\\/\\\/nunoa.cl\\\/nunoapanorama\\\/wp-content\\\/uploads\\\/2022\\\/11\\\/Portada-Corazon-1-209x300.png 209w, https:\\\/\\\/nunoa.cl\\\/nunoapanorama\\\/wp-content\\\/uploads\\\/2022\\\/11\\\/Portada-Corazon-1-713x1024.png 713w, https:\\\/\\\/nunoa.cl\\\/nunoapanorama\\\/wp-content\\\/uploads\\\/2022\\\/11\\\/Portada-Corazon-1-768x1102.png 768w\\\" sizes=\\\"(max-width: 818px) 100vw, 818px\\\" \\\/><\\\/a><p><a href=https:\\\/\\\/nunoa.cl\\\/nunoapanorama\\\/event\\\/lanzamiento-la-novela-del-corazon\\\/>LANZAMIENTO &#8220;LA NOVELA DEL CORAZ\\u00d3N&#8221;<\\\/a><\\\/p>\",\"special\":\"\"},{\"start\":\"2022-11-26 11:00\",\"end\":\"2022-11-26 12:00\",\"url\":\"https:\\\/\\\/nunoa.cl\\\/nunoapanorama\\\/event\\\/presentacion-libro-decalcomania\\\/\",\"title\":\"PRESENTACI\\u00d3N LIBRO &#8220;DECALCOMAN\\u00cdA&#8221;\",\"desc\":\"<a href=https:\\\/\\\/nunoa.cl\\\/nunoapanorama\\\/event\\\/presentacion-libro-decalcomania\\\/><img width=\\\"932\\\" height=\\\"933\\\" src=\\\"https:\\\/\\\/nunoa.cl\\\/nunoapanorama\\\/wp-content\\\/uploads\\\/2022\\\/11\\\/9789566145264.png\\\" class=\\\"attachment-post-thumbnail size-post-thumbnail wp-post-image\\\" alt=\\\"\\\" srcset=\\\"https:\\\/\\\/nunoa.cl\\\/nunoapanorama\\\/wp-content\\\/uploads\\\/2022\\\/11\\\/9789566145264.png 932w, https:\\\/\\\/nunoa.cl\\\/nunoapanorama\\\/wp-content\\\/uploads\\\/2022\\\/11\\\/9789566145264-300x300.png 300w, https:\\\/\\\/nunoa.cl\\\/nunoapanorama\\\/wp-content\\\/uploads\\\/2022\\\/11\\\/9789566145264-150x150.png 150w, https:\\\/\\\/nunoa.cl\\\/nunoapanorama\\\/wp-content\\\/uploads\\\/2022\\\/11\\\/9789566145264-768x769.png 768w, https:\\\/\\\/nunoa.cl\\\/nunoapanorama\\\/wp-content\\\/uploads\\\/2022\\\/11\\\/9789566145264-500x500.png 500w, https:\\\/\\\/nunoa.cl\\\/nunoapanorama\\\/wp-content\\\/uploads\\\/2022\\\/11\\\/9789566145264-80x80.png 80w\\\" sizes=\\\"(max-width: 932px) 100vw, 932px\\\" \\\/><\\\/a><p><a href=https:\\\/\\\/nunoa.cl\\\/nunoapanorama\\\/event\\\/presentacion-libro-decalcomania\\\/>PRESENTACI\\u00d3N LIBRO &#8220;DECALCOMAN\\u00cdA&#8221;<\\\/a><\\\/p>\",\"special\":\"\"},{\"start\":\"2022-12-03 11:30\",\"end\":\"2022-12-03 13:00\",\"url\":\"https:\\\/\\\/nunoa.cl\\\/nunoapanorama\\\/event\\\/presentacion-del-libro-transiciones-y-trayectorias-de-trabajadoras-y-trabajadores-sociales\\\/\",\"title\":\"PRESENTACI\\u00d3N DEL LIBRO &#8220;Transiciones y trayectorias de trabajadoras y trabajadores sociales&#8221;\",\"desc\":\"<a href=https:\\\/\\\/nunoa.cl\\\/nunoapanorama\\\/event\\\/presentacion-del-libro-transiciones-y-trayectorias-de-trabajadoras-y-trabajadores-sociales\\\/><img width=\\\"1090\\\" height=\\\"1046\\\" src=\\\"https:\\\/\\\/nunoa.cl\\\/nunoapanorama\\\/wp-content\\\/uploads\\\/2022\\\/11\\\/FiRL7klWAAAwMo5.jpg\\\" class=\\\"attachment-post-thumbnail size-post-thumbnail wp-post-image\\\" alt=\\\"\\\" srcset=\\\"https:\\\/\\\/nunoa.cl\\\/nunoapanorama\\\/wp-content\\\/uploads\\\/2022\\\/11\\\/FiRL7klWAAAwMo5.jpg 1090w, https:\\\/\\\/nunoa.cl\\\/nunoapanorama\\\/wp-content\\\/uploads\\\/2022\\\/11\\\/FiRL7klWAAAwMo5-300x288.jpg 300w, https:\\\/\\\/nunoa.cl\\\/nunoapanorama\\\/wp-content\\\/uploads\\\/2022\\\/11\\\/FiRL7klWAAAwMo5-1024x983.jpg 1024w, https:\\\/\\\/nunoa.cl\\\/nunoapanorama\\\/wp-content\\\/uploads\\\/2022\\\/11\\\/FiRL7klWAAAwMo5-768x737.jpg 768w\\\" sizes=\\\"(max-width: 1090px) 100vw, 1090px\\\" \\\/><\\\/a><p><a href=https:\\\/\\\/nunoa.cl\\\/nunoapanorama\\\/event\\\/presentacion-del-libro-transiciones-y-trayectorias-de-trabajadoras-y-trabajadores-sociales\\\/>PRESENTACI\\u00d3N DEL LIBRO &#8220;Transiciones y trayectorias de trabajadoras y trabajadores sociales&#8221;<\\\/a><\\\/p>\",\"special\":\"\"},{\"start\":\"2022-12-03 10:00\",\"end\":\"2022-12-03 11:00\",\"url\":\"https:\\\/\\\/nunoa.cl\\\/nunoapanorama\\\/event\\\/patitas-al-espacio-literario-taller-de-retrato-de-mascotas-para-ninas-os-desde-los-5-anos\\\/\",\"title\":\"\\u00abPatitas al Espacio Literario\\u00bb Taller de retrato de mascotas (para ni\\u00f1as\\\/os desde los 7 a\\u00f1os).\",\"desc\":\"<a href=https:\\\/\\\/nunoa.cl\\\/nunoapanorama\\\/event\\\/patitas-al-espacio-literario-taller-de-retrato-de-mascotas-para-ninas-os-desde-los-5-anos\\\/><img width=\\\"529\\\" height=\\\"522\\\" src=\\\"https:\\\/\\\/nunoa.cl\\\/nunoapanorama\\\/wp-content\\\/uploads\\\/2022\\\/12\\\/Captura-e1669898370113.jpg\\\" class=\\\"attachment-post-thumbnail size-post-thumbnail wp-post-image\\\" alt=\\\"\\\" srcset=\\\"https:\\\/\\\/nunoa.cl\\\/nunoapanorama\\\/wp-content\\\/uploads\\\/2022\\\/12\\\/Captura-e1669898370113.jpg 529w, https:\\\/\\\/nunoa.cl\\\/nunoapanorama\\\/wp-content\\\/uploads\\\/2022\\\/12\\\/Captura-e1669898370113-300x296.jpg 300w, https:\\\/\\\/nunoa.cl\\\/nunoapanorama\\\/wp-content\\\/uploads\\\/2022\\\/12\\\/Captura-e1669898370113-80x80.jpg 80w\\\" sizes=\\\"(max-width: 529px) 100vw, 529px\\\" \\\/><\\\/a><p><a href=https:\\\/\\\/nunoa.cl\\\/nunoapanorama\\\/event\\\/patitas-al-espacio-literario-taller-de-retrato-de-mascotas-para-ninas-os-desde-los-5-anos\\\/>\\u00abPatitas al Espacio Literario\\u00bb Taller de retrato de mascotas (para ni\\u00f1as\\\/os desde los 7 a\\u00f1os).<\\\/a><\\\/p>\",\"special\":\"\"},{\"start\":\"2022-12-02 19:00\",\"end\":\"1970-01-01 \",\"url\":\"https:\\\/\\\/nunoa.cl\\\/nunoapanorama\\\/event\\\/lanzamiento-de-la-novela-aviso-de-demolicion\\\/\",\"title\":\"Lanzamiento de la novela &#8220;Aviso de demolici\\u00f3n&#8221;\",\"desc\":\"<a href=https:\\\/\\\/nunoa.cl\\\/nunoapanorama\\\/event\\\/lanzamiento-de-la-novela-aviso-de-demolicion\\\/><img width=\\\"2048\\\" height=\\\"1988\\\" src=\\\"https:\\\/\\\/nunoa.cl\\\/nunoapanorama\\\/wp-content\\\/uploads\\\/2022\\\/12\\\/FiqDpaHXgAEIGGM.jpg\\\" class=\\\"attachment-post-thumbnail size-post-thumbnail wp-post-image\\\" alt=\\\"\\\" srcset=\\\"https:\\\/\\\/nunoa.cl\\\/nunoapanorama\\\/wp-content\\\/uploads\\\/2022\\\/12\\\/FiqDpaHXgAEIGGM.jpg 2048w, https:\\\/\\\/nunoa.cl\\\/nunoapanorama\\\/wp-content\\\/uploads\\\/2022\\\/12\\\/FiqDpaHXgAEIGGM-300x291.jpg 300w, https:\\\/\\\/nunoa.cl\\\/nunoapanorama\\\/wp-content\\\/uploads\\\/2022\\\/12\\\/FiqDpaHXgAEIGGM-1024x994.jpg 1024w, https:\\\/\\\/nunoa.cl\\\/nunoapanorama\\\/wp-content\\\/uploads\\\/2022\\\/12\\\/FiqDpaHXgAEIGGM-768x746.jpg 768w, https:\\\/\\\/nunoa.cl\\\/nunoapanorama\\\/wp-content\\\/uploads\\\/2022\\\/12\\\/FiqDpaHXgAEIGGM-1536x1491.jpg 1536w\\\" sizes=\\\"(max-width: 2048px) 100vw, 2048px\\\" \\\/><\\\/a><p><a href=https:\\\/\\\/nunoa.cl\\\/nunoapanorama\\\/event\\\/lanzamiento-de-la-novela-aviso-de-demolicion\\\/>Lanzamiento de la novela &#8220;Aviso de demolici\\u00f3n&#8221;<\\\/a><\\\/p>\",\"special\":\"\"},{\"start\":\"2022-12-03 16:30\",\"end\":\"1970-01-01 \",\"url\":\"https:\\\/\\\/nunoa.cl\\\/nunoapanorama\\\/event\\\/cine-familiar-ratatouille\\\/\",\"title\":\"Cine Familiar: Ratatouille\",\"desc\":\"<a href=https:\\\/\\\/nunoa.cl\\\/nunoapanorama\\\/event\\\/cine-familiar-ratatouille\\\/><img width=\\\"449\\\" height=\\\"252\\\" src=\\\"https:\\\/\\\/nunoa.cl\\\/nunoapanorama\\\/wp-content\\\/uploads\\\/2022\\\/12\\\/2027_m1225688465-e1669729944915.jpg\\\" class=\\\"attachment-post-thumbnail size-post-thumbnail wp-post-image\\\" alt=\\\"\\\" srcset=\\\"https:\\\/\\\/nunoa.cl\\\/nunoapanorama\\\/wp-content\\\/uploads\\\/2022\\\/12\\\/2027_m1225688465-e1669729944915.jpg 449w, https:\\\/\\\/nunoa.cl\\\/nunoapanorama\\\/wp-content\\\/uploads\\\/2022\\\/12\\\/2027_m1225688465-e1669729944915-300x168.jpg 300w\\\" sizes=\\\"(max-width: 449px) 100vw, 449px\\\" \\\/><\\\/a><p><a href=https:\\\/\\\/nunoa.cl\\\/nunoapanorama\\\/event\\\/cine-familiar-ratatouille\\\/>Cine Familiar: Ratatouille<\\\/a><\\\/p>\",\"special\":\"\"},{\"start\":\"2022-12-07 19:30\",\"end\":\"1970-01-01 \",\"url\":\"https:\\\/\\\/nunoa.cl\\\/nunoapanorama\\\/event\\\/cine-nomadland\\\/\",\"title\":\"Cine: Nomadland\",\"desc\":\"<a href=https:\\\/\\\/nunoa.cl\\\/nunoapanorama\\\/event\\\/cine-nomadland\\\/><img width=\\\"1024\\\" height=\\\"576\\\" src=\\\"https:\\\/\\\/nunoa.cl\\\/nunoapanorama\\\/wp-content\\\/uploads\\\/2022\\\/12\\\/nomadland-e1669730527943-1024x576-1.png\\\" class=\\\"attachment-post-thumbnail size-post-thumbnail wp-post-image\\\" alt=\\\"\\\" srcset=\\\"https:\\\/\\\/nunoa.cl\\\/nunoapanorama\\\/wp-content\\\/uploads\\\/2022\\\/12\\\/nomadland-e1669730527943-1024x576-1.png 1024w, https:\\\/\\\/nunoa.cl\\\/nunoapanorama\\\/wp-content\\\/uploads\\\/2022\\\/12\\\/nomadland-e1669730527943-1024x576-1-300x169.png 300w, https:\\\/\\\/nunoa.cl\\\/nunoapanorama\\\/wp-content\\\/uploads\\\/2022\\\/12\\\/nomadland-e1669730527943-1024x576-1-768x432.png 768w\\\" sizes=\\\"(max-width: 1024px) 100vw, 1024px\\\" \\\/><\\\/a><p><a href=https:\\\/\\\/nunoa.cl\\\/nunoapanorama\\\/event\\\/cine-nomadland\\\/>Cine: Nomadland<\\\/a><\\\/p>\",\"special\":\"\"},{\"start\":\"2022-12-10 16:30\",\"end\":\"1970-01-01 \",\"url\":\"https:\\\/\\\/nunoa.cl\\\/nunoapanorama\\\/event\\\/cine-familiar-charlie-y-la-fabrica-de-chocolate\\\/\",\"title\":\"Cine Familiar: Charlie y la f\\u00e1brica de Chocolate\",\"desc\":\"<a href=https:\\\/\\\/nunoa.cl\\\/nunoapanorama\\\/event\\\/cine-familiar-charlie-y-la-fabrica-de-chocolate\\\/><img width=\\\"1008\\\" height=\\\"566\\\" src=\\\"https:\\\/\\\/nunoa.cl\\\/nunoapanorama\\\/wp-content\\\/uploads\\\/2022\\\/12\\\/maxresdefault-e1669730944704.jpg\\\" class=\\\"attachment-post-thumbnail size-post-thumbnail wp-post-image\\\" alt=\\\"\\\" srcset=\\\"https:\\\/\\\/nunoa.cl\\\/nunoapanorama\\\/wp-content\\\/uploads\\\/2022\\\/12\\\/maxresdefault-e1669730944704.jpg 1008w, https:\\\/\\\/nunoa.cl\\\/nunoapanorama\\\/wp-content\\\/uploads\\\/2022\\\/12\\\/maxresdefault-e1669730944704-300x168.jpg 300w, https:\\\/\\\/nunoa.cl\\\/nunoapanorama\\\/wp-content\\\/uploads\\\/2022\\\/12\\\/maxresdefault-e1669730944704-768x431.jpg 768w\\\" sizes=\\\"(max-width: 1008px) 100vw, 1008px\\\" \\\/><\\\/a><p><a href=https:\\\/\\\/nunoa.cl\\\/nunoapanorama\\\/event\\\/cine-familiar-charlie-y-la-fabrica-de-chocolate\\\/>Cine Familiar: Charlie y la f\\u00e1brica de Chocolate<\\\/a><\\\/p>\",\"special\":\"\"},{\"start\":\"2022-12-10 16:00\",\"end\":\"2022-12-10 20:00\",\"url\":\"https:\\\/\\\/nunoa.cl\\\/nunoapanorama\\\/event\\\/navidad-de-libros-en-plaza-nunoa\\\/\",\"title\":\"Navidad de Libros en Plaza \\u00d1u\\u00f1oa\",\"desc\":\"<a href=https:\\\/\\\/nunoa.cl\\\/nunoapanorama\\\/event\\\/navidad-de-libros-en-plaza-nunoa\\\/><img width=\\\"531\\\" height=\\\"532\\\" src=\\\"https:\\\/\\\/nunoa.cl\\\/nunoapanorama\\\/wp-content\\\/uploads\\\/2022\\\/12\\\/Captura-1.jpg\\\" class=\\\"attachment-post-thumbnail size-post-thumbnail wp-post-image\\\" alt=\\\"\\\" srcset=\\\"https:\\\/\\\/nunoa.cl\\\/nunoapanorama\\\/wp-content\\\/uploads\\\/2022\\\/12\\\/Captura-1.jpg 531w, https:\\\/\\\/nunoa.cl\\\/nunoapanorama\\\/wp-content\\\/uploads\\\/2022\\\/12\\\/Captura-1-300x300.jpg 300w, https:\\\/\\\/nunoa.cl\\\/nunoapanorama\\\/wp-content\\\/uploads\\\/2022\\\/12\\\/Captura-1-150x150.jpg 150w, https:\\\/\\\/nunoa.cl\\\/nunoapanorama\\\/wp-content\\\/uploads\\\/2022\\\/12\\\/Captura-1-500x500.jpg 500w, https:\\\/\\\/nunoa.cl\\\/nunoapanorama\\\/wp-content\\\/uploads\\\/2022\\\/12\\\/Captura-1-80x80.jpg 80w\\\" sizes=\\\"(max-width: 531px) 100vw, 531px\\\" \\\/><\\\/a><p><a href=https:\\\/\\\/nunoa.cl\\\/nunoapanorama\\\/event\\\/navidad-de-libros-en-plaza-nunoa\\\/>Navidad de Libros en Plaza \\u00d1u\\u00f1oa<\\\/a><\\\/p>\",\"special\":\"\"},{\"start\":\"2022-12-10 19:30\",\"end\":\"1970-01-01 \",\"url\":\"https:\\\/\\\/nunoa.cl\\\/nunoapanorama\\\/event\\\/dia-de-los-dd-hh-el-cielo-esta-rojo-conversatorio\\\/\",\"title\":\"D\\u00eda de los DD.HH: El cielo est\\u00e1 rojo + conversatorio\",\"desc\":\"<a href=https:\\\/\\\/nunoa.cl\\\/nunoapanorama\\\/event\\\/dia-de-los-dd-hh-el-cielo-esta-rojo-conversatorio\\\/><img width=\\\"1024\\\" height=\\\"575\\\" src=\\\"https:\\\/\\\/nunoa.cl\\\/nunoapanorama\\\/wp-content\\\/uploads\\\/2022\\\/12\\\/elcieloestarojo-e1669731619514-1024x575-1.png\\\" class=\\\"attachment-post-thumbnail size-post-thumbnail wp-post-image\\\" alt=\\\"\\\" srcset=\\\"https:\\\/\\\/nunoa.cl\\\/nunoapanorama\\\/wp-content\\\/uploads\\\/2022\\\/12\\\/elcieloestarojo-e1669731619514-1024x575-1.png 1024w, https:\\\/\\\/nunoa.cl\\\/nunoapanorama\\\/wp-content\\\/uploads\\\/2022\\\/12\\\/elcieloestarojo-e1669731619514-1024x575-1-300x168.png 300w, https:\\\/\\\/nunoa.cl\\\/nunoapanorama\\\/wp-content\\\/uploads\\\/2022\\\/12\\\/elcieloestarojo-e1669731619514-1024x575-1-768x431.png 768w\\\" sizes=\\\"(max-width: 1024px) 100vw, 1024px\\\" \\\/><\\\/a><p><a href=https:\\\/\\\/nunoa.cl\\\/nunoapanorama\\\/event\\\/dia-de-los-dd-hh-el-cielo-esta-rojo-conversatorio\\\/>D\\u00eda de los DD.HH: El cielo est\\u00e1 rojo + conversatorio<\\\/a><\\\/p>\",\"special\":\"\"},{\"start\":\"2022-12-14 16:30\",\"end\":\"1970-01-01 \",\"url\":\"https:\\\/\\\/nunoa.cl\\\/nunoapanorama\\\/event\\\/cine-el-agente-topo\\\/\",\"title\":\"Cine: El agente topo\",\"desc\":\"<a href=https:\\\/\\\/nunoa.cl\\\/nunoapanorama\\\/event\\\/cine-el-agente-topo\\\/><img width=\\\"1024\\\" height=\\\"576\\\" src=\\\"https:\\\/\\\/nunoa.cl\\\/nunoapanorama\\\/wp-content\\\/uploads\\\/2022\\\/12\\\/1611079407-elagentetopo1-1024x576-1.jpg\\\" class=\\\"attachment-post-thumbnail size-post-thumbnail wp-post-image\\\" alt=\\\"\\\" srcset=\\\"https:\\\/\\\/nunoa.cl\\\/nunoapanorama\\\/wp-content\\\/uploads\\\/2022\\\/12\\\/1611079407-elagentetopo1-1024x576-1.jpg 1024w, https:\\\/\\\/nunoa.cl\\\/nunoapanorama\\\/wp-content\\\/uploads\\\/2022\\\/12\\\/1611079407-elagentetopo1-1024x576-1-300x169.jpg 300w, https:\\\/\\\/nunoa.cl\\\/nunoapanorama\\\/wp-content\\\/uploads\\\/2022\\\/12\\\/1611079407-elagentetopo1-1024x576-1-768x432.jpg 768w\\\" sizes=\\\"(max-width: 1024px) 100vw, 1024px\\\" \\\/><\\\/a><p><a href=https:\\\/\\\/nunoa.cl\\\/nunoapanorama\\\/event\\\/cine-el-agente-topo\\\/>Cine: El agente topo<\\\/a><\\\/p>\",\"special\":\"\"},{\"start\":\"2022-12-14 19:30\",\"end\":\"1970-01-01 \",\"url\":\"https:\\\/\\\/nunoa.cl\\\/nunoapanorama\\\/event\\\/cine-lina-de-lima\\\/\",\"title\":\"Cine: Lina de Lima\",\"desc\":\"<a href=https:\\\/\\\/nunoa.cl\\\/nunoapanorama\\\/event\\\/cine-lina-de-lima\\\/><img width=\\\"1024\\\" height=\\\"576\\\" src=\\\"https:\\\/\\\/nunoa.cl\\\/nunoapanorama\\\/wp-content\\\/uploads\\\/2022\\\/12\\\/6KHSTEKSOBGFXGQRB7PPQ2UJJQ-e1669734101404-1024x576-1.jpg\\\" class=\\\"attachment-post-thumbnail size-post-thumbnail wp-post-image\\\" alt=\\\"\\\" srcset=\\\"https:\\\/\\\/nunoa.cl\\\/nunoapanorama\\\/wp-content\\\/uploads\\\/2022\\\/12\\\/6KHSTEKSOBGFXGQRB7PPQ2UJJQ-e1669734101404-1024x576-1.jpg 1024w, https:\\\/\\\/nunoa.cl\\\/nunoapanorama\\\/wp-content\\\/uploads\\\/2022\\\/12\\\/6KHSTEKSOBGFXGQRB7PPQ2UJJQ-e1669734101404-1024x576-1-300x169.jpg 300w, https:\\\/\\\/nunoa.cl\\\/nunoapanorama\\\/wp-content\\\/uploads\\\/2022\\\/12\\\/6KHSTEKSOBGFXGQRB7PPQ2UJJQ-e1669734101404-1024x576-1-768x432.jpg 768w\\\" sizes=\\\"(max-width: 1024px) 100vw, 1024px\\\" \\\/><\\\/a><p><a href=https:\\\/\\\/nunoa.cl\\\/nunoapanorama\\\/event\\\/cine-lina-de-lima\\\/>Cine: Lina de Lima<\\\/a><\\\/p>\",\"special\":\"\"},{\"start\":\"2022-12-17 16:30\",\"end\":\"1970-01-01 \",\"url\":\"https:\\\/\\\/nunoa.cl\\\/nunoapanorama\\\/event\\\/cine-familiar-mi-pobre-angelito\\\/\",\"title\":\"Cine Familiar: Mi pobre angelito\",\"desc\":\"<a href=https:\\\/\\\/nunoa.cl\\\/nunoapanorama\\\/event\\\/cine-familiar-mi-pobre-angelito\\\/><img width=\\\"1024\\\" height=\\\"576\\\" src=\\\"https:\\\/\\\/nunoa.cl\\\/nunoapanorama\\\/wp-content\\\/uploads\\\/2022\\\/12\\\/mipobreangelito-e1669734666976-1024x576-1.png\\\" class=\\\"attachment-post-thumbnail size-post-thumbnail wp-post-image\\\" alt=\\\"\\\" srcset=\\\"https:\\\/\\\/nunoa.cl\\\/nunoapanorama\\\/wp-content\\\/uploads\\\/2022\\\/12\\\/mipobreangelito-e1669734666976-1024x576-1.png 1024w, https:\\\/\\\/nunoa.cl\\\/nunoapanorama\\\/wp-content\\\/uploads\\\/2022\\\/12\\\/mipobreangelito-e1669734666976-1024x576-1-300x169.png 300w, https:\\\/\\\/nunoa.cl\\\/nunoapanorama\\\/wp-content\\\/uploads\\\/2022\\\/12\\\/mipobreangelito-e1669734666976-1024x576-1-768x432.png 768w\\\" sizes=\\\"(max-width: 1024px) 100vw, 1024px\\\" \\\/><\\\/a><p><a href=https:\\\/\\\/nunoa.cl\\\/nunoapanorama\\\/event\\\/cine-familiar-mi-pobre-angelito\\\/>Cine Familiar: Mi pobre angelito<\\\/a><\\\/p>\",\"special\":\"\"},{\"start\":\"2022-12-17 19:30\",\"end\":\"1970-01-01 \",\"url\":\"https:\\\/\\\/nunoa.cl\\\/nunoapanorama\\\/event\\\/cine-el-joven-manos-de-tijeras\\\/\",\"title\":\"Cine: El joven manos de tijeras\",\"desc\":\"<a href=https:\\\/\\\/nunoa.cl\\\/nunoapanorama\\\/event\\\/cine-el-joven-manos-de-tijeras\\\/><img width=\\\"1024\\\" height=\\\"576\\\" src=\\\"https:\\\/\\\/nunoa.cl\\\/nunoapanorama\\\/wp-content\\\/uploads\\\/2022\\\/12\\\/screen-shot-2015-04-29-at-10-29-02-pm-1-1200x800-1-1024x683-1-e1669734933438.jpg\\\" class=\\\"attachment-post-thumbnail size-post-thumbnail wp-post-image\\\" alt=\\\"\\\" srcset=\\\"https:\\\/\\\/nunoa.cl\\\/nunoapanorama\\\/wp-content\\\/uploads\\\/2022\\\/12\\\/screen-shot-2015-04-29-at-10-29-02-pm-1-1200x800-1-1024x683-1-e1669734933438.jpg 1024w, https:\\\/\\\/nunoa.cl\\\/nunoapanorama\\\/wp-content\\\/uploads\\\/2022\\\/12\\\/screen-shot-2015-04-29-at-10-29-02-pm-1-1200x800-1-1024x683-1-e1669734933438-300x169.jpg 300w, https:\\\/\\\/nunoa.cl\\\/nunoapanorama\\\/wp-content\\\/uploads\\\/2022\\\/12\\\/screen-shot-2015-04-29-at-10-29-02-pm-1-1200x800-1-1024x683-1-e1669734933438-768x432.jpg 768w\\\" sizes=\\\"(max-width: 1024px) 100vw, 1024px\\\" \\\/><\\\/a><p><a href=https:\\\/\\\/nunoa.cl\\\/nunoapanorama\\\/event\\\/cine-el-joven-manos-de-tijeras\\\/>Cine: El joven manos de tijeras<\\\/a><\\\/p>\",\"special\":\"\"},{\"start\":\"2022-12-28 19:30\",\"end\":\"1970-01-01 \",\"url\":\"https:\\\/\\\/nunoa.cl\\\/nunoapanorama\\\/event\\\/cine-perdidos-en-tokio\\\/\",\"title\":\"Cine: Perdidos en Tokio\",\"desc\":\"<a href=https:\\\/\\\/nunoa.cl\\\/nunoapanorama\\\/event\\\/cine-perdidos-en-tokio\\\/><img width=\\\"1024\\\" height=\\\"576\\\" src=\\\"https:\\\/\\\/nunoa.cl\\\/nunoapanorama\\\/wp-content\\\/uploads\\\/2022\\\/12\\\/Lost-in-translation-1-e1669736154376-1024x576-1.jpg\\\" class=\\\"attachment-post-thumbnail size-post-thumbnail wp-post-image\\\" alt=\\\"\\\" srcset=\\\"https:\\\/\\\/nunoa.cl\\\/nunoapanorama\\\/wp-content\\\/uploads\\\/2022\\\/12\\\/Lost-in-translation-1-e1669736154376-1024x576-1.jpg 1024w, https:\\\/\\\/nunoa.cl\\\/nunoapanorama\\\/wp-content\\\/uploads\\\/2022\\\/12\\\/Lost-in-translation-1-e1669736154376-1024x576-1-300x169.jpg 300w, https:\\\/\\\/nunoa.cl\\\/nunoapanorama\\\/wp-content\\\/uploads\\\/2022\\\/12\\\/Lost-in-translation-1-e1669736154376-1024x576-1-768x432.jpg 768w\\\" sizes=\\\"(max-width: 1024px) 100vw, 1024px\\\" \\\/><\\\/a><p><a href=https:\\\/\\\/nunoa.cl\\\/nunoapanorama\\\/event\\\/cine-perdidos-en-tokio\\\/>Cine: Perdidos en Tokio<\\\/a><\\\/p>\",\"special\":\"\"},{\"start\":\"2023-01-13 17:00\",\"end\":\"2023-01-14 23:00\",\"url\":\"https:\\\/\\\/nunoa.cl\\\/nunoapanorama\\\/event\\\/matsuri-anime-lms\\\/\",\"title\":\"Matsuri Anim\\u00e9 LMS\",\"desc\":\"<a href=https:\\\/\\\/nunoa.cl\\\/nunoapanorama\\\/event\\\/matsuri-anime-lms\\\/><img width=\\\"2000\\\" height=\\\"2000\\\" src=\\\"https:\\\/\\\/nunoa.cl\\\/nunoapanorama\\\/wp-content\\\/uploads\\\/2022\\\/12\\\/afiche-RRSS-madre-1.jpg\\\" class=\\\"attachment-post-thumbnail size-post-thumbnail wp-post-image\\\" alt=\\\"\\\" srcset=\\\"https:\\\/\\\/nunoa.cl\\\/nunoapanorama\\\/wp-content\\\/uploads\\\/2022\\\/12\\\/afiche-RRSS-madre-1.jpg 2000w, https:\\\/\\\/nunoa.cl\\\/nunoapanorama\\\/wp-content\\\/uploads\\\/2022\\\/12\\\/afiche-RRSS-madre-1-300x300.jpg 300w, https:\\\/\\\/nunoa.cl\\\/nunoapanorama\\\/wp-content\\\/uploads\\\/2022\\\/12\\\/afiche-RRSS-madre-1-1024x1024.jpg 1024w, https:\\\/\\\/nunoa.cl\\\/nunoapanorama\\\/wp-content\\\/uploads\\\/2022\\\/12\\\/afiche-RRSS-madre-1-150x150.jpg 150w, https:\\\/\\\/nunoa.cl\\\/nunoapanorama\\\/wp-content\\\/uploads\\\/2022\\\/12\\\/afiche-RRSS-madre-1-768x768.jpg 768w, https:\\\/\\\/nunoa.cl\\\/nunoapanorama\\\/wp-content\\\/uploads\\\/2022\\\/12\\\/afiche-RRSS-madre-1-500x500.jpg 500w, https:\\\/\\\/nunoa.cl\\\/nunoapanorama\\\/wp-content\\\/uploads\\\/2022\\\/12\\\/afiche-RRSS-madre-1-1536x1536.jpg 1536w, https:\\\/\\\/nunoa.cl\\\/nunoapanorama\\\/wp-content\\\/uploads\\\/2022\\\/12\\\/afiche-RRSS-madre-1-80x80.jpg 80w\\\" sizes=\\\"(max-width: 2000px) 100vw, 2000px\\\" \\\/><\\\/a><p><a href=https:\\\/\\\/nunoa.cl\\\/nunoapanorama\\\/event\\\/matsuri-anime-lms\\\/>Matsuri Anim\\u00e9 LMS<\\\/a><\\\/p>\",\"special\":\"checked\"},{\"start\":\"2023-01-06 16:00\",\"end\":\"1970-01-01 \",\"url\":\"https:\\\/\\\/nunoa.cl\\\/nunoapanorama\\\/event\\\/taller-de-desbloqueo-creativo\\\/\",\"title\":\"Taller de Desbloqueo Creativo\",\"desc\":\"<a href=https:\\\/\\\/nunoa.cl\\\/nunoapanorama\\\/event\\\/taller-de-desbloqueo-creativo\\\/><img width=\\\"1080\\\" height=\\\"1350\\\" src=\\\"https:\\\/\\\/nunoa.cl\\\/nunoapanorama\\\/wp-content\\\/uploads\\\/2022\\\/12\\\/Taller-Enero-Creativo3_Mesa-de-trabajo-1-Gley-Carolina-Riquelme-Van-1.jpg\\\" class=\\\"attachment-post-thumbnail size-post-thumbnail wp-post-image\\\" alt=\\\"\\\" srcset=\\\"https:\\\/\\\/nunoa.cl\\\/nunoapanorama\\\/wp-content\\\/uploads\\\/2022\\\/12\\\/Taller-Enero-Creativo3_Mesa-de-trabajo-1-Gley-Carolina-Riquelme-Van-1.jpg 1080w, https:\\\/\\\/nunoa.cl\\\/nunoapanorama\\\/wp-content\\\/uploads\\\/2022\\\/12\\\/Taller-Enero-Creativo3_Mesa-de-trabajo-1-Gley-Carolina-Riquelme-Van-1-240x300.jpg 240w, https:\\\/\\\/nunoa.cl\\\/nunoapanorama\\\/wp-content\\\/uploads\\\/2022\\\/12\\\/Taller-Enero-Creativo3_Mesa-de-trabajo-1-Gley-Carolina-Riquelme-Van-1-819x1024.jpg 819w, https:\\\/\\\/nunoa.cl\\\/nunoapanorama\\\/wp-content\\\/uploads\\\/2022\\\/12\\\/Taller-Enero-Creativo3_Mesa-de-trabajo-1-Gley-Carolina-Riquelme-Van-1-768x960.jpg 768w\\\" sizes=\\\"(max-width: 1080px) 100vw, 1080px\\\" \\\/><\\\/a><p><a href=https:\\\/\\\/nunoa.cl\\\/nunoapanorama\\\/event\\\/taller-de-desbloqueo-creativo\\\/>Taller de Desbloqueo Creativo<\\\/a><\\\/p>\",\"special\":\"checked\"},{\"start\":\"2022-12-21 19:00\",\"end\":\"2022-12-21 21:00\",\"url\":\"https:\\\/\\\/nunoa.cl\\\/nunoapanorama\\\/event\\\/concierto-de-navidad-en-nunoa-junto-a-la-orquesta-de-camara-del-municipal-de-santiago\\\/\",\"title\":\"Concierto de Navidad en \\u00d1u\\u00f1oa junto a la Orquesta de C\\u00e1mara del Municipal de Santiago\",\"desc\":\"<a href=https:\\\/\\\/nunoa.cl\\\/nunoapanorama\\\/event\\\/concierto-de-navidad-en-nunoa-junto-a-la-orquesta-de-camara-del-municipal-de-santiago\\\/><img width=\\\"576\\\" height=\\\"578\\\" src=\\\"https:\\\/\\\/nunoa.cl\\\/nunoapanorama\\\/wp-content\\\/uploads\\\/2022\\\/12\\\/Captura-2-e1671468241417.jpg\\\" class=\\\"attachment-post-thumbnail size-post-thumbnail wp-post-image\\\" alt=\\\"\\\" srcset=\\\"https:\\\/\\\/nunoa.cl\\\/nunoapanorama\\\/wp-content\\\/uploads\\\/2022\\\/12\\\/Captura-2-e1671468241417.jpg 576w, https:\\\/\\\/nunoa.cl\\\/nunoapanorama\\\/wp-content\\\/uploads\\\/2022\\\/12\\\/Captura-2-e1671468241417-300x300.jpg 300w, https:\\\/\\\/nunoa.cl\\\/nunoapanorama\\\/wp-content\\\/uploads\\\/2022\\\/12\\\/Captura-2-e1671468241417-150x150.jpg 150w, https:\\\/\\\/nunoa.cl\\\/nunoapanorama\\\/wp-content\\\/uploads\\\/2022\\\/12\\\/Captura-2-e1671468241417-80x80.jpg 80w\\\" sizes=\\\"(max-width: 576px) 100vw, 576px\\\" \\\/><\\\/a><p><a href=https:\\\/\\\/nunoa.cl\\\/nunoapanorama\\\/event\\\/concierto-de-navidad-en-nunoa-junto-a-la-orquesta-de-camara-del-municipal-de-santiago\\\/>Concierto de Navidad en \\u00d1u\\u00f1oa junto a la Orquesta de C\\u00e1mara del Municipal de Santiago<\\\/a><\\\/p>\",\"special\":\"\"},{\"start\":\"2022-12-19 17:00\",\"end\":\"2022-12-23 23:00\",\"url\":\"https:\\\/\\\/nunoa.cl\\\/nunoapanorama\\\/event\\\/expo-navidad-2022\\\/\",\"title\":\"Expo Navidad 2022\",\"desc\":\"<a href=https:\\\/\\\/nunoa.cl\\\/nunoapanorama\\\/event\\\/expo-navidad-2022\\\/><img width=\\\"576\\\" height=\\\"577\\\" src=\\\"https:\\\/\\\/nunoa.cl\\\/nunoapanorama\\\/wp-content\\\/uploads\\\/2022\\\/12\\\/Captura-3.jpg\\\" class=\\\"attachment-post-thumbnail size-post-thumbnail wp-post-image\\\" alt=\\\"\\\" srcset=\\\"https:\\\/\\\/nunoa.cl\\\/nunoapanorama\\\/wp-content\\\/uploads\\\/2022\\\/12\\\/Captura-3.jpg 576w, https:\\\/\\\/nunoa.cl\\\/nunoapanorama\\\/wp-content\\\/uploads\\\/2022\\\/12\\\/Captura-3-300x300.jpg 300w, https:\\\/\\\/nunoa.cl\\\/nunoapanorama\\\/wp-content\\\/uploads\\\/2022\\\/12\\\/Captura-3-150x150.jpg 150w, https:\\\/\\\/nunoa.cl\\\/nunoapanorama\\\/wp-content\\\/uploads\\\/2022\\\/12\\\/Captura-3-500x500.jpg 500w, https:\\\/\\\/nunoa.cl\\\/nunoapanorama\\\/wp-content\\\/uploads\\\/2022\\\/12\\\/Captura-3-80x80.jpg 80w\\\" sizes=\\\"(max-width: 576px) 100vw, 576px\\\" \\\/><\\\/a><p><a href=https:\\\/\\\/nunoa.cl\\\/nunoapanorama\\\/event\\\/expo-navidad-2022\\\/>Expo Navidad 2022<\\\/a><\\\/p>\",\"special\":\"\"},{\"start\":\"2023-01-06 19:30\",\"end\":\"1970-01-01 \",\"url\":\"https:\\\/\\\/nunoa.cl\\\/nunoapanorama\\\/event\\\/cine-el-graduado\\\/\",\"title\":\"Cine: El Graduado\",\"desc\":\"<a href=https:\\\/\\\/nunoa.cl\\\/nunoapanorama\\\/event\\\/cine-el-graduado\\\/><img width=\\\"1024\\\" height=\\\"577\\\" src=\\\"https:\\\/\\\/nunoa.cl\\\/nunoapanorama\\\/wp-content\\\/uploads\\\/2022\\\/12\\\/dec2017_c03_prologue-e1671203974803-1024x577-1.jpg\\\" class=\\\"attachment-post-thumbnail size-post-thumbnail wp-post-image\\\" alt=\\\"\\\" srcset=\\\"https:\\\/\\\/nunoa.cl\\\/nunoapanorama\\\/wp-content\\\/uploads\\\/2022\\\/12\\\/dec2017_c03_prologue-e1671203974803-1024x577-1.jpg 1024w, https:\\\/\\\/nunoa.cl\\\/nunoapanorama\\\/wp-content\\\/uploads\\\/2022\\\/12\\\/dec2017_c03_prologue-e1671203974803-1024x577-1-300x169.jpg 300w, https:\\\/\\\/nunoa.cl\\\/nunoapanorama\\\/wp-content\\\/uploads\\\/2022\\\/12\\\/dec2017_c03_prologue-e1671203974803-1024x577-1-768x433.jpg 768w\\\" sizes=\\\"(max-width: 1024px) 100vw, 1024px\\\" \\\/><\\\/a><p><a href=https:\\\/\\\/nunoa.cl\\\/nunoapanorama\\\/event\\\/cine-el-graduado\\\/>Cine: El Graduado<\\\/a><\\\/p>\",\"special\":\"\"},{\"start\":\"2023-01-07 16:30\",\"end\":\"1970-01-01 \",\"url\":\"https:\\\/\\\/nunoa.cl\\\/nunoapanorama\\\/event\\\/cine-familiar-el-libro-de-la-selva\\\/\",\"title\":\"Cine Familiar: El libro de la Selva\",\"desc\":\"<a href=https:\\\/\\\/nunoa.cl\\\/nunoapanorama\\\/event\\\/cine-familiar-el-libro-de-la-selva\\\/><img width=\\\"1024\\\" height=\\\"577\\\" src=\\\"https:\\\/\\\/nunoa.cl\\\/nunoapanorama\\\/wp-content\\\/uploads\\\/2022\\\/12\\\/jb1-1024x577-1.jpg\\\" class=\\\"attachment-post-thumbnail size-post-thumbnail wp-post-image\\\" alt=\\\"\\\" srcset=\\\"https:\\\/\\\/nunoa.cl\\\/nunoapanorama\\\/wp-content\\\/uploads\\\/2022\\\/12\\\/jb1-1024x577-1.jpg 1024w, https:\\\/\\\/nunoa.cl\\\/nunoapanorama\\\/wp-content\\\/uploads\\\/2022\\\/12\\\/jb1-1024x577-1-300x169.jpg 300w, https:\\\/\\\/nunoa.cl\\\/nunoapanorama\\\/wp-content\\\/uploads\\\/2022\\\/12\\\/jb1-1024x577-1-768x433.jpg 768w\\\" sizes=\\\"(max-width: 1024px) 100vw, 1024px\\\" \\\/><\\\/a><p><a href=https:\\\/\\\/nunoa.cl\\\/nunoapanorama\\\/event\\\/cine-familiar-el-libro-de-la-selva\\\/>Cine Familiar: El libro de la Selva<\\\/a><\\\/p>\",\"special\":\"\"},{\"start\":\"2023-01-07 21:00\",\"end\":\"1970-01-01 \",\"url\":\"https:\\\/\\\/nunoa.cl\\\/nunoapanorama\\\/event\\\/teatro-a-mil-saurian\\\/\",\"title\":\"Teatro a Mil: Saurian\",\"desc\":\"<a href=https:\\\/\\\/nunoa.cl\\\/nunoapanorama\\\/event\\\/teatro-a-mil-saurian\\\/><img width=\\\"1080\\\" height=\\\"1079\\\" src=\\\"https:\\\/\\\/nunoa.cl\\\/nunoapanorama\\\/wp-content\\\/uploads\\\/2023\\\/01\\\/Screenshot_20230104_121136.jpg\\\" class=\\\"attachment-post-thumbnail size-post-thumbnail wp-post-image\\\" alt=\\\"\\\" srcset=\\\"https:\\\/\\\/nunoa.cl\\\/nunoapanorama\\\/wp-content\\\/uploads\\\/2023\\\/01\\\/Screenshot_20230104_121136.jpg 1080w, https:\\\/\\\/nunoa.cl\\\/nunoapanorama\\\/wp-content\\\/uploads\\\/2023\\\/01\\\/Screenshot_20230104_121136-300x300.jpg 300w, https:\\\/\\\/nunoa.cl\\\/nunoapanorama\\\/wp-content\\\/uploads\\\/2023\\\/01\\\/Screenshot_20230104_121136-1024x1024.jpg 1024w, https:\\\/\\\/nunoa.cl\\\/nunoapanorama\\\/wp-content\\\/uploads\\\/2023\\\/01\\\/Screenshot_20230104_121136-150x150.jpg 150w, https:\\\/\\\/nunoa.cl\\\/nunoapanorama\\\/wp-content\\\/uploads\\\/2023\\\/01\\\/Screenshot_20230104_121136-768x767.jpg 768w, https:\\\/\\\/nunoa.cl\\\/nunoapanorama\\\/wp-content\\\/uploads\\\/2023\\\/01\\\/Screenshot_20230104_121136-500x500.jpg 500w, https:\\\/\\\/nunoa.cl\\\/nunoapanorama\\\/wp-content\\\/uploads\\\/2023\\\/01\\\/Screenshot_20230104_121136-80x80.jpg 80w\\\" sizes=\\\"(max-width: 1080px) 100vw, 1080px\\\" \\\/><\\\/a><p><a href=https:\\\/\\\/nunoa.cl\\\/nunoapanorama\\\/event\\\/teatro-a-mil-saurian\\\/>Teatro a Mil: Saurian<\\\/a><\\\/p>\",\"special\":\"\"},{\"start\":\"2023-01-10 19:00\",\"end\":\"1970-01-01 \",\"url\":\"https:\\\/\\\/nunoa.cl\\\/nunoapanorama\\\/event\\\/do-re-mi-plaza-disfruta-de-musica-en-vivo-en-las-plazas-y-parques-de-nunoa\\\/\",\"title\":\"Do Re Mi Plaza: Disfruta de m\\u00fasica en vivo en las plazas y parques de \\u00d1u\\u00f1oa\",\"desc\":\"<a href=https:\\\/\\\/nunoa.cl\\\/nunoapanorama\\\/event\\\/do-re-mi-plaza-disfruta-de-musica-en-vivo-en-las-plazas-y-parques-de-nunoa\\\/><img width=\\\"1080\\\" height=\\\"1080\\\" src=\\\"https:\\\/\\\/nunoa.cl\\\/nunoapanorama\\\/wp-content\\\/uploads\\\/2023\\\/01\\\/Screenshot_20230104_113929.jpg\\\" class=\\\"attachment-post-thumbnail size-post-thumbnail wp-post-image\\\" alt=\\\"\\\" srcset=\\\"https:\\\/\\\/nunoa.cl\\\/nunoapanorama\\\/wp-content\\\/uploads\\\/2023\\\/01\\\/Screenshot_20230104_113929.jpg 1080w, https:\\\/\\\/nunoa.cl\\\/nunoapanorama\\\/wp-content\\\/uploads\\\/2023\\\/01\\\/Screenshot_20230104_113929-300x300.jpg 300w, https:\\\/\\\/nunoa.cl\\\/nunoapanorama\\\/wp-content\\\/uploads\\\/2023\\\/01\\\/Screenshot_20230104_113929-1024x1024.jpg 1024w, https:\\\/\\\/nunoa.cl\\\/nunoapanorama\\\/wp-content\\\/uploads\\\/2023\\\/01\\\/Screenshot_20230104_113929-150x150.jpg 150w, https:\\\/\\\/nunoa.cl\\\/nunoapanorama\\\/wp-content\\\/uploads\\\/2023\\\/01\\\/Screenshot_20230104_113929-768x768.jpg 768w, https:\\\/\\\/nunoa.cl\\\/nunoapanorama\\\/wp-content\\\/uploads\\\/2023\\\/01\\\/Screenshot_20230104_113929-500x500.jpg 500w, https:\\\/\\\/nunoa.cl\\\/nunoapanorama\\\/wp-content\\\/uploads\\\/2023\\\/01\\\/Screenshot_20230104_113929-80x80.jpg 80w\\\" sizes=\\\"(max-width: 1080px) 100vw, 1080px\\\" \\\/><\\\/a><p><a href=https:\\\/\\\/nunoa.cl\\\/nunoapanorama\\\/event\\\/do-re-mi-plaza-disfruta-de-musica-en-vivo-en-las-plazas-y-parques-de-nunoa\\\/>Do Re Mi Plaza: Disfruta de m\\u00fasica en vivo en las plazas y parques de \\u00d1u\\u00f1oa<\\\/a><\\\/p>\",\"special\":\"\"},{\"start\":\"2023-01-09 21:00\",\"end\":\"1970-01-01 \",\"url\":\"https:\\\/\\\/nunoa.cl\\\/nunoapanorama\\\/event\\\/el-increible-viaje-de-caperucita-galactica\\\/\",\"title\":\"EL INCRE\\u00cdBLE VIAJE DE CAPERUCITA GAL\\u00c1CTICA\",\"desc\":\"<a href=https:\\\/\\\/nunoa.cl\\\/nunoapanorama\\\/event\\\/el-increible-viaje-de-caperucita-galactica\\\/><img width=\\\"1080\\\" height=\\\"1074\\\" src=\\\"https:\\\/\\\/nunoa.cl\\\/nunoapanorama\\\/wp-content\\\/uploads\\\/2023\\\/01\\\/Screenshot_20230104_121208.jpg\\\" class=\\\"attachment-post-thumbnail size-post-thumbnail wp-post-image\\\" alt=\\\"\\\" srcset=\\\"https:\\\/\\\/nunoa.cl\\\/nunoapanorama\\\/wp-content\\\/uploads\\\/2023\\\/01\\\/Screenshot_20230104_121208.jpg 1080w, https:\\\/\\\/nunoa.cl\\\/nunoapanorama\\\/wp-content\\\/uploads\\\/2023\\\/01\\\/Screenshot_20230104_121208-300x298.jpg 300w, https:\\\/\\\/nunoa.cl\\\/nunoapanorama\\\/wp-content\\\/uploads\\\/2023\\\/01\\\/Screenshot_20230104_121208-1024x1018.jpg 1024w, https:\\\/\\\/nunoa.cl\\\/nunoapanorama\\\/wp-content\\\/uploads\\\/2023\\\/01\\\/Screenshot_20230104_121208-150x150.jpg 150w, https:\\\/\\\/nunoa.cl\\\/nunoapanorama\\\/wp-content\\\/uploads\\\/2023\\\/01\\\/Screenshot_20230104_121208-768x764.jpg 768w, https:\\\/\\\/nunoa.cl\\\/nunoapanorama\\\/wp-content\\\/uploads\\\/2023\\\/01\\\/Screenshot_20230104_121208-80x80.jpg 80w\\\" sizes=\\\"(max-width: 1080px) 100vw, 1080px\\\" \\\/><\\\/a><p><a href=https:\\\/\\\/nunoa.cl\\\/nunoapanorama\\\/event\\\/el-increible-viaje-de-caperucita-galactica\\\/>EL INCRE\\u00cdBLE VIAJE DE CAPERUCITA GAL\\u00c1CTICA<\\\/a><\\\/p>\",\"special\":\"\"},{\"start\":\"2023-01-19 20:00\",\"end\":\"1970-01-01 \",\"url\":\"https:\\\/\\\/nunoa.cl\\\/nunoapanorama\\\/event\\\/jeckyll-en-hielo\\\/\",\"title\":\"Jeckyll en hielo\",\"desc\":\"<a href=https:\\\/\\\/nunoa.cl\\\/nunoapanorama\\\/event\\\/jeckyll-en-hielo\\\/><img width=\\\"1080\\\" height=\\\"1075\\\" src=\\\"https:\\\/\\\/nunoa.cl\\\/nunoapanorama\\\/wp-content\\\/uploads\\\/2023\\\/01\\\/Screenshot_20230104_121324.jpg\\\" class=\\\"attachment-post-thumbnail size-post-thumbnail wp-post-image\\\" alt=\\\"\\\" srcset=\\\"https:\\\/\\\/nunoa.cl\\\/nunoapanorama\\\/wp-content\\\/uploads\\\/2023\\\/01\\\/Screenshot_20230104_121324.jpg 1080w, https:\\\/\\\/nunoa.cl\\\/nunoapanorama\\\/wp-content\\\/uploads\\\/2023\\\/01\\\/Screenshot_20230104_121324-300x300.jpg 300w, https:\\\/\\\/nunoa.cl\\\/nunoapanorama\\\/wp-content\\\/uploads\\\/2023\\\/01\\\/Screenshot_20230104_121324-1024x1019.jpg 1024w, https:\\\/\\\/nunoa.cl\\\/nunoapanorama\\\/wp-content\\\/uploads\\\/2023\\\/01\\\/Screenshot_20230104_121324-150x150.jpg 150w, https:\\\/\\\/nunoa.cl\\\/nunoapanorama\\\/wp-content\\\/uploads\\\/2023\\\/01\\\/Screenshot_20230104_121324-768x764.jpg 768w, https:\\\/\\\/nunoa.cl\\\/nunoapanorama\\\/wp-content\\\/uploads\\\/2023\\\/01\\\/Screenshot_20230104_121324-80x80.jpg 80w\\\" sizes=\\\"(max-width: 1080px) 100vw, 1080px\\\" \\\/><\\\/a><p><a href=https:\\\/\\\/nunoa.cl\\\/nunoapanorama\\\/event\\\/jeckyll-en-hielo\\\/>Jeckyll en hielo<\\\/a><\\\/p>\",\"special\":\"\"},{\"start\":\"2023-01-20 20:00\",\"end\":\"1970-01-01 \",\"url\":\"https:\\\/\\\/nunoa.cl\\\/nunoapanorama\\\/event\\\/insectos\\\/\",\"title\":\"Insectos\",\"desc\":\"<a href=https:\\\/\\\/nunoa.cl\\\/nunoapanorama\\\/event\\\/insectos\\\/><img width=\\\"1080\\\" height=\\\"1074\\\" src=\\\"https:\\\/\\\/nunoa.cl\\\/nunoapanorama\\\/wp-content\\\/uploads\\\/2023\\\/01\\\/Screenshot_20230104_121310.jpg\\\" class=\\\"attachment-post-thumbnail size-post-thumbnail wp-post-image\\\" alt=\\\"\\\" srcset=\\\"https:\\\/\\\/nunoa.cl\\\/nunoapanorama\\\/wp-content\\\/uploads\\\/2023\\\/01\\\/Screenshot_20230104_121310.jpg 1080w, https:\\\/\\\/nunoa.cl\\\/nunoapanorama\\\/wp-content\\\/uploads\\\/2023\\\/01\\\/Screenshot_20230104_121310-300x298.jpg 300w, https:\\\/\\\/nunoa.cl\\\/nunoapanorama\\\/wp-content\\\/uploads\\\/2023\\\/01\\\/Screenshot_20230104_121310-1024x1018.jpg 1024w, https:\\\/\\\/nunoa.cl\\\/nunoapanorama\\\/wp-content\\\/uploads\\\/2023\\\/01\\\/Screenshot_20230104_121310-150x150.jpg 150w, https:\\\/\\\/nunoa.cl\\\/nunoapanorama\\\/wp-content\\\/uploads\\\/2023\\\/01\\\/Screenshot_20230104_121310-768x764.jpg 768w, https:\\\/\\\/nunoa.cl\\\/nunoapanorama\\\/wp-content\\\/uploads\\\/2023\\\/01\\\/Screenshot_20230104_121310-80x80.jpg 80w\\\" sizes=\\\"(max-width: 1080px) 100vw, 1080px\\\" \\\/><\\\/a><p><a href=https:\\\/\\\/nunoa.cl\\\/nunoapanorama\\\/event\\\/insectos\\\/>Insectos<\\\/a><\\\/p>\",\"special\":\"\"},{\"start\":\"2023-01-10 11:00\",\"end\":\"2023-01-10 13:00\",\"url\":\"https:\\\/\\\/nunoa.cl\\\/nunoapanorama\\\/event\\\/taller-de-circo-mimirichi-adultos-fitam\\\/\",\"title\":\"TALLER DE CIRCO MIMIRICHI ADULTOS-FITAM\",\"desc\":\"<a href=https:\\\/\\\/nunoa.cl\\\/nunoapanorama\\\/event\\\/taller-de-circo-mimirichi-adultos-fitam\\\/><img width=\\\"1195\\\" height=\\\"800\\\" src=\\\"https:\\\/\\\/nunoa.cl\\\/nunoapanorama\\\/wp-content\\\/uploads\\\/2023\\\/01\\\/3171.max-1450x800-1.jpg\\\" class=\\\"attachment-post-thumbnail size-post-thumbnail wp-post-image\\\" alt=\\\"\\\" srcset=\\\"https:\\\/\\\/nunoa.cl\\\/nunoapanorama\\\/wp-content\\\/uploads\\\/2023\\\/01\\\/3171.max-1450x800-1.jpg 1195w, https:\\\/\\\/nunoa.cl\\\/nunoapanorama\\\/wp-content\\\/uploads\\\/2023\\\/01\\\/3171.max-1450x800-1-300x201.jpg 300w, https:\\\/\\\/nunoa.cl\\\/nunoapanorama\\\/wp-content\\\/uploads\\\/2023\\\/01\\\/3171.max-1450x800-1-1024x686.jpg 1024w, https:\\\/\\\/nunoa.cl\\\/nunoapanorama\\\/wp-content\\\/uploads\\\/2023\\\/01\\\/3171.max-1450x800-1-768x514.jpg 768w\\\" sizes=\\\"(max-width: 1195px) 100vw, 1195px\\\" \\\/><\\\/a><p><a href=https:\\\/\\\/nunoa.cl\\\/nunoapanorama\\\/event\\\/taller-de-circo-mimirichi-adultos-fitam\\\/>TALLER DE CIRCO MIMIRICHI ADULTOS-FITAM<\\\/a><\\\/p>\",\"special\":\"checked\"},{\"start\":\"2023-01-18 11:00\",\"end\":\"2023-01-18 14:00\",\"url\":\"https:\\\/\\\/nunoa.cl\\\/nunoapanorama\\\/event\\\/taller-de-cesteria-con-rafia\\\/\",\"title\":\"TALLER DE CESTER\\u00cdA CON RAFIA\",\"desc\":\"<a href=https:\\\/\\\/nunoa.cl\\\/nunoapanorama\\\/event\\\/taller-de-cesteria-con-rafia\\\/><img width=\\\"1080\\\" height=\\\"1071\\\" src=\\\"https:\\\/\\\/nunoa.cl\\\/nunoapanorama\\\/wp-content\\\/uploads\\\/2023\\\/01\\\/Screenshot_20230105_121733.jpg\\\" class=\\\"attachment-post-thumbnail size-post-thumbnail wp-post-image\\\" alt=\\\"\\\" srcset=\\\"https:\\\/\\\/nunoa.cl\\\/nunoapanorama\\\/wp-content\\\/uploads\\\/2023\\\/01\\\/Screenshot_20230105_121733.jpg 1080w, https:\\\/\\\/nunoa.cl\\\/nunoapanorama\\\/wp-content\\\/uploads\\\/2023\\\/01\\\/Screenshot_20230105_121733-300x298.jpg 300w, https:\\\/\\\/nunoa.cl\\\/nunoapanorama\\\/wp-content\\\/uploads\\\/2023\\\/01\\\/Screenshot_20230105_121733-1024x1015.jpg 1024w, https:\\\/\\\/nunoa.cl\\\/nunoapanorama\\\/wp-content\\\/uploads\\\/2023\\\/01\\\/Screenshot_20230105_121733-150x150.jpg 150w, https:\\\/\\\/nunoa.cl\\\/nunoapanorama\\\/wp-content\\\/uploads\\\/2023\\\/01\\\/Screenshot_20230105_121733-768x762.jpg 768w, https:\\\/\\\/nunoa.cl\\\/nunoapanorama\\\/wp-content\\\/uploads\\\/2023\\\/01\\\/Screenshot_20230105_121733-80x80.jpg 80w\\\" sizes=\\\"(max-width: 1080px) 100vw, 1080px\\\" \\\/><\\\/a><p><a href=https:\\\/\\\/nunoa.cl\\\/nunoapanorama\\\/event\\\/taller-de-cesteria-con-rafia\\\/>TALLER DE CESTER\\u00cdA CON RAFIA<\\\/a><\\\/p>\",\"special\":\"checked\"},{\"start\":\"2023-01-07 11:00\",\"end\":\"2023-01-07 12:30\",\"url\":\"https:\\\/\\\/nunoa.cl\\\/nunoapanorama\\\/event\\\/taller-de-creacion-de-personajes-de-comic\\\/\",\"title\":\"Taller de creaci\\u00f3n de personajes de c\\u00f3mic\",\"desc\":\"<a href=https:\\\/\\\/nunoa.cl\\\/nunoapanorama\\\/event\\\/taller-de-creacion-de-personajes-de-comic\\\/><img width=\\\"1180\\\" height=\\\"480\\\" src=\\\"https:\\\/\\\/nunoa.cl\\\/nunoapanorama\\\/wp-content\\\/uploads\\\/2023\\\/01\\\/web-copia-4-pt46x5ka4x2uods7s80mha6crd22yvi5axbuf7cdds.jpg\\\" class=\\\"attachment-post-thumbnail size-post-thumbnail wp-post-image\\\" alt=\\\"\\\" srcset=\\\"https:\\\/\\\/nunoa.cl\\\/nunoapanorama\\\/wp-content\\\/uploads\\\/2023\\\/01\\\/web-copia-4-pt46x5ka4x2uods7s80mha6crd22yvi5axbuf7cdds.jpg 1180w, https:\\\/\\\/nunoa.cl\\\/nunoapanorama\\\/wp-content\\\/uploads\\\/2023\\\/01\\\/web-copia-4-pt46x5ka4x2uods7s80mha6crd22yvi5axbuf7cdds-300x122.jpg 300w, https:\\\/\\\/nunoa.cl\\\/nunoapanorama\\\/wp-content\\\/uploads\\\/2023\\\/01\\\/web-copia-4-pt46x5ka4x2uods7s80mha6crd22yvi5axbuf7cdds-1024x417.jpg 1024w, https:\\\/\\\/nunoa.cl\\\/nunoapanorama\\\/wp-content\\\/uploads\\\/2023\\\/01\\\/web-copia-4-pt46x5ka4x2uods7s80mha6crd22yvi5axbuf7cdds-768x312.jpg 768w\\\" sizes=\\\"(max-width: 1180px) 100vw, 1180px\\\" \\\/><\\\/a><p><a href=https:\\\/\\\/nunoa.cl\\\/nunoapanorama\\\/event\\\/taller-de-creacion-de-personajes-de-comic\\\/>Taller de creaci\\u00f3n de personajes de c\\u00f3mic<\\\/a><\\\/p>\",\"special\":\"checked\"},{\"start\":\"2023-02-01 21:00\",\"end\":\"2023-02-04 23:00\",\"url\":\"https:\\\/\\\/nunoa.cl\\\/nunoapanorama\\\/event\\\/2da-edicion-del-festival-de-la-comedia-de-nunoa\\\/\",\"title\":\"2da edici\\u00f3n del Festival de la Comedia de \\u00d1u\\u00f1oa\",\"desc\":\"<a href=https:\\\/\\\/nunoa.cl\\\/nunoapanorama\\\/event\\\/2da-edicion-del-festival-de-la-comedia-de-nunoa\\\/><img width=\\\"1180\\\" height=\\\"480\\\" src=\\\"https:\\\/\\\/nunoa.cl\\\/nunoapanorama\\\/wp-content\\\/uploads\\\/2023\\\/01\\\/web-copia-8-q0isstg40oxcdxdu9q6f8l8b7mwf5ahwe9yjxbyoxs.jpg\\\" class=\\\"attachment-post-thumbnail size-post-thumbnail wp-post-image\\\" alt=\\\"\\\" srcset=\\\"https:\\\/\\\/nunoa.cl\\\/nunoapanorama\\\/wp-content\\\/uploads\\\/2023\\\/01\\\/web-copia-8-q0isstg40oxcdxdu9q6f8l8b7mwf5ahwe9yjxbyoxs.jpg 1180w, https:\\\/\\\/nunoa.cl\\\/nunoapanorama\\\/wp-content\\\/uploads\\\/2023\\\/01\\\/web-copia-8-q0isstg40oxcdxdu9q6f8l8b7mwf5ahwe9yjxbyoxs-300x122.jpg 300w, https:\\\/\\\/nunoa.cl\\\/nunoapanorama\\\/wp-content\\\/uploads\\\/2023\\\/01\\\/web-copia-8-q0isstg40oxcdxdu9q6f8l8b7mwf5ahwe9yjxbyoxs-1024x417.jpg 1024w, https:\\\/\\\/nunoa.cl\\\/nunoapanorama\\\/wp-content\\\/uploads\\\/2023\\\/01\\\/web-copia-8-q0isstg40oxcdxdu9q6f8l8b7mwf5ahwe9yjxbyoxs-768x312.jpg 768w\\\" sizes=\\\"(max-width: 1180px) 100vw, 1180px\\\" \\\/><\\\/a><p><a href=https:\\\/\\\/nunoa.cl\\\/nunoapanorama\\\/event\\\/2da-edicion-del-festival-de-la-comedia-de-nunoa\\\/>2da edici\\u00f3n del Festival de la Comedia de \\u00d1u\\u00f1oa<\\\/a><\\\/p>\",\"special\":\"\"},{\"start\":\"2023-01-26 21:00\",\"end\":\"1970-01-01 \",\"url\":\"https:\\\/\\\/nunoa.cl\\\/nunoapanorama\\\/event\\\/lucho-al-attaque-gira-chile-2023\\\/\",\"title\":\"LUCHO AL ATTAQUE Gira Chile 2023\",\"desc\":\"<a href=https:\\\/\\\/nunoa.cl\\\/nunoapanorama\\\/event\\\/lucho-al-attaque-gira-chile-2023\\\/><img width=\\\"1024\\\" height=\\\"1024\\\" src=\\\"https:\\\/\\\/nunoa.cl\\\/nunoapanorama\\\/wp-content\\\/uploads\\\/2023\\\/01\\\/IMG-20221207-WA0004.jpg\\\" class=\\\"attachment-post-thumbnail size-post-thumbnail wp-post-image\\\" alt=\\\"\\\" srcset=\\\"https:\\\/\\\/nunoa.cl\\\/nunoapanorama\\\/wp-content\\\/uploads\\\/2023\\\/01\\\/IMG-20221207-WA0004.jpg 1024w, https:\\\/\\\/nunoa.cl\\\/nunoapanorama\\\/wp-content\\\/uploads\\\/2023\\\/01\\\/IMG-20221207-WA0004-300x300.jpg 300w, https:\\\/\\\/nunoa.cl\\\/nunoapanorama\\\/wp-content\\\/uploads\\\/2023\\\/01\\\/IMG-20221207-WA0004-150x150.jpg 150w, https:\\\/\\\/nunoa.cl\\\/nunoapanorama\\\/wp-content\\\/uploads\\\/2023\\\/01\\\/IMG-20221207-WA0004-768x768.jpg 768w, https:\\\/\\\/nunoa.cl\\\/nunoapanorama\\\/wp-content\\\/uploads\\\/2023\\\/01\\\/IMG-20221207-WA0004-500x500.jpg 500w, https:\\\/\\\/nunoa.cl\\\/nunoapanorama\\\/wp-content\\\/uploads\\\/2023\\\/01\\\/IMG-20221207-WA0004-80x80.jpg 80w\\\" sizes=\\\"(max-width: 1024px) 100vw, 1024px\\\" \\\/><\\\/a><p><a href=https:\\\/\\\/nunoa.cl\\\/nunoapanorama\\\/event\\\/lucho-al-attaque-gira-chile-2023\\\/>LUCHO AL ATTAQUE Gira Chile 2023<\\\/a><\\\/p>\",\"special\":\"checked\"},{\"start\":\"2023-01-27 19:30\",\"end\":\"1970-01-01 \",\"url\":\"https:\\\/\\\/nunoa.cl\\\/nunoapanorama\\\/event\\\/estreno-cazadora\\\/\",\"title\":\"Estreno: Cazadora\",\"desc\":\"<a href=https:\\\/\\\/nunoa.cl\\\/nunoapanorama\\\/event\\\/estreno-cazadora\\\/><img width=\\\"1024\\\" height=\\\"577\\\" src=\\\"https:\\\/\\\/nunoa.cl\\\/nunoapanorama\\\/wp-content\\\/uploads\\\/2023\\\/01\\\/Still_Cazadora_16-copia-scaled-e1671545078744-1024x577-1.jpg\\\" class=\\\"attachment-post-thumbnail size-post-thumbnail wp-post-image\\\" alt=\\\"\\\" srcset=\\\"https:\\\/\\\/nunoa.cl\\\/nunoapanorama\\\/wp-content\\\/uploads\\\/2023\\\/01\\\/Still_Cazadora_16-copia-scaled-e1671545078744-1024x577-1.jpg 1024w, https:\\\/\\\/nunoa.cl\\\/nunoapanorama\\\/wp-content\\\/uploads\\\/2023\\\/01\\\/Still_Cazadora_16-copia-scaled-e1671545078744-1024x577-1-300x169.jpg 300w, https:\\\/\\\/nunoa.cl\\\/nunoapanorama\\\/wp-content\\\/uploads\\\/2023\\\/01\\\/Still_Cazadora_16-copia-scaled-e1671545078744-1024x577-1-768x433.jpg 768w\\\" sizes=\\\"(max-width: 1024px) 100vw, 1024px\\\" \\\/><\\\/a><p><a href=https:\\\/\\\/nunoa.cl\\\/nunoapanorama\\\/event\\\/estreno-cazadora\\\/>Estreno: Cazadora<\\\/a><\\\/p>\",\"special\":\"\"},{\"start\":\"2023-01-28 16:30\",\"end\":\"1970-01-01 \",\"url\":\"https:\\\/\\\/nunoa.cl\\\/nunoapanorama\\\/event\\\/cine-familiar-el-rey-leon\\\/\",\"title\":\"Cine Familiar: El Rey Le\\u00f3n\",\"desc\":\"<a href=https:\\\/\\\/nunoa.cl\\\/nunoapanorama\\\/event\\\/cine-familiar-el-rey-leon\\\/><img width=\\\"768\\\" height=\\\"512\\\" src=\\\"https:\\\/\\\/nunoa.cl\\\/nunoapanorama\\\/wp-content\\\/uploads\\\/2023\\\/01\\\/The_Lion_King_dt1_still_1__1_.0-768x512-1.jpg\\\" class=\\\"attachment-post-thumbnail size-post-thumbnail wp-post-image\\\" alt=\\\"\\\" srcset=\\\"https:\\\/\\\/nunoa.cl\\\/nunoapanorama\\\/wp-content\\\/uploads\\\/2023\\\/01\\\/The_Lion_King_dt1_still_1__1_.0-768x512-1.jpg 768w, https:\\\/\\\/nunoa.cl\\\/nunoapanorama\\\/wp-content\\\/uploads\\\/2023\\\/01\\\/The_Lion_King_dt1_still_1__1_.0-768x512-1-300x200.jpg 300w\\\" sizes=\\\"(max-width: 768px) 100vw, 768px\\\" \\\/><\\\/a><p><a href=https:\\\/\\\/nunoa.cl\\\/nunoapanorama\\\/event\\\/cine-familiar-el-rey-leon\\\/>Cine Familiar: El Rey Le\\u00f3n<\\\/a><\\\/p>\",\"special\":\"\"},{\"start\":\"2023-01-28 19:30\",\"end\":\"1970-01-01 \",\"url\":\"https:\\\/\\\/nunoa.cl\\\/nunoapanorama\\\/event\\\/cine-el-gran-movimiento\\\/\",\"title\":\"Cine: El Gran Movimiento\",\"desc\":\"<a href=https:\\\/\\\/nunoa.cl\\\/nunoapanorama\\\/event\\\/cine-el-gran-movimiento\\\/><img width=\\\"1023\\\" height=\\\"553\\\" src=\\\"https:\\\/\\\/nunoa.cl\\\/nunoapanorama\\\/wp-content\\\/uploads\\\/2023\\\/01\\\/el-gran-movimiento.jpg\\\" class=\\\"attachment-post-thumbnail size-post-thumbnail wp-post-image\\\" alt=\\\"\\\" srcset=\\\"https:\\\/\\\/nunoa.cl\\\/nunoapanorama\\\/wp-content\\\/uploads\\\/2023\\\/01\\\/el-gran-movimiento.jpg 1023w, https:\\\/\\\/nunoa.cl\\\/nunoapanorama\\\/wp-content\\\/uploads\\\/2023\\\/01\\\/el-gran-movimiento-300x162.jpg 300w, https:\\\/\\\/nunoa.cl\\\/nunoapanorama\\\/wp-content\\\/uploads\\\/2023\\\/01\\\/el-gran-movimiento-768x415.jpg 768w\\\" sizes=\\\"(max-width: 1023px) 100vw, 1023px\\\" \\\/><\\\/a><p><a href=https:\\\/\\\/nunoa.cl\\\/nunoapanorama\\\/event\\\/cine-el-gran-movimiento\\\/>Cine: El Gran Movimiento<\\\/a><\\\/p>\",\"special\":\"\"},{\"start\":\"2023-01-24 19:00\",\"end\":\"2023-01-24 20:00\",\"url\":\"https:\\\/\\\/nunoa.cl\\\/nunoapanorama\\\/event\\\/do-re-mi-plaza-tremola-banda-en-plaza-lillo\\\/\",\"title\":\"Do Re Mi Plaza: Tr\\u00e9mola Banda en Plaza Lillo\",\"desc\":\"<a href=https:\\\/\\\/nunoa.cl\\\/nunoapanorama\\\/event\\\/do-re-mi-plaza-tremola-banda-en-plaza-lillo\\\/><img width=\\\"1180\\\" height=\\\"480\\\" src=\\\"https:\\\/\\\/nunoa.cl\\\/nunoapanorama\\\/wp-content\\\/uploads\\\/2023\\\/01\\\/portada_doremiplaza_web_ilustracion_2-pzvkownvt4f1bf6mlvi8z73rzpj1lhxs1ju6q1eg1s.jpg\\\" class=\\\"attachment-post-thumbnail size-post-thumbnail wp-post-image\\\" alt=\\\"\\\" srcset=\\\"https:\\\/\\\/nunoa.cl\\\/nunoapanorama\\\/wp-content\\\/uploads\\\/2023\\\/01\\\/portada_doremiplaza_web_ilustracion_2-pzvkownvt4f1bf6mlvi8z73rzpj1lhxs1ju6q1eg1s.jpg 1180w, https:\\\/\\\/nunoa.cl\\\/nunoapanorama\\\/wp-content\\\/uploads\\\/2023\\\/01\\\/portada_doremiplaza_web_ilustracion_2-pzvkownvt4f1bf6mlvi8z73rzpj1lhxs1ju6q1eg1s-300x122.jpg 300w, https:\\\/\\\/nunoa.cl\\\/nunoapanorama\\\/wp-content\\\/uploads\\\/2023\\\/01\\\/portada_doremiplaza_web_ilustracion_2-pzvkownvt4f1bf6mlvi8z73rzpj1lhxs1ju6q1eg1s-1024x417.jpg 1024w, https:\\\/\\\/nunoa.cl\\\/nunoapanorama\\\/wp-content\\\/uploads\\\/2023\\\/01\\\/portada_doremiplaza_web_ilustracion_2-pzvkownvt4f1bf6mlvi8z73rzpj1lhxs1ju6q1eg1s-768x312.jpg 768w\\\" sizes=\\\"(max-width: 1180px) 100vw, 1180px\\\" \\\/><\\\/a><p><a href=https:\\\/\\\/nunoa.cl\\\/nunoapanorama\\\/event\\\/do-re-mi-plaza-tremola-banda-en-plaza-lillo\\\/>Do Re Mi Plaza: Tr\\u00e9mola Banda en Plaza Lillo<\\\/a><\\\/p>\",\"special\":\"\"},{\"start\":\"2023-01-28 10:00\",\"end\":\"2023-01-28 14:00\",\"url\":\"https:\\\/\\\/nunoa.cl\\\/nunoapanorama\\\/event\\\/recorrido-patrimonial-la-nunoa-de-luciano-kulczewski\\\/\",\"title\":\"Recorrido Patrimonial: &#8220;La \\u00d1u\\u00f1oa de Luciano Kulczewski&#8221;\",\"desc\":\"<a href=https:\\\/\\\/nunoa.cl\\\/nunoapanorama\\\/event\\\/recorrido-patrimonial-la-nunoa-de-luciano-kulczewski\\\/><img width=\\\"1080\\\" height=\\\"1080\\\" src=\\\"https:\\\/\\\/nunoa.cl\\\/nunoapanorama\\\/wp-content\\\/uploads\\\/2023\\\/01\\\/Recorridos-patrimoniales-post-4-1.png\\\" class=\\\"attachment-post-thumbnail size-post-thumbnail wp-post-image\\\" alt=\\\"\\\" srcset=\\\"https:\\\/\\\/nunoa.cl\\\/nunoapanorama\\\/wp-content\\\/uploads\\\/2023\\\/01\\\/Recorridos-patrimoniales-post-4-1.png 1080w, https:\\\/\\\/nunoa.cl\\\/nunoapanorama\\\/wp-content\\\/uploads\\\/2023\\\/01\\\/Recorridos-patrimoniales-post-4-1-300x300.png 300w, https:\\\/\\\/nunoa.cl\\\/nunoapanorama\\\/wp-content\\\/uploads\\\/2023\\\/01\\\/Recorridos-patrimoniales-post-4-1-1024x1024.png 1024w, https:\\\/\\\/nunoa.cl\\\/nunoapanorama\\\/wp-content\\\/uploads\\\/2023\\\/01\\\/Recorridos-patrimoniales-post-4-1-150x150.png 150w, https:\\\/\\\/nunoa.cl\\\/nunoapanorama\\\/wp-content\\\/uploads\\\/2023\\\/01\\\/Recorridos-patrimoniales-post-4-1-768x768.png 768w, https:\\\/\\\/nunoa.cl\\\/nunoapanorama\\\/wp-content\\\/uploads\\\/2023\\\/01\\\/Recorridos-patrimoniales-post-4-1-500x500.png 500w, https:\\\/\\\/nunoa.cl\\\/nunoapanorama\\\/wp-content\\\/uploads\\\/2023\\\/01\\\/Recorridos-patrimoniales-post-4-1-80x80.png 80w\\\" sizes=\\\"(max-width: 1080px) 100vw, 1080px\\\" \\\/><\\\/a><p><a href=https:\\\/\\\/nunoa.cl\\\/nunoapanorama\\\/event\\\/recorrido-patrimonial-la-nunoa-de-luciano-kulczewski\\\/>Recorrido Patrimonial: &#8220;La \\u00d1u\\u00f1oa de Luciano Kulczewski&#8221;<\\\/a><\\\/p>\",\"special\":\"checked\"},{\"start\":\"2023-01-27 19:00\",\"end\":\"1970-01-01 \",\"url\":\"https:\\\/\\\/nunoa.cl\\\/nunoapanorama\\\/event\\\/noche-de-letras-en-el-espacio-literario\\\/\",\"title\":\"Noche de Letras en el Espacio Literario\",\"desc\":\"<a href=https:\\\/\\\/nunoa.cl\\\/nunoapanorama\\\/event\\\/noche-de-letras-en-el-espacio-literario\\\/><img width=\\\"1180\\\" height=\\\"480\\\" src=\\\"https:\\\/\\\/nunoa.cl\\\/nunoapanorama\\\/wp-content\\\/uploads\\\/2023\\\/01\\\/web_nochedeletras_enero-q13ioybq43h44l5qnpks7jorf454qdm3k09ya618zk.jpg\\\" class=\\\"attachment-post-thumbnail size-post-thumbnail wp-post-image\\\" alt=\\\"\\\" srcset=\\\"https:\\\/\\\/nunoa.cl\\\/nunoapanorama\\\/wp-content\\\/uploads\\\/2023\\\/01\\\/web_nochedeletras_enero-q13ioybq43h44l5qnpks7jorf454qdm3k09ya618zk.jpg 1180w, https:\\\/\\\/nunoa.cl\\\/nunoapanorama\\\/wp-content\\\/uploads\\\/2023\\\/01\\\/web_nochedeletras_enero-q13ioybq43h44l5qnpks7jorf454qdm3k09ya618zk-300x122.jpg 300w, https:\\\/\\\/nunoa.cl\\\/nunoapanorama\\\/wp-content\\\/uploads\\\/2023\\\/01\\\/web_nochedeletras_enero-q13ioybq43h44l5qnpks7jorf454qdm3k09ya618zk-1024x417.jpg 1024w, https:\\\/\\\/nunoa.cl\\\/nunoapanorama\\\/wp-content\\\/uploads\\\/2023\\\/01\\\/web_nochedeletras_enero-q13ioybq43h44l5qnpks7jorf454qdm3k09ya618zk-768x312.jpg 768w\\\" sizes=\\\"(max-width: 1180px) 100vw, 1180px\\\" \\\/><\\\/a><p><a href=https:\\\/\\\/nunoa.cl\\\/nunoapanorama\\\/event\\\/noche-de-letras-en-el-espacio-literario\\\/>Noche de Letras en el Espacio Literario<\\\/a><\\\/p>\",\"special\":\"\"},{\"start\":\"2023-01-31 19:00\",\"end\":\"2023-01-31 20:00\",\"url\":\"https:\\\/\\\/nunoa.cl\\\/nunoapanorama\\\/event\\\/do-re-mi-plaza-ronald-aylwin-en-el-parque-juan-xxiii\\\/\",\"title\":\"Do Re Mi Plaza: Ronald Aylwin en el Parque Juan XXIII\",\"desc\":\"<a href=https:\\\/\\\/nunoa.cl\\\/nunoapanorama\\\/event\\\/do-re-mi-plaza-ronald-aylwin-en-el-parque-juan-xxiii\\\/><img width=\\\"1180\\\" height=\\\"480\\\" src=\\\"https:\\\/\\\/nunoa.cl\\\/nunoapanorama\\\/wp-content\\\/uploads\\\/2023\\\/01\\\/portada_doremiplaza_web_ilustracion_2-pzvkownvt4f1bf6mlvi8z73rzpj1lhxs1ju6q1eg1s.jpg\\\" class=\\\"attachment-post-thumbnail size-post-thumbnail wp-post-image\\\" alt=\\\"\\\" srcset=\\\"https:\\\/\\\/nunoa.cl\\\/nunoapanorama\\\/wp-content\\\/uploads\\\/2023\\\/01\\\/portada_doremiplaza_web_ilustracion_2-pzvkownvt4f1bf6mlvi8z73rzpj1lhxs1ju6q1eg1s.jpg 1180w, https:\\\/\\\/nunoa.cl\\\/nunoapanorama\\\/wp-content\\\/uploads\\\/2023\\\/01\\\/portada_doremiplaza_web_ilustracion_2-pzvkownvt4f1bf6mlvi8z73rzpj1lhxs1ju6q1eg1s-300x122.jpg 300w, https:\\\/\\\/nunoa.cl\\\/nunoapanorama\\\/wp-content\\\/uploads\\\/2023\\\/01\\\/portada_doremiplaza_web_ilustracion_2-pzvkownvt4f1bf6mlvi8z73rzpj1lhxs1ju6q1eg1s-1024x417.jpg 1024w, https:\\\/\\\/nunoa.cl\\\/nunoapanorama\\\/wp-content\\\/uploads\\\/2023\\\/01\\\/portada_doremiplaza_web_ilustracion_2-pzvkownvt4f1bf6mlvi8z73rzpj1lhxs1ju6q1eg1s-768x312.jpg 768w\\\" sizes=\\\"(max-width: 1180px) 100vw, 1180px\\\" \\\/><\\\/a><p><a href=https:\\\/\\\/nunoa.cl\\\/nunoapanorama\\\/event\\\/do-re-mi-plaza-ronald-aylwin-en-el-parque-juan-xxiii\\\/>Do Re Mi Plaza: Ronald Aylwin en el Parque Juan XXIII<\\\/a><\\\/p>\",\"special\":\"\"},{\"start\":\"2023-02-15 18:00\",\"end\":\"1970-01-01 \",\"url\":\"https:\\\/\\\/nunoa.cl\\\/nunoapanorama\\\/event\\\/primer-bingo-bolero-bailable-del-espacio-literario\\\/\",\"title\":\"\\u00a1Primer Bingo Bolero Bailable del Espacio Literario!\",\"desc\":\"<a href=https:\\\/\\\/nunoa.cl\\\/nunoapanorama\\\/event\\\/primer-bingo-bolero-bailable-del-espacio-literario\\\/><img width=\\\"1180\\\" height=\\\"480\\\" src=\\\"https:\\\/\\\/nunoa.cl\\\/nunoapanorama\\\/wp-content\\\/uploads\\\/2023\\\/01\\\/web-copia-2-4-q18teqseb683uw7r9hi6wzl4vrj8jubriil12q23sw.jpg\\\" class=\\\"attachment-post-thumbnail size-post-thumbnail wp-post-image\\\" alt=\\\"\\\" srcset=\\\"https:\\\/\\\/nunoa.cl\\\/nunoapanorama\\\/wp-content\\\/uploads\\\/2023\\\/01\\\/web-copia-2-4-q18teqseb683uw7r9hi6wzl4vrj8jubriil12q23sw.jpg 1180w, https:\\\/\\\/nunoa.cl\\\/nunoapanorama\\\/wp-content\\\/uploads\\\/2023\\\/01\\\/web-copia-2-4-q18teqseb683uw7r9hi6wzl4vrj8jubriil12q23sw-300x122.jpg 300w, https:\\\/\\\/nunoa.cl\\\/nunoapanorama\\\/wp-content\\\/uploads\\\/2023\\\/01\\\/web-copia-2-4-q18teqseb683uw7r9hi6wzl4vrj8jubriil12q23sw-1024x417.jpg 1024w, https:\\\/\\\/nunoa.cl\\\/nunoapanorama\\\/wp-content\\\/uploads\\\/2023\\\/01\\\/web-copia-2-4-q18teqseb683uw7r9hi6wzl4vrj8jubriil12q23sw-768x312.jpg 768w\\\" sizes=\\\"(max-width: 1180px) 100vw, 1180px\\\" \\\/><\\\/a><p><a href=https:\\\/\\\/nunoa.cl\\\/nunoapanorama\\\/event\\\/primer-bingo-bolero-bailable-del-espacio-literario\\\/>\\u00a1Primer Bingo Bolero Bailable del Espacio Literario!<\\\/a><\\\/p>\",\"special\":\"\"},{\"start\":\"2023-02-07 19:00\",\"end\":\"2023-02-07 20:00\",\"url\":\"https:\\\/\\\/nunoa.cl\\\/nunoapanorama\\\/event\\\/do-re-mi-plaza-rumbaera\\\/\",\"title\":\"DO RE MI PLAZA\\\/\\\/ RUMBAERA\",\"desc\":\"<a href=https:\\\/\\\/nunoa.cl\\\/nunoapanorama\\\/event\\\/do-re-mi-plaza-rumbaera\\\/><img width=\\\"1180\\\" height=\\\"480\\\" src=\\\"https:\\\/\\\/nunoa.cl\\\/nunoapanorama\\\/wp-content\\\/uploads\\\/2023\\\/01\\\/portada_doremiplaza_web_ilustracion_2-pzvkownvt4f1bf6mlvi8z73rzpj1lhxs1ju6q1eg1s.jpg\\\" class=\\\"attachment-post-thumbnail size-post-thumbnail wp-post-image\\\" alt=\\\"\\\" srcset=\\\"https:\\\/\\\/nunoa.cl\\\/nunoapanorama\\\/wp-content\\\/uploads\\\/2023\\\/01\\\/portada_doremiplaza_web_ilustracion_2-pzvkownvt4f1bf6mlvi8z73rzpj1lhxs1ju6q1eg1s.jpg 1180w, https:\\\/\\\/nunoa.cl\\\/nunoapanorama\\\/wp-content\\\/uploads\\\/2023\\\/01\\\/portada_doremiplaza_web_ilustracion_2-pzvkownvt4f1bf6mlvi8z73rzpj1lhxs1ju6q1eg1s-300x122.jpg 300w, https:\\\/\\\/nunoa.cl\\\/nunoapanorama\\\/wp-content\\\/uploads\\\/2023\\\/01\\\/portada_doremiplaza_web_ilustracion_2-pzvkownvt4f1bf6mlvi8z73rzpj1lhxs1ju6q1eg1s-1024x417.jpg 1024w, https:\\\/\\\/nunoa.cl\\\/nunoapanorama\\\/wp-content\\\/uploads\\\/2023\\\/01\\\/portada_doremiplaza_web_ilustracion_2-pzvkownvt4f1bf6mlvi8z73rzpj1lhxs1ju6q1eg1s-768x312.jpg 768w\\\" sizes=\\\"(max-width: 1180px) 100vw, 1180px\\\" \\\/><\\\/a><p><a href=https:\\\/\\\/nunoa.cl\\\/nunoapanorama\\\/event\\\/do-re-mi-plaza-rumbaera\\\/>DO RE MI PLAZA\\\/\\\/ RUMBAERA<\\\/a><\\\/p>\",\"special\":\"\"},{\"start\":\"2023-02-10 18:30\",\"end\":\"1970-01-01 \",\"url\":\"https:\\\/\\\/nunoa.cl\\\/nunoapanorama\\\/event\\\/taller-de-escritura-como-se-escribe-el-amor\\\/\",\"title\":\"Taller de escritura: \\u00bfC\\u00f3mo se escribe el amor?\",\"desc\":\"<a href=https:\\\/\\\/nunoa.cl\\\/nunoapanorama\\\/event\\\/taller-de-escritura-como-se-escribe-el-amor\\\/><img width=\\\"1180\\\" height=\\\"480\\\" src=\\\"https:\\\/\\\/nunoa.cl\\\/nunoapanorama\\\/wp-content\\\/uploads\\\/2023\\\/02\\\/web_suenodeunanoche-q1hm85mfgddhbv7uo1dq9desi1pk8i0sm2bs5551vk.jpg\\\" class=\\\"attachment-post-thumbnail size-post-thumbnail wp-post-image\\\" alt=\\\"\\\" srcset=\\\"https:\\\/\\\/nunoa.cl\\\/nunoapanorama\\\/wp-content\\\/uploads\\\/2023\\\/02\\\/web_suenodeunanoche-q1hm85mfgddhbv7uo1dq9desi1pk8i0sm2bs5551vk.jpg 1180w, https:\\\/\\\/nunoa.cl\\\/nunoapanorama\\\/wp-content\\\/uploads\\\/2023\\\/02\\\/web_suenodeunanoche-q1hm85mfgddhbv7uo1dq9desi1pk8i0sm2bs5551vk-300x122.jpg 300w, https:\\\/\\\/nunoa.cl\\\/nunoapanorama\\\/wp-content\\\/uploads\\\/2023\\\/02\\\/web_suenodeunanoche-q1hm85mfgddhbv7uo1dq9desi1pk8i0sm2bs5551vk-1024x417.jpg 1024w, https:\\\/\\\/nunoa.cl\\\/nunoapanorama\\\/wp-content\\\/uploads\\\/2023\\\/02\\\/web_suenodeunanoche-q1hm85mfgddhbv7uo1dq9desi1pk8i0sm2bs5551vk-768x312.jpg 768w\\\" sizes=\\\"(max-width: 1180px) 100vw, 1180px\\\" \\\/><\\\/a><p><a href=https:\\\/\\\/nunoa.cl\\\/nunoapanorama\\\/event\\\/taller-de-escritura-como-se-escribe-el-amor\\\/>Taller de escritura: \\u00bfC\\u00f3mo se escribe el amor?<\\\/a><\\\/p>\",\"special\":\"checked\"},{\"start\":\"2023-02-10 19:30\",\"end\":\"1970-01-01 \",\"url\":\"https:\\\/\\\/nunoa.cl\\\/nunoapanorama\\\/event\\\/cine-bajo-sospecha-conversatorio\\\/\",\"title\":\"Cine: Bajo Sospecha + conversatorio\",\"desc\":\"<a href=https:\\\/\\\/nunoa.cl\\\/nunoapanorama\\\/event\\\/cine-bajo-sospecha-conversatorio\\\/><img width=\\\"1024\\\" height=\\\"576\\\" src=\\\"https:\\\/\\\/nunoa.cl\\\/nunoapanorama\\\/wp-content\\\/uploads\\\/2023\\\/02\\\/bsz_5-1024x576-1.jpeg\\\" class=\\\"attachment-post-thumbnail size-post-thumbnail wp-post-image\\\" alt=\\\"\\\" srcset=\\\"https:\\\/\\\/nunoa.cl\\\/nunoapanorama\\\/wp-content\\\/uploads\\\/2023\\\/02\\\/bsz_5-1024x576-1.jpeg 1024w, https:\\\/\\\/nunoa.cl\\\/nunoapanorama\\\/wp-content\\\/uploads\\\/2023\\\/02\\\/bsz_5-1024x576-1-300x169.jpeg 300w, https:\\\/\\\/nunoa.cl\\\/nunoapanorama\\\/wp-content\\\/uploads\\\/2023\\\/02\\\/bsz_5-1024x576-1-768x432.jpeg 768w\\\" sizes=\\\"(max-width: 1024px) 100vw, 1024px\\\" \\\/><\\\/a><p><a href=https:\\\/\\\/nunoa.cl\\\/nunoapanorama\\\/event\\\/cine-bajo-sospecha-conversatorio\\\/>Cine: Bajo Sospecha + conversatorio<\\\/a><\\\/p>\",\"special\":\"\"},{\"start\":\"2023-02-11 10:00\",\"end\":\"2023-02-11 14:00\",\"url\":\"https:\\\/\\\/nunoa.cl\\\/nunoapanorama\\\/event\\\/recorridos-patrimoniales-ruta-iglesias-y-templos\\\/\",\"title\":\"Recorridos Patrimoniales: Ruta Iglesias y Templos\",\"desc\":\"<a href=https:\\\/\\\/nunoa.cl\\\/nunoapanorama\\\/event\\\/recorridos-patrimoniales-ruta-iglesias-y-templos\\\/><img width=\\\"1080\\\" height=\\\"1080\\\" src=\\\"https:\\\/\\\/nunoa.cl\\\/nunoapanorama\\\/wp-content\\\/uploads\\\/2023\\\/02\\\/Rutas-patrimoniales-post-2.png\\\" class=\\\"attachment-post-thumbnail size-post-thumbnail wp-post-image\\\" alt=\\\"\\\" srcset=\\\"https:\\\/\\\/nunoa.cl\\\/nunoapanorama\\\/wp-content\\\/uploads\\\/2023\\\/02\\\/Rutas-patrimoniales-post-2.png 1080w, https:\\\/\\\/nunoa.cl\\\/nunoapanorama\\\/wp-content\\\/uploads\\\/2023\\\/02\\\/Rutas-patrimoniales-post-2-300x300.png 300w, https:\\\/\\\/nunoa.cl\\\/nunoapanorama\\\/wp-content\\\/uploads\\\/2023\\\/02\\\/Rutas-patrimoniales-post-2-1024x1024.png 1024w, https:\\\/\\\/nunoa.cl\\\/nunoapanorama\\\/wp-content\\\/uploads\\\/2023\\\/02\\\/Rutas-patrimoniales-post-2-150x150.png 150w, https:\\\/\\\/nunoa.cl\\\/nunoapanorama\\\/wp-content\\\/uploads\\\/2023\\\/02\\\/Rutas-patrimoniales-post-2-768x768.png 768w, https:\\\/\\\/nunoa.cl\\\/nunoapanorama\\\/wp-content\\\/uploads\\\/2023\\\/02\\\/Rutas-patrimoniales-post-2-500x500.png 500w, https:\\\/\\\/nunoa.cl\\\/nunoapanorama\\\/wp-content\\\/uploads\\\/2023\\\/02\\\/Rutas-patrimoniales-post-2-80x80.png 80w\\\" sizes=\\\"(max-width: 1080px) 100vw, 1080px\\\" \\\/><\\\/a><p><a href=https:\\\/\\\/nunoa.cl\\\/nunoapanorama\\\/event\\\/recorridos-patrimoniales-ruta-iglesias-y-templos\\\/>Recorridos Patrimoniales: Ruta Iglesias y Templos<\\\/a><\\\/p>\",\"special\":\"checked\"},{\"start\":\"2023-02-25 09:30\",\"end\":\"2023-02-25 14:00\",\"url\":\"https:\\\/\\\/nunoa.cl\\\/nunoapanorama\\\/event\\\/recorrido-patrimonial-ruta-palacios-y-monumentos\\\/\",\"title\":\"Recorrido Patrimonial: Ruta Zonas T\\u00edpicas\",\"desc\":\"<a href=https:\\\/\\\/nunoa.cl\\\/nunoapanorama\\\/event\\\/recorrido-patrimonial-ruta-palacios-y-monumentos\\\/><img width=\\\"1080\\\" height=\\\"1080\\\" src=\\\"https:\\\/\\\/nunoa.cl\\\/nunoapanorama\\\/wp-content\\\/uploads\\\/2023\\\/02\\\/Rutas-patrimoniales-post-3.png\\\" class=\\\"attachment-post-thumbnail size-post-thumbnail wp-post-image\\\" alt=\\\"\\\" srcset=\\\"https:\\\/\\\/nunoa.cl\\\/nunoapanorama\\\/wp-content\\\/uploads\\\/2023\\\/02\\\/Rutas-patrimoniales-post-3.png 1080w, https:\\\/\\\/nunoa.cl\\\/nunoapanorama\\\/wp-content\\\/uploads\\\/2023\\\/02\\\/Rutas-patrimoniales-post-3-300x300.png 300w, https:\\\/\\\/nunoa.cl\\\/nunoapanorama\\\/wp-content\\\/uploads\\\/2023\\\/02\\\/Rutas-patrimoniales-post-3-1024x1024.png 1024w, https:\\\/\\\/nunoa.cl\\\/nunoapanorama\\\/wp-content\\\/uploads\\\/2023\\\/02\\\/Rutas-patrimoniales-post-3-150x150.png 150w, https:\\\/\\\/nunoa.cl\\\/nunoapanorama\\\/wp-content\\\/uploads\\\/2023\\\/02\\\/Rutas-patrimoniales-post-3-768x768.png 768w, https:\\\/\\\/nunoa.cl\\\/nunoapanorama\\\/wp-content\\\/uploads\\\/2023\\\/02\\\/Rutas-patrimoniales-post-3-500x500.png 500w, https:\\\/\\\/nunoa.cl\\\/nunoapanorama\\\/wp-content\\\/uploads\\\/2023\\\/02\\\/Rutas-patrimoniales-post-3-80x80.png 80w\\\" sizes=\\\"(max-width: 1080px) 100vw, 1080px\\\" \\\/><\\\/a><p><a href=https:\\\/\\\/nunoa.cl\\\/nunoapanorama\\\/event\\\/recorrido-patrimonial-ruta-palacios-y-monumentos\\\/>Recorrido Patrimonial: Ruta Zonas T\\u00edpicas<\\\/a><\\\/p>\",\"special\":\"checked\"},{\"start\":\"2023-02-11 16:30\",\"end\":\"1970-01-01 \",\"url\":\"https:\\\/\\\/nunoa.cl\\\/nunoapanorama\\\/event\\\/cine-familiar-jumanji\\\/\",\"title\":\"Cine Familiar: Jumanji\",\"desc\":\"<a href=https:\\\/\\\/nunoa.cl\\\/nunoapanorama\\\/event\\\/cine-familiar-jumanji\\\/><img width=\\\"1024\\\" height=\\\"575\\\" src=\\\"https:\\\/\\\/nunoa.cl\\\/nunoapanorama\\\/wp-content\\\/uploads\\\/2023\\\/02\\\/El-productor-de-Jumanji-4-da-una-actualizacion-prometedora-sobre-e1675180576334-1024x575-1.jpg\\\" class=\\\"attachment-post-thumbnail size-post-thumbnail wp-post-image\\\" alt=\\\"\\\" srcset=\\\"https:\\\/\\\/nunoa.cl\\\/nunoapanorama\\\/wp-content\\\/uploads\\\/2023\\\/02\\\/El-productor-de-Jumanji-4-da-una-actualizacion-prometedora-sobre-e1675180576334-1024x575-1.jpg 1024w, https:\\\/\\\/nunoa.cl\\\/nunoapanorama\\\/wp-content\\\/uploads\\\/2023\\\/02\\\/El-productor-de-Jumanji-4-da-una-actualizacion-prometedora-sobre-e1675180576334-1024x575-1-300x168.jpg 300w, https:\\\/\\\/nunoa.cl\\\/nunoapanorama\\\/wp-content\\\/uploads\\\/2023\\\/02\\\/El-productor-de-Jumanji-4-da-una-actualizacion-prometedora-sobre-e1675180576334-1024x575-1-768x431.jpg 768w\\\" sizes=\\\"(max-width: 1024px) 100vw, 1024px\\\" \\\/><\\\/a><p><a href=https:\\\/\\\/nunoa.cl\\\/nunoapanorama\\\/event\\\/cine-familiar-jumanji\\\/>Cine Familiar: Jumanji<\\\/a><\\\/p>\",\"special\":\"\"},{\"start\":\"2023-02-11 19:30\",\"end\":\"1970-01-01 \",\"url\":\"https:\\\/\\\/nunoa.cl\\\/nunoapanorama\\\/event\\\/cine-the-truman-show\\\/\",\"title\":\"Cine: The Truman Show\",\"desc\":\"<a href=https:\\\/\\\/nunoa.cl\\\/nunoapanorama\\\/event\\\/cine-the-truman-show\\\/><img width=\\\"768\\\" height=\\\"500\\\" src=\\\"https:\\\/\\\/nunoa.cl\\\/nunoapanorama\\\/wp-content\\\/uploads\\\/2023\\\/02\\\/thetrumanshow1998.333464-768x500-1.jpg\\\" class=\\\"attachment-post-thumbnail size-post-thumbnail wp-post-image\\\" alt=\\\"\\\" srcset=\\\"https:\\\/\\\/nunoa.cl\\\/nunoapanorama\\\/wp-content\\\/uploads\\\/2023\\\/02\\\/thetrumanshow1998.333464-768x500-1.jpg 768w, https:\\\/\\\/nunoa.cl\\\/nunoapanorama\\\/wp-content\\\/uploads\\\/2023\\\/02\\\/thetrumanshow1998.333464-768x500-1-300x195.jpg 300w\\\" sizes=\\\"(max-width: 768px) 100vw, 768px\\\" \\\/><\\\/a><p><a href=https:\\\/\\\/nunoa.cl\\\/nunoapanorama\\\/event\\\/cine-the-truman-show\\\/>Cine: The Truman Show<\\\/a><\\\/p>\",\"special\":\"\"},{\"start\":\"2023-02-17 18:30\",\"end\":\"1970-01-01 \",\"url\":\"https:\\\/\\\/nunoa.cl\\\/nunoapanorama\\\/event\\\/cine-retrato-de-una-mujer-en-llamas\\\/\",\"title\":\"Cine: Retrato de una Mujer en Llamas\",\"desc\":\"<a href=https:\\\/\\\/nunoa.cl\\\/nunoapanorama\\\/event\\\/cine-retrato-de-una-mujer-en-llamas\\\/><img width=\\\"1024\\\" height=\\\"576\\\" src=\\\"https:\\\/\\\/nunoa.cl\\\/nunoapanorama\\\/wp-content\\\/uploads\\\/2023\\\/02\\\/1366_2000-1-1024x576-1.jpg\\\" class=\\\"attachment-post-thumbnail size-post-thumbnail wp-post-image\\\" alt=\\\"\\\" srcset=\\\"https:\\\/\\\/nunoa.cl\\\/nunoapanorama\\\/wp-content\\\/uploads\\\/2023\\\/02\\\/1366_2000-1-1024x576-1.jpg 1024w, https:\\\/\\\/nunoa.cl\\\/nunoapanorama\\\/wp-content\\\/uploads\\\/2023\\\/02\\\/1366_2000-1-1024x576-1-300x169.jpg 300w, https:\\\/\\\/nunoa.cl\\\/nunoapanorama\\\/wp-content\\\/uploads\\\/2023\\\/02\\\/1366_2000-1-1024x576-1-768x432.jpg 768w\\\" sizes=\\\"(max-width: 1024px) 100vw, 1024px\\\" \\\/><\\\/a><p><a href=https:\\\/\\\/nunoa.cl\\\/nunoapanorama\\\/event\\\/cine-retrato-de-una-mujer-en-llamas\\\/>Cine: Retrato de una Mujer en Llamas<\\\/a><\\\/p>\",\"special\":\"\"},{\"start\":\"2023-02-18 16:30\",\"end\":\"1970-01-01 \",\"url\":\"https:\\\/\\\/nunoa.cl\\\/nunoapanorama\\\/event\\\/cine-shrek\\\/\",\"title\":\"Cine: Shrek\",\"desc\":\"<a href=https:\\\/\\\/nunoa.cl\\\/nunoapanorama\\\/event\\\/cine-shrek\\\/><img width=\\\"1024\\\" height=\\\"576\\\" src=\\\"https:\\\/\\\/nunoa.cl\\\/nunoapanorama\\\/wp-content\\\/uploads\\\/2023\\\/02\\\/5YVuVeN368xwysZG6fUjwV-1024x576-1.jpg\\\" class=\\\"attachment-post-thumbnail size-post-thumbnail wp-post-image\\\" alt=\\\"\\\" srcset=\\\"https:\\\/\\\/nunoa.cl\\\/nunoapanorama\\\/wp-content\\\/uploads\\\/2023\\\/02\\\/5YVuVeN368xwysZG6fUjwV-1024x576-1.jpg 1024w, https:\\\/\\\/nunoa.cl\\\/nunoapanorama\\\/wp-content\\\/uploads\\\/2023\\\/02\\\/5YVuVeN368xwysZG6fUjwV-1024x576-1-300x169.jpg 300w, https:\\\/\\\/nunoa.cl\\\/nunoapanorama\\\/wp-content\\\/uploads\\\/2023\\\/02\\\/5YVuVeN368xwysZG6fUjwV-1024x576-1-768x432.jpg 768w\\\" sizes=\\\"(max-width: 1024px) 100vw, 1024px\\\" \\\/><\\\/a><p><a href=https:\\\/\\\/nunoa.cl\\\/nunoapanorama\\\/event\\\/cine-shrek\\\/>Cine: Shrek<\\\/a><\\\/p>\",\"special\":\"\"},{\"start\":\"2023-02-18 19:30\",\"end\":\"1970-01-01 \",\"url\":\"https:\\\/\\\/nunoa.cl\\\/nunoapanorama\\\/event\\\/cine-cuando-harry-conocio-a-sally\\\/\",\"title\":\"Cine: Cuando Harry conoci\\u00f3 a Sally\",\"desc\":\"<a href=https:\\\/\\\/nunoa.cl\\\/nunoapanorama\\\/event\\\/cine-cuando-harry-conocio-a-sally\\\/><img width=\\\"768\\\" height=\\\"480\\\" src=\\\"https:\\\/\\\/nunoa.cl\\\/nunoapanorama\\\/wp-content\\\/uploads\\\/2023\\\/02\\\/1450277872-when-harry-met-sally-movie-768x480-1.jpg\\\" class=\\\"attachment-post-thumbnail size-post-thumbnail wp-post-image\\\" alt=\\\"\\\" srcset=\\\"https:\\\/\\\/nunoa.cl\\\/nunoapanorama\\\/wp-content\\\/uploads\\\/2023\\\/02\\\/1450277872-when-harry-met-sally-movie-768x480-1.jpg 768w, https:\\\/\\\/nunoa.cl\\\/nunoapanorama\\\/wp-content\\\/uploads\\\/2023\\\/02\\\/1450277872-when-harry-met-sally-movie-768x480-1-300x188.jpg 300w\\\" sizes=\\\"(max-width: 768px) 100vw, 768px\\\" \\\/><\\\/a><p><a href=https:\\\/\\\/nunoa.cl\\\/nunoapanorama\\\/event\\\/cine-cuando-harry-conocio-a-sally\\\/>Cine: Cuando Harry conoci\\u00f3 a Sally<\\\/a><\\\/p>\",\"special\":\"\"},{\"start\":\"2023-02-20 21:30\",\"end\":\"2023-02-26 22:30\",\"url\":\"https:\\\/\\\/nunoa.cl\\\/nunoapanorama\\\/event\\\/festival-cine-bajo-el-cielo-de-nunoa\\\/\",\"title\":\"Festival: Cine bajo el cielo de \\u00d1u\\u00f1oa.\",\"desc\":\"<a href=https:\\\/\\\/nunoa.cl\\\/nunoapanorama\\\/event\\\/festival-cine-bajo-el-cielo-de-nunoa\\\/><img width=\\\"1071\\\" height=\\\"1069\\\" src=\\\"https:\\\/\\\/nunoa.cl\\\/nunoapanorama\\\/wp-content\\\/uploads\\\/2023\\\/02\\\/Screenshot_20230209_120449-1-e1675956127668.jpg\\\" class=\\\"attachment-post-thumbnail size-post-thumbnail wp-post-image\\\" alt=\\\"\\\" srcset=\\\"https:\\\/\\\/nunoa.cl\\\/nunoapanorama\\\/wp-content\\\/uploads\\\/2023\\\/02\\\/Screenshot_20230209_120449-1-e1675956127668.jpg 1071w, https:\\\/\\\/nunoa.cl\\\/nunoapanorama\\\/wp-content\\\/uploads\\\/2023\\\/02\\\/Screenshot_20230209_120449-1-e1675956127668-300x300.jpg 300w, https:\\\/\\\/nunoa.cl\\\/nunoapanorama\\\/wp-content\\\/uploads\\\/2023\\\/02\\\/Screenshot_20230209_120449-1-e1675956127668-1024x1022.jpg 1024w, https:\\\/\\\/nunoa.cl\\\/nunoapanorama\\\/wp-content\\\/uploads\\\/2023\\\/02\\\/Screenshot_20230209_120449-1-e1675956127668-150x150.jpg 150w, https:\\\/\\\/nunoa.cl\\\/nunoapanorama\\\/wp-content\\\/uploads\\\/2023\\\/02\\\/Screenshot_20230209_120449-1-e1675956127668-768x767.jpg 768w, https:\\\/\\\/nunoa.cl\\\/nunoapanorama\\\/wp-content\\\/uploads\\\/2023\\\/02\\\/Screenshot_20230209_120449-1-e1675956127668-500x500.jpg 500w, https:\\\/\\\/nunoa.cl\\\/nunoapanorama\\\/wp-content\\\/uploads\\\/2023\\\/02\\\/Screenshot_20230209_120449-1-e1675956127668-80x80.jpg 80w\\\" sizes=\\\"(max-width: 1071px) 100vw, 1071px\\\" \\\/><\\\/a><p><a href=https:\\\/\\\/nunoa.cl\\\/nunoapanorama\\\/event\\\/festival-cine-bajo-el-cielo-de-nunoa\\\/>Festival: Cine bajo el cielo de \\u00d1u\\u00f1oa.<\\\/a><\\\/p>\",\"special\":\"checked\"},{\"start\":\"2023-02-21 19:00\",\"end\":\"1970-01-01 \",\"url\":\"https:\\\/\\\/nunoa.cl\\\/nunoapanorama\\\/event\\\/do-re-mi-plaza-la-chinganera-folclor-y-poesia-popular\\\/\",\"title\":\"Do Re Mi Plaza: La Chinganera (Folclor y poes\\u00eda popular)\",\"desc\":\"<a href=https:\\\/\\\/nunoa.cl\\\/nunoapanorama\\\/event\\\/do-re-mi-plaza-la-chinganera-folclor-y-poesia-popular\\\/><img width=\\\"1080\\\" height=\\\"1080\\\" src=\\\"https:\\\/\\\/nunoa.cl\\\/nunoapanorama\\\/wp-content\\\/uploads\\\/2023\\\/01\\\/Screenshot_20230104_113929.jpg\\\" class=\\\"attachment-post-thumbnail size-post-thumbnail wp-post-image\\\" alt=\\\"\\\" srcset=\\\"https:\\\/\\\/nunoa.cl\\\/nunoapanorama\\\/wp-content\\\/uploads\\\/2023\\\/01\\\/Screenshot_20230104_113929.jpg 1080w, https:\\\/\\\/nunoa.cl\\\/nunoapanorama\\\/wp-content\\\/uploads\\\/2023\\\/01\\\/Screenshot_20230104_113929-300x300.jpg 300w, https:\\\/\\\/nunoa.cl\\\/nunoapanorama\\\/wp-content\\\/uploads\\\/2023\\\/01\\\/Screenshot_20230104_113929-1024x1024.jpg 1024w, https:\\\/\\\/nunoa.cl\\\/nunoapanorama\\\/wp-content\\\/uploads\\\/2023\\\/01\\\/Screenshot_20230104_113929-150x150.jpg 150w, https:\\\/\\\/nunoa.cl\\\/nunoapanorama\\\/wp-content\\\/uploads\\\/2023\\\/01\\\/Screenshot_20230104_113929-768x768.jpg 768w, https:\\\/\\\/nunoa.cl\\\/nunoapanorama\\\/wp-content\\\/uploads\\\/2023\\\/01\\\/Screenshot_20230104_113929-500x500.jpg 500w, https:\\\/\\\/nunoa.cl\\\/nunoapanorama\\\/wp-content\\\/uploads\\\/2023\\\/01\\\/Screenshot_20230104_113929-80x80.jpg 80w\\\" sizes=\\\"(max-width: 1080px) 100vw, 1080px\\\" \\\/><\\\/a><p><a href=https:\\\/\\\/nunoa.cl\\\/nunoapanorama\\\/event\\\/do-re-mi-plaza-la-chinganera-folclor-y-poesia-popular\\\/>Do Re Mi Plaza: La Chinganera (Folclor y poes\\u00eda popular)<\\\/a><\\\/p>\",\"special\":\"\"},{\"start\":\"2023-02-18 08:30\",\"end\":\"1970-01-01 \",\"url\":\"https:\\\/\\\/nunoa.cl\\\/nunoapanorama\\\/event\\\/aprende-a-jugar-palin-mixto\\\/\",\"title\":\"Aprende a jugar pal\\u00edn mixto\",\"desc\":\"<a href=https:\\\/\\\/nunoa.cl\\\/nunoapanorama\\\/event\\\/aprende-a-jugar-palin-mixto\\\/><img width=\\\"680\\\" height=\\\"680\\\" src=\\\"https:\\\/\\\/nunoa.cl\\\/nunoapanorama\\\/wp-content\\\/uploads\\\/2023\\\/02\\\/FouHfnBXsAAWTus.jpg\\\" class=\\\"attachment-post-thumbnail size-post-thumbnail wp-post-image\\\" alt=\\\"\\\" srcset=\\\"https:\\\/\\\/nunoa.cl\\\/nunoapanorama\\\/wp-content\\\/uploads\\\/2023\\\/02\\\/FouHfnBXsAAWTus.jpg 680w, https:\\\/\\\/nunoa.cl\\\/nunoapanorama\\\/wp-content\\\/uploads\\\/2023\\\/02\\\/FouHfnBXsAAWTus-300x300.jpg 300w, https:\\\/\\\/nunoa.cl\\\/nunoapanorama\\\/wp-content\\\/uploads\\\/2023\\\/02\\\/FouHfnBXsAAWTus-150x150.jpg 150w, https:\\\/\\\/nunoa.cl\\\/nunoapanorama\\\/wp-content\\\/uploads\\\/2023\\\/02\\\/FouHfnBXsAAWTus-500x500.jpg 500w, https:\\\/\\\/nunoa.cl\\\/nunoapanorama\\\/wp-content\\\/uploads\\\/2023\\\/02\\\/FouHfnBXsAAWTus-80x80.jpg 80w\\\" sizes=\\\"(max-width: 680px) 100vw, 680px\\\" \\\/><\\\/a><p><a href=https:\\\/\\\/nunoa.cl\\\/nunoapanorama\\\/event\\\/aprende-a-jugar-palin-mixto\\\/>Aprende a jugar pal\\u00edn mixto<\\\/a><\\\/p>\",\"special\":\"checked\"},{\"start\":\"2023-02-14 19:00\",\"end\":\"1970-01-01 \",\"url\":\"https:\\\/\\\/nunoa.cl\\\/nunoapanorama\\\/event\\\/do-re-mi-plaza\\\/\",\"title\":\"Do Re Mi Plaza\",\"desc\":\"<a href=https:\\\/\\\/nunoa.cl\\\/nunoapanorama\\\/event\\\/do-re-mi-plaza\\\/><img width=\\\"680\\\" height=\\\"680\\\" src=\\\"https:\\\/\\\/nunoa.cl\\\/nunoapanorama\\\/wp-content\\\/uploads\\\/2023\\\/02\\\/Fo4Kc8gWcAkRHkX.jpg\\\" class=\\\"attachment-post-thumbnail size-post-thumbnail wp-post-image\\\" alt=\\\"\\\" srcset=\\\"https:\\\/\\\/nunoa.cl\\\/nunoapanorama\\\/wp-content\\\/uploads\\\/2023\\\/02\\\/Fo4Kc8gWcAkRHkX.jpg 680w, https:\\\/\\\/nunoa.cl\\\/nunoapanorama\\\/wp-content\\\/uploads\\\/2023\\\/02\\\/Fo4Kc8gWcAkRHkX-300x300.jpg 300w, https:\\\/\\\/nunoa.cl\\\/nunoapanorama\\\/wp-content\\\/uploads\\\/2023\\\/02\\\/Fo4Kc8gWcAkRHkX-150x150.jpg 150w, https:\\\/\\\/nunoa.cl\\\/nunoapanorama\\\/wp-content\\\/uploads\\\/2023\\\/02\\\/Fo4Kc8gWcAkRHkX-500x500.jpg 500w, https:\\\/\\\/nunoa.cl\\\/nunoapanorama\\\/wp-content\\\/uploads\\\/2023\\\/02\\\/Fo4Kc8gWcAkRHkX-80x80.jpg 80w\\\" sizes=\\\"(max-width: 680px) 100vw, 680px\\\" \\\/><\\\/a><p><a href=https:\\\/\\\/nunoa.cl\\\/nunoapanorama\\\/event\\\/do-re-mi-plaza\\\/>Do Re Mi Plaza<\\\/a><\\\/p>\",\"special\":\"\"},{\"start\":\"2023-03-03 19:30\",\"end\":\"1970-01-01 \",\"url\":\"https:\\\/\\\/nunoa.cl\\\/nunoapanorama\\\/event\\\/cine-gloria\\\/\",\"title\":\"Cine: Gloria\",\"desc\":\"<a href=https:\\\/\\\/nunoa.cl\\\/nunoapanorama\\\/event\\\/cine-gloria\\\/><img width=\\\"1024\\\" height=\\\"573\\\" src=\\\"https:\\\/\\\/nunoa.cl\\\/nunoapanorama\\\/wp-content\\\/uploads\\\/2023\\\/02\\\/image-w1280-2-1024x573-1.jpg\\\" class=\\\"attachment-post-thumbnail size-post-thumbnail wp-post-image\\\" alt=\\\"\\\" srcset=\\\"https:\\\/\\\/nunoa.cl\\\/nunoapanorama\\\/wp-content\\\/uploads\\\/2023\\\/02\\\/image-w1280-2-1024x573-1.jpg 1024w, https:\\\/\\\/nunoa.cl\\\/nunoapanorama\\\/wp-content\\\/uploads\\\/2023\\\/02\\\/image-w1280-2-1024x573-1-300x168.jpg 300w, https:\\\/\\\/nunoa.cl\\\/nunoapanorama\\\/wp-content\\\/uploads\\\/2023\\\/02\\\/image-w1280-2-1024x573-1-768x430.jpg 768w\\\" sizes=\\\"(max-width: 1024px) 100vw, 1024px\\\" \\\/><\\\/a><p><a href=https:\\\/\\\/nunoa.cl\\\/nunoapanorama\\\/event\\\/cine-gloria\\\/>Cine: Gloria<\\\/a><\\\/p>\",\"special\":\"\"},{\"start\":\"2023-03-04 16:30\",\"end\":\"1970-01-01 \",\"url\":\"https:\\\/\\\/nunoa.cl\\\/nunoapanorama\\\/event\\\/cine-familiar-moana\\\/\",\"title\":\"Cine familiar: Moana\",\"desc\":\"<a href=https:\\\/\\\/nunoa.cl\\\/nunoapanorama\\\/event\\\/cine-familiar-moana\\\/><img width=\\\"1024\\\" height=\\\"578\\\" src=\\\"https:\\\/\\\/nunoa.cl\\\/nunoapanorama\\\/wp-content\\\/uploads\\\/2023\\\/02\\\/636049765581346370-moanaCharRollOut-1024x578-1.webp\\\" class=\\\"attachment-post-thumbnail size-post-thumbnail wp-post-image\\\" alt=\\\"\\\" srcset=\\\"https:\\\/\\\/nunoa.cl\\\/nunoapanorama\\\/wp-content\\\/uploads\\\/2023\\\/02\\\/636049765581346370-moanaCharRollOut-1024x578-1.webp 1024w, https:\\\/\\\/nunoa.cl\\\/nunoapanorama\\\/wp-content\\\/uploads\\\/2023\\\/02\\\/636049765581346370-moanaCharRollOut-1024x578-1-300x169.webp 300w, https:\\\/\\\/nunoa.cl\\\/nunoapanorama\\\/wp-content\\\/uploads\\\/2023\\\/02\\\/636049765581346370-moanaCharRollOut-1024x578-1-768x434.webp 768w\\\" sizes=\\\"(max-width: 1024px) 100vw, 1024px\\\" \\\/><\\\/a><p><a href=https:\\\/\\\/nunoa.cl\\\/nunoapanorama\\\/event\\\/cine-familiar-moana\\\/>Cine familiar: Moana<\\\/a><\\\/p>\",\"special\":\"\"},{\"start\":\"2023-03-04 19:30\",\"end\":\"1970-01-01 \",\"url\":\"https:\\\/\\\/nunoa.cl\\\/nunoapanorama\\\/event\\\/cine-legalmente-rubia\\\/\",\"title\":\"Cine: Legalmente Rubia\",\"desc\":\"<a href=https:\\\/\\\/nunoa.cl\\\/nunoapanorama\\\/event\\\/cine-legalmente-rubia\\\/><img width=\\\"1024\\\" height=\\\"487\\\" src=\\\"https:\\\/\\\/nunoa.cl\\\/nunoapanorama\\\/wp-content\\\/uploads\\\/2023\\\/02\\\/elle_banana_lounge_2160x1028.original-1024x487-1.png\\\" class=\\\"attachment-post-thumbnail size-post-thumbnail wp-post-image\\\" alt=\\\"\\\" srcset=\\\"https:\\\/\\\/nunoa.cl\\\/nunoapanorama\\\/wp-content\\\/uploads\\\/2023\\\/02\\\/elle_banana_lounge_2160x1028.original-1024x487-1.png 1024w, https:\\\/\\\/nunoa.cl\\\/nunoapanorama\\\/wp-content\\\/uploads\\\/2023\\\/02\\\/elle_banana_lounge_2160x1028.original-1024x487-1-300x143.png 300w, https:\\\/\\\/nunoa.cl\\\/nunoapanorama\\\/wp-content\\\/uploads\\\/2023\\\/02\\\/elle_banana_lounge_2160x1028.original-1024x487-1-768x365.png 768w\\\" sizes=\\\"(max-width: 1024px) 100vw, 1024px\\\" \\\/><\\\/a><p><a href=https:\\\/\\\/nunoa.cl\\\/nunoapanorama\\\/event\\\/cine-legalmente-rubia\\\/>Cine: Legalmente Rubia<\\\/a><\\\/p>\",\"special\":\"\"},{\"start\":\"2023-03-09 19:30\",\"end\":\"1970-01-01 \",\"url\":\"https:\\\/\\\/nunoa.cl\\\/nunoapanorama\\\/event\\\/cine-joven-y-alocada\\\/\",\"title\":\"Cine: Joven y Alocada\",\"desc\":\"<a href=https:\\\/\\\/nunoa.cl\\\/nunoapanorama\\\/event\\\/cine-joven-y-alocada\\\/><img width=\\\"1024\\\" height=\\\"538\\\" src=\\\"https:\\\/\\\/nunoa.cl\\\/nunoapanorama\\\/wp-content\\\/uploads\\\/2023\\\/02\\\/joven-y-alocada-1024x538-1.jpg\\\" class=\\\"attachment-post-thumbnail size-post-thumbnail wp-post-image\\\" alt=\\\"\\\" srcset=\\\"https:\\\/\\\/nunoa.cl\\\/nunoapanorama\\\/wp-content\\\/uploads\\\/2023\\\/02\\\/joven-y-alocada-1024x538-1.jpg 1024w, https:\\\/\\\/nunoa.cl\\\/nunoapanorama\\\/wp-content\\\/uploads\\\/2023\\\/02\\\/joven-y-alocada-1024x538-1-300x158.jpg 300w, https:\\\/\\\/nunoa.cl\\\/nunoapanorama\\\/wp-content\\\/uploads\\\/2023\\\/02\\\/joven-y-alocada-1024x538-1-768x404.jpg 768w\\\" sizes=\\\"(max-width: 1024px) 100vw, 1024px\\\" \\\/><\\\/a><p><a href=https:\\\/\\\/nunoa.cl\\\/nunoapanorama\\\/event\\\/cine-joven-y-alocada\\\/>Cine: Joven y Alocada<\\\/a><\\\/p>\",\"special\":\"\"},{\"start\":\"2023-03-03 20:30\",\"end\":\"2023-04-02 23:00\",\"url\":\"https:\\\/\\\/nunoa.cl\\\/nunoapanorama\\\/event\\\/cine-libre-peliculas-chilenas-en-tu-barrio\\\/\",\"title\":\"Cine Libre: Pel\\u00edculas chilenas en tu Barrio\",\"desc\":\"<a href=https:\\\/\\\/nunoa.cl\\\/nunoapanorama\\\/event\\\/cine-libre-peliculas-chilenas-en-tu-barrio\\\/><img width=\\\"1080\\\" height=\\\"1085\\\" src=\\\"https:\\\/\\\/nunoa.cl\\\/nunoapanorama\\\/wp-content\\\/uploads\\\/2023\\\/02\\\/Screenshot_20230221_121958.jpg\\\" class=\\\"attachment-post-thumbnail size-post-thumbnail wp-post-image\\\" alt=\\\"\\\" srcset=\\\"https:\\\/\\\/nunoa.cl\\\/nunoapanorama\\\/wp-content\\\/uploads\\\/2023\\\/02\\\/Screenshot_20230221_121958.jpg 1080w, https:\\\/\\\/nunoa.cl\\\/nunoapanorama\\\/wp-content\\\/uploads\\\/2023\\\/02\\\/Screenshot_20230221_121958-300x300.jpg 300w, https:\\\/\\\/nunoa.cl\\\/nunoapanorama\\\/wp-content\\\/uploads\\\/2023\\\/02\\\/Screenshot_20230221_121958-1019x1024.jpg 1019w, https:\\\/\\\/nunoa.cl\\\/nunoapanorama\\\/wp-content\\\/uploads\\\/2023\\\/02\\\/Screenshot_20230221_121958-150x150.jpg 150w, https:\\\/\\\/nunoa.cl\\\/nunoapanorama\\\/wp-content\\\/uploads\\\/2023\\\/02\\\/Screenshot_20230221_121958-768x772.jpg 768w, https:\\\/\\\/nunoa.cl\\\/nunoapanorama\\\/wp-content\\\/uploads\\\/2023\\\/02\\\/Screenshot_20230221_121958-80x80.jpg 80w\\\" sizes=\\\"(max-width: 1080px) 100vw, 1080px\\\" \\\/><\\\/a><p><a href=https:\\\/\\\/nunoa.cl\\\/nunoapanorama\\\/event\\\/cine-libre-peliculas-chilenas-en-tu-barrio\\\/>Cine Libre: Pel\\u00edculas chilenas en tu Barrio<\\\/a><\\\/p>\",\"special\":\"\"},{\"start\":\"2023-03-10 19:30\",\"end\":\"2023-03-10 21:00\",\"url\":\"https:\\\/\\\/nunoa.cl\\\/nunoapanorama\\\/event\\\/cine-un-sueno-como-de-colores-ninguna-estrella\\\/\",\"title\":\"Cine: Un sue\\u00f1o como de colores | Ninguna Estrella\",\"desc\":\"<a href=https:\\\/\\\/nunoa.cl\\\/nunoapanorama\\\/event\\\/cine-un-sueno-como-de-colores-ninguna-estrella\\\/><img width=\\\"768\\\" height=\\\"575\\\" src=\\\"https:\\\/\\\/nunoa.cl\\\/nunoapanorama\\\/wp-content\\\/uploads\\\/2023\\\/02\\\/unnamed-4-768x575-1.jpg\\\" class=\\\"attachment-post-thumbnail size-post-thumbnail wp-post-image\\\" alt=\\\"\\\" srcset=\\\"https:\\\/\\\/nunoa.cl\\\/nunoapanorama\\\/wp-content\\\/uploads\\\/2023\\\/02\\\/unnamed-4-768x575-1.jpg 768w, https:\\\/\\\/nunoa.cl\\\/nunoapanorama\\\/wp-content\\\/uploads\\\/2023\\\/02\\\/unnamed-4-768x575-1-300x225.jpg 300w\\\" sizes=\\\"(max-width: 768px) 100vw, 768px\\\" \\\/><\\\/a><p><a href=https:\\\/\\\/nunoa.cl\\\/nunoapanorama\\\/event\\\/cine-un-sueno-como-de-colores-ninguna-estrella\\\/>Cine: Un sue\\u00f1o como de colores | Ninguna Estrella<\\\/a><\\\/p>\",\"special\":\"\"},{\"start\":\"2023-03-11 16:30\",\"end\":\"1970-01-01 \",\"url\":\"https:\\\/\\\/nunoa.cl\\\/nunoapanorama\\\/event\\\/cine-familiar-tarsilinha\\\/\",\"title\":\"Cine Familiar: Tarsilinha\",\"desc\":\"<a href=https:\\\/\\\/nunoa.cl\\\/nunoapanorama\\\/event\\\/cine-familiar-tarsilinha\\\/><img width=\\\"1024\\\" height=\\\"576\\\" src=\\\"https:\\\/\\\/nunoa.cl\\\/nunoapanorama\\\/wp-content\\\/uploads\\\/2023\\\/02\\\/3iSWbaAPeFO3a9hg0fQmVkFg7GA-1024x576-1.jpg\\\" class=\\\"attachment-post-thumbnail size-post-thumbnail wp-post-image\\\" alt=\\\"\\\" srcset=\\\"https:\\\/\\\/nunoa.cl\\\/nunoapanorama\\\/wp-content\\\/uploads\\\/2023\\\/02\\\/3iSWbaAPeFO3a9hg0fQmVkFg7GA-1024x576-1.jpg 1024w, https:\\\/\\\/nunoa.cl\\\/nunoapanorama\\\/wp-content\\\/uploads\\\/2023\\\/02\\\/3iSWbaAPeFO3a9hg0fQmVkFg7GA-1024x576-1-300x169.jpg 300w, https:\\\/\\\/nunoa.cl\\\/nunoapanorama\\\/wp-content\\\/uploads\\\/2023\\\/02\\\/3iSWbaAPeFO3a9hg0fQmVkFg7GA-1024x576-1-768x432.jpg 768w\\\" sizes=\\\"(max-width: 1024px) 100vw, 1024px\\\" \\\/><\\\/a><p><a href=https:\\\/\\\/nunoa.cl\\\/nunoapanorama\\\/event\\\/cine-familiar-tarsilinha\\\/>Cine Familiar: Tarsilinha<\\\/a><\\\/p>\",\"special\":\"\"},{\"start\":\"2023-03-11 19:30\",\"end\":\"1970-01-01 \",\"url\":\"https:\\\/\\\/nunoa.cl\\\/nunoapanorama\\\/event\\\/cine-la-once\\\/\",\"title\":\"Cine: La once\",\"desc\":\"<a href=https:\\\/\\\/nunoa.cl\\\/nunoapanorama\\\/event\\\/cine-la-once\\\/><img width=\\\"1024\\\" height=\\\"576\\\" src=\\\"https:\\\/\\\/nunoa.cl\\\/nunoapanorama\\\/wp-content\\\/uploads\\\/2023\\\/02\\\/AAAABX8JUt7i-AukJm79iwCezAa2I3X6fj6fUzsKUzwruII1AefZu88SBQjREfC0euaeXrsKtKj6yWdtx5c8roDW8f6SOYvywrETHOmG-1024x576-1.jpg\\\" class=\\\"attachment-post-thumbnail size-post-thumbnail wp-post-image\\\" alt=\\\"\\\" srcset=\\\"https:\\\/\\\/nunoa.cl\\\/nunoapanorama\\\/wp-content\\\/uploads\\\/2023\\\/02\\\/AAAABX8JUt7i-AukJm79iwCezAa2I3X6fj6fUzsKUzwruII1AefZu88SBQjREfC0euaeXrsKtKj6yWdtx5c8roDW8f6SOYvywrETHOmG-1024x576-1.jpg 1024w, https:\\\/\\\/nunoa.cl\\\/nunoapanorama\\\/wp-content\\\/uploads\\\/2023\\\/02\\\/AAAABX8JUt7i-AukJm79iwCezAa2I3X6fj6fUzsKUzwruII1AefZu88SBQjREfC0euaeXrsKtKj6yWdtx5c8roDW8f6SOYvywrETHOmG-1024x576-1-300x169.jpg 300w, https:\\\/\\\/nunoa.cl\\\/nunoapanorama\\\/wp-content\\\/uploads\\\/2023\\\/02\\\/AAAABX8JUt7i-AukJm79iwCezAa2I3X6fj6fUzsKUzwruII1AefZu88SBQjREfC0euaeXrsKtKj6yWdtx5c8roDW8f6SOYvywrETHOmG-1024x576-1-768x432.jpg 768w\\\" sizes=\\\"(max-width: 1024px) 100vw, 1024px\\\" \\\/><\\\/a><p><a href=https:\\\/\\\/nunoa.cl\\\/nunoapanorama\\\/event\\\/cine-la-once\\\/>Cine: La once<\\\/a><\\\/p>\",\"special\":\"\"},{\"start\":\"2023-03-10 18:00\",\"end\":\"1970-01-01 \",\"url\":\"https:\\\/\\\/nunoa.cl\\\/nunoapanorama\\\/event\\\/lanzamiento-catalogo-de-arte-mapuche-contemporaneo-entun\\\/\",\"title\":\"Lanzamiento: Cat\\u00e1logo de Arte Mapuche Contempor\\u00e1neo Entun\",\"desc\":\"<a href=https:\\\/\\\/nunoa.cl\\\/nunoapanorama\\\/event\\\/lanzamiento-catalogo-de-arte-mapuche-contemporaneo-entun\\\/><img width=\\\"1080\\\" height=\\\"1080\\\" src=\\\"https:\\\/\\\/nunoa.cl\\\/nunoapanorama\\\/wp-content\\\/uploads\\\/2023\\\/03\\\/Lanzamiento-Catalogo-Entun-post-2.png\\\" class=\\\"attachment-post-thumbnail size-post-thumbnail wp-post-image\\\" alt=\\\"\\\" srcset=\\\"https:\\\/\\\/nunoa.cl\\\/nunoapanorama\\\/wp-content\\\/uploads\\\/2023\\\/03\\\/Lanzamiento-Catalogo-Entun-post-2.png 1080w, https:\\\/\\\/nunoa.cl\\\/nunoapanorama\\\/wp-content\\\/uploads\\\/2023\\\/03\\\/Lanzamiento-Catalogo-Entun-post-2-300x300.png 300w, https:\\\/\\\/nunoa.cl\\\/nunoapanorama\\\/wp-content\\\/uploads\\\/2023\\\/03\\\/Lanzamiento-Catalogo-Entun-post-2-1024x1024.png 1024w, https:\\\/\\\/nunoa.cl\\\/nunoapanorama\\\/wp-content\\\/uploads\\\/2023\\\/03\\\/Lanzamiento-Catalogo-Entun-post-2-150x150.png 150w, https:\\\/\\\/nunoa.cl\\\/nunoapanorama\\\/wp-content\\\/uploads\\\/2023\\\/03\\\/Lanzamiento-Catalogo-Entun-post-2-768x768.png 768w, https:\\\/\\\/nunoa.cl\\\/nunoapanorama\\\/wp-content\\\/uploads\\\/2023\\\/03\\\/Lanzamiento-Catalogo-Entun-post-2-500x500.png 500w, https:\\\/\\\/nunoa.cl\\\/nunoapanorama\\\/wp-content\\\/uploads\\\/2023\\\/03\\\/Lanzamiento-Catalogo-Entun-post-2-80x80.png 80w\\\" sizes=\\\"(max-width: 1080px) 100vw, 1080px\\\" \\\/><\\\/a><p><a href=https:\\\/\\\/nunoa.cl\\\/nunoapanorama\\\/event\\\/lanzamiento-catalogo-de-arte-mapuche-contemporaneo-entun\\\/>Lanzamiento: Cat\\u00e1logo de Arte Mapuche Contempor\\u00e1neo Entun<\\\/a><\\\/p>\",\"special\":\"\"},{\"start\":\"2023-03-17 19:30\",\"end\":\"1970-01-01 \",\"url\":\"https:\\\/\\\/nunoa.cl\\\/nunoapanorama\\\/event\\\/cine-el-piano\\\/\",\"title\":\"Cine: El Piano\",\"desc\":\"<a href=https:\\\/\\\/nunoa.cl\\\/nunoapanorama\\\/event\\\/cine-el-piano\\\/><img width=\\\"1024\\\" height=\\\"576\\\" src=\\\"https:\\\/\\\/nunoa.cl\\\/nunoapanorama\\\/wp-content\\\/uploads\\\/2023\\\/03\\\/image-w1280-1-1-1024x576-1.jpg\\\" class=\\\"attachment-post-thumbnail size-post-thumbnail wp-post-image\\\" alt=\\\"\\\" srcset=\\\"https:\\\/\\\/nunoa.cl\\\/nunoapanorama\\\/wp-content\\\/uploads\\\/2023\\\/03\\\/image-w1280-1-1-1024x576-1.jpg 1024w, https:\\\/\\\/nunoa.cl\\\/nunoapanorama\\\/wp-content\\\/uploads\\\/2023\\\/03\\\/image-w1280-1-1-1024x576-1-300x169.jpg 300w, https:\\\/\\\/nunoa.cl\\\/nunoapanorama\\\/wp-content\\\/uploads\\\/2023\\\/03\\\/image-w1280-1-1-1024x576-1-768x432.jpg 768w\\\" sizes=\\\"(max-width: 1024px) 100vw, 1024px\\\" \\\/><\\\/a><p><a href=https:\\\/\\\/nunoa.cl\\\/nunoapanorama\\\/event\\\/cine-el-piano\\\/>Cine: El Piano<\\\/a><\\\/p>\",\"special\":\"\"},{\"start\":\"2023-03-18 16:30\",\"end\":\"1970-01-01 \",\"url\":\"https:\\\/\\\/nunoa.cl\\\/nunoapanorama\\\/event\\\/cine-valiente\\\/\",\"title\":\"Cine: Valiente\",\"desc\":\"<a href=https:\\\/\\\/nunoa.cl\\\/nunoapanorama\\\/event\\\/cine-valiente\\\/><img width=\\\"768\\\" height=\\\"512\\\" src=\\\"https:\\\/\\\/nunoa.cl\\\/nunoapanorama\\\/wp-content\\\/uploads\\\/2023\\\/03\\\/merida_v001_4ab947f8-768x512-1.jpeg\\\" class=\\\"attachment-post-thumbnail size-post-thumbnail wp-post-image\\\" alt=\\\"\\\" srcset=\\\"https:\\\/\\\/nunoa.cl\\\/nunoapanorama\\\/wp-content\\\/uploads\\\/2023\\\/03\\\/merida_v001_4ab947f8-768x512-1.jpeg 768w, https:\\\/\\\/nunoa.cl\\\/nunoapanorama\\\/wp-content\\\/uploads\\\/2023\\\/03\\\/merida_v001_4ab947f8-768x512-1-300x200.jpeg 300w\\\" sizes=\\\"(max-width: 768px) 100vw, 768px\\\" \\\/><\\\/a><p><a href=https:\\\/\\\/nunoa.cl\\\/nunoapanorama\\\/event\\\/cine-valiente\\\/>Cine: Valiente<\\\/a><\\\/p>\",\"special\":\"\"},{\"start\":\"2023-03-18 19:30\",\"end\":\"1970-01-01 \",\"url\":\"https:\\\/\\\/nunoa.cl\\\/nunoapanorama\\\/event\\\/cine-our-little-sister\\\/\",\"title\":\"Cine: Our little sister\",\"desc\":\"<a href=https:\\\/\\\/nunoa.cl\\\/nunoapanorama\\\/event\\\/cine-our-little-sister\\\/><img width=\\\"1024\\\" height=\\\"577\\\" src=\\\"https:\\\/\\\/nunoa.cl\\\/nunoapanorama\\\/wp-content\\\/uploads\\\/2023\\\/03\\\/UMIMACHI_DIARY_OUR_LITTLE_SISTER_Still-1024x577-1.webp\\\" class=\\\"attachment-post-thumbnail size-post-thumbnail wp-post-image\\\" alt=\\\"\\\" srcset=\\\"https:\\\/\\\/nunoa.cl\\\/nunoapanorama\\\/wp-content\\\/uploads\\\/2023\\\/03\\\/UMIMACHI_DIARY_OUR_LITTLE_SISTER_Still-1024x577-1.webp 1024w, https:\\\/\\\/nunoa.cl\\\/nunoapanorama\\\/wp-content\\\/uploads\\\/2023\\\/03\\\/UMIMACHI_DIARY_OUR_LITTLE_SISTER_Still-1024x577-1-300x169.webp 300w, https:\\\/\\\/nunoa.cl\\\/nunoapanorama\\\/wp-content\\\/uploads\\\/2023\\\/03\\\/UMIMACHI_DIARY_OUR_LITTLE_SISTER_Still-1024x577-1-768x433.webp 768w\\\" sizes=\\\"(max-width: 1024px) 100vw, 1024px\\\" \\\/><\\\/a><p><a href=https:\\\/\\\/nunoa.cl\\\/nunoapanorama\\\/event\\\/cine-our-little-sister\\\/>Cine: Our little sister<\\\/a><\\\/p>\",\"special\":\"\"},{\"start\":\"2023-03-24 19:30\",\"end\":\"1970-01-01 \",\"url\":\"https:\\\/\\\/nunoa.cl\\\/nunoapanorama\\\/event\\\/cine-estreno-brujeria-conversatorio\\\/\",\"title\":\"Cine Estreno: Brujer\\u00eda + conversatorio\",\"desc\":\"<a href=https:\\\/\\\/nunoa.cl\\\/nunoapanorama\\\/event\\\/cine-estreno-brujeria-conversatorio\\\/><img width=\\\"1536\\\" height=\\\"644\\\" src=\\\"https:\\\/\\\/nunoa.cl\\\/nunoapanorama\\\/wp-content\\\/uploads\\\/2023\\\/03\\\/Z9DslOK4-1536x644-1.jpeg\\\" class=\\\"attachment-post-thumbnail size-post-thumbnail wp-post-image\\\" alt=\\\"\\\" srcset=\\\"https:\\\/\\\/nunoa.cl\\\/nunoapanorama\\\/wp-content\\\/uploads\\\/2023\\\/03\\\/Z9DslOK4-1536x644-1.jpeg 1536w, https:\\\/\\\/nunoa.cl\\\/nunoapanorama\\\/wp-content\\\/uploads\\\/2023\\\/03\\\/Z9DslOK4-1536x644-1-300x126.jpeg 300w, https:\\\/\\\/nunoa.cl\\\/nunoapanorama\\\/wp-content\\\/uploads\\\/2023\\\/03\\\/Z9DslOK4-1536x644-1-1024x429.jpeg 1024w, https:\\\/\\\/nunoa.cl\\\/nunoapanorama\\\/wp-content\\\/uploads\\\/2023\\\/03\\\/Z9DslOK4-1536x644-1-768x322.jpeg 768w\\\" sizes=\\\"(max-width: 1536px) 100vw, 1536px\\\" \\\/><\\\/a><p><a href=https:\\\/\\\/nunoa.cl\\\/nunoapanorama\\\/event\\\/cine-estreno-brujeria-conversatorio\\\/>Cine Estreno: Brujer\\u00eda + conversatorio<\\\/a><\\\/p>\",\"special\":\"\"},{\"start\":\"2023-03-25 16:30\",\"end\":\"1970-01-01 \",\"url\":\"https:\\\/\\\/nunoa.cl\\\/nunoapanorama\\\/event\\\/cine-familiar-mulan\\\/\",\"title\":\"Cine Familiar: Mulan\",\"desc\":\"<a href=https:\\\/\\\/nunoa.cl\\\/nunoapanorama\\\/event\\\/cine-familiar-mulan\\\/><img width=\\\"768\\\" height=\\\"512\\\" src=\\\"https:\\\/\\\/nunoa.cl\\\/nunoapanorama\\\/wp-content\\\/uploads\\\/2023\\\/03\\\/mulan_disneyscreencaps.com_2164.0-768x512-1.jpg\\\" class=\\\"attachment-post-thumbnail size-post-thumbnail wp-post-image\\\" alt=\\\"\\\" srcset=\\\"https:\\\/\\\/nunoa.cl\\\/nunoapanorama\\\/wp-content\\\/uploads\\\/2023\\\/03\\\/mulan_disneyscreencaps.com_2164.0-768x512-1.jpg 768w, https:\\\/\\\/nunoa.cl\\\/nunoapanorama\\\/wp-content\\\/uploads\\\/2023\\\/03\\\/mulan_disneyscreencaps.com_2164.0-768x512-1-300x200.jpg 300w\\\" sizes=\\\"(max-width: 768px) 100vw, 768px\\\" \\\/><\\\/a><p><a href=https:\\\/\\\/nunoa.cl\\\/nunoapanorama\\\/event\\\/cine-familiar-mulan\\\/>Cine Familiar: Mulan<\\\/a><\\\/p>\",\"special\":\"\"},{\"start\":\"2023-03-25 19:30\",\"end\":\"1970-01-01 \",\"url\":\"https:\\\/\\\/nunoa.cl\\\/nunoapanorama\\\/event\\\/cine-un-bello-sol-interior\\\/\",\"title\":\"Cine: Un bello sol interior\",\"desc\":\"<a href=https:\\\/\\\/nunoa.cl\\\/nunoapanorama\\\/event\\\/cine-un-bello-sol-interior\\\/><img width=\\\"1024\\\" height=\\\"616\\\" src=\\\"https:\\\/\\\/nunoa.cl\\\/nunoapanorama\\\/wp-content\\\/uploads\\\/2023\\\/03\\\/Un_bello_sol_interior-710664503-large-1024x616-1.jpg\\\" class=\\\"attachment-post-thumbnail size-post-thumbnail wp-post-image\\\" alt=\\\"\\\" srcset=\\\"https:\\\/\\\/nunoa.cl\\\/nunoapanorama\\\/wp-content\\\/uploads\\\/2023\\\/03\\\/Un_bello_sol_interior-710664503-large-1024x616-1.jpg 1024w, https:\\\/\\\/nunoa.cl\\\/nunoapanorama\\\/wp-content\\\/uploads\\\/2023\\\/03\\\/Un_bello_sol_interior-710664503-large-1024x616-1-300x180.jpg 300w, https:\\\/\\\/nunoa.cl\\\/nunoapanorama\\\/wp-content\\\/uploads\\\/2023\\\/03\\\/Un_bello_sol_interior-710664503-large-1024x616-1-768x462.jpg 768w\\\" sizes=\\\"(max-width: 1024px) 100vw, 1024px\\\" \\\/><\\\/a><p><a href=https:\\\/\\\/nunoa.cl\\\/nunoapanorama\\\/event\\\/cine-un-bello-sol-interior\\\/>Cine: Un bello sol interior<\\\/a><\\\/p>\",\"special\":\"\"},{\"start\":\"2023-03-31 19:30\",\"end\":\"1970-01-01 \",\"url\":\"https:\\\/\\\/nunoa.cl\\\/nunoapanorama\\\/event\\\/cine-brujeria\\\/\",\"title\":\"Cine: Brujer\\u00eda\",\"desc\":\"<a href=https:\\\/\\\/nunoa.cl\\\/nunoapanorama\\\/event\\\/cine-brujeria\\\/><img width=\\\"1536\\\" height=\\\"644\\\" src=\\\"https:\\\/\\\/nunoa.cl\\\/nunoapanorama\\\/wp-content\\\/uploads\\\/2023\\\/03\\\/Z9DslOK4-1536x644-1.jpeg\\\" class=\\\"attachment-post-thumbnail size-post-thumbnail wp-post-image\\\" alt=\\\"\\\" srcset=\\\"https:\\\/\\\/nunoa.cl\\\/nunoapanorama\\\/wp-content\\\/uploads\\\/2023\\\/03\\\/Z9DslOK4-1536x644-1.jpeg 1536w, https:\\\/\\\/nunoa.cl\\\/nunoapanorama\\\/wp-content\\\/uploads\\\/2023\\\/03\\\/Z9DslOK4-1536x644-1-300x126.jpeg 300w, https:\\\/\\\/nunoa.cl\\\/nunoapanorama\\\/wp-content\\\/uploads\\\/2023\\\/03\\\/Z9DslOK4-1536x644-1-1024x429.jpeg 1024w, https:\\\/\\\/nunoa.cl\\\/nunoapanorama\\\/wp-content\\\/uploads\\\/2023\\\/03\\\/Z9DslOK4-1536x644-1-768x322.jpeg 768w\\\" sizes=\\\"(max-width: 1536px) 100vw, 1536px\\\" \\\/><\\\/a><p><a href=https:\\\/\\\/nunoa.cl\\\/nunoapanorama\\\/event\\\/cine-brujeria\\\/>Cine: Brujer\\u00eda<\\\/a><\\\/p>\",\"special\":\"\"},{\"start\":\"2023-03-07 10:00\",\"end\":\"2023-03-15 18:00\",\"url\":\"https:\\\/\\\/nunoa.cl\\\/nunoapanorama\\\/event\\\/exposicion-sesenta-y-cuatro\\\/\",\"title\":\"Exposici\\u00f3n: Sesenta y cuatro\",\"desc\":\"<a href=https:\\\/\\\/nunoa.cl\\\/nunoapanorama\\\/event\\\/exposicion-sesenta-y-cuatro\\\/><img width=\\\"836\\\" height=\\\"829\\\" src=\\\"https:\\\/\\\/nunoa.cl\\\/nunoapanorama\\\/wp-content\\\/uploads\\\/2023\\\/03\\\/Captura-de-pantalla-2023-03-07-091510-e1678192049699.png\\\" class=\\\"attachment-post-thumbnail size-post-thumbnail wp-post-image\\\" alt=\\\"\\\" srcset=\\\"https:\\\/\\\/nunoa.cl\\\/nunoapanorama\\\/wp-content\\\/uploads\\\/2023\\\/03\\\/Captura-de-pantalla-2023-03-07-091510-e1678192049699.png 836w, https:\\\/\\\/nunoa.cl\\\/nunoapanorama\\\/wp-content\\\/uploads\\\/2023\\\/03\\\/Captura-de-pantalla-2023-03-07-091510-e1678192049699-300x297.png 300w, https:\\\/\\\/nunoa.cl\\\/nunoapanorama\\\/wp-content\\\/uploads\\\/2023\\\/03\\\/Captura-de-pantalla-2023-03-07-091510-e1678192049699-150x150.png 150w, https:\\\/\\\/nunoa.cl\\\/nunoapanorama\\\/wp-content\\\/uploads\\\/2023\\\/03\\\/Captura-de-pantalla-2023-03-07-091510-e1678192049699-768x762.png 768w, https:\\\/\\\/nunoa.cl\\\/nunoapanorama\\\/wp-content\\\/uploads\\\/2023\\\/03\\\/Captura-de-pantalla-2023-03-07-091510-e1678192049699-80x80.png 80w\\\" sizes=\\\"(max-width: 836px) 100vw, 836px\\\" \\\/><\\\/a><p><a href=https:\\\/\\\/nunoa.cl\\\/nunoapanorama\\\/event\\\/exposicion-sesenta-y-cuatro\\\/>Exposici\\u00f3n: Sesenta y cuatro<\\\/a><\\\/p>\",\"special\":\"\"},{\"start\":\"2023-03-07 16:00\",\"end\":\"2023-03-10 22:00\",\"url\":\"https:\\\/\\\/nunoa.cl\\\/nunoapanorama\\\/event\\\/se-parte-de-la-programacion-especial-8m-de-nuestros-espacios-culturales\\\/\",\"title\":\"S\\u00e9 parte de la programaci\\u00f3n especial 8M de nuestros espacios culturales\",\"desc\":\"<a href=https:\\\/\\\/nunoa.cl\\\/nunoapanorama\\\/event\\\/se-parte-de-la-programacion-especial-8m-de-nuestros-espacios-culturales\\\/><img width=\\\"888\\\" height=\\\"888\\\" src=\\\"https:\\\/\\\/nunoa.cl\\\/nunoapanorama\\\/wp-content\\\/uploads\\\/2023\\\/03\\\/Captura-de-pantalla-2023-03-07-094018.png\\\" class=\\\"attachment-post-thumbnail size-post-thumbnail wp-post-image\\\" alt=\\\"\\\" srcset=\\\"https:\\\/\\\/nunoa.cl\\\/nunoapanorama\\\/wp-content\\\/uploads\\\/2023\\\/03\\\/Captura-de-pantalla-2023-03-07-094018.png 888w, https:\\\/\\\/nunoa.cl\\\/nunoapanorama\\\/wp-content\\\/uploads\\\/2023\\\/03\\\/Captura-de-pantalla-2023-03-07-094018-300x300.png 300w, https:\\\/\\\/nunoa.cl\\\/nunoapanorama\\\/wp-content\\\/uploads\\\/2023\\\/03\\\/Captura-de-pantalla-2023-03-07-094018-150x150.png 150w, https:\\\/\\\/nunoa.cl\\\/nunoapanorama\\\/wp-content\\\/uploads\\\/2023\\\/03\\\/Captura-de-pantalla-2023-03-07-094018-768x768.png 768w, https:\\\/\\\/nunoa.cl\\\/nunoapanorama\\\/wp-content\\\/uploads\\\/2023\\\/03\\\/Captura-de-pantalla-2023-03-07-094018-500x500.png 500w, https:\\\/\\\/nunoa.cl\\\/nunoapanorama\\\/wp-content\\\/uploads\\\/2023\\\/03\\\/Captura-de-pantalla-2023-03-07-094018-80x80.png 80w\\\" sizes=\\\"(max-width: 888px) 100vw, 888px\\\" \\\/><\\\/a><p><a href=https:\\\/\\\/nunoa.cl\\\/nunoapanorama\\\/event\\\/se-parte-de-la-programacion-especial-8m-de-nuestros-espacios-culturales\\\/>S\\u00e9 parte de la programaci\\u00f3n especial 8M de nuestros espacios culturales<\\\/a><\\\/p>\",\"special\":\"checked\"},{\"start\":\"2023-03-08 09:30\",\"end\":\"2023-03-08 00:00\",\"url\":\"https:\\\/\\\/nunoa.cl\\\/nunoapanorama\\\/event\\\/homenaje-a-balbina-vera-albornoz\\\/\",\"title\":\"Mes de la Mujer: HOMENAJE A BALBINA VERA ALBORNOZ\",\"desc\":\"<a href=https:\\\/\\\/nunoa.cl\\\/nunoapanorama\\\/event\\\/homenaje-a-balbina-vera-albornoz\\\/><img width=\\\"975\\\" height=\\\"746\\\" src=\\\"https:\\\/\\\/nunoa.cl\\\/nunoapanorama\\\/wp-content\\\/uploads\\\/2023\\\/03\\\/Captura-de-pantalla-2023-03-07-102425.png\\\" class=\\\"attachment-post-thumbnail size-post-thumbnail wp-post-image\\\" alt=\\\"\\\" srcset=\\\"https:\\\/\\\/nunoa.cl\\\/nunoapanorama\\\/wp-content\\\/uploads\\\/2023\\\/03\\\/Captura-de-pantalla-2023-03-07-102425.png 975w, https:\\\/\\\/nunoa.cl\\\/nunoapanorama\\\/wp-content\\\/uploads\\\/2023\\\/03\\\/Captura-de-pantalla-2023-03-07-102425-300x230.png 300w, https:\\\/\\\/nunoa.cl\\\/nunoapanorama\\\/wp-content\\\/uploads\\\/2023\\\/03\\\/Captura-de-pantalla-2023-03-07-102425-768x588.png 768w\\\" sizes=\\\"(max-width: 975px) 100vw, 975px\\\" \\\/><\\\/a><p><a href=https:\\\/\\\/nunoa.cl\\\/nunoapanorama\\\/event\\\/homenaje-a-balbina-vera-albornoz\\\/>Mes de la Mujer: HOMENAJE A BALBINA VERA ALBORNOZ<\\\/a><\\\/p>\",\"special\":\"\"},{\"start\":\"2023-03-11 11:00\",\"end\":\"2023-03-11 22:00\",\"url\":\"https:\\\/\\\/nunoa.cl\\\/nunoapanorama\\\/event\\\/mes-de-la-mujer-feria-de-servicios-y-presentaciones-artisticas\\\/\",\"title\":\"Mes de la Mujer: FERIA DE SERVICIOS Y PRESENTACIONES ART\\u00cdSTICAS\",\"desc\":\"<a href=https:\\\/\\\/nunoa.cl\\\/nunoapanorama\\\/event\\\/mes-de-la-mujer-feria-de-servicios-y-presentaciones-artisticas\\\/><img width=\\\"975\\\" height=\\\"746\\\" src=\\\"https:\\\/\\\/nunoa.cl\\\/nunoapanorama\\\/wp-content\\\/uploads\\\/2023\\\/03\\\/Captura-de-pantalla-2023-03-07-102425.png\\\" class=\\\"attachment-post-thumbnail size-post-thumbnail wp-post-image\\\" alt=\\\"\\\" srcset=\\\"https:\\\/\\\/nunoa.cl\\\/nunoapanorama\\\/wp-content\\\/uploads\\\/2023\\\/03\\\/Captura-de-pantalla-2023-03-07-102425.png 975w, https:\\\/\\\/nunoa.cl\\\/nunoapanorama\\\/wp-content\\\/uploads\\\/2023\\\/03\\\/Captura-de-pantalla-2023-03-07-102425-300x230.png 300w, https:\\\/\\\/nunoa.cl\\\/nunoapanorama\\\/wp-content\\\/uploads\\\/2023\\\/03\\\/Captura-de-pantalla-2023-03-07-102425-768x588.png 768w\\\" sizes=\\\"(max-width: 975px) 100vw, 975px\\\" \\\/><\\\/a><p><a href=https:\\\/\\\/nunoa.cl\\\/nunoapanorama\\\/event\\\/mes-de-la-mujer-feria-de-servicios-y-presentaciones-artisticas\\\/>Mes de la Mujer: FERIA DE SERVICIOS Y PRESENTACIONES ART\\u00cdSTICAS<\\\/a><\\\/p>\",\"special\":\"\"},{\"start\":\"2023-03-09 14:15\",\"end\":\"2023-03-09 18:00\",\"url\":\"https:\\\/\\\/nunoa.cl\\\/nunoapanorama\\\/event\\\/conmemoracion-dia-internacional-de-la-mujer\\\/\",\"title\":\"Conmemoraci\\u00f3n D\\u00eda Internacional de la Mujer\",\"desc\":\"<a href=https:\\\/\\\/nunoa.cl\\\/nunoapanorama\\\/event\\\/conmemoracion-dia-internacional-de-la-mujer\\\/><img width=\\\"588\\\" height=\\\"592\\\" src=\\\"https:\\\/\\\/nunoa.cl\\\/nunoapanorama\\\/wp-content\\\/uploads\\\/2023\\\/03\\\/Captura-de-pantalla-2023-03-07-151007.png\\\" class=\\\"attachment-post-thumbnail size-post-thumbnail wp-post-image\\\" alt=\\\"\\\" srcset=\\\"https:\\\/\\\/nunoa.cl\\\/nunoapanorama\\\/wp-content\\\/uploads\\\/2023\\\/03\\\/Captura-de-pantalla-2023-03-07-151007.png 588w, https:\\\/\\\/nunoa.cl\\\/nunoapanorama\\\/wp-content\\\/uploads\\\/2023\\\/03\\\/Captura-de-pantalla-2023-03-07-151007-298x300.png 298w, https:\\\/\\\/nunoa.cl\\\/nunoapanorama\\\/wp-content\\\/uploads\\\/2023\\\/03\\\/Captura-de-pantalla-2023-03-07-151007-150x150.png 150w, https:\\\/\\\/nunoa.cl\\\/nunoapanorama\\\/wp-content\\\/uploads\\\/2023\\\/03\\\/Captura-de-pantalla-2023-03-07-151007-80x80.png 80w\\\" sizes=\\\"(max-width: 588px) 100vw, 588px\\\" \\\/><\\\/a><p><a href=https:\\\/\\\/nunoa.cl\\\/nunoapanorama\\\/event\\\/conmemoracion-dia-internacional-de-la-mujer\\\/>Conmemoraci\\u00f3n D\\u00eda Internacional de la Mujer<\\\/a><\\\/p>\",\"special\":\"\"},{\"start\":\"2023-03-14 20:00\",\"end\":\"1970-01-01 \",\"url\":\"https:\\\/\\\/nunoa.cl\\\/nunoapanorama\\\/event\\\/espacio-cosmakers-nunoa\\\/\",\"title\":\"Espacio Cosmakers \\u00d1u\\u00f1oa\",\"desc\":\"<a href=https:\\\/\\\/nunoa.cl\\\/nunoapanorama\\\/event\\\/espacio-cosmakers-nunoa\\\/><img width=\\\"1587\\\" height=\\\"2245\\\" src=\\\"https:\\\/\\\/nunoa.cl\\\/nunoapanorama\\\/wp-content\\\/uploads\\\/2023\\\/03\\\/AFICHE-FINAL-COSMAKERS.png\\\" class=\\\"attachment-post-thumbnail size-post-thumbnail wp-post-image\\\" alt=\\\"\\\" srcset=\\\"https:\\\/\\\/nunoa.cl\\\/nunoapanorama\\\/wp-content\\\/uploads\\\/2023\\\/03\\\/AFICHE-FINAL-COSMAKERS.png 1587w, https:\\\/\\\/nunoa.cl\\\/nunoapanorama\\\/wp-content\\\/uploads\\\/2023\\\/03\\\/AFICHE-FINAL-COSMAKERS-212x300.png 212w, https:\\\/\\\/nunoa.cl\\\/nunoapanorama\\\/wp-content\\\/uploads\\\/2023\\\/03\\\/AFICHE-FINAL-COSMAKERS-724x1024.png 724w, https:\\\/\\\/nunoa.cl\\\/nunoapanorama\\\/wp-content\\\/uploads\\\/2023\\\/03\\\/AFICHE-FINAL-COSMAKERS-768x1086.png 768w, https:\\\/\\\/nunoa.cl\\\/nunoapanorama\\\/wp-content\\\/uploads\\\/2023\\\/03\\\/AFICHE-FINAL-COSMAKERS-1086x1536.png 1086w, https:\\\/\\\/nunoa.cl\\\/nunoapanorama\\\/wp-content\\\/uploads\\\/2023\\\/03\\\/AFICHE-FINAL-COSMAKERS-1448x2048.png 1448w\\\" sizes=\\\"(max-width: 1587px) 100vw, 1587px\\\" \\\/><\\\/a><p><a href=https:\\\/\\\/nunoa.cl\\\/nunoapanorama\\\/event\\\/espacio-cosmakers-nunoa\\\/>Espacio Cosmakers \\u00d1u\\u00f1oa<\\\/a><\\\/p>\",\"special\":\"\"},{\"start\":\"2023-03-15 20:00\",\"end\":\"1970-01-01 \",\"url\":\"https:\\\/\\\/nunoa.cl\\\/nunoapanorama\\\/event\\\/preparemos-ramen\\\/\",\"title\":\"\\u00a1Preparemos Ramen!\",\"desc\":\"<a href=https:\\\/\\\/nunoa.cl\\\/nunoapanorama\\\/event\\\/preparemos-ramen\\\/><img width=\\\"1587\\\" height=\\\"2245\\\" src=\\\"https:\\\/\\\/nunoa.cl\\\/nunoapanorama\\\/wp-content\\\/uploads\\\/2023\\\/03\\\/AFICHE-FINAL-RAMEN.png\\\" class=\\\"attachment-post-thumbnail size-post-thumbnail wp-post-image\\\" alt=\\\"\\\" srcset=\\\"https:\\\/\\\/nunoa.cl\\\/nunoapanorama\\\/wp-content\\\/uploads\\\/2023\\\/03\\\/AFICHE-FINAL-RAMEN.png 1587w, https:\\\/\\\/nunoa.cl\\\/nunoapanorama\\\/wp-content\\\/uploads\\\/2023\\\/03\\\/AFICHE-FINAL-RAMEN-212x300.png 212w, https:\\\/\\\/nunoa.cl\\\/nunoapanorama\\\/wp-content\\\/uploads\\\/2023\\\/03\\\/AFICHE-FINAL-RAMEN-724x1024.png 724w, https:\\\/\\\/nunoa.cl\\\/nunoapanorama\\\/wp-content\\\/uploads\\\/2023\\\/03\\\/AFICHE-FINAL-RAMEN-768x1086.png 768w, https:\\\/\\\/nunoa.cl\\\/nunoapanorama\\\/wp-content\\\/uploads\\\/2023\\\/03\\\/AFICHE-FINAL-RAMEN-1086x1536.png 1086w, https:\\\/\\\/nunoa.cl\\\/nunoapanorama\\\/wp-content\\\/uploads\\\/2023\\\/03\\\/AFICHE-FINAL-RAMEN-1448x2048.png 1448w\\\" sizes=\\\"(max-width: 1587px) 100vw, 1587px\\\" \\\/><\\\/a><p><a href=https:\\\/\\\/nunoa.cl\\\/nunoapanorama\\\/event\\\/preparemos-ramen\\\/>\\u00a1Preparemos Ramen!<\\\/a><\\\/p>\",\"special\":\"\"},{\"start\":\"2023-03-15 00:00\",\"end\":\"1970-01-01 \",\"url\":\"https:\\\/\\\/nunoa.cl\\\/nunoapanorama\\\/event\\\/se-viene-la-escuela-de-las-artes-de-nunoa\\\/\",\"title\":\"\\u00a1Se viene la Escuela de las Artes de \\u00d1u\\u00f1oa!\",\"desc\":\"<a href=https:\\\/\\\/nunoa.cl\\\/nunoapanorama\\\/event\\\/se-viene-la-escuela-de-las-artes-de-nunoa\\\/><img width=\\\"834\\\" height=\\\"833\\\" src=\\\"https:\\\/\\\/nunoa.cl\\\/nunoapanorama\\\/wp-content\\\/uploads\\\/2023\\\/03\\\/Captura-de-pantalla.jpg\\\" class=\\\"attachment-post-thumbnail size-post-thumbnail wp-post-image\\\" alt=\\\"\\\" srcset=\\\"https:\\\/\\\/nunoa.cl\\\/nunoapanorama\\\/wp-content\\\/uploads\\\/2023\\\/03\\\/Captura-de-pantalla.jpg 834w, https:\\\/\\\/nunoa.cl\\\/nunoapanorama\\\/wp-content\\\/uploads\\\/2023\\\/03\\\/Captura-de-pantalla-300x300.jpg 300w, https:\\\/\\\/nunoa.cl\\\/nunoapanorama\\\/wp-content\\\/uploads\\\/2023\\\/03\\\/Captura-de-pantalla-150x150.jpg 150w, https:\\\/\\\/nunoa.cl\\\/nunoapanorama\\\/wp-content\\\/uploads\\\/2023\\\/03\\\/Captura-de-pantalla-768x767.jpg 768w, https:\\\/\\\/nunoa.cl\\\/nunoapanorama\\\/wp-content\\\/uploads\\\/2023\\\/03\\\/Captura-de-pantalla-500x500.jpg 500w, https:\\\/\\\/nunoa.cl\\\/nunoapanorama\\\/wp-content\\\/uploads\\\/2023\\\/03\\\/Captura-de-pantalla-80x80.jpg 80w\\\" sizes=\\\"(max-width: 834px) 100vw, 834px\\\" \\\/><\\\/a><p><a href=https:\\\/\\\/nunoa.cl\\\/nunoapanorama\\\/event\\\/se-viene-la-escuela-de-las-artes-de-nunoa\\\/>\\u00a1Se viene la Escuela de las Artes de \\u00d1u\\u00f1oa!<\\\/a><\\\/p>\",\"special\":\"\"},{\"start\":\"2023-03-25 11:00\",\"end\":\"2023-03-25 12:30\",\"url\":\"https:\\\/\\\/nunoa.cl\\\/nunoapanorama\\\/event\\\/tallerpor-que-los-arboles-cambian-de-color\\\/\",\"title\":\"Taller:\\u00bfPor qu\\u00e9 los \\u00e1rboles cambian de color?\",\"desc\":\"<a href=https:\\\/\\\/nunoa.cl\\\/nunoapanorama\\\/event\\\/tallerpor-que-los-arboles-cambian-de-color\\\/><img width=\\\"390\\\" height=\\\"260\\\" src=\\\"https:\\\/\\\/nunoa.cl\\\/nunoapanorama\\\/wp-content\\\/uploads\\\/2023\\\/03\\\/web-copia-4-pt46x5k0igq9kq65mfneerkcray5tkdpmmendzrnoo.jpg\\\" class=\\\"attachment-post-thumbnail size-post-thumbnail wp-post-image\\\" alt=\\\"\\\" srcset=\\\"https:\\\/\\\/nunoa.cl\\\/nunoapanorama\\\/wp-content\\\/uploads\\\/2023\\\/03\\\/web-copia-4-pt46x5k0igq9kq65mfneerkcray5tkdpmmendzrnoo.jpg 390w, https:\\\/\\\/nunoa.cl\\\/nunoapanorama\\\/wp-content\\\/uploads\\\/2023\\\/03\\\/web-copia-4-pt46x5k0igq9kq65mfneerkcray5tkdpmmendzrnoo-300x200.jpg 300w\\\" sizes=\\\"(max-width: 390px) 100vw, 390px\\\" \\\/><\\\/a><p><a href=https:\\\/\\\/nunoa.cl\\\/nunoapanorama\\\/event\\\/tallerpor-que-los-arboles-cambian-de-color\\\/>Taller:\\u00bfPor qu\\u00e9 los \\u00e1rboles cambian de color?<\\\/a><\\\/p>\",\"special\":\"checked\"},{\"start\":\"2023-04-01 19:00\",\"end\":\"2023-04-01 22:00\",\"url\":\"https:\\\/\\\/nunoa.cl\\\/nunoapanorama\\\/event\\\/concierto-abril-y-amapolas\\\/\",\"title\":\"CONCIERTO ABRIL Y AMAPOLAS\",\"desc\":\"<a href=https:\\\/\\\/nunoa.cl\\\/nunoapanorama\\\/event\\\/concierto-abril-y-amapolas\\\/><img width=\\\"1080\\\" height=\\\"1350\\\" src=\\\"https:\\\/\\\/nunoa.cl\\\/nunoapanorama\\\/wp-content\\\/uploads\\\/2023\\\/03\\\/WhatsApp-Image-2023-03-19-at-2.38.37-PM-Espacio-Incluir.jpeg\\\" class=\\\"attachment-post-thumbnail size-post-thumbnail wp-post-image\\\" alt=\\\"\\\" srcset=\\\"https:\\\/\\\/nunoa.cl\\\/nunoapanorama\\\/wp-content\\\/uploads\\\/2023\\\/03\\\/WhatsApp-Image-2023-03-19-at-2.38.37-PM-Espacio-Incluir.jpeg 1080w, https:\\\/\\\/nunoa.cl\\\/nunoapanorama\\\/wp-content\\\/uploads\\\/2023\\\/03\\\/WhatsApp-Image-2023-03-19-at-2.38.37-PM-Espacio-Incluir-240x300.jpeg 240w, https:\\\/\\\/nunoa.cl\\\/nunoapanorama\\\/wp-content\\\/uploads\\\/2023\\\/03\\\/WhatsApp-Image-2023-03-19-at-2.38.37-PM-Espacio-Incluir-819x1024.jpeg 819w, https:\\\/\\\/nunoa.cl\\\/nunoapanorama\\\/wp-content\\\/uploads\\\/2023\\\/03\\\/WhatsApp-Image-2023-03-19-at-2.38.37-PM-Espacio-Incluir-768x960.jpeg 768w\\\" sizes=\\\"(max-width: 1080px) 100vw, 1080px\\\" \\\/><\\\/a><p><a href=https:\\\/\\\/nunoa.cl\\\/nunoapanorama\\\/event\\\/concierto-abril-y-amapolas\\\/>CONCIERTO ABRIL Y AMAPOLAS<\\\/a><\\\/p>\",\"special\":\"\"},{\"start\":\"2023-03-15 20:30\",\"end\":\"2023-03-16 20:30\",\"url\":\"https:\\\/\\\/nunoa.cl\\\/nunoapanorama\\\/event\\\/obra-de-teatro-mistral-gabriela-1945\\\/\",\"title\":\"Obra de teatro: &#8220;Mistral, Gabriela (1945)&#8221;\",\"desc\":\"<a href=https:\\\/\\\/nunoa.cl\\\/nunoapanorama\\\/event\\\/obra-de-teatro-mistral-gabriela-1945\\\/><img width=\\\"2560\\\" height=\\\"1440\\\" src=\\\"https:\\\/\\\/nunoa.cl\\\/nunoapanorama\\\/wp-content\\\/uploads\\\/2023\\\/03\\\/Foto-carrusel-web-MARCELA-PAZ-RIVERA-OLMEDO.jpg\\\" class=\\\"attachment-post-thumbnail size-post-thumbnail wp-post-image\\\" alt=\\\"\\\" srcset=\\\"https:\\\/\\\/nunoa.cl\\\/nunoapanorama\\\/wp-content\\\/uploads\\\/2023\\\/03\\\/Foto-carrusel-web-MARCELA-PAZ-RIVERA-OLMEDO.jpg 2560w, https:\\\/\\\/nunoa.cl\\\/nunoapanorama\\\/wp-content\\\/uploads\\\/2023\\\/03\\\/Foto-carrusel-web-MARCELA-PAZ-RIVERA-OLMEDO-300x169.jpg 300w, https:\\\/\\\/nunoa.cl\\\/nunoapanorama\\\/wp-content\\\/uploads\\\/2023\\\/03\\\/Foto-carrusel-web-MARCELA-PAZ-RIVERA-OLMEDO-1024x576.jpg 1024w, https:\\\/\\\/nunoa.cl\\\/nunoapanorama\\\/wp-content\\\/uploads\\\/2023\\\/03\\\/Foto-carrusel-web-MARCELA-PAZ-RIVERA-OLMEDO-768x432.jpg 768w, https:\\\/\\\/nunoa.cl\\\/nunoapanorama\\\/wp-content\\\/uploads\\\/2023\\\/03\\\/Foto-carrusel-web-MARCELA-PAZ-RIVERA-OLMEDO-1536x864.jpg 1536w, https:\\\/\\\/nunoa.cl\\\/nunoapanorama\\\/wp-content\\\/uploads\\\/2023\\\/03\\\/Foto-carrusel-web-MARCELA-PAZ-RIVERA-OLMEDO-2048x1152.jpg 2048w\\\" sizes=\\\"(max-width: 2560px) 100vw, 2560px\\\" \\\/><\\\/a><p><a href=https:\\\/\\\/nunoa.cl\\\/nunoapanorama\\\/event\\\/obra-de-teatro-mistral-gabriela-1945\\\/>Obra de teatro: &#8220;Mistral, Gabriela (1945)&#8221;<\\\/a><\\\/p>\",\"special\":\"checked\"},{\"start\":\"2023-04-01 12:00\",\"end\":\"1970-01-01 \",\"url\":\"https:\\\/\\\/nunoa.cl\\\/nunoapanorama\\\/event\\\/exposicion-la-mano-que-piensa\\\/\",\"title\":\"Exposici\\u00f3n: La Mano que piensa\",\"desc\":\"<a href=https:\\\/\\\/nunoa.cl\\\/nunoapanorama\\\/event\\\/exposicion-la-mano-que-piensa\\\/><img width=\\\"1080\\\" height=\\\"1093\\\" src=\\\"https:\\\/\\\/nunoa.cl\\\/nunoapanorama\\\/wp-content\\\/uploads\\\/2023\\\/03\\\/Screenshot_20230328_114824.jpg\\\" class=\\\"attachment-post-thumbnail size-post-thumbnail wp-post-image\\\" alt=\\\"\\\" srcset=\\\"https:\\\/\\\/nunoa.cl\\\/nunoapanorama\\\/wp-content\\\/uploads\\\/2023\\\/03\\\/Screenshot_20230328_114824.jpg 1080w, https:\\\/\\\/nunoa.cl\\\/nunoapanorama\\\/wp-content\\\/uploads\\\/2023\\\/03\\\/Screenshot_20230328_114824-296x300.jpg 296w, https:\\\/\\\/nunoa.cl\\\/nunoapanorama\\\/wp-content\\\/uploads\\\/2023\\\/03\\\/Screenshot_20230328_114824-1012x1024.jpg 1012w, https:\\\/\\\/nunoa.cl\\\/nunoapanorama\\\/wp-content\\\/uploads\\\/2023\\\/03\\\/Screenshot_20230328_114824-768x777.jpg 768w, https:\\\/\\\/nunoa.cl\\\/nunoapanorama\\\/wp-content\\\/uploads\\\/2023\\\/03\\\/Screenshot_20230328_114824-80x80.jpg 80w\\\" sizes=\\\"(max-width: 1080px) 100vw, 1080px\\\" \\\/><\\\/a><p><a href=https:\\\/\\\/nunoa.cl\\\/nunoapanorama\\\/event\\\/exposicion-la-mano-que-piensa\\\/>Exposici\\u00f3n: La Mano que piensa<\\\/a><\\\/p>\",\"special\":\"\"},{\"start\":\"2023-03-31 19:00\",\"end\":\"2023-03-31 22:00\",\"url\":\"https:\\\/\\\/nunoa.cl\\\/nunoapanorama\\\/event\\\/noche-de-letras-libros-musica\\\/\",\"title\":\"Noche De Letras: libros + m\\u00fasica\",\"desc\":\"<a href=https:\\\/\\\/nunoa.cl\\\/nunoapanorama\\\/event\\\/noche-de-letras-libros-musica\\\/><img width=\\\"890\\\" height=\\\"892\\\" src=\\\"https:\\\/\\\/nunoa.cl\\\/nunoapanorama\\\/wp-content\\\/uploads\\\/2023\\\/03\\\/Captura-de-pantalla-1.jpg\\\" class=\\\"attachment-post-thumbnail size-post-thumbnail wp-post-image\\\" alt=\\\"\\\" srcset=\\\"https:\\\/\\\/nunoa.cl\\\/nunoapanorama\\\/wp-content\\\/uploads\\\/2023\\\/03\\\/Captura-de-pantalla-1.jpg 890w, https:\\\/\\\/nunoa.cl\\\/nunoapanorama\\\/wp-content\\\/uploads\\\/2023\\\/03\\\/Captura-de-pantalla-1-300x300.jpg 300w, https:\\\/\\\/nunoa.cl\\\/nunoapanorama\\\/wp-content\\\/uploads\\\/2023\\\/03\\\/Captura-de-pantalla-1-150x150.jpg 150w, https:\\\/\\\/nunoa.cl\\\/nunoapanorama\\\/wp-content\\\/uploads\\\/2023\\\/03\\\/Captura-de-pantalla-1-768x770.jpg 768w, https:\\\/\\\/nunoa.cl\\\/nunoapanorama\\\/wp-content\\\/uploads\\\/2023\\\/03\\\/Captura-de-pantalla-1-500x500.jpg 500w, https:\\\/\\\/nunoa.cl\\\/nunoapanorama\\\/wp-content\\\/uploads\\\/2023\\\/03\\\/Captura-de-pantalla-1-80x80.jpg 80w\\\" sizes=\\\"(max-width: 890px) 100vw, 890px\\\" \\\/><\\\/a><p><a href=https:\\\/\\\/nunoa.cl\\\/nunoapanorama\\\/event\\\/noche-de-letras-libros-musica\\\/>Noche De Letras: libros + m\\u00fasica<\\\/a><\\\/p>\",\"special\":\"\"},{\"start\":\"2023-04-01 12:00\",\"end\":\"1970-01-01 \",\"url\":\"https:\\\/\\\/nunoa.cl\\\/nunoapanorama\\\/event\\\/exposicion-imaginarios-sin-fronteras\\\/\",\"title\":\"Exposici\\u00f3n: \\u201cImaginarios sin Fronteras\\u201d\",\"desc\":\"<a href=https:\\\/\\\/nunoa.cl\\\/nunoapanorama\\\/event\\\/exposicion-imaginarios-sin-fronteras\\\/><img width=\\\"888\\\" height=\\\"886\\\" src=\\\"https:\\\/\\\/nunoa.cl\\\/nunoapanorama\\\/wp-content\\\/uploads\\\/2023\\\/03\\\/Captura.jpg\\\" class=\\\"attachment-post-thumbnail size-post-thumbnail wp-post-image\\\" alt=\\\"\\\" srcset=\\\"https:\\\/\\\/nunoa.cl\\\/nunoapanorama\\\/wp-content\\\/uploads\\\/2023\\\/03\\\/Captura.jpg 888w, https:\\\/\\\/nunoa.cl\\\/nunoapanorama\\\/wp-content\\\/uploads\\\/2023\\\/03\\\/Captura-300x300.jpg 300w, https:\\\/\\\/nunoa.cl\\\/nunoapanorama\\\/wp-content\\\/uploads\\\/2023\\\/03\\\/Captura-150x150.jpg 150w, https:\\\/\\\/nunoa.cl\\\/nunoapanorama\\\/wp-content\\\/uploads\\\/2023\\\/03\\\/Captura-768x766.jpg 768w, https:\\\/\\\/nunoa.cl\\\/nunoapanorama\\\/wp-content\\\/uploads\\\/2023\\\/03\\\/Captura-500x500.jpg 500w, https:\\\/\\\/nunoa.cl\\\/nunoapanorama\\\/wp-content\\\/uploads\\\/2023\\\/03\\\/Captura-80x80.jpg 80w\\\" sizes=\\\"(max-width: 888px) 100vw, 888px\\\" \\\/><\\\/a><p><a href=https:\\\/\\\/nunoa.cl\\\/nunoapanorama\\\/event\\\/exposicion-imaginarios-sin-fronteras\\\/>Exposici\\u00f3n: \\u201cImaginarios sin Fronteras\\u201d<\\\/a><\\\/p>\",\"special\":\"\"},{\"start\":\"2023-05-04 20:30\",\"end\":\"2023-06-03 22:00\",\"url\":\"https:\\\/\\\/nunoa.cl\\\/nunoapanorama\\\/event\\\/obra-de-teatro-lo-crudo-lo-cocido-lo-podrido\\\/\",\"title\":\"Obra de Teatro: &#8220;Lo crudo, lo cocido, lo podrido&#8221;\",\"desc\":\"<a href=https:\\\/\\\/nunoa.cl\\\/nunoapanorama\\\/event\\\/obra-de-teatro-lo-crudo-lo-cocido-lo-podrido\\\/><img width=\\\"1920\\\" height=\\\"1080\\\" src=\\\"https:\\\/\\\/nunoa.cl\\\/nunoapanorama\\\/wp-content\\\/uploads\\\/2023\\\/05\\\/Portada_Pagina_web-LoCrudo-OK-MARCELA-PAZ-RIVERA-OLMEDO.jpg\\\" class=\\\"attachment-post-thumbnail size-post-thumbnail wp-post-image\\\" alt=\\\"\\\" srcset=\\\"https:\\\/\\\/nunoa.cl\\\/nunoapanorama\\\/wp-content\\\/uploads\\\/2023\\\/05\\\/Portada_Pagina_web-LoCrudo-OK-MARCELA-PAZ-RIVERA-OLMEDO.jpg 1920w, https:\\\/\\\/nunoa.cl\\\/nunoapanorama\\\/wp-content\\\/uploads\\\/2023\\\/05\\\/Portada_Pagina_web-LoCrudo-OK-MARCELA-PAZ-RIVERA-OLMEDO-300x169.jpg 300w, https:\\\/\\\/nunoa.cl\\\/nunoapanorama\\\/wp-content\\\/uploads\\\/2023\\\/05\\\/Portada_Pagina_web-LoCrudo-OK-MARCELA-PAZ-RIVERA-OLMEDO-1024x576.jpg 1024w, https:\\\/\\\/nunoa.cl\\\/nunoapanorama\\\/wp-content\\\/uploads\\\/2023\\\/05\\\/Portada_Pagina_web-LoCrudo-OK-MARCELA-PAZ-RIVERA-OLMEDO-768x432.jpg 768w, https:\\\/\\\/nunoa.cl\\\/nunoapanorama\\\/wp-content\\\/uploads\\\/2023\\\/05\\\/Portada_Pagina_web-LoCrudo-OK-MARCELA-PAZ-RIVERA-OLMEDO-1536x864.jpg 1536w\\\" sizes=\\\"(max-width: 1920px) 100vw, 1920px\\\" \\\/><\\\/a><p><a href=https:\\\/\\\/nunoa.cl\\\/nunoapanorama\\\/event\\\/obra-de-teatro-lo-crudo-lo-cocido-lo-podrido\\\/>Obra de Teatro: &#8220;Lo crudo, lo cocido, lo podrido&#8221;<\\\/a><\\\/p>\",\"special\":\"checked\"},{\"start\":\"2023-05-05 19:30\",\"end\":\"1970-01-01 \",\"url\":\"https:\\\/\\\/nunoa.cl\\\/nunoapanorama\\\/event\\\/cine-soy-nino\\\/\",\"title\":\"Cine: Soy Ni\\u00f1o\",\"desc\":\"<a href=https:\\\/\\\/nunoa.cl\\\/nunoapanorama\\\/event\\\/cine-soy-nino\\\/><img width=\\\"1024\\\" height=\\\"576\\\" src=\\\"https:\\\/\\\/nunoa.cl\\\/nunoapanorama\\\/wp-content\\\/uploads\\\/2023\\\/05\\\/McPkaick-1024x576-1.jpeg\\\" class=\\\"attachment-post-thumbnail size-post-thumbnail wp-post-image\\\" alt=\\\"\\\" srcset=\\\"https:\\\/\\\/nunoa.cl\\\/nunoapanorama\\\/wp-content\\\/uploads\\\/2023\\\/05\\\/McPkaick-1024x576-1.jpeg 1024w, https:\\\/\\\/nunoa.cl\\\/nunoapanorama\\\/wp-content\\\/uploads\\\/2023\\\/05\\\/McPkaick-1024x576-1-300x169.jpeg 300w, https:\\\/\\\/nunoa.cl\\\/nunoapanorama\\\/wp-content\\\/uploads\\\/2023\\\/05\\\/McPkaick-1024x576-1-768x432.jpeg 768w\\\" sizes=\\\"(max-width: 1024px) 100vw, 1024px\\\" \\\/><\\\/a><p><a href=https:\\\/\\\/nunoa.cl\\\/nunoapanorama\\\/event\\\/cine-soy-nino\\\/>Cine: Soy Ni\\u00f1o<\\\/a><\\\/p>\",\"special\":\"\"},{\"start\":\"2023-05-06 16:30\",\"end\":\"1970-01-01 \",\"url\":\"https:\\\/\\\/nunoa.cl\\\/nunoapanorama\\\/event\\\/cine-familiar-hercules\\\/\",\"title\":\"Cine Familiar: H\\u00e9rcules\",\"desc\":\"<a href=https:\\\/\\\/nunoa.cl\\\/nunoapanorama\\\/event\\\/cine-familiar-hercules\\\/><img width=\\\"1024\\\" height=\\\"576\\\" src=\\\"https:\\\/\\\/nunoa.cl\\\/nunoapanorama\\\/wp-content\\\/uploads\\\/2023\\\/05\\\/hercules-live-action-1024x576-1.webp\\\" class=\\\"attachment-post-thumbnail size-post-thumbnail wp-post-image\\\" alt=\\\"\\\" srcset=\\\"https:\\\/\\\/nunoa.cl\\\/nunoapanorama\\\/wp-content\\\/uploads\\\/2023\\\/05\\\/hercules-live-action-1024x576-1.webp 1024w, https:\\\/\\\/nunoa.cl\\\/nunoapanorama\\\/wp-content\\\/uploads\\\/2023\\\/05\\\/hercules-live-action-1024x576-1-300x169.webp 300w, https:\\\/\\\/nunoa.cl\\\/nunoapanorama\\\/wp-content\\\/uploads\\\/2023\\\/05\\\/hercules-live-action-1024x576-1-768x432.webp 768w\\\" sizes=\\\"(max-width: 1024px) 100vw, 1024px\\\" \\\/><\\\/a><p><a href=https:\\\/\\\/nunoa.cl\\\/nunoapanorama\\\/event\\\/cine-familiar-hercules\\\/>Cine Familiar: H\\u00e9rcules<\\\/a><\\\/p>\",\"special\":\"\"},{\"start\":\"2023-05-06 19:30\",\"end\":\"1970-01-01 \",\"url\":\"https:\\\/\\\/nunoa.cl\\\/nunoapanorama\\\/event\\\/cine-dogman\\\/\",\"title\":\"Cine: Dogman\",\"desc\":\"<a href=https:\\\/\\\/nunoa.cl\\\/nunoapanorama\\\/event\\\/cine-dogman\\\/><img width=\\\"1536\\\" height=\\\"644\\\" src=\\\"https:\\\/\\\/nunoa.cl\\\/nunoapanorama\\\/wp-content\\\/uploads\\\/2023\\\/05\\\/vlcsnap-2023-04-11-16h57m05s767-1536x644-1.png\\\" class=\\\"attachment-post-thumbnail size-post-thumbnail wp-post-image\\\" alt=\\\"\\\" srcset=\\\"https:\\\/\\\/nunoa.cl\\\/nunoapanorama\\\/wp-content\\\/uploads\\\/2023\\\/05\\\/vlcsnap-2023-04-11-16h57m05s767-1536x644-1.png 1536w, https:\\\/\\\/nunoa.cl\\\/nunoapanorama\\\/wp-content\\\/uploads\\\/2023\\\/05\\\/vlcsnap-2023-04-11-16h57m05s767-1536x644-1-300x126.png 300w, https:\\\/\\\/nunoa.cl\\\/nunoapanorama\\\/wp-content\\\/uploads\\\/2023\\\/05\\\/vlcsnap-2023-04-11-16h57m05s767-1536x644-1-1024x429.png 1024w, https:\\\/\\\/nunoa.cl\\\/nunoapanorama\\\/wp-content\\\/uploads\\\/2023\\\/05\\\/vlcsnap-2023-04-11-16h57m05s767-1536x644-1-768x322.png 768w\\\" sizes=\\\"(max-width: 1536px) 100vw, 1536px\\\" \\\/><\\\/a><p><a href=https:\\\/\\\/nunoa.cl\\\/nunoapanorama\\\/event\\\/cine-dogman\\\/>Cine: Dogman<\\\/a><\\\/p>\",\"special\":\"\"},{\"start\":\"2023-05-10 16:30\",\"end\":\"2023-05-11 22:00\",\"url\":\"https:\\\/\\\/nunoa.cl\\\/nunoapanorama\\\/event\\\/femcine\\\/\",\"title\":\"FEMCINE\",\"desc\":\"<a href=https:\\\/\\\/nunoa.cl\\\/nunoapanorama\\\/event\\\/femcine\\\/><img width=\\\"888\\\" height=\\\"865\\\" src=\\\"https:\\\/\\\/nunoa.cl\\\/nunoapanorama\\\/wp-content\\\/uploads\\\/2023\\\/05\\\/Captura-de-pantalla-2023-05-03-131643.jpg\\\" class=\\\"attachment-post-thumbnail size-post-thumbnail wp-post-image\\\" alt=\\\"\\\" srcset=\\\"https:\\\/\\\/nunoa.cl\\\/nunoapanorama\\\/wp-content\\\/uploads\\\/2023\\\/05\\\/Captura-de-pantalla-2023-05-03-131643.jpg 888w, https:\\\/\\\/nunoa.cl\\\/nunoapanorama\\\/wp-content\\\/uploads\\\/2023\\\/05\\\/Captura-de-pantalla-2023-05-03-131643-300x292.jpg 300w, https:\\\/\\\/nunoa.cl\\\/nunoapanorama\\\/wp-content\\\/uploads\\\/2023\\\/05\\\/Captura-de-pantalla-2023-05-03-131643-768x748.jpg 768w\\\" sizes=\\\"(max-width: 888px) 100vw, 888px\\\" \\\/><\\\/a><p><a href=https:\\\/\\\/nunoa.cl\\\/nunoapanorama\\\/event\\\/femcine\\\/>FEMCINE<\\\/a><\\\/p>\",\"special\":\"\"},{\"start\":\"2023-05-20 16:30\",\"end\":\"1970-01-01 \",\"url\":\"https:\\\/\\\/nunoa.cl\\\/nunoapanorama\\\/event\\\/cine-familiar-el-fantastico-sr-zorro\\\/\",\"title\":\"Cine familiar: El Fant\\u00e1stico Sr. Zorro\",\"desc\":\"<a href=https:\\\/\\\/nunoa.cl\\\/nunoapanorama\\\/event\\\/cine-familiar-el-fantastico-sr-zorro\\\/><img width=\\\"1024\\\" height=\\\"576\\\" src=\\\"https:\\\/\\\/nunoa.cl\\\/nunoapanorama\\\/wp-content\\\/uploads\\\/2023\\\/05\\\/image-w1280-1024x576-1.webp\\\" class=\\\"attachment-post-thumbnail size-post-thumbnail wp-post-image\\\" alt=\\\"\\\" srcset=\\\"https:\\\/\\\/nunoa.cl\\\/nunoapanorama\\\/wp-content\\\/uploads\\\/2023\\\/05\\\/image-w1280-1024x576-1.webp 1024w, https:\\\/\\\/nunoa.cl\\\/nunoapanorama\\\/wp-content\\\/uploads\\\/2023\\\/05\\\/image-w1280-1024x576-1-300x169.webp 300w, https:\\\/\\\/nunoa.cl\\\/nunoapanorama\\\/wp-content\\\/uploads\\\/2023\\\/05\\\/image-w1280-1024x576-1-768x432.webp 768w\\\" sizes=\\\"(max-width: 1024px) 100vw, 1024px\\\" \\\/><\\\/a><p><a href=https:\\\/\\\/nunoa.cl\\\/nunoapanorama\\\/event\\\/cine-familiar-el-fantastico-sr-zorro\\\/>Cine familiar: El Fant\\u00e1stico Sr. Zorro<\\\/a><\\\/p>\",\"special\":\"\"},{\"start\":\"2023-05-20 19:30\",\"end\":\"1970-01-01 \",\"url\":\"https:\\\/\\\/nunoa.cl\\\/nunoapanorama\\\/event\\\/cine-matrix\\\/\",\"title\":\"Cine: Matrix\",\"desc\":\"<a href=https:\\\/\\\/nunoa.cl\\\/nunoapanorama\\\/event\\\/cine-matrix\\\/><img width=\\\"768\\\" height=\\\"576\\\" src=\\\"https:\\\/\\\/nunoa.cl\\\/nunoapanorama\\\/wp-content\\\/uploads\\\/2023\\\/05\\\/20190821-Matrix-4-01-768x576-1.webp\\\" class=\\\"attachment-post-thumbnail size-post-thumbnail wp-post-image\\\" alt=\\\"\\\" srcset=\\\"https:\\\/\\\/nunoa.cl\\\/nunoapanorama\\\/wp-content\\\/uploads\\\/2023\\\/05\\\/20190821-Matrix-4-01-768x576-1.webp 768w, https:\\\/\\\/nunoa.cl\\\/nunoapanorama\\\/wp-content\\\/uploads\\\/2023\\\/05\\\/20190821-Matrix-4-01-768x576-1-300x225.webp 300w\\\" sizes=\\\"(max-width: 768px) 100vw, 768px\\\" \\\/><\\\/a><p><a href=https:\\\/\\\/nunoa.cl\\\/nunoapanorama\\\/event\\\/cine-matrix\\\/>Cine: Matrix<\\\/a><\\\/p>\",\"special\":\"\"},{\"start\":\"2023-05-26 19:30\",\"end\":\"1970-01-01 \",\"url\":\"https:\\\/\\\/nunoa.cl\\\/nunoapanorama\\\/event\\\/cine-todo-sobre-mi-madre\\\/\",\"title\":\"Cine: Todo Sobre Mi Madre\",\"desc\":\"<a href=https:\\\/\\\/nunoa.cl\\\/nunoapanorama\\\/event\\\/cine-todo-sobre-mi-madre\\\/><img width=\\\"1024\\\" height=\\\"576\\\" src=\\\"https:\\\/\\\/nunoa.cl\\\/nunoapanorama\\\/wp-content\\\/uploads\\\/2023\\\/05\\\/image-w1280-1-1024x576-1.webp\\\" class=\\\"attachment-post-thumbnail size-post-thumbnail wp-post-image\\\" alt=\\\"\\\" srcset=\\\"https:\\\/\\\/nunoa.cl\\\/nunoapanorama\\\/wp-content\\\/uploads\\\/2023\\\/05\\\/image-w1280-1-1024x576-1.webp 1024w, https:\\\/\\\/nunoa.cl\\\/nunoapanorama\\\/wp-content\\\/uploads\\\/2023\\\/05\\\/image-w1280-1-1024x576-1-300x169.webp 300w, https:\\\/\\\/nunoa.cl\\\/nunoapanorama\\\/wp-content\\\/uploads\\\/2023\\\/05\\\/image-w1280-1-1024x576-1-768x432.webp 768w\\\" sizes=\\\"(max-width: 1024px) 100vw, 1024px\\\" \\\/><\\\/a><p><a href=https:\\\/\\\/nunoa.cl\\\/nunoapanorama\\\/event\\\/cine-todo-sobre-mi-madre\\\/>Cine: Todo Sobre Mi Madre<\\\/a><\\\/p>\",\"special\":\"\"},{\"start\":\"2023-05-27 16:30\",\"end\":\"1970-01-01 \",\"url\":\"https:\\\/\\\/nunoa.cl\\\/nunoapanorama\\\/event\\\/cine-familiar-los-ninos-lobos\\\/\",\"title\":\"Cine Familiar: Los ni\\u00f1os lobos\",\"desc\":\"<a href=https:\\\/\\\/nunoa.cl\\\/nunoapanorama\\\/event\\\/cine-familiar-los-ninos-lobos\\\/><img width=\\\"1024\\\" height=\\\"575\\\" src=\\\"https:\\\/\\\/nunoa.cl\\\/nunoapanorama\\\/wp-content\\\/uploads\\\/2023\\\/05\\\/okami-kodomo-no-ame-to-yuki_2012-4-1500x843-1-1024x575-1.jpg\\\" class=\\\"attachment-post-thumbnail size-post-thumbnail wp-post-image\\\" alt=\\\"\\\" srcset=\\\"https:\\\/\\\/nunoa.cl\\\/nunoapanorama\\\/wp-content\\\/uploads\\\/2023\\\/05\\\/okami-kodomo-no-ame-to-yuki_2012-4-1500x843-1-1024x575-1.jpg 1024w, https:\\\/\\\/nunoa.cl\\\/nunoapanorama\\\/wp-content\\\/uploads\\\/2023\\\/05\\\/okami-kodomo-no-ame-to-yuki_2012-4-1500x843-1-1024x575-1-300x168.jpg 300w, https:\\\/\\\/nunoa.cl\\\/nunoapanorama\\\/wp-content\\\/uploads\\\/2023\\\/05\\\/okami-kodomo-no-ame-to-yuki_2012-4-1500x843-1-1024x575-1-768x431.jpg 768w\\\" sizes=\\\"(max-width: 1024px) 100vw, 1024px\\\" \\\/><\\\/a><p><a href=https:\\\/\\\/nunoa.cl\\\/nunoapanorama\\\/event\\\/cine-familiar-los-ninos-lobos\\\/>Cine Familiar: Los ni\\u00f1os lobos<\\\/a><\\\/p>\",\"special\":\"\"},{\"start\":\"2023-05-27 19:30\",\"end\":\"1970-01-01 \",\"url\":\"https:\\\/\\\/nunoa.cl\\\/nunoapanorama\\\/event\\\/cine-ladybird\\\/\",\"title\":\"Cine: Ladybird\",\"desc\":\"<a href=https:\\\/\\\/nunoa.cl\\\/nunoapanorama\\\/event\\\/cine-ladybird\\\/><img width=\\\"1024\\\" height=\\\"576\\\" src=\\\"https:\\\/\\\/nunoa.cl\\\/nunoapanorama\\\/wp-content\\\/uploads\\\/2023\\\/05\\\/lady-bird-v1-0010_lb_00000-1-_preview_wide-fd0c9e9890abf9ad9d9452e703a67bd80b60f2e7-s1400-c100-1024x576-1.jpg\\\" class=\\\"attachment-post-thumbnail size-post-thumbnail wp-post-image\\\" alt=\\\"\\\" srcset=\\\"https:\\\/\\\/nunoa.cl\\\/nunoapanorama\\\/wp-content\\\/uploads\\\/2023\\\/05\\\/lady-bird-v1-0010_lb_00000-1-_preview_wide-fd0c9e9890abf9ad9d9452e703a67bd80b60f2e7-s1400-c100-1024x576-1.jpg 1024w, https:\\\/\\\/nunoa.cl\\\/nunoapanorama\\\/wp-content\\\/uploads\\\/2023\\\/05\\\/lady-bird-v1-0010_lb_00000-1-_preview_wide-fd0c9e9890abf9ad9d9452e703a67bd80b60f2e7-s1400-c100-1024x576-1-300x169.jpg 300w, https:\\\/\\\/nunoa.cl\\\/nunoapanorama\\\/wp-content\\\/uploads\\\/2023\\\/05\\\/lady-bird-v1-0010_lb_00000-1-_preview_wide-fd0c9e9890abf9ad9d9452e703a67bd80b60f2e7-s1400-c100-1024x576-1-768x432.jpg 768w\\\" sizes=\\\"(max-width: 1024px) 100vw, 1024px\\\" \\\/><\\\/a><p><a href=https:\\\/\\\/nunoa.cl\\\/nunoapanorama\\\/event\\\/cine-ladybird\\\/>Cine: Ladybird<\\\/a><\\\/p>\",\"special\":\"\"},{\"start\":\"2023-05-19 19:30\",\"end\":\"1970-01-01 \",\"url\":\"https:\\\/\\\/nunoa.cl\\\/nunoapanorama\\\/event\\\/ciclo-juventudes-con-memoria-venian-a-buscarme-cineforo\\\/\",\"title\":\"Ciclo Juventudes con Memoria: Ven\\u00edan a Buscarme + Cineforo\",\"desc\":\"<a href=https:\\\/\\\/nunoa.cl\\\/nunoapanorama\\\/event\\\/ciclo-juventudes-con-memoria-venian-a-buscarme-cineforo\\\/><img width=\\\"1024\\\" height=\\\"576\\\" src=\\\"https:\\\/\\\/nunoa.cl\\\/nunoapanorama\\\/wp-content\\\/uploads\\\/2023\\\/05\\\/maxresdefault-1-1024x576-1.jpg\\\" class=\\\"attachment-post-thumbnail size-post-thumbnail wp-post-image\\\" alt=\\\"\\\" srcset=\\\"https:\\\/\\\/nunoa.cl\\\/nunoapanorama\\\/wp-content\\\/uploads\\\/2023\\\/05\\\/maxresdefault-1-1024x576-1.jpg 1024w, https:\\\/\\\/nunoa.cl\\\/nunoapanorama\\\/wp-content\\\/uploads\\\/2023\\\/05\\\/maxresdefault-1-1024x576-1-300x169.jpg 300w, https:\\\/\\\/nunoa.cl\\\/nunoapanorama\\\/wp-content\\\/uploads\\\/2023\\\/05\\\/maxresdefault-1-1024x576-1-768x432.jpg 768w\\\" sizes=\\\"(max-width: 1024px) 100vw, 1024px\\\" \\\/><\\\/a><p><a href=https:\\\/\\\/nunoa.cl\\\/nunoapanorama\\\/event\\\/ciclo-juventudes-con-memoria-venian-a-buscarme-cineforo\\\/>Ciclo Juventudes con Memoria: Ven\\u00edan a Buscarme + Cineforo<\\\/a><\\\/p>\",\"special\":\"\"},{\"start\":\"2023-05-05 11:00\",\"end\":\"1970-01-01 \",\"url\":\"https:\\\/\\\/nunoa.cl\\\/nunoapanorama\\\/event\\\/museo-de-arte-popular-americano-tomas-lago-mapa-sede-plataforma-cultural-juan-gomez-millas\\\/\",\"title\":\"Museo de Arte Popular Americano Tom\\u00e1s Lago, MAPA, sede Plataforma Cultural Juan G\\u00f3mez Millas\",\"desc\":\"<a href=https:\\\/\\\/nunoa.cl\\\/nunoapanorama\\\/event\\\/museo-de-arte-popular-americano-tomas-lago-mapa-sede-plataforma-cultural-juan-gomez-millas\\\/><img width=\\\"885\\\" height=\\\"885\\\" src=\\\"https:\\\/\\\/nunoa.cl\\\/nunoapanorama\\\/wp-content\\\/uploads\\\/2023\\\/05\\\/Captura-de-pantalla-2023-05-04-131150.jpg\\\" class=\\\"attachment-post-thumbnail size-post-thumbnail wp-post-image\\\" alt=\\\"\\\" srcset=\\\"https:\\\/\\\/nunoa.cl\\\/nunoapanorama\\\/wp-content\\\/uploads\\\/2023\\\/05\\\/Captura-de-pantalla-2023-05-04-131150.jpg 885w, https:\\\/\\\/nunoa.cl\\\/nunoapanorama\\\/wp-content\\\/uploads\\\/2023\\\/05\\\/Captura-de-pantalla-2023-05-04-131150-300x300.jpg 300w, https:\\\/\\\/nunoa.cl\\\/nunoapanorama\\\/wp-content\\\/uploads\\\/2023\\\/05\\\/Captura-de-pantalla-2023-05-04-131150-150x150.jpg 150w, https:\\\/\\\/nunoa.cl\\\/nunoapanorama\\\/wp-content\\\/uploads\\\/2023\\\/05\\\/Captura-de-pantalla-2023-05-04-131150-768x768.jpg 768w, https:\\\/\\\/nunoa.cl\\\/nunoapanorama\\\/wp-content\\\/uploads\\\/2023\\\/05\\\/Captura-de-pantalla-2023-05-04-131150-500x500.jpg 500w, https:\\\/\\\/nunoa.cl\\\/nunoapanorama\\\/wp-content\\\/uploads\\\/2023\\\/05\\\/Captura-de-pantalla-2023-05-04-131150-80x80.jpg 80w\\\" sizes=\\\"(max-width: 885px) 100vw, 885px\\\" \\\/><\\\/a><p><a href=https:\\\/\\\/nunoa.cl\\\/nunoapanorama\\\/event\\\/museo-de-arte-popular-americano-tomas-lago-mapa-sede-plataforma-cultural-juan-gomez-millas\\\/>Museo de Arte Popular Americano Tom\\u00e1s Lago, MAPA, sede Plataforma Cultural Juan G\\u00f3mez Millas<\\\/a><\\\/p>\",\"special\":\"\"},{\"start\":\"2023-05-24 15:00\",\"end\":\"1970-01-01 \",\"url\":\"https:\\\/\\\/nunoa.cl\\\/nunoapanorama\\\/event\\\/dia-de-lo-patrimonios-en-el-departamento-de-antropologia-de-la-universidad-de-chile\\\/\",\"title\":\"D\\u00eda de lo Patrimonios en el Departamento de Antropolog\\u00eda de la Universidad de Chile\",\"desc\":\"<a href=https:\\\/\\\/nunoa.cl\\\/nunoapanorama\\\/event\\\/dia-de-lo-patrimonios-en-el-departamento-de-antropologia-de-la-universidad-de-chile\\\/><img width=\\\"1442\\\" height=\\\"1502\\\" src=\\\"https:\\\/\\\/nunoa.cl\\\/nunoapanorama\\\/wp-content\\\/uploads\\\/2023\\\/05\\\/Afiche-Dia-Patrimonios-2023.jpg\\\" class=\\\"attachment-post-thumbnail size-post-thumbnail wp-post-image\\\" alt=\\\"\\\" srcset=\\\"https:\\\/\\\/nunoa.cl\\\/nunoapanorama\\\/wp-content\\\/uploads\\\/2023\\\/05\\\/Afiche-Dia-Patrimonios-2023.jpg 1442w, https:\\\/\\\/nunoa.cl\\\/nunoapanorama\\\/wp-content\\\/uploads\\\/2023\\\/05\\\/Afiche-Dia-Patrimonios-2023-288x300.jpg 288w, https:\\\/\\\/nunoa.cl\\\/nunoapanorama\\\/wp-content\\\/uploads\\\/2023\\\/05\\\/Afiche-Dia-Patrimonios-2023-983x1024.jpg 983w, https:\\\/\\\/nunoa.cl\\\/nunoapanorama\\\/wp-content\\\/uploads\\\/2023\\\/05\\\/Afiche-Dia-Patrimonios-2023-768x800.jpg 768w\\\" sizes=\\\"(max-width: 1442px) 100vw, 1442px\\\" \\\/><\\\/a><p><a href=https:\\\/\\\/nunoa.cl\\\/nunoapanorama\\\/event\\\/dia-de-lo-patrimonios-en-el-departamento-de-antropologia-de-la-universidad-de-chile\\\/>D\\u00eda de lo Patrimonios en el Departamento de Antropolog\\u00eda de la Universidad de Chile<\\\/a><\\\/p>\",\"special\":\"checked\"},{\"start\":\"2023-05-10 14:30\",\"end\":\"1970-01-01 \",\"url\":\"https:\\\/\\\/nunoa.cl\\\/nunoapanorama\\\/event\\\/documental-septiembre-pueblo-y-memoria\\\/\",\"title\":\"Documental \\u201cSeptiembre: Pueblo y Memoria\\u201d\",\"desc\":\"<a href=https:\\\/\\\/nunoa.cl\\\/nunoapanorama\\\/event\\\/documental-septiembre-pueblo-y-memoria\\\/><img width=\\\"886\\\" height=\\\"888\\\" src=\\\"https:\\\/\\\/nunoa.cl\\\/nunoapanorama\\\/wp-content\\\/uploads\\\/2023\\\/05\\\/Captura-de-pantalla-2023-05-05-091317.png\\\" class=\\\"attachment-post-thumbnail size-post-thumbnail wp-post-image\\\" alt=\\\"\\\" srcset=\\\"https:\\\/\\\/nunoa.cl\\\/nunoapanorama\\\/wp-content\\\/uploads\\\/2023\\\/05\\\/Captura-de-pantalla-2023-05-05-091317.png 886w, https:\\\/\\\/nunoa.cl\\\/nunoapanorama\\\/wp-content\\\/uploads\\\/2023\\\/05\\\/Captura-de-pantalla-2023-05-05-091317-300x300.png 300w, https:\\\/\\\/nunoa.cl\\\/nunoapanorama\\\/wp-content\\\/uploads\\\/2023\\\/05\\\/Captura-de-pantalla-2023-05-05-091317-150x150.png 150w, https:\\\/\\\/nunoa.cl\\\/nunoapanorama\\\/wp-content\\\/uploads\\\/2023\\\/05\\\/Captura-de-pantalla-2023-05-05-091317-768x770.png 768w, https:\\\/\\\/nunoa.cl\\\/nunoapanorama\\\/wp-content\\\/uploads\\\/2023\\\/05\\\/Captura-de-pantalla-2023-05-05-091317-500x500.png 500w, https:\\\/\\\/nunoa.cl\\\/nunoapanorama\\\/wp-content\\\/uploads\\\/2023\\\/05\\\/Captura-de-pantalla-2023-05-05-091317-80x80.png 80w\\\" sizes=\\\"(max-width: 886px) 100vw, 886px\\\" \\\/><\\\/a><p><a href=https:\\\/\\\/nunoa.cl\\\/nunoapanorama\\\/event\\\/documental-septiembre-pueblo-y-memoria\\\/>Documental \\u201cSeptiembre: Pueblo y Memoria\\u201d<\\\/a><\\\/p>\",\"special\":\"\"},{\"start\":\"2023-05-08 12:30\",\"end\":\"1970-01-01 \",\"url\":\"https:\\\/\\\/nunoa.cl\\\/nunoapanorama\\\/event\\\/semana-de-la-libertad-de-expresion-documental-conversatorio\\\/\",\"title\":\"Semana de la Libertad de Expresi\\u00f3n: Documental + conversatorio\",\"desc\":\"<a href=https:\\\/\\\/nunoa.cl\\\/nunoapanorama\\\/event\\\/semana-de-la-libertad-de-expresion-documental-conversatorio\\\/><img width=\\\"886\\\" height=\\\"884\\\" src=\\\"https:\\\/\\\/nunoa.cl\\\/nunoapanorama\\\/wp-content\\\/uploads\\\/2023\\\/05\\\/Captura-de-pantalla-2023-05-05-151807.png\\\" class=\\\"attachment-post-thumbnail size-post-thumbnail wp-post-image\\\" alt=\\\"\\\" srcset=\\\"https:\\\/\\\/nunoa.cl\\\/nunoapanorama\\\/wp-content\\\/uploads\\\/2023\\\/05\\\/Captura-de-pantalla-2023-05-05-151807.png 886w, https:\\\/\\\/nunoa.cl\\\/nunoapanorama\\\/wp-content\\\/uploads\\\/2023\\\/05\\\/Captura-de-pantalla-2023-05-05-151807-300x300.png 300w, https:\\\/\\\/nunoa.cl\\\/nunoapanorama\\\/wp-content\\\/uploads\\\/2023\\\/05\\\/Captura-de-pantalla-2023-05-05-151807-150x150.png 150w, https:\\\/\\\/nunoa.cl\\\/nunoapanorama\\\/wp-content\\\/uploads\\\/2023\\\/05\\\/Captura-de-pantalla-2023-05-05-151807-768x766.png 768w, https:\\\/\\\/nunoa.cl\\\/nunoapanorama\\\/wp-content\\\/uploads\\\/2023\\\/05\\\/Captura-de-pantalla-2023-05-05-151807-500x500.png 500w, https:\\\/\\\/nunoa.cl\\\/nunoapanorama\\\/wp-content\\\/uploads\\\/2023\\\/05\\\/Captura-de-pantalla-2023-05-05-151807-80x80.png 80w\\\" sizes=\\\"(max-width: 886px) 100vw, 886px\\\" \\\/><\\\/a><p><a href=https:\\\/\\\/nunoa.cl\\\/nunoapanorama\\\/event\\\/semana-de-la-libertad-de-expresion-documental-conversatorio\\\/>Semana de la Libertad de Expresi\\u00f3n: Documental + conversatorio<\\\/a><\\\/p>\",\"special\":\"\"},{\"start\":\"2023-05-10 18:30\",\"end\":\"1970-01-01 \",\"url\":\"https:\\\/\\\/nunoa.cl\\\/nunoapanorama\\\/event\\\/semana-de-la-libertad-de-expresion-conversatorio-periodismo-y-censura\\\/\",\"title\":\"Semana de la Libertad de Expresi\\u00f3n: Conversatorio \\u201cPeriodismo y Censura&#8221;\",\"desc\":\"<a href=https:\\\/\\\/nunoa.cl\\\/nunoapanorama\\\/event\\\/semana-de-la-libertad-de-expresion-conversatorio-periodismo-y-censura\\\/><img width=\\\"887\\\" height=\\\"880\\\" src=\\\"https:\\\/\\\/nunoa.cl\\\/nunoapanorama\\\/wp-content\\\/uploads\\\/2023\\\/05\\\/Captura-de-pantalla-2023-05-05-151833.png\\\" class=\\\"attachment-post-thumbnail size-post-thumbnail wp-post-image\\\" alt=\\\"\\\" srcset=\\\"https:\\\/\\\/nunoa.cl\\\/nunoapanorama\\\/wp-content\\\/uploads\\\/2023\\\/05\\\/Captura-de-pantalla-2023-05-05-151833.png 887w, https:\\\/\\\/nunoa.cl\\\/nunoapanorama\\\/wp-content\\\/uploads\\\/2023\\\/05\\\/Captura-de-pantalla-2023-05-05-151833-300x298.png 300w, https:\\\/\\\/nunoa.cl\\\/nunoapanorama\\\/wp-content\\\/uploads\\\/2023\\\/05\\\/Captura-de-pantalla-2023-05-05-151833-150x150.png 150w, https:\\\/\\\/nunoa.cl\\\/nunoapanorama\\\/wp-content\\\/uploads\\\/2023\\\/05\\\/Captura-de-pantalla-2023-05-05-151833-768x762.png 768w, https:\\\/\\\/nunoa.cl\\\/nunoapanorama\\\/wp-content\\\/uploads\\\/2023\\\/05\\\/Captura-de-pantalla-2023-05-05-151833-80x80.png 80w\\\" sizes=\\\"(max-width: 887px) 100vw, 887px\\\" \\\/><\\\/a><p><a href=https:\\\/\\\/nunoa.cl\\\/nunoapanorama\\\/event\\\/semana-de-la-libertad-de-expresion-conversatorio-periodismo-y-censura\\\/>Semana de la Libertad de Expresi\\u00f3n: Conversatorio \\u201cPeriodismo y Censura&#8221;<\\\/a><\\\/p>\",\"special\":\"\"},{\"start\":\"2023-05-30 18:00\",\"end\":\"1970-01-01 \",\"url\":\"https:\\\/\\\/nunoa.cl\\\/nunoapanorama\\\/event\\\/conversatorio-pensar-la-artes-populares-hoy\\\/\",\"title\":\"Conversatorio &#8220;Pensar la Artes Populares hoy&#8221;\",\"desc\":\"<a href=https:\\\/\\\/nunoa.cl\\\/nunoapanorama\\\/event\\\/conversatorio-pensar-la-artes-populares-hoy\\\/><img width=\\\"885\\\" height=\\\"885\\\" src=\\\"https:\\\/\\\/nunoa.cl\\\/nunoapanorama\\\/wp-content\\\/uploads\\\/2023\\\/05\\\/Captura-de-pantalla-2023-05-23-151458.png\\\" class=\\\"attachment-post-thumbnail size-post-thumbnail wp-post-image\\\" alt=\\\"\\\" srcset=\\\"https:\\\/\\\/nunoa.cl\\\/nunoapanorama\\\/wp-content\\\/uploads\\\/2023\\\/05\\\/Captura-de-pantalla-2023-05-23-151458.png 885w, https:\\\/\\\/nunoa.cl\\\/nunoapanorama\\\/wp-content\\\/uploads\\\/2023\\\/05\\\/Captura-de-pantalla-2023-05-23-151458-300x300.png 300w, https:\\\/\\\/nunoa.cl\\\/nunoapanorama\\\/wp-content\\\/uploads\\\/2023\\\/05\\\/Captura-de-pantalla-2023-05-23-151458-150x150.png 150w, https:\\\/\\\/nunoa.cl\\\/nunoapanorama\\\/wp-content\\\/uploads\\\/2023\\\/05\\\/Captura-de-pantalla-2023-05-23-151458-768x768.png 768w, https:\\\/\\\/nunoa.cl\\\/nunoapanorama\\\/wp-content\\\/uploads\\\/2023\\\/05\\\/Captura-de-pantalla-2023-05-23-151458-500x500.png 500w, https:\\\/\\\/nunoa.cl\\\/nunoapanorama\\\/wp-content\\\/uploads\\\/2023\\\/05\\\/Captura-de-pantalla-2023-05-23-151458-80x80.png 80w\\\" sizes=\\\"(max-width: 885px) 100vw, 885px\\\" \\\/><\\\/a><p><a href=https:\\\/\\\/nunoa.cl\\\/nunoapanorama\\\/event\\\/conversatorio-pensar-la-artes-populares-hoy\\\/>Conversatorio &#8220;Pensar la Artes Populares hoy&#8221;<\\\/a><\\\/p>\",\"special\":\"\"},{\"start\":\"2023-06-01 19:30\",\"end\":\"1970-01-01 \",\"url\":\"https:\\\/\\\/nunoa.cl\\\/nunoapanorama\\\/event\\\/ciclo-egresados-cine-y-tv-u-de-chile-piola-cineforo\\\/\",\"title\":\"Ciclo Egresados Cine y TV U. de Chile: &#8220;Piola&#8221; + Cineforo\",\"desc\":\"<a href=https:\\\/\\\/nunoa.cl\\\/nunoapanorama\\\/event\\\/ciclo-egresados-cine-y-tv-u-de-chile-piola-cineforo\\\/><img width=\\\"1024\\\" height=\\\"574\\\" src=\\\"https:\\\/\\\/nunoa.cl\\\/nunoapanorama\\\/wp-content\\\/uploads\\\/2023\\\/05\\\/Fotograma-5-e1685026340988-1024x574-1.png\\\" class=\\\"attachment-post-thumbnail size-post-thumbnail wp-post-image\\\" alt=\\\"\\\" srcset=\\\"https:\\\/\\\/nunoa.cl\\\/nunoapanorama\\\/wp-content\\\/uploads\\\/2023\\\/05\\\/Fotograma-5-e1685026340988-1024x574-1.png 1024w, https:\\\/\\\/nunoa.cl\\\/nunoapanorama\\\/wp-content\\\/uploads\\\/2023\\\/05\\\/Fotograma-5-e1685026340988-1024x574-1-300x168.png 300w, https:\\\/\\\/nunoa.cl\\\/nunoapanorama\\\/wp-content\\\/uploads\\\/2023\\\/05\\\/Fotograma-5-e1685026340988-1024x574-1-768x431.png 768w\\\" sizes=\\\"(max-width: 1024px) 100vw, 1024px\\\" \\\/><\\\/a><p><a href=https:\\\/\\\/nunoa.cl\\\/nunoapanorama\\\/event\\\/ciclo-egresados-cine-y-tv-u-de-chile-piola-cineforo\\\/>Ciclo Egresados Cine y TV U. de Chile: &#8220;Piola&#8221; + Cineforo<\\\/a><\\\/p>\",\"special\":\"\"},{\"start\":\"2023-06-02 19:30\",\"end\":\"1970-01-01 \",\"url\":\"https:\\\/\\\/nunoa.cl\\\/nunoapanorama\\\/event\\\/cine-proyecto-fantasma-cineforo\\\/\",\"title\":\"Cine: &#8220;Proyecto fantasma&#8221; + Cineforo\",\"desc\":\"<a href=https:\\\/\\\/nunoa.cl\\\/nunoapanorama\\\/event\\\/cine-proyecto-fantasma-cineforo\\\/><img width=\\\"1024\\\" height=\\\"576\\\" src=\\\"https:\\\/\\\/nunoa.cl\\\/nunoapanorama\\\/wp-content\\\/uploads\\\/2023\\\/05\\\/Proyecto-fantasma-1-1024x576-1.jpg\\\" class=\\\"attachment-post-thumbnail size-post-thumbnail wp-post-image\\\" alt=\\\"\\\" srcset=\\\"https:\\\/\\\/nunoa.cl\\\/nunoapanorama\\\/wp-content\\\/uploads\\\/2023\\\/05\\\/Proyecto-fantasma-1-1024x576-1.jpg 1024w, https:\\\/\\\/nunoa.cl\\\/nunoapanorama\\\/wp-content\\\/uploads\\\/2023\\\/05\\\/Proyecto-fantasma-1-1024x576-1-300x169.jpg 300w, https:\\\/\\\/nunoa.cl\\\/nunoapanorama\\\/wp-content\\\/uploads\\\/2023\\\/05\\\/Proyecto-fantasma-1-1024x576-1-768x432.jpg 768w\\\" sizes=\\\"(max-width: 1024px) 100vw, 1024px\\\" \\\/><\\\/a><p><a href=https:\\\/\\\/nunoa.cl\\\/nunoapanorama\\\/event\\\/cine-proyecto-fantasma-cineforo\\\/>Cine: &#8220;Proyecto fantasma&#8221; + Cineforo<\\\/a><\\\/p>\",\"special\":\"\"},{\"start\":\"2023-06-03 16:30\",\"end\":\"1970-01-01 \",\"url\":\"https:\\\/\\\/nunoa.cl\\\/nunoapanorama\\\/event\\\/cine-familiar-el-nino-y-el-mundo\\\/\",\"title\":\"Cine familiar: &#8220;El Ni\\u00f1o y el mundo&#8221;\",\"desc\":\"<a href=https:\\\/\\\/nunoa.cl\\\/nunoapanorama\\\/event\\\/cine-familiar-el-nino-y-el-mundo\\\/><img width=\\\"1024\\\" height=\\\"576\\\" src=\\\"https:\\\/\\\/nunoa.cl\\\/nunoapanorama\\\/wp-content\\\/uploads\\\/2023\\\/05\\\/The-Boy-and-the-World-Ale-Abreu-ver-online-1024x576-1.jpg\\\" class=\\\"attachment-post-thumbnail size-post-thumbnail wp-post-image\\\" alt=\\\"\\\" srcset=\\\"https:\\\/\\\/nunoa.cl\\\/nunoapanorama\\\/wp-content\\\/uploads\\\/2023\\\/05\\\/The-Boy-and-the-World-Ale-Abreu-ver-online-1024x576-1.jpg 1024w, https:\\\/\\\/nunoa.cl\\\/nunoapanorama\\\/wp-content\\\/uploads\\\/2023\\\/05\\\/The-Boy-and-the-World-Ale-Abreu-ver-online-1024x576-1-300x169.jpg 300w, https:\\\/\\\/nunoa.cl\\\/nunoapanorama\\\/wp-content\\\/uploads\\\/2023\\\/05\\\/The-Boy-and-the-World-Ale-Abreu-ver-online-1024x576-1-768x432.jpg 768w\\\" sizes=\\\"(max-width: 1024px) 100vw, 1024px\\\" \\\/><\\\/a><p><a href=https:\\\/\\\/nunoa.cl\\\/nunoapanorama\\\/event\\\/cine-familiar-el-nino-y-el-mundo\\\/>Cine familiar: &#8220;El Ni\\u00f1o y el mundo&#8221;<\\\/a><\\\/p>\",\"special\":\"\"},{\"start\":\"2023-06-03 19:30\",\"end\":\"1970-01-01 \",\"url\":\"https:\\\/\\\/nunoa.cl\\\/nunoapanorama\\\/event\\\/cine-cinema-paradiso\\\/\",\"title\":\"Cine: &#8220;Cinema Paradiso&#8221;\",\"desc\":\"<a href=https:\\\/\\\/nunoa.cl\\\/nunoapanorama\\\/event\\\/cine-cinema-paradiso\\\/><img width=\\\"1024\\\" height=\\\"576\\\" src=\\\"https:\\\/\\\/nunoa.cl\\\/nunoapanorama\\\/wp-content\\\/uploads\\\/2023\\\/05\\\/Cinema-Paradiso-F65KNW-copy-e1685031859405-1024x576-1.jpg\\\" class=\\\"attachment-post-thumbnail size-post-thumbnail wp-post-image\\\" alt=\\\"\\\" srcset=\\\"https:\\\/\\\/nunoa.cl\\\/nunoapanorama\\\/wp-content\\\/uploads\\\/2023\\\/05\\\/Cinema-Paradiso-F65KNW-copy-e1685031859405-1024x576-1.jpg 1024w, https:\\\/\\\/nunoa.cl\\\/nunoapanorama\\\/wp-content\\\/uploads\\\/2023\\\/05\\\/Cinema-Paradiso-F65KNW-copy-e1685031859405-1024x576-1-300x169.jpg 300w, https:\\\/\\\/nunoa.cl\\\/nunoapanorama\\\/wp-content\\\/uploads\\\/2023\\\/05\\\/Cinema-Paradiso-F65KNW-copy-e1685031859405-1024x576-1-768x432.jpg 768w\\\" sizes=\\\"(max-width: 1024px) 100vw, 1024px\\\" \\\/><\\\/a><p><a href=https:\\\/\\\/nunoa.cl\\\/nunoapanorama\\\/event\\\/cine-cinema-paradiso\\\/>Cine: &#8220;Cinema Paradiso&#8221;<\\\/a><\\\/p>\",\"special\":\"\"},{\"start\":\"2023-06-08 19:30\",\"end\":\"1970-01-01 \",\"url\":\"https:\\\/\\\/nunoa.cl\\\/nunoapanorama\\\/event\\\/ciclo-egresados-cine-y-tv-u-de-chile-perro-bomba-cineforo\\\/\",\"title\":\"Ciclo Egresados Cine y TV U. de Chile: &#8220;Perro bomba&#8221; + cineforo\",\"desc\":\"<a href=https:\\\/\\\/nunoa.cl\\\/nunoapanorama\\\/event\\\/ciclo-egresados-cine-y-tv-u-de-chile-perro-bomba-cineforo\\\/><img width=\\\"1024\\\" height=\\\"577\\\" src=\\\"https:\\\/\\\/nunoa.cl\\\/nunoapanorama\\\/wp-content\\\/uploads\\\/2023\\\/05\\\/MV5BYmYzYjNlYWYtOTcyYy00OTVhLWE5MDAtNzQyYjA0ZjVlZjA3XkEyXkFqcGdeQXVyNjY1OTY1NTI@._V1_-e1685392916423-1024x577-1.jpg\\\" class=\\\"attachment-post-thumbnail size-post-thumbnail wp-post-image\\\" alt=\\\"\\\" srcset=\\\"https:\\\/\\\/nunoa.cl\\\/nunoapanorama\\\/wp-content\\\/uploads\\\/2023\\\/05\\\/MV5BYmYzYjNlYWYtOTcyYy00OTVhLWE5MDAtNzQyYjA0ZjVlZjA3XkEyXkFqcGdeQXVyNjY1OTY1NTI@._V1_-e1685392916423-1024x577-1.jpg 1024w, https:\\\/\\\/nunoa.cl\\\/nunoapanorama\\\/wp-content\\\/uploads\\\/2023\\\/05\\\/MV5BYmYzYjNlYWYtOTcyYy00OTVhLWE5MDAtNzQyYjA0ZjVlZjA3XkEyXkFqcGdeQXVyNjY1OTY1NTI@._V1_-e1685392916423-1024x577-1-300x169.jpg 300w, https:\\\/\\\/nunoa.cl\\\/nunoapanorama\\\/wp-content\\\/uploads\\\/2023\\\/05\\\/MV5BYmYzYjNlYWYtOTcyYy00OTVhLWE5MDAtNzQyYjA0ZjVlZjA3XkEyXkFqcGdeQXVyNjY1OTY1NTI@._V1_-e1685392916423-1024x577-1-768x433.jpg 768w\\\" sizes=\\\"(max-width: 1024px) 100vw, 1024px\\\" \\\/><\\\/a><p><a href=https:\\\/\\\/nunoa.cl\\\/nunoapanorama\\\/event\\\/ciclo-egresados-cine-y-tv-u-de-chile-perro-bomba-cineforo\\\/>Ciclo Egresados Cine y TV U. de Chile: &#8220;Perro bomba&#8221; + cineforo<\\\/a><\\\/p>\",\"special\":\"\"},{\"start\":\"2023-06-09 19:30\",\"end\":\"1970-01-01 \",\"url\":\"https:\\\/\\\/nunoa.cl\\\/nunoapanorama\\\/event\\\/cine-las-mil-y-una\\\/\",\"title\":\"Cine: &#8220;Las mil y una&#8221;\",\"desc\":\"<a href=https:\\\/\\\/nunoa.cl\\\/nunoapanorama\\\/event\\\/cine-las-mil-y-una\\\/><img width=\\\"1024\\\" height=\\\"576\\\" src=\\\"https:\\\/\\\/nunoa.cl\\\/nunoapanorama\\\/wp-content\\\/uploads\\\/2023\\\/05\\\/descarga-1024x576-1.jpeg\\\" class=\\\"attachment-post-thumbnail size-post-thumbnail wp-post-image\\\" alt=\\\"\\\" srcset=\\\"https:\\\/\\\/nunoa.cl\\\/nunoapanorama\\\/wp-content\\\/uploads\\\/2023\\\/05\\\/descarga-1024x576-1.jpeg 1024w, https:\\\/\\\/nunoa.cl\\\/nunoapanorama\\\/wp-content\\\/uploads\\\/2023\\\/05\\\/descarga-1024x576-1-300x169.jpeg 300w, https:\\\/\\\/nunoa.cl\\\/nunoapanorama\\\/wp-content\\\/uploads\\\/2023\\\/05\\\/descarga-1024x576-1-768x432.jpeg 768w\\\" sizes=\\\"(max-width: 1024px) 100vw, 1024px\\\" \\\/><\\\/a><p><a href=https:\\\/\\\/nunoa.cl\\\/nunoapanorama\\\/event\\\/cine-las-mil-y-una\\\/>Cine: &#8220;Las mil y una&#8221;<\\\/a><\\\/p>\",\"special\":\"\"},{\"start\":\"2023-06-10 16:30\",\"end\":\"1970-01-01 \",\"url\":\"https:\\\/\\\/nunoa.cl\\\/nunoapanorama\\\/event\\\/cine-familiar-harry-potter-y-la-piedra-filosofal\\\/\",\"title\":\"Cine Familiar: &#8220;Harry Potter y la piedra filosofal&#8221;\",\"desc\":\"<a href=https:\\\/\\\/nunoa.cl\\\/nunoapanorama\\\/event\\\/cine-familiar-harry-potter-y-la-piedra-filosofal\\\/><img width=\\\"1024\\\" height=\\\"576\\\" src=\\\"https:\\\/\\\/nunoa.cl\\\/nunoapanorama\\\/wp-content\\\/uploads\\\/2023\\\/05\\\/harrypotter-1200-1200-675-675-crop-000000-1-1024x576-1.jpg\\\" class=\\\"attachment-post-thumbnail size-post-thumbnail wp-post-image\\\" alt=\\\"\\\" srcset=\\\"https:\\\/\\\/nunoa.cl\\\/nunoapanorama\\\/wp-content\\\/uploads\\\/2023\\\/05\\\/harrypotter-1200-1200-675-675-crop-000000-1-1024x576-1.jpg 1024w, https:\\\/\\\/nunoa.cl\\\/nunoapanorama\\\/wp-content\\\/uploads\\\/2023\\\/05\\\/harrypotter-1200-1200-675-675-crop-000000-1-1024x576-1-300x169.jpg 300w, https:\\\/\\\/nunoa.cl\\\/nunoapanorama\\\/wp-content\\\/uploads\\\/2023\\\/05\\\/harrypotter-1200-1200-675-675-crop-000000-1-1024x576-1-768x432.jpg 768w\\\" sizes=\\\"(max-width: 1024px) 100vw, 1024px\\\" \\\/><\\\/a><p><a href=https:\\\/\\\/nunoa.cl\\\/nunoapanorama\\\/event\\\/cine-familiar-harry-potter-y-la-piedra-filosofal\\\/>Cine Familiar: &#8220;Harry Potter y la piedra filosofal&#8221;<\\\/a><\\\/p>\",\"special\":\"\"},{\"start\":\"2023-06-10 19:30\",\"end\":\"1970-01-01 \",\"url\":\"https:\\\/\\\/nunoa.cl\\\/nunoapanorama\\\/event\\\/cine-toro-salvaje\\\/\",\"title\":\"Cine: &#8220;Toro Salvaje&#8221;\",\"desc\":\"<a href=https:\\\/\\\/nunoa.cl\\\/nunoapanorama\\\/event\\\/cine-toro-salvaje\\\/><img width=\\\"1024\\\" height=\\\"576\\\" src=\\\"https:\\\/\\\/nunoa.cl\\\/nunoapanorama\\\/wp-content\\\/uploads\\\/2023\\\/05\\\/wp4137911-1024x576-1.webp\\\" class=\\\"attachment-post-thumbnail size-post-thumbnail wp-post-image\\\" alt=\\\"\\\" srcset=\\\"https:\\\/\\\/nunoa.cl\\\/nunoapanorama\\\/wp-content\\\/uploads\\\/2023\\\/05\\\/wp4137911-1024x576-1.webp 1024w, https:\\\/\\\/nunoa.cl\\\/nunoapanorama\\\/wp-content\\\/uploads\\\/2023\\\/05\\\/wp4137911-1024x576-1-300x169.webp 300w, https:\\\/\\\/nunoa.cl\\\/nunoapanorama\\\/wp-content\\\/uploads\\\/2023\\\/05\\\/wp4137911-1024x576-1-768x432.webp 768w\\\" sizes=\\\"(max-width: 1024px) 100vw, 1024px\\\" \\\/><\\\/a><p><a href=https:\\\/\\\/nunoa.cl\\\/nunoapanorama\\\/event\\\/cine-toro-salvaje\\\/>Cine: &#8220;Toro Salvaje&#8221;<\\\/a><\\\/p>\",\"special\":\"\"},{\"start\":\"2023-06-16 19:30\",\"end\":\"1970-01-01 \",\"url\":\"https:\\\/\\\/nunoa.cl\\\/nunoapanorama\\\/event\\\/25-festival-de-cine-europeo-cantos-de-represion\\\/\",\"title\":\"25\\u00b0 Festival de cine europeo: &#8220;Cantos de Represi\\u00f3n&#8221;\",\"desc\":\"<a href=https:\\\/\\\/nunoa.cl\\\/nunoapanorama\\\/event\\\/25-festival-de-cine-europeo-cantos-de-represion\\\/><img width=\\\"1024\\\" height=\\\"554\\\" src=\\\"https:\\\/\\\/nunoa.cl\\\/nunoapanorama\\\/wp-content\\\/uploads\\\/2023\\\/05\\\/SongsOfRepression_Still1_c_FinalCutforReal-1024x554-1.jpg\\\" class=\\\"attachment-post-thumbnail size-post-thumbnail wp-post-image\\\" alt=\\\"\\\" srcset=\\\"https:\\\/\\\/nunoa.cl\\\/nunoapanorama\\\/wp-content\\\/uploads\\\/2023\\\/05\\\/SongsOfRepression_Still1_c_FinalCutforReal-1024x554-1.jpg 1024w, https:\\\/\\\/nunoa.cl\\\/nunoapanorama\\\/wp-content\\\/uploads\\\/2023\\\/05\\\/SongsOfRepression_Still1_c_FinalCutforReal-1024x554-1-300x162.jpg 300w, https:\\\/\\\/nunoa.cl\\\/nunoapanorama\\\/wp-content\\\/uploads\\\/2023\\\/05\\\/SongsOfRepression_Still1_c_FinalCutforReal-1024x554-1-768x416.jpg 768w\\\" sizes=\\\"(max-width: 1024px) 100vw, 1024px\\\" \\\/><\\\/a><p><a href=https:\\\/\\\/nunoa.cl\\\/nunoapanorama\\\/event\\\/25-festival-de-cine-europeo-cantos-de-represion\\\/>25\\u00b0 Festival de cine europeo: &#8220;Cantos de Represi\\u00f3n&#8221;<\\\/a><\\\/p>\",\"special\":\"\"},{\"start\":\"2023-06-17 16:30\",\"end\":\"1970-01-01 \",\"url\":\"https:\\\/\\\/nunoa.cl\\\/nunoapanorama\\\/event\\\/25-festival-de-cine-europeo-cortometrajes-taller-infantil-observar-la-naturaleza\\\/\",\"title\":\"25\\u00b0 Festival de cine europeo: Cortometrajes + Taller infantil: Observar la naturaleza\",\"desc\":\"<a href=https:\\\/\\\/nunoa.cl\\\/nunoapanorama\\\/event\\\/25-festival-de-cine-europeo-cortometrajes-taller-infantil-observar-la-naturaleza\\\/><img width=\\\"790\\\" height=\\\"444\\\" src=\\\"https:\\\/\\\/nunoa.cl\\\/nunoapanorama\\\/wp-content\\\/uploads\\\/2023\\\/05\\\/fichero_25261_20210105-e1685395235901.jpg\\\" class=\\\"attachment-post-thumbnail size-post-thumbnail wp-post-image\\\" alt=\\\"\\\" srcset=\\\"https:\\\/\\\/nunoa.cl\\\/nunoapanorama\\\/wp-content\\\/uploads\\\/2023\\\/05\\\/fichero_25261_20210105-e1685395235901.jpg 790w, https:\\\/\\\/nunoa.cl\\\/nunoapanorama\\\/wp-content\\\/uploads\\\/2023\\\/05\\\/fichero_25261_20210105-e1685395235901-300x169.jpg 300w, https:\\\/\\\/nunoa.cl\\\/nunoapanorama\\\/wp-content\\\/uploads\\\/2023\\\/05\\\/fichero_25261_20210105-e1685395235901-768x432.jpg 768w\\\" sizes=\\\"(max-width: 790px) 100vw, 790px\\\" \\\/><\\\/a><p><a href=https:\\\/\\\/nunoa.cl\\\/nunoapanorama\\\/event\\\/25-festival-de-cine-europeo-cortometrajes-taller-infantil-observar-la-naturaleza\\\/>25\\u00b0 Festival de cine europeo: Cortometrajes + Taller infantil: Observar la naturaleza<\\\/a><\\\/p>\",\"special\":\"\"},{\"start\":\"2023-06-17 19:30\",\"end\":\"1970-01-01 \",\"url\":\"https:\\\/\\\/nunoa.cl\\\/nunoapanorama\\\/event\\\/25-festival-de-cine-europeo-john-from\\\/\",\"title\":\"25\\u00b0 Festival de cine europeo: &#8220;John From&#8221;\",\"desc\":\"<a href=https:\\\/\\\/nunoa.cl\\\/nunoapanorama\\\/event\\\/25-festival-de-cine-europeo-john-from\\\/><img width=\\\"1023\\\" height=\\\"575\\\" src=\\\"https:\\\/\\\/nunoa.cl\\\/nunoapanorama\\\/wp-content\\\/uploads\\\/2023\\\/06\\\/john-from.jpg\\\" class=\\\"attachment-post-thumbnail size-post-thumbnail wp-post-image\\\" alt=\\\"\\\" srcset=\\\"https:\\\/\\\/nunoa.cl\\\/nunoapanorama\\\/wp-content\\\/uploads\\\/2023\\\/06\\\/john-from.jpg 1023w, https:\\\/\\\/nunoa.cl\\\/nunoapanorama\\\/wp-content\\\/uploads\\\/2023\\\/06\\\/john-from-300x169.jpg 300w, https:\\\/\\\/nunoa.cl\\\/nunoapanorama\\\/wp-content\\\/uploads\\\/2023\\\/06\\\/john-from-768x432.jpg 768w\\\" sizes=\\\"(max-width: 1023px) 100vw, 1023px\\\" \\\/><\\\/a><p><a href=https:\\\/\\\/nunoa.cl\\\/nunoapanorama\\\/event\\\/25-festival-de-cine-europeo-john-from\\\/>25\\u00b0 Festival de cine europeo: &#8220;John From&#8221;<\\\/a><\\\/p>\",\"special\":\"\"},{\"start\":\"2023-06-22 19:30\",\"end\":\"1970-01-01 \",\"url\":\"https:\\\/\\\/nunoa.cl\\\/nunoapanorama\\\/event\\\/ciclo-egresados-cine-y-tv-u-de-chile-vision-nocturna-cineforo\\\/\",\"title\":\"Ciclo Egresados Cine y TV U de Chile: &#8220;Visi\\u00f3n nocturna&#8221; + cineforo\",\"desc\":\"<a href=https:\\\/\\\/nunoa.cl\\\/nunoapanorama\\\/event\\\/ciclo-egresados-cine-y-tv-u-de-chile-vision-nocturna-cineforo\\\/><img width=\\\"853\\\" height=\\\"480\\\" src=\\\"https:\\\/\\\/nunoa.cl\\\/nunoapanorama\\\/wp-content\\\/uploads\\\/2023\\\/06\\\/VN_CarolinaMicroP.jpg\\\" class=\\\"attachment-post-thumbnail size-post-thumbnail wp-post-image\\\" alt=\\\"\\\" srcset=\\\"https:\\\/\\\/nunoa.cl\\\/nunoapanorama\\\/wp-content\\\/uploads\\\/2023\\\/06\\\/VN_CarolinaMicroP.jpg 853w, https:\\\/\\\/nunoa.cl\\\/nunoapanorama\\\/wp-content\\\/uploads\\\/2023\\\/06\\\/VN_CarolinaMicroP-300x169.jpg 300w, https:\\\/\\\/nunoa.cl\\\/nunoapanorama\\\/wp-content\\\/uploads\\\/2023\\\/06\\\/VN_CarolinaMicroP-768x432.jpg 768w\\\" sizes=\\\"(max-width: 853px) 100vw, 853px\\\" \\\/><\\\/a><p><a href=https:\\\/\\\/nunoa.cl\\\/nunoapanorama\\\/event\\\/ciclo-egresados-cine-y-tv-u-de-chile-vision-nocturna-cineforo\\\/>Ciclo Egresados Cine y TV U de Chile: &#8220;Visi\\u00f3n nocturna&#8221; + cineforo<\\\/a><\\\/p>\",\"special\":\"\"},{\"start\":\"2023-06-23 19:30\",\"end\":\"1970-01-01 \",\"url\":\"https:\\\/\\\/nunoa.cl\\\/nunoapanorama\\\/event\\\/ciclo-juventudes-con-memoria-el-pacto-de-adriana\\\/\",\"title\":\"Ciclo Juventudes con Memoria: &#8220;El pacto de Adriana&#8221;\",\"desc\":\"<a href=https:\\\/\\\/nunoa.cl\\\/nunoapanorama\\\/event\\\/ciclo-juventudes-con-memoria-el-pacto-de-adriana\\\/><img width=\\\"768\\\" height=\\\"512\\\" src=\\\"https:\\\/\\\/nunoa.cl\\\/nunoapanorama\\\/wp-content\\\/uploads\\\/2023\\\/06\\\/El-pacto-de-Adriana.jpg.1300x866_q85_box-540646394_crop_detail_upscale-768x512-1.jpg\\\" class=\\\"attachment-post-thumbnail size-post-thumbnail wp-post-image\\\" alt=\\\"\\\" srcset=\\\"https:\\\/\\\/nunoa.cl\\\/nunoapanorama\\\/wp-content\\\/uploads\\\/2023\\\/06\\\/El-pacto-de-Adriana.jpg.1300x866_q85_box-540646394_crop_detail_upscale-768x512-1.jpg 768w, https:\\\/\\\/nunoa.cl\\\/nunoapanorama\\\/wp-content\\\/uploads\\\/2023\\\/06\\\/El-pacto-de-Adriana.jpg.1300x866_q85_box-540646394_crop_detail_upscale-768x512-1-300x200.jpg 300w\\\" sizes=\\\"(max-width: 768px) 100vw, 768px\\\" \\\/><\\\/a><p><a href=https:\\\/\\\/nunoa.cl\\\/nunoapanorama\\\/event\\\/ciclo-juventudes-con-memoria-el-pacto-de-adriana\\\/>Ciclo Juventudes con Memoria: &#8220;El pacto de Adriana&#8221;<\\\/a><\\\/p>\",\"special\":\"\"},{\"start\":\"2023-06-24 16:30\",\"end\":\"1970-01-01 \",\"url\":\"https:\\\/\\\/nunoa.cl\\\/nunoapanorama\\\/event\\\/cine-familiar-nahuel-y-el-libro-magico\\\/\",\"title\":\"Cine Familiar: &#8220;Nahuel y el libro m\\u00e1gico&#8221;\",\"desc\":\"<a href=https:\\\/\\\/nunoa.cl\\\/nunoapanorama\\\/event\\\/cine-familiar-nahuel-y-el-libro-magico\\\/><img width=\\\"1024\\\" height=\\\"540\\\" src=\\\"https:\\\/\\\/nunoa.cl\\\/nunoapanorama\\\/wp-content\\\/uploads\\\/2023\\\/06\\\/NHL-2-1024x540-1.png\\\" class=\\\"attachment-post-thumbnail size-post-thumbnail wp-post-image\\\" alt=\\\"\\\" srcset=\\\"https:\\\/\\\/nunoa.cl\\\/nunoapanorama\\\/wp-content\\\/uploads\\\/2023\\\/06\\\/NHL-2-1024x540-1.png 1024w, https:\\\/\\\/nunoa.cl\\\/nunoapanorama\\\/wp-content\\\/uploads\\\/2023\\\/06\\\/NHL-2-1024x540-1-300x158.png 300w, https:\\\/\\\/nunoa.cl\\\/nunoapanorama\\\/wp-content\\\/uploads\\\/2023\\\/06\\\/NHL-2-1024x540-1-768x405.png 768w\\\" sizes=\\\"(max-width: 1024px) 100vw, 1024px\\\" \\\/><\\\/a><p><a href=https:\\\/\\\/nunoa.cl\\\/nunoapanorama\\\/event\\\/cine-familiar-nahuel-y-el-libro-magico\\\/>Cine Familiar: &#8220;Nahuel y el libro m\\u00e1gico&#8221;<\\\/a><\\\/p>\",\"special\":\"\"},{\"start\":\"2023-06-24 19:30\",\"end\":\"1970-01-01 \",\"url\":\"https:\\\/\\\/nunoa.cl\\\/nunoapanorama\\\/event\\\/cine-mala-junta\\\/\",\"title\":\"Cine: &#8220;Mala junta&#8221;\",\"desc\":\"<a href=https:\\\/\\\/nunoa.cl\\\/nunoapanorama\\\/event\\\/cine-mala-junta\\\/><img width=\\\"1024\\\" height=\\\"576\\\" src=\\\"https:\\\/\\\/nunoa.cl\\\/nunoapanorama\\\/wp-content\\\/uploads\\\/2023\\\/06\\\/MALA-JUNTA5-1024x576-1.jpg\\\" class=\\\"attachment-post-thumbnail size-post-thumbnail wp-post-image\\\" alt=\\\"\\\" srcset=\\\"https:\\\/\\\/nunoa.cl\\\/nunoapanorama\\\/wp-content\\\/uploads\\\/2023\\\/06\\\/MALA-JUNTA5-1024x576-1.jpg 1024w, https:\\\/\\\/nunoa.cl\\\/nunoapanorama\\\/wp-content\\\/uploads\\\/2023\\\/06\\\/MALA-JUNTA5-1024x576-1-300x169.jpg 300w, https:\\\/\\\/nunoa.cl\\\/nunoapanorama\\\/wp-content\\\/uploads\\\/2023\\\/06\\\/MALA-JUNTA5-1024x576-1-768x432.jpg 768w\\\" sizes=\\\"(max-width: 1024px) 100vw, 1024px\\\" \\\/><\\\/a><p><a href=https:\\\/\\\/nunoa.cl\\\/nunoapanorama\\\/event\\\/cine-mala-junta\\\/>Cine: &#8220;Mala junta&#8221;<\\\/a><\\\/p>\",\"special\":\"\"},{\"start\":\"2023-06-29 19:30\",\"end\":\"1970-01-01 \",\"url\":\"https:\\\/\\\/nunoa.cl\\\/nunoapanorama\\\/event\\\/ciclo-egresados-cine-y-tv-u-de-chile-me-gustaria-que-vivieras-mi-juventud-de-nuevo-cineforo\\\/\",\"title\":\"Ciclo Egresados Cine y TV U de Chile: &#8220;Me gustar\\u00eda que vivieras mi juventud de nuevo&#8221; + cineforo\",\"desc\":\"<a href=https:\\\/\\\/nunoa.cl\\\/nunoapanorama\\\/event\\\/ciclo-egresados-cine-y-tv-u-de-chile-me-gustaria-que-vivieras-mi-juventud-de-nuevo-cineforo\\\/><img width=\\\"1024\\\" height=\\\"576\\\" src=\\\"https:\\\/\\\/nunoa.cl\\\/nunoapanorama\\\/wp-content\\\/uploads\\\/2023\\\/06\\\/me-gustaria-que.02-1024x576-1.jpg\\\" class=\\\"attachment-post-thumbnail size-post-thumbnail wp-post-image\\\" alt=\\\"\\\" srcset=\\\"https:\\\/\\\/nunoa.cl\\\/nunoapanorama\\\/wp-content\\\/uploads\\\/2023\\\/06\\\/me-gustaria-que.02-1024x576-1.jpg 1024w, https:\\\/\\\/nunoa.cl\\\/nunoapanorama\\\/wp-content\\\/uploads\\\/2023\\\/06\\\/me-gustaria-que.02-1024x576-1-300x169.jpg 300w, https:\\\/\\\/nunoa.cl\\\/nunoapanorama\\\/wp-content\\\/uploads\\\/2023\\\/06\\\/me-gustaria-que.02-1024x576-1-768x432.jpg 768w\\\" sizes=\\\"(max-width: 1024px) 100vw, 1024px\\\" \\\/><\\\/a><p><a href=https:\\\/\\\/nunoa.cl\\\/nunoapanorama\\\/event\\\/ciclo-egresados-cine-y-tv-u-de-chile-me-gustaria-que-vivieras-mi-juventud-de-nuevo-cineforo\\\/>Ciclo Egresados Cine y TV U de Chile: &#8220;Me gustar\\u00eda que vivieras mi juventud de nuevo&#8221; + cineforo<\\\/a><\\\/p>\",\"special\":\"\"},{\"start\":\"2023-06-08 18:30\",\"end\":\"1970-01-01 \",\"url\":\"https:\\\/\\\/nunoa.cl\\\/nunoapanorama\\\/event\\\/ciclo-de-charlas-mistralianas-en-nunoa\\\/\",\"title\":\"Ciclo de Charlas Mistralianas en \\u00d1u\\u00f1oa.\",\"desc\":\"<a href=https:\\\/\\\/nunoa.cl\\\/nunoapanorama\\\/event\\\/ciclo-de-charlas-mistralianas-en-nunoa\\\/><img width=\\\"680\\\" height=\\\"680\\\" src=\\\"https:\\\/\\\/nunoa.cl\\\/nunoapanorama\\\/wp-content\\\/uploads\\\/2023\\\/06\\\/Fxj5igrWcAA78x-.jpg\\\" class=\\\"attachment-post-thumbnail size-post-thumbnail wp-post-image\\\" alt=\\\"\\\" srcset=\\\"https:\\\/\\\/nunoa.cl\\\/nunoapanorama\\\/wp-content\\\/uploads\\\/2023\\\/06\\\/Fxj5igrWcAA78x-.jpg 680w, https:\\\/\\\/nunoa.cl\\\/nunoapanorama\\\/wp-content\\\/uploads\\\/2023\\\/06\\\/Fxj5igrWcAA78x--300x300.jpg 300w, https:\\\/\\\/nunoa.cl\\\/nunoapanorama\\\/wp-content\\\/uploads\\\/2023\\\/06\\\/Fxj5igrWcAA78x--150x150.jpg 150w, https:\\\/\\\/nunoa.cl\\\/nunoapanorama\\\/wp-content\\\/uploads\\\/2023\\\/06\\\/Fxj5igrWcAA78x--500x500.jpg 500w, https:\\\/\\\/nunoa.cl\\\/nunoapanorama\\\/wp-content\\\/uploads\\\/2023\\\/06\\\/Fxj5igrWcAA78x--80x80.jpg 80w\\\" sizes=\\\"(max-width: 680px) 100vw, 680px\\\" \\\/><\\\/a><p><a href=https:\\\/\\\/nunoa.cl\\\/nunoapanorama\\\/event\\\/ciclo-de-charlas-mistralianas-en-nunoa\\\/>Ciclo de Charlas Mistralianas en \\u00d1u\\u00f1oa.<\\\/a><\\\/p>\",\"special\":\"checked\"},{\"start\":\"2023-06-20 12:00\",\"end\":\"2023-06-23 19:00\",\"url\":\"https:\\\/\\\/nunoa.cl\\\/nunoapanorama\\\/event\\\/semana-del-pueblo-mapuche\\\/\",\"title\":\"SEMANA DEL PUEBLO MAPUCHE\",\"desc\":\"<a href=https:\\\/\\\/nunoa.cl\\\/nunoapanorama\\\/event\\\/semana-del-pueblo-mapuche\\\/><img width=\\\"885\\\" height=\\\"887\\\" src=\\\"https:\\\/\\\/nunoa.cl\\\/nunoapanorama\\\/wp-content\\\/uploads\\\/2023\\\/06\\\/Captura-de-pantalla-2023-06-06-135747.jpg\\\" class=\\\"attachment-post-thumbnail size-post-thumbnail wp-post-image\\\" alt=\\\"\\\" srcset=\\\"https:\\\/\\\/nunoa.cl\\\/nunoapanorama\\\/wp-content\\\/uploads\\\/2023\\\/06\\\/Captura-de-pantalla-2023-06-06-135747.jpg 885w, https:\\\/\\\/nunoa.cl\\\/nunoapanorama\\\/wp-content\\\/uploads\\\/2023\\\/06\\\/Captura-de-pantalla-2023-06-06-135747-300x300.jpg 300w, https:\\\/\\\/nunoa.cl\\\/nunoapanorama\\\/wp-content\\\/uploads\\\/2023\\\/06\\\/Captura-de-pantalla-2023-06-06-135747-150x150.jpg 150w, https:\\\/\\\/nunoa.cl\\\/nunoapanorama\\\/wp-content\\\/uploads\\\/2023\\\/06\\\/Captura-de-pantalla-2023-06-06-135747-768x770.jpg 768w, https:\\\/\\\/nunoa.cl\\\/nunoapanorama\\\/wp-content\\\/uploads\\\/2023\\\/06\\\/Captura-de-pantalla-2023-06-06-135747-500x500.jpg 500w, https:\\\/\\\/nunoa.cl\\\/nunoapanorama\\\/wp-content\\\/uploads\\\/2023\\\/06\\\/Captura-de-pantalla-2023-06-06-135747-80x80.jpg 80w\\\" sizes=\\\"(max-width: 885px) 100vw, 885px\\\" \\\/><\\\/a><p><a href=https:\\\/\\\/nunoa.cl\\\/nunoapanorama\\\/event\\\/semana-del-pueblo-mapuche\\\/>SEMANA DEL PUEBLO MAPUCHE<\\\/a><\\\/p>\",\"special\":\"\"},{\"start\":\"2023-06-09 09:00\",\"end\":\"2023-06-22 17:00\",\"url\":\"https:\\\/\\\/nunoa.cl\\\/nunoapanorama\\\/event\\\/el-mundo-en-una-gota-una-exploracion-fotografica-de-la-vida-microscopica\\\/\",\"title\":\"&#8220;El mundo en una gota: Una exploraci\\u00f3n fotogr\\u00e1fica de la vida microsc\\u00f3pica&#8221;.\",\"desc\":\"<a href=https:\\\/\\\/nunoa.cl\\\/nunoapanorama\\\/event\\\/el-mundo-en-una-gota-una-exploracion-fotografica-de-la-vida-microscopica\\\/><img width=\\\"708\\\" height=\\\"888\\\" src=\\\"https:\\\/\\\/nunoa.cl\\\/nunoapanorama\\\/wp-content\\\/uploads\\\/2023\\\/06\\\/Captura-de-pantalla-2023-06-07-085553.png\\\" class=\\\"attachment-post-thumbnail size-post-thumbnail wp-post-image\\\" alt=\\\"\\\" srcset=\\\"https:\\\/\\\/nunoa.cl\\\/nunoapanorama\\\/wp-content\\\/uploads\\\/2023\\\/06\\\/Captura-de-pantalla-2023-06-07-085553.png 708w, https:\\\/\\\/nunoa.cl\\\/nunoapanorama\\\/wp-content\\\/uploads\\\/2023\\\/06\\\/Captura-de-pantalla-2023-06-07-085553-239x300.png 239w\\\" sizes=\\\"(max-width: 708px) 100vw, 708px\\\" \\\/><\\\/a><p><a href=https:\\\/\\\/nunoa.cl\\\/nunoapanorama\\\/event\\\/el-mundo-en-una-gota-una-exploracion-fotografica-de-la-vida-microscopica\\\/>&#8220;El mundo en una gota: Una exploraci\\u00f3n fotogr\\u00e1fica de la vida microsc\\u00f3pica&#8221;.<\\\/a><\\\/p>\",\"special\":\"\"},{\"start\":\"2023-06-08 12:00\",\"end\":\"2023-06-20 18:00\",\"url\":\"https:\\\/\\\/nunoa.cl\\\/nunoapanorama\\\/event\\\/exposicion-intento-por-fijar-una-imagen-que-se-pierde\\\/\",\"title\":\"Exposici\\u00f3n: &#8220;Intento por fijar una imagen que se pierde&#8221;\",\"desc\":\"<a href=https:\\\/\\\/nunoa.cl\\\/nunoapanorama\\\/event\\\/exposicion-intento-por-fijar-una-imagen-que-se-pierde\\\/><img width=\\\"888\\\" height=\\\"887\\\" src=\\\"https:\\\/\\\/nunoa.cl\\\/nunoapanorama\\\/wp-content\\\/uploads\\\/2023\\\/06\\\/Captura-de-pantalla-2023-06-08-090051.jpg\\\" class=\\\"attachment-post-thumbnail size-post-thumbnail wp-post-image\\\" alt=\\\"\\\" srcset=\\\"https:\\\/\\\/nunoa.cl\\\/nunoapanorama\\\/wp-content\\\/uploads\\\/2023\\\/06\\\/Captura-de-pantalla-2023-06-08-090051.jpg 888w, https:\\\/\\\/nunoa.cl\\\/nunoapanorama\\\/wp-content\\\/uploads\\\/2023\\\/06\\\/Captura-de-pantalla-2023-06-08-090051-300x300.jpg 300w, https:\\\/\\\/nunoa.cl\\\/nunoapanorama\\\/wp-content\\\/uploads\\\/2023\\\/06\\\/Captura-de-pantalla-2023-06-08-090051-150x150.jpg 150w, https:\\\/\\\/nunoa.cl\\\/nunoapanorama\\\/wp-content\\\/uploads\\\/2023\\\/06\\\/Captura-de-pantalla-2023-06-08-090051-768x767.jpg 768w, https:\\\/\\\/nunoa.cl\\\/nunoapanorama\\\/wp-content\\\/uploads\\\/2023\\\/06\\\/Captura-de-pantalla-2023-06-08-090051-500x500.jpg 500w, https:\\\/\\\/nunoa.cl\\\/nunoapanorama\\\/wp-content\\\/uploads\\\/2023\\\/06\\\/Captura-de-pantalla-2023-06-08-090051-80x80.jpg 80w\\\" sizes=\\\"(max-width: 888px) 100vw, 888px\\\" \\\/><\\\/a><p><a href=https:\\\/\\\/nunoa.cl\\\/nunoapanorama\\\/event\\\/exposicion-intento-por-fijar-una-imagen-que-se-pierde\\\/>Exposici\\u00f3n: &#8220;Intento por fijar una imagen que se pierde&#8221;<\\\/a><\\\/p>\",\"special\":\"\"},{\"start\":\"2023-06-10 11:00\",\"end\":\"1970-01-01 \",\"url\":\"https:\\\/\\\/nunoa.cl\\\/nunoapanorama\\\/event\\\/taller-familiar-de-reciclaje-de-borras-del-cafe\\\/\",\"title\":\"Taller familiar de reciclaje de borras del caf\\u00e9\",\"desc\":\"<a href=https:\\\/\\\/nunoa.cl\\\/nunoapanorama\\\/event\\\/taller-familiar-de-reciclaje-de-borras-del-cafe\\\/><img width=\\\"888\\\" height=\\\"887\\\" src=\\\"https:\\\/\\\/nunoa.cl\\\/nunoapanorama\\\/wp-content\\\/uploads\\\/2023\\\/06\\\/Captura-de-pantalla-2023-06-08-123455.jpg\\\" class=\\\"attachment-post-thumbnail size-post-thumbnail wp-post-image\\\" alt=\\\"\\\" srcset=\\\"https:\\\/\\\/nunoa.cl\\\/nunoapanorama\\\/wp-content\\\/uploads\\\/2023\\\/06\\\/Captura-de-pantalla-2023-06-08-123455.jpg 888w, https:\\\/\\\/nunoa.cl\\\/nunoapanorama\\\/wp-content\\\/uploads\\\/2023\\\/06\\\/Captura-de-pantalla-2023-06-08-123455-300x300.jpg 300w, https:\\\/\\\/nunoa.cl\\\/nunoapanorama\\\/wp-content\\\/uploads\\\/2023\\\/06\\\/Captura-de-pantalla-2023-06-08-123455-150x150.jpg 150w, https:\\\/\\\/nunoa.cl\\\/nunoapanorama\\\/wp-content\\\/uploads\\\/2023\\\/06\\\/Captura-de-pantalla-2023-06-08-123455-768x767.jpg 768w, https:\\\/\\\/nunoa.cl\\\/nunoapanorama\\\/wp-content\\\/uploads\\\/2023\\\/06\\\/Captura-de-pantalla-2023-06-08-123455-500x500.jpg 500w, https:\\\/\\\/nunoa.cl\\\/nunoapanorama\\\/wp-content\\\/uploads\\\/2023\\\/06\\\/Captura-de-pantalla-2023-06-08-123455-80x80.jpg 80w\\\" sizes=\\\"(max-width: 888px) 100vw, 888px\\\" \\\/><\\\/a><p><a href=https:\\\/\\\/nunoa.cl\\\/nunoapanorama\\\/event\\\/taller-familiar-de-reciclaje-de-borras-del-cafe\\\/>Taller familiar de reciclaje de borras del caf\\u00e9<\\\/a><\\\/p>\",\"special\":\"checked\"},{\"start\":\"2023-06-17 11:00\",\"end\":\"2023-06-18 19:00\",\"url\":\"https:\\\/\\\/nunoa.cl\\\/nunoapanorama\\\/event\\\/winol-tripantu-2023\\\/\",\"title\":\"WI\\u00d1OL TRIPANTU 2023\",\"desc\":\"<a href=https:\\\/\\\/nunoa.cl\\\/nunoapanorama\\\/event\\\/winol-tripantu-2023\\\/><img width=\\\"885\\\" height=\\\"889\\\" src=\\\"https:\\\/\\\/nunoa.cl\\\/nunoapanorama\\\/wp-content\\\/uploads\\\/2023\\\/06\\\/Captura-de-pantalla-2023-06-08-133410.jpg\\\" class=\\\"attachment-post-thumbnail size-post-thumbnail wp-post-image\\\" alt=\\\"\\\" srcset=\\\"https:\\\/\\\/nunoa.cl\\\/nunoapanorama\\\/wp-content\\\/uploads\\\/2023\\\/06\\\/Captura-de-pantalla-2023-06-08-133410.jpg 885w, https:\\\/\\\/nunoa.cl\\\/nunoapanorama\\\/wp-content\\\/uploads\\\/2023\\\/06\\\/Captura-de-pantalla-2023-06-08-133410-300x300.jpg 300w, https:\\\/\\\/nunoa.cl\\\/nunoapanorama\\\/wp-content\\\/uploads\\\/2023\\\/06\\\/Captura-de-pantalla-2023-06-08-133410-150x150.jpg 150w, https:\\\/\\\/nunoa.cl\\\/nunoapanorama\\\/wp-content\\\/uploads\\\/2023\\\/06\\\/Captura-de-pantalla-2023-06-08-133410-768x771.jpg 768w, https:\\\/\\\/nunoa.cl\\\/nunoapanorama\\\/wp-content\\\/uploads\\\/2023\\\/06\\\/Captura-de-pantalla-2023-06-08-133410-80x80.jpg 80w\\\" sizes=\\\"(max-width: 885px) 100vw, 885px\\\" \\\/><\\\/a><p><a href=https:\\\/\\\/nunoa.cl\\\/nunoapanorama\\\/event\\\/winol-tripantu-2023\\\/>WI\\u00d1OL TRIPANTU 2023<\\\/a><\\\/p>\",\"special\":\"\"},{\"start\":\"2023-06-26 12:00\",\"end\":\"1970-01-01 \",\"url\":\"https:\\\/\\\/nunoa.cl\\\/nunoapanorama\\\/event\\\/visitas-guiadas-mapa\\\/\",\"title\":\"\\u00a1Visitas guiadas MAPA!\",\"desc\":\"<a href=https:\\\/\\\/nunoa.cl\\\/nunoapanorama\\\/event\\\/visitas-guiadas-mapa\\\/><img width=\\\"884\\\" height=\\\"888\\\" src=\\\"https:\\\/\\\/nunoa.cl\\\/nunoapanorama\\\/wp-content\\\/uploads\\\/2023\\\/06\\\/Captura-de-pantalla-2023-06-09-104020.png\\\" class=\\\"attachment-post-thumbnail size-post-thumbnail wp-post-image\\\" alt=\\\"\\\" srcset=\\\"https:\\\/\\\/nunoa.cl\\\/nunoapanorama\\\/wp-content\\\/uploads\\\/2023\\\/06\\\/Captura-de-pantalla-2023-06-09-104020.png 884w, https:\\\/\\\/nunoa.cl\\\/nunoapanorama\\\/wp-content\\\/uploads\\\/2023\\\/06\\\/Captura-de-pantalla-2023-06-09-104020-300x300.png 300w, https:\\\/\\\/nunoa.cl\\\/nunoapanorama\\\/wp-content\\\/uploads\\\/2023\\\/06\\\/Captura-de-pantalla-2023-06-09-104020-150x150.png 150w, https:\\\/\\\/nunoa.cl\\\/nunoapanorama\\\/wp-content\\\/uploads\\\/2023\\\/06\\\/Captura-de-pantalla-2023-06-09-104020-768x771.png 768w, https:\\\/\\\/nunoa.cl\\\/nunoapanorama\\\/wp-content\\\/uploads\\\/2023\\\/06\\\/Captura-de-pantalla-2023-06-09-104020-80x80.png 80w\\\" sizes=\\\"(max-width: 884px) 100vw, 884px\\\" \\\/><\\\/a><p><a href=https:\\\/\\\/nunoa.cl\\\/nunoapanorama\\\/event\\\/visitas-guiadas-mapa\\\/>\\u00a1Visitas guiadas MAPA!<\\\/a><\\\/p>\",\"special\":\"\"},{\"start\":\"2023-06-28 19:00\",\"end\":\"1970-01-01 \",\"url\":\"https:\\\/\\\/nunoa.cl\\\/nunoapanorama\\\/event\\\/cine-club-junio-sherlock-jr\\\/\",\"title\":\"Cine Club Junio: &#8220;Sherlock Jr.&#8221;\",\"desc\":\"<a href=https:\\\/\\\/nunoa.cl\\\/nunoapanorama\\\/event\\\/cine-club-junio-sherlock-jr\\\/><img width=\\\"1180\\\" height=\\\"480\\\" src=\\\"https:\\\/\\\/nunoa.cl\\\/nunoapanorama\\\/wp-content\\\/uploads\\\/2023\\\/06\\\/Sherlock_01-e1685632369864-q7btdxrorqs3yz6v5mftf6zn8n4yuoqdkwabx2kvcw.jpg\\\" class=\\\"attachment-post-thumbnail size-post-thumbnail wp-post-image\\\" alt=\\\"\\\" srcset=\\\"https:\\\/\\\/nunoa.cl\\\/nunoapanorama\\\/wp-content\\\/uploads\\\/2023\\\/06\\\/Sherlock_01-e1685632369864-q7btdxrorqs3yz6v5mftf6zn8n4yuoqdkwabx2kvcw.jpg 1180w, https:\\\/\\\/nunoa.cl\\\/nunoapanorama\\\/wp-content\\\/uploads\\\/2023\\\/06\\\/Sherlock_01-e1685632369864-q7btdxrorqs3yz6v5mftf6zn8n4yuoqdkwabx2kvcw-300x122.jpg 300w, https:\\\/\\\/nunoa.cl\\\/nunoapanorama\\\/wp-content\\\/uploads\\\/2023\\\/06\\\/Sherlock_01-e1685632369864-q7btdxrorqs3yz6v5mftf6zn8n4yuoqdkwabx2kvcw-1024x417.jpg 1024w, https:\\\/\\\/nunoa.cl\\\/nunoapanorama\\\/wp-content\\\/uploads\\\/2023\\\/06\\\/Sherlock_01-e1685632369864-q7btdxrorqs3yz6v5mftf6zn8n4yuoqdkwabx2kvcw-768x312.jpg 768w\\\" sizes=\\\"(max-width: 1180px) 100vw, 1180px\\\" \\\/><\\\/a><p><a href=https:\\\/\\\/nunoa.cl\\\/nunoapanorama\\\/event\\\/cine-club-junio-sherlock-jr\\\/>Cine Club Junio: &#8220;Sherlock Jr.&#8221;<\\\/a><\\\/p>\",\"special\":\"\"},{\"start\":\"2023-07-01 10:30\",\"end\":\"2023-07-01 19:00\",\"url\":\"https:\\\/\\\/nunoa.cl\\\/nunoapanorama\\\/event\\\/festival-vacaciones-de-invierno-magicas\\\/\",\"title\":\"Festival \\u201cVacaciones de invierno m\\u00e1gicas\\u201d\",\"desc\":\"<a href=https:\\\/\\\/nunoa.cl\\\/nunoapanorama\\\/event\\\/festival-vacaciones-de-invierno-magicas\\\/><img width=\\\"888\\\" height=\\\"884\\\" src=\\\"https:\\\/\\\/nunoa.cl\\\/nunoapanorama\\\/wp-content\\\/uploads\\\/2023\\\/06\\\/Captura-de-pantalla-2023-06-16-111214.jpg\\\" class=\\\"attachment-post-thumbnail size-post-thumbnail wp-post-image\\\" alt=\\\"\\\" srcset=\\\"https:\\\/\\\/nunoa.cl\\\/nunoapanorama\\\/wp-content\\\/uploads\\\/2023\\\/06\\\/Captura-de-pantalla-2023-06-16-111214.jpg 888w, https:\\\/\\\/nunoa.cl\\\/nunoapanorama\\\/wp-content\\\/uploads\\\/2023\\\/06\\\/Captura-de-pantalla-2023-06-16-111214-300x300.jpg 300w, https:\\\/\\\/nunoa.cl\\\/nunoapanorama\\\/wp-content\\\/uploads\\\/2023\\\/06\\\/Captura-de-pantalla-2023-06-16-111214-150x150.jpg 150w, https:\\\/\\\/nunoa.cl\\\/nunoapanorama\\\/wp-content\\\/uploads\\\/2023\\\/06\\\/Captura-de-pantalla-2023-06-16-111214-768x765.jpg 768w, https:\\\/\\\/nunoa.cl\\\/nunoapanorama\\\/wp-content\\\/uploads\\\/2023\\\/06\\\/Captura-de-pantalla-2023-06-16-111214-80x80.jpg 80w\\\" sizes=\\\"(max-width: 888px) 100vw, 888px\\\" \\\/><\\\/a><p><a href=https:\\\/\\\/nunoa.cl\\\/nunoapanorama\\\/event\\\/festival-vacaciones-de-invierno-magicas\\\/>Festival \\u201cVacaciones de invierno m\\u00e1gicas\\u201d<\\\/a><\\\/p>\",\"special\":\"\"},{\"start\":\"2023-06-24 11:00\",\"end\":\"1970-01-01 \",\"url\":\"https:\\\/\\\/nunoa.cl\\\/nunoapanorama\\\/event\\\/taller-pintemos-animales-endemicos-el-nandu\\\/\",\"title\":\"Taller &#8220;Pintemos animales end\\u00e9micos: el \\u00d1and\\u00fa&#8221;\",\"desc\":\"<a href=https:\\\/\\\/nunoa.cl\\\/nunoapanorama\\\/event\\\/taller-pintemos-animales-endemicos-el-nandu\\\/><img width=\\\"884\\\" height=\\\"888\\\" src=\\\"https:\\\/\\\/nunoa.cl\\\/nunoapanorama\\\/wp-content\\\/uploads\\\/2023\\\/06\\\/Captura-de-pantalla-2023-06-20-122245.jpg\\\" class=\\\"attachment-post-thumbnail size-post-thumbnail wp-post-image\\\" alt=\\\"\\\" srcset=\\\"https:\\\/\\\/nunoa.cl\\\/nunoapanorama\\\/wp-content\\\/uploads\\\/2023\\\/06\\\/Captura-de-pantalla-2023-06-20-122245.jpg 884w, https:\\\/\\\/nunoa.cl\\\/nunoapanorama\\\/wp-content\\\/uploads\\\/2023\\\/06\\\/Captura-de-pantalla-2023-06-20-122245-300x300.jpg 300w, https:\\\/\\\/nunoa.cl\\\/nunoapanorama\\\/wp-content\\\/uploads\\\/2023\\\/06\\\/Captura-de-pantalla-2023-06-20-122245-150x150.jpg 150w, https:\\\/\\\/nunoa.cl\\\/nunoapanorama\\\/wp-content\\\/uploads\\\/2023\\\/06\\\/Captura-de-pantalla-2023-06-20-122245-768x771.jpg 768w, https:\\\/\\\/nunoa.cl\\\/nunoapanorama\\\/wp-content\\\/uploads\\\/2023\\\/06\\\/Captura-de-pantalla-2023-06-20-122245-80x80.jpg 80w\\\" sizes=\\\"(max-width: 884px) 100vw, 884px\\\" \\\/><\\\/a><p><a href=https:\\\/\\\/nunoa.cl\\\/nunoapanorama\\\/event\\\/taller-pintemos-animales-endemicos-el-nandu\\\/>Taller &#8220;Pintemos animales end\\u00e9micos: el \\u00d1and\\u00fa&#8221;<\\\/a><\\\/p>\",\"special\":\"checked\"},{\"start\":\"2023-06-22 15:00\",\"end\":\"1970-01-01 \",\"url\":\"https:\\\/\\\/nunoa.cl\\\/nunoapanorama\\\/event\\\/documental-mapu-kutran\\\/\",\"title\":\"Documental: Mapu Kutran\",\"desc\":\"<a href=https:\\\/\\\/nunoa.cl\\\/nunoapanorama\\\/event\\\/documental-mapu-kutran\\\/><img width=\\\"1080\\\" height=\\\"1080\\\" src=\\\"https:\\\/\\\/nunoa.cl\\\/nunoapanorama\\\/wp-content\\\/uploads\\\/2023\\\/06\\\/IMG-20230620-WA0001.jpg\\\" class=\\\"attachment-post-thumbnail size-post-thumbnail wp-post-image\\\" alt=\\\"\\\" srcset=\\\"https:\\\/\\\/nunoa.cl\\\/nunoapanorama\\\/wp-content\\\/uploads\\\/2023\\\/06\\\/IMG-20230620-WA0001.jpg 1080w, https:\\\/\\\/nunoa.cl\\\/nunoapanorama\\\/wp-content\\\/uploads\\\/2023\\\/06\\\/IMG-20230620-WA0001-300x300.jpg 300w, https:\\\/\\\/nunoa.cl\\\/nunoapanorama\\\/wp-content\\\/uploads\\\/2023\\\/06\\\/IMG-20230620-WA0001-1024x1024.jpg 1024w, https:\\\/\\\/nunoa.cl\\\/nunoapanorama\\\/wp-content\\\/uploads\\\/2023\\\/06\\\/IMG-20230620-WA0001-150x150.jpg 150w, https:\\\/\\\/nunoa.cl\\\/nunoapanorama\\\/wp-content\\\/uploads\\\/2023\\\/06\\\/IMG-20230620-WA0001-768x768.jpg 768w, https:\\\/\\\/nunoa.cl\\\/nunoapanorama\\\/wp-content\\\/uploads\\\/2023\\\/06\\\/IMG-20230620-WA0001-500x500.jpg 500w, https:\\\/\\\/nunoa.cl\\\/nunoapanorama\\\/wp-content\\\/uploads\\\/2023\\\/06\\\/IMG-20230620-WA0001-80x80.jpg 80w\\\" sizes=\\\"(max-width: 1080px) 100vw, 1080px\\\" \\\/><\\\/a><p><a href=https:\\\/\\\/nunoa.cl\\\/nunoapanorama\\\/event\\\/documental-mapu-kutran\\\/>Documental: Mapu Kutran<\\\/a><\\\/p>\",\"special\":\"\"},{\"start\":\"2023-06-29 00:00\",\"end\":\"2023-07-22 00:00\",\"url\":\"https:\\\/\\\/nunoa.cl\\\/nunoapanorama\\\/event\\\/obra-de-teatro-kaori\\\/\",\"title\":\"Obra de Teatro: &#8220;KAORI&#8221;\",\"desc\":\"<a href=https:\\\/\\\/nunoa.cl\\\/nunoapanorama\\\/event\\\/obra-de-teatro-kaori\\\/><img width=\\\"1920\\\" height=\\\"1080\\\" src=\\\"https:\\\/\\\/nunoa.cl\\\/nunoapanorama\\\/wp-content\\\/uploads\\\/2023\\\/06\\\/Imagen_web-Kaori.jpg\\\" class=\\\"attachment-post-thumbnail size-post-thumbnail wp-post-image\\\" alt=\\\"\\\" srcset=\\\"https:\\\/\\\/nunoa.cl\\\/nunoapanorama\\\/wp-content\\\/uploads\\\/2023\\\/06\\\/Imagen_web-Kaori.jpg 1920w, https:\\\/\\\/nunoa.cl\\\/nunoapanorama\\\/wp-content\\\/uploads\\\/2023\\\/06\\\/Imagen_web-Kaori-300x169.jpg 300w, https:\\\/\\\/nunoa.cl\\\/nunoapanorama\\\/wp-content\\\/uploads\\\/2023\\\/06\\\/Imagen_web-Kaori-1024x576.jpg 1024w, https:\\\/\\\/nunoa.cl\\\/nunoapanorama\\\/wp-content\\\/uploads\\\/2023\\\/06\\\/Imagen_web-Kaori-768x432.jpg 768w, https:\\\/\\\/nunoa.cl\\\/nunoapanorama\\\/wp-content\\\/uploads\\\/2023\\\/06\\\/Imagen_web-Kaori-1536x864.jpg 1536w\\\" sizes=\\\"(max-width: 1920px) 100vw, 1920px\\\" \\\/><\\\/a><p><a href=https:\\\/\\\/nunoa.cl\\\/nunoapanorama\\\/event\\\/obra-de-teatro-kaori\\\/>Obra de Teatro: &#8220;KAORI&#8221;<\\\/a><\\\/p>\",\"special\":\"checked\"},{\"start\":\"2023-06-30 18:00\",\"end\":\"2023-07-14 18:00\",\"url\":\"https:\\\/\\\/nunoa.cl\\\/nunoapanorama\\\/event\\\/exposicionpalpar-un-limite\\\/\",\"title\":\"Exposici\\u00f3n:\\u201cPalpar un l\\u00edmite\\u201d\",\"desc\":\"<a href=https:\\\/\\\/nunoa.cl\\\/nunoapanorama\\\/event\\\/exposicionpalpar-un-limite\\\/><img width=\\\"885\\\" height=\\\"888\\\" src=\\\"https:\\\/\\\/nunoa.cl\\\/nunoapanorama\\\/wp-content\\\/uploads\\\/2023\\\/06\\\/Captura-de-pantalla-2023-06-29-155502.jpg\\\" class=\\\"attachment-post-thumbnail size-post-thumbnail wp-post-image\\\" alt=\\\"\\\" srcset=\\\"https:\\\/\\\/nunoa.cl\\\/nunoapanorama\\\/wp-content\\\/uploads\\\/2023\\\/06\\\/Captura-de-pantalla-2023-06-29-155502.jpg 885w, https:\\\/\\\/nunoa.cl\\\/nunoapanorama\\\/wp-content\\\/uploads\\\/2023\\\/06\\\/Captura-de-pantalla-2023-06-29-155502-300x300.jpg 300w, https:\\\/\\\/nunoa.cl\\\/nunoapanorama\\\/wp-content\\\/uploads\\\/2023\\\/06\\\/Captura-de-pantalla-2023-06-29-155502-150x150.jpg 150w, https:\\\/\\\/nunoa.cl\\\/nunoapanorama\\\/wp-content\\\/uploads\\\/2023\\\/06\\\/Captura-de-pantalla-2023-06-29-155502-768x771.jpg 768w, https:\\\/\\\/nunoa.cl\\\/nunoapanorama\\\/wp-content\\\/uploads\\\/2023\\\/06\\\/Captura-de-pantalla-2023-06-29-155502-80x80.jpg 80w\\\" sizes=\\\"(max-width: 885px) 100vw, 885px\\\" \\\/><\\\/a><p><a href=https:\\\/\\\/nunoa.cl\\\/nunoapanorama\\\/event\\\/exposicionpalpar-un-limite\\\/>Exposici\\u00f3n:\\u201cPalpar un l\\u00edmite\\u201d<\\\/a><\\\/p>\",\"special\":\"\"},{\"start\":\"2023-07-06 19:30\",\"end\":\"1970-01-01 \",\"url\":\"https:\\\/\\\/nunoa.cl\\\/nunoapanorama\\\/event\\\/ciclo-juventudes-con-memoria-el-pacto-de-adriana-2\\\/\",\"title\":\"Ciclo Juventudes con Memoria: &#8220;El pacto de Adriana&#8221;\",\"desc\":\"<a href=https:\\\/\\\/nunoa.cl\\\/nunoapanorama\\\/event\\\/ciclo-juventudes-con-memoria-el-pacto-de-adriana-2\\\/><img width=\\\"768\\\" height=\\\"512\\\" src=\\\"https:\\\/\\\/nunoa.cl\\\/nunoapanorama\\\/wp-content\\\/uploads\\\/2023\\\/06\\\/El-pacto-de-Adriana.jpg.1300x866_q85_box-540646394_crop_detail_upscale-768x512-2.jpg\\\" class=\\\"attachment-post-thumbnail size-post-thumbnail wp-post-image\\\" alt=\\\"\\\" srcset=\\\"https:\\\/\\\/nunoa.cl\\\/nunoapanorama\\\/wp-content\\\/uploads\\\/2023\\\/06\\\/El-pacto-de-Adriana.jpg.1300x866_q85_box-540646394_crop_detail_upscale-768x512-2.jpg 768w, https:\\\/\\\/nunoa.cl\\\/nunoapanorama\\\/wp-content\\\/uploads\\\/2023\\\/06\\\/El-pacto-de-Adriana.jpg.1300x866_q85_box-540646394_crop_detail_upscale-768x512-2-300x200.jpg 300w\\\" sizes=\\\"(max-width: 768px) 100vw, 768px\\\" \\\/><\\\/a><p><a href=https:\\\/\\\/nunoa.cl\\\/nunoapanorama\\\/event\\\/ciclo-juventudes-con-memoria-el-pacto-de-adriana-2\\\/>Ciclo Juventudes con Memoria: &#8220;El pacto de Adriana&#8221;<\\\/a><\\\/p>\",\"special\":\"\"},{\"start\":\"2023-07-13 19:30\",\"end\":\"1970-01-01 \",\"url\":\"https:\\\/\\\/nunoa.cl\\\/nunoapanorama\\\/event\\\/ciclo-egresados-cine-y-tv-u-de-chile-vision-nocturna-cineforo-2\\\/\",\"title\":\"Ciclo Egresados Cine y TV U. de Chile: &#8220;Visi\\u00f3n nocturna&#8221; + cineforo\",\"desc\":\"<a href=https:\\\/\\\/nunoa.cl\\\/nunoapanorama\\\/event\\\/ciclo-egresados-cine-y-tv-u-de-chile-vision-nocturna-cineforo-2\\\/><img width=\\\"853\\\" height=\\\"480\\\" src=\\\"https:\\\/\\\/nunoa.cl\\\/nunoapanorama\\\/wp-content\\\/uploads\\\/2023\\\/06\\\/VN_CarolinaMicroP-1.jpg\\\" class=\\\"attachment-post-thumbnail size-post-thumbnail wp-post-image\\\" alt=\\\"\\\" srcset=\\\"https:\\\/\\\/nunoa.cl\\\/nunoapanorama\\\/wp-content\\\/uploads\\\/2023\\\/06\\\/VN_CarolinaMicroP-1.jpg 853w, https:\\\/\\\/nunoa.cl\\\/nunoapanorama\\\/wp-content\\\/uploads\\\/2023\\\/06\\\/VN_CarolinaMicroP-1-300x169.jpg 300w, https:\\\/\\\/nunoa.cl\\\/nunoapanorama\\\/wp-content\\\/uploads\\\/2023\\\/06\\\/VN_CarolinaMicroP-1-768x432.jpg 768w\\\" sizes=\\\"(max-width: 853px) 100vw, 853px\\\" \\\/><\\\/a><p><a href=https:\\\/\\\/nunoa.cl\\\/nunoapanorama\\\/event\\\/ciclo-egresados-cine-y-tv-u-de-chile-vision-nocturna-cineforo-2\\\/>Ciclo Egresados Cine y TV U. de Chile: &#8220;Visi\\u00f3n nocturna&#8221; + cineforo<\\\/a><\\\/p>\",\"special\":\"\"},{\"start\":\"2023-07-04 10:00\",\"end\":\"2023-07-21 17:00\",\"url\":\"https:\\\/\\\/nunoa.cl\\\/nunoapanorama\\\/event\\\/exposicion-murmullos-1973-2023\\\/\",\"title\":\"Exposici\\u00f3n: &#8220;Murmullos 1973-2023&#8221;\",\"desc\":\"<a href=https:\\\/\\\/nunoa.cl\\\/nunoapanorama\\\/event\\\/exposicion-murmullos-1973-2023\\\/><img width=\\\"1080\\\" height=\\\"1080\\\" src=\\\"https:\\\/\\\/nunoa.cl\\\/nunoapanorama\\\/wp-content\\\/uploads\\\/2023\\\/06\\\/MurmullosInaugura-RRSS-1.jpg\\\" class=\\\"attachment-post-thumbnail size-post-thumbnail wp-post-image\\\" alt=\\\"\\\" srcset=\\\"https:\\\/\\\/nunoa.cl\\\/nunoapanorama\\\/wp-content\\\/uploads\\\/2023\\\/06\\\/MurmullosInaugura-RRSS-1.jpg 1080w, https:\\\/\\\/nunoa.cl\\\/nunoapanorama\\\/wp-content\\\/uploads\\\/2023\\\/06\\\/MurmullosInaugura-RRSS-1-300x300.jpg 300w, https:\\\/\\\/nunoa.cl\\\/nunoapanorama\\\/wp-content\\\/uploads\\\/2023\\\/06\\\/MurmullosInaugura-RRSS-1-1024x1024.jpg 1024w, https:\\\/\\\/nunoa.cl\\\/nunoapanorama\\\/wp-content\\\/uploads\\\/2023\\\/06\\\/MurmullosInaugura-RRSS-1-150x150.jpg 150w, https:\\\/\\\/nunoa.cl\\\/nunoapanorama\\\/wp-content\\\/uploads\\\/2023\\\/06\\\/MurmullosInaugura-RRSS-1-768x768.jpg 768w, https:\\\/\\\/nunoa.cl\\\/nunoapanorama\\\/wp-content\\\/uploads\\\/2023\\\/06\\\/MurmullosInaugura-RRSS-1-500x500.jpg 500w, https:\\\/\\\/nunoa.cl\\\/nunoapanorama\\\/wp-content\\\/uploads\\\/2023\\\/06\\\/MurmullosInaugura-RRSS-1-80x80.jpg 80w\\\" sizes=\\\"(max-width: 1080px) 100vw, 1080px\\\" \\\/><\\\/a><p><a href=https:\\\/\\\/nunoa.cl\\\/nunoapanorama\\\/event\\\/exposicion-murmullos-1973-2023\\\/>Exposici\\u00f3n: &#8220;Murmullos 1973-2023&#8221;<\\\/a><\\\/p>\",\"special\":\"\"},{\"start\":\"2023-07-11 18:30\",\"end\":\"1970-01-01 \",\"url\":\"https:\\\/\\\/nunoa.cl\\\/nunoapanorama\\\/event\\\/ciclo-de-charlas-mistralianas-en-nunoa-2\\\/\",\"title\":\"Ciclo de Charlas Mistralianas en \\u00d1u\\u00f1oa\",\"desc\":\"<a href=https:\\\/\\\/nunoa.cl\\\/nunoapanorama\\\/event\\\/ciclo-de-charlas-mistralianas-en-nunoa-2\\\/><img width=\\\"888\\\" height=\\\"889\\\" src=\\\"https:\\\/\\\/nunoa.cl\\\/nunoapanorama\\\/wp-content\\\/uploads\\\/2023\\\/07\\\/Captura-de-pantalla-2023-07-03-121529.png\\\" class=\\\"attachment-post-thumbnail size-post-thumbnail wp-post-image\\\" alt=\\\"\\\" srcset=\\\"https:\\\/\\\/nunoa.cl\\\/nunoapanorama\\\/wp-content\\\/uploads\\\/2023\\\/07\\\/Captura-de-pantalla-2023-07-03-121529.png 888w, https:\\\/\\\/nunoa.cl\\\/nunoapanorama\\\/wp-content\\\/uploads\\\/2023\\\/07\\\/Captura-de-pantalla-2023-07-03-121529-300x300.png 300w, https:\\\/\\\/nunoa.cl\\\/nunoapanorama\\\/wp-content\\\/uploads\\\/2023\\\/07\\\/Captura-de-pantalla-2023-07-03-121529-150x150.png 150w, https:\\\/\\\/nunoa.cl\\\/nunoapanorama\\\/wp-content\\\/uploads\\\/2023\\\/07\\\/Captura-de-pantalla-2023-07-03-121529-768x769.png 768w, https:\\\/\\\/nunoa.cl\\\/nunoapanorama\\\/wp-content\\\/uploads\\\/2023\\\/07\\\/Captura-de-pantalla-2023-07-03-121529-500x500.png 500w, https:\\\/\\\/nunoa.cl\\\/nunoapanorama\\\/wp-content\\\/uploads\\\/2023\\\/07\\\/Captura-de-pantalla-2023-07-03-121529-80x80.png 80w\\\" sizes=\\\"(max-width: 888px) 100vw, 888px\\\" \\\/><\\\/a><p><a href=https:\\\/\\\/nunoa.cl\\\/nunoapanorama\\\/event\\\/ciclo-de-charlas-mistralianas-en-nunoa-2\\\/>Ciclo de Charlas Mistralianas en \\u00d1u\\u00f1oa<\\\/a><\\\/p>\",\"special\":\"checked\"},{\"start\":\"2023-07-07 19:30\",\"end\":\"2023-07-07 21:00\",\"url\":\"https:\\\/\\\/nunoa.cl\\\/nunoapanorama\\\/event\\\/cine-nidal-cineforo\\\/\",\"title\":\"Cine: &#8220;Nidal&#8221; + Cineforo\",\"desc\":\"<a href=https:\\\/\\\/nunoa.cl\\\/nunoapanorama\\\/event\\\/cine-nidal-cineforo\\\/><img width=\\\"1024\\\" height=\\\"538\\\" src=\\\"https:\\\/\\\/nunoa.cl\\\/nunoapanorama\\\/wp-content\\\/uploads\\\/2023\\\/07\\\/Captura-de-Pantalla-2022-01-10-a-las-16.39.47-1024x538-1.png\\\" class=\\\"attachment-post-thumbnail size-post-thumbnail wp-post-image\\\" alt=\\\"\\\" srcset=\\\"https:\\\/\\\/nunoa.cl\\\/nunoapanorama\\\/wp-content\\\/uploads\\\/2023\\\/07\\\/Captura-de-Pantalla-2022-01-10-a-las-16.39.47-1024x538-1.png 1024w, https:\\\/\\\/nunoa.cl\\\/nunoapanorama\\\/wp-content\\\/uploads\\\/2023\\\/07\\\/Captura-de-Pantalla-2022-01-10-a-las-16.39.47-1024x538-1-300x158.png 300w, https:\\\/\\\/nunoa.cl\\\/nunoapanorama\\\/wp-content\\\/uploads\\\/2023\\\/07\\\/Captura-de-Pantalla-2022-01-10-a-las-16.39.47-1024x538-1-768x404.png 768w\\\" sizes=\\\"(max-width: 1024px) 100vw, 1024px\\\" \\\/><\\\/a><p><a href=https:\\\/\\\/nunoa.cl\\\/nunoapanorama\\\/event\\\/cine-nidal-cineforo\\\/>Cine: &#8220;Nidal&#8221; + Cineforo<\\\/a><\\\/p>\",\"special\":\"\"},{\"start\":\"2023-07-08 16:30\",\"end\":\"1970-01-01 \",\"url\":\"https:\\\/\\\/nunoa.cl\\\/nunoapanorama\\\/event\\\/cine-familiar-fiebre-cineforo-infantil\\\/\",\"title\":\"Cine Familiar: &#8220;Fiebre&#8221; + Cineforo infantil\",\"desc\":\"<a href=https:\\\/\\\/nunoa.cl\\\/nunoapanorama\\\/event\\\/cine-familiar-fiebre-cineforo-infantil\\\/><img width=\\\"1024\\\" height=\\\"540\\\" src=\\\"https:\\\/\\\/nunoa.cl\\\/nunoapanorama\\\/wp-content\\\/uploads\\\/2023\\\/07\\\/STILL11-1024x540-1.jpg\\\" class=\\\"attachment-post-thumbnail size-post-thumbnail wp-post-image\\\" alt=\\\"\\\" srcset=\\\"https:\\\/\\\/nunoa.cl\\\/nunoapanorama\\\/wp-content\\\/uploads\\\/2023\\\/07\\\/STILL11-1024x540-1.jpg 1024w, https:\\\/\\\/nunoa.cl\\\/nunoapanorama\\\/wp-content\\\/uploads\\\/2023\\\/07\\\/STILL11-1024x540-1-300x158.jpg 300w, https:\\\/\\\/nunoa.cl\\\/nunoapanorama\\\/wp-content\\\/uploads\\\/2023\\\/07\\\/STILL11-1024x540-1-768x405.jpg 768w\\\" sizes=\\\"(max-width: 1024px) 100vw, 1024px\\\" \\\/><\\\/a><p><a href=https:\\\/\\\/nunoa.cl\\\/nunoapanorama\\\/event\\\/cine-familiar-fiebre-cineforo-infantil\\\/>Cine Familiar: &#8220;Fiebre&#8221; + Cineforo infantil<\\\/a><\\\/p>\",\"special\":\"\"},{\"start\":\"2023-07-08 19:30\",\"end\":\"1970-01-01 \",\"url\":\"https:\\\/\\\/nunoa.cl\\\/nunoapanorama\\\/event\\\/cine-todos-nos-llamamos-ali\\\/\",\"title\":\"Cine: &#8220;Todos nos llamamos Al\\u00ed&#8221;\",\"desc\":\"<a href=https:\\\/\\\/nunoa.cl\\\/nunoapanorama\\\/event\\\/cine-todos-nos-llamamos-ali\\\/><img width=\\\"768\\\" height=\\\"576\\\" src=\\\"https:\\\/\\\/nunoa.cl\\\/nunoapanorama\\\/wp-content\\\/uploads\\\/2023\\\/07\\\/Angst-Esse-Seele-Auf-01-768x576-1.jpeg\\\" class=\\\"attachment-post-thumbnail size-post-thumbnail wp-post-image\\\" alt=\\\"\\\" srcset=\\\"https:\\\/\\\/nunoa.cl\\\/nunoapanorama\\\/wp-content\\\/uploads\\\/2023\\\/07\\\/Angst-Esse-Seele-Auf-01-768x576-1.jpeg 768w, https:\\\/\\\/nunoa.cl\\\/nunoapanorama\\\/wp-content\\\/uploads\\\/2023\\\/07\\\/Angst-Esse-Seele-Auf-01-768x576-1-300x225.jpeg 300w\\\" sizes=\\\"(max-width: 768px) 100vw, 768px\\\" \\\/><\\\/a><p><a href=https:\\\/\\\/nunoa.cl\\\/nunoapanorama\\\/event\\\/cine-todos-nos-llamamos-ali\\\/>Cine: &#8220;Todos nos llamamos Al\\u00ed&#8221;<\\\/a><\\\/p>\",\"special\":\"\"},{\"start\":\"2023-07-07 15:00\",\"end\":\"1970-01-01 \",\"url\":\"https:\\\/\\\/nunoa.cl\\\/nunoapanorama\\\/event\\\/homenaje-alice-guy\\\/\",\"title\":\"Homenaje: Alice Guy\",\"desc\":\"<a href=https:\\\/\\\/nunoa.cl\\\/nunoapanorama\\\/event\\\/homenaje-alice-guy\\\/><img width=\\\"880\\\" height=\\\"886\\\" src=\\\"https:\\\/\\\/nunoa.cl\\\/nunoapanorama\\\/wp-content\\\/uploads\\\/2023\\\/07\\\/Captura-de-pantalla-2023-07-04-131520.jpg\\\" class=\\\"attachment-post-thumbnail size-post-thumbnail wp-post-image\\\" alt=\\\"\\\" srcset=\\\"https:\\\/\\\/nunoa.cl\\\/nunoapanorama\\\/wp-content\\\/uploads\\\/2023\\\/07\\\/Captura-de-pantalla-2023-07-04-131520.jpg 880w, https:\\\/\\\/nunoa.cl\\\/nunoapanorama\\\/wp-content\\\/uploads\\\/2023\\\/07\\\/Captura-de-pantalla-2023-07-04-131520-298x300.jpg 298w, https:\\\/\\\/nunoa.cl\\\/nunoapanorama\\\/wp-content\\\/uploads\\\/2023\\\/07\\\/Captura-de-pantalla-2023-07-04-131520-150x150.jpg 150w, https:\\\/\\\/nunoa.cl\\\/nunoapanorama\\\/wp-content\\\/uploads\\\/2023\\\/07\\\/Captura-de-pantalla-2023-07-04-131520-768x773.jpg 768w, https:\\\/\\\/nunoa.cl\\\/nunoapanorama\\\/wp-content\\\/uploads\\\/2023\\\/07\\\/Captura-de-pantalla-2023-07-04-131520-80x80.jpg 80w\\\" sizes=\\\"(max-width: 880px) 100vw, 880px\\\" \\\/><\\\/a><p><a href=https:\\\/\\\/nunoa.cl\\\/nunoapanorama\\\/event\\\/homenaje-alice-guy\\\/>Homenaje: Alice Guy<\\\/a><\\\/p>\",\"special\":\"\"},{\"start\":\"2023-07-14 19:30\",\"end\":\"1970-01-01 \",\"url\":\"https:\\\/\\\/nunoa.cl\\\/nunoapanorama\\\/event\\\/cine-viven\\\/\",\"title\":\"Cine: &#8220;Viven&#8221;\",\"desc\":\"<a href=https:\\\/\\\/nunoa.cl\\\/nunoapanorama\\\/event\\\/cine-viven\\\/><img width=\\\"1024\\\" height=\\\"576\\\" src=\\\"https:\\\/\\\/nunoa.cl\\\/nunoapanorama\\\/wp-content\\\/uploads\\\/2023\\\/07\\\/alive-705888883-large-1024x576-1.jpg\\\" class=\\\"attachment-post-thumbnail size-post-thumbnail wp-post-image\\\" alt=\\\"\\\" srcset=\\\"https:\\\/\\\/nunoa.cl\\\/nunoapanorama\\\/wp-content\\\/uploads\\\/2023\\\/07\\\/alive-705888883-large-1024x576-1.jpg 1024w, https:\\\/\\\/nunoa.cl\\\/nunoapanorama\\\/wp-content\\\/uploads\\\/2023\\\/07\\\/alive-705888883-large-1024x576-1-300x169.jpg 300w, https:\\\/\\\/nunoa.cl\\\/nunoapanorama\\\/wp-content\\\/uploads\\\/2023\\\/07\\\/alive-705888883-large-1024x576-1-768x432.jpg 768w\\\" sizes=\\\"(max-width: 1024px) 100vw, 1024px\\\" \\\/><\\\/a><p><a href=https:\\\/\\\/nunoa.cl\\\/nunoapanorama\\\/event\\\/cine-viven\\\/>Cine: &#8220;Viven&#8221;<\\\/a><\\\/p>\",\"special\":\"\"},{\"start\":\"2023-07-07 18:30\",\"end\":\"1970-01-01 \",\"url\":\"https:\\\/\\\/nunoa.cl\\\/nunoapanorama\\\/event\\\/orquesta-latinoamericana-presenta-la-madre-noche\\\/\",\"title\":\"Orquesta Latinoamericana presenta: &#8220;La madre noche\\u201d\",\"desc\":\"<a href=https:\\\/\\\/nunoa.cl\\\/nunoapanorama\\\/event\\\/orquesta-latinoamericana-presenta-la-madre-noche\\\/><img width=\\\"885\\\" height=\\\"885\\\" src=\\\"https:\\\/\\\/nunoa.cl\\\/nunoapanorama\\\/wp-content\\\/uploads\\\/2023\\\/07\\\/Captura-de-pantalla-2023-07-06-125910.jpg\\\" class=\\\"attachment-post-thumbnail size-post-thumbnail wp-post-image\\\" alt=\\\"\\\" srcset=\\\"https:\\\/\\\/nunoa.cl\\\/nunoapanorama\\\/wp-content\\\/uploads\\\/2023\\\/07\\\/Captura-de-pantalla-2023-07-06-125910.jpg 885w, https:\\\/\\\/nunoa.cl\\\/nunoapanorama\\\/wp-content\\\/uploads\\\/2023\\\/07\\\/Captura-de-pantalla-2023-07-06-125910-300x300.jpg 300w, https:\\\/\\\/nunoa.cl\\\/nunoapanorama\\\/wp-content\\\/uploads\\\/2023\\\/07\\\/Captura-de-pantalla-2023-07-06-125910-150x150.jpg 150w, https:\\\/\\\/nunoa.cl\\\/nunoapanorama\\\/wp-content\\\/uploads\\\/2023\\\/07\\\/Captura-de-pantalla-2023-07-06-125910-768x768.jpg 768w, https:\\\/\\\/nunoa.cl\\\/nunoapanorama\\\/wp-content\\\/uploads\\\/2023\\\/07\\\/Captura-de-pantalla-2023-07-06-125910-500x500.jpg 500w, https:\\\/\\\/nunoa.cl\\\/nunoapanorama\\\/wp-content\\\/uploads\\\/2023\\\/07\\\/Captura-de-pantalla-2023-07-06-125910-80x80.jpg 80w\\\" sizes=\\\"(max-width: 885px) 100vw, 885px\\\" \\\/><\\\/a><p><a href=https:\\\/\\\/nunoa.cl\\\/nunoapanorama\\\/event\\\/orquesta-latinoamericana-presenta-la-madre-noche\\\/>Orquesta Latinoamericana presenta: &#8220;La madre noche\\u201d<\\\/a><\\\/p>\",\"special\":\"\"},{\"start\":\"2023-07-11 16:30\",\"end\":\"1970-01-01 \",\"url\":\"https:\\\/\\\/nunoa.cl\\\/nunoapanorama\\\/event\\\/cine-el-cadaver-de-la-novia\\\/\",\"title\":\"Cine: &#8220;El cad\\u00e1ver de la novia&#8221;\",\"desc\":\"<a href=https:\\\/\\\/nunoa.cl\\\/nunoapanorama\\\/event\\\/cine-el-cadaver-de-la-novia\\\/><img width=\\\"787\\\" height=\\\"441\\\" src=\\\"https:\\\/\\\/nunoa.cl\\\/nunoapanorama\\\/wp-content\\\/uploads\\\/2023\\\/07\\\/el-cadaver-de-la-novia-WEB-e1688508521789.webp\\\" class=\\\"attachment-post-thumbnail size-post-thumbnail wp-post-image\\\" alt=\\\"\\\" srcset=\\\"https:\\\/\\\/nunoa.cl\\\/nunoapanorama\\\/wp-content\\\/uploads\\\/2023\\\/07\\\/el-cadaver-de-la-novia-WEB-e1688508521789.webp 787w, https:\\\/\\\/nunoa.cl\\\/nunoapanorama\\\/wp-content\\\/uploads\\\/2023\\\/07\\\/el-cadaver-de-la-novia-WEB-e1688508521789-300x168.webp 300w, https:\\\/\\\/nunoa.cl\\\/nunoapanorama\\\/wp-content\\\/uploads\\\/2023\\\/07\\\/el-cadaver-de-la-novia-WEB-e1688508521789-768x430.webp 768w\\\" sizes=\\\"(max-width: 787px) 100vw, 787px\\\" \\\/><\\\/a><p><a href=https:\\\/\\\/nunoa.cl\\\/nunoapanorama\\\/event\\\/cine-el-cadaver-de-la-novia\\\/>Cine: &#8220;El cad\\u00e1ver de la novia&#8221;<\\\/a><\\\/p>\",\"special\":\"\"},{\"start\":\"2023-07-13 16:30\",\"end\":\"1970-01-01 \",\"url\":\"https:\\\/\\\/nunoa.cl\\\/nunoapanorama\\\/event\\\/cine-shrek-2\\\/\",\"title\":\"Cine: &#8220;Shrek 2&#8221;\",\"desc\":\"<a href=https:\\\/\\\/nunoa.cl\\\/nunoapanorama\\\/event\\\/cine-shrek-2\\\/><img width=\\\"1024\\\" height=\\\"617\\\" src=\\\"https:\\\/\\\/nunoa.cl\\\/nunoapanorama\\\/wp-content\\\/uploads\\\/2023\\\/07\\\/MV5BMjAxOTA1ODc5OF5BMl5BanBnXkFtZTcwMzM4MzYyMw@@._V1_-1024x617-1.jpg\\\" class=\\\"attachment-post-thumbnail size-post-thumbnail wp-post-image\\\" alt=\\\"\\\" srcset=\\\"https:\\\/\\\/nunoa.cl\\\/nunoapanorama\\\/wp-content\\\/uploads\\\/2023\\\/07\\\/MV5BMjAxOTA1ODc5OF5BMl5BanBnXkFtZTcwMzM4MzYyMw@@._V1_-1024x617-1.jpg 1024w, https:\\\/\\\/nunoa.cl\\\/nunoapanorama\\\/wp-content\\\/uploads\\\/2023\\\/07\\\/MV5BMjAxOTA1ODc5OF5BMl5BanBnXkFtZTcwMzM4MzYyMw@@._V1_-1024x617-1-300x181.jpg 300w, https:\\\/\\\/nunoa.cl\\\/nunoapanorama\\\/wp-content\\\/uploads\\\/2023\\\/07\\\/MV5BMjAxOTA1ODc5OF5BMl5BanBnXkFtZTcwMzM4MzYyMw@@._V1_-1024x617-1-768x463.jpg 768w\\\" sizes=\\\"(max-width: 1024px) 100vw, 1024px\\\" \\\/><\\\/a><p><a href=https:\\\/\\\/nunoa.cl\\\/nunoapanorama\\\/event\\\/cine-shrek-2\\\/>Cine: &#8220;Shrek 2&#8221;<\\\/a><\\\/p>\",\"special\":\"\"},{\"start\":\"2023-07-15 16:30\",\"end\":\"1970-01-01 \",\"url\":\"https:\\\/\\\/nunoa.cl\\\/nunoapanorama\\\/event\\\/cine-frozen\\\/\",\"title\":\"Cine Familiar: &#8220;Frozen&#8221;\",\"desc\":\"<a href=https:\\\/\\\/nunoa.cl\\\/nunoapanorama\\\/event\\\/cine-frozen\\\/><img width=\\\"1536\\\" height=\\\"643\\\" src=\\\"https:\\\/\\\/nunoa.cl\\\/nunoapanorama\\\/wp-content\\\/uploads\\\/2023\\\/07\\\/MV5BMTc5ODQzOTk0NV5BMl5BanBnXkFtZTgwODcwMDk4NTE@._V1_-1536x643-1.jpg\\\" class=\\\"attachment-post-thumbnail size-post-thumbnail wp-post-image\\\" alt=\\\"\\\" srcset=\\\"https:\\\/\\\/nunoa.cl\\\/nunoapanorama\\\/wp-content\\\/uploads\\\/2023\\\/07\\\/MV5BMTc5ODQzOTk0NV5BMl5BanBnXkFtZTgwODcwMDk4NTE@._V1_-1536x643-1.jpg 1536w, https:\\\/\\\/nunoa.cl\\\/nunoapanorama\\\/wp-content\\\/uploads\\\/2023\\\/07\\\/MV5BMTc5ODQzOTk0NV5BMl5BanBnXkFtZTgwODcwMDk4NTE@._V1_-1536x643-1-300x126.jpg 300w, https:\\\/\\\/nunoa.cl\\\/nunoapanorama\\\/wp-content\\\/uploads\\\/2023\\\/07\\\/MV5BMTc5ODQzOTk0NV5BMl5BanBnXkFtZTgwODcwMDk4NTE@._V1_-1536x643-1-1024x429.jpg 1024w, https:\\\/\\\/nunoa.cl\\\/nunoapanorama\\\/wp-content\\\/uploads\\\/2023\\\/07\\\/MV5BMTc5ODQzOTk0NV5BMl5BanBnXkFtZTgwODcwMDk4NTE@._V1_-1536x643-1-768x322.jpg 768w\\\" sizes=\\\"(max-width: 1536px) 100vw, 1536px\\\" \\\/><\\\/a><p><a href=https:\\\/\\\/nunoa.cl\\\/nunoapanorama\\\/event\\\/cine-frozen\\\/>Cine Familiar: &#8220;Frozen&#8221;<\\\/a><\\\/p>\",\"special\":\"\"},{\"start\":\"2023-07-15 19:00\",\"end\":\"1970-01-01 \",\"url\":\"https:\\\/\\\/nunoa.cl\\\/nunoapanorama\\\/event\\\/cine-el-dia-de-la-marmota\\\/\",\"title\":\"Cine: &#8220;El D\\u00eda de la Marmota&#8221;\",\"desc\":\"<a href=https:\\\/\\\/nunoa.cl\\\/nunoapanorama\\\/event\\\/cine-el-dia-de-la-marmota\\\/><img width=\\\"768\\\" height=\\\"512\\\" src=\\\"https:\\\/\\\/nunoa.cl\\\/nunoapanorama\\\/wp-content\\\/uploads\\\/2023\\\/07\\\/groundhog-day-02-768x512-1.webp\\\" class=\\\"attachment-post-thumbnail size-post-thumbnail wp-post-image\\\" alt=\\\"\\\" srcset=\\\"https:\\\/\\\/nunoa.cl\\\/nunoapanorama\\\/wp-content\\\/uploads\\\/2023\\\/07\\\/groundhog-day-02-768x512-1.webp 768w, https:\\\/\\\/nunoa.cl\\\/nunoapanorama\\\/wp-content\\\/uploads\\\/2023\\\/07\\\/groundhog-day-02-768x512-1-300x200.webp 300w\\\" sizes=\\\"(max-width: 768px) 100vw, 768px\\\" \\\/><\\\/a><p><a href=https:\\\/\\\/nunoa.cl\\\/nunoapanorama\\\/event\\\/cine-el-dia-de-la-marmota\\\/>Cine: &#8220;El D\\u00eda de la Marmota&#8221;<\\\/a><\\\/p>\",\"special\":\"\"},{\"start\":\"2023-07-21 19:30\",\"end\":\"1970-01-01 \",\"url\":\"https:\\\/\\\/nunoa.cl\\\/nunoapanorama\\\/event\\\/ciclo-juventudes-con-memoria-la-quemadura\\\/\",\"title\":\"Ciclo Juventudes con Memoria: &#8220;La Quemadura&#8221;\",\"desc\":\"<a href=https:\\\/\\\/nunoa.cl\\\/nunoapanorama\\\/event\\\/ciclo-juventudes-con-memoria-la-quemadura\\\/><img width=\\\"1024\\\" height=\\\"576\\\" src=\\\"https:\\\/\\\/nunoa.cl\\\/nunoapanorama\\\/wp-content\\\/uploads\\\/2023\\\/07\\\/LA-QUEMADURA-1024x576-1.png\\\" class=\\\"attachment-post-thumbnail size-post-thumbnail wp-post-image\\\" alt=\\\"\\\" srcset=\\\"https:\\\/\\\/nunoa.cl\\\/nunoapanorama\\\/wp-content\\\/uploads\\\/2023\\\/07\\\/LA-QUEMADURA-1024x576-1.png 1024w, https:\\\/\\\/nunoa.cl\\\/nunoapanorama\\\/wp-content\\\/uploads\\\/2023\\\/07\\\/LA-QUEMADURA-1024x576-1-300x169.png 300w, https:\\\/\\\/nunoa.cl\\\/nunoapanorama\\\/wp-content\\\/uploads\\\/2023\\\/07\\\/LA-QUEMADURA-1024x576-1-768x432.png 768w\\\" sizes=\\\"(max-width: 1024px) 100vw, 1024px\\\" \\\/><\\\/a><p><a href=https:\\\/\\\/nunoa.cl\\\/nunoapanorama\\\/event\\\/ciclo-juventudes-con-memoria-la-quemadura\\\/>Ciclo Juventudes con Memoria: &#8220;La Quemadura&#8221;<\\\/a><\\\/p>\",\"special\":\"\"},{\"start\":\"2023-07-22 19:30\",\"end\":\"1970-01-01 \",\"url\":\"https:\\\/\\\/nunoa.cl\\\/nunoapanorama\\\/event\\\/estreno-notas-para-una-pelicula-cineforo\\\/\",\"title\":\"Estreno: &#8220;Notas para una pel\\u00edcula&#8221; + Cineforo\",\"desc\":\"<a href=https:\\\/\\\/nunoa.cl\\\/nunoapanorama\\\/event\\\/estreno-notas-para-una-pelicula-cineforo\\\/><img width=\\\"1024\\\" height=\\\"540\\\" src=\\\"https:\\\/\\\/nunoa.cl\\\/nunoapanorama\\\/wp-content\\\/uploads\\\/2023\\\/07\\\/1.-Notas_01_0100008196-scaled-1-1024x540-1.jpg\\\" class=\\\"attachment-post-thumbnail size-post-thumbnail wp-post-image\\\" alt=\\\"\\\" srcset=\\\"https:\\\/\\\/nunoa.cl\\\/nunoapanorama\\\/wp-content\\\/uploads\\\/2023\\\/07\\\/1.-Notas_01_0100008196-scaled-1-1024x540-1.jpg 1024w, https:\\\/\\\/nunoa.cl\\\/nunoapanorama\\\/wp-content\\\/uploads\\\/2023\\\/07\\\/1.-Notas_01_0100008196-scaled-1-1024x540-1-300x158.jpg 300w, https:\\\/\\\/nunoa.cl\\\/nunoapanorama\\\/wp-content\\\/uploads\\\/2023\\\/07\\\/1.-Notas_01_0100008196-scaled-1-1024x540-1-768x405.jpg 768w\\\" sizes=\\\"(max-width: 1024px) 100vw, 1024px\\\" \\\/><\\\/a><p><a href=https:\\\/\\\/nunoa.cl\\\/nunoapanorama\\\/event\\\/estreno-notas-para-una-pelicula-cineforo\\\/>Estreno: &#8220;Notas para una pel\\u00edcula&#8221; + Cineforo<\\\/a><\\\/p>\",\"special\":\"\"},{\"start\":\"2023-07-26 19:30\",\"end\":\"1970-01-01 \",\"url\":\"https:\\\/\\\/nunoa.cl\\\/nunoapanorama\\\/event\\\/cine-club-los-venerables-todos\\\/\",\"title\":\"Cine Club: &#8220;Los venerables todos&#8221;\",\"desc\":\"<a href=https:\\\/\\\/nunoa.cl\\\/nunoapanorama\\\/event\\\/cine-club-los-venerables-todos\\\/><img width=\\\"1024\\\" height=\\\"576\\\" src=\\\"https:\\\/\\\/nunoa.cl\\\/nunoapanorama\\\/wp-content\\\/uploads\\\/2023\\\/07\\\/Venerables-1-1024x576-1.jpg\\\" class=\\\"attachment-post-thumbnail size-post-thumbnail wp-post-image\\\" alt=\\\"\\\" srcset=\\\"https:\\\/\\\/nunoa.cl\\\/nunoapanorama\\\/wp-content\\\/uploads\\\/2023\\\/07\\\/Venerables-1-1024x576-1.jpg 1024w, https:\\\/\\\/nunoa.cl\\\/nunoapanorama\\\/wp-content\\\/uploads\\\/2023\\\/07\\\/Venerables-1-1024x576-1-300x169.jpg 300w, https:\\\/\\\/nunoa.cl\\\/nunoapanorama\\\/wp-content\\\/uploads\\\/2023\\\/07\\\/Venerables-1-1024x576-1-768x432.jpg 768w\\\" sizes=\\\"(max-width: 1024px) 100vw, 1024px\\\" \\\/><\\\/a><p><a href=https:\\\/\\\/nunoa.cl\\\/nunoapanorama\\\/event\\\/cine-club-los-venerables-todos\\\/>Cine Club: &#8220;Los venerables todos&#8221;<\\\/a><\\\/p>\",\"special\":\"\"},{\"start\":\"2023-07-14 11:00\",\"end\":\"2023-07-14 14:00\",\"url\":\"https:\\\/\\\/nunoa.cl\\\/nunoapanorama\\\/event\\\/taller-telar-de-chaquiras\\\/\",\"title\":\"Taller: Telar de Chaquiras\",\"desc\":\"<a href=https:\\\/\\\/nunoa.cl\\\/nunoapanorama\\\/event\\\/taller-telar-de-chaquiras\\\/><img width=\\\"886\\\" height=\\\"887\\\" src=\\\"https:\\\/\\\/nunoa.cl\\\/nunoapanorama\\\/wp-content\\\/uploads\\\/2023\\\/07\\\/Captura-de-pantalla-2023-07-12-094230.jpg\\\" class=\\\"attachment-post-thumbnail size-post-thumbnail wp-post-image\\\" alt=\\\"\\\" srcset=\\\"https:\\\/\\\/nunoa.cl\\\/nunoapanorama\\\/wp-content\\\/uploads\\\/2023\\\/07\\\/Captura-de-pantalla-2023-07-12-094230.jpg 886w, https:\\\/\\\/nunoa.cl\\\/nunoapanorama\\\/wp-content\\\/uploads\\\/2023\\\/07\\\/Captura-de-pantalla-2023-07-12-094230-300x300.jpg 300w, https:\\\/\\\/nunoa.cl\\\/nunoapanorama\\\/wp-content\\\/uploads\\\/2023\\\/07\\\/Captura-de-pantalla-2023-07-12-094230-150x150.jpg 150w, https:\\\/\\\/nunoa.cl\\\/nunoapanorama\\\/wp-content\\\/uploads\\\/2023\\\/07\\\/Captura-de-pantalla-2023-07-12-094230-768x769.jpg 768w, https:\\\/\\\/nunoa.cl\\\/nunoapanorama\\\/wp-content\\\/uploads\\\/2023\\\/07\\\/Captura-de-pantalla-2023-07-12-094230-500x500.jpg 500w, https:\\\/\\\/nunoa.cl\\\/nunoapanorama\\\/wp-content\\\/uploads\\\/2023\\\/07\\\/Captura-de-pantalla-2023-07-12-094230-80x80.jpg 80w\\\" sizes=\\\"(max-width: 886px) 100vw, 886px\\\" \\\/><\\\/a><p><a href=https:\\\/\\\/nunoa.cl\\\/nunoapanorama\\\/event\\\/taller-telar-de-chaquiras\\\/>Taller: Telar de Chaquiras<\\\/a><\\\/p>\",\"special\":\"checked\"},{\"start\":\"2023-07-15 11:30\",\"end\":\"2023-07-15 13:00\",\"url\":\"https:\\\/\\\/nunoa.cl\\\/nunoapanorama\\\/event\\\/cuentos-de-pajaritos-y-otros-animalitos\\\/\",\"title\":\"\\u201cCuentos de pajaritos y otros animalitos\\u201d\",\"desc\":\"<a href=https:\\\/\\\/nunoa.cl\\\/nunoapanorama\\\/event\\\/cuentos-de-pajaritos-y-otros-animalitos\\\/><img width=\\\"886\\\" height=\\\"888\\\" src=\\\"https:\\\/\\\/nunoa.cl\\\/nunoapanorama\\\/wp-content\\\/uploads\\\/2023\\\/07\\\/Captura-de-pantalla-2023-07-13-113659.jpg\\\" class=\\\"attachment-post-thumbnail size-post-thumbnail wp-post-image\\\" alt=\\\"\\\" srcset=\\\"https:\\\/\\\/nunoa.cl\\\/nunoapanorama\\\/wp-content\\\/uploads\\\/2023\\\/07\\\/Captura-de-pantalla-2023-07-13-113659.jpg 886w, https:\\\/\\\/nunoa.cl\\\/nunoapanorama\\\/wp-content\\\/uploads\\\/2023\\\/07\\\/Captura-de-pantalla-2023-07-13-113659-300x300.jpg 300w, https:\\\/\\\/nunoa.cl\\\/nunoapanorama\\\/wp-content\\\/uploads\\\/2023\\\/07\\\/Captura-de-pantalla-2023-07-13-113659-150x150.jpg 150w, https:\\\/\\\/nunoa.cl\\\/nunoapanorama\\\/wp-content\\\/uploads\\\/2023\\\/07\\\/Captura-de-pantalla-2023-07-13-113659-768x770.jpg 768w, https:\\\/\\\/nunoa.cl\\\/nunoapanorama\\\/wp-content\\\/uploads\\\/2023\\\/07\\\/Captura-de-pantalla-2023-07-13-113659-500x500.jpg 500w, https:\\\/\\\/nunoa.cl\\\/nunoapanorama\\\/wp-content\\\/uploads\\\/2023\\\/07\\\/Captura-de-pantalla-2023-07-13-113659-80x80.jpg 80w\\\" sizes=\\\"(max-width: 886px) 100vw, 886px\\\" \\\/><\\\/a><p><a href=https:\\\/\\\/nunoa.cl\\\/nunoapanorama\\\/event\\\/cuentos-de-pajaritos-y-otros-animalitos\\\/>\\u201cCuentos de pajaritos y otros animalitos\\u201d<\\\/a><\\\/p>\",\"special\":\"\"},{\"start\":\"2023-07-22 11:00\",\"end\":\"2023-07-22 13:00\",\"url\":\"https:\\\/\\\/nunoa.cl\\\/nunoapanorama\\\/event\\\/taller-familiar-no-es-un-monstruo-es-una-emocion\\\/\",\"title\":\"Taller familiar: \\u00a1No es un Monstruo! Es una emoci\\u00f3n\",\"desc\":\"<a href=https:\\\/\\\/nunoa.cl\\\/nunoapanorama\\\/event\\\/taller-familiar-no-es-un-monstruo-es-una-emocion\\\/><img width=\\\"885\\\" height=\\\"886\\\" src=\\\"https:\\\/\\\/nunoa.cl\\\/nunoapanorama\\\/wp-content\\\/uploads\\\/2023\\\/07\\\/Captura-de-pantalla-2023-07-19-092418.jpg\\\" class=\\\"attachment-post-thumbnail size-post-thumbnail wp-post-image\\\" alt=\\\"\\\" srcset=\\\"https:\\\/\\\/nunoa.cl\\\/nunoapanorama\\\/wp-content\\\/uploads\\\/2023\\\/07\\\/Captura-de-pantalla-2023-07-19-092418.jpg 885w, https:\\\/\\\/nunoa.cl\\\/nunoapanorama\\\/wp-content\\\/uploads\\\/2023\\\/07\\\/Captura-de-pantalla-2023-07-19-092418-300x300.jpg 300w, https:\\\/\\\/nunoa.cl\\\/nunoapanorama\\\/wp-content\\\/uploads\\\/2023\\\/07\\\/Captura-de-pantalla-2023-07-19-092418-150x150.jpg 150w, https:\\\/\\\/nunoa.cl\\\/nunoapanorama\\\/wp-content\\\/uploads\\\/2023\\\/07\\\/Captura-de-pantalla-2023-07-19-092418-768x769.jpg 768w, https:\\\/\\\/nunoa.cl\\\/nunoapanorama\\\/wp-content\\\/uploads\\\/2023\\\/07\\\/Captura-de-pantalla-2023-07-19-092418-500x500.jpg 500w, https:\\\/\\\/nunoa.cl\\\/nunoapanorama\\\/wp-content\\\/uploads\\\/2023\\\/07\\\/Captura-de-pantalla-2023-07-19-092418-80x80.jpg 80w\\\" sizes=\\\"(max-width: 885px) 100vw, 885px\\\" \\\/><\\\/a><p><a href=https:\\\/\\\/nunoa.cl\\\/nunoapanorama\\\/event\\\/taller-familiar-no-es-un-monstruo-es-una-emocion\\\/>Taller familiar: \\u00a1No es un Monstruo! Es una emoci\\u00f3n<\\\/a><\\\/p>\",\"special\":\"checked\"},{\"start\":\"2023-08-03 11:00\",\"end\":\"2023-08-03 13:00\",\"url\":\"https:\\\/\\\/nunoa.cl\\\/nunoapanorama\\\/event\\\/taller-introduccion-a-la-escritura-creativa\\\/\",\"title\":\"Taller: Introducci\\u00f3n a la escritura creativa\",\"desc\":\"<a href=https:\\\/\\\/nunoa.cl\\\/nunoapanorama\\\/event\\\/taller-introduccion-a-la-escritura-creativa\\\/><img width=\\\"881\\\" height=\\\"890\\\" src=\\\"https:\\\/\\\/nunoa.cl\\\/nunoapanorama\\\/wp-content\\\/uploads\\\/2023\\\/07\\\/Captura-de-pantalla-2023-07-19-161514.jpg\\\" class=\\\"attachment-post-thumbnail size-post-thumbnail wp-post-image\\\" alt=\\\"\\\" srcset=\\\"https:\\\/\\\/nunoa.cl\\\/nunoapanorama\\\/wp-content\\\/uploads\\\/2023\\\/07\\\/Captura-de-pantalla-2023-07-19-161514.jpg 881w, https:\\\/\\\/nunoa.cl\\\/nunoapanorama\\\/wp-content\\\/uploads\\\/2023\\\/07\\\/Captura-de-pantalla-2023-07-19-161514-297x300.jpg 297w, https:\\\/\\\/nunoa.cl\\\/nunoapanorama\\\/wp-content\\\/uploads\\\/2023\\\/07\\\/Captura-de-pantalla-2023-07-19-161514-768x776.jpg 768w, https:\\\/\\\/nunoa.cl\\\/nunoapanorama\\\/wp-content\\\/uploads\\\/2023\\\/07\\\/Captura-de-pantalla-2023-07-19-161514-80x80.jpg 80w\\\" sizes=\\\"(max-width: 881px) 100vw, 881px\\\" \\\/><\\\/a><p><a href=https:\\\/\\\/nunoa.cl\\\/nunoapanorama\\\/event\\\/taller-introduccion-a-la-escritura-creativa\\\/>Taller: Introducci\\u00f3n a la escritura creativa<\\\/a><\\\/p>\",\"special\":\"checked\"},{\"start\":\"2023-07-29 16:00\",\"end\":\"1970-01-01 \",\"url\":\"https:\\\/\\\/nunoa.cl\\\/nunoapanorama\\\/event\\\/lanzamiento-del-libro-querida-catalina\\\/\",\"title\":\"Lanzamiento del libro: \\u201cQuerida Catalina\\u201d\",\"desc\":\"<a href=https:\\\/\\\/nunoa.cl\\\/nunoapanorama\\\/event\\\/lanzamiento-del-libro-querida-catalina\\\/><img width=\\\"886\\\" height=\\\"887\\\" src=\\\"https:\\\/\\\/nunoa.cl\\\/nunoapanorama\\\/wp-content\\\/uploads\\\/2023\\\/07\\\/Captura-de-pantalla-2023-07-24-153930.jpg\\\" class=\\\"attachment-post-thumbnail size-post-thumbnail wp-post-image\\\" alt=\\\"\\\" srcset=\\\"https:\\\/\\\/nunoa.cl\\\/nunoapanorama\\\/wp-content\\\/uploads\\\/2023\\\/07\\\/Captura-de-pantalla-2023-07-24-153930.jpg 886w, https:\\\/\\\/nunoa.cl\\\/nunoapanorama\\\/wp-content\\\/uploads\\\/2023\\\/07\\\/Captura-de-pantalla-2023-07-24-153930-300x300.jpg 300w, https:\\\/\\\/nunoa.cl\\\/nunoapanorama\\\/wp-content\\\/uploads\\\/2023\\\/07\\\/Captura-de-pantalla-2023-07-24-153930-150x150.jpg 150w, https:\\\/\\\/nunoa.cl\\\/nunoapanorama\\\/wp-content\\\/uploads\\\/2023\\\/07\\\/Captura-de-pantalla-2023-07-24-153930-768x769.jpg 768w, https:\\\/\\\/nunoa.cl\\\/nunoapanorama\\\/wp-content\\\/uploads\\\/2023\\\/07\\\/Captura-de-pantalla-2023-07-24-153930-500x500.jpg 500w, https:\\\/\\\/nunoa.cl\\\/nunoapanorama\\\/wp-content\\\/uploads\\\/2023\\\/07\\\/Captura-de-pantalla-2023-07-24-153930-80x80.jpg 80w\\\" sizes=\\\"(max-width: 886px) 100vw, 886px\\\" \\\/><\\\/a><p><a href=https:\\\/\\\/nunoa.cl\\\/nunoapanorama\\\/event\\\/lanzamiento-del-libro-querida-catalina\\\/>Lanzamiento del libro: \\u201cQuerida Catalina\\u201d<\\\/a><\\\/p>\",\"special\":\"\"},{\"start\":\"2023-07-29 20:00\",\"end\":\"2023-07-29 22:00\",\"url\":\"https:\\\/\\\/nunoa.cl\\\/nunoapanorama\\\/event\\\/tata-barahona-presenta-su-disco-guitarra\\\/\",\"title\":\"Tata Barahona presenta su disco \\u201cGuitarra\\u201d\",\"desc\":\"<a href=https:\\\/\\\/nunoa.cl\\\/nunoapanorama\\\/event\\\/tata-barahona-presenta-su-disco-guitarra\\\/><img width=\\\"1000\\\" height=\\\"1000\\\" src=\\\"https:\\\/\\\/nunoa.cl\\\/nunoapanorama\\\/wp-content\\\/uploads\\\/2023\\\/07\\\/2168.jpg\\\" class=\\\"attachment-post-thumbnail size-post-thumbnail wp-post-image\\\" alt=\\\"\\\" srcset=\\\"https:\\\/\\\/nunoa.cl\\\/nunoapanorama\\\/wp-content\\\/uploads\\\/2023\\\/07\\\/2168.jpg 1000w, https:\\\/\\\/nunoa.cl\\\/nunoapanorama\\\/wp-content\\\/uploads\\\/2023\\\/07\\\/2168-300x300.jpg 300w, https:\\\/\\\/nunoa.cl\\\/nunoapanorama\\\/wp-content\\\/uploads\\\/2023\\\/07\\\/2168-150x150.jpg 150w, https:\\\/\\\/nunoa.cl\\\/nunoapanorama\\\/wp-content\\\/uploads\\\/2023\\\/07\\\/2168-768x768.jpg 768w, https:\\\/\\\/nunoa.cl\\\/nunoapanorama\\\/wp-content\\\/uploads\\\/2023\\\/07\\\/2168-500x500.jpg 500w, https:\\\/\\\/nunoa.cl\\\/nunoapanorama\\\/wp-content\\\/uploads\\\/2023\\\/07\\\/2168-80x80.jpg 80w\\\" sizes=\\\"(max-width: 1000px) 100vw, 1000px\\\" \\\/><\\\/a><p><a href=https:\\\/\\\/nunoa.cl\\\/nunoapanorama\\\/event\\\/tata-barahona-presenta-su-disco-guitarra\\\/>Tata Barahona presenta su disco \\u201cGuitarra\\u201d<\\\/a><\\\/p>\",\"special\":\"checked\"},{\"start\":\"2023-07-26 10:00\",\"end\":\"2023-07-26 12:00\",\"url\":\"https:\\\/\\\/nunoa.cl\\\/nunoapanorama\\\/event\\\/conversatorio-inspiradas-por-lenka-mujeres-en-el-periodismo-en-chile\\\/\",\"title\":\"Conversatorio \\u201cInspiradas por Lenka: mujeres en el Periodismo en Chile\\u201d\",\"desc\":\"<a href=https:\\\/\\\/nunoa.cl\\\/nunoapanorama\\\/event\\\/conversatorio-inspiradas-por-lenka-mujeres-en-el-periodismo-en-chile\\\/><img width=\\\"598\\\" height=\\\"601\\\" src=\\\"https:\\\/\\\/nunoa.cl\\\/nunoapanorama\\\/wp-content\\\/uploads\\\/2023\\\/07\\\/Captura-de-pantalla-2023-07-25-164101.jpg\\\" class=\\\"attachment-post-thumbnail size-post-thumbnail wp-post-image\\\" alt=\\\"\\\" srcset=\\\"https:\\\/\\\/nunoa.cl\\\/nunoapanorama\\\/wp-content\\\/uploads\\\/2023\\\/07\\\/Captura-de-pantalla-2023-07-25-164101.jpg 598w, https:\\\/\\\/nunoa.cl\\\/nunoapanorama\\\/wp-content\\\/uploads\\\/2023\\\/07\\\/Captura-de-pantalla-2023-07-25-164101-150x150.jpg 150w, https:\\\/\\\/nunoa.cl\\\/nunoapanorama\\\/wp-content\\\/uploads\\\/2023\\\/07\\\/Captura-de-pantalla-2023-07-25-164101-80x80.jpg 80w\\\" sizes=\\\"(max-width: 598px) 100vw, 598px\\\" \\\/><\\\/a><p><a href=https:\\\/\\\/nunoa.cl\\\/nunoapanorama\\\/event\\\/conversatorio-inspiradas-por-lenka-mujeres-en-el-periodismo-en-chile\\\/>Conversatorio \\u201cInspiradas por Lenka: mujeres en el Periodismo en Chile\\u201d<\\\/a><\\\/p>\",\"special\":\"\"},{\"start\":\"2023-08-13 19:00\",\"end\":\"2023-08-13 21:00\",\"url\":\"https:\\\/\\\/nunoa.cl\\\/nunoapanorama\\\/event\\\/redoles-celebra-70-anos-en-aula-magna-del-liceo-manuel-de-salas\\\/\",\"title\":\"REDOL\\u00c9S CELEBRA 70 A\\u00d1OS EN AULA MAGNA DEL LICEO MANUEL DE SALAS\",\"desc\":\"<a href=https:\\\/\\\/nunoa.cl\\\/nunoapanorama\\\/event\\\/redoles-celebra-70-anos-en-aula-magna-del-liceo-manuel-de-salas\\\/><img width=\\\"1000\\\" height=\\\"1000\\\" src=\\\"https:\\\/\\\/nunoa.cl\\\/nunoapanorama\\\/wp-content\\\/uploads\\\/2023\\\/07\\\/1553.jpg\\\" class=\\\"attachment-post-thumbnail size-post-thumbnail wp-post-image\\\" alt=\\\"\\\" srcset=\\\"https:\\\/\\\/nunoa.cl\\\/nunoapanorama\\\/wp-content\\\/uploads\\\/2023\\\/07\\\/1553.jpg 1000w, https:\\\/\\\/nunoa.cl\\\/nunoapanorama\\\/wp-content\\\/uploads\\\/2023\\\/07\\\/1553-300x300.jpg 300w, https:\\\/\\\/nunoa.cl\\\/nunoapanorama\\\/wp-content\\\/uploads\\\/2023\\\/07\\\/1553-150x150.jpg 150w, https:\\\/\\\/nunoa.cl\\\/nunoapanorama\\\/wp-content\\\/uploads\\\/2023\\\/07\\\/1553-768x768.jpg 768w, https:\\\/\\\/nunoa.cl\\\/nunoapanorama\\\/wp-content\\\/uploads\\\/2023\\\/07\\\/1553-500x500.jpg 500w, https:\\\/\\\/nunoa.cl\\\/nunoapanorama\\\/wp-content\\\/uploads\\\/2023\\\/07\\\/1553-80x80.jpg 80w\\\" sizes=\\\"(max-width: 1000px) 100vw, 1000px\\\" \\\/><\\\/a><p><a href=https:\\\/\\\/nunoa.cl\\\/nunoapanorama\\\/event\\\/redoles-celebra-70-anos-en-aula-magna-del-liceo-manuel-de-salas\\\/>REDOL\\u00c9S CELEBRA 70 A\\u00d1OS EN AULA MAGNA DEL LICEO MANUEL DE SALAS<\\\/a><\\\/p>\",\"special\":\"checked\"},{\"start\":\"2023-08-04 20:00\",\"end\":\"2023-08-04 22:00\",\"url\":\"https:\\\/\\\/nunoa.cl\\\/nunoapanorama\\\/event\\\/valca-namo-lanzamiento-ausencia-artista-invitado-futnes-espacio-incluir\\\/\",\"title\":\"VALCA NAMO &#8211; LANZAMIENTO AUSENCIA ARTISTA INVITADO: FUTNES &#8211; ESPACIO INCLUIR\",\"desc\":\"<a href=https:\\\/\\\/nunoa.cl\\\/nunoapanorama\\\/event\\\/valca-namo-lanzamiento-ausencia-artista-invitado-futnes-espacio-incluir\\\/><img width=\\\"1000\\\" height=\\\"1000\\\" src=\\\"https:\\\/\\\/nunoa.cl\\\/nunoapanorama\\\/wp-content\\\/uploads\\\/2023\\\/07\\\/2099.jpg\\\" class=\\\"attachment-post-thumbnail size-post-thumbnail wp-post-image\\\" alt=\\\"\\\" srcset=\\\"https:\\\/\\\/nunoa.cl\\\/nunoapanorama\\\/wp-content\\\/uploads\\\/2023\\\/07\\\/2099.jpg 1000w, https:\\\/\\\/nunoa.cl\\\/nunoapanorama\\\/wp-content\\\/uploads\\\/2023\\\/07\\\/2099-300x300.jpg 300w, https:\\\/\\\/nunoa.cl\\\/nunoapanorama\\\/wp-content\\\/uploads\\\/2023\\\/07\\\/2099-150x150.jpg 150w, https:\\\/\\\/nunoa.cl\\\/nunoapanorama\\\/wp-content\\\/uploads\\\/2023\\\/07\\\/2099-768x768.jpg 768w, https:\\\/\\\/nunoa.cl\\\/nunoapanorama\\\/wp-content\\\/uploads\\\/2023\\\/07\\\/2099-500x500.jpg 500w, https:\\\/\\\/nunoa.cl\\\/nunoapanorama\\\/wp-content\\\/uploads\\\/2023\\\/07\\\/2099-80x80.jpg 80w\\\" sizes=\\\"(max-width: 1000px) 100vw, 1000px\\\" \\\/><\\\/a><p><a href=https:\\\/\\\/nunoa.cl\\\/nunoapanorama\\\/event\\\/valca-namo-lanzamiento-ausencia-artista-invitado-futnes-espacio-incluir\\\/>VALCA NAMO &#8211; LANZAMIENTO AUSENCIA ARTISTA INVITADO: FUTNES &#8211; ESPACIO INCLUIR<\\\/a><\\\/p>\",\"special\":\"checked\"},{\"start\":\"2023-07-29 11:30\",\"end\":\"1970-01-01 \",\"url\":\"https:\\\/\\\/nunoa.cl\\\/nunoapanorama\\\/event\\\/taller-de-exploracion-cientifica-observemos-el-oceano\\\/\",\"title\":\"Taller de exploraci\\u00f3n cient\\u00edfica: observemos el oc\\u00e9ano\",\"desc\":\"<a href=https:\\\/\\\/nunoa.cl\\\/nunoapanorama\\\/event\\\/taller-de-exploracion-cientifica-observemos-el-oceano\\\/><img width=\\\"883\\\" height=\\\"884\\\" src=\\\"https:\\\/\\\/nunoa.cl\\\/nunoapanorama\\\/wp-content\\\/uploads\\\/2023\\\/07\\\/Captura-de-pantalla-2023-07-26-162434.jpg\\\" class=\\\"attachment-post-thumbnail size-post-thumbnail wp-post-image\\\" alt=\\\"\\\" srcset=\\\"https:\\\/\\\/nunoa.cl\\\/nunoapanorama\\\/wp-content\\\/uploads\\\/2023\\\/07\\\/Captura-de-pantalla-2023-07-26-162434.jpg 883w, https:\\\/\\\/nunoa.cl\\\/nunoapanorama\\\/wp-content\\\/uploads\\\/2023\\\/07\\\/Captura-de-pantalla-2023-07-26-162434-300x300.jpg 300w, https:\\\/\\\/nunoa.cl\\\/nunoapanorama\\\/wp-content\\\/uploads\\\/2023\\\/07\\\/Captura-de-pantalla-2023-07-26-162434-150x150.jpg 150w, https:\\\/\\\/nunoa.cl\\\/nunoapanorama\\\/wp-content\\\/uploads\\\/2023\\\/07\\\/Captura-de-pantalla-2023-07-26-162434-768x769.jpg 768w, https:\\\/\\\/nunoa.cl\\\/nunoapanorama\\\/wp-content\\\/uploads\\\/2023\\\/07\\\/Captura-de-pantalla-2023-07-26-162434-500x500.jpg 500w, https:\\\/\\\/nunoa.cl\\\/nunoapanorama\\\/wp-content\\\/uploads\\\/2023\\\/07\\\/Captura-de-pantalla-2023-07-26-162434-80x80.jpg 80w\\\" sizes=\\\"(max-width: 883px) 100vw, 883px\\\" \\\/><\\\/a><p><a href=https:\\\/\\\/nunoa.cl\\\/nunoapanorama\\\/event\\\/taller-de-exploracion-cientifica-observemos-el-oceano\\\/>Taller de exploraci\\u00f3n cient\\u00edfica: observemos el oc\\u00e9ano<\\\/a><\\\/p>\",\"special\":\"checked\"},{\"start\":\"2023-08-05 11:00\",\"end\":\"2023-08-05 12:00\",\"url\":\"https:\\\/\\\/nunoa.cl\\\/nunoapanorama\\\/event\\\/lanzamiento-del-libro-las-lecciones-maravimagicas-de-lulu-volumen-2\\\/\",\"title\":\"Lanzamiento del libro &#8220;Las lecciones maravim\\u00e1gicas de Lul\\u00fa&#8221;. Volumen 2\",\"desc\":\"<a href=https:\\\/\\\/nunoa.cl\\\/nunoapanorama\\\/event\\\/lanzamiento-del-libro-las-lecciones-maravimagicas-de-lulu-volumen-2\\\/><img width=\\\"886\\\" height=\\\"888\\\" src=\\\"https:\\\/\\\/nunoa.cl\\\/nunoapanorama\\\/wp-content\\\/uploads\\\/2023\\\/07\\\/Captura-de-pantalla-2023-07-31-121336.jpg\\\" class=\\\"attachment-post-thumbnail size-post-thumbnail wp-post-image\\\" alt=\\\"\\\" srcset=\\\"https:\\\/\\\/nunoa.cl\\\/nunoapanorama\\\/wp-content\\\/uploads\\\/2023\\\/07\\\/Captura-de-pantalla-2023-07-31-121336.jpg 886w, https:\\\/\\\/nunoa.cl\\\/nunoapanorama\\\/wp-content\\\/uploads\\\/2023\\\/07\\\/Captura-de-pantalla-2023-07-31-121336-300x300.jpg 300w, https:\\\/\\\/nunoa.cl\\\/nunoapanorama\\\/wp-content\\\/uploads\\\/2023\\\/07\\\/Captura-de-pantalla-2023-07-31-121336-150x150.jpg 150w, https:\\\/\\\/nunoa.cl\\\/nunoapanorama\\\/wp-content\\\/uploads\\\/2023\\\/07\\\/Captura-de-pantalla-2023-07-31-121336-768x770.jpg 768w, https:\\\/\\\/nunoa.cl\\\/nunoapanorama\\\/wp-content\\\/uploads\\\/2023\\\/07\\\/Captura-de-pantalla-2023-07-31-121336-500x500.jpg 500w, https:\\\/\\\/nunoa.cl\\\/nunoapanorama\\\/wp-content\\\/uploads\\\/2023\\\/07\\\/Captura-de-pantalla-2023-07-31-121336-80x80.jpg 80w\\\" sizes=\\\"(max-width: 886px) 100vw, 886px\\\" \\\/><\\\/a><p><a href=https:\\\/\\\/nunoa.cl\\\/nunoapanorama\\\/event\\\/lanzamiento-del-libro-las-lecciones-maravimagicas-de-lulu-volumen-2\\\/>Lanzamiento del libro &#8220;Las lecciones maravim\\u00e1gicas de Lul\\u00fa&#8221;. Volumen 2<\\\/a><\\\/p>\",\"special\":\"\"},{\"start\":\"2023-08-19 19:00\",\"end\":\"2023-08-19 21:00\",\"url\":\"https:\\\/\\\/nunoa.cl\\\/nunoapanorama\\\/event\\\/pascuala-ilabaca-fauna-en-aula-magna-del-liceo-manuel-de-salas\\\/\",\"title\":\"PASCUALA ILABACA &#038; FAUNA EN AULA MAGNA DEL LICEO MANUEL DE SALAS\",\"desc\":\"<a href=https:\\\/\\\/nunoa.cl\\\/nunoapanorama\\\/event\\\/pascuala-ilabaca-fauna-en-aula-magna-del-liceo-manuel-de-salas\\\/><img width=\\\"1000\\\" height=\\\"1000\\\" src=\\\"https:\\\/\\\/nunoa.cl\\\/nunoapanorama\\\/wp-content\\\/uploads\\\/2023\\\/07\\\/1711.jpg\\\" class=\\\"attachment-post-thumbnail size-post-thumbnail wp-post-image\\\" alt=\\\"\\\" srcset=\\\"https:\\\/\\\/nunoa.cl\\\/nunoapanorama\\\/wp-content\\\/uploads\\\/2023\\\/07\\\/1711.jpg 1000w, https:\\\/\\\/nunoa.cl\\\/nunoapanorama\\\/wp-content\\\/uploads\\\/2023\\\/07\\\/1711-300x300.jpg 300w, https:\\\/\\\/nunoa.cl\\\/nunoapanorama\\\/wp-content\\\/uploads\\\/2023\\\/07\\\/1711-150x150.jpg 150w, https:\\\/\\\/nunoa.cl\\\/nunoapanorama\\\/wp-content\\\/uploads\\\/2023\\\/07\\\/1711-768x768.jpg 768w, https:\\\/\\\/nunoa.cl\\\/nunoapanorama\\\/wp-content\\\/uploads\\\/2023\\\/07\\\/1711-500x500.jpg 500w, https:\\\/\\\/nunoa.cl\\\/nunoapanorama\\\/wp-content\\\/uploads\\\/2023\\\/07\\\/1711-80x80.jpg 80w\\\" sizes=\\\"(max-width: 1000px) 100vw, 1000px\\\" \\\/><\\\/a><p><a href=https:\\\/\\\/nunoa.cl\\\/nunoapanorama\\\/event\\\/pascuala-ilabaca-fauna-en-aula-magna-del-liceo-manuel-de-salas\\\/>PASCUALA ILABACA &#038; FAUNA EN AULA MAGNA DEL LICEO MANUEL DE SALAS<\\\/a><\\\/p>\",\"special\":\"checked\"},{\"start\":\"2023-08-04 20:00\",\"end\":\"2023-08-04 22:00\",\"url\":\"https:\\\/\\\/nunoa.cl\\\/nunoapanorama\\\/event\\\/ariel-maniqui-black-halos-en-rbx-chile\\\/\",\"title\":\"ARIEL MANIQUI &#038; BLACK HALOS EN RBX CHILE\",\"desc\":\"<a href=https:\\\/\\\/nunoa.cl\\\/nunoapanorama\\\/event\\\/ariel-maniqui-black-halos-en-rbx-chile\\\/><img width=\\\"1000\\\" height=\\\"1000\\\" src=\\\"https:\\\/\\\/nunoa.cl\\\/nunoapanorama\\\/wp-content\\\/uploads\\\/2023\\\/07\\\/1380.jpg\\\" class=\\\"attachment-post-thumbnail size-post-thumbnail wp-post-image\\\" alt=\\\"\\\" srcset=\\\"https:\\\/\\\/nunoa.cl\\\/nunoapanorama\\\/wp-content\\\/uploads\\\/2023\\\/07\\\/1380.jpg 1000w, https:\\\/\\\/nunoa.cl\\\/nunoapanorama\\\/wp-content\\\/uploads\\\/2023\\\/07\\\/1380-300x300.jpg 300w, https:\\\/\\\/nunoa.cl\\\/nunoapanorama\\\/wp-content\\\/uploads\\\/2023\\\/07\\\/1380-150x150.jpg 150w, https:\\\/\\\/nunoa.cl\\\/nunoapanorama\\\/wp-content\\\/uploads\\\/2023\\\/07\\\/1380-768x768.jpg 768w, https:\\\/\\\/nunoa.cl\\\/nunoapanorama\\\/wp-content\\\/uploads\\\/2023\\\/07\\\/1380-500x500.jpg 500w, https:\\\/\\\/nunoa.cl\\\/nunoapanorama\\\/wp-content\\\/uploads\\\/2023\\\/07\\\/1380-80x80.jpg 80w\\\" sizes=\\\"(max-width: 1000px) 100vw, 1000px\\\" \\\/><\\\/a><p><a href=https:\\\/\\\/nunoa.cl\\\/nunoapanorama\\\/event\\\/ariel-maniqui-black-halos-en-rbx-chile\\\/>ARIEL MANIQUI &#038; BLACK HALOS EN RBX CHILE<\\\/a><\\\/p>\",\"special\":\"checked\"},{\"start\":\"2023-08-05 20:00\",\"end\":\"1970-01-01 \",\"url\":\"https:\\\/\\\/nunoa.cl\\\/nunoapanorama\\\/event\\\/dia-del-blues-el-blues-es-femenino\\\/\",\"title\":\"DIA DEL BLUES: EL BLUES ES FEMENINO\",\"desc\":\"<a href=https:\\\/\\\/nunoa.cl\\\/nunoapanorama\\\/event\\\/dia-del-blues-el-blues-es-femenino\\\/><img width=\\\"1000\\\" height=\\\"1000\\\" src=\\\"https:\\\/\\\/nunoa.cl\\\/nunoapanorama\\\/wp-content\\\/uploads\\\/2023\\\/08\\\/2274.jpg\\\" class=\\\"attachment-post-thumbnail size-post-thumbnail wp-post-image\\\" alt=\\\"\\\" srcset=\\\"https:\\\/\\\/nunoa.cl\\\/nunoapanorama\\\/wp-content\\\/uploads\\\/2023\\\/08\\\/2274.jpg 1000w, https:\\\/\\\/nunoa.cl\\\/nunoapanorama\\\/wp-content\\\/uploads\\\/2023\\\/08\\\/2274-300x300.jpg 300w, https:\\\/\\\/nunoa.cl\\\/nunoapanorama\\\/wp-content\\\/uploads\\\/2023\\\/08\\\/2274-150x150.jpg 150w, https:\\\/\\\/nunoa.cl\\\/nunoapanorama\\\/wp-content\\\/uploads\\\/2023\\\/08\\\/2274-768x768.jpg 768w, https:\\\/\\\/nunoa.cl\\\/nunoapanorama\\\/wp-content\\\/uploads\\\/2023\\\/08\\\/2274-500x500.jpg 500w, https:\\\/\\\/nunoa.cl\\\/nunoapanorama\\\/wp-content\\\/uploads\\\/2023\\\/08\\\/2274-80x80.jpg 80w\\\" sizes=\\\"(max-width: 1000px) 100vw, 1000px\\\" \\\/><\\\/a><p><a href=https:\\\/\\\/nunoa.cl\\\/nunoapanorama\\\/event\\\/dia-del-blues-el-blues-es-femenino\\\/>DIA DEL BLUES: EL BLUES ES FEMENINO<\\\/a><\\\/p>\",\"special\":\"checked\"},{\"start\":\"2023-08-09 21:00\",\"end\":\"1970-01-01 \",\"url\":\"https:\\\/\\\/nunoa.cl\\\/nunoapanorama\\\/event\\\/albedo-y-los-blitz-en-house-rock-blues\\\/\",\"title\":\"ALBEDO Y LOS BLITZ EN HOUSE ROCK &#038; BLUES\",\"desc\":\"<a href=https:\\\/\\\/nunoa.cl\\\/nunoapanorama\\\/event\\\/albedo-y-los-blitz-en-house-rock-blues\\\/><img width=\\\"1000\\\" height=\\\"1000\\\" src=\\\"https:\\\/\\\/nunoa.cl\\\/nunoapanorama\\\/wp-content\\\/uploads\\\/2023\\\/08\\\/2333.jpg\\\" class=\\\"attachment-post-thumbnail size-post-thumbnail wp-post-image\\\" alt=\\\"\\\" srcset=\\\"https:\\\/\\\/nunoa.cl\\\/nunoapanorama\\\/wp-content\\\/uploads\\\/2023\\\/08\\\/2333.jpg 1000w, https:\\\/\\\/nunoa.cl\\\/nunoapanorama\\\/wp-content\\\/uploads\\\/2023\\\/08\\\/2333-300x300.jpg 300w, https:\\\/\\\/nunoa.cl\\\/nunoapanorama\\\/wp-content\\\/uploads\\\/2023\\\/08\\\/2333-150x150.jpg 150w, https:\\\/\\\/nunoa.cl\\\/nunoapanorama\\\/wp-content\\\/uploads\\\/2023\\\/08\\\/2333-768x768.jpg 768w, https:\\\/\\\/nunoa.cl\\\/nunoapanorama\\\/wp-content\\\/uploads\\\/2023\\\/08\\\/2333-500x500.jpg 500w, https:\\\/\\\/nunoa.cl\\\/nunoapanorama\\\/wp-content\\\/uploads\\\/2023\\\/08\\\/2333-80x80.jpg 80w\\\" sizes=\\\"(max-width: 1000px) 100vw, 1000px\\\" \\\/><\\\/a><p><a href=https:\\\/\\\/nunoa.cl\\\/nunoapanorama\\\/event\\\/albedo-y-los-blitz-en-house-rock-blues\\\/>ALBEDO Y LOS BLITZ EN HOUSE ROCK &#038; BLUES<\\\/a><\\\/p>\",\"special\":\"checked\"},{\"start\":\"2023-08-11 21:00\",\"end\":\"1970-01-01 \",\"url\":\"https:\\\/\\\/nunoa.cl\\\/nunoapanorama\\\/event\\\/tributo-david-bowie-starman-los-psiconautas\\\/\",\"title\":\"TRIBUTO DAVID BOWIE (STARMAN) &#8211; LOS PSICONAUTAS\",\"desc\":\"<a href=https:\\\/\\\/nunoa.cl\\\/nunoapanorama\\\/event\\\/tributo-david-bowie-starman-los-psiconautas\\\/><img width=\\\"1000\\\" height=\\\"1000\\\" src=\\\"https:\\\/\\\/nunoa.cl\\\/nunoapanorama\\\/wp-content\\\/uploads\\\/2023\\\/08\\\/2299.jpg\\\" class=\\\"attachment-post-thumbnail size-post-thumbnail wp-post-image\\\" alt=\\\"\\\" srcset=\\\"https:\\\/\\\/nunoa.cl\\\/nunoapanorama\\\/wp-content\\\/uploads\\\/2023\\\/08\\\/2299.jpg 1000w, https:\\\/\\\/nunoa.cl\\\/nunoapanorama\\\/wp-content\\\/uploads\\\/2023\\\/08\\\/2299-300x300.jpg 300w, https:\\\/\\\/nunoa.cl\\\/nunoapanorama\\\/wp-content\\\/uploads\\\/2023\\\/08\\\/2299-150x150.jpg 150w, https:\\\/\\\/nunoa.cl\\\/nunoapanorama\\\/wp-content\\\/uploads\\\/2023\\\/08\\\/2299-768x768.jpg 768w, https:\\\/\\\/nunoa.cl\\\/nunoapanorama\\\/wp-content\\\/uploads\\\/2023\\\/08\\\/2299-500x500.jpg 500w, https:\\\/\\\/nunoa.cl\\\/nunoapanorama\\\/wp-content\\\/uploads\\\/2023\\\/08\\\/2299-80x80.jpg 80w\\\" sizes=\\\"(max-width: 1000px) 100vw, 1000px\\\" \\\/><\\\/a><p><a href=https:\\\/\\\/nunoa.cl\\\/nunoapanorama\\\/event\\\/tributo-david-bowie-starman-los-psiconautas\\\/>TRIBUTO DAVID BOWIE (STARMAN) &#8211; LOS PSICONAUTAS<\\\/a><\\\/p>\",\"special\":\"checked\"},{\"start\":\"2023-08-13 18:00\",\"end\":\"1970-01-01 \",\"url\":\"https:\\\/\\\/nunoa.cl\\\/nunoapanorama\\\/event\\\/la-rox-bluestone-the-hot-rockets-en-rbx\\\/\",\"title\":\"LA ROX &#8211; BLUESTONE &#8211; THE HOT ROCKETS EN RBX\",\"desc\":\"<a href=https:\\\/\\\/nunoa.cl\\\/nunoapanorama\\\/event\\\/la-rox-bluestone-the-hot-rockets-en-rbx\\\/><img width=\\\"1000\\\" height=\\\"1000\\\" src=\\\"https:\\\/\\\/nunoa.cl\\\/nunoapanorama\\\/wp-content\\\/uploads\\\/2023\\\/08\\\/2297.jpg\\\" class=\\\"attachment-post-thumbnail size-post-thumbnail wp-post-image\\\" alt=\\\"\\\" srcset=\\\"https:\\\/\\\/nunoa.cl\\\/nunoapanorama\\\/wp-content\\\/uploads\\\/2023\\\/08\\\/2297.jpg 1000w, https:\\\/\\\/nunoa.cl\\\/nunoapanorama\\\/wp-content\\\/uploads\\\/2023\\\/08\\\/2297-300x300.jpg 300w, https:\\\/\\\/nunoa.cl\\\/nunoapanorama\\\/wp-content\\\/uploads\\\/2023\\\/08\\\/2297-150x150.jpg 150w, https:\\\/\\\/nunoa.cl\\\/nunoapanorama\\\/wp-content\\\/uploads\\\/2023\\\/08\\\/2297-768x768.jpg 768w, https:\\\/\\\/nunoa.cl\\\/nunoapanorama\\\/wp-content\\\/uploads\\\/2023\\\/08\\\/2297-500x500.jpg 500w, https:\\\/\\\/nunoa.cl\\\/nunoapanorama\\\/wp-content\\\/uploads\\\/2023\\\/08\\\/2297-80x80.jpg 80w\\\" sizes=\\\"(max-width: 1000px) 100vw, 1000px\\\" \\\/><\\\/a><p><a href=https:\\\/\\\/nunoa.cl\\\/nunoapanorama\\\/event\\\/la-rox-bluestone-the-hot-rockets-en-rbx\\\/>LA ROX &#8211; BLUESTONE &#8211; THE HOT ROCKETS EN RBX<\\\/a><\\\/p>\",\"special\":\"checked\"},{\"start\":\"2023-08-10 19:00\",\"end\":\"1970-01-01 \",\"url\":\"https:\\\/\\\/nunoa.cl\\\/nunoapanorama\\\/event\\\/essece-contactos-favoritos-en-club-suizo\\\/\",\"title\":\"ESSECE: CONTACTOS FAVORITOS EN CLUB SUIZO\",\"desc\":\"<a href=https:\\\/\\\/nunoa.cl\\\/nunoapanorama\\\/event\\\/essece-contactos-favoritos-en-club-suizo\\\/><img width=\\\"1000\\\" height=\\\"1000\\\" src=\\\"https:\\\/\\\/nunoa.cl\\\/nunoapanorama\\\/wp-content\\\/uploads\\\/2023\\\/08\\\/2425.jpg\\\" class=\\\"attachment-post-thumbnail size-post-thumbnail wp-post-image\\\" alt=\\\"\\\" srcset=\\\"https:\\\/\\\/nunoa.cl\\\/nunoapanorama\\\/wp-content\\\/uploads\\\/2023\\\/08\\\/2425.jpg 1000w, https:\\\/\\\/nunoa.cl\\\/nunoapanorama\\\/wp-content\\\/uploads\\\/2023\\\/08\\\/2425-300x300.jpg 300w, https:\\\/\\\/nunoa.cl\\\/nunoapanorama\\\/wp-content\\\/uploads\\\/2023\\\/08\\\/2425-150x150.jpg 150w, https:\\\/\\\/nunoa.cl\\\/nunoapanorama\\\/wp-content\\\/uploads\\\/2023\\\/08\\\/2425-768x768.jpg 768w, https:\\\/\\\/nunoa.cl\\\/nunoapanorama\\\/wp-content\\\/uploads\\\/2023\\\/08\\\/2425-500x500.jpg 500w, https:\\\/\\\/nunoa.cl\\\/nunoapanorama\\\/wp-content\\\/uploads\\\/2023\\\/08\\\/2425-80x80.jpg 80w\\\" sizes=\\\"(max-width: 1000px) 100vw, 1000px\\\" \\\/><\\\/a><p><a href=https:\\\/\\\/nunoa.cl\\\/nunoapanorama\\\/event\\\/essece-contactos-favoritos-en-club-suizo\\\/>ESSECE: CONTACTOS FAVORITOS EN CLUB SUIZO<\\\/a><\\\/p>\",\"special\":\"checked\"},{\"start\":\"2023-08-03 18:00\",\"end\":\"2023-08-03 20:00\",\"url\":\"https:\\\/\\\/nunoa.cl\\\/nunoapanorama\\\/event\\\/pronunciamiento-imagen-y-autorepresentacion-en-la-dictadura-chilena-exhibicion-cine-foro\\\/\",\"title\":\"\\u00bfPronunciamiento? Imagen y autorepresentaci\\u00f3n en la dictadura chilena: Exhibici\\u00f3n + Cine-Foro\",\"desc\":\"<a href=https:\\\/\\\/nunoa.cl\\\/nunoapanorama\\\/event\\\/pronunciamiento-imagen-y-autorepresentacion-en-la-dictadura-chilena-exhibicion-cine-foro\\\/><img width=\\\"883\\\" height=\\\"886\\\" src=\\\"https:\\\/\\\/nunoa.cl\\\/nunoapanorama\\\/wp-content\\\/uploads\\\/2023\\\/08\\\/Captura-de-pantalla-2023-08-02-102335.jpg\\\" class=\\\"attachment-post-thumbnail size-post-thumbnail wp-post-image\\\" alt=\\\"\\\" srcset=\\\"https:\\\/\\\/nunoa.cl\\\/nunoapanorama\\\/wp-content\\\/uploads\\\/2023\\\/08\\\/Captura-de-pantalla-2023-08-02-102335.jpg 883w, https:\\\/\\\/nunoa.cl\\\/nunoapanorama\\\/wp-content\\\/uploads\\\/2023\\\/08\\\/Captura-de-pantalla-2023-08-02-102335-300x300.jpg 300w, https:\\\/\\\/nunoa.cl\\\/nunoapanorama\\\/wp-content\\\/uploads\\\/2023\\\/08\\\/Captura-de-pantalla-2023-08-02-102335-150x150.jpg 150w, https:\\\/\\\/nunoa.cl\\\/nunoapanorama\\\/wp-content\\\/uploads\\\/2023\\\/08\\\/Captura-de-pantalla-2023-08-02-102335-768x771.jpg 768w, https:\\\/\\\/nunoa.cl\\\/nunoapanorama\\\/wp-content\\\/uploads\\\/2023\\\/08\\\/Captura-de-pantalla-2023-08-02-102335-80x80.jpg 80w\\\" sizes=\\\"(max-width: 883px) 100vw, 883px\\\" \\\/><\\\/a><p><a href=https:\\\/\\\/nunoa.cl\\\/nunoapanorama\\\/event\\\/pronunciamiento-imagen-y-autorepresentacion-en-la-dictadura-chilena-exhibicion-cine-foro\\\/>\\u00bfPronunciamiento? Imagen y autorepresentaci\\u00f3n en la dictadura chilena: Exhibici\\u00f3n + Cine-Foro<\\\/a><\\\/p>\",\"special\":\"\"},{\"start\":\"2023-08-10 18:00\",\"end\":\"2023-08-10 19:00\",\"url\":\"https:\\\/\\\/nunoa.cl\\\/nunoapanorama\\\/event\\\/pronunciamiento-imagen-y-autorepresentacion-en-la-dictadura-chilena-exhibicion-cine-foro-2\\\/\",\"title\":\"\\u00bfPronunciamiento? Imagen y autorepresentaci\\u00f3n en la dictadura chilena: Exhibici\\u00f3n + Cine-Foro\",\"desc\":\"<a href=https:\\\/\\\/nunoa.cl\\\/nunoapanorama\\\/event\\\/pronunciamiento-imagen-y-autorepresentacion-en-la-dictadura-chilena-exhibicion-cine-foro-2\\\/><img width=\\\"883\\\" height=\\\"880\\\" src=\\\"https:\\\/\\\/nunoa.cl\\\/nunoapanorama\\\/wp-content\\\/uploads\\\/2023\\\/08\\\/Captura-de-pantalla-2023-08-02-102550.jpg\\\" class=\\\"attachment-post-thumbnail size-post-thumbnail wp-post-image\\\" alt=\\\"\\\" srcset=\\\"https:\\\/\\\/nunoa.cl\\\/nunoapanorama\\\/wp-content\\\/uploads\\\/2023\\\/08\\\/Captura-de-pantalla-2023-08-02-102550.jpg 883w, https:\\\/\\\/nunoa.cl\\\/nunoapanorama\\\/wp-content\\\/uploads\\\/2023\\\/08\\\/Captura-de-pantalla-2023-08-02-102550-300x300.jpg 300w, https:\\\/\\\/nunoa.cl\\\/nunoapanorama\\\/wp-content\\\/uploads\\\/2023\\\/08\\\/Captura-de-pantalla-2023-08-02-102550-150x150.jpg 150w, https:\\\/\\\/nunoa.cl\\\/nunoapanorama\\\/wp-content\\\/uploads\\\/2023\\\/08\\\/Captura-de-pantalla-2023-08-02-102550-768x765.jpg 768w, https:\\\/\\\/nunoa.cl\\\/nunoapanorama\\\/wp-content\\\/uploads\\\/2023\\\/08\\\/Captura-de-pantalla-2023-08-02-102550-80x80.jpg 80w\\\" sizes=\\\"(max-width: 883px) 100vw, 883px\\\" \\\/><\\\/a><p><a href=https:\\\/\\\/nunoa.cl\\\/nunoapanorama\\\/event\\\/pronunciamiento-imagen-y-autorepresentacion-en-la-dictadura-chilena-exhibicion-cine-foro-2\\\/>\\u00bfPronunciamiento? Imagen y autorepresentaci\\u00f3n en la dictadura chilena: Exhibici\\u00f3n + Cine-Foro<\\\/a><\\\/p>\",\"special\":\"\"},{\"start\":\"2023-07-27 20:30\",\"end\":\"2023-08-19 22:30\",\"url\":\"https:\\\/\\\/nunoa.cl\\\/nunoapanorama\\\/event\\\/obra-de-teatro-mocha-dick\\\/\",\"title\":\"Obra de Teatro: \\u201cMocha Dick&#8221;\",\"desc\":\"<a href=https:\\\/\\\/nunoa.cl\\\/nunoapanorama\\\/event\\\/obra-de-teatro-mocha-dick\\\/><img width=\\\"2560\\\" height=\\\"1709\\\" src=\\\"https:\\\/\\\/nunoa.cl\\\/nunoapanorama\\\/wp-content\\\/uploads\\\/2023\\\/08\\\/MOCHA-DICK-La-Mona-Ilustre-credito-Elio-Frugone-Pina_-Fototeatro_2-scaled-1.webp\\\" class=\\\"attachment-post-thumbnail size-post-thumbnail wp-post-image\\\" alt=\\\"\\\" srcset=\\\"https:\\\/\\\/nunoa.cl\\\/nunoapanorama\\\/wp-content\\\/uploads\\\/2023\\\/08\\\/MOCHA-DICK-La-Mona-Ilustre-credito-Elio-Frugone-Pina_-Fototeatro_2-scaled-1.webp 2560w, https:\\\/\\\/nunoa.cl\\\/nunoapanorama\\\/wp-content\\\/uploads\\\/2023\\\/08\\\/MOCHA-DICK-La-Mona-Ilustre-credito-Elio-Frugone-Pina_-Fototeatro_2-scaled-1-300x200.webp 300w, https:\\\/\\\/nunoa.cl\\\/nunoapanorama\\\/wp-content\\\/uploads\\\/2023\\\/08\\\/MOCHA-DICK-La-Mona-Ilustre-credito-Elio-Frugone-Pina_-Fototeatro_2-scaled-1-1024x684.webp 1024w, https:\\\/\\\/nunoa.cl\\\/nunoapanorama\\\/wp-content\\\/uploads\\\/2023\\\/08\\\/MOCHA-DICK-La-Mona-Ilustre-credito-Elio-Frugone-Pina_-Fototeatro_2-scaled-1-768x513.webp 768w, https:\\\/\\\/nunoa.cl\\\/nunoapanorama\\\/wp-content\\\/uploads\\\/2023\\\/08\\\/MOCHA-DICK-La-Mona-Ilustre-credito-Elio-Frugone-Pina_-Fototeatro_2-scaled-1-1536x1025.webp 1536w, https:\\\/\\\/nunoa.cl\\\/nunoapanorama\\\/wp-content\\\/uploads\\\/2023\\\/08\\\/MOCHA-DICK-La-Mona-Ilustre-credito-Elio-Frugone-Pina_-Fototeatro_2-scaled-1-2048x1367.webp 2048w\\\" sizes=\\\"(max-width: 2560px) 100vw, 2560px\\\" \\\/><\\\/a><p><a href=https:\\\/\\\/nunoa.cl\\\/nunoapanorama\\\/event\\\/obra-de-teatro-mocha-dick\\\/>Obra de Teatro: \\u201cMocha Dick&#8221;<\\\/a><\\\/p>\",\"special\":\"checked\"},{\"start\":\"2023-08-27 12:00\",\"end\":\"2023-08-27 17:00\",\"url\":\"https:\\\/\\\/nunoa.cl\\\/nunoapanorama\\\/event\\\/bingo-beneficio-lolopalooza\\\/\",\"title\":\"BINGO BENEFICIO LOLOPALOOZA\",\"desc\":\"<a href=https:\\\/\\\/nunoa.cl\\\/nunoapanorama\\\/event\\\/bingo-beneficio-lolopalooza\\\/><img width=\\\"750\\\" height=\\\"1043\\\" src=\\\"https:\\\/\\\/nunoa.cl\\\/nunoapanorama\\\/wp-content\\\/uploads\\\/2023\\\/08\\\/Afiche-evento-e1691084305644.jpg\\\" class=\\\"attachment-post-thumbnail size-post-thumbnail wp-post-image\\\" alt=\\\"\\\" srcset=\\\"https:\\\/\\\/nunoa.cl\\\/nunoapanorama\\\/wp-content\\\/uploads\\\/2023\\\/08\\\/Afiche-evento-e1691084305644.jpg 750w, https:\\\/\\\/nunoa.cl\\\/nunoapanorama\\\/wp-content\\\/uploads\\\/2023\\\/08\\\/Afiche-evento-e1691084305644-216x300.jpg 216w, https:\\\/\\\/nunoa.cl\\\/nunoapanorama\\\/wp-content\\\/uploads\\\/2023\\\/08\\\/Afiche-evento-e1691084305644-736x1024.jpg 736w\\\" sizes=\\\"(max-width: 750px) 100vw, 750px\\\" \\\/><\\\/a><p><a href=https:\\\/\\\/nunoa.cl\\\/nunoapanorama\\\/event\\\/bingo-beneficio-lolopalooza\\\/>BINGO BENEFICIO LOLOPALOOZA<\\\/a><\\\/p>\",\"special\":\"checked\"},{\"start\":\"2023-08-07 10:00\",\"end\":\"2023-08-25 18:00\",\"url\":\"https:\\\/\\\/nunoa.cl\\\/nunoapanorama\\\/event\\\/exposicion-madres\\\/\",\"title\":\"Exposici\\u00f3n: &#8220;MADRE\\\/S&#8221;\",\"desc\":\"<a href=https:\\\/\\\/nunoa.cl\\\/nunoapanorama\\\/event\\\/exposicion-madres\\\/><img width=\\\"884\\\" height=\\\"888\\\" src=\\\"https:\\\/\\\/nunoa.cl\\\/nunoapanorama\\\/wp-content\\\/uploads\\\/2023\\\/08\\\/Captura-de-pantalla-2023-08-04-150634.jpg\\\" class=\\\"attachment-post-thumbnail size-post-thumbnail wp-post-image\\\" alt=\\\"\\\" srcset=\\\"https:\\\/\\\/nunoa.cl\\\/nunoapanorama\\\/wp-content\\\/uploads\\\/2023\\\/08\\\/Captura-de-pantalla-2023-08-04-150634.jpg 884w, https:\\\/\\\/nunoa.cl\\\/nunoapanorama\\\/wp-content\\\/uploads\\\/2023\\\/08\\\/Captura-de-pantalla-2023-08-04-150634-300x300.jpg 300w, https:\\\/\\\/nunoa.cl\\\/nunoapanorama\\\/wp-content\\\/uploads\\\/2023\\\/08\\\/Captura-de-pantalla-2023-08-04-150634-150x150.jpg 150w, https:\\\/\\\/nunoa.cl\\\/nunoapanorama\\\/wp-content\\\/uploads\\\/2023\\\/08\\\/Captura-de-pantalla-2023-08-04-150634-768x771.jpg 768w, https:\\\/\\\/nunoa.cl\\\/nunoapanorama\\\/wp-content\\\/uploads\\\/2023\\\/08\\\/Captura-de-pantalla-2023-08-04-150634-80x80.jpg 80w\\\" sizes=\\\"(max-width: 884px) 100vw, 884px\\\" \\\/><\\\/a><p><a href=https:\\\/\\\/nunoa.cl\\\/nunoapanorama\\\/event\\\/exposicion-madres\\\/>Exposici\\u00f3n: &#8220;MADRE\\\/S&#8221;<\\\/a><\\\/p>\",\"special\":\"\"},{\"start\":\"2023-08-10 21:45\",\"end\":\"2023-08-10 23:00\",\"url\":\"https:\\\/\\\/nunoa.cl\\\/nunoapanorama\\\/event\\\/la-rox-band-en-el-mitico-house-rock-and-blues-de-nunoa-dia-internacional-del-blues-2023\\\/\",\"title\":\"LA ROX BAND EN EL MITICO HOUSE ROCK AND BLUES DE \\u00d1U\\u00d1OA &#8211; DIA INTERNACIONAL DEL BLUES 2023\",\"desc\":\"<a href=https:\\\/\\\/nunoa.cl\\\/nunoapanorama\\\/event\\\/la-rox-band-en-el-mitico-house-rock-and-blues-de-nunoa-dia-internacional-del-blues-2023\\\/><img width=\\\"1000\\\" height=\\\"1000\\\" src=\\\"https:\\\/\\\/nunoa.cl\\\/nunoapanorama\\\/wp-content\\\/uploads\\\/2023\\\/08\\\/2449.jpg\\\" class=\\\"attachment-post-thumbnail size-post-thumbnail wp-post-image\\\" alt=\\\"\\\" srcset=\\\"https:\\\/\\\/nunoa.cl\\\/nunoapanorama\\\/wp-content\\\/uploads\\\/2023\\\/08\\\/2449.jpg 1000w, https:\\\/\\\/nunoa.cl\\\/nunoapanorama\\\/wp-content\\\/uploads\\\/2023\\\/08\\\/2449-300x300.jpg 300w, https:\\\/\\\/nunoa.cl\\\/nunoapanorama\\\/wp-content\\\/uploads\\\/2023\\\/08\\\/2449-150x150.jpg 150w, https:\\\/\\\/nunoa.cl\\\/nunoapanorama\\\/wp-content\\\/uploads\\\/2023\\\/08\\\/2449-768x768.jpg 768w, https:\\\/\\\/nunoa.cl\\\/nunoapanorama\\\/wp-content\\\/uploads\\\/2023\\\/08\\\/2449-500x500.jpg 500w, https:\\\/\\\/nunoa.cl\\\/nunoapanorama\\\/wp-content\\\/uploads\\\/2023\\\/08\\\/2449-80x80.jpg 80w\\\" sizes=\\\"(max-width: 1000px) 100vw, 1000px\\\" \\\/><\\\/a><p><a href=https:\\\/\\\/nunoa.cl\\\/nunoapanorama\\\/event\\\/la-rox-band-en-el-mitico-house-rock-and-blues-de-nunoa-dia-internacional-del-blues-2023\\\/>LA ROX BAND EN EL MITICO HOUSE ROCK AND BLUES DE \\u00d1U\\u00d1OA &#8211; DIA INTERNACIONAL DEL BLUES 2023<\\\/a><\\\/p>\",\"special\":\"checked\"},{\"start\":\"2023-08-20 17:00\",\"end\":\"2023-08-20 20:00\",\"url\":\"https:\\\/\\\/nunoa.cl\\\/nunoapanorama\\\/event\\\/te-amo-tango-en-el-aula-magna-del-manuel-de-salas\\\/\",\"title\":\"TE AMO TANGO EN EL AULA MAGNA DEL MANUEL DE SALAS\",\"desc\":\"<a href=https:\\\/\\\/nunoa.cl\\\/nunoapanorama\\\/event\\\/te-amo-tango-en-el-aula-magna-del-manuel-de-salas\\\/><img width=\\\"1000\\\" height=\\\"1000\\\" src=\\\"https:\\\/\\\/nunoa.cl\\\/nunoapanorama\\\/wp-content\\\/uploads\\\/2023\\\/08\\\/1949.jpg\\\" class=\\\"attachment-post-thumbnail size-post-thumbnail wp-post-image\\\" alt=\\\"\\\" srcset=\\\"https:\\\/\\\/nunoa.cl\\\/nunoapanorama\\\/wp-content\\\/uploads\\\/2023\\\/08\\\/1949.jpg 1000w, https:\\\/\\\/nunoa.cl\\\/nunoapanorama\\\/wp-content\\\/uploads\\\/2023\\\/08\\\/1949-300x300.jpg 300w, https:\\\/\\\/nunoa.cl\\\/nunoapanorama\\\/wp-content\\\/uploads\\\/2023\\\/08\\\/1949-150x150.jpg 150w, https:\\\/\\\/nunoa.cl\\\/nunoapanorama\\\/wp-content\\\/uploads\\\/2023\\\/08\\\/1949-768x768.jpg 768w, https:\\\/\\\/nunoa.cl\\\/nunoapanorama\\\/wp-content\\\/uploads\\\/2023\\\/08\\\/1949-500x500.jpg 500w, https:\\\/\\\/nunoa.cl\\\/nunoapanorama\\\/wp-content\\\/uploads\\\/2023\\\/08\\\/1949-80x80.jpg 80w\\\" sizes=\\\"(max-width: 1000px) 100vw, 1000px\\\" \\\/><\\\/a><p><a href=https:\\\/\\\/nunoa.cl\\\/nunoapanorama\\\/event\\\/te-amo-tango-en-el-aula-magna-del-manuel-de-salas\\\/>TE AMO TANGO EN EL AULA MAGNA DEL MANUEL DE SALAS<\\\/a><\\\/p>\",\"special\":\"checked\"},{\"start\":\"2023-08-18 11:30\",\"end\":\"1970-01-01 \",\"url\":\"https:\\\/\\\/nunoa.cl\\\/nunoapanorama\\\/event\\\/exposicion-de-pintura-en-sepia-por-el-rabillo-del-ojo\\\/\",\"title\":\"Exposici\\u00f3n de pintura\\u00a0&#8220;En sepia, por el rabillo del ojo&#8221;\",\"desc\":\"<a href=https:\\\/\\\/nunoa.cl\\\/nunoapanorama\\\/event\\\/exposicion-de-pintura-en-sepia-por-el-rabillo-del-ojo\\\/><img width=\\\"921\\\" height=\\\"588\\\" src=\\\"https:\\\/\\\/nunoa.cl\\\/nunoapanorama\\\/wp-content\\\/uploads\\\/2023\\\/08\\\/image.png\\\" class=\\\"attachment-post-thumbnail size-post-thumbnail wp-post-image\\\" alt=\\\"\\\" srcset=\\\"https:\\\/\\\/nunoa.cl\\\/nunoapanorama\\\/wp-content\\\/uploads\\\/2023\\\/08\\\/image.png 921w, https:\\\/\\\/nunoa.cl\\\/nunoapanorama\\\/wp-content\\\/uploads\\\/2023\\\/08\\\/image-300x192.png 300w, https:\\\/\\\/nunoa.cl\\\/nunoapanorama\\\/wp-content\\\/uploads\\\/2023\\\/08\\\/image-768x490.png 768w\\\" sizes=\\\"(max-width: 921px) 100vw, 921px\\\" \\\/><\\\/a><p><a href=https:\\\/\\\/nunoa.cl\\\/nunoapanorama\\\/event\\\/exposicion-de-pintura-en-sepia-por-el-rabillo-del-ojo\\\/>Exposici\\u00f3n de pintura\\u00a0&#8220;En sepia, por el rabillo del ojo&#8221;<\\\/a><\\\/p>\",\"special\":\"\"},{\"start\":\"2023-08-10 16:00\",\"end\":\"2023-08-10 17:30\",\"url\":\"https:\\\/\\\/nunoa.cl\\\/nunoapanorama\\\/event\\\/134-anos-de-aniversario-del-instituto-pedagogico-actual-umce\\\/\",\"title\":\"134 A\\u00d1OS DE ANIVERSARIO DEL INSTITUTO PEDAGOGICO ACTUAL UMCE\",\"desc\":\"<a href=https:\\\/\\\/nunoa.cl\\\/nunoapanorama\\\/event\\\/134-anos-de-aniversario-del-instituto-pedagogico-actual-umce\\\/><img width=\\\"794\\\" height=\\\"796\\\" src=\\\"https:\\\/\\\/nunoa.cl\\\/nunoapanorama\\\/wp-content\\\/uploads\\\/2023\\\/08\\\/INVITACION-ANIVERSARIO-RRSS.jpg\\\" class=\\\"attachment-post-thumbnail size-post-thumbnail wp-post-image\\\" alt=\\\"\\\" srcset=\\\"https:\\\/\\\/nunoa.cl\\\/nunoapanorama\\\/wp-content\\\/uploads\\\/2023\\\/08\\\/INVITACION-ANIVERSARIO-RRSS.jpg 794w, https:\\\/\\\/nunoa.cl\\\/nunoapanorama\\\/wp-content\\\/uploads\\\/2023\\\/08\\\/INVITACION-ANIVERSARIO-RRSS-300x300.jpg 300w, https:\\\/\\\/nunoa.cl\\\/nunoapanorama\\\/wp-content\\\/uploads\\\/2023\\\/08\\\/INVITACION-ANIVERSARIO-RRSS-150x150.jpg 150w, https:\\\/\\\/nunoa.cl\\\/nunoapanorama\\\/wp-content\\\/uploads\\\/2023\\\/08\\\/INVITACION-ANIVERSARIO-RRSS-768x770.jpg 768w, https:\\\/\\\/nunoa.cl\\\/nunoapanorama\\\/wp-content\\\/uploads\\\/2023\\\/08\\\/INVITACION-ANIVERSARIO-RRSS-500x500.jpg 500w, https:\\\/\\\/nunoa.cl\\\/nunoapanorama\\\/wp-content\\\/uploads\\\/2023\\\/08\\\/INVITACION-ANIVERSARIO-RRSS-80x80.jpg 80w\\\" sizes=\\\"(max-width: 794px) 100vw, 794px\\\" \\\/><\\\/a><p><a href=https:\\\/\\\/nunoa.cl\\\/nunoapanorama\\\/event\\\/134-anos-de-aniversario-del-instituto-pedagogico-actual-umce\\\/>134 A\\u00d1OS DE ANIVERSARIO DEL INSTITUTO PEDAGOGICO ACTUAL UMCE<\\\/a><\\\/p>\",\"special\":\"checked\"},{\"start\":\"2023-08-10 17:30\",\"end\":\"2023-08-31 18:00\",\"url\":\"https:\\\/\\\/nunoa.cl\\\/nunoapanorama\\\/event\\\/exposicion-el-cazador-la-presa-el-arma\\\/\",\"title\":\"Exposici\\u00f3n: &#8220;El cazador, la presa, el arma&#8221;.\",\"desc\":\"<a href=https:\\\/\\\/nunoa.cl\\\/nunoapanorama\\\/event\\\/exposicion-el-cazador-la-presa-el-arma\\\/><img width=\\\"881\\\" height=\\\"880\\\" src=\\\"https:\\\/\\\/nunoa.cl\\\/nunoapanorama\\\/wp-content\\\/uploads\\\/2023\\\/08\\\/Captura-de-pantalla-2023-08-09-094904.jpg\\\" class=\\\"attachment-post-thumbnail size-post-thumbnail wp-post-image\\\" alt=\\\"\\\" srcset=\\\"https:\\\/\\\/nunoa.cl\\\/nunoapanorama\\\/wp-content\\\/uploads\\\/2023\\\/08\\\/Captura-de-pantalla-2023-08-09-094904.jpg 881w, https:\\\/\\\/nunoa.cl\\\/nunoapanorama\\\/wp-content\\\/uploads\\\/2023\\\/08\\\/Captura-de-pantalla-2023-08-09-094904-300x300.jpg 300w, https:\\\/\\\/nunoa.cl\\\/nunoapanorama\\\/wp-content\\\/uploads\\\/2023\\\/08\\\/Captura-de-pantalla-2023-08-09-094904-150x150.jpg 150w, https:\\\/\\\/nunoa.cl\\\/nunoapanorama\\\/wp-content\\\/uploads\\\/2023\\\/08\\\/Captura-de-pantalla-2023-08-09-094904-768x767.jpg 768w, https:\\\/\\\/nunoa.cl\\\/nunoapanorama\\\/wp-content\\\/uploads\\\/2023\\\/08\\\/Captura-de-pantalla-2023-08-09-094904-500x500.jpg 500w, https:\\\/\\\/nunoa.cl\\\/nunoapanorama\\\/wp-content\\\/uploads\\\/2023\\\/08\\\/Captura-de-pantalla-2023-08-09-094904-80x80.jpg 80w\\\" sizes=\\\"(max-width: 881px) 100vw, 881px\\\" \\\/><\\\/a><p><a href=https:\\\/\\\/nunoa.cl\\\/nunoapanorama\\\/event\\\/exposicion-el-cazador-la-presa-el-arma\\\/>Exposici\\u00f3n: &#8220;El cazador, la presa, el arma&#8221;.<\\\/a><\\\/p>\",\"special\":\"\"},{\"start\":\"2023-08-26 20:30\",\"end\":\"2023-08-26 22:00\",\"url\":\"https:\\\/\\\/nunoa.cl\\\/nunoapanorama\\\/event\\\/manuel-garcia-en-aula-magna-del-liceo-manuel-de-salas\\\/\",\"title\":\"MANUEL GARC\\u00cdA EN AULA MAGNA DEL LICEO MANUEL DE SALAS\",\"desc\":\"<a href=https:\\\/\\\/nunoa.cl\\\/nunoapanorama\\\/event\\\/manuel-garcia-en-aula-magna-del-liceo-manuel-de-salas\\\/><img width=\\\"1000\\\" height=\\\"1000\\\" src=\\\"https:\\\/\\\/nunoa.cl\\\/nunoapanorama\\\/wp-content\\\/uploads\\\/2023\\\/08\\\/2374.jpg\\\" class=\\\"attachment-post-thumbnail size-post-thumbnail wp-post-image\\\" alt=\\\"\\\" srcset=\\\"https:\\\/\\\/nunoa.cl\\\/nunoapanorama\\\/wp-content\\\/uploads\\\/2023\\\/08\\\/2374.jpg 1000w, https:\\\/\\\/nunoa.cl\\\/nunoapanorama\\\/wp-content\\\/uploads\\\/2023\\\/08\\\/2374-300x300.jpg 300w, https:\\\/\\\/nunoa.cl\\\/nunoapanorama\\\/wp-content\\\/uploads\\\/2023\\\/08\\\/2374-150x150.jpg 150w, https:\\\/\\\/nunoa.cl\\\/nunoapanorama\\\/wp-content\\\/uploads\\\/2023\\\/08\\\/2374-768x768.jpg 768w, https:\\\/\\\/nunoa.cl\\\/nunoapanorama\\\/wp-content\\\/uploads\\\/2023\\\/08\\\/2374-500x500.jpg 500w, https:\\\/\\\/nunoa.cl\\\/nunoapanorama\\\/wp-content\\\/uploads\\\/2023\\\/08\\\/2374-80x80.jpg 80w\\\" sizes=\\\"(max-width: 1000px) 100vw, 1000px\\\" \\\/><\\\/a><p><a href=https:\\\/\\\/nunoa.cl\\\/nunoapanorama\\\/event\\\/manuel-garcia-en-aula-magna-del-liceo-manuel-de-salas\\\/>MANUEL GARC\\u00cdA EN AULA MAGNA DEL LICEO MANUEL DE SALAS<\\\/a><\\\/p>\",\"special\":\"checked\"},{\"start\":\"2023-08-21 10:30\",\"end\":\"2023-08-26 17:00\",\"url\":\"https:\\\/\\\/nunoa.cl\\\/nunoapanorama\\\/event\\\/participa-del-sanficeduca-en-plataforma-cultural\\\/\",\"title\":\"\\u00a1Participa del SANFICEDUCA en Plataforma CULTURAL!\",\"desc\":\"<a href=https:\\\/\\\/nunoa.cl\\\/nunoapanorama\\\/event\\\/participa-del-sanficeduca-en-plataforma-cultural\\\/><img width=\\\"881\\\" height=\\\"877\\\" src=\\\"https:\\\/\\\/nunoa.cl\\\/nunoapanorama\\\/wp-content\\\/uploads\\\/2023\\\/08\\\/Captura-de-pantalla-2023-08-16-091615.jpg\\\" class=\\\"attachment-post-thumbnail size-post-thumbnail wp-post-image\\\" alt=\\\"\\\" srcset=\\\"https:\\\/\\\/nunoa.cl\\\/nunoapanorama\\\/wp-content\\\/uploads\\\/2023\\\/08\\\/Captura-de-pantalla-2023-08-16-091615.jpg 881w, https:\\\/\\\/nunoa.cl\\\/nunoapanorama\\\/wp-content\\\/uploads\\\/2023\\\/08\\\/Captura-de-pantalla-2023-08-16-091615-300x300.jpg 300w, https:\\\/\\\/nunoa.cl\\\/nunoapanorama\\\/wp-content\\\/uploads\\\/2023\\\/08\\\/Captura-de-pantalla-2023-08-16-091615-150x150.jpg 150w, https:\\\/\\\/nunoa.cl\\\/nunoapanorama\\\/wp-content\\\/uploads\\\/2023\\\/08\\\/Captura-de-pantalla-2023-08-16-091615-768x765.jpg 768w, https:\\\/\\\/nunoa.cl\\\/nunoapanorama\\\/wp-content\\\/uploads\\\/2023\\\/08\\\/Captura-de-pantalla-2023-08-16-091615-80x80.jpg 80w\\\" sizes=\\\"(max-width: 881px) 100vw, 881px\\\" \\\/><\\\/a><p><a href=https:\\\/\\\/nunoa.cl\\\/nunoapanorama\\\/event\\\/participa-del-sanficeduca-en-plataforma-cultural\\\/>\\u00a1Participa del SANFICEDUCA en Plataforma CULTURAL!<\\\/a><\\\/p>\",\"special\":\"checked\"},{\"start\":\"2023-08-27 18:00\",\"end\":\"2023-08-27 19:00\",\"url\":\"https:\\\/\\\/nunoa.cl\\\/nunoapanorama\\\/event\\\/sentir-flamenco-aula-magna-manuel-de-salas\\\/\",\"title\":\"SENTIR FLAMENCO &#8211; AULA MAGNA MANUEL DE SALAS\",\"desc\":\"<a href=https:\\\/\\\/nunoa.cl\\\/nunoapanorama\\\/event\\\/sentir-flamenco-aula-magna-manuel-de-salas\\\/><img width=\\\"1000\\\" height=\\\"1000\\\" src=\\\"https:\\\/\\\/nunoa.cl\\\/nunoapanorama\\\/wp-content\\\/uploads\\\/2023\\\/08\\\/2326-1.jpg\\\" class=\\\"attachment-post-thumbnail size-post-thumbnail wp-post-image\\\" alt=\\\"\\\" srcset=\\\"https:\\\/\\\/nunoa.cl\\\/nunoapanorama\\\/wp-content\\\/uploads\\\/2023\\\/08\\\/2326-1.jpg 1000w, https:\\\/\\\/nunoa.cl\\\/nunoapanorama\\\/wp-content\\\/uploads\\\/2023\\\/08\\\/2326-1-300x300.jpg 300w, https:\\\/\\\/nunoa.cl\\\/nunoapanorama\\\/wp-content\\\/uploads\\\/2023\\\/08\\\/2326-1-150x150.jpg 150w, https:\\\/\\\/nunoa.cl\\\/nunoapanorama\\\/wp-content\\\/uploads\\\/2023\\\/08\\\/2326-1-768x768.jpg 768w, https:\\\/\\\/nunoa.cl\\\/nunoapanorama\\\/wp-content\\\/uploads\\\/2023\\\/08\\\/2326-1-500x500.jpg 500w, https:\\\/\\\/nunoa.cl\\\/nunoapanorama\\\/wp-content\\\/uploads\\\/2023\\\/08\\\/2326-1-80x80.jpg 80w\\\" sizes=\\\"(max-width: 1000px) 100vw, 1000px\\\" \\\/><\\\/a><p><a href=https:\\\/\\\/nunoa.cl\\\/nunoapanorama\\\/event\\\/sentir-flamenco-aula-magna-manuel-de-salas\\\/>SENTIR FLAMENCO &#8211; AULA MAGNA MANUEL DE SALAS<\\\/a><\\\/p>\",\"special\":\"checked\"},{\"start\":\"2023-09-06 18:30\",\"end\":\"2023-09-06 21:00\",\"url\":\"https:\\\/\\\/nunoa.cl\\\/nunoapanorama\\\/event\\\/50-anos-en-la-memoria-en-el-aula-magna-del-manuel-de-salas\\\/\",\"title\":\"50 A\\u00d1OS EN LA MEMORIA EN EL AULA MAGNA DEL MANUEL DE SALAS\",\"desc\":\"<a href=https:\\\/\\\/nunoa.cl\\\/nunoapanorama\\\/event\\\/50-anos-en-la-memoria-en-el-aula-magna-del-manuel-de-salas\\\/><img width=\\\"1000\\\" height=\\\"1000\\\" src=\\\"https:\\\/\\\/nunoa.cl\\\/nunoapanorama\\\/wp-content\\\/uploads\\\/2023\\\/08\\\/2563.jpg\\\" class=\\\"attachment-post-thumbnail size-post-thumbnail wp-post-image\\\" alt=\\\"\\\" srcset=\\\"https:\\\/\\\/nunoa.cl\\\/nunoapanorama\\\/wp-content\\\/uploads\\\/2023\\\/08\\\/2563.jpg 1000w, https:\\\/\\\/nunoa.cl\\\/nunoapanorama\\\/wp-content\\\/uploads\\\/2023\\\/08\\\/2563-300x300.jpg 300w, https:\\\/\\\/nunoa.cl\\\/nunoapanorama\\\/wp-content\\\/uploads\\\/2023\\\/08\\\/2563-150x150.jpg 150w, https:\\\/\\\/nunoa.cl\\\/nunoapanorama\\\/wp-content\\\/uploads\\\/2023\\\/08\\\/2563-768x768.jpg 768w, https:\\\/\\\/nunoa.cl\\\/nunoapanorama\\\/wp-content\\\/uploads\\\/2023\\\/08\\\/2563-500x500.jpg 500w, https:\\\/\\\/nunoa.cl\\\/nunoapanorama\\\/wp-content\\\/uploads\\\/2023\\\/08\\\/2563-80x80.jpg 80w\\\" sizes=\\\"(max-width: 1000px) 100vw, 1000px\\\" \\\/><\\\/a><p><a href=https:\\\/\\\/nunoa.cl\\\/nunoapanorama\\\/event\\\/50-anos-en-la-memoria-en-el-aula-magna-del-manuel-de-salas\\\/>50 A\\u00d1OS EN LA MEMORIA EN EL AULA MAGNA DEL MANUEL DE SALAS<\\\/a><\\\/p>\",\"special\":\"checked\"},{\"start\":\"2023-09-02 20:00\",\"end\":\"2023-09-02 22:00\",\"url\":\"https:\\\/\\\/nunoa.cl\\\/nunoapanorama\\\/event\\\/jairo-en-aula-magna-manuel-de-salas\\\/\",\"title\":\"JAIRO EN AULA MAGNA MANUEL DE SALAS\",\"desc\":\"<a href=https:\\\/\\\/nunoa.cl\\\/nunoapanorama\\\/event\\\/jairo-en-aula-magna-manuel-de-salas\\\/><img width=\\\"1000\\\" height=\\\"1000\\\" src=\\\"https:\\\/\\\/nunoa.cl\\\/nunoapanorama\\\/wp-content\\\/uploads\\\/2023\\\/08\\\/1750.jpg\\\" class=\\\"attachment-post-thumbnail size-post-thumbnail wp-post-image\\\" alt=\\\"\\\" srcset=\\\"https:\\\/\\\/nunoa.cl\\\/nunoapanorama\\\/wp-content\\\/uploads\\\/2023\\\/08\\\/1750.jpg 1000w, https:\\\/\\\/nunoa.cl\\\/nunoapanorama\\\/wp-content\\\/uploads\\\/2023\\\/08\\\/1750-300x300.jpg 300w, https:\\\/\\\/nunoa.cl\\\/nunoapanorama\\\/wp-content\\\/uploads\\\/2023\\\/08\\\/1750-150x150.jpg 150w, https:\\\/\\\/nunoa.cl\\\/nunoapanorama\\\/wp-content\\\/uploads\\\/2023\\\/08\\\/1750-768x768.jpg 768w, https:\\\/\\\/nunoa.cl\\\/nunoapanorama\\\/wp-content\\\/uploads\\\/2023\\\/08\\\/1750-500x500.jpg 500w, https:\\\/\\\/nunoa.cl\\\/nunoapanorama\\\/wp-content\\\/uploads\\\/2023\\\/08\\\/1750-80x80.jpg 80w\\\" sizes=\\\"(max-width: 1000px) 100vw, 1000px\\\" \\\/><\\\/a><p><a href=https:\\\/\\\/nunoa.cl\\\/nunoapanorama\\\/event\\\/jairo-en-aula-magna-manuel-de-salas\\\/>JAIRO EN AULA MAGNA MANUEL DE SALAS<\\\/a><\\\/p>\",\"special\":\"checked\"},{\"start\":\"2023-08-26 11:00\",\"end\":\"2023-08-26 13:00\",\"url\":\"https:\\\/\\\/nunoa.cl\\\/nunoapanorama\\\/event\\\/reinauguracion-del-sector-infantil-del-espacio-literario\\\/\",\"title\":\"Reinauguraci\\u00f3n del sector infantil del Espacio Literario\",\"desc\":\"<a href=https:\\\/\\\/nunoa.cl\\\/nunoapanorama\\\/event\\\/reinauguracion-del-sector-infantil-del-espacio-literario\\\/><img width=\\\"880\\\" height=\\\"881\\\" src=\\\"https:\\\/\\\/nunoa.cl\\\/nunoapanorama\\\/wp-content\\\/uploads\\\/2023\\\/08\\\/Captura-de-pantalla-2023-08-23-095247.jpg\\\" class=\\\"attachment-post-thumbnail size-post-thumbnail wp-post-image\\\" alt=\\\"\\\" srcset=\\\"https:\\\/\\\/nunoa.cl\\\/nunoapanorama\\\/wp-content\\\/uploads\\\/2023\\\/08\\\/Captura-de-pantalla-2023-08-23-095247.jpg 880w, https:\\\/\\\/nunoa.cl\\\/nunoapanorama\\\/wp-content\\\/uploads\\\/2023\\\/08\\\/Captura-de-pantalla-2023-08-23-095247-300x300.jpg 300w, https:\\\/\\\/nunoa.cl\\\/nunoapanorama\\\/wp-content\\\/uploads\\\/2023\\\/08\\\/Captura-de-pantalla-2023-08-23-095247-150x150.jpg 150w, https:\\\/\\\/nunoa.cl\\\/nunoapanorama\\\/wp-content\\\/uploads\\\/2023\\\/08\\\/Captura-de-pantalla-2023-08-23-095247-768x769.jpg 768w, https:\\\/\\\/nunoa.cl\\\/nunoapanorama\\\/wp-content\\\/uploads\\\/2023\\\/08\\\/Captura-de-pantalla-2023-08-23-095247-500x500.jpg 500w, https:\\\/\\\/nunoa.cl\\\/nunoapanorama\\\/wp-content\\\/uploads\\\/2023\\\/08\\\/Captura-de-pantalla-2023-08-23-095247-80x80.jpg 80w\\\" sizes=\\\"(max-width: 880px) 100vw, 880px\\\" \\\/><\\\/a><p><a href=https:\\\/\\\/nunoa.cl\\\/nunoapanorama\\\/event\\\/reinauguracion-del-sector-infantil-del-espacio-literario\\\/>Reinauguraci\\u00f3n del sector infantil del Espacio Literario<\\\/a><\\\/p>\",\"special\":\"\"},{\"start\":\"2023-08-31 18:30\",\"end\":\"2023-08-31 19:30\",\"url\":\"https:\\\/\\\/nunoa.cl\\\/nunoapanorama\\\/event\\\/conversacion-con-peter-kornbluh\\\/\",\"title\":\"Conversaci\\u00f3n con Peter Kornbluh\",\"desc\":\"<a href=https:\\\/\\\/nunoa.cl\\\/nunoapanorama\\\/event\\\/conversacion-con-peter-kornbluh\\\/><img width=\\\"879\\\" height=\\\"881\\\" src=\\\"https:\\\/\\\/nunoa.cl\\\/nunoapanorama\\\/wp-content\\\/uploads\\\/2023\\\/08\\\/Captura-de-pantalla-2023-08-29-095231.jpg\\\" class=\\\"attachment-post-thumbnail size-post-thumbnail wp-post-image\\\" alt=\\\"\\\" srcset=\\\"https:\\\/\\\/nunoa.cl\\\/nunoapanorama\\\/wp-content\\\/uploads\\\/2023\\\/08\\\/Captura-de-pantalla-2023-08-29-095231.jpg 879w, https:\\\/\\\/nunoa.cl\\\/nunoapanorama\\\/wp-content\\\/uploads\\\/2023\\\/08\\\/Captura-de-pantalla-2023-08-29-095231-300x300.jpg 300w, https:\\\/\\\/nunoa.cl\\\/nunoapanorama\\\/wp-content\\\/uploads\\\/2023\\\/08\\\/Captura-de-pantalla-2023-08-29-095231-150x150.jpg 150w, https:\\\/\\\/nunoa.cl\\\/nunoapanorama\\\/wp-content\\\/uploads\\\/2023\\\/08\\\/Captura-de-pantalla-2023-08-29-095231-768x770.jpg 768w, https:\\\/\\\/nunoa.cl\\\/nunoapanorama\\\/wp-content\\\/uploads\\\/2023\\\/08\\\/Captura-de-pantalla-2023-08-29-095231-500x500.jpg 500w, https:\\\/\\\/nunoa.cl\\\/nunoapanorama\\\/wp-content\\\/uploads\\\/2023\\\/08\\\/Captura-de-pantalla-2023-08-29-095231-80x80.jpg 80w\\\" sizes=\\\"(max-width: 879px) 100vw, 879px\\\" \\\/><\\\/a><p><a href=https:\\\/\\\/nunoa.cl\\\/nunoapanorama\\\/event\\\/conversacion-con-peter-kornbluh\\\/>Conversaci\\u00f3n con Peter Kornbluh<\\\/a><\\\/p>\",\"special\":\"\"},{\"start\":\"2023-08-31 18:00\",\"end\":\"2023-08-31 20:00\",\"url\":\"https:\\\/\\\/nunoa.cl\\\/nunoapanorama\\\/event\\\/exhibicion-chile-no-invoco-tu-nombre-en-vano-1983\\\/\",\"title\":\"Exhibici\\u00f3n: &#8220;Chile, no invoco tu nombre en vano&#8221; (1983)\",\"desc\":\"<a href=https:\\\/\\\/nunoa.cl\\\/nunoapanorama\\\/event\\\/exhibicion-chile-no-invoco-tu-nombre-en-vano-1983\\\/><img width=\\\"878\\\" height=\\\"879\\\" src=\\\"https:\\\/\\\/nunoa.cl\\\/nunoapanorama\\\/wp-content\\\/uploads\\\/2023\\\/08\\\/Captura-de-pantalla-2023-08-30-113004.jpg\\\" class=\\\"attachment-post-thumbnail size-post-thumbnail wp-post-image\\\" alt=\\\"\\\" srcset=\\\"https:\\\/\\\/nunoa.cl\\\/nunoapanorama\\\/wp-content\\\/uploads\\\/2023\\\/08\\\/Captura-de-pantalla-2023-08-30-113004.jpg 878w, https:\\\/\\\/nunoa.cl\\\/nunoapanorama\\\/wp-content\\\/uploads\\\/2023\\\/08\\\/Captura-de-pantalla-2023-08-30-113004-300x300.jpg 300w, https:\\\/\\\/nunoa.cl\\\/nunoapanorama\\\/wp-content\\\/uploads\\\/2023\\\/08\\\/Captura-de-pantalla-2023-08-30-113004-150x150.jpg 150w, https:\\\/\\\/nunoa.cl\\\/nunoapanorama\\\/wp-content\\\/uploads\\\/2023\\\/08\\\/Captura-de-pantalla-2023-08-30-113004-768x769.jpg 768w, https:\\\/\\\/nunoa.cl\\\/nunoapanorama\\\/wp-content\\\/uploads\\\/2023\\\/08\\\/Captura-de-pantalla-2023-08-30-113004-500x500.jpg 500w, https:\\\/\\\/nunoa.cl\\\/nunoapanorama\\\/wp-content\\\/uploads\\\/2023\\\/08\\\/Captura-de-pantalla-2023-08-30-113004-80x80.jpg 80w\\\" sizes=\\\"(max-width: 878px) 100vw, 878px\\\" \\\/><\\\/a><p><a href=https:\\\/\\\/nunoa.cl\\\/nunoapanorama\\\/event\\\/exhibicion-chile-no-invoco-tu-nombre-en-vano-1983\\\/>Exhibici\\u00f3n: &#8220;Chile, no invoco tu nombre en vano&#8221; (1983)<\\\/a><\\\/p>\",\"special\":\"\"},{\"start\":\"2023-09-02 11:00\",\"end\":\"2023-09-02 12:00\",\"url\":\"https:\\\/\\\/nunoa.cl\\\/nunoapanorama\\\/event\\\/taller-para-ninos-de-collage-y-dibujo\\\/\",\"title\":\"Taller para ni\\u00f1os de collage y dibujo\",\"desc\":\"<a href=https:\\\/\\\/nunoa.cl\\\/nunoapanorama\\\/event\\\/taller-para-ninos-de-collage-y-dibujo\\\/><img width=\\\"875\\\" height=\\\"880\\\" src=\\\"https:\\\/\\\/nunoa.cl\\\/nunoapanorama\\\/wp-content\\\/uploads\\\/2023\\\/08\\\/Captura-de-pantalla-2023-08-30-120722.jpg\\\" class=\\\"attachment-post-thumbnail size-post-thumbnail wp-post-image\\\" alt=\\\"\\\" srcset=\\\"https:\\\/\\\/nunoa.cl\\\/nunoapanorama\\\/wp-content\\\/uploads\\\/2023\\\/08\\\/Captura-de-pantalla-2023-08-30-120722.jpg 875w, https:\\\/\\\/nunoa.cl\\\/nunoapanorama\\\/wp-content\\\/uploads\\\/2023\\\/08\\\/Captura-de-pantalla-2023-08-30-120722-298x300.jpg 298w, https:\\\/\\\/nunoa.cl\\\/nunoapanorama\\\/wp-content\\\/uploads\\\/2023\\\/08\\\/Captura-de-pantalla-2023-08-30-120722-150x150.jpg 150w, https:\\\/\\\/nunoa.cl\\\/nunoapanorama\\\/wp-content\\\/uploads\\\/2023\\\/08\\\/Captura-de-pantalla-2023-08-30-120722-768x772.jpg 768w, https:\\\/\\\/nunoa.cl\\\/nunoapanorama\\\/wp-content\\\/uploads\\\/2023\\\/08\\\/Captura-de-pantalla-2023-08-30-120722-80x80.jpg 80w\\\" sizes=\\\"(max-width: 875px) 100vw, 875px\\\" \\\/><\\\/a><p><a href=https:\\\/\\\/nunoa.cl\\\/nunoapanorama\\\/event\\\/taller-para-ninos-de-collage-y-dibujo\\\/>Taller para ni\\u00f1os de collage y dibujo<\\\/a><\\\/p>\",\"special\":\"checked\"},{\"start\":\"2023-09-07 18:00\",\"end\":\"2023-10-04 17:00\",\"url\":\"https:\\\/\\\/nunoa.cl\\\/nunoapanorama\\\/event\\\/exposicion-cortafuegos\\\/\",\"title\":\"Exposici\\u00f3n: &#8220;Cortafuegos&#8221;\",\"desc\":\"<a href=https:\\\/\\\/nunoa.cl\\\/nunoapanorama\\\/event\\\/exposicion-cortafuegos\\\/><img width=\\\"878\\\" height=\\\"876\\\" src=\\\"https:\\\/\\\/nunoa.cl\\\/nunoapanorama\\\/wp-content\\\/uploads\\\/2023\\\/09\\\/Captura-de-pantalla-2023-09-01-090100.jpg\\\" class=\\\"attachment-post-thumbnail size-post-thumbnail wp-post-image\\\" alt=\\\"\\\" srcset=\\\"https:\\\/\\\/nunoa.cl\\\/nunoapanorama\\\/wp-content\\\/uploads\\\/2023\\\/09\\\/Captura-de-pantalla-2023-09-01-090100.jpg 878w, https:\\\/\\\/nunoa.cl\\\/nunoapanorama\\\/wp-content\\\/uploads\\\/2023\\\/09\\\/Captura-de-pantalla-2023-09-01-090100-300x300.jpg 300w, https:\\\/\\\/nunoa.cl\\\/nunoapanorama\\\/wp-content\\\/uploads\\\/2023\\\/09\\\/Captura-de-pantalla-2023-09-01-090100-150x150.jpg 150w, https:\\\/\\\/nunoa.cl\\\/nunoapanorama\\\/wp-content\\\/uploads\\\/2023\\\/09\\\/Captura-de-pantalla-2023-09-01-090100-768x766.jpg 768w, https:\\\/\\\/nunoa.cl\\\/nunoapanorama\\\/wp-content\\\/uploads\\\/2023\\\/09\\\/Captura-de-pantalla-2023-09-01-090100-500x500.jpg 500w, https:\\\/\\\/nunoa.cl\\\/nunoapanorama\\\/wp-content\\\/uploads\\\/2023\\\/09\\\/Captura-de-pantalla-2023-09-01-090100-80x80.jpg 80w\\\" sizes=\\\"(max-width: 878px) 100vw, 878px\\\" \\\/><\\\/a><p><a href=https:\\\/\\\/nunoa.cl\\\/nunoapanorama\\\/event\\\/exposicion-cortafuegos\\\/>Exposici\\u00f3n: &#8220;Cortafuegos&#8221;<\\\/a><\\\/p>\",\"special\":\"\"},{\"start\":\"2023-08-28 10:00\",\"end\":\"2024-01-29 18:00\",\"url\":\"https:\\\/\\\/nunoa.cl\\\/nunoapanorama\\\/event\\\/ciclo-de-exposiciones-que-conmemoran-los-50-anos-del-golpe-de-estado-en-chile\\\/\",\"title\":\"Ciclo de Exposiciones que Conmemoran los 50 a\\u00f1os del Golpe de Estado en Chile\",\"desc\":\"<a href=https:\\\/\\\/nunoa.cl\\\/nunoapanorama\\\/event\\\/ciclo-de-exposiciones-que-conmemoran-los-50-anos-del-golpe-de-estado-en-chile\\\/><img width=\\\"880\\\" height=\\\"879\\\" src=\\\"https:\\\/\\\/nunoa.cl\\\/nunoapanorama\\\/wp-content\\\/uploads\\\/2023\\\/09\\\/Captura-de-pantalla-2023-09-01-100150.jpg\\\" class=\\\"attachment-post-thumbnail size-post-thumbnail wp-post-image\\\" alt=\\\"\\\" srcset=\\\"https:\\\/\\\/nunoa.cl\\\/nunoapanorama\\\/wp-content\\\/uploads\\\/2023\\\/09\\\/Captura-de-pantalla-2023-09-01-100150.jpg 880w, https:\\\/\\\/nunoa.cl\\\/nunoapanorama\\\/wp-content\\\/uploads\\\/2023\\\/09\\\/Captura-de-pantalla-2023-09-01-100150-300x300.jpg 300w, https:\\\/\\\/nunoa.cl\\\/nunoapanorama\\\/wp-content\\\/uploads\\\/2023\\\/09\\\/Captura-de-pantalla-2023-09-01-100150-150x150.jpg 150w, https:\\\/\\\/nunoa.cl\\\/nunoapanorama\\\/wp-content\\\/uploads\\\/2023\\\/09\\\/Captura-de-pantalla-2023-09-01-100150-768x767.jpg 768w, https:\\\/\\\/nunoa.cl\\\/nunoapanorama\\\/wp-content\\\/uploads\\\/2023\\\/09\\\/Captura-de-pantalla-2023-09-01-100150-500x500.jpg 500w, https:\\\/\\\/nunoa.cl\\\/nunoapanorama\\\/wp-content\\\/uploads\\\/2023\\\/09\\\/Captura-de-pantalla-2023-09-01-100150-80x80.jpg 80w\\\" sizes=\\\"(max-width: 880px) 100vw, 880px\\\" \\\/><\\\/a><p><a href=https:\\\/\\\/nunoa.cl\\\/nunoapanorama\\\/event\\\/ciclo-de-exposiciones-que-conmemoran-los-50-anos-del-golpe-de-estado-en-chile\\\/>Ciclo de Exposiciones que Conmemoran los 50 a\\u00f1os del Golpe de Estado en Chile<\\\/a><\\\/p>\",\"special\":\"\"},{\"start\":\"2023-09-04 10:30\",\"end\":\"2023-09-04 17:00\",\"url\":\"https:\\\/\\\/nunoa.cl\\\/nunoapanorama\\\/event\\\/conmemora-los-50-anos-del-golpe-de-estado\\\/\",\"title\":\"Conmemora los 50 a\\u00f1os del golpe de Estado\",\"desc\":\"<a href=https:\\\/\\\/nunoa.cl\\\/nunoapanorama\\\/event\\\/conmemora-los-50-anos-del-golpe-de-estado\\\/><img width=\\\"878\\\" height=\\\"882\\\" src=\\\"https:\\\/\\\/nunoa.cl\\\/nunoapanorama\\\/wp-content\\\/uploads\\\/2023\\\/09\\\/Captura-de-pantalla-2023-09-04-093929.jpg\\\" class=\\\"attachment-post-thumbnail size-post-thumbnail wp-post-image\\\" alt=\\\"\\\" srcset=\\\"https:\\\/\\\/nunoa.cl\\\/nunoapanorama\\\/wp-content\\\/uploads\\\/2023\\\/09\\\/Captura-de-pantalla-2023-09-04-093929.jpg 878w, https:\\\/\\\/nunoa.cl\\\/nunoapanorama\\\/wp-content\\\/uploads\\\/2023\\\/09\\\/Captura-de-pantalla-2023-09-04-093929-300x300.jpg 300w, https:\\\/\\\/nunoa.cl\\\/nunoapanorama\\\/wp-content\\\/uploads\\\/2023\\\/09\\\/Captura-de-pantalla-2023-09-04-093929-150x150.jpg 150w, https:\\\/\\\/nunoa.cl\\\/nunoapanorama\\\/wp-content\\\/uploads\\\/2023\\\/09\\\/Captura-de-pantalla-2023-09-04-093929-768x771.jpg 768w, https:\\\/\\\/nunoa.cl\\\/nunoapanorama\\\/wp-content\\\/uploads\\\/2023\\\/09\\\/Captura-de-pantalla-2023-09-04-093929-80x80.jpg 80w\\\" sizes=\\\"(max-width: 878px) 100vw, 878px\\\" \\\/><\\\/a><p><a href=https:\\\/\\\/nunoa.cl\\\/nunoapanorama\\\/event\\\/conmemora-los-50-anos-del-golpe-de-estado\\\/>Conmemora los 50 a\\u00f1os del golpe de Estado<\\\/a><\\\/p>\",\"special\":\"\"},{\"start\":\"2023-09-06 14:00\",\"end\":\"2023-09-04 16:00\",\"url\":\"https:\\\/\\\/nunoa.cl\\\/nunoapanorama\\\/event\\\/exhibicion-de-pelicula-y-conversatorio-sobre-accesibilidad-audiovisual\\\/\",\"title\":\"Exhibici\\u00f3n de Pelicula y conversatorio sobre accesibilidad audiovisual\",\"desc\":\"<a href=https:\\\/\\\/nunoa.cl\\\/nunoapanorama\\\/event\\\/exhibicion-de-pelicula-y-conversatorio-sobre-accesibilidad-audiovisual\\\/><img width=\\\"879\\\" height=\\\"879\\\" src=\\\"https:\\\/\\\/nunoa.cl\\\/nunoapanorama\\\/wp-content\\\/uploads\\\/2023\\\/09\\\/Captura-de-pantalla-2023-09-04-101139.jpg\\\" class=\\\"attachment-post-thumbnail size-post-thumbnail wp-post-image\\\" alt=\\\"\\\" srcset=\\\"https:\\\/\\\/nunoa.cl\\\/nunoapanorama\\\/wp-content\\\/uploads\\\/2023\\\/09\\\/Captura-de-pantalla-2023-09-04-101139.jpg 879w, https:\\\/\\\/nunoa.cl\\\/nunoapanorama\\\/wp-content\\\/uploads\\\/2023\\\/09\\\/Captura-de-pantalla-2023-09-04-101139-300x300.jpg 300w, https:\\\/\\\/nunoa.cl\\\/nunoapanorama\\\/wp-content\\\/uploads\\\/2023\\\/09\\\/Captura-de-pantalla-2023-09-04-101139-150x150.jpg 150w, https:\\\/\\\/nunoa.cl\\\/nunoapanorama\\\/wp-content\\\/uploads\\\/2023\\\/09\\\/Captura-de-pantalla-2023-09-04-101139-768x768.jpg 768w, https:\\\/\\\/nunoa.cl\\\/nunoapanorama\\\/wp-content\\\/uploads\\\/2023\\\/09\\\/Captura-de-pantalla-2023-09-04-101139-500x500.jpg 500w, https:\\\/\\\/nunoa.cl\\\/nunoapanorama\\\/wp-content\\\/uploads\\\/2023\\\/09\\\/Captura-de-pantalla-2023-09-04-101139-80x80.jpg 80w\\\" sizes=\\\"(max-width: 879px) 100vw, 879px\\\" \\\/><\\\/a><p><a href=https:\\\/\\\/nunoa.cl\\\/nunoapanorama\\\/event\\\/exhibicion-de-pelicula-y-conversatorio-sobre-accesibilidad-audiovisual\\\/>Exhibici\\u00f3n de Pelicula y conversatorio sobre accesibilidad audiovisual<\\\/a><\\\/p>\",\"special\":\"\"},{\"start\":\"2023-09-05 18:00\",\"end\":\"2023-09-05 19:00\",\"url\":\"https:\\\/\\\/nunoa.cl\\\/nunoapanorama\\\/event\\\/conversatorio-a-cincuenta-anos-memoria-y-justicia-transicional-en-america-latina\\\/\",\"title\":\"Conversatorio &#8220;A cincuenta a\\u00f1os: memoria y justicia transicional en Am\\u00e9rica Latina&#8221;\",\"desc\":\"<a href=https:\\\/\\\/nunoa.cl\\\/nunoapanorama\\\/event\\\/conversatorio-a-cincuenta-anos-memoria-y-justicia-transicional-en-america-latina\\\/><img width=\\\"879\\\" height=\\\"882\\\" src=\\\"https:\\\/\\\/nunoa.cl\\\/nunoapanorama\\\/wp-content\\\/uploads\\\/2023\\\/09\\\/Captura-de-pantalla-2023-09-04-124305.jpg\\\" class=\\\"attachment-post-thumbnail size-post-thumbnail wp-post-image\\\" alt=\\\"\\\" srcset=\\\"https:\\\/\\\/nunoa.cl\\\/nunoapanorama\\\/wp-content\\\/uploads\\\/2023\\\/09\\\/Captura-de-pantalla-2023-09-04-124305.jpg 879w, https:\\\/\\\/nunoa.cl\\\/nunoapanorama\\\/wp-content\\\/uploads\\\/2023\\\/09\\\/Captura-de-pantalla-2023-09-04-124305-300x300.jpg 300w, https:\\\/\\\/nunoa.cl\\\/nunoapanorama\\\/wp-content\\\/uploads\\\/2023\\\/09\\\/Captura-de-pantalla-2023-09-04-124305-150x150.jpg 150w, https:\\\/\\\/nunoa.cl\\\/nunoapanorama\\\/wp-content\\\/uploads\\\/2023\\\/09\\\/Captura-de-pantalla-2023-09-04-124305-768x771.jpg 768w, https:\\\/\\\/nunoa.cl\\\/nunoapanorama\\\/wp-content\\\/uploads\\\/2023\\\/09\\\/Captura-de-pantalla-2023-09-04-124305-80x80.jpg 80w\\\" sizes=\\\"(max-width: 879px) 100vw, 879px\\\" \\\/><\\\/a><p><a href=https:\\\/\\\/nunoa.cl\\\/nunoapanorama\\\/event\\\/conversatorio-a-cincuenta-anos-memoria-y-justicia-transicional-en-america-latina\\\/>Conversatorio &#8220;A cincuenta a\\u00f1os: memoria y justicia transicional en Am\\u00e9rica Latina&#8221;<\\\/a><\\\/p>\",\"special\":\"\"},{\"start\":\"2023-09-04 18:00\",\"end\":\"2023-09-04 19:00\",\"url\":\"https:\\\/\\\/nunoa.cl\\\/nunoapanorama\\\/event\\\/primera-jornada-conversatorio-pedagogia-y-didactica-a-50-anos-del-golpe-de-estado-dialogos-tensiones-y-mutaciones-del-quehacer-docente-frente-a-la-dictadura\\\/\",\"title\":\"Primera Jornada Conversatorio: \\u201cPedagog\\u00eda y did\\u00e1ctica a 50 a\\u00f1os del Golpe de Estado: di\\u00e1logos, tensiones y mutaciones del quehacer docente frente a la dictadura\\u201d\",\"desc\":\"<a href=https:\\\/\\\/nunoa.cl\\\/nunoapanorama\\\/event\\\/primera-jornada-conversatorio-pedagogia-y-didactica-a-50-anos-del-golpe-de-estado-dialogos-tensiones-y-mutaciones-del-quehacer-docente-frente-a-la-dictadura\\\/><img width=\\\"880\\\" height=\\\"879\\\" src=\\\"https:\\\/\\\/nunoa.cl\\\/nunoapanorama\\\/wp-content\\\/uploads\\\/2023\\\/09\\\/Captura-de-pantalla-2023-09-04-152600.jpg\\\" class=\\\"attachment-post-thumbnail size-post-thumbnail wp-post-image\\\" alt=\\\"\\\" srcset=\\\"https:\\\/\\\/nunoa.cl\\\/nunoapanorama\\\/wp-content\\\/uploads\\\/2023\\\/09\\\/Captura-de-pantalla-2023-09-04-152600.jpg 880w, https:\\\/\\\/nunoa.cl\\\/nunoapanorama\\\/wp-content\\\/uploads\\\/2023\\\/09\\\/Captura-de-pantalla-2023-09-04-152600-300x300.jpg 300w, https:\\\/\\\/nunoa.cl\\\/nunoapanorama\\\/wp-content\\\/uploads\\\/2023\\\/09\\\/Captura-de-pantalla-2023-09-04-152600-150x150.jpg 150w, https:\\\/\\\/nunoa.cl\\\/nunoapanorama\\\/wp-content\\\/uploads\\\/2023\\\/09\\\/Captura-de-pantalla-2023-09-04-152600-768x767.jpg 768w, https:\\\/\\\/nunoa.cl\\\/nunoapanorama\\\/wp-content\\\/uploads\\\/2023\\\/09\\\/Captura-de-pantalla-2023-09-04-152600-500x500.jpg 500w, https:\\\/\\\/nunoa.cl\\\/nunoapanorama\\\/wp-content\\\/uploads\\\/2023\\\/09\\\/Captura-de-pantalla-2023-09-04-152600-80x80.jpg 80w\\\" sizes=\\\"(max-width: 880px) 100vw, 880px\\\" \\\/><\\\/a><p><a href=https:\\\/\\\/nunoa.cl\\\/nunoapanorama\\\/event\\\/primera-jornada-conversatorio-pedagogia-y-didactica-a-50-anos-del-golpe-de-estado-dialogos-tensiones-y-mutaciones-del-quehacer-docente-frente-a-la-dictadura\\\/>Primera Jornada Conversatorio: \\u201cPedagog\\u00eda y did\\u00e1ctica a 50 a\\u00f1os del Golpe de Estado: di\\u00e1logos, tensiones y mutaciones del quehacer docente frente a la dictadura\\u201d<\\\/a><\\\/p>\",\"special\":\"\"},{\"start\":\"2023-09-05 18:00\",\"end\":\"2023-09-05 19:00\",\"url\":\"https:\\\/\\\/nunoa.cl\\\/nunoapanorama\\\/event\\\/segunda-jornada-conversatorio-pedagogia-y-didactica-a-50-anos-del-golpe-de-estado-dialogos-tensiones-y-mutaciones-del-quehacer-docente-frente-a-la-dictadura\\\/\",\"title\":\"Segunda Jornada Conversatorio: \\u201cPedagog\\u00eda y did\\u00e1ctica a 50 a\\u00f1os del Golpe de Estado: di\\u00e1logos, tensiones y mutaciones del quehacer docente frente a la dictadura\\u201d\",\"desc\":\"<a href=https:\\\/\\\/nunoa.cl\\\/nunoapanorama\\\/event\\\/segunda-jornada-conversatorio-pedagogia-y-didactica-a-50-anos-del-golpe-de-estado-dialogos-tensiones-y-mutaciones-del-quehacer-docente-frente-a-la-dictadura\\\/><img width=\\\"813\\\" height=\\\"812\\\" src=\\\"https:\\\/\\\/nunoa.cl\\\/nunoapanorama\\\/wp-content\\\/uploads\\\/2023\\\/09\\\/Captura-de-pantalla-2023-09-04-152957.jpg\\\" class=\\\"attachment-post-thumbnail size-post-thumbnail wp-post-image\\\" alt=\\\"\\\" srcset=\\\"https:\\\/\\\/nunoa.cl\\\/nunoapanorama\\\/wp-content\\\/uploads\\\/2023\\\/09\\\/Captura-de-pantalla-2023-09-04-152957.jpg 813w, https:\\\/\\\/nunoa.cl\\\/nunoapanorama\\\/wp-content\\\/uploads\\\/2023\\\/09\\\/Captura-de-pantalla-2023-09-04-152957-300x300.jpg 300w, https:\\\/\\\/nunoa.cl\\\/nunoapanorama\\\/wp-content\\\/uploads\\\/2023\\\/09\\\/Captura-de-pantalla-2023-09-04-152957-150x150.jpg 150w, https:\\\/\\\/nunoa.cl\\\/nunoapanorama\\\/wp-content\\\/uploads\\\/2023\\\/09\\\/Captura-de-pantalla-2023-09-04-152957-768x767.jpg 768w, https:\\\/\\\/nunoa.cl\\\/nunoapanorama\\\/wp-content\\\/uploads\\\/2023\\\/09\\\/Captura-de-pantalla-2023-09-04-152957-500x500.jpg 500w, https:\\\/\\\/nunoa.cl\\\/nunoapanorama\\\/wp-content\\\/uploads\\\/2023\\\/09\\\/Captura-de-pantalla-2023-09-04-152957-80x80.jpg 80w\\\" sizes=\\\"(max-width: 813px) 100vw, 813px\\\" \\\/><\\\/a><p><a href=https:\\\/\\\/nunoa.cl\\\/nunoapanorama\\\/event\\\/segunda-jornada-conversatorio-pedagogia-y-didactica-a-50-anos-del-golpe-de-estado-dialogos-tensiones-y-mutaciones-del-quehacer-docente-frente-a-la-dictadura\\\/>Segunda Jornada Conversatorio: \\u201cPedagog\\u00eda y did\\u00e1ctica a 50 a\\u00f1os del Golpe de Estado: di\\u00e1logos, tensiones y mutaciones del quehacer docente frente a la dictadura\\u201d<\\\/a><\\\/p>\",\"special\":\"\"},{\"start\":\"2023-09-07 18:00\",\"end\":\"2023-09-07 19:00\",\"url\":\"https:\\\/\\\/nunoa.cl\\\/nunoapanorama\\\/event\\\/tercera-jornada-conversatorio-pedagogia-y-didactica-a-50-anos-del-golpe-de-estado-dialogos-tensiones-y-mutaciones-del-quehacer-docente-frente-a-la-dictadura\\\/\",\"title\":\"Tercera Jornada Conversatorio: \\u201cPedagog\\u00eda y did\\u00e1ctica a 50 a\\u00f1os del Golpe de Estado: di\\u00e1logos, tensiones y mutaciones del quehacer docente frente a la dictadura\\u201d\",\"desc\":\"<a href=https:\\\/\\\/nunoa.cl\\\/nunoapanorama\\\/event\\\/tercera-jornada-conversatorio-pedagogia-y-didactica-a-50-anos-del-golpe-de-estado-dialogos-tensiones-y-mutaciones-del-quehacer-docente-frente-a-la-dictadura\\\/><img width=\\\"778\\\" height=\\\"781\\\" src=\\\"https:\\\/\\\/nunoa.cl\\\/nunoapanorama\\\/wp-content\\\/uploads\\\/2023\\\/09\\\/Captura-de-pantalla-2023-09-04-153114.jpg\\\" class=\\\"attachment-post-thumbnail size-post-thumbnail wp-post-image\\\" alt=\\\"\\\" srcset=\\\"https:\\\/\\\/nunoa.cl\\\/nunoapanorama\\\/wp-content\\\/uploads\\\/2023\\\/09\\\/Captura-de-pantalla-2023-09-04-153114.jpg 778w, https:\\\/\\\/nunoa.cl\\\/nunoapanorama\\\/wp-content\\\/uploads\\\/2023\\\/09\\\/Captura-de-pantalla-2023-09-04-153114-300x300.jpg 300w, https:\\\/\\\/nunoa.cl\\\/nunoapanorama\\\/wp-content\\\/uploads\\\/2023\\\/09\\\/Captura-de-pantalla-2023-09-04-153114-150x150.jpg 150w, https:\\\/\\\/nunoa.cl\\\/nunoapanorama\\\/wp-content\\\/uploads\\\/2023\\\/09\\\/Captura-de-pantalla-2023-09-04-153114-768x771.jpg 768w, https:\\\/\\\/nunoa.cl\\\/nunoapanorama\\\/wp-content\\\/uploads\\\/2023\\\/09\\\/Captura-de-pantalla-2023-09-04-153114-80x80.jpg 80w\\\" sizes=\\\"(max-width: 778px) 100vw, 778px\\\" \\\/><\\\/a><p><a href=https:\\\/\\\/nunoa.cl\\\/nunoapanorama\\\/event\\\/tercera-jornada-conversatorio-pedagogia-y-didactica-a-50-anos-del-golpe-de-estado-dialogos-tensiones-y-mutaciones-del-quehacer-docente-frente-a-la-dictadura\\\/>Tercera Jornada Conversatorio: \\u201cPedagog\\u00eda y did\\u00e1ctica a 50 a\\u00f1os del Golpe de Estado: di\\u00e1logos, tensiones y mutaciones del quehacer docente frente a la dictadura\\u201d<\\\/a><\\\/p>\",\"special\":\"\"},{\"start\":\"2023-09-07 20:00\",\"end\":\"2023-09-23 22:00\",\"url\":\"https:\\\/\\\/nunoa.cl\\\/nunoapanorama\\\/event\\\/obra-de-teatro-villa\\\/\",\"title\":\"Obra de Teatro: &#8220;Villa&#8221;\",\"desc\":\"<a href=https:\\\/\\\/nunoa.cl\\\/nunoapanorama\\\/event\\\/obra-de-teatro-villa\\\/><img width=\\\"2560\\\" height=\\\"1700\\\" src=\\\"https:\\\/\\\/nunoa.cl\\\/nunoapanorama\\\/wp-content\\\/uploads\\\/2023\\\/09\\\/Villa-credito_@polagonzalezfoto-6-scaled-1.webp\\\" class=\\\"attachment-post-thumbnail size-post-thumbnail wp-post-image\\\" alt=\\\"\\\" srcset=\\\"https:\\\/\\\/nunoa.cl\\\/nunoapanorama\\\/wp-content\\\/uploads\\\/2023\\\/09\\\/Villa-credito_@polagonzalezfoto-6-scaled-1.webp 2560w, https:\\\/\\\/nunoa.cl\\\/nunoapanorama\\\/wp-content\\\/uploads\\\/2023\\\/09\\\/Villa-credito_@polagonzalezfoto-6-scaled-1-300x199.webp 300w, https:\\\/\\\/nunoa.cl\\\/nunoapanorama\\\/wp-content\\\/uploads\\\/2023\\\/09\\\/Villa-credito_@polagonzalezfoto-6-scaled-1-1024x680.webp 1024w, https:\\\/\\\/nunoa.cl\\\/nunoapanorama\\\/wp-content\\\/uploads\\\/2023\\\/09\\\/Villa-credito_@polagonzalezfoto-6-scaled-1-768x510.webp 768w, https:\\\/\\\/nunoa.cl\\\/nunoapanorama\\\/wp-content\\\/uploads\\\/2023\\\/09\\\/Villa-credito_@polagonzalezfoto-6-scaled-1-1536x1020.webp 1536w, https:\\\/\\\/nunoa.cl\\\/nunoapanorama\\\/wp-content\\\/uploads\\\/2023\\\/09\\\/Villa-credito_@polagonzalezfoto-6-scaled-1-2048x1360.webp 2048w\\\" sizes=\\\"(max-width: 2560px) 100vw, 2560px\\\" \\\/><\\\/a><p><a href=https:\\\/\\\/nunoa.cl\\\/nunoapanorama\\\/event\\\/obra-de-teatro-villa\\\/>Obra de Teatro: &#8220;Villa&#8221;<\\\/a><\\\/p>\",\"special\":\"checked\"},{\"start\":\"2023-09-09 11:00\",\"end\":\"2023-09-09 12:00\",\"url\":\"https:\\\/\\\/nunoa.cl\\\/nunoapanorama\\\/event\\\/taller-familiar-diversificcion\\\/\",\"title\":\"Taller familiar \\u00abDiversificci\\u00f3n\\u00bb\",\"desc\":\"<a href=https:\\\/\\\/nunoa.cl\\\/nunoapanorama\\\/event\\\/taller-familiar-diversificcion\\\/><img width=\\\"879\\\" height=\\\"878\\\" src=\\\"https:\\\/\\\/nunoa.cl\\\/nunoapanorama\\\/wp-content\\\/uploads\\\/2023\\\/09\\\/Captura-de-pantalla-2023-09-06-092218.jpg\\\" class=\\\"attachment-post-thumbnail size-post-thumbnail wp-post-image\\\" alt=\\\"\\\" srcset=\\\"https:\\\/\\\/nunoa.cl\\\/nunoapanorama\\\/wp-content\\\/uploads\\\/2023\\\/09\\\/Captura-de-pantalla-2023-09-06-092218.jpg 879w, https:\\\/\\\/nunoa.cl\\\/nunoapanorama\\\/wp-content\\\/uploads\\\/2023\\\/09\\\/Captura-de-pantalla-2023-09-06-092218-300x300.jpg 300w, https:\\\/\\\/nunoa.cl\\\/nunoapanorama\\\/wp-content\\\/uploads\\\/2023\\\/09\\\/Captura-de-pantalla-2023-09-06-092218-150x150.jpg 150w, https:\\\/\\\/nunoa.cl\\\/nunoapanorama\\\/wp-content\\\/uploads\\\/2023\\\/09\\\/Captura-de-pantalla-2023-09-06-092218-768x767.jpg 768w, https:\\\/\\\/nunoa.cl\\\/nunoapanorama\\\/wp-content\\\/uploads\\\/2023\\\/09\\\/Captura-de-pantalla-2023-09-06-092218-500x500.jpg 500w, https:\\\/\\\/nunoa.cl\\\/nunoapanorama\\\/wp-content\\\/uploads\\\/2023\\\/09\\\/Captura-de-pantalla-2023-09-06-092218-80x80.jpg 80w\\\" sizes=\\\"(max-width: 879px) 100vw, 879px\\\" \\\/><\\\/a><p><a href=https:\\\/\\\/nunoa.cl\\\/nunoapanorama\\\/event\\\/taller-familiar-diversificcion\\\/>Taller familiar \\u00abDiversificci\\u00f3n\\u00bb<\\\/a><\\\/p>\",\"special\":\"checked\"},{\"start\":\"2023-09-06 18:00\",\"end\":\"2023-09-06 19:00\",\"url\":\"https:\\\/\\\/nunoa.cl\\\/nunoapanorama\\\/event\\\/lanzamiento-del-libro-tirando-el-corte-investigando-experiencias-de-cine-comunitario-en-chile-de-los-ultimos-10-anos\\\/\",\"title\":\"Lanzamiento del libro: \\u201cTirando el corte\\u201d. Investigando experiencias de Cine Comunitario en Chile de los \\u00faltimos 10 a\\u00f1os.\",\"desc\":\"<a href=https:\\\/\\\/nunoa.cl\\\/nunoapanorama\\\/event\\\/lanzamiento-del-libro-tirando-el-corte-investigando-experiencias-de-cine-comunitario-en-chile-de-los-ultimos-10-anos\\\/><img width=\\\"881\\\" height=\\\"880\\\" src=\\\"https:\\\/\\\/nunoa.cl\\\/nunoapanorama\\\/wp-content\\\/uploads\\\/2023\\\/09\\\/Captura-de-pantalla-2023-09-06-102030.jpg\\\" class=\\\"attachment-post-thumbnail size-post-thumbnail wp-post-image\\\" alt=\\\"\\\" srcset=\\\"https:\\\/\\\/nunoa.cl\\\/nunoapanorama\\\/wp-content\\\/uploads\\\/2023\\\/09\\\/Captura-de-pantalla-2023-09-06-102030.jpg 881w, https:\\\/\\\/nunoa.cl\\\/nunoapanorama\\\/wp-content\\\/uploads\\\/2023\\\/09\\\/Captura-de-pantalla-2023-09-06-102030-300x300.jpg 300w, https:\\\/\\\/nunoa.cl\\\/nunoapanorama\\\/wp-content\\\/uploads\\\/2023\\\/09\\\/Captura-de-pantalla-2023-09-06-102030-150x150.jpg 150w, https:\\\/\\\/nunoa.cl\\\/nunoapanorama\\\/wp-content\\\/uploads\\\/2023\\\/09\\\/Captura-de-pantalla-2023-09-06-102030-768x767.jpg 768w, https:\\\/\\\/nunoa.cl\\\/nunoapanorama\\\/wp-content\\\/uploads\\\/2023\\\/09\\\/Captura-de-pantalla-2023-09-06-102030-500x500.jpg 500w, https:\\\/\\\/nunoa.cl\\\/nunoapanorama\\\/wp-content\\\/uploads\\\/2023\\\/09\\\/Captura-de-pantalla-2023-09-06-102030-80x80.jpg 80w\\\" sizes=\\\"(max-width: 881px) 100vw, 881px\\\" \\\/><\\\/a><p><a href=https:\\\/\\\/nunoa.cl\\\/nunoapanorama\\\/event\\\/lanzamiento-del-libro-tirando-el-corte-investigando-experiencias-de-cine-comunitario-en-chile-de-los-ultimos-10-anos\\\/>Lanzamiento del libro: \\u201cTirando el corte\\u201d. Investigando experiencias de Cine Comunitario en Chile de los \\u00faltimos 10 a\\u00f1os.<\\\/a><\\\/p>\",\"special\":\"\"},{\"start\":\"2023-09-08 09:30\",\"end\":\"2023-09-08 15:30\",\"url\":\"https:\\\/\\\/nunoa.cl\\\/nunoapanorama\\\/event\\\/seminario-memoria-y-deporte\\\/\",\"title\":\"Seminario \\u201cMemoria y Deporte\\u201d\",\"desc\":\"<a href=https:\\\/\\\/nunoa.cl\\\/nunoapanorama\\\/event\\\/seminario-memoria-y-deporte\\\/><img width=\\\"883\\\" height=\\\"880\\\" src=\\\"https:\\\/\\\/nunoa.cl\\\/nunoapanorama\\\/wp-content\\\/uploads\\\/2023\\\/09\\\/Captura-de-pantalla-2023-09-06-103956.jpg\\\" class=\\\"attachment-post-thumbnail size-post-thumbnail wp-post-image\\\" alt=\\\"\\\" srcset=\\\"https:\\\/\\\/nunoa.cl\\\/nunoapanorama\\\/wp-content\\\/uploads\\\/2023\\\/09\\\/Captura-de-pantalla-2023-09-06-103956.jpg 883w, https:\\\/\\\/nunoa.cl\\\/nunoapanorama\\\/wp-content\\\/uploads\\\/2023\\\/09\\\/Captura-de-pantalla-2023-09-06-103956-300x300.jpg 300w, https:\\\/\\\/nunoa.cl\\\/nunoapanorama\\\/wp-content\\\/uploads\\\/2023\\\/09\\\/Captura-de-pantalla-2023-09-06-103956-150x150.jpg 150w, https:\\\/\\\/nunoa.cl\\\/nunoapanorama\\\/wp-content\\\/uploads\\\/2023\\\/09\\\/Captura-de-pantalla-2023-09-06-103956-768x765.jpg 768w, https:\\\/\\\/nunoa.cl\\\/nunoapanorama\\\/wp-content\\\/uploads\\\/2023\\\/09\\\/Captura-de-pantalla-2023-09-06-103956-80x80.jpg 80w\\\" sizes=\\\"(max-width: 883px) 100vw, 883px\\\" \\\/><\\\/a><p><a href=https:\\\/\\\/nunoa.cl\\\/nunoapanorama\\\/event\\\/seminario-memoria-y-deporte\\\/>Seminario \\u201cMemoria y Deporte\\u201d<\\\/a><\\\/p>\",\"special\":\"\"},{\"start\":\"2023-09-08 10:00\",\"end\":\"2023-09-08 16:00\",\"url\":\"https:\\\/\\\/nunoa.cl\\\/nunoapanorama\\\/event\\\/seminario-internacional-memoria-y-dd-hh-en-chile-las-ciencias-sociales-latinoamericanas-ante-los-50-anos-del-golpe\\\/\",\"title\":\"SEMINARIO INTERNACIONAL MEMORIA Y DD. HH. EN CHILE,  LAS CIENCIAS SOCIALES LATINOAMERICANAS ANTE LOS 50 A\\u00d1OS DEL GOLPE.\",\"desc\":\"<a href=https:\\\/\\\/nunoa.cl\\\/nunoapanorama\\\/event\\\/seminario-internacional-memoria-y-dd-hh-en-chile-las-ciencias-sociales-latinoamericanas-ante-los-50-anos-del-golpe\\\/><img width=\\\"698\\\" height=\\\"698\\\" src=\\\"https:\\\/\\\/nunoa.cl\\\/nunoapanorama\\\/wp-content\\\/uploads\\\/2023\\\/09\\\/Captura-de-pantalla-2023-09-06-120018.jpg\\\" class=\\\"attachment-post-thumbnail size-post-thumbnail wp-post-image\\\" alt=\\\"\\\" srcset=\\\"https:\\\/\\\/nunoa.cl\\\/nunoapanorama\\\/wp-content\\\/uploads\\\/2023\\\/09\\\/Captura-de-pantalla-2023-09-06-120018.jpg 698w, https:\\\/\\\/nunoa.cl\\\/nunoapanorama\\\/wp-content\\\/uploads\\\/2023\\\/09\\\/Captura-de-pantalla-2023-09-06-120018-300x300.jpg 300w, https:\\\/\\\/nunoa.cl\\\/nunoapanorama\\\/wp-content\\\/uploads\\\/2023\\\/09\\\/Captura-de-pantalla-2023-09-06-120018-150x150.jpg 150w, https:\\\/\\\/nunoa.cl\\\/nunoapanorama\\\/wp-content\\\/uploads\\\/2023\\\/09\\\/Captura-de-pantalla-2023-09-06-120018-500x500.jpg 500w, https:\\\/\\\/nunoa.cl\\\/nunoapanorama\\\/wp-content\\\/uploads\\\/2023\\\/09\\\/Captura-de-pantalla-2023-09-06-120018-80x80.jpg 80w\\\" sizes=\\\"(max-width: 698px) 100vw, 698px\\\" \\\/><\\\/a><p><a href=https:\\\/\\\/nunoa.cl\\\/nunoapanorama\\\/event\\\/seminario-internacional-memoria-y-dd-hh-en-chile-las-ciencias-sociales-latinoamericanas-ante-los-50-anos-del-golpe\\\/>SEMINARIO INTERNACIONAL MEMORIA Y DD. HH. EN CHILE,  LAS CIENCIAS SOCIALES LATINOAMERICANAS ANTE LOS 50 A\\u00d1OS DEL GOLPE.<\\\/a><\\\/p>\",\"special\":\"\"},{\"start\":\"2023-09-07 18:00\",\"end\":\"2023-09-07 19:00\",\"url\":\"https:\\\/\\\/nunoa.cl\\\/nunoapanorama\\\/event\\\/50-veces-los-hawker-hunter-bombardean-el-palacio-de-la-moneda\\\/\",\"title\":\"&#8220;50 veces los Hawker Hunter bombardean el Palacio de la Moneda&#8221;\",\"desc\":\"<a href=https:\\\/\\\/nunoa.cl\\\/nunoapanorama\\\/event\\\/50-veces-los-hawker-hunter-bombardean-el-palacio-de-la-moneda\\\/><img width=\\\"705\\\" height=\\\"881\\\" src=\\\"https:\\\/\\\/nunoa.cl\\\/nunoapanorama\\\/wp-content\\\/uploads\\\/2023\\\/09\\\/Captura-de-pantalla-2023-09-07-114006.jpg\\\" class=\\\"attachment-post-thumbnail size-post-thumbnail wp-post-image\\\" alt=\\\"\\\" srcset=\\\"https:\\\/\\\/nunoa.cl\\\/nunoapanorama\\\/wp-content\\\/uploads\\\/2023\\\/09\\\/Captura-de-pantalla-2023-09-07-114006.jpg 705w, https:\\\/\\\/nunoa.cl\\\/nunoapanorama\\\/wp-content\\\/uploads\\\/2023\\\/09\\\/Captura-de-pantalla-2023-09-07-114006-240x300.jpg 240w\\\" sizes=\\\"(max-width: 705px) 100vw, 705px\\\" \\\/><\\\/a><p><a href=https:\\\/\\\/nunoa.cl\\\/nunoapanorama\\\/event\\\/50-veces-los-hawker-hunter-bombardean-el-palacio-de-la-moneda\\\/>&#8220;50 veces los Hawker Hunter bombardean el Palacio de la Moneda&#8221;<\\\/a><\\\/p>\",\"special\":\"\"},{\"start\":\"2023-09-28 18:00\",\"end\":\"2023-09-28 20:00\",\"url\":\"https:\\\/\\\/nunoa.cl\\\/nunoapanorama\\\/event\\\/documental-zurita-y-los-asistentes-cine-foro\\\/\",\"title\":\"Documental: &#8220;Zurita y Los Asistentes&#8221; + Cine foro\",\"desc\":\"<a href=https:\\\/\\\/nunoa.cl\\\/nunoapanorama\\\/event\\\/documental-zurita-y-los-asistentes-cine-foro\\\/><img width=\\\"879\\\" height=\\\"879\\\" src=\\\"https:\\\/\\\/nunoa.cl\\\/nunoapanorama\\\/wp-content\\\/uploads\\\/2023\\\/09\\\/Captura-de-pantalla-2023-09-15-114913.jpg\\\" class=\\\"attachment-post-thumbnail size-post-thumbnail wp-post-image\\\" alt=\\\"\\\" srcset=\\\"https:\\\/\\\/nunoa.cl\\\/nunoapanorama\\\/wp-content\\\/uploads\\\/2023\\\/09\\\/Captura-de-pantalla-2023-09-15-114913.jpg 879w, https:\\\/\\\/nunoa.cl\\\/nunoapanorama\\\/wp-content\\\/uploads\\\/2023\\\/09\\\/Captura-de-pantalla-2023-09-15-114913-300x300.jpg 300w, https:\\\/\\\/nunoa.cl\\\/nunoapanorama\\\/wp-content\\\/uploads\\\/2023\\\/09\\\/Captura-de-pantalla-2023-09-15-114913-150x150.jpg 150w, https:\\\/\\\/nunoa.cl\\\/nunoapanorama\\\/wp-content\\\/uploads\\\/2023\\\/09\\\/Captura-de-pantalla-2023-09-15-114913-768x768.jpg 768w, https:\\\/\\\/nunoa.cl\\\/nunoapanorama\\\/wp-content\\\/uploads\\\/2023\\\/09\\\/Captura-de-pantalla-2023-09-15-114913-500x500.jpg 500w, https:\\\/\\\/nunoa.cl\\\/nunoapanorama\\\/wp-content\\\/uploads\\\/2023\\\/09\\\/Captura-de-pantalla-2023-09-15-114913-80x80.jpg 80w\\\" sizes=\\\"(max-width: 879px) 100vw, 879px\\\" \\\/><\\\/a><p><a href=https:\\\/\\\/nunoa.cl\\\/nunoapanorama\\\/event\\\/documental-zurita-y-los-asistentes-cine-foro\\\/>Documental: &#8220;Zurita y Los Asistentes&#8221; + Cine foro<\\\/a><\\\/p>\",\"special\":\"\"},{\"start\":\"2023-09-21 10:00\",\"end\":\"2023-10-04 18:00\",\"url\":\"https:\\\/\\\/nunoa.cl\\\/nunoapanorama\\\/event\\\/exposicionepicentros\\\/\",\"title\":\"Exposici\\u00f3n:\\u201cEpicentro(s)&#8221;\",\"desc\":\"<a href=https:\\\/\\\/nunoa.cl\\\/nunoapanorama\\\/event\\\/exposicionepicentros\\\/><img width=\\\"879\\\" height=\\\"880\\\" src=\\\"https:\\\/\\\/nunoa.cl\\\/nunoapanorama\\\/wp-content\\\/uploads\\\/2023\\\/09\\\/Captura-de-pantalla-2023-09-20-115710.jpg\\\" class=\\\"attachment-post-thumbnail size-post-thumbnail wp-post-image\\\" alt=\\\"\\\" srcset=\\\"https:\\\/\\\/nunoa.cl\\\/nunoapanorama\\\/wp-content\\\/uploads\\\/2023\\\/09\\\/Captura-de-pantalla-2023-09-20-115710.jpg 879w, https:\\\/\\\/nunoa.cl\\\/nunoapanorama\\\/wp-content\\\/uploads\\\/2023\\\/09\\\/Captura-de-pantalla-2023-09-20-115710-300x300.jpg 300w, https:\\\/\\\/nunoa.cl\\\/nunoapanorama\\\/wp-content\\\/uploads\\\/2023\\\/09\\\/Captura-de-pantalla-2023-09-20-115710-150x150.jpg 150w, https:\\\/\\\/nunoa.cl\\\/nunoapanorama\\\/wp-content\\\/uploads\\\/2023\\\/09\\\/Captura-de-pantalla-2023-09-20-115710-768x769.jpg 768w, https:\\\/\\\/nunoa.cl\\\/nunoapanorama\\\/wp-content\\\/uploads\\\/2023\\\/09\\\/Captura-de-pantalla-2023-09-20-115710-500x500.jpg 500w, https:\\\/\\\/nunoa.cl\\\/nunoapanorama\\\/wp-content\\\/uploads\\\/2023\\\/09\\\/Captura-de-pantalla-2023-09-20-115710-80x80.jpg 80w\\\" sizes=\\\"(max-width: 879px) 100vw, 879px\\\" \\\/><\\\/a><p><a href=https:\\\/\\\/nunoa.cl\\\/nunoapanorama\\\/event\\\/exposicionepicentros\\\/>Exposici\\u00f3n:\\u201cEpicentro(s)&#8221;<\\\/a><\\\/p>\",\"special\":\"\"},{\"start\":\"2023-09-29 19:30\",\"end\":\"2023-09-29 21:00\",\"url\":\"https:\\\/\\\/nunoa.cl\\\/nunoapanorama\\\/event\\\/rendu-dichao-y-amaldita-en-espacio-incluir\\\/\",\"title\":\"RENDU DICHAO Y AMALDITA EN ESPACIO INCLUIR\",\"desc\":\"<a href=https:\\\/\\\/nunoa.cl\\\/nunoapanorama\\\/event\\\/rendu-dichao-y-amaldita-en-espacio-incluir\\\/><img width=\\\"1000\\\" height=\\\"1000\\\" src=\\\"https:\\\/\\\/nunoa.cl\\\/nunoapanorama\\\/wp-content\\\/uploads\\\/2023\\\/09\\\/2802.jpg\\\" class=\\\"attachment-post-thumbnail size-post-thumbnail wp-post-image\\\" alt=\\\"\\\" srcset=\\\"https:\\\/\\\/nunoa.cl\\\/nunoapanorama\\\/wp-content\\\/uploads\\\/2023\\\/09\\\/2802.jpg 1000w, https:\\\/\\\/nunoa.cl\\\/nunoapanorama\\\/wp-content\\\/uploads\\\/2023\\\/09\\\/2802-300x300.jpg 300w, https:\\\/\\\/nunoa.cl\\\/nunoapanorama\\\/wp-content\\\/uploads\\\/2023\\\/09\\\/2802-150x150.jpg 150w, https:\\\/\\\/nunoa.cl\\\/nunoapanorama\\\/wp-content\\\/uploads\\\/2023\\\/09\\\/2802-768x768.jpg 768w, https:\\\/\\\/nunoa.cl\\\/nunoapanorama\\\/wp-content\\\/uploads\\\/2023\\\/09\\\/2802-500x500.jpg 500w, https:\\\/\\\/nunoa.cl\\\/nunoapanorama\\\/wp-content\\\/uploads\\\/2023\\\/09\\\/2802-80x80.jpg 80w\\\" sizes=\\\"(max-width: 1000px) 100vw, 1000px\\\" \\\/><\\\/a><p><a href=https:\\\/\\\/nunoa.cl\\\/nunoapanorama\\\/event\\\/rendu-dichao-y-amaldita-en-espacio-incluir\\\/>RENDU DICHAO Y AMALDITA EN ESPACIO INCLUIR<\\\/a><\\\/p>\",\"special\":\"checked\"},{\"start\":\"2023-09-27 19:00\",\"end\":\"2023-09-27 20:00\",\"url\":\"https:\\\/\\\/nunoa.cl\\\/nunoapanorama\\\/event\\\/lanzamiento-del-libro-falla-humana-de-damiela-eltit\\\/\",\"title\":\"Lanzamiento del Libro: &#8220;Falla Humana&#8221; de Damiela Eltit\",\"desc\":\"<a href=https:\\\/\\\/nunoa.cl\\\/nunoapanorama\\\/event\\\/lanzamiento-del-libro-falla-humana-de-damiela-eltit\\\/><img width=\\\"500\\\" height=\\\"707\\\" src=\\\"https:\\\/\\\/nunoa.cl\\\/nunoapanorama\\\/wp-content\\\/uploads\\\/2023\\\/09\\\/Captura-de-pantalla-2023-09-21-104149.jpg\\\" class=\\\"attachment-post-thumbnail size-post-thumbnail wp-post-image\\\" alt=\\\"\\\" srcset=\\\"https:\\\/\\\/nunoa.cl\\\/nunoapanorama\\\/wp-content\\\/uploads\\\/2023\\\/09\\\/Captura-de-pantalla-2023-09-21-104149.jpg 500w, https:\\\/\\\/nunoa.cl\\\/nunoapanorama\\\/wp-content\\\/uploads\\\/2023\\\/09\\\/Captura-de-pantalla-2023-09-21-104149-212x300.jpg 212w\\\" sizes=\\\"(max-width: 500px) 100vw, 500px\\\" \\\/><\\\/a><p><a href=https:\\\/\\\/nunoa.cl\\\/nunoapanorama\\\/event\\\/lanzamiento-del-libro-falla-humana-de-damiela-eltit\\\/>Lanzamiento del Libro: &#8220;Falla Humana&#8221; de Damiela Eltit<\\\/a><\\\/p>\",\"special\":\"\"},{\"start\":\"2023-10-01 19:00\",\"end\":\"2023-10-01 19:00\",\"url\":\"https:\\\/\\\/nunoa.cl\\\/nunoapanorama\\\/event\\\/amankay-en-chile-aula-magna-liceo-manuel-de-salas\\\/\",\"title\":\"AMANKAY EN CHILE AULA MAGNA LICEO MANUEL DE SALAS\",\"desc\":\"<a href=https:\\\/\\\/nunoa.cl\\\/nunoapanorama\\\/event\\\/amankay-en-chile-aula-magna-liceo-manuel-de-salas\\\/><img width=\\\"1000\\\" height=\\\"1000\\\" src=\\\"https:\\\/\\\/nunoa.cl\\\/nunoapanorama\\\/wp-content\\\/uploads\\\/2023\\\/09\\\/2183.jpg\\\" class=\\\"attachment-post-thumbnail size-post-thumbnail wp-post-image\\\" alt=\\\"\\\" srcset=\\\"https:\\\/\\\/nunoa.cl\\\/nunoapanorama\\\/wp-content\\\/uploads\\\/2023\\\/09\\\/2183.jpg 1000w, https:\\\/\\\/nunoa.cl\\\/nunoapanorama\\\/wp-content\\\/uploads\\\/2023\\\/09\\\/2183-300x300.jpg 300w, https:\\\/\\\/nunoa.cl\\\/nunoapanorama\\\/wp-content\\\/uploads\\\/2023\\\/09\\\/2183-150x150.jpg 150w, https:\\\/\\\/nunoa.cl\\\/nunoapanorama\\\/wp-content\\\/uploads\\\/2023\\\/09\\\/2183-768x768.jpg 768w, https:\\\/\\\/nunoa.cl\\\/nunoapanorama\\\/wp-content\\\/uploads\\\/2023\\\/09\\\/2183-500x500.jpg 500w, https:\\\/\\\/nunoa.cl\\\/nunoapanorama\\\/wp-content\\\/uploads\\\/2023\\\/09\\\/2183-80x80.jpg 80w\\\" sizes=\\\"(max-width: 1000px) 100vw, 1000px\\\" \\\/><\\\/a><p><a href=https:\\\/\\\/nunoa.cl\\\/nunoapanorama\\\/event\\\/amankay-en-chile-aula-magna-liceo-manuel-de-salas\\\/>AMANKAY EN CHILE AULA MAGNA LICEO MANUEL DE SALAS<\\\/a><\\\/p>\",\"special\":\"checked\"},{\"start\":\"2023-10-07 20:00\",\"end\":\"2023-10-07 21:00\",\"url\":\"https:\\\/\\\/nunoa.cl\\\/nunoapanorama\\\/event\\\/a-lo-humano-en-cancion-murga-la-corre-y-vuela-en-el-aula-magna-manuel-de-salas\\\/\",\"title\":\"A LO HUMANO EN CANCI\\u00d3N: MURGA LA CORRE Y VUELA EN EL AULA MAGNA MANUEL DE SALAS\",\"desc\":\"<a href=https:\\\/\\\/nunoa.cl\\\/nunoapanorama\\\/event\\\/a-lo-humano-en-cancion-murga-la-corre-y-vuela-en-el-aula-magna-manuel-de-salas\\\/><img width=\\\"1000\\\" height=\\\"1000\\\" src=\\\"https:\\\/\\\/nunoa.cl\\\/nunoapanorama\\\/wp-content\\\/uploads\\\/2023\\\/09\\\/2776.jpg\\\" class=\\\"attachment-post-thumbnail size-post-thumbnail wp-post-image\\\" alt=\\\"\\\" srcset=\\\"https:\\\/\\\/nunoa.cl\\\/nunoapanorama\\\/wp-content\\\/uploads\\\/2023\\\/09\\\/2776.jpg 1000w, https:\\\/\\\/nunoa.cl\\\/nunoapanorama\\\/wp-content\\\/uploads\\\/2023\\\/09\\\/2776-300x300.jpg 300w, https:\\\/\\\/nunoa.cl\\\/nunoapanorama\\\/wp-content\\\/uploads\\\/2023\\\/09\\\/2776-150x150.jpg 150w, https:\\\/\\\/nunoa.cl\\\/nunoapanorama\\\/wp-content\\\/uploads\\\/2023\\\/09\\\/2776-768x768.jpg 768w, https:\\\/\\\/nunoa.cl\\\/nunoapanorama\\\/wp-content\\\/uploads\\\/2023\\\/09\\\/2776-500x500.jpg 500w, https:\\\/\\\/nunoa.cl\\\/nunoapanorama\\\/wp-content\\\/uploads\\\/2023\\\/09\\\/2776-80x80.jpg 80w\\\" sizes=\\\"(max-width: 1000px) 100vw, 1000px\\\" \\\/><\\\/a><p><a href=https:\\\/\\\/nunoa.cl\\\/nunoapanorama\\\/event\\\/a-lo-humano-en-cancion-murga-la-corre-y-vuela-en-el-aula-magna-manuel-de-salas\\\/>A LO HUMANO EN CANCI\\u00d3N: MURGA LA CORRE Y VUELA EN EL AULA MAGNA MANUEL DE SALAS<\\\/a><\\\/p>\",\"special\":\"checked\"},{\"start\":\"2023-09-30 11:00\",\"end\":\"2023-09-30 12:00\",\"url\":\"https:\\\/\\\/nunoa.cl\\\/nunoapanorama\\\/event\\\/taller-de-titeres-con-materiales-reciclados\\\/\",\"title\":\"Taller de t\\u00edteres con materiales reciclados\",\"desc\":\"<a href=https:\\\/\\\/nunoa.cl\\\/nunoapanorama\\\/event\\\/taller-de-titeres-con-materiales-reciclados\\\/><img width=\\\"877\\\" height=\\\"881\\\" src=\\\"https:\\\/\\\/nunoa.cl\\\/nunoapanorama\\\/wp-content\\\/uploads\\\/2023\\\/09\\\/Captura-de-pantalla-2023-09-27-084937.jpg\\\" class=\\\"attachment-post-thumbnail size-post-thumbnail wp-post-image\\\" alt=\\\"\\\" srcset=\\\"https:\\\/\\\/nunoa.cl\\\/nunoapanorama\\\/wp-content\\\/uploads\\\/2023\\\/09\\\/Captura-de-pantalla-2023-09-27-084937.jpg 877w, https:\\\/\\\/nunoa.cl\\\/nunoapanorama\\\/wp-content\\\/uploads\\\/2023\\\/09\\\/Captura-de-pantalla-2023-09-27-084937-300x300.jpg 300w, https:\\\/\\\/nunoa.cl\\\/nunoapanorama\\\/wp-content\\\/uploads\\\/2023\\\/09\\\/Captura-de-pantalla-2023-09-27-084937-150x150.jpg 150w, https:\\\/\\\/nunoa.cl\\\/nunoapanorama\\\/wp-content\\\/uploads\\\/2023\\\/09\\\/Captura-de-pantalla-2023-09-27-084937-768x772.jpg 768w, https:\\\/\\\/nunoa.cl\\\/nunoapanorama\\\/wp-content\\\/uploads\\\/2023\\\/09\\\/Captura-de-pantalla-2023-09-27-084937-80x80.jpg 80w\\\" sizes=\\\"(max-width: 877px) 100vw, 877px\\\" \\\/><\\\/a><p><a href=https:\\\/\\\/nunoa.cl\\\/nunoapanorama\\\/event\\\/taller-de-titeres-con-materiales-reciclados\\\/>Taller de t\\u00edteres con materiales reciclados<\\\/a><\\\/p>\",\"special\":\"checked\"},{\"start\":\"2023-10-05 18:00\",\"end\":\"2023-10-26 19:00\",\"url\":\"https:\\\/\\\/nunoa.cl\\\/nunoapanorama\\\/event\\\/ciclo-de-cine-transhumanismo-en-el-cine-de-david-cronenberg\\\/\",\"title\":\"Ciclo de Cine: Transhumanismo en el cine de David Cronenberg.\",\"desc\":\"<a href=https:\\\/\\\/nunoa.cl\\\/nunoapanorama\\\/event\\\/ciclo-de-cine-transhumanismo-en-el-cine-de-david-cronenberg\\\/><img width=\\\"881\\\" height=\\\"880\\\" src=\\\"https:\\\/\\\/nunoa.cl\\\/nunoapanorama\\\/wp-content\\\/uploads\\\/2023\\\/10\\\/Captura-de-pantalla-2023-10-02-094711.jpg\\\" class=\\\"attachment-post-thumbnail size-post-thumbnail wp-post-image\\\" alt=\\\"\\\" srcset=\\\"https:\\\/\\\/nunoa.cl\\\/nunoapanorama\\\/wp-content\\\/uploads\\\/2023\\\/10\\\/Captura-de-pantalla-2023-10-02-094711.jpg 881w, https:\\\/\\\/nunoa.cl\\\/nunoapanorama\\\/wp-content\\\/uploads\\\/2023\\\/10\\\/Captura-de-pantalla-2023-10-02-094711-300x300.jpg 300w, https:\\\/\\\/nunoa.cl\\\/nunoapanorama\\\/wp-content\\\/uploads\\\/2023\\\/10\\\/Captura-de-pantalla-2023-10-02-094711-150x150.jpg 150w, https:\\\/\\\/nunoa.cl\\\/nunoapanorama\\\/wp-content\\\/uploads\\\/2023\\\/10\\\/Captura-de-pantalla-2023-10-02-094711-768x767.jpg 768w, https:\\\/\\\/nunoa.cl\\\/nunoapanorama\\\/wp-content\\\/uploads\\\/2023\\\/10\\\/Captura-de-pantalla-2023-10-02-094711-500x500.jpg 500w, https:\\\/\\\/nunoa.cl\\\/nunoapanorama\\\/wp-content\\\/uploads\\\/2023\\\/10\\\/Captura-de-pantalla-2023-10-02-094711-80x80.jpg 80w\\\" sizes=\\\"(max-width: 881px) 100vw, 881px\\\" \\\/><\\\/a><p><a href=https:\\\/\\\/nunoa.cl\\\/nunoapanorama\\\/event\\\/ciclo-de-cine-transhumanismo-en-el-cine-de-david-cronenberg\\\/>Ciclo de Cine: Transhumanismo en el cine de David Cronenberg.<\\\/a><\\\/p>\",\"special\":\"\"},{\"start\":\"2023-10-04 18:00\",\"end\":\"2023-10-04 19:00\",\"url\":\"https:\\\/\\\/nunoa.cl\\\/nunoapanorama\\\/event\\\/estreno-tesoros\\\/\",\"title\":\"Estreno &#8220;Tesoros&#8221;\",\"desc\":\"<a href=https:\\\/\\\/nunoa.cl\\\/nunoapanorama\\\/event\\\/estreno-tesoros\\\/><img width=\\\"882\\\" height=\\\"880\\\" src=\\\"https:\\\/\\\/nunoa.cl\\\/nunoapanorama\\\/wp-content\\\/uploads\\\/2023\\\/10\\\/Captura-de-pantalla-2023-10-02-100149.jpg\\\" class=\\\"attachment-post-thumbnail size-post-thumbnail wp-post-image\\\" alt=\\\"\\\" srcset=\\\"https:\\\/\\\/nunoa.cl\\\/nunoapanorama\\\/wp-content\\\/uploads\\\/2023\\\/10\\\/Captura-de-pantalla-2023-10-02-100149.jpg 882w, https:\\\/\\\/nunoa.cl\\\/nunoapanorama\\\/wp-content\\\/uploads\\\/2023\\\/10\\\/Captura-de-pantalla-2023-10-02-100149-300x300.jpg 300w, https:\\\/\\\/nunoa.cl\\\/nunoapanorama\\\/wp-content\\\/uploads\\\/2023\\\/10\\\/Captura-de-pantalla-2023-10-02-100149-150x150.jpg 150w, https:\\\/\\\/nunoa.cl\\\/nunoapanorama\\\/wp-content\\\/uploads\\\/2023\\\/10\\\/Captura-de-pantalla-2023-10-02-100149-768x766.jpg 768w, https:\\\/\\\/nunoa.cl\\\/nunoapanorama\\\/wp-content\\\/uploads\\\/2023\\\/10\\\/Captura-de-pantalla-2023-10-02-100149-500x500.jpg 500w, https:\\\/\\\/nunoa.cl\\\/nunoapanorama\\\/wp-content\\\/uploads\\\/2023\\\/10\\\/Captura-de-pantalla-2023-10-02-100149-80x80.jpg 80w\\\" sizes=\\\"(max-width: 882px) 100vw, 882px\\\" \\\/><\\\/a><p><a href=https:\\\/\\\/nunoa.cl\\\/nunoapanorama\\\/event\\\/estreno-tesoros\\\/>Estreno &#8220;Tesoros&#8221;<\\\/a><\\\/p>\",\"special\":\"\"},{\"start\":\"2023-10-10 11:00\",\"end\":\"2023-10-14 18:00\",\"url\":\"https:\\\/\\\/nunoa.cl\\\/nunoapanorama\\\/event\\\/semana-campesina-memorias-y-futuros-del-campo-a-50-anos-del-golpe-de-estado\\\/\",\"title\":\"Semana Campesina: &#8220;Memorias y Futuros del Campo, a 50 a\\u00f1os del Golpe de Estado&#8221;\",\"desc\":\"<a href=https:\\\/\\\/nunoa.cl\\\/nunoapanorama\\\/event\\\/semana-campesina-memorias-y-futuros-del-campo-a-50-anos-del-golpe-de-estado\\\/><img width=\\\"488\\\" height=\\\"714\\\" src=\\\"https:\\\/\\\/nunoa.cl\\\/nunoapanorama\\\/wp-content\\\/uploads\\\/2023\\\/10\\\/Captura-de-pantalla-2023-10-03-112752-1.jpg\\\" class=\\\"attachment-post-thumbnail size-post-thumbnail wp-post-image\\\" alt=\\\"\\\" srcset=\\\"https:\\\/\\\/nunoa.cl\\\/nunoapanorama\\\/wp-content\\\/uploads\\\/2023\\\/10\\\/Captura-de-pantalla-2023-10-03-112752-1.jpg 488w, https:\\\/\\\/nunoa.cl\\\/nunoapanorama\\\/wp-content\\\/uploads\\\/2023\\\/10\\\/Captura-de-pantalla-2023-10-03-112752-1-205x300.jpg 205w\\\" sizes=\\\"(max-width: 488px) 100vw, 488px\\\" \\\/><\\\/a><p><a href=https:\\\/\\\/nunoa.cl\\\/nunoapanorama\\\/event\\\/semana-campesina-memorias-y-futuros-del-campo-a-50-anos-del-golpe-de-estado\\\/>Semana Campesina: &#8220;Memorias y Futuros del Campo, a 50 a\\u00f1os del Golpe de Estado&#8221;<\\\/a><\\\/p>\",\"special\":\"\"},{\"start\":\"2023-10-11 14:30\",\"end\":\"2023-10-11 15:30\",\"url\":\"https:\\\/\\\/nunoa.cl\\\/nunoapanorama\\\/event\\\/taller-de-confeccion-de-ecoladrillos\\\/\",\"title\":\"Taller de Confecci\\u00f3n de Ecoladrillos\",\"desc\":\"<a href=https:\\\/\\\/nunoa.cl\\\/nunoapanorama\\\/event\\\/taller-de-confeccion-de-ecoladrillos\\\/><img width=\\\"568\\\" height=\\\"568\\\" src=\\\"https:\\\/\\\/nunoa.cl\\\/nunoapanorama\\\/wp-content\\\/uploads\\\/2023\\\/10\\\/ecoladrillos01.png\\\" class=\\\"attachment-post-thumbnail size-post-thumbnail wp-post-image\\\" alt=\\\"\\\" srcset=\\\"https:\\\/\\\/nunoa.cl\\\/nunoapanorama\\\/wp-content\\\/uploads\\\/2023\\\/10\\\/ecoladrillos01.png 568w, https:\\\/\\\/nunoa.cl\\\/nunoapanorama\\\/wp-content\\\/uploads\\\/2023\\\/10\\\/ecoladrillos01-300x300.png 300w, https:\\\/\\\/nunoa.cl\\\/nunoapanorama\\\/wp-content\\\/uploads\\\/2023\\\/10\\\/ecoladrillos01-150x150.png 150w, https:\\\/\\\/nunoa.cl\\\/nunoapanorama\\\/wp-content\\\/uploads\\\/2023\\\/10\\\/ecoladrillos01-500x500.png 500w, https:\\\/\\\/nunoa.cl\\\/nunoapanorama\\\/wp-content\\\/uploads\\\/2023\\\/10\\\/ecoladrillos01-80x80.png 80w\\\" sizes=\\\"(max-width: 568px) 100vw, 568px\\\" \\\/><\\\/a><p><a href=https:\\\/\\\/nunoa.cl\\\/nunoapanorama\\\/event\\\/taller-de-confeccion-de-ecoladrillos\\\/>Taller de Confecci\\u00f3n de Ecoladrillos<\\\/a><\\\/p>\",\"special\":\"\"},{\"start\":\"2023-10-13 11:00\",\"end\":\"2023-10-13 12:00\",\"url\":\"https:\\\/\\\/nunoa.cl\\\/nunoapanorama\\\/event\\\/reciclaton-de-residuos-electronicos-en-jgm\\\/\",\"title\":\"Reciclat\\u00f3n de residuos electr\\u00f3nicos en JGM\",\"desc\":\"<a href=https:\\\/\\\/nunoa.cl\\\/nunoapanorama\\\/event\\\/reciclaton-de-residuos-electronicos-en-jgm\\\/><img width=\\\"568\\\" height=\\\"568\\\" src=\\\"https:\\\/\\\/nunoa.cl\\\/nunoapanorama\\\/wp-content\\\/uploads\\\/2023\\\/10\\\/reciclaton01.png\\\" class=\\\"attachment-post-thumbnail size-post-thumbnail wp-post-image\\\" alt=\\\"\\\" srcset=\\\"https:\\\/\\\/nunoa.cl\\\/nunoapanorama\\\/wp-content\\\/uploads\\\/2023\\\/10\\\/reciclaton01.png 568w, https:\\\/\\\/nunoa.cl\\\/nunoapanorama\\\/wp-content\\\/uploads\\\/2023\\\/10\\\/reciclaton01-300x300.png 300w, https:\\\/\\\/nunoa.cl\\\/nunoapanorama\\\/wp-content\\\/uploads\\\/2023\\\/10\\\/reciclaton01-150x150.png 150w, https:\\\/\\\/nunoa.cl\\\/nunoapanorama\\\/wp-content\\\/uploads\\\/2023\\\/10\\\/reciclaton01-500x500.png 500w, https:\\\/\\\/nunoa.cl\\\/nunoapanorama\\\/wp-content\\\/uploads\\\/2023\\\/10\\\/reciclaton01-80x80.png 80w\\\" sizes=\\\"(max-width: 568px) 100vw, 568px\\\" \\\/><\\\/a><p><a href=https:\\\/\\\/nunoa.cl\\\/nunoapanorama\\\/event\\\/reciclaton-de-residuos-electronicos-en-jgm\\\/>Reciclat\\u00f3n de residuos electr\\u00f3nicos en JGM<\\\/a><\\\/p>\",\"special\":\"\"},{\"start\":\"2023-10-11 14:00\",\"end\":\"2023-10-11 18:00\",\"url\":\"https:\\\/\\\/nunoa.cl\\\/nunoapanorama\\\/event\\\/musica-por-un-mundo-limpio\\\/\",\"title\":\"M\\u00fasica por un Mundo Limpio\",\"desc\":\"<a href=https:\\\/\\\/nunoa.cl\\\/nunoapanorama\\\/event\\\/musica-por-un-mundo-limpio\\\/><img width=\\\"567\\\" height=\\\"568\\\" src=\\\"https:\\\/\\\/nunoa.cl\\\/nunoapanorama\\\/wp-content\\\/uploads\\\/2023\\\/10\\\/concierto01.png\\\" class=\\\"attachment-post-thumbnail size-post-thumbnail wp-post-image\\\" alt=\\\"\\\" srcset=\\\"https:\\\/\\\/nunoa.cl\\\/nunoapanorama\\\/wp-content\\\/uploads\\\/2023\\\/10\\\/concierto01.png 567w, https:\\\/\\\/nunoa.cl\\\/nunoapanorama\\\/wp-content\\\/uploads\\\/2023\\\/10\\\/concierto01-300x300.png 300w, https:\\\/\\\/nunoa.cl\\\/nunoapanorama\\\/wp-content\\\/uploads\\\/2023\\\/10\\\/concierto01-150x150.png 150w, https:\\\/\\\/nunoa.cl\\\/nunoapanorama\\\/wp-content\\\/uploads\\\/2023\\\/10\\\/concierto01-500x500.png 500w, https:\\\/\\\/nunoa.cl\\\/nunoapanorama\\\/wp-content\\\/uploads\\\/2023\\\/10\\\/concierto01-80x80.png 80w\\\" sizes=\\\"(max-width: 567px) 100vw, 567px\\\" \\\/><\\\/a><p><a href=https:\\\/\\\/nunoa.cl\\\/nunoapanorama\\\/event\\\/musica-por-un-mundo-limpio\\\/>M\\u00fasica por un Mundo Limpio<\\\/a><\\\/p>\",\"special\":\"\"},{\"start\":\"2023-10-11 09:00\",\"end\":\"2023-10-11 11:00\",\"url\":\"https:\\\/\\\/nunoa.cl\\\/nunoapanorama\\\/event\\\/feria-del-eco-libro\\\/\",\"title\":\"Feria del Eco libro\",\"desc\":\"<a href=https:\\\/\\\/nunoa.cl\\\/nunoapanorama\\\/event\\\/feria-del-eco-libro\\\/><img width=\\\"568\\\" height=\\\"568\\\" src=\\\"https:\\\/\\\/nunoa.cl\\\/nunoapanorama\\\/wp-content\\\/uploads\\\/2023\\\/10\\\/feriaecolibro01.png\\\" class=\\\"attachment-post-thumbnail size-post-thumbnail wp-post-image\\\" alt=\\\"\\\" srcset=\\\"https:\\\/\\\/nunoa.cl\\\/nunoapanorama\\\/wp-content\\\/uploads\\\/2023\\\/10\\\/feriaecolibro01.png 568w, https:\\\/\\\/nunoa.cl\\\/nunoapanorama\\\/wp-content\\\/uploads\\\/2023\\\/10\\\/feriaecolibro01-300x300.png 300w, https:\\\/\\\/nunoa.cl\\\/nunoapanorama\\\/wp-content\\\/uploads\\\/2023\\\/10\\\/feriaecolibro01-150x150.png 150w, https:\\\/\\\/nunoa.cl\\\/nunoapanorama\\\/wp-content\\\/uploads\\\/2023\\\/10\\\/feriaecolibro01-500x500.png 500w, https:\\\/\\\/nunoa.cl\\\/nunoapanorama\\\/wp-content\\\/uploads\\\/2023\\\/10\\\/feriaecolibro01-80x80.png 80w\\\" sizes=\\\"(max-width: 568px) 100vw, 568px\\\" \\\/><\\\/a><p><a href=https:\\\/\\\/nunoa.cl\\\/nunoapanorama\\\/event\\\/feria-del-eco-libro\\\/>Feria del Eco libro<\\\/a><\\\/p>\",\"special\":\"\"},{\"start\":\"2023-10-10 10:00\",\"end\":\"2023-10-31 17:00\",\"url\":\"https:\\\/\\\/nunoa.cl\\\/nunoapanorama\\\/event\\\/exposicion-asamblea-del-comic-constituyente\\\/\",\"title\":\"Exposici\\u00f3n: &#8220;Asamblea del c\\u00f3mic constituyente&#8221;\",\"desc\":\"<a href=https:\\\/\\\/nunoa.cl\\\/nunoapanorama\\\/event\\\/exposicion-asamblea-del-comic-constituyente\\\/><img width=\\\"883\\\" height=\\\"878\\\" src=\\\"https:\\\/\\\/nunoa.cl\\\/nunoapanorama\\\/wp-content\\\/uploads\\\/2023\\\/10\\\/Captura-de-pantalla-2023-10-10-085157.jpg\\\" class=\\\"attachment-post-thumbnail size-post-thumbnail wp-post-image\\\" alt=\\\"\\\" srcset=\\\"https:\\\/\\\/nunoa.cl\\\/nunoapanorama\\\/wp-content\\\/uploads\\\/2023\\\/10\\\/Captura-de-pantalla-2023-10-10-085157.jpg 883w, https:\\\/\\\/nunoa.cl\\\/nunoapanorama\\\/wp-content\\\/uploads\\\/2023\\\/10\\\/Captura-de-pantalla-2023-10-10-085157-300x298.jpg 300w, https:\\\/\\\/nunoa.cl\\\/nunoapanorama\\\/wp-content\\\/uploads\\\/2023\\\/10\\\/Captura-de-pantalla-2023-10-10-085157-150x150.jpg 150w, https:\\\/\\\/nunoa.cl\\\/nunoapanorama\\\/wp-content\\\/uploads\\\/2023\\\/10\\\/Captura-de-pantalla-2023-10-10-085157-768x764.jpg 768w, https:\\\/\\\/nunoa.cl\\\/nunoapanorama\\\/wp-content\\\/uploads\\\/2023\\\/10\\\/Captura-de-pantalla-2023-10-10-085157-80x80.jpg 80w\\\" sizes=\\\"(max-width: 883px) 100vw, 883px\\\" \\\/><\\\/a><p><a href=https:\\\/\\\/nunoa.cl\\\/nunoapanorama\\\/event\\\/exposicion-asamblea-del-comic-constituyente\\\/>Exposici\\u00f3n: &#8220;Asamblea del c\\u00f3mic constituyente&#8221;<\\\/a><\\\/p>\",\"special\":\"\"},{\"start\":\"2023-10-19 18:30\",\"end\":\"2023-10-19 20:30\",\"url\":\"https:\\\/\\\/nunoa.cl\\\/nunoapanorama\\\/event\\\/paulo-freire-desde-la-produccion-audiovisual-dialogos-entre-chile-y-brasil\\\/\",\"title\":\"\\u201cPaulo Freire desde la producci\\u00f3n audiovisual. Di\\u00e1logos entre Chile y Brasil\\u201d.\",\"desc\":\"<a href=https:\\\/\\\/nunoa.cl\\\/nunoapanorama\\\/event\\\/paulo-freire-desde-la-produccion-audiovisual-dialogos-entre-chile-y-brasil\\\/><img width=\\\"682\\\" height=\\\"702\\\" src=\\\"https:\\\/\\\/nunoa.cl\\\/nunoapanorama\\\/wp-content\\\/uploads\\\/2023\\\/10\\\/Captura-de-pantalla-2023-10-12-085524.jpg\\\" class=\\\"attachment-post-thumbnail size-post-thumbnail wp-post-image\\\" alt=\\\"\\\" srcset=\\\"https:\\\/\\\/nunoa.cl\\\/nunoapanorama\\\/wp-content\\\/uploads\\\/2023\\\/10\\\/Captura-de-pantalla-2023-10-12-085524.jpg 682w, https:\\\/\\\/nunoa.cl\\\/nunoapanorama\\\/wp-content\\\/uploads\\\/2023\\\/10\\\/Captura-de-pantalla-2023-10-12-085524-291x300.jpg 291w, https:\\\/\\\/nunoa.cl\\\/nunoapanorama\\\/wp-content\\\/uploads\\\/2023\\\/10\\\/Captura-de-pantalla-2023-10-12-085524-350x360.jpg 350w\\\" sizes=\\\"(max-width: 682px) 100vw, 682px\\\" \\\/><\\\/a><p><a href=https:\\\/\\\/nunoa.cl\\\/nunoapanorama\\\/event\\\/paulo-freire-desde-la-produccion-audiovisual-dialogos-entre-chile-y-brasil\\\/>\\u201cPaulo Freire desde la producci\\u00f3n audiovisual. Di\\u00e1logos entre Chile y Brasil\\u201d.<\\\/a><\\\/p>\",\"special\":\"\"},{\"start\":\"2023-10-17 12:30\",\"end\":\"2023-10-17 18:00\",\"url\":\"https:\\\/\\\/nunoa.cl\\\/nunoapanorama\\\/event\\\/inauguracion-todas-las-historias-que-caben-en-una-historia\\\/\",\"title\":\"Inauguraci\\u00f3n &#8220;Todas las Historias que Caben en Una Historia&#8221;\",\"desc\":\"<a href=https:\\\/\\\/nunoa.cl\\\/nunoapanorama\\\/event\\\/inauguracion-todas-las-historias-que-caben-en-una-historia\\\/><img width=\\\"882\\\" height=\\\"884\\\" src=\\\"https:\\\/\\\/nunoa.cl\\\/nunoapanorama\\\/wp-content\\\/uploads\\\/2023\\\/10\\\/Captura-de-pantalla-2023-10-12-103421.jpg\\\" class=\\\"attachment-post-thumbnail size-post-thumbnail wp-post-image\\\" alt=\\\"\\\" srcset=\\\"https:\\\/\\\/nunoa.cl\\\/nunoapanorama\\\/wp-content\\\/uploads\\\/2023\\\/10\\\/Captura-de-pantalla-2023-10-12-103421.jpg 882w, https:\\\/\\\/nunoa.cl\\\/nunoapanorama\\\/wp-content\\\/uploads\\\/2023\\\/10\\\/Captura-de-pantalla-2023-10-12-103421-300x300.jpg 300w, https:\\\/\\\/nunoa.cl\\\/nunoapanorama\\\/wp-content\\\/uploads\\\/2023\\\/10\\\/Captura-de-pantalla-2023-10-12-103421-150x150.jpg 150w, https:\\\/\\\/nunoa.cl\\\/nunoapanorama\\\/wp-content\\\/uploads\\\/2023\\\/10\\\/Captura-de-pantalla-2023-10-12-103421-768x770.jpg 768w, https:\\\/\\\/nunoa.cl\\\/nunoapanorama\\\/wp-content\\\/uploads\\\/2023\\\/10\\\/Captura-de-pantalla-2023-10-12-103421-500x500.jpg 500w, https:\\\/\\\/nunoa.cl\\\/nunoapanorama\\\/wp-content\\\/uploads\\\/2023\\\/10\\\/Captura-de-pantalla-2023-10-12-103421-80x80.jpg 80w\\\" sizes=\\\"(max-width: 882px) 100vw, 882px\\\" \\\/><\\\/a><p><a href=https:\\\/\\\/nunoa.cl\\\/nunoapanorama\\\/event\\\/inauguracion-todas-las-historias-que-caben-en-una-historia\\\/>Inauguraci\\u00f3n &#8220;Todas las Historias que Caben en Una Historia&#8221;<\\\/a><\\\/p>\",\"special\":\"\"},{\"start\":\"2023-11-08 18:30\",\"end\":\"2023-11-11 20:30\",\"url\":\"https:\\\/\\\/nunoa.cl\\\/nunoapanorama\\\/event\\\/nufest-2do-encuentro-de-cortometrajes-de-escuela\\\/\",\"title\":\"\\u00d1UFEST: 2do encuentro de cortometrajes de escuela.\",\"desc\":\"<a href=https:\\\/\\\/nunoa.cl\\\/nunoapanorama\\\/event\\\/nufest-2do-encuentro-de-cortometrajes-de-escuela\\\/><img width=\\\"879\\\" height=\\\"877\\\" src=\\\"https:\\\/\\\/nunoa.cl\\\/nunoapanorama\\\/wp-content\\\/uploads\\\/2023\\\/11\\\/Captura-de-pantalla-2023-11-06-160915.jpg\\\" class=\\\"attachment-post-thumbnail size-post-thumbnail wp-post-image\\\" alt=\\\"\\\" srcset=\\\"https:\\\/\\\/nunoa.cl\\\/nunoapanorama\\\/wp-content\\\/uploads\\\/2023\\\/11\\\/Captura-de-pantalla-2023-11-06-160915.jpg 879w, https:\\\/\\\/nunoa.cl\\\/nunoapanorama\\\/wp-content\\\/uploads\\\/2023\\\/11\\\/Captura-de-pantalla-2023-11-06-160915-300x300.jpg 300w, https:\\\/\\\/nunoa.cl\\\/nunoapanorama\\\/wp-content\\\/uploads\\\/2023\\\/11\\\/Captura-de-pantalla-2023-11-06-160915-150x150.jpg 150w, https:\\\/\\\/nunoa.cl\\\/nunoapanorama\\\/wp-content\\\/uploads\\\/2023\\\/11\\\/Captura-de-pantalla-2023-11-06-160915-768x766.jpg 768w, https:\\\/\\\/nunoa.cl\\\/nunoapanorama\\\/wp-content\\\/uploads\\\/2023\\\/11\\\/Captura-de-pantalla-2023-11-06-160915-500x500.jpg 500w, https:\\\/\\\/nunoa.cl\\\/nunoapanorama\\\/wp-content\\\/uploads\\\/2023\\\/11\\\/Captura-de-pantalla-2023-11-06-160915-80x80.jpg 80w\\\" sizes=\\\"(max-width: 879px) 100vw, 879px\\\" \\\/><\\\/a><p><a href=https:\\\/\\\/nunoa.cl\\\/nunoapanorama\\\/event\\\/nufest-2do-encuentro-de-cortometrajes-de-escuela\\\/>\\u00d1UFEST: 2do encuentro de cortometrajes de escuela.<\\\/a><\\\/p>\",\"special\":\"\"},{\"start\":\"2023-11-08 12:00\",\"end\":\"2023-11-08 14:00\",\"url\":\"https:\\\/\\\/nunoa.cl\\\/nunoapanorama\\\/event\\\/presentacion-del-disco-acontrahilo-del-nucleo-interdisciplinario-sonido-tejido\\\/\",\"title\":\"Presentaci\\u00f3n del disco \\u201cAcontraHilo\\u201d del N\\u00facleo interdisciplinario \\u201cSonido Tejido\\u201d\",\"desc\":\"<a href=https:\\\/\\\/nunoa.cl\\\/nunoapanorama\\\/event\\\/presentacion-del-disco-acontrahilo-del-nucleo-interdisciplinario-sonido-tejido\\\/><img width=\\\"882\\\" height=\\\"881\\\" src=\\\"https:\\\/\\\/nunoa.cl\\\/nunoapanorama\\\/wp-content\\\/uploads\\\/2023\\\/11\\\/Captura-de-pantalla-2023-11-06-162740.jpg\\\" class=\\\"attachment-post-thumbnail size-post-thumbnail wp-post-image\\\" alt=\\\"\\\" srcset=\\\"https:\\\/\\\/nunoa.cl\\\/nunoapanorama\\\/wp-content\\\/uploads\\\/2023\\\/11\\\/Captura-de-pantalla-2023-11-06-162740.jpg 882w, https:\\\/\\\/nunoa.cl\\\/nunoapanorama\\\/wp-content\\\/uploads\\\/2023\\\/11\\\/Captura-de-pantalla-2023-11-06-162740-300x300.jpg 300w, https:\\\/\\\/nunoa.cl\\\/nunoapanorama\\\/wp-content\\\/uploads\\\/2023\\\/11\\\/Captura-de-pantalla-2023-11-06-162740-150x150.jpg 150w, https:\\\/\\\/nunoa.cl\\\/nunoapanorama\\\/wp-content\\\/uploads\\\/2023\\\/11\\\/Captura-de-pantalla-2023-11-06-162740-768x767.jpg 768w, https:\\\/\\\/nunoa.cl\\\/nunoapanorama\\\/wp-content\\\/uploads\\\/2023\\\/11\\\/Captura-de-pantalla-2023-11-06-162740-500x500.jpg 500w, https:\\\/\\\/nunoa.cl\\\/nunoapanorama\\\/wp-content\\\/uploads\\\/2023\\\/11\\\/Captura-de-pantalla-2023-11-06-162740-80x80.jpg 80w\\\" sizes=\\\"(max-width: 882px) 100vw, 882px\\\" \\\/><\\\/a><p><a href=https:\\\/\\\/nunoa.cl\\\/nunoapanorama\\\/event\\\/presentacion-del-disco-acontrahilo-del-nucleo-interdisciplinario-sonido-tejido\\\/>Presentaci\\u00f3n del disco \\u201cAcontraHilo\\u201d del N\\u00facleo interdisciplinario \\u201cSonido Tejido\\u201d<\\\/a><\\\/p>\",\"special\":\"\"},{\"start\":\"2023-11-13 10:00\",\"end\":\"2023-11-27 18:00\",\"url\":\"https:\\\/\\\/nunoa.cl\\\/nunoapanorama\\\/event\\\/exposicion-de-lo-intangible-a-lo-material-del-nucleo-interdisciplinario-sonido-tejido\\\/\",\"title\":\"Exposici\\u00f3n &#8220;De lo intangible a lo material&#8221; del N\\u00facleo interdisciplinario \\u201cSonido Tejido\\u201d.\",\"desc\":\"<a href=https:\\\/\\\/nunoa.cl\\\/nunoapanorama\\\/event\\\/exposicion-de-lo-intangible-a-lo-material-del-nucleo-interdisciplinario-sonido-tejido\\\/><img width=\\\"881\\\" height=\\\"882\\\" src=\\\"https:\\\/\\\/nunoa.cl\\\/nunoapanorama\\\/wp-content\\\/uploads\\\/2023\\\/11\\\/Captura-de-pantalla-2023-11-06-162908.jpg\\\" class=\\\"attachment-post-thumbnail size-post-thumbnail wp-post-image\\\" alt=\\\"\\\" srcset=\\\"https:\\\/\\\/nunoa.cl\\\/nunoapanorama\\\/wp-content\\\/uploads\\\/2023\\\/11\\\/Captura-de-pantalla-2023-11-06-162908.jpg 881w, https:\\\/\\\/nunoa.cl\\\/nunoapanorama\\\/wp-content\\\/uploads\\\/2023\\\/11\\\/Captura-de-pantalla-2023-11-06-162908-300x300.jpg 300w, https:\\\/\\\/nunoa.cl\\\/nunoapanorama\\\/wp-content\\\/uploads\\\/2023\\\/11\\\/Captura-de-pantalla-2023-11-06-162908-150x150.jpg 150w, https:\\\/\\\/nunoa.cl\\\/nunoapanorama\\\/wp-content\\\/uploads\\\/2023\\\/11\\\/Captura-de-pantalla-2023-11-06-162908-768x769.jpg 768w, https:\\\/\\\/nunoa.cl\\\/nunoapanorama\\\/wp-content\\\/uploads\\\/2023\\\/11\\\/Captura-de-pantalla-2023-11-06-162908-500x500.jpg 500w, https:\\\/\\\/nunoa.cl\\\/nunoapanorama\\\/wp-content\\\/uploads\\\/2023\\\/11\\\/Captura-de-pantalla-2023-11-06-162908-80x80.jpg 80w\\\" sizes=\\\"(max-width: 881px) 100vw, 881px\\\" \\\/><\\\/a><p><a href=https:\\\/\\\/nunoa.cl\\\/nunoapanorama\\\/event\\\/exposicion-de-lo-intangible-a-lo-material-del-nucleo-interdisciplinario-sonido-tejido\\\/>Exposici\\u00f3n &#8220;De lo intangible a lo material&#8221; del N\\u00facleo interdisciplinario \\u201cSonido Tejido\\u201d.<\\\/a><\\\/p>\",\"special\":\"\"},{\"start\":\"2023-11-10 17:30\",\"end\":\"2023-11-10 21:00\",\"url\":\"https:\\\/\\\/nunoa.cl\\\/nunoapanorama\\\/event\\\/festival-mitos-y-leyendas-cuentos-fantasmales-en-el-peda\\\/\",\"title\":\"Festival: Mitos y Leyendas. Cuentos fantasmales en el Peda.\",\"desc\":\"<a href=https:\\\/\\\/nunoa.cl\\\/nunoapanorama\\\/event\\\/festival-mitos-y-leyendas-cuentos-fantasmales-en-el-peda\\\/><img width=\\\"1080\\\" height=\\\"1080\\\" src=\\\"https:\\\/\\\/nunoa.cl\\\/nunoapanorama\\\/wp-content\\\/uploads\\\/2023\\\/11\\\/IMG-20231107-WA0003.jpg\\\" class=\\\"attachment-post-thumbnail size-post-thumbnail wp-post-image\\\" alt=\\\"\\\" srcset=\\\"https:\\\/\\\/nunoa.cl\\\/nunoapanorama\\\/wp-content\\\/uploads\\\/2023\\\/11\\\/IMG-20231107-WA0003.jpg 1080w, https:\\\/\\\/nunoa.cl\\\/nunoapanorama\\\/wp-content\\\/uploads\\\/2023\\\/11\\\/IMG-20231107-WA0003-300x300.jpg 300w, https:\\\/\\\/nunoa.cl\\\/nunoapanorama\\\/wp-content\\\/uploads\\\/2023\\\/11\\\/IMG-20231107-WA0003-1024x1024.jpg 1024w, https:\\\/\\\/nunoa.cl\\\/nunoapanorama\\\/wp-content\\\/uploads\\\/2023\\\/11\\\/IMG-20231107-WA0003-150x150.jpg 150w, https:\\\/\\\/nunoa.cl\\\/nunoapanorama\\\/wp-content\\\/uploads\\\/2023\\\/11\\\/IMG-20231107-WA0003-768x768.jpg 768w, https:\\\/\\\/nunoa.cl\\\/nunoapanorama\\\/wp-content\\\/uploads\\\/2023\\\/11\\\/IMG-20231107-WA0003-500x500.jpg 500w, https:\\\/\\\/nunoa.cl\\\/nunoapanorama\\\/wp-content\\\/uploads\\\/2023\\\/11\\\/IMG-20231107-WA0003-80x80.jpg 80w\\\" sizes=\\\"(max-width: 1080px) 100vw, 1080px\\\" \\\/><\\\/a><p><a href=https:\\\/\\\/nunoa.cl\\\/nunoapanorama\\\/event\\\/festival-mitos-y-leyendas-cuentos-fantasmales-en-el-peda\\\/>Festival: Mitos y Leyendas. Cuentos fantasmales en el Peda.<\\\/a><\\\/p>\",\"special\":\"\"},{\"start\":\"2023-11-02 18:00\",\"end\":\"2023-11-30 20:00\",\"url\":\"https:\\\/\\\/nunoa.cl\\\/nunoapanorama\\\/event\\\/ciclo-mujeres-oniricas-experimentacion-y-vanguardia-en-el-cine-de-vera-chytilova\\\/\",\"title\":\"Ciclo: Mujeres on\\u00edricas: Experimentaci\\u00f3n y vanguardia en el cine de V\\u011bra Chytilov\\u00e1.\",\"desc\":\"<a href=https:\\\/\\\/nunoa.cl\\\/nunoapanorama\\\/event\\\/ciclo-mujeres-oniricas-experimentacion-y-vanguardia-en-el-cine-de-vera-chytilova\\\/><img width=\\\"881\\\" height=\\\"881\\\" src=\\\"https:\\\/\\\/nunoa.cl\\\/nunoapanorama\\\/wp-content\\\/uploads\\\/2023\\\/11\\\/Captura-de-pantalla-2023-11-08-100120.jpg\\\" class=\\\"attachment-post-thumbnail size-post-thumbnail wp-post-image\\\" alt=\\\"\\\" srcset=\\\"https:\\\/\\\/nunoa.cl\\\/nunoapanorama\\\/wp-content\\\/uploads\\\/2023\\\/11\\\/Captura-de-pantalla-2023-11-08-100120.jpg 881w, https:\\\/\\\/nunoa.cl\\\/nunoapanorama\\\/wp-content\\\/uploads\\\/2023\\\/11\\\/Captura-de-pantalla-2023-11-08-100120-300x300.jpg 300w, https:\\\/\\\/nunoa.cl\\\/nunoapanorama\\\/wp-content\\\/uploads\\\/2023\\\/11\\\/Captura-de-pantalla-2023-11-08-100120-150x150.jpg 150w, https:\\\/\\\/nunoa.cl\\\/nunoapanorama\\\/wp-content\\\/uploads\\\/2023\\\/11\\\/Captura-de-pantalla-2023-11-08-100120-768x768.jpg 768w, https:\\\/\\\/nunoa.cl\\\/nunoapanorama\\\/wp-content\\\/uploads\\\/2023\\\/11\\\/Captura-de-pantalla-2023-11-08-100120-500x500.jpg 500w, https:\\\/\\\/nunoa.cl\\\/nunoapanorama\\\/wp-content\\\/uploads\\\/2023\\\/11\\\/Captura-de-pantalla-2023-11-08-100120-80x80.jpg 80w\\\" sizes=\\\"(max-width: 881px) 100vw, 881px\\\" \\\/><\\\/a><p><a href=https:\\\/\\\/nunoa.cl\\\/nunoapanorama\\\/event\\\/ciclo-mujeres-oniricas-experimentacion-y-vanguardia-en-el-cine-de-vera-chytilova\\\/>Ciclo: Mujeres on\\u00edricas: Experimentaci\\u00f3n y vanguardia en el cine de V\\u011bra Chytilov\\u00e1.<\\\/a><\\\/p>\",\"special\":\"\"},{\"start\":\"2023-11-09 10:00\",\"end\":\"2023-11-09 12:00\",\"url\":\"https:\\\/\\\/nunoa.cl\\\/nunoapanorama\\\/event\\\/despertando-las-neuronas-show-musical-infantil-un-buen-ciudadano-en-el-aula-magna-del-manuel-de-salas\\\/\",\"title\":\"DESPERTANDO LAS NEURONAS: SHOW MUSICAL INFANTIL UN BUEN CIUDADANO EN EL AULA MAGNA DEL MANUEL DE SALAS\",\"desc\":\"<a href=https:\\\/\\\/nunoa.cl\\\/nunoapanorama\\\/event\\\/despertando-las-neuronas-show-musical-infantil-un-buen-ciudadano-en-el-aula-magna-del-manuel-de-salas\\\/><img width=\\\"1000\\\" height=\\\"1000\\\" src=\\\"https:\\\/\\\/nunoa.cl\\\/nunoapanorama\\\/wp-content\\\/uploads\\\/2023\\\/11\\\/3016.jpg\\\" class=\\\"attachment-post-thumbnail size-post-thumbnail wp-post-image\\\" alt=\\\"\\\" srcset=\\\"https:\\\/\\\/nunoa.cl\\\/nunoapanorama\\\/wp-content\\\/uploads\\\/2023\\\/11\\\/3016.jpg 1000w, https:\\\/\\\/nunoa.cl\\\/nunoapanorama\\\/wp-content\\\/uploads\\\/2023\\\/11\\\/3016-300x300.jpg 300w, https:\\\/\\\/nunoa.cl\\\/nunoapanorama\\\/wp-content\\\/uploads\\\/2023\\\/11\\\/3016-150x150.jpg 150w, https:\\\/\\\/nunoa.cl\\\/nunoapanorama\\\/wp-content\\\/uploads\\\/2023\\\/11\\\/3016-768x768.jpg 768w, https:\\\/\\\/nunoa.cl\\\/nunoapanorama\\\/wp-content\\\/uploads\\\/2023\\\/11\\\/3016-500x500.jpg 500w, https:\\\/\\\/nunoa.cl\\\/nunoapanorama\\\/wp-content\\\/uploads\\\/2023\\\/11\\\/3016-80x80.jpg 80w\\\" sizes=\\\"(max-width: 1000px) 100vw, 1000px\\\" \\\/><\\\/a><p><a href=https:\\\/\\\/nunoa.cl\\\/nunoapanorama\\\/event\\\/despertando-las-neuronas-show-musical-infantil-un-buen-ciudadano-en-el-aula-magna-del-manuel-de-salas\\\/>DESPERTANDO LAS NEURONAS: SHOW MUSICAL INFANTIL UN BUEN CIUDADANO EN EL AULA MAGNA DEL MANUEL DE SALAS<\\\/a><\\\/p>\",\"special\":\"checked\"},{\"start\":\"2023-11-12 19:00\",\"end\":\"2023-11-12 21:00\",\"url\":\"https:\\\/\\\/nunoa.cl\\\/nunoapanorama\\\/event\\\/la-la-en-chile-aula-magna-manuel-de-salas\\\/\",\"title\":\"LA L\\u00c1 EN CHILE &#8211; AULA MAGNA MANUEL DE SALAS\",\"desc\":\"<a href=https:\\\/\\\/nunoa.cl\\\/nunoapanorama\\\/event\\\/la-la-en-chile-aula-magna-manuel-de-salas\\\/><img width=\\\"1000\\\" height=\\\"1000\\\" src=\\\"https:\\\/\\\/nunoa.cl\\\/nunoapanorama\\\/wp-content\\\/uploads\\\/2023\\\/11\\\/2868.jpg\\\" class=\\\"attachment-post-thumbnail size-post-thumbnail wp-post-image\\\" alt=\\\"\\\" srcset=\\\"https:\\\/\\\/nunoa.cl\\\/nunoapanorama\\\/wp-content\\\/uploads\\\/2023\\\/11\\\/2868.jpg 1000w, https:\\\/\\\/nunoa.cl\\\/nunoapanorama\\\/wp-content\\\/uploads\\\/2023\\\/11\\\/2868-300x300.jpg 300w, https:\\\/\\\/nunoa.cl\\\/nunoapanorama\\\/wp-content\\\/uploads\\\/2023\\\/11\\\/2868-150x150.jpg 150w, https:\\\/\\\/nunoa.cl\\\/nunoapanorama\\\/wp-content\\\/uploads\\\/2023\\\/11\\\/2868-768x768.jpg 768w, https:\\\/\\\/nunoa.cl\\\/nunoapanorama\\\/wp-content\\\/uploads\\\/2023\\\/11\\\/2868-500x500.jpg 500w, https:\\\/\\\/nunoa.cl\\\/nunoapanorama\\\/wp-content\\\/uploads\\\/2023\\\/11\\\/2868-80x80.jpg 80w\\\" sizes=\\\"(max-width: 1000px) 100vw, 1000px\\\" \\\/><\\\/a><p><a href=https:\\\/\\\/nunoa.cl\\\/nunoapanorama\\\/event\\\/la-la-en-chile-aula-magna-manuel-de-salas\\\/>LA L\\u00c1 EN CHILE &#8211; AULA MAGNA MANUEL DE SALAS<\\\/a><\\\/p>\",\"special\":\"checked\"},{\"start\":\"2023-11-02 20:00\",\"end\":\"2023-11-25 21:30\",\"url\":\"https:\\\/\\\/nunoa.cl\\\/nunoapanorama\\\/event\\\/obra-de-teatro-la-muerte-y-la-doncella\\\/\",\"title\":\"Obra de Teatro: \\u201cLa muerte y la doncella\\u201d\",\"desc\":\"<a href=https:\\\/\\\/nunoa.cl\\\/nunoapanorama\\\/event\\\/obra-de-teatro-la-muerte-y-la-doncella\\\/><img width=\\\"1476\\\" height=\\\"984\\\" src=\\\"https:\\\/\\\/nunoa.cl\\\/nunoapanorama\\\/wp-content\\\/uploads\\\/2023\\\/11\\\/9313-ok-baja.webp\\\" class=\\\"attachment-post-thumbnail size-post-thumbnail wp-post-image\\\" alt=\\\"\\\" srcset=\\\"https:\\\/\\\/nunoa.cl\\\/nunoapanorama\\\/wp-content\\\/uploads\\\/2023\\\/11\\\/9313-ok-baja.webp 1476w, https:\\\/\\\/nunoa.cl\\\/nunoapanorama\\\/wp-content\\\/uploads\\\/2023\\\/11\\\/9313-ok-baja-300x200.webp 300w, https:\\\/\\\/nunoa.cl\\\/nunoapanorama\\\/wp-content\\\/uploads\\\/2023\\\/11\\\/9313-ok-baja-1024x683.webp 1024w, https:\\\/\\\/nunoa.cl\\\/nunoapanorama\\\/wp-content\\\/uploads\\\/2023\\\/11\\\/9313-ok-baja-768x512.webp 768w\\\" sizes=\\\"(max-width: 1476px) 100vw, 1476px\\\" \\\/><\\\/a><p><a href=https:\\\/\\\/nunoa.cl\\\/nunoapanorama\\\/event\\\/obra-de-teatro-la-muerte-y-la-doncella\\\/>Obra de Teatro: \\u201cLa muerte y la doncella\\u201d<\\\/a><\\\/p>\",\"special\":\"checked\"},{\"start\":\"2023-11-09 10:00\",\"end\":\"2023-11-17 18:00\",\"url\":\"https:\\\/\\\/nunoa.cl\\\/nunoapanorama\\\/event\\\/1494\\\/\",\"title\":\"Exposici\\u00f3n: &#8220;Hijas del exilio. Arpilleras y retazos de memoria&#8221;\",\"desc\":\"<a href=https:\\\/\\\/nunoa.cl\\\/nunoapanorama\\\/event\\\/1494\\\/><img width=\\\"880\\\" height=\\\"880\\\" src=\\\"https:\\\/\\\/nunoa.cl\\\/nunoapanorama\\\/wp-content\\\/uploads\\\/2023\\\/11\\\/Captura-de-pantalla-2023-11-09-103324.jpg\\\" class=\\\"attachment-post-thumbnail size-post-thumbnail wp-post-image\\\" alt=\\\"\\\" srcset=\\\"https:\\\/\\\/nunoa.cl\\\/nunoapanorama\\\/wp-content\\\/uploads\\\/2023\\\/11\\\/Captura-de-pantalla-2023-11-09-103324.jpg 880w, https:\\\/\\\/nunoa.cl\\\/nunoapanorama\\\/wp-content\\\/uploads\\\/2023\\\/11\\\/Captura-de-pantalla-2023-11-09-103324-300x300.jpg 300w, https:\\\/\\\/nunoa.cl\\\/nunoapanorama\\\/wp-content\\\/uploads\\\/2023\\\/11\\\/Captura-de-pantalla-2023-11-09-103324-150x150.jpg 150w, https:\\\/\\\/nunoa.cl\\\/nunoapanorama\\\/wp-content\\\/uploads\\\/2023\\\/11\\\/Captura-de-pantalla-2023-11-09-103324-768x768.jpg 768w, https:\\\/\\\/nunoa.cl\\\/nunoapanorama\\\/wp-content\\\/uploads\\\/2023\\\/11\\\/Captura-de-pantalla-2023-11-09-103324-500x500.jpg 500w, https:\\\/\\\/nunoa.cl\\\/nunoapanorama\\\/wp-content\\\/uploads\\\/2023\\\/11\\\/Captura-de-pantalla-2023-11-09-103324-80x80.jpg 80w\\\" sizes=\\\"(max-width: 880px) 100vw, 880px\\\" \\\/><\\\/a><p><a href=https:\\\/\\\/nunoa.cl\\\/nunoapanorama\\\/event\\\/1494\\\/>Exposici\\u00f3n: &#8220;Hijas del exilio. Arpilleras y retazos de memoria&#8221;<\\\/a><\\\/p>\",\"special\":\"\"},{\"start\":\"2023-11-17 19:30\",\"end\":\"2023-11-17 21:00\",\"url\":\"https:\\\/\\\/nunoa.cl\\\/nunoapanorama\\\/event\\\/estreno-la-casa-cine-foro\\\/\",\"title\":\"ESTRENO: La Casa + Cine foro\",\"desc\":\"<a href=https:\\\/\\\/nunoa.cl\\\/nunoapanorama\\\/event\\\/estreno-la-casa-cine-foro\\\/><img width=\\\"1024\\\" height=\\\"576\\\" src=\\\"https:\\\/\\\/nunoa.cl\\\/nunoapanorama\\\/wp-content\\\/uploads\\\/2023\\\/11\\\/LACASA-10-1024x576-1.png\\\" class=\\\"attachment-post-thumbnail size-post-thumbnail wp-post-image\\\" alt=\\\"\\\" srcset=\\\"https:\\\/\\\/nunoa.cl\\\/nunoapanorama\\\/wp-content\\\/uploads\\\/2023\\\/11\\\/LACASA-10-1024x576-1.png 1024w, https:\\\/\\\/nunoa.cl\\\/nunoapanorama\\\/wp-content\\\/uploads\\\/2023\\\/11\\\/LACASA-10-1024x576-1-300x169.png 300w, https:\\\/\\\/nunoa.cl\\\/nunoapanorama\\\/wp-content\\\/uploads\\\/2023\\\/11\\\/LACASA-10-1024x576-1-768x432.png 768w\\\" sizes=\\\"(max-width: 1024px) 100vw, 1024px\\\" \\\/><\\\/a><p><a href=https:\\\/\\\/nunoa.cl\\\/nunoapanorama\\\/event\\\/estreno-la-casa-cine-foro\\\/>ESTRENO: La Casa + Cine foro<\\\/a><\\\/p>\",\"special\":\"\"},{\"start\":\"2023-11-09 17:00\",\"end\":\"2023-11-12 20:00\",\"url\":\"https:\\\/\\\/nunoa.cl\\\/nunoapanorama\\\/event\\\/v-festival-internacional-de-narracion-oral-chile-cuentos\\\/\",\"title\":\"V Festival Internacional de Narraci\\u00f3n Oral Chile Cuentos\",\"desc\":\"<a href=https:\\\/\\\/nunoa.cl\\\/nunoapanorama\\\/event\\\/v-festival-internacional-de-narracion-oral-chile-cuentos\\\/><img width=\\\"880\\\" height=\\\"882\\\" src=\\\"https:\\\/\\\/nunoa.cl\\\/nunoapanorama\\\/wp-content\\\/uploads\\\/2023\\\/11\\\/Captura-de-pantalla-2023-11-09-122447.jpg\\\" class=\\\"attachment-post-thumbnail size-post-thumbnail wp-post-image\\\" alt=\\\"\\\" srcset=\\\"https:\\\/\\\/nunoa.cl\\\/nunoapanorama\\\/wp-content\\\/uploads\\\/2023\\\/11\\\/Captura-de-pantalla-2023-11-09-122447.jpg 880w, https:\\\/\\\/nunoa.cl\\\/nunoapanorama\\\/wp-content\\\/uploads\\\/2023\\\/11\\\/Captura-de-pantalla-2023-11-09-122447-300x300.jpg 300w, https:\\\/\\\/nunoa.cl\\\/nunoapanorama\\\/wp-content\\\/uploads\\\/2023\\\/11\\\/Captura-de-pantalla-2023-11-09-122447-150x150.jpg 150w, https:\\\/\\\/nunoa.cl\\\/nunoapanorama\\\/wp-content\\\/uploads\\\/2023\\\/11\\\/Captura-de-pantalla-2023-11-09-122447-768x770.jpg 768w, https:\\\/\\\/nunoa.cl\\\/nunoapanorama\\\/wp-content\\\/uploads\\\/2023\\\/11\\\/Captura-de-pantalla-2023-11-09-122447-500x500.jpg 500w, https:\\\/\\\/nunoa.cl\\\/nunoapanorama\\\/wp-content\\\/uploads\\\/2023\\\/11\\\/Captura-de-pantalla-2023-11-09-122447-80x80.jpg 80w\\\" sizes=\\\"(max-width: 880px) 100vw, 880px\\\" \\\/><\\\/a><p><a href=https:\\\/\\\/nunoa.cl\\\/nunoapanorama\\\/event\\\/v-festival-internacional-de-narracion-oral-chile-cuentos\\\/>V Festival Internacional de Narraci\\u00f3n Oral Chile Cuentos<\\\/a><\\\/p>\",\"special\":\"\"},{\"start\":\"2023-11-16 18:30\",\"end\":\"2023-11-16 20:00\",\"url\":\"https:\\\/\\\/nunoa.cl\\\/nunoapanorama\\\/event\\\/ciclo-de-charlas-mistralianas-en-nunoa-3\\\/\",\"title\":\"Ciclo de Charlas Mistralianas en \\u00d1u\\u00f1oa\",\"desc\":\"<a href=https:\\\/\\\/nunoa.cl\\\/nunoapanorama\\\/event\\\/ciclo-de-charlas-mistralianas-en-nunoa-3\\\/><img width=\\\"879\\\" height=\\\"881\\\" src=\\\"https:\\\/\\\/nunoa.cl\\\/nunoapanorama\\\/wp-content\\\/uploads\\\/2023\\\/11\\\/Captura-de-pantalla-2023-11-09-161617.jpg\\\" class=\\\"attachment-post-thumbnail size-post-thumbnail wp-post-image\\\" alt=\\\"\\\" srcset=\\\"https:\\\/\\\/nunoa.cl\\\/nunoapanorama\\\/wp-content\\\/uploads\\\/2023\\\/11\\\/Captura-de-pantalla-2023-11-09-161617.jpg 879w, https:\\\/\\\/nunoa.cl\\\/nunoapanorama\\\/wp-content\\\/uploads\\\/2023\\\/11\\\/Captura-de-pantalla-2023-11-09-161617-300x300.jpg 300w, https:\\\/\\\/nunoa.cl\\\/nunoapanorama\\\/wp-content\\\/uploads\\\/2023\\\/11\\\/Captura-de-pantalla-2023-11-09-161617-150x150.jpg 150w, https:\\\/\\\/nunoa.cl\\\/nunoapanorama\\\/wp-content\\\/uploads\\\/2023\\\/11\\\/Captura-de-pantalla-2023-11-09-161617-768x770.jpg 768w, https:\\\/\\\/nunoa.cl\\\/nunoapanorama\\\/wp-content\\\/uploads\\\/2023\\\/11\\\/Captura-de-pantalla-2023-11-09-161617-500x500.jpg 500w, https:\\\/\\\/nunoa.cl\\\/nunoapanorama\\\/wp-content\\\/uploads\\\/2023\\\/11\\\/Captura-de-pantalla-2023-11-09-161617-80x80.jpg 80w\\\" sizes=\\\"(max-width: 879px) 100vw, 879px\\\" \\\/><\\\/a><p><a href=https:\\\/\\\/nunoa.cl\\\/nunoapanorama\\\/event\\\/ciclo-de-charlas-mistralianas-en-nunoa-3\\\/>Ciclo de Charlas Mistralianas en \\u00d1u\\u00f1oa<\\\/a><\\\/p>\",\"special\":\"checked\"},{\"start\":\"2023-11-18 19:30\",\"end\":\"2023-11-18 22:00\",\"url\":\"https:\\\/\\\/nunoa.cl\\\/nunoapanorama\\\/event\\\/concierto-del-barrio-al-escenario\\\/\",\"title\":\"Concierto: \\u00abDel Barrio al Escenario\\u00bb\",\"desc\":\"<a href=https:\\\/\\\/nunoa.cl\\\/nunoapanorama\\\/event\\\/concierto-del-barrio-al-escenario\\\/><img width=\\\"868\\\" height=\\\"867\\\" src=\\\"https:\\\/\\\/nunoa.cl\\\/nunoapanorama\\\/wp-content\\\/uploads\\\/2023\\\/11\\\/Captura-de-pantalla-2023-11-14-131823.jpg\\\" class=\\\"attachment-post-thumbnail size-post-thumbnail wp-post-image\\\" alt=\\\"\\\" srcset=\\\"https:\\\/\\\/nunoa.cl\\\/nunoapanorama\\\/wp-content\\\/uploads\\\/2023\\\/11\\\/Captura-de-pantalla-2023-11-14-131823.jpg 868w, https:\\\/\\\/nunoa.cl\\\/nunoapanorama\\\/wp-content\\\/uploads\\\/2023\\\/11\\\/Captura-de-pantalla-2023-11-14-131823-300x300.jpg 300w, https:\\\/\\\/nunoa.cl\\\/nunoapanorama\\\/wp-content\\\/uploads\\\/2023\\\/11\\\/Captura-de-pantalla-2023-11-14-131823-150x150.jpg 150w, https:\\\/\\\/nunoa.cl\\\/nunoapanorama\\\/wp-content\\\/uploads\\\/2023\\\/11\\\/Captura-de-pantalla-2023-11-14-131823-768x767.jpg 768w, https:\\\/\\\/nunoa.cl\\\/nunoapanorama\\\/wp-content\\\/uploads\\\/2023\\\/11\\\/Captura-de-pantalla-2023-11-14-131823-500x500.jpg 500w, https:\\\/\\\/nunoa.cl\\\/nunoapanorama\\\/wp-content\\\/uploads\\\/2023\\\/11\\\/Captura-de-pantalla-2023-11-14-131823-80x80.jpg 80w\\\" sizes=\\\"(max-width: 868px) 100vw, 868px\\\" \\\/><\\\/a><p><a href=https:\\\/\\\/nunoa.cl\\\/nunoapanorama\\\/event\\\/concierto-del-barrio-al-escenario\\\/>Concierto: \\u00abDel Barrio al Escenario\\u00bb<\\\/a><\\\/p>\",\"special\":\"\"},{\"start\":\"2023-11-18 11:00\",\"end\":\"2023-11-18 13:00\",\"url\":\"https:\\\/\\\/nunoa.cl\\\/nunoapanorama\\\/event\\\/quebrantahuesos-taller-de-poesia-y-collage\\\/\",\"title\":\"Quebrantahuesos: taller de poes\\u00eda y collage\",\"desc\":\"<a href=https:\\\/\\\/nunoa.cl\\\/nunoapanorama\\\/event\\\/quebrantahuesos-taller-de-poesia-y-collage\\\/><img width=\\\"867\\\" height=\\\"868\\\" src=\\\"https:\\\/\\\/nunoa.cl\\\/nunoapanorama\\\/wp-content\\\/uploads\\\/2023\\\/11\\\/Captura-de-pantalla-2023-11-16-130059.jpg\\\" class=\\\"attachment-post-thumbnail size-post-thumbnail wp-post-image\\\" alt=\\\"\\\" srcset=\\\"https:\\\/\\\/nunoa.cl\\\/nunoapanorama\\\/wp-content\\\/uploads\\\/2023\\\/11\\\/Captura-de-pantalla-2023-11-16-130059.jpg 867w, https:\\\/\\\/nunoa.cl\\\/nunoapanorama\\\/wp-content\\\/uploads\\\/2023\\\/11\\\/Captura-de-pantalla-2023-11-16-130059-300x300.jpg 300w, https:\\\/\\\/nunoa.cl\\\/nunoapanorama\\\/wp-content\\\/uploads\\\/2023\\\/11\\\/Captura-de-pantalla-2023-11-16-130059-150x150.jpg 150w, https:\\\/\\\/nunoa.cl\\\/nunoapanorama\\\/wp-content\\\/uploads\\\/2023\\\/11\\\/Captura-de-pantalla-2023-11-16-130059-768x769.jpg 768w, https:\\\/\\\/nunoa.cl\\\/nunoapanorama\\\/wp-content\\\/uploads\\\/2023\\\/11\\\/Captura-de-pantalla-2023-11-16-130059-500x500.jpg 500w, https:\\\/\\\/nunoa.cl\\\/nunoapanorama\\\/wp-content\\\/uploads\\\/2023\\\/11\\\/Captura-de-pantalla-2023-11-16-130059-80x80.jpg 80w\\\" sizes=\\\"(max-width: 867px) 100vw, 867px\\\" \\\/><\\\/a><p><a href=https:\\\/\\\/nunoa.cl\\\/nunoapanorama\\\/event\\\/quebrantahuesos-taller-de-poesia-y-collage\\\/>Quebrantahuesos: taller de poes\\u00eda y collage<\\\/a><\\\/p>\",\"special\":\"checked\"},{\"start\":\"2023-11-30 18:00\",\"end\":\"2023-11-30 20:00\",\"url\":\"https:\\\/\\\/nunoa.cl\\\/nunoapanorama\\\/event\\\/lanzamiento-del-libro-hector-rios-historia-y-estetica-exhibicion-de-cortometrajes\\\/\",\"title\":\"Lanzamiento del libro \\u201cH\\u00e9ctor R\\u00edos: historia y est\\u00e9tica&#8221; + exhibici\\u00f3n de cortometrajes\",\"desc\":\"<a href=https:\\\/\\\/nunoa.cl\\\/nunoapanorama\\\/event\\\/lanzamiento-del-libro-hector-rios-historia-y-estetica-exhibicion-de-cortometrajes\\\/><img width=\\\"865\\\" height=\\\"868\\\" src=\\\"https:\\\/\\\/nunoa.cl\\\/nunoapanorama\\\/wp-content\\\/uploads\\\/2023\\\/11\\\/Captura-de-pantalla-2023-11-22-095534.jpg\\\" class=\\\"attachment-post-thumbnail size-post-thumbnail wp-post-image\\\" alt=\\\"\\\" srcset=\\\"https:\\\/\\\/nunoa.cl\\\/nunoapanorama\\\/wp-content\\\/uploads\\\/2023\\\/11\\\/Captura-de-pantalla-2023-11-22-095534.jpg 865w, https:\\\/\\\/nunoa.cl\\\/nunoapanorama\\\/wp-content\\\/uploads\\\/2023\\\/11\\\/Captura-de-pantalla-2023-11-22-095534-300x300.jpg 300w, https:\\\/\\\/nunoa.cl\\\/nunoapanorama\\\/wp-content\\\/uploads\\\/2023\\\/11\\\/Captura-de-pantalla-2023-11-22-095534-150x150.jpg 150w, https:\\\/\\\/nunoa.cl\\\/nunoapanorama\\\/wp-content\\\/uploads\\\/2023\\\/11\\\/Captura-de-pantalla-2023-11-22-095534-768x771.jpg 768w, https:\\\/\\\/nunoa.cl\\\/nunoapanorama\\\/wp-content\\\/uploads\\\/2023\\\/11\\\/Captura-de-pantalla-2023-11-22-095534-80x80.jpg 80w\\\" sizes=\\\"(max-width: 865px) 100vw, 865px\\\" \\\/><\\\/a><p><a href=https:\\\/\\\/nunoa.cl\\\/nunoapanorama\\\/event\\\/lanzamiento-del-libro-hector-rios-historia-y-estetica-exhibicion-de-cortometrajes\\\/>Lanzamiento del libro \\u201cH\\u00e9ctor R\\u00edos: historia y est\\u00e9tica&#8221; + exhibici\\u00f3n de cortometrajes<\\\/a><\\\/p>\",\"special\":\"\"},{\"start\":\"2023-11-28 11:00\",\"end\":\"2023-12-04 19:00\",\"url\":\"https:\\\/\\\/nunoa.cl\\\/nunoapanorama\\\/event\\\/exhibicion-de-arpilleras-en-la-semana-migrante\\\/\",\"title\":\"Exhibici\\u00f3n de arpilleras en la Semana Migrante\",\"desc\":\"<a href=https:\\\/\\\/nunoa.cl\\\/nunoapanorama\\\/event\\\/exhibicion-de-arpilleras-en-la-semana-migrante\\\/><img width=\\\"869\\\" height=\\\"872\\\" src=\\\"https:\\\/\\\/nunoa.cl\\\/nunoapanorama\\\/wp-content\\\/uploads\\\/2023\\\/11\\\/Captura-de-pantalla-2023-11-28-154936.jpg\\\" class=\\\"attachment-post-thumbnail size-post-thumbnail wp-post-image\\\" alt=\\\"\\\" srcset=\\\"https:\\\/\\\/nunoa.cl\\\/nunoapanorama\\\/wp-content\\\/uploads\\\/2023\\\/11\\\/Captura-de-pantalla-2023-11-28-154936.jpg 869w, https:\\\/\\\/nunoa.cl\\\/nunoapanorama\\\/wp-content\\\/uploads\\\/2023\\\/11\\\/Captura-de-pantalla-2023-11-28-154936-300x300.jpg 300w, https:\\\/\\\/nunoa.cl\\\/nunoapanorama\\\/wp-content\\\/uploads\\\/2023\\\/11\\\/Captura-de-pantalla-2023-11-28-154936-150x150.jpg 150w, https:\\\/\\\/nunoa.cl\\\/nunoapanorama\\\/wp-content\\\/uploads\\\/2023\\\/11\\\/Captura-de-pantalla-2023-11-28-154936-768x771.jpg 768w, https:\\\/\\\/nunoa.cl\\\/nunoapanorama\\\/wp-content\\\/uploads\\\/2023\\\/11\\\/Captura-de-pantalla-2023-11-28-154936-80x80.jpg 80w\\\" sizes=\\\"(max-width: 869px) 100vw, 869px\\\" \\\/><\\\/a><p><a href=https:\\\/\\\/nunoa.cl\\\/nunoapanorama\\\/event\\\/exhibicion-de-arpilleras-en-la-semana-migrante\\\/>Exhibici\\u00f3n de arpilleras en la Semana Migrante<\\\/a><\\\/p>\",\"special\":\"\"},{\"start\":\"2023-12-07 18:00\",\"end\":\"2023-12-14 19:30\",\"url\":\"https:\\\/\\\/nunoa.cl\\\/nunoapanorama\\\/event\\\/ciclo-el-sexo-como-sujeto-no-como-objeto-manipulacion-en-el-cine-de-catherine-breillat\\\/\",\"title\":\"Ciclo: &#8220;El sexo como sujeto, no como objeto. Manipulaci\\u00f3n en el cine de Catherine Breillat&#8221;\",\"desc\":\"<a href=https:\\\/\\\/nunoa.cl\\\/nunoapanorama\\\/event\\\/ciclo-el-sexo-como-sujeto-no-como-objeto-manipulacion-en-el-cine-de-catherine-breillat\\\/><img width=\\\"866\\\" height=\\\"866\\\" src=\\\"https:\\\/\\\/nunoa.cl\\\/nunoapanorama\\\/wp-content\\\/uploads\\\/2023\\\/12\\\/Captura-de-pantalla-2023-12-05-115202.jpg\\\" class=\\\"attachment-post-thumbnail size-post-thumbnail wp-post-image\\\" alt=\\\"\\\" srcset=\\\"https:\\\/\\\/nunoa.cl\\\/nunoapanorama\\\/wp-content\\\/uploads\\\/2023\\\/12\\\/Captura-de-pantalla-2023-12-05-115202.jpg 866w, https:\\\/\\\/nunoa.cl\\\/nunoapanorama\\\/wp-content\\\/uploads\\\/2023\\\/12\\\/Captura-de-pantalla-2023-12-05-115202-300x300.jpg 300w, https:\\\/\\\/nunoa.cl\\\/nunoapanorama\\\/wp-content\\\/uploads\\\/2023\\\/12\\\/Captura-de-pantalla-2023-12-05-115202-150x150.jpg 150w, https:\\\/\\\/nunoa.cl\\\/nunoapanorama\\\/wp-content\\\/uploads\\\/2023\\\/12\\\/Captura-de-pantalla-2023-12-05-115202-768x768.jpg 768w, https:\\\/\\\/nunoa.cl\\\/nunoapanorama\\\/wp-content\\\/uploads\\\/2023\\\/12\\\/Captura-de-pantalla-2023-12-05-115202-500x500.jpg 500w, https:\\\/\\\/nunoa.cl\\\/nunoapanorama\\\/wp-content\\\/uploads\\\/2023\\\/12\\\/Captura-de-pantalla-2023-12-05-115202-80x80.jpg 80w\\\" sizes=\\\"(max-width: 866px) 100vw, 866px\\\" \\\/><\\\/a><p><a href=https:\\\/\\\/nunoa.cl\\\/nunoapanorama\\\/event\\\/ciclo-el-sexo-como-sujeto-no-como-objeto-manipulacion-en-el-cine-de-catherine-breillat\\\/>Ciclo: &#8220;El sexo como sujeto, no como objeto. Manipulaci\\u00f3n en el cine de Catherine Breillat&#8221;<\\\/a><\\\/p>\",\"special\":\"\"},{\"start\":\"2023-12-09 20:00\",\"end\":\"2023-12-09 22:00\",\"url\":\"https:\\\/\\\/nunoa.cl\\\/nunoapanorama\\\/event\\\/chinoy-en-aula-magna-del-liceo-manuel-de-salas\\\/\",\"title\":\"CHINOY EN AULA MAGNA DEL LICEO MANUEL DE SALAS\",\"desc\":\"<a href=https:\\\/\\\/nunoa.cl\\\/nunoapanorama\\\/event\\\/chinoy-en-aula-magna-del-liceo-manuel-de-salas\\\/><img width=\\\"1000\\\" height=\\\"1000\\\" src=\\\"https:\\\/\\\/nunoa.cl\\\/nunoapanorama\\\/wp-content\\\/uploads\\\/2023\\\/12\\\/2537.jpg\\\" class=\\\"attachment-post-thumbnail size-post-thumbnail wp-post-image\\\" alt=\\\"\\\" srcset=\\\"https:\\\/\\\/nunoa.cl\\\/nunoapanorama\\\/wp-content\\\/uploads\\\/2023\\\/12\\\/2537.jpg 1000w, https:\\\/\\\/nunoa.cl\\\/nunoapanorama\\\/wp-content\\\/uploads\\\/2023\\\/12\\\/2537-300x300.jpg 300w, https:\\\/\\\/nunoa.cl\\\/nunoapanorama\\\/wp-content\\\/uploads\\\/2023\\\/12\\\/2537-150x150.jpg 150w, https:\\\/\\\/nunoa.cl\\\/nunoapanorama\\\/wp-content\\\/uploads\\\/2023\\\/12\\\/2537-768x768.jpg 768w, https:\\\/\\\/nunoa.cl\\\/nunoapanorama\\\/wp-content\\\/uploads\\\/2023\\\/12\\\/2537-500x500.jpg 500w, https:\\\/\\\/nunoa.cl\\\/nunoapanorama\\\/wp-content\\\/uploads\\\/2023\\\/12\\\/2537-80x80.jpg 80w\\\" sizes=\\\"(max-width: 1000px) 100vw, 1000px\\\" \\\/><\\\/a><p><a href=https:\\\/\\\/nunoa.cl\\\/nunoapanorama\\\/event\\\/chinoy-en-aula-magna-del-liceo-manuel-de-salas\\\/>CHINOY EN AULA MAGNA DEL LICEO MANUEL DE SALAS<\\\/a><\\\/p>\",\"special\":\"checked\"},{\"start\":\"2023-12-10 20:00\",\"end\":\"2023-12-10 21:00\",\"url\":\"https:\\\/\\\/nunoa.cl\\\/nunoapanorama\\\/event\\\/newen-afrobeat-en-aula-magna-del-liceo-manuel-de-salas\\\/\",\"title\":\"NEWEN AFROBEAT EN AULA MAGNA DEL LICEO MANUEL DE SALAS\",\"desc\":\"<a href=https:\\\/\\\/nunoa.cl\\\/nunoapanorama\\\/event\\\/newen-afrobeat-en-aula-magna-del-liceo-manuel-de-salas\\\/><img width=\\\"1000\\\" height=\\\"1000\\\" src=\\\"https:\\\/\\\/nunoa.cl\\\/nunoapanorama\\\/wp-content\\\/uploads\\\/2023\\\/12\\\/1552.jpg\\\" class=\\\"attachment-post-thumbnail size-post-thumbnail wp-post-image\\\" alt=\\\"\\\" srcset=\\\"https:\\\/\\\/nunoa.cl\\\/nunoapanorama\\\/wp-content\\\/uploads\\\/2023\\\/12\\\/1552.jpg 1000w, https:\\\/\\\/nunoa.cl\\\/nunoapanorama\\\/wp-content\\\/uploads\\\/2023\\\/12\\\/1552-300x300.jpg 300w, https:\\\/\\\/nunoa.cl\\\/nunoapanorama\\\/wp-content\\\/uploads\\\/2023\\\/12\\\/1552-150x150.jpg 150w, https:\\\/\\\/nunoa.cl\\\/nunoapanorama\\\/wp-content\\\/uploads\\\/2023\\\/12\\\/1552-768x768.jpg 768w, https:\\\/\\\/nunoa.cl\\\/nunoapanorama\\\/wp-content\\\/uploads\\\/2023\\\/12\\\/1552-500x500.jpg 500w, https:\\\/\\\/nunoa.cl\\\/nunoapanorama\\\/wp-content\\\/uploads\\\/2023\\\/12\\\/1552-80x80.jpg 80w\\\" sizes=\\\"(max-width: 1000px) 100vw, 1000px\\\" \\\/><\\\/a><p><a href=https:\\\/\\\/nunoa.cl\\\/nunoapanorama\\\/event\\\/newen-afrobeat-en-aula-magna-del-liceo-manuel-de-salas\\\/>NEWEN AFROBEAT EN AULA MAGNA DEL LICEO MANUEL DE SALAS<\\\/a><\\\/p>\",\"special\":\"checked\"},{\"start\":\"2023-12-22 20:00\",\"end\":\"2023-12-22 22:00\",\"url\":\"https:\\\/\\\/nunoa.cl\\\/nunoapanorama\\\/event\\\/espacio-incluir-presenta-nacio-banda-punto-aparte\\\/\",\"title\":\"ESPACIO INCLUIR PRESENTA NACIO &#038; BANDA, PUNTO APARTE.\",\"desc\":\"<a href=https:\\\/\\\/nunoa.cl\\\/nunoapanorama\\\/event\\\/espacio-incluir-presenta-nacio-banda-punto-aparte\\\/><img width=\\\"1000\\\" height=\\\"1000\\\" src=\\\"https:\\\/\\\/nunoa.cl\\\/nunoapanorama\\\/wp-content\\\/uploads\\\/2023\\\/12\\\/3487.jpg\\\" class=\\\"attachment-post-thumbnail size-post-thumbnail wp-post-image\\\" alt=\\\"\\\" srcset=\\\"https:\\\/\\\/nunoa.cl\\\/nunoapanorama\\\/wp-content\\\/uploads\\\/2023\\\/12\\\/3487.jpg 1000w, https:\\\/\\\/nunoa.cl\\\/nunoapanorama\\\/wp-content\\\/uploads\\\/2023\\\/12\\\/3487-300x300.jpg 300w, https:\\\/\\\/nunoa.cl\\\/nunoapanorama\\\/wp-content\\\/uploads\\\/2023\\\/12\\\/3487-150x150.jpg 150w, https:\\\/\\\/nunoa.cl\\\/nunoapanorama\\\/wp-content\\\/uploads\\\/2023\\\/12\\\/3487-768x768.jpg 768w, https:\\\/\\\/nunoa.cl\\\/nunoapanorama\\\/wp-content\\\/uploads\\\/2023\\\/12\\\/3487-500x500.jpg 500w, https:\\\/\\\/nunoa.cl\\\/nunoapanorama\\\/wp-content\\\/uploads\\\/2023\\\/12\\\/3487-80x80.jpg 80w\\\" sizes=\\\"(max-width: 1000px) 100vw, 1000px\\\" \\\/><\\\/a><p><a href=https:\\\/\\\/nunoa.cl\\\/nunoapanorama\\\/event\\\/espacio-incluir-presenta-nacio-banda-punto-aparte\\\/>ESPACIO INCLUIR PRESENTA NACIO &#038; BANDA, PUNTO APARTE.<\\\/a><\\\/p>\",\"special\":\"checked\"},{\"start\":\"2023-12-16 11:00\",\"end\":\"2023-12-16 12:00\",\"url\":\"https:\\\/\\\/nunoa.cl\\\/nunoapanorama\\\/event\\\/lanzamiento-del-libro-infantil-zootipos\\\/\",\"title\":\"Presentaci\\u00f3n del libro infantil \\u201cZootipos\\u201d\",\"desc\":\"<a href=https:\\\/\\\/nunoa.cl\\\/nunoapanorama\\\/event\\\/lanzamiento-del-libro-infantil-zootipos\\\/><img width=\\\"867\\\" height=\\\"868\\\" src=\\\"https:\\\/\\\/nunoa.cl\\\/nunoapanorama\\\/wp-content\\\/uploads\\\/2023\\\/12\\\/Captura-de-pantalla-2023-12-14-091021.jpg\\\" class=\\\"attachment-post-thumbnail size-post-thumbnail wp-post-image\\\" alt=\\\"\\\" srcset=\\\"https:\\\/\\\/nunoa.cl\\\/nunoapanorama\\\/wp-content\\\/uploads\\\/2023\\\/12\\\/Captura-de-pantalla-2023-12-14-091021.jpg 867w, https:\\\/\\\/nunoa.cl\\\/nunoapanorama\\\/wp-content\\\/uploads\\\/2023\\\/12\\\/Captura-de-pantalla-2023-12-14-091021-300x300.jpg 300w, https:\\\/\\\/nunoa.cl\\\/nunoapanorama\\\/wp-content\\\/uploads\\\/2023\\\/12\\\/Captura-de-pantalla-2023-12-14-091021-150x150.jpg 150w, https:\\\/\\\/nunoa.cl\\\/nunoapanorama\\\/wp-content\\\/uploads\\\/2023\\\/12\\\/Captura-de-pantalla-2023-12-14-091021-768x769.jpg 768w, https:\\\/\\\/nunoa.cl\\\/nunoapanorama\\\/wp-content\\\/uploads\\\/2023\\\/12\\\/Captura-de-pantalla-2023-12-14-091021-500x500.jpg 500w, https:\\\/\\\/nunoa.cl\\\/nunoapanorama\\\/wp-content\\\/uploads\\\/2023\\\/12\\\/Captura-de-pantalla-2023-12-14-091021-80x80.jpg 80w\\\" sizes=\\\"(max-width: 867px) 100vw, 867px\\\" \\\/><\\\/a><p><a href=https:\\\/\\\/nunoa.cl\\\/nunoapanorama\\\/event\\\/lanzamiento-del-libro-infantil-zootipos\\\/>Presentaci\\u00f3n del libro infantil \\u201cZootipos\\u201d<\\\/a><\\\/p>\",\"special\":\"\"},{\"start\":\"2023-12-21 18:00\",\"end\":\"1970-01-01 \",\"url\":\"https:\\\/\\\/nunoa.cl\\\/nunoapanorama\\\/event\\\/exposicion-dispositivos-de-memoria\\\/\",\"title\":\"EXPOSICI\\u00d3N: DISPOSITIVOS DE MEMORIA\",\"desc\":\"<a href=https:\\\/\\\/nunoa.cl\\\/nunoapanorama\\\/event\\\/exposicion-dispositivos-de-memoria\\\/><img width=\\\"871\\\" height=\\\"869\\\" src=\\\"https:\\\/\\\/nunoa.cl\\\/nunoapanorama\\\/wp-content\\\/uploads\\\/2023\\\/12\\\/Captura-de-pantalla-2023-12-18-115044.jpg\\\" class=\\\"attachment-post-thumbnail size-post-thumbnail wp-post-image\\\" alt=\\\"\\\" srcset=\\\"https:\\\/\\\/nunoa.cl\\\/nunoapanorama\\\/wp-content\\\/uploads\\\/2023\\\/12\\\/Captura-de-pantalla-2023-12-18-115044.jpg 871w, https:\\\/\\\/nunoa.cl\\\/nunoapanorama\\\/wp-content\\\/uploads\\\/2023\\\/12\\\/Captura-de-pantalla-2023-12-18-115044-300x300.jpg 300w, https:\\\/\\\/nunoa.cl\\\/nunoapanorama\\\/wp-content\\\/uploads\\\/2023\\\/12\\\/Captura-de-pantalla-2023-12-18-115044-150x150.jpg 150w, https:\\\/\\\/nunoa.cl\\\/nunoapanorama\\\/wp-content\\\/uploads\\\/2023\\\/12\\\/Captura-de-pantalla-2023-12-18-115044-768x766.jpg 768w, https:\\\/\\\/nunoa.cl\\\/nunoapanorama\\\/wp-content\\\/uploads\\\/2023\\\/12\\\/Captura-de-pantalla-2023-12-18-115044-500x500.jpg 500w, https:\\\/\\\/nunoa.cl\\\/nunoapanorama\\\/wp-content\\\/uploads\\\/2023\\\/12\\\/Captura-de-pantalla-2023-12-18-115044-80x80.jpg 80w\\\" sizes=\\\"(max-width: 871px) 100vw, 871px\\\" \\\/><\\\/a><p><a href=https:\\\/\\\/nunoa.cl\\\/nunoapanorama\\\/event\\\/exposicion-dispositivos-de-memoria\\\/>EXPOSICI\\u00d3N: DISPOSITIVOS DE MEMORIA<\\\/a><\\\/p>\",\"special\":\"\"},{\"start\":\"2024-01-05 19:30\",\"end\":\"2024-01-05 21:00\",\"url\":\"https:\\\/\\\/nunoa.cl\\\/nunoapanorama\\\/event\\\/estreno-las-cosas-indefinidas\\\/\",\"title\":\"ESTRENO: &#8220;Las cosas indefinidas&#8221;\",\"desc\":\"<a href=https:\\\/\\\/nunoa.cl\\\/nunoapanorama\\\/event\\\/estreno-las-cosas-indefinidas\\\/><img width=\\\"1024\\\" height=\\\"578\\\" src=\\\"https:\\\/\\\/nunoa.cl\\\/nunoapanorama\\\/wp-content\\\/uploads\\\/2024\\\/01\\\/still_lascosas_web-1-1024x578-1.jpg\\\" class=\\\"attachment-post-thumbnail size-post-thumbnail wp-post-image\\\" alt=\\\"\\\" srcset=\\\"https:\\\/\\\/nunoa.cl\\\/nunoapanorama\\\/wp-content\\\/uploads\\\/2024\\\/01\\\/still_lascosas_web-1-1024x578-1.jpg 1024w, https:\\\/\\\/nunoa.cl\\\/nunoapanorama\\\/wp-content\\\/uploads\\\/2024\\\/01\\\/still_lascosas_web-1-1024x578-1-300x169.jpg 300w, https:\\\/\\\/nunoa.cl\\\/nunoapanorama\\\/wp-content\\\/uploads\\\/2024\\\/01\\\/still_lascosas_web-1-1024x578-1-768x434.jpg 768w\\\" sizes=\\\"(max-width: 1024px) 100vw, 1024px\\\" \\\/><\\\/a><p><a href=https:\\\/\\\/nunoa.cl\\\/nunoapanorama\\\/event\\\/estreno-las-cosas-indefinidas\\\/>ESTRENO: &#8220;Las cosas indefinidas&#8221;<\\\/a><\\\/p>\",\"special\":\"\"},{\"start\":\"2024-01-02 11:00\",\"end\":\"2024-01-31 19:00\",\"url\":\"https:\\\/\\\/nunoa.cl\\\/nunoapanorama\\\/event\\\/exposicion-v-tzompantli-grafico-monumental\\\/\",\"title\":\"EXPOSICI\\u00d3N: V Tzompantli Gr\\u00e1fico Monumental\",\"desc\":\"<a href=https:\\\/\\\/nunoa.cl\\\/nunoapanorama\\\/event\\\/exposicion-v-tzompantli-grafico-monumental\\\/><img width=\\\"867\\\" height=\\\"866\\\" src=\\\"https:\\\/\\\/nunoa.cl\\\/nunoapanorama\\\/wp-content\\\/uploads\\\/2024\\\/01\\\/Captura-de-pantalla-2024-01-03-102951.jpg\\\" class=\\\"attachment-post-thumbnail size-post-thumbnail wp-post-image\\\" alt=\\\"\\\" srcset=\\\"https:\\\/\\\/nunoa.cl\\\/nunoapanorama\\\/wp-content\\\/uploads\\\/2024\\\/01\\\/Captura-de-pantalla-2024-01-03-102951.jpg 867w, https:\\\/\\\/nunoa.cl\\\/nunoapanorama\\\/wp-content\\\/uploads\\\/2024\\\/01\\\/Captura-de-pantalla-2024-01-03-102951-300x300.jpg 300w, https:\\\/\\\/nunoa.cl\\\/nunoapanorama\\\/wp-content\\\/uploads\\\/2024\\\/01\\\/Captura-de-pantalla-2024-01-03-102951-150x150.jpg 150w, https:\\\/\\\/nunoa.cl\\\/nunoapanorama\\\/wp-content\\\/uploads\\\/2024\\\/01\\\/Captura-de-pantalla-2024-01-03-102951-768x767.jpg 768w, https:\\\/\\\/nunoa.cl\\\/nunoapanorama\\\/wp-content\\\/uploads\\\/2024\\\/01\\\/Captura-de-pantalla-2024-01-03-102951-500x500.jpg 500w, https:\\\/\\\/nunoa.cl\\\/nunoapanorama\\\/wp-content\\\/uploads\\\/2024\\\/01\\\/Captura-de-pantalla-2024-01-03-102951-80x80.jpg 80w\\\" sizes=\\\"(max-width: 867px) 100vw, 867px\\\" \\\/><\\\/a><p><a href=https:\\\/\\\/nunoa.cl\\\/nunoapanorama\\\/event\\\/exposicion-v-tzompantli-grafico-monumental\\\/>EXPOSICI\\u00d3N: V Tzompantli Gr\\u00e1fico Monumental<\\\/a><\\\/p>\",\"special\":\"\"},{\"start\":\"2024-01-14 20:00\",\"end\":\"2024-01-14 22:00\",\"url\":\"https:\\\/\\\/nunoa.cl\\\/nunoapanorama\\\/event\\\/eduardo-gatti-en-aula-magna-manuel-de-salas\\\/\",\"title\":\"EDUARDO GATTI EN AULA MAGNA MANUEL DE SALAS\",\"desc\":\"<a href=https:\\\/\\\/nunoa.cl\\\/nunoapanorama\\\/event\\\/eduardo-gatti-en-aula-magna-manuel-de-salas\\\/><img width=\\\"1000\\\" height=\\\"1000\\\" src=\\\"https:\\\/\\\/nunoa.cl\\\/nunoapanorama\\\/wp-content\\\/uploads\\\/2024\\\/01\\\/3307.jpg\\\" class=\\\"attachment-post-thumbnail size-post-thumbnail wp-post-image\\\" alt=\\\"\\\" srcset=\\\"https:\\\/\\\/nunoa.cl\\\/nunoapanorama\\\/wp-content\\\/uploads\\\/2024\\\/01\\\/3307.jpg 1000w, https:\\\/\\\/nunoa.cl\\\/nunoapanorama\\\/wp-content\\\/uploads\\\/2024\\\/01\\\/3307-300x300.jpg 300w, https:\\\/\\\/nunoa.cl\\\/nunoapanorama\\\/wp-content\\\/uploads\\\/2024\\\/01\\\/3307-150x150.jpg 150w, https:\\\/\\\/nunoa.cl\\\/nunoapanorama\\\/wp-content\\\/uploads\\\/2024\\\/01\\\/3307-768x768.jpg 768w, https:\\\/\\\/nunoa.cl\\\/nunoapanorama\\\/wp-content\\\/uploads\\\/2024\\\/01\\\/3307-500x500.jpg 500w, https:\\\/\\\/nunoa.cl\\\/nunoapanorama\\\/wp-content\\\/uploads\\\/2024\\\/01\\\/3307-80x80.jpg 80w\\\" sizes=\\\"(max-width: 1000px) 100vw, 1000px\\\" \\\/><\\\/a><p><a href=https:\\\/\\\/nunoa.cl\\\/nunoapanorama\\\/event\\\/eduardo-gatti-en-aula-magna-manuel-de-salas\\\/>EDUARDO GATTI EN AULA MAGNA MANUEL DE SALAS<\\\/a><\\\/p>\",\"special\":\"checked\"},{\"start\":\"2024-01-11 10:00\",\"end\":\"2024-01-11 17:00\",\"url\":\"https:\\\/\\\/nunoa.cl\\\/nunoapanorama\\\/event\\\/jornada-de-reflexiones-y-perspectivas-en-torno-a-las-artes-populares-la-artesania-y-los-oficios\\\/\",\"title\":\"Jornada de reflexiones y perspectivas en torno a las artes populares, la artesan\\u00eda y los oficios\",\"desc\":\"<a href=https:\\\/\\\/nunoa.cl\\\/nunoapanorama\\\/event\\\/jornada-de-reflexiones-y-perspectivas-en-torno-a-las-artes-populares-la-artesania-y-los-oficios\\\/><img width=\\\"869\\\" height=\\\"870\\\" src=\\\"https:\\\/\\\/nunoa.cl\\\/nunoapanorama\\\/wp-content\\\/uploads\\\/2024\\\/01\\\/Captura-de-pantalla-2024-01-04-125552.jpg\\\" class=\\\"attachment-post-thumbnail size-post-thumbnail wp-post-image\\\" alt=\\\"\\\" srcset=\\\"https:\\\/\\\/nunoa.cl\\\/nunoapanorama\\\/wp-content\\\/uploads\\\/2024\\\/01\\\/Captura-de-pantalla-2024-01-04-125552.jpg 869w, https:\\\/\\\/nunoa.cl\\\/nunoapanorama\\\/wp-content\\\/uploads\\\/2024\\\/01\\\/Captura-de-pantalla-2024-01-04-125552-300x300.jpg 300w, https:\\\/\\\/nunoa.cl\\\/nunoapanorama\\\/wp-content\\\/uploads\\\/2024\\\/01\\\/Captura-de-pantalla-2024-01-04-125552-150x150.jpg 150w, https:\\\/\\\/nunoa.cl\\\/nunoapanorama\\\/wp-content\\\/uploads\\\/2024\\\/01\\\/Captura-de-pantalla-2024-01-04-125552-768x769.jpg 768w, https:\\\/\\\/nunoa.cl\\\/nunoapanorama\\\/wp-content\\\/uploads\\\/2024\\\/01\\\/Captura-de-pantalla-2024-01-04-125552-500x500.jpg 500w, https:\\\/\\\/nunoa.cl\\\/nunoapanorama\\\/wp-content\\\/uploads\\\/2024\\\/01\\\/Captura-de-pantalla-2024-01-04-125552-80x80.jpg 80w\\\" sizes=\\\"(max-width: 869px) 100vw, 869px\\\" \\\/><\\\/a><p><a href=https:\\\/\\\/nunoa.cl\\\/nunoapanorama\\\/event\\\/jornada-de-reflexiones-y-perspectivas-en-torno-a-las-artes-populares-la-artesania-y-los-oficios\\\/>Jornada de reflexiones y perspectivas en torno a las artes populares, la artesan\\u00eda y los oficios<\\\/a><\\\/p>\",\"special\":\"checked\"},{\"start\":\"2024-01-13 11:00\",\"end\":\"2024-01-13 12:00\",\"url\":\"https:\\\/\\\/nunoa.cl\\\/nunoapanorama\\\/event\\\/cuentacuentos-lobo-estas\\\/\",\"title\":\"Cuentacuentos: Lobo \\u00bfestas?\",\"desc\":\"<a href=https:\\\/\\\/nunoa.cl\\\/nunoapanorama\\\/event\\\/cuentacuentos-lobo-estas\\\/><img width=\\\"867\\\" height=\\\"868\\\" src=\\\"https:\\\/\\\/nunoa.cl\\\/nunoapanorama\\\/wp-content\\\/uploads\\\/2024\\\/01\\\/Captura-de-pantalla-2024-01-11-093842.jpg\\\" class=\\\"attachment-post-thumbnail size-post-thumbnail wp-post-image\\\" alt=\\\"\\\" srcset=\\\"https:\\\/\\\/nunoa.cl\\\/nunoapanorama\\\/wp-content\\\/uploads\\\/2024\\\/01\\\/Captura-de-pantalla-2024-01-11-093842.jpg 867w, https:\\\/\\\/nunoa.cl\\\/nunoapanorama\\\/wp-content\\\/uploads\\\/2024\\\/01\\\/Captura-de-pantalla-2024-01-11-093842-300x300.jpg 300w, https:\\\/\\\/nunoa.cl\\\/nunoapanorama\\\/wp-content\\\/uploads\\\/2024\\\/01\\\/Captura-de-pantalla-2024-01-11-093842-150x150.jpg 150w, https:\\\/\\\/nunoa.cl\\\/nunoapanorama\\\/wp-content\\\/uploads\\\/2024\\\/01\\\/Captura-de-pantalla-2024-01-11-093842-768x769.jpg 768w, https:\\\/\\\/nunoa.cl\\\/nunoapanorama\\\/wp-content\\\/uploads\\\/2024\\\/01\\\/Captura-de-pantalla-2024-01-11-093842-500x500.jpg 500w, https:\\\/\\\/nunoa.cl\\\/nunoapanorama\\\/wp-content\\\/uploads\\\/2024\\\/01\\\/Captura-de-pantalla-2024-01-11-093842-80x80.jpg 80w\\\" sizes=\\\"(max-width: 867px) 100vw, 867px\\\" \\\/><\\\/a><p><a href=https:\\\/\\\/nunoa.cl\\\/nunoapanorama\\\/event\\\/cuentacuentos-lobo-estas\\\/>Cuentacuentos: Lobo \\u00bfestas?<\\\/a><\\\/p>\",\"special\":\"\"},{\"start\":\"2024-01-11 11:00\",\"end\":\"2024-01-26 17:00\",\"url\":\"https:\\\/\\\/nunoa.cl\\\/nunoapanorama\\\/event\\\/quinta-exposicion-multiple-de-egresados-de-licenciatura-en-artes-visuales\\\/\",\"title\":\"\\u201cQuinta\\u201d: Exposici\\u00f3n m\\u00faltiple de egresados de Licenciatura en Artes Visuales\",\"desc\":\"<a href=https:\\\/\\\/nunoa.cl\\\/nunoapanorama\\\/event\\\/quinta-exposicion-multiple-de-egresados-de-licenciatura-en-artes-visuales\\\/><img width=\\\"868\\\" height=\\\"864\\\" src=\\\"https:\\\/\\\/nunoa.cl\\\/nunoapanorama\\\/wp-content\\\/uploads\\\/2024\\\/01\\\/Captura-de-pantalla-2024-01-11-103602.jpg\\\" class=\\\"attachment-post-thumbnail size-post-thumbnail wp-post-image\\\" alt=\\\"\\\" srcset=\\\"https:\\\/\\\/nunoa.cl\\\/nunoapanorama\\\/wp-content\\\/uploads\\\/2024\\\/01\\\/Captura-de-pantalla-2024-01-11-103602.jpg 868w, https:\\\/\\\/nunoa.cl\\\/nunoapanorama\\\/wp-content\\\/uploads\\\/2024\\\/01\\\/Captura-de-pantalla-2024-01-11-103602-300x300.jpg 300w, https:\\\/\\\/nunoa.cl\\\/nunoapanorama\\\/wp-content\\\/uploads\\\/2024\\\/01\\\/Captura-de-pantalla-2024-01-11-103602-150x150.jpg 150w, https:\\\/\\\/nunoa.cl\\\/nunoapanorama\\\/wp-content\\\/uploads\\\/2024\\\/01\\\/Captura-de-pantalla-2024-01-11-103602-768x764.jpg 768w, https:\\\/\\\/nunoa.cl\\\/nunoapanorama\\\/wp-content\\\/uploads\\\/2024\\\/01\\\/Captura-de-pantalla-2024-01-11-103602-80x80.jpg 80w\\\" sizes=\\\"(max-width: 868px) 100vw, 868px\\\" \\\/><\\\/a><p><a href=https:\\\/\\\/nunoa.cl\\\/nunoapanorama\\\/event\\\/quinta-exposicion-multiple-de-egresados-de-licenciatura-en-artes-visuales\\\/>\\u201cQuinta\\u201d: Exposici\\u00f3n m\\u00faltiple de egresados de Licenciatura en Artes Visuales<\\\/a><\\\/p>\",\"special\":\"\"},{\"start\":\"2024-02-23 21:00\",\"end\":\"2024-02-23 23:00\",\"url\":\"https:\\\/\\\/nunoa.cl\\\/nunoapanorama\\\/event\\\/blues-attack-3\\\/\",\"title\":\"BLUES ATTACK 3 EN SALA RBX\",\"desc\":\"<a href=https:\\\/\\\/nunoa.cl\\\/nunoapanorama\\\/event\\\/blues-attack-3\\\/><img width=\\\"1000\\\" height=\\\"1000\\\" src=\\\"https:\\\/\\\/nunoa.cl\\\/nunoapanorama\\\/wp-content\\\/uploads\\\/2024\\\/02\\\/4054-1.jpg\\\" class=\\\"attachment-post-thumbnail size-post-thumbnail wp-post-image\\\" alt=\\\"\\\" srcset=\\\"https:\\\/\\\/nunoa.cl\\\/nunoapanorama\\\/wp-content\\\/uploads\\\/2024\\\/02\\\/4054-1.jpg 1000w, https:\\\/\\\/nunoa.cl\\\/nunoapanorama\\\/wp-content\\\/uploads\\\/2024\\\/02\\\/4054-1-300x300.jpg 300w, https:\\\/\\\/nunoa.cl\\\/nunoapanorama\\\/wp-content\\\/uploads\\\/2024\\\/02\\\/4054-1-150x150.jpg 150w, https:\\\/\\\/nunoa.cl\\\/nunoapanorama\\\/wp-content\\\/uploads\\\/2024\\\/02\\\/4054-1-768x768.jpg 768w, https:\\\/\\\/nunoa.cl\\\/nunoapanorama\\\/wp-content\\\/uploads\\\/2024\\\/02\\\/4054-1-500x500.jpg 500w, https:\\\/\\\/nunoa.cl\\\/nunoapanorama\\\/wp-content\\\/uploads\\\/2024\\\/02\\\/4054-1-80x80.jpg 80w\\\" sizes=\\\"(max-width: 1000px) 100vw, 1000px\\\" \\\/><\\\/a><p><a href=https:\\\/\\\/nunoa.cl\\\/nunoapanorama\\\/event\\\/blues-attack-3\\\/>BLUES ATTACK 3 EN SALA RBX<\\\/a><\\\/p>\",\"special\":\"checked\"},{\"start\":\"2024-02-13 19:30\",\"end\":\"2024-02-13 20:30\",\"url\":\"https:\\\/\\\/nunoa.cl\\\/nunoapanorama\\\/event\\\/do-re-mi-plaza-carla-gaete\\\/\",\"title\":\"Do Re Mi Plaza: Carla Gaete\",\"desc\":\"<a href=https:\\\/\\\/nunoa.cl\\\/nunoapanorama\\\/event\\\/do-re-mi-plaza-carla-gaete\\\/><img width=\\\"868\\\" height=\\\"869\\\" src=\\\"https:\\\/\\\/nunoa.cl\\\/nunoapanorama\\\/wp-content\\\/uploads\\\/2024\\\/02\\\/Captura-de-pantalla-2024-02-06-151338.jpg\\\" class=\\\"attachment-post-thumbnail size-post-thumbnail wp-post-image\\\" alt=\\\"\\\" srcset=\\\"https:\\\/\\\/nunoa.cl\\\/nunoapanorama\\\/wp-content\\\/uploads\\\/2024\\\/02\\\/Captura-de-pantalla-2024-02-06-151338.jpg 868w, https:\\\/\\\/nunoa.cl\\\/nunoapanorama\\\/wp-content\\\/uploads\\\/2024\\\/02\\\/Captura-de-pantalla-2024-02-06-151338-300x300.jpg 300w, https:\\\/\\\/nunoa.cl\\\/nunoapanorama\\\/wp-content\\\/uploads\\\/2024\\\/02\\\/Captura-de-pantalla-2024-02-06-151338-150x150.jpg 150w, https:\\\/\\\/nunoa.cl\\\/nunoapanorama\\\/wp-content\\\/uploads\\\/2024\\\/02\\\/Captura-de-pantalla-2024-02-06-151338-768x769.jpg 768w, https:\\\/\\\/nunoa.cl\\\/nunoapanorama\\\/wp-content\\\/uploads\\\/2024\\\/02\\\/Captura-de-pantalla-2024-02-06-151338-500x500.jpg 500w, https:\\\/\\\/nunoa.cl\\\/nunoapanorama\\\/wp-content\\\/uploads\\\/2024\\\/02\\\/Captura-de-pantalla-2024-02-06-151338-80x80.jpg 80w\\\" sizes=\\\"(max-width: 868px) 100vw, 868px\\\" \\\/><\\\/a><p><a href=https:\\\/\\\/nunoa.cl\\\/nunoapanorama\\\/event\\\/do-re-mi-plaza-carla-gaete\\\/>Do Re Mi Plaza: Carla Gaete<\\\/a><\\\/p>\",\"special\":\"\"},{\"start\":\"2024-02-20 19:30\",\"end\":\"2024-02-20 20:30\",\"url\":\"https:\\\/\\\/nunoa.cl\\\/nunoapanorama\\\/event\\\/do-re-mi-plaza-daniela-benito\\\/\",\"title\":\"Do Re Mi Plaza: Daniela Benito\",\"desc\":\"<a href=https:\\\/\\\/nunoa.cl\\\/nunoapanorama\\\/event\\\/do-re-mi-plaza-daniela-benito\\\/><img width=\\\"869\\\" height=\\\"872\\\" src=\\\"https:\\\/\\\/nunoa.cl\\\/nunoapanorama\\\/wp-content\\\/uploads\\\/2024\\\/02\\\/Captura-de-pantalla-2024-02-06-152656.jpg\\\" class=\\\"attachment-post-thumbnail size-post-thumbnail wp-post-image\\\" alt=\\\"\\\" srcset=\\\"https:\\\/\\\/nunoa.cl\\\/nunoapanorama\\\/wp-content\\\/uploads\\\/2024\\\/02\\\/Captura-de-pantalla-2024-02-06-152656.jpg 869w, https:\\\/\\\/nunoa.cl\\\/nunoapanorama\\\/wp-content\\\/uploads\\\/2024\\\/02\\\/Captura-de-pantalla-2024-02-06-152656-300x300.jpg 300w, https:\\\/\\\/nunoa.cl\\\/nunoapanorama\\\/wp-content\\\/uploads\\\/2024\\\/02\\\/Captura-de-pantalla-2024-02-06-152656-150x150.jpg 150w, https:\\\/\\\/nunoa.cl\\\/nunoapanorama\\\/wp-content\\\/uploads\\\/2024\\\/02\\\/Captura-de-pantalla-2024-02-06-152656-768x771.jpg 768w, https:\\\/\\\/nunoa.cl\\\/nunoapanorama\\\/wp-content\\\/uploads\\\/2024\\\/02\\\/Captura-de-pantalla-2024-02-06-152656-80x80.jpg 80w\\\" sizes=\\\"(max-width: 869px) 100vw, 869px\\\" \\\/><\\\/a><p><a href=https:\\\/\\\/nunoa.cl\\\/nunoapanorama\\\/event\\\/do-re-mi-plaza-daniela-benito\\\/>Do Re Mi Plaza: Daniela Benito<\\\/a><\\\/p>\",\"special\":\"\"},{\"start\":\"2024-02-06 19:30\",\"end\":\"2024-02-06 20:30\",\"url\":\"https:\\\/\\\/nunoa.cl\\\/nunoapanorama\\\/event\\\/do-re-mi-plaza-mario-rojas\\\/\",\"title\":\"Do Re Mi Plaza: Mario Rojas\",\"desc\":\"<a href=https:\\\/\\\/nunoa.cl\\\/nunoapanorama\\\/event\\\/do-re-mi-plaza-mario-rojas\\\/><img width=\\\"867\\\" height=\\\"868\\\" src=\\\"https:\\\/\\\/nunoa.cl\\\/nunoapanorama\\\/wp-content\\\/uploads\\\/2024\\\/02\\\/Captura-de-pantalla-2024-02-06-153604.jpg\\\" class=\\\"attachment-post-thumbnail size-post-thumbnail wp-post-image\\\" alt=\\\"\\\" srcset=\\\"https:\\\/\\\/nunoa.cl\\\/nunoapanorama\\\/wp-content\\\/uploads\\\/2024\\\/02\\\/Captura-de-pantalla-2024-02-06-153604.jpg 867w, https:\\\/\\\/nunoa.cl\\\/nunoapanorama\\\/wp-content\\\/uploads\\\/2024\\\/02\\\/Captura-de-pantalla-2024-02-06-153604-300x300.jpg 300w, https:\\\/\\\/nunoa.cl\\\/nunoapanorama\\\/wp-content\\\/uploads\\\/2024\\\/02\\\/Captura-de-pantalla-2024-02-06-153604-150x150.jpg 150w, https:\\\/\\\/nunoa.cl\\\/nunoapanorama\\\/wp-content\\\/uploads\\\/2024\\\/02\\\/Captura-de-pantalla-2024-02-06-153604-768x769.jpg 768w, https:\\\/\\\/nunoa.cl\\\/nunoapanorama\\\/wp-content\\\/uploads\\\/2024\\\/02\\\/Captura-de-pantalla-2024-02-06-153604-500x500.jpg 500w, https:\\\/\\\/nunoa.cl\\\/nunoapanorama\\\/wp-content\\\/uploads\\\/2024\\\/02\\\/Captura-de-pantalla-2024-02-06-153604-80x80.jpg 80w\\\" sizes=\\\"(max-width: 867px) 100vw, 867px\\\" \\\/><\\\/a><p><a href=https:\\\/\\\/nunoa.cl\\\/nunoapanorama\\\/event\\\/do-re-mi-plaza-mario-rojas\\\/>Do Re Mi Plaza: Mario Rojas<\\\/a><\\\/p>\",\"special\":\"\"},{\"start\":\"2024-02-09 18:00\",\"end\":\"2024-02-11 22:00\",\"url\":\"https:\\\/\\\/nunoa.cl\\\/nunoapanorama\\\/event\\\/festival-de-la-comedia\\\/\",\"title\":\"Festival De La Comedia\\\/cambio de fecha\",\"desc\":\"<a href=https:\\\/\\\/nunoa.cl\\\/nunoapanorama\\\/event\\\/festival-de-la-comedia\\\/><img width=\\\"869\\\" height=\\\"870\\\" src=\\\"https:\\\/\\\/nunoa.cl\\\/nunoapanorama\\\/wp-content\\\/uploads\\\/2024\\\/02\\\/Captura-de-pantalla-2024-02-08-094125.jpg\\\" class=\\\"attachment-post-thumbnail size-post-thumbnail wp-post-image\\\" alt=\\\"\\\" srcset=\\\"https:\\\/\\\/nunoa.cl\\\/nunoapanorama\\\/wp-content\\\/uploads\\\/2024\\\/02\\\/Captura-de-pantalla-2024-02-08-094125.jpg 869w, https:\\\/\\\/nunoa.cl\\\/nunoapanorama\\\/wp-content\\\/uploads\\\/2024\\\/02\\\/Captura-de-pantalla-2024-02-08-094125-300x300.jpg 300w, https:\\\/\\\/nunoa.cl\\\/nunoapanorama\\\/wp-content\\\/uploads\\\/2024\\\/02\\\/Captura-de-pantalla-2024-02-08-094125-150x150.jpg 150w, https:\\\/\\\/nunoa.cl\\\/nunoapanorama\\\/wp-content\\\/uploads\\\/2024\\\/02\\\/Captura-de-pantalla-2024-02-08-094125-768x769.jpg 768w, https:\\\/\\\/nunoa.cl\\\/nunoapanorama\\\/wp-content\\\/uploads\\\/2024\\\/02\\\/Captura-de-pantalla-2024-02-08-094125-500x500.jpg 500w, https:\\\/\\\/nunoa.cl\\\/nunoapanorama\\\/wp-content\\\/uploads\\\/2024\\\/02\\\/Captura-de-pantalla-2024-02-08-094125-80x80.jpg 80w\\\" sizes=\\\"(max-width: 869px) 100vw, 869px\\\" \\\/><\\\/a><p><a href=https:\\\/\\\/nunoa.cl\\\/nunoapanorama\\\/event\\\/festival-de-la-comedia\\\/>Festival De La Comedia\\\/cambio de fecha<\\\/a><\\\/p>\",\"special\":\"\"},{\"start\":\"2024-02-07 20:00\",\"end\":\"2024-02-28 22:00\",\"url\":\"https:\\\/\\\/nunoa.cl\\\/nunoapanorama\\\/event\\\/cine-en-ruta-funciones-de-cine-al-aire-libre\\\/\",\"title\":\"&#8220;Cine En Ruta&#8221; funciones de cine al aire libre\",\"desc\":\"<a href=https:\\\/\\\/nunoa.cl\\\/nunoapanorama\\\/event\\\/cine-en-ruta-funciones-de-cine-al-aire-libre\\\/><img width=\\\"869\\\" height=\\\"868\\\" src=\\\"https:\\\/\\\/nunoa.cl\\\/nunoapanorama\\\/wp-content\\\/uploads\\\/2024\\\/02\\\/Captura-de-pantalla-2024-02-07-112352.jpg\\\" class=\\\"attachment-post-thumbnail size-post-thumbnail wp-post-image\\\" alt=\\\"\\\" srcset=\\\"https:\\\/\\\/nunoa.cl\\\/nunoapanorama\\\/wp-content\\\/uploads\\\/2024\\\/02\\\/Captura-de-pantalla-2024-02-07-112352.jpg 869w, https:\\\/\\\/nunoa.cl\\\/nunoapanorama\\\/wp-content\\\/uploads\\\/2024\\\/02\\\/Captura-de-pantalla-2024-02-07-112352-300x300.jpg 300w, https:\\\/\\\/nunoa.cl\\\/nunoapanorama\\\/wp-content\\\/uploads\\\/2024\\\/02\\\/Captura-de-pantalla-2024-02-07-112352-150x150.jpg 150w, https:\\\/\\\/nunoa.cl\\\/nunoapanorama\\\/wp-content\\\/uploads\\\/2024\\\/02\\\/Captura-de-pantalla-2024-02-07-112352-768x767.jpg 768w, https:\\\/\\\/nunoa.cl\\\/nunoapanorama\\\/wp-content\\\/uploads\\\/2024\\\/02\\\/Captura-de-pantalla-2024-02-07-112352-500x500.jpg 500w, https:\\\/\\\/nunoa.cl\\\/nunoapanorama\\\/wp-content\\\/uploads\\\/2024\\\/02\\\/Captura-de-pantalla-2024-02-07-112352-80x80.jpg 80w\\\" sizes=\\\"(max-width: 869px) 100vw, 869px\\\" \\\/><\\\/a><p><a href=https:\\\/\\\/nunoa.cl\\\/nunoapanorama\\\/event\\\/cine-en-ruta-funciones-de-cine-al-aire-libre\\\/>&#8220;Cine En Ruta&#8221; funciones de cine al aire libre<\\\/a><\\\/p>\",\"special\":\"\"},{\"start\":\"2024-02-10 11:00\",\"end\":\"2024-02-10 12:00\",\"url\":\"https:\\\/\\\/nunoa.cl\\\/nunoapanorama\\\/event\\\/cuentacuentos-del-libro-album-de-donde-vienen-las-ideas\\\/\",\"title\":\"Cuentacuentos del Libro \\u00c1lbum \\u201c\\u00bfDe d\\u00f3nde vienen las ideas?\\u201d\",\"desc\":\"<a href=https:\\\/\\\/nunoa.cl\\\/nunoapanorama\\\/event\\\/cuentacuentos-del-libro-album-de-donde-vienen-las-ideas\\\/><img width=\\\"867\\\" height=\\\"866\\\" src=\\\"https:\\\/\\\/nunoa.cl\\\/nunoapanorama\\\/wp-content\\\/uploads\\\/2024\\\/02\\\/Captura-de-pantalla-2024-02-07-132403.jpg\\\" class=\\\"attachment-post-thumbnail size-post-thumbnail wp-post-image\\\" alt=\\\"\\\" srcset=\\\"https:\\\/\\\/nunoa.cl\\\/nunoapanorama\\\/wp-content\\\/uploads\\\/2024\\\/02\\\/Captura-de-pantalla-2024-02-07-132403.jpg 867w, https:\\\/\\\/nunoa.cl\\\/nunoapanorama\\\/wp-content\\\/uploads\\\/2024\\\/02\\\/Captura-de-pantalla-2024-02-07-132403-300x300.jpg 300w, https:\\\/\\\/nunoa.cl\\\/nunoapanorama\\\/wp-content\\\/uploads\\\/2024\\\/02\\\/Captura-de-pantalla-2024-02-07-132403-150x150.jpg 150w, https:\\\/\\\/nunoa.cl\\\/nunoapanorama\\\/wp-content\\\/uploads\\\/2024\\\/02\\\/Captura-de-pantalla-2024-02-07-132403-768x767.jpg 768w, https:\\\/\\\/nunoa.cl\\\/nunoapanorama\\\/wp-content\\\/uploads\\\/2024\\\/02\\\/Captura-de-pantalla-2024-02-07-132403-500x500.jpg 500w, https:\\\/\\\/nunoa.cl\\\/nunoapanorama\\\/wp-content\\\/uploads\\\/2024\\\/02\\\/Captura-de-pantalla-2024-02-07-132403-80x80.jpg 80w\\\" sizes=\\\"(max-width: 867px) 100vw, 867px\\\" \\\/><\\\/a><p><a href=https:\\\/\\\/nunoa.cl\\\/nunoapanorama\\\/event\\\/cuentacuentos-del-libro-album-de-donde-vienen-las-ideas\\\/>Cuentacuentos del Libro \\u00c1lbum \\u201c\\u00bfDe d\\u00f3nde vienen las ideas?\\u201d<\\\/a><\\\/p>\",\"special\":\"\"},{\"start\":\"2024-02-17 11:00\",\"end\":\"2024-02-17 12:00\",\"url\":\"https:\\\/\\\/nunoa.cl\\\/nunoapanorama\\\/event\\\/cuentacuentos-agua\\\/\",\"title\":\"Cuentacuentos: &#8220;Agua&#8221;\",\"desc\":\"<a href=https:\\\/\\\/nunoa.cl\\\/nunoapanorama\\\/event\\\/cuentacuentos-agua\\\/><img width=\\\"867\\\" height=\\\"869\\\" src=\\\"https:\\\/\\\/nunoa.cl\\\/nunoapanorama\\\/wp-content\\\/uploads\\\/2024\\\/02\\\/Captura-de-pantalla-2024-02-15-155205.jpg\\\" class=\\\"attachment-post-thumbnail size-post-thumbnail wp-post-image\\\" alt=\\\"\\\" srcset=\\\"https:\\\/\\\/nunoa.cl\\\/nunoapanorama\\\/wp-content\\\/uploads\\\/2024\\\/02\\\/Captura-de-pantalla-2024-02-15-155205.jpg 867w, https:\\\/\\\/nunoa.cl\\\/nunoapanorama\\\/wp-content\\\/uploads\\\/2024\\\/02\\\/Captura-de-pantalla-2024-02-15-155205-300x300.jpg 300w, https:\\\/\\\/nunoa.cl\\\/nunoapanorama\\\/wp-content\\\/uploads\\\/2024\\\/02\\\/Captura-de-pantalla-2024-02-15-155205-150x150.jpg 150w, https:\\\/\\\/nunoa.cl\\\/nunoapanorama\\\/wp-content\\\/uploads\\\/2024\\\/02\\\/Captura-de-pantalla-2024-02-15-155205-768x770.jpg 768w, https:\\\/\\\/nunoa.cl\\\/nunoapanorama\\\/wp-content\\\/uploads\\\/2024\\\/02\\\/Captura-de-pantalla-2024-02-15-155205-500x500.jpg 500w, https:\\\/\\\/nunoa.cl\\\/nunoapanorama\\\/wp-content\\\/uploads\\\/2024\\\/02\\\/Captura-de-pantalla-2024-02-15-155205-80x80.jpg 80w\\\" sizes=\\\"(max-width: 867px) 100vw, 867px\\\" \\\/><\\\/a><p><a href=https:\\\/\\\/nunoa.cl\\\/nunoapanorama\\\/event\\\/cuentacuentos-agua\\\/>Cuentacuentos: &#8220;Agua&#8221;<\\\/a><\\\/p>\",\"special\":\"\"},{\"start\":\"2024-02-23 19:30\",\"end\":\"2024-02-23 21:30\",\"url\":\"https:\\\/\\\/nunoa.cl\\\/nunoapanorama\\\/event\\\/cine-estreno-los-colonos\\\/\",\"title\":\"Cine Estreno: &#8220;Los Colonos&#8221;\",\"desc\":\"<a href=https:\\\/\\\/nunoa.cl\\\/nunoapanorama\\\/event\\\/cine-estreno-los-colonos\\\/><img width=\\\"768\\\" height=\\\"512\\\" src=\\\"https:\\\/\\\/nunoa.cl\\\/nunoapanorama\\\/wp-content\\\/uploads\\\/2024\\\/02\\\/los-colonos-1-c-quijote-films-and-rei-cine-768x512-1.jpg\\\" class=\\\"attachment-post-thumbnail size-post-thumbnail wp-post-image\\\" alt=\\\"\\\" srcset=\\\"https:\\\/\\\/nunoa.cl\\\/nunoapanorama\\\/wp-content\\\/uploads\\\/2024\\\/02\\\/los-colonos-1-c-quijote-films-and-rei-cine-768x512-1.jpg 768w, https:\\\/\\\/nunoa.cl\\\/nunoapanorama\\\/wp-content\\\/uploads\\\/2024\\\/02\\\/los-colonos-1-c-quijote-films-and-rei-cine-768x512-1-300x200.jpg 300w\\\" sizes=\\\"(max-width: 768px) 100vw, 768px\\\" \\\/><\\\/a><p><a href=https:\\\/\\\/nunoa.cl\\\/nunoapanorama\\\/event\\\/cine-estreno-los-colonos\\\/>Cine Estreno: &#8220;Los Colonos&#8221;<\\\/a><\\\/p>\",\"special\":\"\"},{\"start\":\"2024-02-29 17:00\",\"end\":\"2024-03-03 22:00\",\"url\":\"https:\\\/\\\/nunoa.cl\\\/nunoapanorama\\\/event\\\/3ra-edicion-del-festival-internacional-del-libro-y-la-lectura-de-nunoa-fill2024\\\/\",\"title\":\"3ra edici\\u00f3n del Festival Internacional del Libro y la lectura de \\u00d1u\\u00f1oa FILL2024\",\"desc\":\"<a href=https:\\\/\\\/nunoa.cl\\\/nunoapanorama\\\/event\\\/3ra-edicion-del-festival-internacional-del-libro-y-la-lectura-de-nunoa-fill2024\\\/><img width=\\\"867\\\" height=\\\"868\\\" src=\\\"https:\\\/\\\/nunoa.cl\\\/nunoapanorama\\\/wp-content\\\/uploads\\\/2024\\\/02\\\/Captura-de-pantalla-2024-02-27-124327.jpg\\\" class=\\\"attachment-post-thumbnail size-post-thumbnail wp-post-image\\\" alt=\\\"\\\" srcset=\\\"https:\\\/\\\/nunoa.cl\\\/nunoapanorama\\\/wp-content\\\/uploads\\\/2024\\\/02\\\/Captura-de-pantalla-2024-02-27-124327.jpg 867w, https:\\\/\\\/nunoa.cl\\\/nunoapanorama\\\/wp-content\\\/uploads\\\/2024\\\/02\\\/Captura-de-pantalla-2024-02-27-124327-300x300.jpg 300w, https:\\\/\\\/nunoa.cl\\\/nunoapanorama\\\/wp-content\\\/uploads\\\/2024\\\/02\\\/Captura-de-pantalla-2024-02-27-124327-150x150.jpg 150w, https:\\\/\\\/nunoa.cl\\\/nunoapanorama\\\/wp-content\\\/uploads\\\/2024\\\/02\\\/Captura-de-pantalla-2024-02-27-124327-768x769.jpg 768w, https:\\\/\\\/nunoa.cl\\\/nunoapanorama\\\/wp-content\\\/uploads\\\/2024\\\/02\\\/Captura-de-pantalla-2024-02-27-124327-500x500.jpg 500w, https:\\\/\\\/nunoa.cl\\\/nunoapanorama\\\/wp-content\\\/uploads\\\/2024\\\/02\\\/Captura-de-pantalla-2024-02-27-124327-80x80.jpg 80w\\\" sizes=\\\"(max-width: 867px) 100vw, 867px\\\" \\\/><\\\/a><p><a href=https:\\\/\\\/nunoa.cl\\\/nunoapanorama\\\/event\\\/3ra-edicion-del-festival-internacional-del-libro-y-la-lectura-de-nunoa-fill2024\\\/>3ra edici\\u00f3n del Festival Internacional del Libro y la lectura de \\u00d1u\\u00f1oa FILL2024<\\\/a><\\\/p>\",\"special\":\"\"},{\"start\":\"2024-03-09 19:30\",\"end\":\"2024-03-09 21:00\",\"url\":\"https:\\\/\\\/nunoa.cl\\\/nunoapanorama\\\/event\\\/conmemoracion-8m-miradas-de-jovenes-cineastas-cineforo\\\/\",\"title\":\"Conmemoraci\\u00f3n 8M: Miradas de j\\u00f3venes cineastas + Cineforo\",\"desc\":\"<a href=https:\\\/\\\/nunoa.cl\\\/nunoapanorama\\\/event\\\/conmemoracion-8m-miradas-de-jovenes-cineastas-cineforo\\\/><img width=\\\"1400\\\" height=\\\"600\\\" src=\\\"https:\\\/\\\/nunoa.cl\\\/nunoapanorama\\\/wp-content\\\/uploads\\\/2024\\\/03\\\/still_larabia_web-1.jpg\\\" class=\\\"attachment-post-thumbnail size-post-thumbnail wp-post-image\\\" alt=\\\"\\\" srcset=\\\"https:\\\/\\\/nunoa.cl\\\/nunoapanorama\\\/wp-content\\\/uploads\\\/2024\\\/03\\\/still_larabia_web-1.jpg 1400w, https:\\\/\\\/nunoa.cl\\\/nunoapanorama\\\/wp-content\\\/uploads\\\/2024\\\/03\\\/still_larabia_web-1-300x129.jpg 300w, https:\\\/\\\/nunoa.cl\\\/nunoapanorama\\\/wp-content\\\/uploads\\\/2024\\\/03\\\/still_larabia_web-1-1024x439.jpg 1024w, https:\\\/\\\/nunoa.cl\\\/nunoapanorama\\\/wp-content\\\/uploads\\\/2024\\\/03\\\/still_larabia_web-1-768x329.jpg 768w\\\" sizes=\\\"(max-width: 1400px) 100vw, 1400px\\\" \\\/><\\\/a><p><a href=https:\\\/\\\/nunoa.cl\\\/nunoapanorama\\\/event\\\/conmemoracion-8m-miradas-de-jovenes-cineastas-cineforo\\\/>Conmemoraci\\u00f3n 8M: Miradas de j\\u00f3venes cineastas + Cineforo<\\\/a><\\\/p>\",\"special\":\"\"},{\"start\":\"2024-03-09 20:30\",\"end\":\"2024-03-09 22:00\",\"url\":\"https:\\\/\\\/nunoa.cl\\\/nunoapanorama\\\/event\\\/obra-el-vuelo-de-laura\\\/\",\"title\":\"Obra \\u201cEl Vuelo de Laura\\u201d\",\"desc\":\"<a href=https:\\\/\\\/nunoa.cl\\\/nunoapanorama\\\/event\\\/obra-el-vuelo-de-laura\\\/><img width=\\\"867\\\" height=\\\"867\\\" src=\\\"https:\\\/\\\/nunoa.cl\\\/nunoapanorama\\\/wp-content\\\/uploads\\\/2024\\\/03\\\/Captura-de-pantalla-2024-03-05-103928.jpg\\\" class=\\\"attachment-post-thumbnail size-post-thumbnail wp-post-image\\\" alt=\\\"\\\" srcset=\\\"https:\\\/\\\/nunoa.cl\\\/nunoapanorama\\\/wp-content\\\/uploads\\\/2024\\\/03\\\/Captura-de-pantalla-2024-03-05-103928.jpg 867w, https:\\\/\\\/nunoa.cl\\\/nunoapanorama\\\/wp-content\\\/uploads\\\/2024\\\/03\\\/Captura-de-pantalla-2024-03-05-103928-300x300.jpg 300w, https:\\\/\\\/nunoa.cl\\\/nunoapanorama\\\/wp-content\\\/uploads\\\/2024\\\/03\\\/Captura-de-pantalla-2024-03-05-103928-150x150.jpg 150w, https:\\\/\\\/nunoa.cl\\\/nunoapanorama\\\/wp-content\\\/uploads\\\/2024\\\/03\\\/Captura-de-pantalla-2024-03-05-103928-768x768.jpg 768w, https:\\\/\\\/nunoa.cl\\\/nunoapanorama\\\/wp-content\\\/uploads\\\/2024\\\/03\\\/Captura-de-pantalla-2024-03-05-103928-500x500.jpg 500w, https:\\\/\\\/nunoa.cl\\\/nunoapanorama\\\/wp-content\\\/uploads\\\/2024\\\/03\\\/Captura-de-pantalla-2024-03-05-103928-80x80.jpg 80w\\\" sizes=\\\"(max-width: 867px) 100vw, 867px\\\" \\\/><\\\/a><p><a href=https:\\\/\\\/nunoa.cl\\\/nunoapanorama\\\/event\\\/obra-el-vuelo-de-laura\\\/>Obra \\u201cEl Vuelo de Laura\\u201d<\\\/a><\\\/p>\",\"special\":\"\"},{\"start\":\"2024-03-06 19:00\",\"end\":\"2024-03-27 21:00\",\"url\":\"https:\\\/\\\/nunoa.cl\\\/nunoapanorama\\\/event\\\/cineclub-temores-escolares\\\/\",\"title\":\"CineClub: \\u00abTemores Escolares \\u00bb\",\"desc\":\"<a href=https:\\\/\\\/nunoa.cl\\\/nunoapanorama\\\/event\\\/cineclub-temores-escolares\\\/><img width=\\\"866\\\" height=\\\"869\\\" src=\\\"https:\\\/\\\/nunoa.cl\\\/nunoapanorama\\\/wp-content\\\/uploads\\\/2024\\\/03\\\/Captura-de-pantalla-2024-03-05-104725-e1709647108261.jpg\\\" class=\\\"attachment-post-thumbnail size-post-thumbnail wp-post-image\\\" alt=\\\"\\\" srcset=\\\"https:\\\/\\\/nunoa.cl\\\/nunoapanorama\\\/wp-content\\\/uploads\\\/2024\\\/03\\\/Captura-de-pantalla-2024-03-05-104725-e1709647108261.jpg 866w, https:\\\/\\\/nunoa.cl\\\/nunoapanorama\\\/wp-content\\\/uploads\\\/2024\\\/03\\\/Captura-de-pantalla-2024-03-05-104725-e1709647108261-300x300.jpg 300w, https:\\\/\\\/nunoa.cl\\\/nunoapanorama\\\/wp-content\\\/uploads\\\/2024\\\/03\\\/Captura-de-pantalla-2024-03-05-104725-e1709647108261-150x150.jpg 150w, https:\\\/\\\/nunoa.cl\\\/nunoapanorama\\\/wp-content\\\/uploads\\\/2024\\\/03\\\/Captura-de-pantalla-2024-03-05-104725-e1709647108261-768x771.jpg 768w, https:\\\/\\\/nunoa.cl\\\/nunoapanorama\\\/wp-content\\\/uploads\\\/2024\\\/03\\\/Captura-de-pantalla-2024-03-05-104725-e1709647108261-80x80.jpg 80w\\\" sizes=\\\"(max-width: 866px) 100vw, 866px\\\" \\\/><\\\/a><p><a href=https:\\\/\\\/nunoa.cl\\\/nunoapanorama\\\/event\\\/cineclub-temores-escolares\\\/>CineClub: \\u00abTemores Escolares \\u00bb<\\\/a><\\\/p>\",\"special\":\"\"},{\"start\":\"2024-03-09 18:00\",\"end\":\"2024-03-09 19:00\",\"url\":\"https:\\\/\\\/nunoa.cl\\\/nunoapanorama\\\/event\\\/diego-lorenzini-y-simon-campusano-en-santiago-aula-magna-manuel-de-salas\\\/\",\"title\":\"DIEGO LORENZINI Y SIMON CAMPUSANO EN SANTIAGO &#8211; AULA MAGNA MANUEL DE SALAS\",\"desc\":\"<a href=https:\\\/\\\/nunoa.cl\\\/nunoapanorama\\\/event\\\/diego-lorenzini-y-simon-campusano-en-santiago-aula-magna-manuel-de-salas\\\/><img width=\\\"1000\\\" height=\\\"1000\\\" src=\\\"https:\\\/\\\/nunoa.cl\\\/nunoapanorama\\\/wp-content\\\/uploads\\\/2024\\\/03\\\/3968.jpg\\\" class=\\\"attachment-post-thumbnail size-post-thumbnail wp-post-image\\\" alt=\\\"\\\" srcset=\\\"https:\\\/\\\/nunoa.cl\\\/nunoapanorama\\\/wp-content\\\/uploads\\\/2024\\\/03\\\/3968.jpg 1000w, https:\\\/\\\/nunoa.cl\\\/nunoapanorama\\\/wp-content\\\/uploads\\\/2024\\\/03\\\/3968-300x300.jpg 300w, https:\\\/\\\/nunoa.cl\\\/nunoapanorama\\\/wp-content\\\/uploads\\\/2024\\\/03\\\/3968-150x150.jpg 150w, https:\\\/\\\/nunoa.cl\\\/nunoapanorama\\\/wp-content\\\/uploads\\\/2024\\\/03\\\/3968-768x768.jpg 768w, https:\\\/\\\/nunoa.cl\\\/nunoapanorama\\\/wp-content\\\/uploads\\\/2024\\\/03\\\/3968-500x500.jpg 500w, https:\\\/\\\/nunoa.cl\\\/nunoapanorama\\\/wp-content\\\/uploads\\\/2024\\\/03\\\/3968-80x80.jpg 80w\\\" sizes=\\\"(max-width: 1000px) 100vw, 1000px\\\" \\\/><\\\/a><p><a href=https:\\\/\\\/nunoa.cl\\\/nunoapanorama\\\/event\\\/diego-lorenzini-y-simon-campusano-en-santiago-aula-magna-manuel-de-salas\\\/>DIEGO LORENZINI Y SIMON CAMPUSANO EN SANTIAGO &#8211; AULA MAGNA MANUEL DE SALAS<\\\/a><\\\/p>\",\"special\":\"checked\"},{\"start\":\"2024-03-19 10:00\",\"end\":\"2024-05-28 18:00\",\"url\":\"https:\\\/\\\/nunoa.cl\\\/nunoapanorama\\\/event\\\/muestra-modelar-la-imagen-propia-guitarreras-de-quinchamali\\\/\",\"title\":\"Muestra \\u201cModelar la Imagen Propia: Guitarreras de Quinchamal\\u00ed&#8221;\",\"desc\":\"<a href=https:\\\/\\\/nunoa.cl\\\/nunoapanorama\\\/event\\\/muestra-modelar-la-imagen-propia-guitarreras-de-quinchamali\\\/><img width=\\\"868\\\" height=\\\"867\\\" src=\\\"https:\\\/\\\/nunoa.cl\\\/nunoapanorama\\\/wp-content\\\/uploads\\\/2024\\\/04\\\/Captura-de-pantalla-2024-03-13-152046.jpg\\\" class=\\\"attachment-post-thumbnail size-post-thumbnail wp-post-image\\\" alt=\\\"\\\" srcset=\\\"https:\\\/\\\/nunoa.cl\\\/nunoapanorama\\\/wp-content\\\/uploads\\\/2024\\\/04\\\/Captura-de-pantalla-2024-03-13-152046.jpg 868w, https:\\\/\\\/nunoa.cl\\\/nunoapanorama\\\/wp-content\\\/uploads\\\/2024\\\/04\\\/Captura-de-pantalla-2024-03-13-152046-300x300.jpg 300w, https:\\\/\\\/nunoa.cl\\\/nunoapanorama\\\/wp-content\\\/uploads\\\/2024\\\/04\\\/Captura-de-pantalla-2024-03-13-152046-150x150.jpg 150w, https:\\\/\\\/nunoa.cl\\\/nunoapanorama\\\/wp-content\\\/uploads\\\/2024\\\/04\\\/Captura-de-pantalla-2024-03-13-152046-768x767.jpg 768w, https:\\\/\\\/nunoa.cl\\\/nunoapanorama\\\/wp-content\\\/uploads\\\/2024\\\/04\\\/Captura-de-pantalla-2024-03-13-152046-500x500.jpg 500w, https:\\\/\\\/nunoa.cl\\\/nunoapanorama\\\/wp-content\\\/uploads\\\/2024\\\/04\\\/Captura-de-pantalla-2024-03-13-152046-80x80.jpg 80w\\\" sizes=\\\"(max-width: 868px) 100vw, 868px\\\" \\\/><\\\/a><p><a href=https:\\\/\\\/nunoa.cl\\\/nunoapanorama\\\/event\\\/muestra-modelar-la-imagen-propia-guitarreras-de-quinchamali\\\/>Muestra \\u201cModelar la Imagen Propia: Guitarreras de Quinchamal\\u00ed&#8221;<\\\/a><\\\/p>\",\"special\":\"\"},{\"start\":\"2024-04-01 18:00\",\"end\":\"2024-04-29 20:00\",\"url\":\"https:\\\/\\\/nunoa.cl\\\/nunoapanorama\\\/event\\\/pedro-chaskel-1932-2024-homenaje-desde-la-universidad-de-chile\\\/\",\"title\":\"&#8220;Pedro Chaskel (1932-2024), Homenaje desde la Universidad de Chile\\u201d\",\"desc\":\"<a href=https:\\\/\\\/nunoa.cl\\\/nunoapanorama\\\/event\\\/pedro-chaskel-1932-2024-homenaje-desde-la-universidad-de-chile\\\/><img width=\\\"866\\\" height=\\\"869\\\" src=\\\"https:\\\/\\\/nunoa.cl\\\/nunoapanorama\\\/wp-content\\\/uploads\\\/2024\\\/04\\\/Captura-de-pantalla-2024-04-12-110622.jpg\\\" class=\\\"attachment-post-thumbnail size-post-thumbnail wp-post-image\\\" alt=\\\"\\\" srcset=\\\"https:\\\/\\\/nunoa.cl\\\/nunoapanorama\\\/wp-content\\\/uploads\\\/2024\\\/04\\\/Captura-de-pantalla-2024-04-12-110622.jpg 866w, https:\\\/\\\/nunoa.cl\\\/nunoapanorama\\\/wp-content\\\/uploads\\\/2024\\\/04\\\/Captura-de-pantalla-2024-04-12-110622-300x300.jpg 300w, https:\\\/\\\/nunoa.cl\\\/nunoapanorama\\\/wp-content\\\/uploads\\\/2024\\\/04\\\/Captura-de-pantalla-2024-04-12-110622-150x150.jpg 150w, https:\\\/\\\/nunoa.cl\\\/nunoapanorama\\\/wp-content\\\/uploads\\\/2024\\\/04\\\/Captura-de-pantalla-2024-04-12-110622-768x771.jpg 768w, https:\\\/\\\/nunoa.cl\\\/nunoapanorama\\\/wp-content\\\/uploads\\\/2024\\\/04\\\/Captura-de-pantalla-2024-04-12-110622-80x80.jpg 80w\\\" sizes=\\\"(max-width: 866px) 100vw, 866px\\\" \\\/><\\\/a><p><a href=https:\\\/\\\/nunoa.cl\\\/nunoapanorama\\\/event\\\/pedro-chaskel-1932-2024-homenaje-desde-la-universidad-de-chile\\\/>&#8220;Pedro Chaskel (1932-2024), Homenaje desde la Universidad de Chile\\u201d<\\\/a><\\\/p>\",\"special\":\"\"},{\"start\":\"2024-05-23 10:00\",\"end\":\"2024-05-25 13:30\",\"url\":\"https:\\\/\\\/nunoa.cl\\\/nunoapanorama\\\/event\\\/educacion-publica-patrimonio-de-chile\\\/\",\"title\":\"Educaci\\u00f3n P\\u00fablica: patrimonio de Chile\",\"desc\":\"<a href=https:\\\/\\\/nunoa.cl\\\/nunoapanorama\\\/event\\\/educacion-publica-patrimonio-de-chile\\\/><img width=\\\"869\\\" height=\\\"867\\\" src=\\\"https:\\\/\\\/nunoa.cl\\\/nunoapanorama\\\/wp-content\\\/uploads\\\/2024\\\/05\\\/Captura-de-pantalla-2024-05-17-105836.jpg\\\" class=\\\"attachment-post-thumbnail size-post-thumbnail wp-post-image\\\" alt=\\\"\\\" srcset=\\\"https:\\\/\\\/nunoa.cl\\\/nunoapanorama\\\/wp-content\\\/uploads\\\/2024\\\/05\\\/Captura-de-pantalla-2024-05-17-105836.jpg 869w, https:\\\/\\\/nunoa.cl\\\/nunoapanorama\\\/wp-content\\\/uploads\\\/2024\\\/05\\\/Captura-de-pantalla-2024-05-17-105836-300x300.jpg 300w, https:\\\/\\\/nunoa.cl\\\/nunoapanorama\\\/wp-content\\\/uploads\\\/2024\\\/05\\\/Captura-de-pantalla-2024-05-17-105836-150x150.jpg 150w, https:\\\/\\\/nunoa.cl\\\/nunoapanorama\\\/wp-content\\\/uploads\\\/2024\\\/05\\\/Captura-de-pantalla-2024-05-17-105836-768x766.jpg 768w, https:\\\/\\\/nunoa.cl\\\/nunoapanorama\\\/wp-content\\\/uploads\\\/2024\\\/05\\\/Captura-de-pantalla-2024-05-17-105836-500x500.jpg 500w, https:\\\/\\\/nunoa.cl\\\/nunoapanorama\\\/wp-content\\\/uploads\\\/2024\\\/05\\\/Captura-de-pantalla-2024-05-17-105836-80x80.jpg 80w\\\" sizes=\\\"(max-width: 869px) 100vw, 869px\\\" \\\/><\\\/a><p><a href=https:\\\/\\\/nunoa.cl\\\/nunoapanorama\\\/event\\\/educacion-publica-patrimonio-de-chile\\\/>Educaci\\u00f3n P\\u00fablica: patrimonio de Chile<\\\/a><\\\/p>\",\"special\":\"\"},{\"start\":\"2024-07-24 10:00\",\"end\":\"2024-08-10 17:00\",\"url\":\"https:\\\/\\\/nunoa.cl\\\/nunoapanorama\\\/event\\\/exposicion-cartografias-de-la-desaparicion-y-chusca\\\/\",\"title\":\"Exposici\\u00f3n: \\u201cCartograf\\u00edas de la desaparici\\u00f3n\\u201d y \\u201cChusca\\u201d\",\"desc\":\"<a href=https:\\\/\\\/nunoa.cl\\\/nunoapanorama\\\/event\\\/exposicion-cartografias-de-la-desaparicion-y-chusca\\\/><img width=\\\"844\\\" height=\\\"809\\\" src=\\\"https:\\\/\\\/nunoa.cl\\\/nunoapanorama\\\/wp-content\\\/uploads\\\/2024\\\/05\\\/Captura-de-pantalla-2024-05-16-113822-e1721747820861.jpg\\\" class=\\\"attachment-post-thumbnail size-post-thumbnail wp-post-image\\\" alt=\\\"\\\" srcset=\\\"https:\\\/\\\/nunoa.cl\\\/nunoapanorama\\\/wp-content\\\/uploads\\\/2024\\\/05\\\/Captura-de-pantalla-2024-05-16-113822-e1721747820861.jpg 844w, https:\\\/\\\/nunoa.cl\\\/nunoapanorama\\\/wp-content\\\/uploads\\\/2024\\\/05\\\/Captura-de-pantalla-2024-05-16-113822-e1721747820861-300x288.jpg 300w, https:\\\/\\\/nunoa.cl\\\/nunoapanorama\\\/wp-content\\\/uploads\\\/2024\\\/05\\\/Captura-de-pantalla-2024-05-16-113822-e1721747820861-768x736.jpg 768w\\\" sizes=\\\"(max-width: 844px) 100vw, 844px\\\" \\\/><\\\/a><p><a href=https:\\\/\\\/nunoa.cl\\\/nunoapanorama\\\/event\\\/exposicion-cartografias-de-la-desaparicion-y-chusca\\\/>Exposici\\u00f3n: \\u201cCartograf\\u00edas de la desaparici\\u00f3n\\u201d y \\u201cChusca\\u201d<\\\/a><\\\/p>\",\"special\":\"\"},{\"start\":\"2024-06-12 19:00\",\"end\":\"2024-06-12 21:00\",\"url\":\"https:\\\/\\\/nunoa.cl\\\/nunoapanorama\\\/event\\\/obra-de-teatro-la-ciudad-sin-ti\\\/\",\"title\":\"Obra de Teatro: \\u201cLa Ciudad Sin Ti\\u201d\",\"desc\":\"<a href=https:\\\/\\\/nunoa.cl\\\/nunoapanorama\\\/event\\\/obra-de-teatro-la-ciudad-sin-ti\\\/><img width=\\\"1080\\\" height=\\\"1080\\\" src=\\\"https:\\\/\\\/nunoa.cl\\\/nunoapanorama\\\/wp-content\\\/uploads\\\/2024\\\/06\\\/1000147074.jpg\\\" class=\\\"attachment-post-thumbnail size-post-thumbnail wp-post-image\\\" alt=\\\"\\\" srcset=\\\"https:\\\/\\\/nunoa.cl\\\/nunoapanorama\\\/wp-content\\\/uploads\\\/2024\\\/06\\\/1000147074.jpg 1080w, https:\\\/\\\/nunoa.cl\\\/nunoapanorama\\\/wp-content\\\/uploads\\\/2024\\\/06\\\/1000147074-300x300.jpg 300w, https:\\\/\\\/nunoa.cl\\\/nunoapanorama\\\/wp-content\\\/uploads\\\/2024\\\/06\\\/1000147074-1024x1024.jpg 1024w, https:\\\/\\\/nunoa.cl\\\/nunoapanorama\\\/wp-content\\\/uploads\\\/2024\\\/06\\\/1000147074-150x150.jpg 150w, https:\\\/\\\/nunoa.cl\\\/nunoapanorama\\\/wp-content\\\/uploads\\\/2024\\\/06\\\/1000147074-768x768.jpg 768w, https:\\\/\\\/nunoa.cl\\\/nunoapanorama\\\/wp-content\\\/uploads\\\/2024\\\/06\\\/1000147074-500x500.jpg 500w, https:\\\/\\\/nunoa.cl\\\/nunoapanorama\\\/wp-content\\\/uploads\\\/2024\\\/06\\\/1000147074-80x80.jpg 80w\\\" sizes=\\\"(max-width: 1080px) 100vw, 1080px\\\" \\\/><\\\/a><p><a href=https:\\\/\\\/nunoa.cl\\\/nunoapanorama\\\/event\\\/obra-de-teatro-la-ciudad-sin-ti\\\/>Obra de Teatro: \\u201cLa Ciudad Sin Ti\\u201d<\\\/a><\\\/p>\",\"special\":\"checked\"},{\"start\":\"2024-06-24 10:00\",\"end\":\"2024-06-28 18:00\",\"url\":\"https:\\\/\\\/nunoa.cl\\\/nunoapanorama\\\/event\\\/vive-las-vacaciones-de-invierno-en-nunoa-con-talleres-cine-y-teatro\\\/\",\"title\":\"Vive las vacaciones de invierno en \\u00d1u\\u00f1oa con talleres, cine y teatro\",\"desc\":\"<a href=https:\\\/\\\/nunoa.cl\\\/nunoapanorama\\\/event\\\/vive-las-vacaciones-de-invierno-en-nunoa-con-talleres-cine-y-teatro\\\/><img width=\\\"1080\\\" height=\\\"1075\\\" src=\\\"https:\\\/\\\/nunoa.cl\\\/nunoapanorama\\\/wp-content\\\/uploads\\\/2024\\\/06\\\/1718203318848.jpg\\\" class=\\\"attachment-post-thumbnail size-post-thumbnail wp-post-image\\\" alt=\\\"\\\" srcset=\\\"https:\\\/\\\/nunoa.cl\\\/nunoapanorama\\\/wp-content\\\/uploads\\\/2024\\\/06\\\/1718203318848.jpg 1080w, https:\\\/\\\/nunoa.cl\\\/nunoapanorama\\\/wp-content\\\/uploads\\\/2024\\\/06\\\/1718203318848-300x300.jpg 300w, https:\\\/\\\/nunoa.cl\\\/nunoapanorama\\\/wp-content\\\/uploads\\\/2024\\\/06\\\/1718203318848-1024x1019.jpg 1024w, https:\\\/\\\/nunoa.cl\\\/nunoapanorama\\\/wp-content\\\/uploads\\\/2024\\\/06\\\/1718203318848-150x150.jpg 150w, https:\\\/\\\/nunoa.cl\\\/nunoapanorama\\\/wp-content\\\/uploads\\\/2024\\\/06\\\/1718203318848-768x764.jpg 768w, https:\\\/\\\/nunoa.cl\\\/nunoapanorama\\\/wp-content\\\/uploads\\\/2024\\\/06\\\/1718203318848-80x80.jpg 80w\\\" sizes=\\\"(max-width: 1080px) 100vw, 1080px\\\" \\\/><\\\/a><p><a href=https:\\\/\\\/nunoa.cl\\\/nunoapanorama\\\/event\\\/vive-las-vacaciones-de-invierno-en-nunoa-con-talleres-cine-y-teatro\\\/>Vive las vacaciones de invierno en \\u00d1u\\u00f1oa con talleres, cine y teatro<\\\/a><\\\/p>\",\"special\":\"checked\"},{\"start\":\"2024-06-05 19:00\",\"end\":\"2024-06-26 21:00\",\"url\":\"https:\\\/\\\/nunoa.cl\\\/nunoapanorama\\\/event\\\/la-musica-y-el-canto-protagonizan-el-cine-club-de-junio\\\/\",\"title\":\"La m\\u00fasica y el canto protagonizan el Cine Club de Junio\",\"desc\":\"<a href=https:\\\/\\\/nunoa.cl\\\/nunoapanorama\\\/event\\\/la-musica-y-el-canto-protagonizan-el-cine-club-de-junio\\\/><img width=\\\"1079\\\" height=\\\"1079\\\" src=\\\"https:\\\/\\\/nunoa.cl\\\/nunoapanorama\\\/wp-content\\\/uploads\\\/2024\\\/06\\\/1718207165678-e1718207398238.jpg\\\" class=\\\"attachment-post-thumbnail size-post-thumbnail wp-post-image\\\" alt=\\\"\\\" srcset=\\\"https:\\\/\\\/nunoa.cl\\\/nunoapanorama\\\/wp-content\\\/uploads\\\/2024\\\/06\\\/1718207165678-e1718207398238.jpg 1079w, https:\\\/\\\/nunoa.cl\\\/nunoapanorama\\\/wp-content\\\/uploads\\\/2024\\\/06\\\/1718207165678-e1718207398238-300x300.jpg 300w, https:\\\/\\\/nunoa.cl\\\/nunoapanorama\\\/wp-content\\\/uploads\\\/2024\\\/06\\\/1718207165678-e1718207398238-1024x1024.jpg 1024w, https:\\\/\\\/nunoa.cl\\\/nunoapanorama\\\/wp-content\\\/uploads\\\/2024\\\/06\\\/1718207165678-e1718207398238-150x150.jpg 150w, https:\\\/\\\/nunoa.cl\\\/nunoapanorama\\\/wp-content\\\/uploads\\\/2024\\\/06\\\/1718207165678-e1718207398238-768x768.jpg 768w, https:\\\/\\\/nunoa.cl\\\/nunoapanorama\\\/wp-content\\\/uploads\\\/2024\\\/06\\\/1718207165678-e1718207398238-500x500.jpg 500w, https:\\\/\\\/nunoa.cl\\\/nunoapanorama\\\/wp-content\\\/uploads\\\/2024\\\/06\\\/1718207165678-e1718207398238-80x80.jpg 80w\\\" sizes=\\\"(max-width: 1079px) 100vw, 1079px\\\" \\\/><\\\/a><p><a href=https:\\\/\\\/nunoa.cl\\\/nunoapanorama\\\/event\\\/la-musica-y-el-canto-protagonizan-el-cine-club-de-junio\\\/>La m\\u00fasica y el canto protagonizan el Cine Club de Junio<\\\/a><\\\/p>\",\"special\":\"\"},{\"start\":\"2024-06-18 16:00\",\"end\":\"2024-06-22 21:00\",\"url\":\"https:\\\/\\\/nunoa.cl\\\/nunoapanorama\\\/event\\\/obra-de-teatro-boda\\\/\",\"title\":\"Obra de Teatro: &#8220;Boda&#8221;\",\"desc\":\"<a href=https:\\\/\\\/nunoa.cl\\\/nunoapanorama\\\/event\\\/obra-de-teatro-boda\\\/><img width=\\\"1080\\\" height=\\\"1080\\\" src=\\\"https:\\\/\\\/nunoa.cl\\\/nunoapanorama\\\/wp-content\\\/uploads\\\/2024\\\/06\\\/27113947e1461f00a7ae-Imagenes-Ticketplus-Boda.avif\\\" class=\\\"attachment-post-thumbnail size-post-thumbnail wp-post-image\\\" alt=\\\"\\\" \\\/><\\\/a><p><a href=https:\\\/\\\/nunoa.cl\\\/nunoapanorama\\\/event\\\/obra-de-teatro-boda\\\/>Obra de Teatro: &#8220;Boda&#8221;<\\\/a><\\\/p>\",\"special\":\"checked\"},{\"start\":\"2024-07-02 20:00\",\"end\":\"2024-07-06 22:00\",\"url\":\"https:\\\/\\\/nunoa.cl\\\/nunoapanorama\\\/event\\\/obra-de-teatro-suenos\\\/\",\"title\":\"Obra de Teatro: &#8220;Sue\\u00f1os&#8221;\",\"desc\":\"<a href=https:\\\/\\\/nunoa.cl\\\/nunoapanorama\\\/event\\\/obra-de-teatro-suenos\\\/><img width=\\\"849\\\" height=\\\"506\\\" src=\\\"https:\\\/\\\/nunoa.cl\\\/nunoapanorama\\\/wp-content\\\/uploads\\\/2024\\\/06\\\/Captura-de-pantalla-2024-06-24-125302.jpg\\\" class=\\\"attachment-post-thumbnail size-post-thumbnail wp-post-image\\\" alt=\\\"\\\" srcset=\\\"https:\\\/\\\/nunoa.cl\\\/nunoapanorama\\\/wp-content\\\/uploads\\\/2024\\\/06\\\/Captura-de-pantalla-2024-06-24-125302.jpg 849w, https:\\\/\\\/nunoa.cl\\\/nunoapanorama\\\/wp-content\\\/uploads\\\/2024\\\/06\\\/Captura-de-pantalla-2024-06-24-125302-300x179.jpg 300w, https:\\\/\\\/nunoa.cl\\\/nunoapanorama\\\/wp-content\\\/uploads\\\/2024\\\/06\\\/Captura-de-pantalla-2024-06-24-125302-768x458.jpg 768w, https:\\\/\\\/nunoa.cl\\\/nunoapanorama\\\/wp-content\\\/uploads\\\/2024\\\/06\\\/Captura-de-pantalla-2024-06-24-125302-570x340.jpg 570w\\\" sizes=\\\"(max-width: 849px) 100vw, 849px\\\" \\\/><\\\/a><p><a href=https:\\\/\\\/nunoa.cl\\\/nunoapanorama\\\/event\\\/obra-de-teatro-suenos\\\/>Obra de Teatro: &#8220;Sue\\u00f1os&#8221;<\\\/a><\\\/p>\",\"special\":\"checked\"},{\"start\":\"2024-07-03 19:30\",\"end\":\"2024-07-20 21:00\",\"url\":\"https:\\\/\\\/nunoa.cl\\\/nunoapanorama\\\/event\\\/obra-de-teatro-moscas-sobre-el-marmol\\\/\",\"title\":\"Obra de Teatro: &#8220;Moscas sobre el m\\u00e1rmol&#8221;\",\"desc\":\"<a href=https:\\\/\\\/nunoa.cl\\\/nunoapanorama\\\/event\\\/obra-de-teatro-moscas-sobre-el-marmol\\\/><img width=\\\"1135\\\" height=\\\"807\\\" src=\\\"https:\\\/\\\/nunoa.cl\\\/nunoapanorama\\\/wp-content\\\/uploads\\\/2024\\\/06\\\/Captura-de-pantalla-2024-06-24-130657.jpg\\\" class=\\\"attachment-post-thumbnail size-post-thumbnail wp-post-image\\\" alt=\\\"\\\" srcset=\\\"https:\\\/\\\/nunoa.cl\\\/nunoapanorama\\\/wp-content\\\/uploads\\\/2024\\\/06\\\/Captura-de-pantalla-2024-06-24-130657.jpg 1135w, https:\\\/\\\/nunoa.cl\\\/nunoapanorama\\\/wp-content\\\/uploads\\\/2024\\\/06\\\/Captura-de-pantalla-2024-06-24-130657-300x213.jpg 300w, https:\\\/\\\/nunoa.cl\\\/nunoapanorama\\\/wp-content\\\/uploads\\\/2024\\\/06\\\/Captura-de-pantalla-2024-06-24-130657-1024x728.jpg 1024w, https:\\\/\\\/nunoa.cl\\\/nunoapanorama\\\/wp-content\\\/uploads\\\/2024\\\/06\\\/Captura-de-pantalla-2024-06-24-130657-768x546.jpg 768w\\\" sizes=\\\"(max-width: 1135px) 100vw, 1135px\\\" \\\/><\\\/a><p><a href=https:\\\/\\\/nunoa.cl\\\/nunoapanorama\\\/event\\\/obra-de-teatro-moscas-sobre-el-marmol\\\/>Obra de Teatro: &#8220;Moscas sobre el m\\u00e1rmol&#8221;<\\\/a><\\\/p>\",\"special\":\"checked\"},{\"start\":\"2024-07-06 20:00\",\"end\":\"2024-07-06 22:00\",\"url\":\"https:\\\/\\\/nunoa.cl\\\/nunoapanorama\\\/event\\\/lanzamiento-de-colectivo-musical-laboratorio-de-bolsillo\\\/\",\"title\":\"LANZAMIENTO DE COLECTIVO MUSICAL &#8220;LABORATORIO DE BOLSILLO&#8221;\",\"desc\":\"<a href=https:\\\/\\\/nunoa.cl\\\/nunoapanorama\\\/event\\\/lanzamiento-de-colectivo-musical-laboratorio-de-bolsillo\\\/><img width=\\\"1000\\\" height=\\\"1000\\\" src=\\\"https:\\\/\\\/nunoa.cl\\\/nunoapanorama\\\/wp-content\\\/uploads\\\/2024\\\/06\\\/5114.jpg\\\" class=\\\"attachment-post-thumbnail size-post-thumbnail wp-post-image\\\" alt=\\\"\\\" srcset=\\\"https:\\\/\\\/nunoa.cl\\\/nunoapanorama\\\/wp-content\\\/uploads\\\/2024\\\/06\\\/5114.jpg 1000w, https:\\\/\\\/nunoa.cl\\\/nunoapanorama\\\/wp-content\\\/uploads\\\/2024\\\/06\\\/5114-300x300.jpg 300w, https:\\\/\\\/nunoa.cl\\\/nunoapanorama\\\/wp-content\\\/uploads\\\/2024\\\/06\\\/5114-150x150.jpg 150w, https:\\\/\\\/nunoa.cl\\\/nunoapanorama\\\/wp-content\\\/uploads\\\/2024\\\/06\\\/5114-768x768.jpg 768w, https:\\\/\\\/nunoa.cl\\\/nunoapanorama\\\/wp-content\\\/uploads\\\/2024\\\/06\\\/5114-500x500.jpg 500w, https:\\\/\\\/nunoa.cl\\\/nunoapanorama\\\/wp-content\\\/uploads\\\/2024\\\/06\\\/5114-80x80.jpg 80w\\\" sizes=\\\"(max-width: 1000px) 100vw, 1000px\\\" \\\/><\\\/a><p><a href=https:\\\/\\\/nunoa.cl\\\/nunoapanorama\\\/event\\\/lanzamiento-de-colectivo-musical-laboratorio-de-bolsillo\\\/>LANZAMIENTO DE COLECTIVO MUSICAL &#8220;LABORATORIO DE BOLSILLO&#8221;<\\\/a><\\\/p>\",\"special\":\"checked\"},{\"start\":\"2024-07-06 19:00\",\"end\":\"2024-07-06 21:00\",\"url\":\"https:\\\/\\\/nunoa.cl\\\/nunoapanorama\\\/event\\\/gamuza-en-espacio-incluir\\\/\",\"title\":\"&#8220;GAMUZA&#8221; EN ESPACIO INCLUIR\",\"desc\":\"<a href=https:\\\/\\\/nunoa.cl\\\/nunoapanorama\\\/event\\\/gamuza-en-espacio-incluir\\\/><img width=\\\"1000\\\" height=\\\"1000\\\" src=\\\"https:\\\/\\\/nunoa.cl\\\/nunoapanorama\\\/wp-content\\\/uploads\\\/2024\\\/06\\\/5252.jpg\\\" class=\\\"attachment-post-thumbnail size-post-thumbnail wp-post-image\\\" alt=\\\"\\\" srcset=\\\"https:\\\/\\\/nunoa.cl\\\/nunoapanorama\\\/wp-content\\\/uploads\\\/2024\\\/06\\\/5252.jpg 1000w, https:\\\/\\\/nunoa.cl\\\/nunoapanorama\\\/wp-content\\\/uploads\\\/2024\\\/06\\\/5252-300x300.jpg 300w, https:\\\/\\\/nunoa.cl\\\/nunoapanorama\\\/wp-content\\\/uploads\\\/2024\\\/06\\\/5252-150x150.jpg 150w, https:\\\/\\\/nunoa.cl\\\/nunoapanorama\\\/wp-content\\\/uploads\\\/2024\\\/06\\\/5252-768x768.jpg 768w, https:\\\/\\\/nunoa.cl\\\/nunoapanorama\\\/wp-content\\\/uploads\\\/2024\\\/06\\\/5252-500x500.jpg 500w, https:\\\/\\\/nunoa.cl\\\/nunoapanorama\\\/wp-content\\\/uploads\\\/2024\\\/06\\\/5252-80x80.jpg 80w\\\" sizes=\\\"(max-width: 1000px) 100vw, 1000px\\\" \\\/><\\\/a><p><a href=https:\\\/\\\/nunoa.cl\\\/nunoapanorama\\\/event\\\/gamuza-en-espacio-incluir\\\/>&#8220;GAMUZA&#8221; EN ESPACIO INCLUIR<\\\/a><\\\/p>\",\"special\":\"checked\"},{\"start\":\"2024-07-10 22:00\",\"end\":\"2024-07-10 23:00\",\"url\":\"https:\\\/\\\/nunoa.cl\\\/nunoapanorama\\\/event\\\/los-bliss-presentan-nada-que-hacer-en-la-cantina-en-el-house-rock-and-blues\\\/\",\"title\":\"LOS BLISS PRESENTAN: NADA QUE HACER EN LA CANTINA EN EL HOUSE ROCK AND BLUES\",\"desc\":\"<a href=https:\\\/\\\/nunoa.cl\\\/nunoapanorama\\\/event\\\/los-bliss-presentan-nada-que-hacer-en-la-cantina-en-el-house-rock-and-blues\\\/><img width=\\\"1000\\\" height=\\\"1000\\\" src=\\\"https:\\\/\\\/nunoa.cl\\\/nunoapanorama\\\/wp-content\\\/uploads\\\/2024\\\/06\\\/5152.jpg\\\" class=\\\"attachment-post-thumbnail size-post-thumbnail wp-post-image\\\" alt=\\\"\\\" srcset=\\\"https:\\\/\\\/nunoa.cl\\\/nunoapanorama\\\/wp-content\\\/uploads\\\/2024\\\/06\\\/5152.jpg 1000w, https:\\\/\\\/nunoa.cl\\\/nunoapanorama\\\/wp-content\\\/uploads\\\/2024\\\/06\\\/5152-300x300.jpg 300w, https:\\\/\\\/nunoa.cl\\\/nunoapanorama\\\/wp-content\\\/uploads\\\/2024\\\/06\\\/5152-150x150.jpg 150w, https:\\\/\\\/nunoa.cl\\\/nunoapanorama\\\/wp-content\\\/uploads\\\/2024\\\/06\\\/5152-768x768.jpg 768w, https:\\\/\\\/nunoa.cl\\\/nunoapanorama\\\/wp-content\\\/uploads\\\/2024\\\/06\\\/5152-500x500.jpg 500w, https:\\\/\\\/nunoa.cl\\\/nunoapanorama\\\/wp-content\\\/uploads\\\/2024\\\/06\\\/5152-80x80.jpg 80w\\\" sizes=\\\"(max-width: 1000px) 100vw, 1000px\\\" \\\/><\\\/a><p><a href=https:\\\/\\\/nunoa.cl\\\/nunoapanorama\\\/event\\\/los-bliss-presentan-nada-que-hacer-en-la-cantina-en-el-house-rock-and-blues\\\/>LOS BLISS PRESENTAN: NADA QUE HACER EN LA CANTINA EN EL HOUSE ROCK AND BLUES<\\\/a><\\\/p>\",\"special\":\"checked\"},{\"start\":\"2024-07-25 19:30\",\"end\":\"2024-08-10 21:00\",\"url\":\"https:\\\/\\\/nunoa.cl\\\/nunoapanorama\\\/event\\\/obra-pareidolia\\\/\",\"title\":\"Obra: &#8220;Pareidolia&#8221;\",\"desc\":\"<a href=https:\\\/\\\/nunoa.cl\\\/nunoapanorama\\\/event\\\/obra-pareidolia\\\/><img width=\\\"880\\\" height=\\\"601\\\" src=\\\"https:\\\/\\\/nunoa.cl\\\/nunoapanorama\\\/wp-content\\\/uploads\\\/2024\\\/06\\\/Captura-de-pantalla-2024-06-27-124912-1.jpg\\\" class=\\\"attachment-post-thumbnail size-post-thumbnail wp-post-image\\\" alt=\\\"\\\" srcset=\\\"https:\\\/\\\/nunoa.cl\\\/nunoapanorama\\\/wp-content\\\/uploads\\\/2024\\\/06\\\/Captura-de-pantalla-2024-06-27-124912-1.jpg 880w, https:\\\/\\\/nunoa.cl\\\/nunoapanorama\\\/wp-content\\\/uploads\\\/2024\\\/06\\\/Captura-de-pantalla-2024-06-27-124912-1-300x205.jpg 300w, https:\\\/\\\/nunoa.cl\\\/nunoapanorama\\\/wp-content\\\/uploads\\\/2024\\\/06\\\/Captura-de-pantalla-2024-06-27-124912-1-768x525.jpg 768w\\\" sizes=\\\"(max-width: 880px) 100vw, 880px\\\" \\\/><\\\/a><p><a href=https:\\\/\\\/nunoa.cl\\\/nunoapanorama\\\/event\\\/obra-pareidolia\\\/>Obra: &#8220;Pareidolia&#8221;<\\\/a><\\\/p>\",\"special\":\"checked\"},{\"start\":\"2024-07-04 18:00\",\"end\":\"2024-07-04 19:00\",\"url\":\"https:\\\/\\\/nunoa.cl\\\/nunoapanorama\\\/event\\\/lanzamiento-libro-imagenes-virales-el-cine-de-david-cronenberg\\\/\",\"title\":\"Lanzamiento Libro: &#8220;Im\\u00e1genes Virales: El cine de David Cronenberg&#8221;\",\"desc\":\"<a href=https:\\\/\\\/nunoa.cl\\\/nunoapanorama\\\/event\\\/lanzamiento-libro-imagenes-virales-el-cine-de-david-cronenberg\\\/><img width=\\\"1080\\\" height=\\\"1106\\\" src=\\\"https:\\\/\\\/nunoa.cl\\\/nunoapanorama\\\/wp-content\\\/uploads\\\/2024\\\/07\\\/1719844347148.jpg\\\" class=\\\"attachment-post-thumbnail size-post-thumbnail wp-post-image\\\" alt=\\\"\\\" srcset=\\\"https:\\\/\\\/nunoa.cl\\\/nunoapanorama\\\/wp-content\\\/uploads\\\/2024\\\/07\\\/1719844347148.jpg 1080w, https:\\\/\\\/nunoa.cl\\\/nunoapanorama\\\/wp-content\\\/uploads\\\/2024\\\/07\\\/1719844347148-293x300.jpg 293w, https:\\\/\\\/nunoa.cl\\\/nunoapanorama\\\/wp-content\\\/uploads\\\/2024\\\/07\\\/1719844347148-1000x1024.jpg 1000w, https:\\\/\\\/nunoa.cl\\\/nunoapanorama\\\/wp-content\\\/uploads\\\/2024\\\/07\\\/1719844347148-768x786.jpg 768w\\\" sizes=\\\"(max-width: 1080px) 100vw, 1080px\\\" \\\/><\\\/a><p><a href=https:\\\/\\\/nunoa.cl\\\/nunoapanorama\\\/event\\\/lanzamiento-libro-imagenes-virales-el-cine-de-david-cronenberg\\\/>Lanzamiento Libro: &#8220;Im\\u00e1genes Virales: El cine de David Cronenberg&#8221;<\\\/a><\\\/p>\",\"special\":\"\"},{\"start\":\"2024-08-09 19:30\",\"end\":\"2024-08-09 21:00\",\"url\":\"https:\\\/\\\/nunoa.cl\\\/nunoapanorama\\\/event\\\/murga-nacieron-chicharra-felo\\\/\",\"title\":\"MURGA NACIERON CHICHARRA + FELO\",\"desc\":\"<a href=https:\\\/\\\/nunoa.cl\\\/nunoapanorama\\\/event\\\/murga-nacieron-chicharra-felo\\\/><img width=\\\"1000\\\" height=\\\"1000\\\" src=\\\"https:\\\/\\\/nunoa.cl\\\/nunoapanorama\\\/wp-content\\\/uploads\\\/2024\\\/08\\\/5905.jpg\\\" class=\\\"attachment-post-thumbnail size-post-thumbnail wp-post-image\\\" alt=\\\"\\\" srcset=\\\"https:\\\/\\\/nunoa.cl\\\/nunoapanorama\\\/wp-content\\\/uploads\\\/2024\\\/08\\\/5905.jpg 1000w, https:\\\/\\\/nunoa.cl\\\/nunoapanorama\\\/wp-content\\\/uploads\\\/2024\\\/08\\\/5905-300x300.jpg 300w, https:\\\/\\\/nunoa.cl\\\/nunoapanorama\\\/wp-content\\\/uploads\\\/2024\\\/08\\\/5905-150x150.jpg 150w, https:\\\/\\\/nunoa.cl\\\/nunoapanorama\\\/wp-content\\\/uploads\\\/2024\\\/08\\\/5905-768x768.jpg 768w, https:\\\/\\\/nunoa.cl\\\/nunoapanorama\\\/wp-content\\\/uploads\\\/2024\\\/08\\\/5905-500x500.jpg 500w, https:\\\/\\\/nunoa.cl\\\/nunoapanorama\\\/wp-content\\\/uploads\\\/2024\\\/08\\\/5905-80x80.jpg 80w\\\" sizes=\\\"(max-width: 1000px) 100vw, 1000px\\\" \\\/><\\\/a><p><a href=https:\\\/\\\/nunoa.cl\\\/nunoapanorama\\\/event\\\/murga-nacieron-chicharra-felo\\\/>MURGA NACIERON CHICHARRA + FELO<\\\/a><\\\/p>\",\"special\":\"checked\"},{\"start\":\"2024-08-10 19:00\",\"end\":\"2024-08-10 20:00\",\"url\":\"https:\\\/\\\/nunoa.cl\\\/nunoapanorama\\\/event\\\/coloralterno-en-espacio-incluir\\\/\",\"title\":\"COLORALTERNO EN ESPACIO INCLUIR\",\"desc\":\"<a href=https:\\\/\\\/nunoa.cl\\\/nunoapanorama\\\/event\\\/coloralterno-en-espacio-incluir\\\/><img width=\\\"1000\\\" height=\\\"1000\\\" src=\\\"https:\\\/\\\/nunoa.cl\\\/nunoapanorama\\\/wp-content\\\/uploads\\\/2024\\\/08\\\/5778.jpg\\\" class=\\\"attachment-post-thumbnail size-post-thumbnail wp-post-image\\\" alt=\\\"\\\" srcset=\\\"https:\\\/\\\/nunoa.cl\\\/nunoapanorama\\\/wp-content\\\/uploads\\\/2024\\\/08\\\/5778.jpg 1000w, https:\\\/\\\/nunoa.cl\\\/nunoapanorama\\\/wp-content\\\/uploads\\\/2024\\\/08\\\/5778-300x300.jpg 300w, https:\\\/\\\/nunoa.cl\\\/nunoapanorama\\\/wp-content\\\/uploads\\\/2024\\\/08\\\/5778-150x150.jpg 150w, https:\\\/\\\/nunoa.cl\\\/nunoapanorama\\\/wp-content\\\/uploads\\\/2024\\\/08\\\/5778-768x768.jpg 768w, https:\\\/\\\/nunoa.cl\\\/nunoapanorama\\\/wp-content\\\/uploads\\\/2024\\\/08\\\/5778-500x500.jpg 500w, https:\\\/\\\/nunoa.cl\\\/nunoapanorama\\\/wp-content\\\/uploads\\\/2024\\\/08\\\/5778-80x80.jpg 80w\\\" sizes=\\\"(max-width: 1000px) 100vw, 1000px\\\" \\\/><\\\/a><p><a href=https:\\\/\\\/nunoa.cl\\\/nunoapanorama\\\/event\\\/coloralterno-en-espacio-incluir\\\/>COLORALTERNO EN ESPACIO INCLUIR<\\\/a><\\\/p>\",\"special\":\"checked\"},{\"start\":\"2024-08-17 21:30\",\"end\":\"2024-08-17 22:30\",\"url\":\"https:\\\/\\\/nunoa.cl\\\/nunoapanorama\\\/event\\\/pedro-villagra-kiuge-hayashida-invitada-mariel-mariel-en-espacio-incluir\\\/\",\"title\":\"PEDRO VILLAGRA + KIUGE HAYASHIDA + INVITADA (MARIEL MARIEL) EN ESPACIO INCLUIR\",\"desc\":\"<a href=https:\\\/\\\/nunoa.cl\\\/nunoapanorama\\\/event\\\/pedro-villagra-kiuge-hayashida-invitada-mariel-mariel-en-espacio-incluir\\\/><img width=\\\"1000\\\" height=\\\"1000\\\" src=\\\"https:\\\/\\\/nunoa.cl\\\/nunoapanorama\\\/wp-content\\\/uploads\\\/2024\\\/08\\\/5710.jpg\\\" class=\\\"attachment-post-thumbnail size-post-thumbnail wp-post-image\\\" alt=\\\"\\\" srcset=\\\"https:\\\/\\\/nunoa.cl\\\/nunoapanorama\\\/wp-content\\\/uploads\\\/2024\\\/08\\\/5710.jpg 1000w, https:\\\/\\\/nunoa.cl\\\/nunoapanorama\\\/wp-content\\\/uploads\\\/2024\\\/08\\\/5710-300x300.jpg 300w, https:\\\/\\\/nunoa.cl\\\/nunoapanorama\\\/wp-content\\\/uploads\\\/2024\\\/08\\\/5710-150x150.jpg 150w, https:\\\/\\\/nunoa.cl\\\/nunoapanorama\\\/wp-content\\\/uploads\\\/2024\\\/08\\\/5710-768x768.jpg 768w, https:\\\/\\\/nunoa.cl\\\/nunoapanorama\\\/wp-content\\\/uploads\\\/2024\\\/08\\\/5710-500x500.jpg 500w, https:\\\/\\\/nunoa.cl\\\/nunoapanorama\\\/wp-content\\\/uploads\\\/2024\\\/08\\\/5710-80x80.jpg 80w\\\" sizes=\\\"(max-width: 1000px) 100vw, 1000px\\\" \\\/><\\\/a><p><a href=https:\\\/\\\/nunoa.cl\\\/nunoapanorama\\\/event\\\/pedro-villagra-kiuge-hayashida-invitada-mariel-mariel-en-espacio-incluir\\\/>PEDRO VILLAGRA + KIUGE HAYASHIDA + INVITADA (MARIEL MARIEL) EN ESPACIO INCLUIR<\\\/a><\\\/p>\",\"special\":\"checked\"},{\"start\":\"2024-08-30 21:00\",\"end\":\"2024-08-30 22:00\",\"url\":\"https:\\\/\\\/nunoa.cl\\\/nunoapanorama\\\/event\\\/los-peores-de-chile-sala-rbx\\\/\",\"title\":\"LOS PEORES DE CHILE SALA RBX\",\"desc\":\"<a href=https:\\\/\\\/nunoa.cl\\\/nunoapanorama\\\/event\\\/los-peores-de-chile-sala-rbx\\\/><img width=\\\"1000\\\" height=\\\"1000\\\" src=\\\"https:\\\/\\\/nunoa.cl\\\/nunoapanorama\\\/wp-content\\\/uploads\\\/2024\\\/08\\\/5870.jpg\\\" class=\\\"attachment-post-thumbnail size-post-thumbnail wp-post-image\\\" alt=\\\"\\\" srcset=\\\"https:\\\/\\\/nunoa.cl\\\/nunoapanorama\\\/wp-content\\\/uploads\\\/2024\\\/08\\\/5870.jpg 1000w, https:\\\/\\\/nunoa.cl\\\/nunoapanorama\\\/wp-content\\\/uploads\\\/2024\\\/08\\\/5870-300x300.jpg 300w, https:\\\/\\\/nunoa.cl\\\/nunoapanorama\\\/wp-content\\\/uploads\\\/2024\\\/08\\\/5870-150x150.jpg 150w, https:\\\/\\\/nunoa.cl\\\/nunoapanorama\\\/wp-content\\\/uploads\\\/2024\\\/08\\\/5870-768x768.jpg 768w, https:\\\/\\\/nunoa.cl\\\/nunoapanorama\\\/wp-content\\\/uploads\\\/2024\\\/08\\\/5870-500x500.jpg 500w, https:\\\/\\\/nunoa.cl\\\/nunoapanorama\\\/wp-content\\\/uploads\\\/2024\\\/08\\\/5870-80x80.jpg 80w\\\" sizes=\\\"(max-width: 1000px) 100vw, 1000px\\\" \\\/><\\\/a><p><a href=https:\\\/\\\/nunoa.cl\\\/nunoapanorama\\\/event\\\/los-peores-de-chile-sala-rbx\\\/>LOS PEORES DE CHILE SALA RBX<\\\/a><\\\/p>\",\"special\":\"checked\"},{\"start\":\"2024-08-16 00:00\",\"end\":\"2024-08-24 14:00\",\"url\":\"https:\\\/\\\/nunoa.cl\\\/nunoapanorama\\\/event\\\/famfest-el-festival-de-teatro-familiar-mas-importante-del-pais-vuelve-a-teatro-uc\\\/\",\"title\":\"Famfest: el festival de teatro familiar m\\u00e1s importante del pa\\u00eds vuelve a Teatro UC\",\"desc\":\"<a href=https:\\\/\\\/nunoa.cl\\\/nunoapanorama\\\/event\\\/famfest-el-festival-de-teatro-familiar-mas-importante-del-pais-vuelve-a-teatro-uc\\\/><img width=\\\"1078\\\" height=\\\"720\\\" src=\\\"https:\\\/\\\/nunoa.cl\\\/nunoapanorama\\\/wp-content\\\/uploads\\\/2024\\\/08\\\/05b00245-e4a2-4ec4-82b3-b0ca5244e747-el-dia-en-que-el-sol-descubrio-que-era-una-estrella-landing-1920x720-famfest17-2024-e1723049365681.png\\\" class=\\\"attachment-post-thumbnail size-post-thumbnail wp-post-image\\\" alt=\\\"\\\" srcset=\\\"https:\\\/\\\/nunoa.cl\\\/nunoapanorama\\\/wp-content\\\/uploads\\\/2024\\\/08\\\/05b00245-e4a2-4ec4-82b3-b0ca5244e747-el-dia-en-que-el-sol-descubrio-que-era-una-estrella-landing-1920x720-famfest17-2024-e1723049365681.png 1078w, https:\\\/\\\/nunoa.cl\\\/nunoapanorama\\\/wp-content\\\/uploads\\\/2024\\\/08\\\/05b00245-e4a2-4ec4-82b3-b0ca5244e747-el-dia-en-que-el-sol-descubrio-que-era-una-estrella-landing-1920x720-famfest17-2024-e1723049365681-300x200.png 300w, https:\\\/\\\/nunoa.cl\\\/nunoapanorama\\\/wp-content\\\/uploads\\\/2024\\\/08\\\/05b00245-e4a2-4ec4-82b3-b0ca5244e747-el-dia-en-que-el-sol-descubrio-que-era-una-estrella-landing-1920x720-famfest17-2024-e1723049365681-1024x684.png 1024w, https:\\\/\\\/nunoa.cl\\\/nunoapanorama\\\/wp-content\\\/uploads\\\/2024\\\/08\\\/05b00245-e4a2-4ec4-82b3-b0ca5244e747-el-dia-en-que-el-sol-descubrio-que-era-una-estrella-landing-1920x720-famfest17-2024-e1723049365681-768x513.png 768w\\\" sizes=\\\"(max-width: 1078px) 100vw, 1078px\\\" \\\/><\\\/a><p><a href=https:\\\/\\\/nunoa.cl\\\/nunoapanorama\\\/event\\\/famfest-el-festival-de-teatro-familiar-mas-importante-del-pais-vuelve-a-teatro-uc\\\/>Famfest: el festival de teatro familiar m\\u00e1s importante del pa\\u00eds vuelve a Teatro UC<\\\/a><\\\/p>\",\"special\":\"\"},{\"start\":\"2024-08-09 19:30\",\"end\":\"2024-08-09 21:00\",\"url\":\"https:\\\/\\\/nunoa.cl\\\/nunoapanorama\\\/event\\\/sonidos-en-mi-cineforo\\\/\",\"title\":\"Sonidos en m\\u00ed + Cineforo\",\"desc\":\"<a href=https:\\\/\\\/nunoa.cl\\\/nunoapanorama\\\/event\\\/sonidos-en-mi-cineforo\\\/><img width=\\\"1024\\\" height=\\\"569\\\" src=\\\"https:\\\/\\\/nunoa.cl\\\/nunoapanorama\\\/wp-content\\\/uploads\\\/2024\\\/08\\\/Captura-de-Pantalla-2024-07-17-a-las-13.18.28-1024x569-1.png\\\" class=\\\"attachment-post-thumbnail size-post-thumbnail wp-post-image\\\" alt=\\\"\\\" srcset=\\\"https:\\\/\\\/nunoa.cl\\\/nunoapanorama\\\/wp-content\\\/uploads\\\/2024\\\/08\\\/Captura-de-Pantalla-2024-07-17-a-las-13.18.28-1024x569-1.png 1024w, https:\\\/\\\/nunoa.cl\\\/nunoapanorama\\\/wp-content\\\/uploads\\\/2024\\\/08\\\/Captura-de-Pantalla-2024-07-17-a-las-13.18.28-1024x569-1-300x167.png 300w, https:\\\/\\\/nunoa.cl\\\/nunoapanorama\\\/wp-content\\\/uploads\\\/2024\\\/08\\\/Captura-de-Pantalla-2024-07-17-a-las-13.18.28-1024x569-1-768x427.png 768w\\\" sizes=\\\"(max-width: 1024px) 100vw, 1024px\\\" \\\/><\\\/a><p><a href=https:\\\/\\\/nunoa.cl\\\/nunoapanorama\\\/event\\\/sonidos-en-mi-cineforo\\\/>Sonidos en m\\u00ed + Cineforo<\\\/a><\\\/p>\",\"special\":\"\"},{\"start\":\"2024-08-17 19:30\",\"end\":\"2024-08-17 20:30\",\"url\":\"https:\\\/\\\/nunoa.cl\\\/nunoapanorama\\\/event\\\/la-metamorfosis-de-los-pajaros\\\/\",\"title\":\"La metamorfosis de los p\\u00e1jaros\",\"desc\":\"<a href=https:\\\/\\\/nunoa.cl\\\/nunoapanorama\\\/event\\\/la-metamorfosis-de-los-pajaros\\\/><img width=\\\"768\\\" height=\\\"576\\\" src=\\\"https:\\\/\\\/nunoa.cl\\\/nunoapanorama\\\/wp-content\\\/uploads\\\/2024\\\/08\\\/Press_9-768x576-1.jpg\\\" class=\\\"attachment-post-thumbnail size-post-thumbnail wp-post-image\\\" alt=\\\"\\\" srcset=\\\"https:\\\/\\\/nunoa.cl\\\/nunoapanorama\\\/wp-content\\\/uploads\\\/2024\\\/08\\\/Press_9-768x576-1.jpg 768w, https:\\\/\\\/nunoa.cl\\\/nunoapanorama\\\/wp-content\\\/uploads\\\/2024\\\/08\\\/Press_9-768x576-1-300x225.jpg 300w\\\" sizes=\\\"(max-width: 768px) 100vw, 768px\\\" \\\/><\\\/a><p><a href=https:\\\/\\\/nunoa.cl\\\/nunoapanorama\\\/event\\\/la-metamorfosis-de-los-pajaros\\\/>La metamorfosis de los p\\u00e1jaros<\\\/a><\\\/p>\",\"special\":\"\"},{\"start\":\"2024-08-23 19:30\",\"end\":\"2024-08-23 20:30\",\"url\":\"https:\\\/\\\/nunoa.cl\\\/nunoapanorama\\\/event\\\/foco-kamal-aljafari-port-of-memory-cineforo\\\/\",\"title\":\"[Foco Kamal Aljafari] Port of Memory + Cineforo\",\"desc\":\"<a href=https:\\\/\\\/nunoa.cl\\\/nunoapanorama\\\/event\\\/foco-kamal-aljafari-port-of-memory-cineforo\\\/><img width=\\\"1024\\\" height=\\\"576\\\" src=\\\"https:\\\/\\\/nunoa.cl\\\/nunoapanorama\\\/wp-content\\\/uploads\\\/2024\\\/08\\\/1dc8a348-1eda-47b7-8e83-76b59c877426-1296x729-1-1024x576-1.jpg\\\" class=\\\"attachment-post-thumbnail size-post-thumbnail wp-post-image\\\" alt=\\\"\\\" srcset=\\\"https:\\\/\\\/nunoa.cl\\\/nunoapanorama\\\/wp-content\\\/uploads\\\/2024\\\/08\\\/1dc8a348-1eda-47b7-8e83-76b59c877426-1296x729-1-1024x576-1.jpg 1024w, https:\\\/\\\/nunoa.cl\\\/nunoapanorama\\\/wp-content\\\/uploads\\\/2024\\\/08\\\/1dc8a348-1eda-47b7-8e83-76b59c877426-1296x729-1-1024x576-1-300x169.jpg 300w, https:\\\/\\\/nunoa.cl\\\/nunoapanorama\\\/wp-content\\\/uploads\\\/2024\\\/08\\\/1dc8a348-1eda-47b7-8e83-76b59c877426-1296x729-1-1024x576-1-768x432.jpg 768w\\\" sizes=\\\"(max-width: 1024px) 100vw, 1024px\\\" \\\/><\\\/a><p><a href=https:\\\/\\\/nunoa.cl\\\/nunoapanorama\\\/event\\\/foco-kamal-aljafari-port-of-memory-cineforo\\\/>[Foco Kamal Aljafari] Port of Memory + Cineforo<\\\/a><\\\/p>\",\"special\":\"\"},{\"start\":\"2024-08-23 19:30\",\"end\":\"2024-08-23 20:00\",\"url\":\"https:\\\/\\\/nunoa.cl\\\/nunoapanorama\\\/event\\\/foco-kamal-aljafari-paradiso-xxxi-108-cineforo\\\/\",\"title\":\"[Foco Kamal Aljafari] Paradiso, XXXI, 108 + Cineforo\",\"desc\":\"<a href=https:\\\/\\\/nunoa.cl\\\/nunoapanorama\\\/event\\\/foco-kamal-aljafari-paradiso-xxxi-108-cineforo\\\/><img width=\\\"768\\\" height=\\\"564\\\" src=\\\"https:\\\/\\\/nunoa.cl\\\/nunoapanorama\\\/wp-content\\\/uploads\\\/2024\\\/08\\\/Paradiso-XXXI-21-06.10_07_57_08.Still003-768x564-1.jpg\\\" class=\\\"attachment-post-thumbnail size-post-thumbnail wp-post-image\\\" alt=\\\"\\\" srcset=\\\"https:\\\/\\\/nunoa.cl\\\/nunoapanorama\\\/wp-content\\\/uploads\\\/2024\\\/08\\\/Paradiso-XXXI-21-06.10_07_57_08.Still003-768x564-1.jpg 768w, https:\\\/\\\/nunoa.cl\\\/nunoapanorama\\\/wp-content\\\/uploads\\\/2024\\\/08\\\/Paradiso-XXXI-21-06.10_07_57_08.Still003-768x564-1-300x220.jpg 300w\\\" sizes=\\\"(max-width: 768px) 100vw, 768px\\\" \\\/><\\\/a><p><a href=https:\\\/\\\/nunoa.cl\\\/nunoapanorama\\\/event\\\/foco-kamal-aljafari-paradiso-xxxi-108-cineforo\\\/>[Foco Kamal Aljafari] Paradiso, XXXI, 108 + Cineforo<\\\/a><\\\/p>\",\"special\":\"\"},{\"start\":\"2024-08-24 16:30\",\"end\":\"2024-08-24 18:00\",\"url\":\"https:\\\/\\\/nunoa.cl\\\/nunoapanorama\\\/event\\\/cine-familiar-como-entrenar-a-tu-dragon\\\/\",\"title\":\"[Cine Familiar] C\\u00f3mo entrenar a tu drag\\u00f3n\",\"desc\":\"<a href=https:\\\/\\\/nunoa.cl\\\/nunoapanorama\\\/event\\\/cine-familiar-como-entrenar-a-tu-dragon\\\/><img width=\\\"1536\\\" height=\\\"653\\\" src=\\\"https:\\\/\\\/nunoa.cl\\\/nunoapanorama\\\/wp-content\\\/uploads\\\/2024\\\/08\\\/MV5BMjIyMDc5NjU2Nl5BMl5BanBnXkFtZTcwNDIwNDAzMw@@._V1_-1536x653-1.jpg\\\" class=\\\"attachment-post-thumbnail size-post-thumbnail wp-post-image\\\" alt=\\\"\\\" srcset=\\\"https:\\\/\\\/nunoa.cl\\\/nunoapanorama\\\/wp-content\\\/uploads\\\/2024\\\/08\\\/MV5BMjIyMDc5NjU2Nl5BMl5BanBnXkFtZTcwNDIwNDAzMw@@._V1_-1536x653-1.jpg 1536w, https:\\\/\\\/nunoa.cl\\\/nunoapanorama\\\/wp-content\\\/uploads\\\/2024\\\/08\\\/MV5BMjIyMDc5NjU2Nl5BMl5BanBnXkFtZTcwNDIwNDAzMw@@._V1_-1536x653-1-300x128.jpg 300w, https:\\\/\\\/nunoa.cl\\\/nunoapanorama\\\/wp-content\\\/uploads\\\/2024\\\/08\\\/MV5BMjIyMDc5NjU2Nl5BMl5BanBnXkFtZTcwNDIwNDAzMw@@._V1_-1536x653-1-1024x435.jpg 1024w, https:\\\/\\\/nunoa.cl\\\/nunoapanorama\\\/wp-content\\\/uploads\\\/2024\\\/08\\\/MV5BMjIyMDc5NjU2Nl5BMl5BanBnXkFtZTcwNDIwNDAzMw@@._V1_-1536x653-1-768x327.jpg 768w\\\" sizes=\\\"(max-width: 1536px) 100vw, 1536px\\\" \\\/><\\\/a><p><a href=https:\\\/\\\/nunoa.cl\\\/nunoapanorama\\\/event\\\/cine-familiar-como-entrenar-a-tu-dragon\\\/>[Cine Familiar] C\\u00f3mo entrenar a tu drag\\u00f3n<\\\/a><\\\/p>\",\"special\":\"\"},{\"start\":\"2024-08-30 19:30\",\"end\":\"2024-08-30 20:30\",\"url\":\"https:\\\/\\\/nunoa.cl\\\/nunoapanorama\\\/event\\\/estreno-a-la-sombra-de-la-luz-cineforo\\\/\",\"title\":\"[Estreno] A la sombra de la luz + Cineforo\",\"desc\":\"<a href=https:\\\/\\\/nunoa.cl\\\/nunoapanorama\\\/event\\\/estreno-a-la-sombra-de-la-luz-cineforo\\\/><img width=\\\"1024\\\" height=\\\"576\\\" src=\\\"https:\\\/\\\/nunoa.cl\\\/nunoapanorama\\\/wp-content\\\/uploads\\\/2024\\\/08\\\/als_still2_0-1024x576-1.png\\\" class=\\\"attachment-post-thumbnail size-post-thumbnail wp-post-image\\\" alt=\\\"\\\" srcset=\\\"https:\\\/\\\/nunoa.cl\\\/nunoapanorama\\\/wp-content\\\/uploads\\\/2024\\\/08\\\/als_still2_0-1024x576-1.png 1024w, https:\\\/\\\/nunoa.cl\\\/nunoapanorama\\\/wp-content\\\/uploads\\\/2024\\\/08\\\/als_still2_0-1024x576-1-300x169.png 300w, https:\\\/\\\/nunoa.cl\\\/nunoapanorama\\\/wp-content\\\/uploads\\\/2024\\\/08\\\/als_still2_0-1024x576-1-768x432.png 768w\\\" sizes=\\\"(max-width: 1024px) 100vw, 1024px\\\" \\\/><\\\/a><p><a href=https:\\\/\\\/nunoa.cl\\\/nunoapanorama\\\/event\\\/estreno-a-la-sombra-de-la-luz-cineforo\\\/>[Estreno] A la sombra de la luz + Cineforo<\\\/a><\\\/p>\",\"special\":\"\"},{\"start\":\"2024-08-31 19:30\",\"end\":\"2024-08-31 21:00\",\"url\":\"https:\\\/\\\/nunoa.cl\\\/nunoapanorama\\\/event\\\/estreno-el-ladron-de-perros-cineforo\\\/\",\"title\":\"[Estreno] El ladr\\u00f3n de perros + Cineforo\",\"desc\":\"<a href=https:\\\/\\\/nunoa.cl\\\/nunoapanorama\\\/event\\\/estreno-el-ladron-de-perros-cineforo\\\/><img width=\\\"768\\\" height=\\\"512\\\" src=\\\"https:\\\/\\\/nunoa.cl\\\/nunoapanorama\\\/wp-content\\\/uploads\\\/2024\\\/08\\\/IMG_8532-768x512-1.jpg\\\" class=\\\"attachment-post-thumbnail size-post-thumbnail wp-post-image\\\" alt=\\\"\\\" srcset=\\\"https:\\\/\\\/nunoa.cl\\\/nunoapanorama\\\/wp-content\\\/uploads\\\/2024\\\/08\\\/IMG_8532-768x512-1.jpg 768w, https:\\\/\\\/nunoa.cl\\\/nunoapanorama\\\/wp-content\\\/uploads\\\/2024\\\/08\\\/IMG_8532-768x512-1-300x200.jpg 300w\\\" sizes=\\\"(max-width: 768px) 100vw, 768px\\\" \\\/><\\\/a><p><a href=https:\\\/\\\/nunoa.cl\\\/nunoapanorama\\\/event\\\/estreno-el-ladron-de-perros-cineforo\\\/>[Estreno] El ladr\\u00f3n de perros + Cineforo<\\\/a><\\\/p>\",\"special\":\"\"},{\"start\":\"2024-08-29 20:00\",\"end\":\"2024-09-14 21:20\",\"url\":\"https:\\\/\\\/nunoa.cl\\\/nunoapanorama\\\/event\\\/obra-la-muerte-y-la-doncella\\\/\",\"title\":\"Obra: &#8220;La muerte y la doncella&#8221;\",\"desc\":\"<a href=https:\\\/\\\/nunoa.cl\\\/nunoapanorama\\\/event\\\/obra-la-muerte-y-la-doncella\\\/><img width=\\\"1785\\\" height=\\\"1187\\\" src=\\\"https:\\\/\\\/nunoa.cl\\\/nunoapanorama\\\/wp-content\\\/uploads\\\/2024\\\/08\\\/Fototeatro5.webp\\\" class=\\\"attachment-post-thumbnail size-post-thumbnail wp-post-image\\\" alt=\\\"\\\" srcset=\\\"https:\\\/\\\/nunoa.cl\\\/nunoapanorama\\\/wp-content\\\/uploads\\\/2024\\\/08\\\/Fototeatro5.webp 1785w, https:\\\/\\\/nunoa.cl\\\/nunoapanorama\\\/wp-content\\\/uploads\\\/2024\\\/08\\\/Fototeatro5-300x199.webp 300w, https:\\\/\\\/nunoa.cl\\\/nunoapanorama\\\/wp-content\\\/uploads\\\/2024\\\/08\\\/Fototeatro5-1024x681.webp 1024w, https:\\\/\\\/nunoa.cl\\\/nunoapanorama\\\/wp-content\\\/uploads\\\/2024\\\/08\\\/Fototeatro5-768x511.webp 768w, https:\\\/\\\/nunoa.cl\\\/nunoapanorama\\\/wp-content\\\/uploads\\\/2024\\\/08\\\/Fototeatro5-1536x1021.webp 1536w\\\" sizes=\\\"(max-width: 1785px) 100vw, 1785px\\\" \\\/><\\\/a><p><a href=https:\\\/\\\/nunoa.cl\\\/nunoapanorama\\\/event\\\/obra-la-muerte-y-la-doncella\\\/>Obra: &#8220;La muerte y la doncella&#8221;<\\\/a><\\\/p>\",\"special\":\"\"},{\"start\":\"2024-08-19 10:00\",\"end\":\"2024-08-30 17:00\",\"url\":\"https:\\\/\\\/nunoa.cl\\\/nunoapanorama\\\/event\\\/muestra-mycelia\\\/\",\"title\":\"Muestra: &#8220;Mycelia&#8221;\",\"desc\":\"<a href=https:\\\/\\\/nunoa.cl\\\/nunoapanorama\\\/event\\\/muestra-mycelia\\\/><img width=\\\"1080\\\" height=\\\"1076\\\" src=\\\"https:\\\/\\\/nunoa.cl\\\/nunoapanorama\\\/wp-content\\\/uploads\\\/2024\\\/08\\\/1723664431292.jpg\\\" class=\\\"attachment-post-thumbnail size-post-thumbnail wp-post-image\\\" alt=\\\"\\\" srcset=\\\"https:\\\/\\\/nunoa.cl\\\/nunoapanorama\\\/wp-content\\\/uploads\\\/2024\\\/08\\\/1723664431292.jpg 1080w, https:\\\/\\\/nunoa.cl\\\/nunoapanorama\\\/wp-content\\\/uploads\\\/2024\\\/08\\\/1723664431292-300x300.jpg 300w, https:\\\/\\\/nunoa.cl\\\/nunoapanorama\\\/wp-content\\\/uploads\\\/2024\\\/08\\\/1723664431292-1024x1020.jpg 1024w, https:\\\/\\\/nunoa.cl\\\/nunoapanorama\\\/wp-content\\\/uploads\\\/2024\\\/08\\\/1723664431292-150x150.jpg 150w, https:\\\/\\\/nunoa.cl\\\/nunoapanorama\\\/wp-content\\\/uploads\\\/2024\\\/08\\\/1723664431292-768x765.jpg 768w, https:\\\/\\\/nunoa.cl\\\/nunoapanorama\\\/wp-content\\\/uploads\\\/2024\\\/08\\\/1723664431292-80x80.jpg 80w\\\" sizes=\\\"(max-width: 1080px) 100vw, 1080px\\\" \\\/><\\\/a><p><a href=https:\\\/\\\/nunoa.cl\\\/nunoapanorama\\\/event\\\/muestra-mycelia\\\/>Muestra: &#8220;Mycelia&#8221;<\\\/a><\\\/p>\",\"special\":\"\"},{\"start\":\"2024-10-02 15:00\",\"end\":\"2024-10-02 20:30\",\"url\":\"https:\\\/\\\/nunoa.cl\\\/nunoapanorama\\\/event\\\/fiesta-de-la-primavera-patrimonio-cultural-experimental\\\/\",\"title\":\"Fiesta de la Primavera: Patrimonio Cultural-Experimental\",\"desc\":\"<a href=https:\\\/\\\/nunoa.cl\\\/nunoapanorama\\\/event\\\/fiesta-de-la-primavera-patrimonio-cultural-experimental\\\/><img width=\\\"1079\\\" height=\\\"1081\\\" src=\\\"https:\\\/\\\/nunoa.cl\\\/nunoapanorama\\\/wp-content\\\/uploads\\\/2024\\\/10\\\/1727873600324-e1727873885406.jpg\\\" class=\\\"attachment-post-thumbnail size-post-thumbnail wp-post-image\\\" alt=\\\"\\\" srcset=\\\"https:\\\/\\\/nunoa.cl\\\/nunoapanorama\\\/wp-content\\\/uploads\\\/2024\\\/10\\\/1727873600324-e1727873885406.jpg 1079w, https:\\\/\\\/nunoa.cl\\\/nunoapanorama\\\/wp-content\\\/uploads\\\/2024\\\/10\\\/1727873600324-e1727873885406-300x300.jpg 300w, https:\\\/\\\/nunoa.cl\\\/nunoapanorama\\\/wp-content\\\/uploads\\\/2024\\\/10\\\/1727873600324-e1727873885406-1022x1024.jpg 1022w, https:\\\/\\\/nunoa.cl\\\/nunoapanorama\\\/wp-content\\\/uploads\\\/2024\\\/10\\\/1727873600324-e1727873885406-150x150.jpg 150w, https:\\\/\\\/nunoa.cl\\\/nunoapanorama\\\/wp-content\\\/uploads\\\/2024\\\/10\\\/1727873600324-e1727873885406-768x769.jpg 768w, https:\\\/\\\/nunoa.cl\\\/nunoapanorama\\\/wp-content\\\/uploads\\\/2024\\\/10\\\/1727873600324-e1727873885406-500x500.jpg 500w, https:\\\/\\\/nunoa.cl\\\/nunoapanorama\\\/wp-content\\\/uploads\\\/2024\\\/10\\\/1727873600324-e1727873885406-80x80.jpg 80w\\\" sizes=\\\"(max-width: 1079px) 100vw, 1079px\\\" \\\/><\\\/a><p><a href=https:\\\/\\\/nunoa.cl\\\/nunoapanorama\\\/event\\\/fiesta-de-la-primavera-patrimonio-cultural-experimental\\\/>Fiesta de la Primavera: Patrimonio Cultural-Experimental<\\\/a><\\\/p>\",\"special\":\"\"},{\"start\":\"2024-10-04 19:30\",\"end\":\"2024-10-04 21:00\",\"url\":\"https:\\\/\\\/nunoa.cl\\\/nunoapanorama\\\/event\\\/estreno-no-estoy-en-el-mar-cineforo\\\/\",\"title\":\"Estreno: No estoy en el mar + cineforo\",\"desc\":\"<a href=https:\\\/\\\/nunoa.cl\\\/nunoapanorama\\\/event\\\/estreno-no-estoy-en-el-mar-cineforo\\\/><img width=\\\"1536\\\" height=\\\"635\\\" src=\\\"https:\\\/\\\/nunoa.cl\\\/nunoapanorama\\\/wp-content\\\/uploads\\\/2024\\\/10\\\/still-3-1912x790-1-1536x635-1.png\\\" class=\\\"attachment-post-thumbnail size-post-thumbnail wp-post-image\\\" alt=\\\"\\\" srcset=\\\"https:\\\/\\\/nunoa.cl\\\/nunoapanorama\\\/wp-content\\\/uploads\\\/2024\\\/10\\\/still-3-1912x790-1-1536x635-1.png 1536w, https:\\\/\\\/nunoa.cl\\\/nunoapanorama\\\/wp-content\\\/uploads\\\/2024\\\/10\\\/still-3-1912x790-1-1536x635-1-300x124.png 300w, https:\\\/\\\/nunoa.cl\\\/nunoapanorama\\\/wp-content\\\/uploads\\\/2024\\\/10\\\/still-3-1912x790-1-1536x635-1-1024x423.png 1024w, https:\\\/\\\/nunoa.cl\\\/nunoapanorama\\\/wp-content\\\/uploads\\\/2024\\\/10\\\/still-3-1912x790-1-1536x635-1-768x318.png 768w\\\" sizes=\\\"(max-width: 1536px) 100vw, 1536px\\\" \\\/><\\\/a><p><a href=https:\\\/\\\/nunoa.cl\\\/nunoapanorama\\\/event\\\/estreno-no-estoy-en-el-mar-cineforo\\\/>Estreno: No estoy en el mar + cineforo<\\\/a><\\\/p>\",\"special\":\"\"},{\"start\":\"2024-10-09 19:00\",\"end\":\"2024-10-09 21:00\",\"url\":\"https:\\\/\\\/nunoa.cl\\\/nunoapanorama\\\/event\\\/cine-club-trouble-every-day\\\/\",\"title\":\"CINE CLUB: Trouble Every Day\",\"desc\":\"<a href=https:\\\/\\\/nunoa.cl\\\/nunoapanorama\\\/event\\\/cine-club-trouble-every-day\\\/><img width=\\\"850\\\" height=\\\"464\\\" src=\\\"https:\\\/\\\/nunoa.cl\\\/nunoapanorama\\\/wp-content\\\/uploads\\\/2024\\\/10\\\/Trouble-2.png\\\" class=\\\"attachment-post-thumbnail size-post-thumbnail wp-post-image\\\" alt=\\\"\\\" srcset=\\\"https:\\\/\\\/nunoa.cl\\\/nunoapanorama\\\/wp-content\\\/uploads\\\/2024\\\/10\\\/Trouble-2.png 850w, https:\\\/\\\/nunoa.cl\\\/nunoapanorama\\\/wp-content\\\/uploads\\\/2024\\\/10\\\/Trouble-2-300x164.png 300w, https:\\\/\\\/nunoa.cl\\\/nunoapanorama\\\/wp-content\\\/uploads\\\/2024\\\/10\\\/Trouble-2-768x419.png 768w\\\" sizes=\\\"(max-width: 850px) 100vw, 850px\\\" \\\/><\\\/a><p><a href=https:\\\/\\\/nunoa.cl\\\/nunoapanorama\\\/event\\\/cine-club-trouble-every-day\\\/>CINE CLUB: Trouble Every Day<\\\/a><\\\/p>\",\"special\":\"\"},{\"start\":\"2024-10-11 19:30\",\"end\":\"2024-10-11 21:00\",\"url\":\"https:\\\/\\\/nunoa.cl\\\/nunoapanorama\\\/event\\\/camino-a-fidocs-la-bonga\\\/\",\"title\":\"Camino a Fidocs: La Bonga\",\"desc\":\"<a href=https:\\\/\\\/nunoa.cl\\\/nunoapanorama\\\/event\\\/camino-a-fidocs-la-bonga\\\/><img width=\\\"1024\\\" height=\\\"540\\\" src=\\\"https:\\\/\\\/nunoa.cl\\\/nunoapanorama\\\/wp-content\\\/uploads\\\/2024\\\/10\\\/still_bonga_web-1-1024x540-1.jpg\\\" class=\\\"attachment-post-thumbnail size-post-thumbnail wp-post-image\\\" alt=\\\"\\\" srcset=\\\"https:\\\/\\\/nunoa.cl\\\/nunoapanorama\\\/wp-content\\\/uploads\\\/2024\\\/10\\\/still_bonga_web-1-1024x540-1.jpg 1024w, https:\\\/\\\/nunoa.cl\\\/nunoapanorama\\\/wp-content\\\/uploads\\\/2024\\\/10\\\/still_bonga_web-1-1024x540-1-300x158.jpg 300w, https:\\\/\\\/nunoa.cl\\\/nunoapanorama\\\/wp-content\\\/uploads\\\/2024\\\/10\\\/still_bonga_web-1-1024x540-1-768x405.jpg 768w\\\" sizes=\\\"(max-width: 1024px) 100vw, 1024px\\\" \\\/><\\\/a><p><a href=https:\\\/\\\/nunoa.cl\\\/nunoapanorama\\\/event\\\/camino-a-fidocs-la-bonga\\\/>Camino a Fidocs: La Bonga<\\\/a><\\\/p>\",\"special\":\"\"},{\"start\":\"2024-10-12 19:30\",\"end\":\"2024-10-12 21:00\",\"url\":\"https:\\\/\\\/nunoa.cl\\\/nunoapanorama\\\/event\\\/estreno-fire-supply\\\/\",\"title\":\"Estreno: Fire Supply\",\"desc\":\"<a href=https:\\\/\\\/nunoa.cl\\\/nunoapanorama\\\/event\\\/estreno-fire-supply\\\/><img width=\\\"768\\\" height=\\\"436\\\" src=\\\"https:\\\/\\\/nunoa.cl\\\/nunoapanorama\\\/wp-content\\\/uploads\\\/2024\\\/10\\\/2-1-1-768x496-1-e1727883251232.png\\\" class=\\\"attachment-post-thumbnail size-post-thumbnail wp-post-image\\\" alt=\\\"\\\" srcset=\\\"https:\\\/\\\/nunoa.cl\\\/nunoapanorama\\\/wp-content\\\/uploads\\\/2024\\\/10\\\/2-1-1-768x496-1-e1727883251232.png 768w, https:\\\/\\\/nunoa.cl\\\/nunoapanorama\\\/wp-content\\\/uploads\\\/2024\\\/10\\\/2-1-1-768x496-1-e1727883251232-300x170.png 300w\\\" sizes=\\\"(max-width: 768px) 100vw, 768px\\\" \\\/><\\\/a><p><a href=https:\\\/\\\/nunoa.cl\\\/nunoapanorama\\\/event\\\/estreno-fire-supply\\\/>Estreno: Fire Supply<\\\/a><\\\/p>\",\"special\":\"\"},{\"start\":\"2024-10-16 19:00\",\"end\":\"2024-10-16 21:00\",\"url\":\"https:\\\/\\\/nunoa.cl\\\/nunoapanorama\\\/event\\\/cine-club-ginger-snaps-la-metamorfosis-del-sr-samsa-funcion-doble\\\/\",\"title\":\"CINE CLUB: Ginger Snaps \\\/ La metamorfosis del Sr. Samsa (Funci\\u00f3n doble)\",\"desc\":\"<a href=https:\\\/\\\/nunoa.cl\\\/nunoapanorama\\\/event\\\/cine-club-ginger-snaps-la-metamorfosis-del-sr-samsa-funcion-doble\\\/><img width=\\\"1024\\\" height=\\\"576\\\" src=\\\"https:\\\/\\\/nunoa.cl\\\/nunoapanorama\\\/wp-content\\\/uploads\\\/2024\\\/10\\\/Ginger-3-1-1024x576-1.png\\\" class=\\\"attachment-post-thumbnail size-post-thumbnail wp-post-image\\\" alt=\\\"\\\" srcset=\\\"https:\\\/\\\/nunoa.cl\\\/nunoapanorama\\\/wp-content\\\/uploads\\\/2024\\\/10\\\/Ginger-3-1-1024x576-1.png 1024w, https:\\\/\\\/nunoa.cl\\\/nunoapanorama\\\/wp-content\\\/uploads\\\/2024\\\/10\\\/Ginger-3-1-1024x576-1-300x169.png 300w, https:\\\/\\\/nunoa.cl\\\/nunoapanorama\\\/wp-content\\\/uploads\\\/2024\\\/10\\\/Ginger-3-1-1024x576-1-768x432.png 768w\\\" sizes=\\\"(max-width: 1024px) 100vw, 1024px\\\" \\\/><\\\/a><p><a href=https:\\\/\\\/nunoa.cl\\\/nunoapanorama\\\/event\\\/cine-club-ginger-snaps-la-metamorfosis-del-sr-samsa-funcion-doble\\\/>CINE CLUB: Ginger Snaps \\\/ La metamorfosis del Sr. Samsa (Funci\\u00f3n doble)<\\\/a><\\\/p>\",\"special\":\"\"},{\"start\":\"2024-10-18 19:30\",\"end\":\"2024-10-18 21:00\",\"url\":\"https:\\\/\\\/nunoa.cl\\\/nunoapanorama\\\/event\\\/camino-a-fidocs-muertes-y-maravillas\\\/\",\"title\":\"Camino a FIDOCS: Muertes y Maravillas\",\"desc\":\"<a href=https:\\\/\\\/nunoa.cl\\\/nunoapanorama\\\/event\\\/camino-a-fidocs-muertes-y-maravillas\\\/><img width=\\\"768\\\" height=\\\"506\\\" src=\\\"https:\\\/\\\/nunoa.cl\\\/nunoapanorama\\\/wp-content\\\/uploads\\\/2024\\\/10\\\/MM_STILLS__1.1.8-1-1-768x506-1.jpg\\\" class=\\\"attachment-post-thumbnail size-post-thumbnail wp-post-image\\\" alt=\\\"\\\" srcset=\\\"https:\\\/\\\/nunoa.cl\\\/nunoapanorama\\\/wp-content\\\/uploads\\\/2024\\\/10\\\/MM_STILLS__1.1.8-1-1-768x506-1.jpg 768w, https:\\\/\\\/nunoa.cl\\\/nunoapanorama\\\/wp-content\\\/uploads\\\/2024\\\/10\\\/MM_STILLS__1.1.8-1-1-768x506-1-300x198.jpg 300w\\\" sizes=\\\"(max-width: 768px) 100vw, 768px\\\" \\\/><\\\/a><p><a href=https:\\\/\\\/nunoa.cl\\\/nunoapanorama\\\/event\\\/camino-a-fidocs-muertes-y-maravillas\\\/>Camino a FIDOCS: Muertes y Maravillas<\\\/a><\\\/p>\",\"special\":\"\"},{\"start\":\"2024-10-22 19:30\",\"end\":\"2024-10-22 20:30\",\"url\":\"https:\\\/\\\/nunoa.cl\\\/nunoapanorama\\\/event\\\/el-documental-un-lugar-sin-limites-siete-anos-en-mayo-cineforo\\\/\",\"title\":\"El Documental: un lugar sin l\\u00edmites: Siete a\\u00f1os en mayo + Cineforo\",\"desc\":\"<a href=https:\\\/\\\/nunoa.cl\\\/nunoapanorama\\\/event\\\/el-documental-un-lugar-sin-limites-siete-anos-en-mayo-cineforo\\\/><img width=\\\"768\\\" height=\\\"576\\\" src=\\\"https:\\\/\\\/nunoa.cl\\\/nunoapanorama\\\/wp-content\\\/uploads\\\/2024\\\/10\\\/images-original-2-768x576-1.png\\\" class=\\\"attachment-post-thumbnail size-post-thumbnail wp-post-image\\\" alt=\\\"\\\" srcset=\\\"https:\\\/\\\/nunoa.cl\\\/nunoapanorama\\\/wp-content\\\/uploads\\\/2024\\\/10\\\/images-original-2-768x576-1.png 768w, https:\\\/\\\/nunoa.cl\\\/nunoapanorama\\\/wp-content\\\/uploads\\\/2024\\\/10\\\/images-original-2-768x576-1-300x225.png 300w\\\" sizes=\\\"(max-width: 768px) 100vw, 768px\\\" \\\/><\\\/a><p><a href=https:\\\/\\\/nunoa.cl\\\/nunoapanorama\\\/event\\\/el-documental-un-lugar-sin-limites-siete-anos-en-mayo-cineforo\\\/>El Documental: un lugar sin l\\u00edmites: Siete a\\u00f1os en mayo + Cineforo<\\\/a><\\\/p>\",\"special\":\"\"},{\"start\":\"2024-10-07 11:00\",\"end\":\"2024-11-03 19:00\",\"url\":\"https:\\\/\\\/nunoa.cl\\\/nunoapanorama\\\/event\\\/la-exposicion-metastasis-es-parte-del-10-foro-de-las-artes\\\/\",\"title\":\"La exposici\\u00f3n &#8220;Met\\u00e1stasis&#8221; es parte del 10\\u00b0 Foro de las Artes.\",\"desc\":\"<a href=https:\\\/\\\/nunoa.cl\\\/nunoapanorama\\\/event\\\/la-exposicion-metastasis-es-parte-del-10-foro-de-las-artes\\\/><img width=\\\"1079\\\" height=\\\"1079\\\" src=\\\"https:\\\/\\\/nunoa.cl\\\/nunoapanorama\\\/wp-content\\\/uploads\\\/2024\\\/10\\\/1727885618512-e1727885969183.jpg\\\" class=\\\"attachment-post-thumbnail size-post-thumbnail wp-post-image\\\" alt=\\\"\\\" srcset=\\\"https:\\\/\\\/nunoa.cl\\\/nunoapanorama\\\/wp-content\\\/uploads\\\/2024\\\/10\\\/1727885618512-e1727885969183.jpg 1079w, https:\\\/\\\/nunoa.cl\\\/nunoapanorama\\\/wp-content\\\/uploads\\\/2024\\\/10\\\/1727885618512-e1727885969183-300x300.jpg 300w, https:\\\/\\\/nunoa.cl\\\/nunoapanorama\\\/wp-content\\\/uploads\\\/2024\\\/10\\\/1727885618512-e1727885969183-1024x1024.jpg 1024w, https:\\\/\\\/nunoa.cl\\\/nunoapanorama\\\/wp-content\\\/uploads\\\/2024\\\/10\\\/1727885618512-e1727885969183-150x150.jpg 150w, https:\\\/\\\/nunoa.cl\\\/nunoapanorama\\\/wp-content\\\/uploads\\\/2024\\\/10\\\/1727885618512-e1727885969183-768x768.jpg 768w, https:\\\/\\\/nunoa.cl\\\/nunoapanorama\\\/wp-content\\\/uploads\\\/2024\\\/10\\\/1727885618512-e1727885969183-500x500.jpg 500w, https:\\\/\\\/nunoa.cl\\\/nunoapanorama\\\/wp-content\\\/uploads\\\/2024\\\/10\\\/1727885618512-e1727885969183-80x80.jpg 80w\\\" sizes=\\\"(max-width: 1079px) 100vw, 1079px\\\" \\\/><\\\/a><p><a href=https:\\\/\\\/nunoa.cl\\\/nunoapanorama\\\/event\\\/la-exposicion-metastasis-es-parte-del-10-foro-de-las-artes\\\/>La exposici\\u00f3n &#8220;Met\\u00e1stasis&#8221; es parte del 10\\u00b0 Foro de las Artes.<\\\/a><\\\/p>\",\"special\":\"\"},{\"start\":\"2024-10-03 10:00\",\"end\":\"2024-10-18 17:00\",\"url\":\"https:\\\/\\\/nunoa.cl\\\/nunoapanorama\\\/event\\\/exposicion-amplificar-la-duda-exploraciones-mediales-sobre-las-sensibilidades-extranas\\\/\",\"title\":\"Exposici\\u00f3n: &#8220;Amplificar la duda: exploraciones mediales sobre las sensibilidades extra\\u00f1as&#8221;\",\"desc\":\"<a href=https:\\\/\\\/nunoa.cl\\\/nunoapanorama\\\/event\\\/exposicion-amplificar-la-duda-exploraciones-mediales-sobre-las-sensibilidades-extranas\\\/><img width=\\\"1080\\\" height=\\\"1093\\\" src=\\\"https:\\\/\\\/nunoa.cl\\\/nunoapanorama\\\/wp-content\\\/uploads\\\/2024\\\/10\\\/1727971715685.jpg\\\" class=\\\"attachment-post-thumbnail size-post-thumbnail wp-post-image\\\" alt=\\\"\\\" srcset=\\\"https:\\\/\\\/nunoa.cl\\\/nunoapanorama\\\/wp-content\\\/uploads\\\/2024\\\/10\\\/1727971715685.jpg 1080w, https:\\\/\\\/nunoa.cl\\\/nunoapanorama\\\/wp-content\\\/uploads\\\/2024\\\/10\\\/1727971715685-296x300.jpg 296w, https:\\\/\\\/nunoa.cl\\\/nunoapanorama\\\/wp-content\\\/uploads\\\/2024\\\/10\\\/1727971715685-1012x1024.jpg 1012w, https:\\\/\\\/nunoa.cl\\\/nunoapanorama\\\/wp-content\\\/uploads\\\/2024\\\/10\\\/1727971715685-768x777.jpg 768w, https:\\\/\\\/nunoa.cl\\\/nunoapanorama\\\/wp-content\\\/uploads\\\/2024\\\/10\\\/1727971715685-80x80.jpg 80w\\\" sizes=\\\"(max-width: 1080px) 100vw, 1080px\\\" \\\/><\\\/a><p><a href=https:\\\/\\\/nunoa.cl\\\/nunoapanorama\\\/event\\\/exposicion-amplificar-la-duda-exploraciones-mediales-sobre-las-sensibilidades-extranas\\\/>Exposici\\u00f3n: &#8220;Amplificar la duda: exploraciones mediales sobre las sensibilidades extra\\u00f1as&#8221;<\\\/a><\\\/p>\",\"special\":\"\"},{\"start\":\"2024-10-23 19:00\",\"end\":\"2024-10-23 21:00\",\"url\":\"https:\\\/\\\/nunoa.cl\\\/nunoapanorama\\\/event\\\/cine-club-a-chinese-ghost-story\\\/\",\"title\":\"CINE CLUB: A Chinese Ghost Story\",\"desc\":\"<a href=https:\\\/\\\/nunoa.cl\\\/nunoapanorama\\\/event\\\/cine-club-a-chinese-ghost-story\\\/><img width=\\\"1024\\\" height=\\\"576\\\" src=\\\"https:\\\/\\\/nunoa.cl\\\/nunoapanorama\\\/wp-content\\\/uploads\\\/2024\\\/10\\\/Chinese-4-1024x576-1.png\\\" class=\\\"attachment-post-thumbnail size-post-thumbnail wp-post-image\\\" alt=\\\"\\\" srcset=\\\"https:\\\/\\\/nunoa.cl\\\/nunoapanorama\\\/wp-content\\\/uploads\\\/2024\\\/10\\\/Chinese-4-1024x576-1.png 1024w, https:\\\/\\\/nunoa.cl\\\/nunoapanorama\\\/wp-content\\\/uploads\\\/2024\\\/10\\\/Chinese-4-1024x576-1-300x169.png 300w, https:\\\/\\\/nunoa.cl\\\/nunoapanorama\\\/wp-content\\\/uploads\\\/2024\\\/10\\\/Chinese-4-1024x576-1-768x432.png 768w\\\" sizes=\\\"(max-width: 1024px) 100vw, 1024px\\\" \\\/><\\\/a><p><a href=https:\\\/\\\/nunoa.cl\\\/nunoapanorama\\\/event\\\/cine-club-a-chinese-ghost-story\\\/>CINE CLUB: A Chinese Ghost Story<\\\/a><\\\/p>\",\"special\":\"\"},{\"start\":\"2024-10-25 19:30\",\"end\":\"2024-10-25 22:00\",\"url\":\"https:\\\/\\\/nunoa.cl\\\/nunoapanorama\\\/event\\\/estreno-la-bestia\\\/\",\"title\":\"Estreno: La Bestia\",\"desc\":\"<a href=https:\\\/\\\/nunoa.cl\\\/nunoapanorama\\\/event\\\/estreno-la-bestia\\\/><img width=\\\"1280\\\" height=\\\"720\\\" src=\\\"https:\\\/\\\/nunoa.cl\\\/nunoapanorama\\\/wp-content\\\/uploads\\\/2024\\\/10\\\/maxresdefault.jpg\\\" class=\\\"attachment-post-thumbnail size-post-thumbnail wp-post-image\\\" alt=\\\"\\\" srcset=\\\"https:\\\/\\\/nunoa.cl\\\/nunoapanorama\\\/wp-content\\\/uploads\\\/2024\\\/10\\\/maxresdefault.jpg 1280w, https:\\\/\\\/nunoa.cl\\\/nunoapanorama\\\/wp-content\\\/uploads\\\/2024\\\/10\\\/maxresdefault-300x169.jpg 300w, https:\\\/\\\/nunoa.cl\\\/nunoapanorama\\\/wp-content\\\/uploads\\\/2024\\\/10\\\/maxresdefault-1024x576.jpg 1024w, https:\\\/\\\/nunoa.cl\\\/nunoapanorama\\\/wp-content\\\/uploads\\\/2024\\\/10\\\/maxresdefault-768x432.jpg 768w\\\" sizes=\\\"(max-width: 1280px) 100vw, 1280px\\\" \\\/><\\\/a><p><a href=https:\\\/\\\/nunoa.cl\\\/nunoapanorama\\\/event\\\/estreno-la-bestia\\\/>Estreno: La Bestia<\\\/a><\\\/p>\",\"special\":\"\"},{\"start\":\"2024-10-30 19:00\",\"end\":\"2024-10-30 21:00\",\"url\":\"https:\\\/\\\/nunoa.cl\\\/nunoapanorama\\\/event\\\/cine-club-la-masacre-de-texas\\\/\",\"title\":\"CINE CLUB: La masacre de Texas\",\"desc\":\"<a href=https:\\\/\\\/nunoa.cl\\\/nunoapanorama\\\/event\\\/cine-club-la-masacre-de-texas\\\/><img width=\\\"1024\\\" height=\\\"576\\\" src=\\\"https:\\\/\\\/nunoa.cl\\\/nunoapanorama\\\/wp-content\\\/uploads\\\/2024\\\/10\\\/Texas-3-1024x576-1.png\\\" class=\\\"attachment-post-thumbnail size-post-thumbnail wp-post-image\\\" alt=\\\"\\\" srcset=\\\"https:\\\/\\\/nunoa.cl\\\/nunoapanorama\\\/wp-content\\\/uploads\\\/2024\\\/10\\\/Texas-3-1024x576-1.png 1024w, https:\\\/\\\/nunoa.cl\\\/nunoapanorama\\\/wp-content\\\/uploads\\\/2024\\\/10\\\/Texas-3-1024x576-1-300x169.png 300w, https:\\\/\\\/nunoa.cl\\\/nunoapanorama\\\/wp-content\\\/uploads\\\/2024\\\/10\\\/Texas-3-1024x576-1-768x432.png 768w\\\" sizes=\\\"(max-width: 1024px) 100vw, 1024px\\\" \\\/><\\\/a><p><a href=https:\\\/\\\/nunoa.cl\\\/nunoapanorama\\\/event\\\/cine-club-la-masacre-de-texas\\\/>CINE CLUB: La masacre de Texas<\\\/a><\\\/p>\",\"special\":\"\"},{\"start\":\"2024-10-11 18:00\",\"end\":\"2024-10-11 20:15\",\"url\":\"https:\\\/\\\/nunoa.cl\\\/nunoapanorama\\\/event\\\/noche-de-los-museos-2024-en-la-umce\\\/\",\"title\":\"Noche de los Museos 2024 en la UMCE\",\"desc\":\"<a href=https:\\\/\\\/nunoa.cl\\\/nunoapanorama\\\/event\\\/noche-de-los-museos-2024-en-la-umce\\\/><img width=\\\"1080\\\" height=\\\"1080\\\" src=\\\"https:\\\/\\\/nunoa.cl\\\/nunoapanorama\\\/wp-content\\\/uploads\\\/2024\\\/10\\\/nocheMuseos-RRSS-1.jpg\\\" class=\\\"attachment-post-thumbnail size-post-thumbnail wp-post-image\\\" alt=\\\"\\\" srcset=\\\"https:\\\/\\\/nunoa.cl\\\/nunoapanorama\\\/wp-content\\\/uploads\\\/2024\\\/10\\\/nocheMuseos-RRSS-1.jpg 1080w, https:\\\/\\\/nunoa.cl\\\/nunoapanorama\\\/wp-content\\\/uploads\\\/2024\\\/10\\\/nocheMuseos-RRSS-1-300x300.jpg 300w, https:\\\/\\\/nunoa.cl\\\/nunoapanorama\\\/wp-content\\\/uploads\\\/2024\\\/10\\\/nocheMuseos-RRSS-1-1024x1024.jpg 1024w, https:\\\/\\\/nunoa.cl\\\/nunoapanorama\\\/wp-content\\\/uploads\\\/2024\\\/10\\\/nocheMuseos-RRSS-1-150x150.jpg 150w, https:\\\/\\\/nunoa.cl\\\/nunoapanorama\\\/wp-content\\\/uploads\\\/2024\\\/10\\\/nocheMuseos-RRSS-1-768x768.jpg 768w, https:\\\/\\\/nunoa.cl\\\/nunoapanorama\\\/wp-content\\\/uploads\\\/2024\\\/10\\\/nocheMuseos-RRSS-1-500x500.jpg 500w, https:\\\/\\\/nunoa.cl\\\/nunoapanorama\\\/wp-content\\\/uploads\\\/2024\\\/10\\\/nocheMuseos-RRSS-1-80x80.jpg 80w\\\" sizes=\\\"(max-width: 1080px) 100vw, 1080px\\\" \\\/><\\\/a><p><a href=https:\\\/\\\/nunoa.cl\\\/nunoapanorama\\\/event\\\/noche-de-los-museos-2024-en-la-umce\\\/>Noche de los Museos 2024 en la UMCE<\\\/a><\\\/p>\",\"special\":\"checked\"},{\"start\":\"2024-11-16 16:00\",\"end\":\"2024-11-16 19:00\",\"url\":\"https:\\\/\\\/nunoa.cl\\\/nunoapanorama\\\/event\\\/dia-de-los-patrimonios-ninas-ninos-y-adolescentes\\\/\",\"title\":\"DIA DE LOS PATRIMONIOS, NI\\u00d1AS, NI\\u00d1OS Y ADOLESCENTES\",\"desc\":\"<a href=https:\\\/\\\/nunoa.cl\\\/nunoapanorama\\\/event\\\/dia-de-los-patrimonios-ninas-ninos-y-adolescentes\\\/><img width=\\\"1080\\\" height=\\\"1080\\\" src=\\\"https:\\\/\\\/nunoa.cl\\\/nunoapanorama\\\/wp-content\\\/uploads\\\/2024\\\/11\\\/mitosPEDA2-RRSS-1.jpg\\\" class=\\\"attachment-post-thumbnail size-post-thumbnail wp-post-image\\\" alt=\\\"\\\" srcset=\\\"https:\\\/\\\/nunoa.cl\\\/nunoapanorama\\\/wp-content\\\/uploads\\\/2024\\\/11\\\/mitosPEDA2-RRSS-1.jpg 1080w, https:\\\/\\\/nunoa.cl\\\/nunoapanorama\\\/wp-content\\\/uploads\\\/2024\\\/11\\\/mitosPEDA2-RRSS-1-300x300.jpg 300w, https:\\\/\\\/nunoa.cl\\\/nunoapanorama\\\/wp-content\\\/uploads\\\/2024\\\/11\\\/mitosPEDA2-RRSS-1-1024x1024.jpg 1024w, https:\\\/\\\/nunoa.cl\\\/nunoapanorama\\\/wp-content\\\/uploads\\\/2024\\\/11\\\/mitosPEDA2-RRSS-1-150x150.jpg 150w, https:\\\/\\\/nunoa.cl\\\/nunoapanorama\\\/wp-content\\\/uploads\\\/2024\\\/11\\\/mitosPEDA2-RRSS-1-768x768.jpg 768w, https:\\\/\\\/nunoa.cl\\\/nunoapanorama\\\/wp-content\\\/uploads\\\/2024\\\/11\\\/mitosPEDA2-RRSS-1-500x500.jpg 500w, https:\\\/\\\/nunoa.cl\\\/nunoapanorama\\\/wp-content\\\/uploads\\\/2024\\\/11\\\/mitosPEDA2-RRSS-1-80x80.jpg 80w\\\" sizes=\\\"(max-width: 1080px) 100vw, 1080px\\\" \\\/><\\\/a><p><a href=https:\\\/\\\/nunoa.cl\\\/nunoapanorama\\\/event\\\/dia-de-los-patrimonios-ninas-ninos-y-adolescentes\\\/>DIA DE LOS PATRIMONIOS, NI\\u00d1AS, NI\\u00d1OS Y ADOLESCENTES<\\\/a><\\\/p>\",\"special\":\"checked\"},{\"start\":\"2024-12-14 19:30\",\"end\":\"2024-12-14 21:30\",\"url\":\"https:\\\/\\\/nunoa.cl\\\/nunoapanorama\\\/event\\\/estreno-los-afectos-cine-foro\\\/\",\"title\":\"ESTRENO: Los Afectos + Cine foro\",\"desc\":\"<a href=https:\\\/\\\/nunoa.cl\\\/nunoapanorama\\\/event\\\/estreno-los-afectos-cine-foro\\\/><img width=\\\"768\\\" height=\\\"576\\\" src=\\\"https:\\\/\\\/nunoa.cl\\\/nunoapanorama\\\/wp-content\\\/uploads\\\/2024\\\/12\\\/affectiones_3-scaled-e1723564593396-768x977-1-e1733169869720.jpeg\\\" class=\\\"attachment-post-thumbnail size-post-thumbnail wp-post-image\\\" alt=\\\"\\\" srcset=\\\"https:\\\/\\\/nunoa.cl\\\/nunoapanorama\\\/wp-content\\\/uploads\\\/2024\\\/12\\\/affectiones_3-scaled-e1723564593396-768x977-1-e1733169869720.jpeg 768w, https:\\\/\\\/nunoa.cl\\\/nunoapanorama\\\/wp-content\\\/uploads\\\/2024\\\/12\\\/affectiones_3-scaled-e1723564593396-768x977-1-e1733169869720-300x225.jpeg 300w\\\" sizes=\\\"(max-width: 768px) 100vw, 768px\\\" \\\/><\\\/a><p><a href=https:\\\/\\\/nunoa.cl\\\/nunoapanorama\\\/event\\\/estreno-los-afectos-cine-foro\\\/>ESTRENO: Los Afectos + Cine foro<\\\/a><\\\/p>\",\"special\":\"\"},{\"start\":\"2024-12-17 08:00\",\"end\":\"2024-12-17 18:00\",\"url\":\"https:\\\/\\\/nunoa.cl\\\/nunoapanorama\\\/event\\\/ciclo-el-documental-un-lugar-sin-limites-el-tren-se-ha-detenido-no-hay-estrellas-sobre-el-cine-foro\\\/\",\"title\":\"&#8220;Ciclo El Documental : un lugar sin l\\u00edmites&#8221; El tren se ha detenido, no hay estrellas sobre \\u00e9l + cine foro\",\"desc\":\"<a href=https:\\\/\\\/nunoa.cl\\\/nunoapanorama\\\/event\\\/ciclo-el-documental-un-lugar-sin-limites-el-tren-se-ha-detenido-no-hay-estrellas-sobre-el-cine-foro\\\/><img width=\\\"768\\\" height=\\\"513\\\" src=\\\"https:\\\/\\\/nunoa.cl\\\/nunoapanorama\\\/wp-content\\\/uploads\\\/2024\\\/12\\\/AFICHE-EN-TREN-scaled-e1733170355830-768x513-1.jpg\\\" class=\\\"attachment-post-thumbnail size-post-thumbnail wp-post-image\\\" alt=\\\"\\\" srcset=\\\"https:\\\/\\\/nunoa.cl\\\/nunoapanorama\\\/wp-content\\\/uploads\\\/2024\\\/12\\\/AFICHE-EN-TREN-scaled-e1733170355830-768x513-1.jpg 768w, https:\\\/\\\/nunoa.cl\\\/nunoapanorama\\\/wp-content\\\/uploads\\\/2024\\\/12\\\/AFICHE-EN-TREN-scaled-e1733170355830-768x513-1-300x200.jpg 300w\\\" sizes=\\\"(max-width: 768px) 100vw, 768px\\\" \\\/><\\\/a><p><a href=https:\\\/\\\/nunoa.cl\\\/nunoapanorama\\\/event\\\/ciclo-el-documental-un-lugar-sin-limites-el-tren-se-ha-detenido-no-hay-estrellas-sobre-el-cine-foro\\\/>&#8220;Ciclo El Documental : un lugar sin l\\u00edmites&#8221; El tren se ha detenido, no hay estrellas sobre \\u00e9l + cine foro<\\\/a><\\\/p>\",\"special\":\"\"},{\"start\":\"2024-12-18 19:00\",\"end\":\"2024-12-18 21:00\",\"url\":\"https:\\\/\\\/nunoa.cl\\\/nunoapanorama\\\/event\\\/cine-club-maria-aparicio-presenta-chotard-y-cia\\\/\",\"title\":\"CINE CLUB: Mar\\u00eda Aparicio presenta: Chotard y C\\u00eda\",\"desc\":\"<a href=https:\\\/\\\/nunoa.cl\\\/nunoapanorama\\\/event\\\/cine-club-maria-aparicio-presenta-chotard-y-cia\\\/><img width=\\\"630\\\" height=\\\"355\\\" src=\\\"https:\\\/\\\/nunoa.cl\\\/nunoapanorama\\\/wp-content\\\/uploads\\\/2024\\\/12\\\/Chotard-1.jpg\\\" class=\\\"attachment-post-thumbnail size-post-thumbnail wp-post-image\\\" alt=\\\"\\\" srcset=\\\"https:\\\/\\\/nunoa.cl\\\/nunoapanorama\\\/wp-content\\\/uploads\\\/2024\\\/12\\\/Chotard-1.jpg 630w, https:\\\/\\\/nunoa.cl\\\/nunoapanorama\\\/wp-content\\\/uploads\\\/2024\\\/12\\\/Chotard-1-300x169.jpg 300w\\\" sizes=\\\"(max-width: 630px) 100vw, 630px\\\" \\\/><\\\/a><p><a href=https:\\\/\\\/nunoa.cl\\\/nunoapanorama\\\/event\\\/cine-club-maria-aparicio-presenta-chotard-y-cia\\\/>CINE CLUB: Mar\\u00eda Aparicio presenta: Chotard y C\\u00eda<\\\/a><\\\/p>\",\"special\":\"\"},{\"start\":\"2024-12-13 18:00\",\"end\":\"2024-12-13 20:00\",\"url\":\"https:\\\/\\\/nunoa.cl\\\/nunoapanorama\\\/event\\\/lanzamiento-del-libro-suenos-de-victoria-patricio-manzano-o-el-acoso-a-la-fech-1985\\\/\",\"title\":\"Lanzamiento del libro  &#8220;Sue\\u00f1os de Victoria. Patricio Manzano  o el acoso a la FECh 1985&#8221;\",\"desc\":\"<a href=https:\\\/\\\/nunoa.cl\\\/nunoapanorama\\\/event\\\/lanzamiento-del-libro-suenos-de-victoria-patricio-manzano-o-el-acoso-a-la-fech-1985\\\/><img width=\\\"1080\\\" height=\\\"1080\\\" src=\\\"https:\\\/\\\/nunoa.cl\\\/nunoapanorama\\\/wp-content\\\/uploads\\\/2024\\\/12\\\/BannerSuenos-de-Victoria-1.jpg\\\" class=\\\"attachment-post-thumbnail size-post-thumbnail wp-post-image\\\" alt=\\\"\\\" srcset=\\\"https:\\\/\\\/nunoa.cl\\\/nunoapanorama\\\/wp-content\\\/uploads\\\/2024\\\/12\\\/BannerSuenos-de-Victoria-1.jpg 1080w, https:\\\/\\\/nunoa.cl\\\/nunoapanorama\\\/wp-content\\\/uploads\\\/2024\\\/12\\\/BannerSuenos-de-Victoria-1-300x300.jpg 300w, https:\\\/\\\/nunoa.cl\\\/nunoapanorama\\\/wp-content\\\/uploads\\\/2024\\\/12\\\/BannerSuenos-de-Victoria-1-1024x1024.jpg 1024w, https:\\\/\\\/nunoa.cl\\\/nunoapanorama\\\/wp-content\\\/uploads\\\/2024\\\/12\\\/BannerSuenos-de-Victoria-1-150x150.jpg 150w, https:\\\/\\\/nunoa.cl\\\/nunoapanorama\\\/wp-content\\\/uploads\\\/2024\\\/12\\\/BannerSuenos-de-Victoria-1-768x768.jpg 768w, https:\\\/\\\/nunoa.cl\\\/nunoapanorama\\\/wp-content\\\/uploads\\\/2024\\\/12\\\/BannerSuenos-de-Victoria-1-500x500.jpg 500w, https:\\\/\\\/nunoa.cl\\\/nunoapanorama\\\/wp-content\\\/uploads\\\/2024\\\/12\\\/BannerSuenos-de-Victoria-1-80x80.jpg 80w\\\" sizes=\\\"(max-width: 1080px) 100vw, 1080px\\\" \\\/><\\\/a><p><a href=https:\\\/\\\/nunoa.cl\\\/nunoapanorama\\\/event\\\/lanzamiento-del-libro-suenos-de-victoria-patricio-manzano-o-el-acoso-a-la-fech-1985\\\/>Lanzamiento del libro  &#8220;Sue\\u00f1os de Victoria. Patricio Manzano  o el acoso a la FECh 1985&#8221;<\\\/a><\\\/p>\",\"special\":\"checked\"},{\"start\":\"2024-12-10 19:00\",\"end\":\"2024-12-10 20:00\",\"url\":\"https:\\\/\\\/nunoa.cl\\\/nunoapanorama\\\/event\\\/cantata-popular\\\/\",\"title\":\"Cantata Popular\",\"desc\":\"<a href=https:\\\/\\\/nunoa.cl\\\/nunoapanorama\\\/event\\\/cantata-popular\\\/><img width=\\\"1080\\\" height=\\\"1510\\\" src=\\\"https:\\\/\\\/nunoa.cl\\\/nunoapanorama\\\/wp-content\\\/uploads\\\/2024\\\/12\\\/unnamed.jpg\\\" class=\\\"attachment-post-thumbnail size-post-thumbnail wp-post-image\\\" alt=\\\"\\\" srcset=\\\"https:\\\/\\\/nunoa.cl\\\/nunoapanorama\\\/wp-content\\\/uploads\\\/2024\\\/12\\\/unnamed.jpg 1080w, https:\\\/\\\/nunoa.cl\\\/nunoapanorama\\\/wp-content\\\/uploads\\\/2024\\\/12\\\/unnamed-215x300.jpg 215w, https:\\\/\\\/nunoa.cl\\\/nunoapanorama\\\/wp-content\\\/uploads\\\/2024\\\/12\\\/unnamed-732x1024.jpg 732w, https:\\\/\\\/nunoa.cl\\\/nunoapanorama\\\/wp-content\\\/uploads\\\/2024\\\/12\\\/unnamed-768x1074.jpg 768w\\\" sizes=\\\"(max-width: 1080px) 100vw, 1080px\\\" \\\/><\\\/a><p><a href=https:\\\/\\\/nunoa.cl\\\/nunoapanorama\\\/event\\\/cantata-popular\\\/>Cantata Popular<\\\/a><\\\/p>\",\"special\":\"\"},{\"start\":\"2024-12-20 19:30\",\"end\":\"2024-12-20 21:00\",\"url\":\"https:\\\/\\\/nunoa.cl\\\/nunoapanorama\\\/event\\\/estreno-los-hiperboreos-cine-foro\\\/\",\"title\":\"ESTRENO: Los Hiperb\\u00f3reos + Cine foro\",\"desc\":\"<a href=https:\\\/\\\/nunoa.cl\\\/nunoapanorama\\\/event\\\/estreno-los-hiperboreos-cine-foro\\\/><img width=\\\"768\\\" height=\\\"512\\\" src=\\\"https:\\\/\\\/nunoa.cl\\\/nunoapanorama\\\/wp-content\\\/uploads\\\/2024\\\/12\\\/Still-Los-Hiperboreos-Anto-768x512-1.jpeg\\\" class=\\\"attachment-post-thumbnail size-post-thumbnail wp-post-image\\\" alt=\\\"\\\" srcset=\\\"https:\\\/\\\/nunoa.cl\\\/nunoapanorama\\\/wp-content\\\/uploads\\\/2024\\\/12\\\/Still-Los-Hiperboreos-Anto-768x512-1.jpeg 768w, https:\\\/\\\/nunoa.cl\\\/nunoapanorama\\\/wp-content\\\/uploads\\\/2024\\\/12\\\/Still-Los-Hiperboreos-Anto-768x512-1-300x200.jpeg 300w\\\" sizes=\\\"(max-width: 768px) 100vw, 768px\\\" \\\/><\\\/a><p><a href=https:\\\/\\\/nunoa.cl\\\/nunoapanorama\\\/event\\\/estreno-los-hiperboreos-cine-foro\\\/>ESTRENO: Los Hiperb\\u00f3reos + Cine foro<\\\/a><\\\/p>\",\"special\":\"\"},{\"start\":\"2024-12-21 19:30\",\"end\":\"2024-12-13 21:30\",\"url\":\"https:\\\/\\\/nunoa.cl\\\/nunoapanorama\\\/event\\\/estreno-todo-documento-de-civilizacion-cine-foro\\\/\",\"title\":\"Estreno: Todo documento de civilizaci\\u00f3n + Cine foro\",\"desc\":\"<a href=https:\\\/\\\/nunoa.cl\\\/nunoapanorama\\\/event\\\/estreno-todo-documento-de-civilizacion-cine-foro\\\/><img width=\\\"1024\\\" height=\\\"576\\\" src=\\\"https:\\\/\\\/nunoa.cl\\\/nunoapanorama\\\/wp-content\\\/uploads\\\/2024\\\/12\\\/todo_documento_de_civilizacion-633285352-large-1024x576-1.jpg\\\" class=\\\"attachment-post-thumbnail size-post-thumbnail wp-post-image\\\" alt=\\\"\\\" srcset=\\\"https:\\\/\\\/nunoa.cl\\\/nunoapanorama\\\/wp-content\\\/uploads\\\/2024\\\/12\\\/todo_documento_de_civilizacion-633285352-large-1024x576-1.jpg 1024w, https:\\\/\\\/nunoa.cl\\\/nunoapanorama\\\/wp-content\\\/uploads\\\/2024\\\/12\\\/todo_documento_de_civilizacion-633285352-large-1024x576-1-300x169.jpg 300w, https:\\\/\\\/nunoa.cl\\\/nunoapanorama\\\/wp-content\\\/uploads\\\/2024\\\/12\\\/todo_documento_de_civilizacion-633285352-large-1024x576-1-768x432.jpg 768w\\\" sizes=\\\"(max-width: 1024px) 100vw, 1024px\\\" \\\/><\\\/a><p><a href=https:\\\/\\\/nunoa.cl\\\/nunoapanorama\\\/event\\\/estreno-todo-documento-de-civilizacion-cine-foro\\\/>Estreno: Todo documento de civilizaci\\u00f3n + Cine foro<\\\/a><\\\/p>\",\"special\":\"\"},{\"start\":\"2024-12-27 19:30\",\"end\":\"2024-12-27 21:00\",\"url\":\"https:\\\/\\\/nunoa.cl\\\/nunoapanorama\\\/event\\\/cine-club-jose-luis-torres-leiva-presenta-el-pequeno-fugitivo\\\/\",\"title\":\"CINE CLUB: Jos\\u00e9 Luis Torres Leiva Presenta: El peque\\u00f1o fugitivo\",\"desc\":\"<a href=https:\\\/\\\/nunoa.cl\\\/nunoapanorama\\\/event\\\/cine-club-jose-luis-torres-leiva-presenta-el-pequeno-fugitivo\\\/><img width=\\\"1024\\\" height=\\\"576\\\" src=\\\"https:\\\/\\\/nunoa.cl\\\/nunoapanorama\\\/wp-content\\\/uploads\\\/2024\\\/12\\\/Fugutivo-5-1024x576-1.png\\\" class=\\\"attachment-post-thumbnail size-post-thumbnail wp-post-image\\\" alt=\\\"\\\" srcset=\\\"https:\\\/\\\/nunoa.cl\\\/nunoapanorama\\\/wp-content\\\/uploads\\\/2024\\\/12\\\/Fugutivo-5-1024x576-1.png 1024w, https:\\\/\\\/nunoa.cl\\\/nunoapanorama\\\/wp-content\\\/uploads\\\/2024\\\/12\\\/Fugutivo-5-1024x576-1-300x169.png 300w, https:\\\/\\\/nunoa.cl\\\/nunoapanorama\\\/wp-content\\\/uploads\\\/2024\\\/12\\\/Fugutivo-5-1024x576-1-768x432.png 768w\\\" sizes=\\\"(max-width: 1024px) 100vw, 1024px\\\" \\\/><\\\/a><p><a href=https:\\\/\\\/nunoa.cl\\\/nunoapanorama\\\/event\\\/cine-club-jose-luis-torres-leiva-presenta-el-pequeno-fugitivo\\\/>CINE CLUB: Jos\\u00e9 Luis Torres Leiva Presenta: El peque\\u00f1o fugitivo<\\\/a><\\\/p>\",\"special\":\"\"},{\"start\":\"2024-12-28 19:30\",\"end\":\"2024-12-28 21:30\",\"url\":\"https:\\\/\\\/nunoa.cl\\\/nunoapanorama\\\/event\\\/cine-its-a-wonderful-life\\\/\",\"title\":\"Cine: It\\u2019s a Wonderful Life\",\"desc\":\"<a href=https:\\\/\\\/nunoa.cl\\\/nunoapanorama\\\/event\\\/cine-its-a-wonderful-life\\\/><img width=\\\"266\\\" height=\\\"189\\\" src=\\\"https:\\\/\\\/nunoa.cl\\\/nunoapanorama\\\/wp-content\\\/uploads\\\/2024\\\/12\\\/images.jpg\\\" class=\\\"attachment-post-thumbnail size-post-thumbnail wp-post-image\\\" alt=\\\"\\\" \\\/><\\\/a><p><a href=https:\\\/\\\/nunoa.cl\\\/nunoapanorama\\\/event\\\/cine-its-a-wonderful-life\\\/>Cine: It\\u2019s a Wonderful Life<\\\/a><\\\/p>\",\"special\":\"\"},{\"start\":\"2025-01-08 10:00\",\"end\":\"2025-01-08 12:00\",\"url\":\"https:\\\/\\\/nunoa.cl\\\/nunoapanorama\\\/event\\\/documental-los-hijos-de-arna-conversatorio-resistencia-cultural-desde-palestina\\\/\",\"title\":\"Documental: &#8220;Los hijos de Arna&#8221; + Conversatorio resistencia cultural desde Palestina\",\"desc\":\"<a href=https:\\\/\\\/nunoa.cl\\\/nunoapanorama\\\/event\\\/documental-los-hijos-de-arna-conversatorio-resistencia-cultural-desde-palestina\\\/><img width=\\\"1080\\\" height=\\\"1080\\\" src=\\\"https:\\\/\\\/nunoa.cl\\\/nunoapanorama\\\/wp-content\\\/uploads\\\/2025\\\/01\\\/palestina1-RRSS.jpg\\\" class=\\\"attachment-post-thumbnail size-post-thumbnail wp-post-image\\\" alt=\\\"\\\" srcset=\\\"https:\\\/\\\/nunoa.cl\\\/nunoapanorama\\\/wp-content\\\/uploads\\\/2025\\\/01\\\/palestina1-RRSS.jpg 1080w, https:\\\/\\\/nunoa.cl\\\/nunoapanorama\\\/wp-content\\\/uploads\\\/2025\\\/01\\\/palestina1-RRSS-300x300.jpg 300w, https:\\\/\\\/nunoa.cl\\\/nunoapanorama\\\/wp-content\\\/uploads\\\/2025\\\/01\\\/palestina1-RRSS-1024x1024.jpg 1024w, https:\\\/\\\/nunoa.cl\\\/nunoapanorama\\\/wp-content\\\/uploads\\\/2025\\\/01\\\/palestina1-RRSS-150x150.jpg 150w, https:\\\/\\\/nunoa.cl\\\/nunoapanorama\\\/wp-content\\\/uploads\\\/2025\\\/01\\\/palestina1-RRSS-768x768.jpg 768w, https:\\\/\\\/nunoa.cl\\\/nunoapanorama\\\/wp-content\\\/uploads\\\/2025\\\/01\\\/palestina1-RRSS-500x500.jpg 500w, https:\\\/\\\/nunoa.cl\\\/nunoapanorama\\\/wp-content\\\/uploads\\\/2025\\\/01\\\/palestina1-RRSS-80x80.jpg 80w\\\" sizes=\\\"(max-width: 1080px) 100vw, 1080px\\\" \\\/><\\\/a><p><a href=https:\\\/\\\/nunoa.cl\\\/nunoapanorama\\\/event\\\/documental-los-hijos-de-arna-conversatorio-resistencia-cultural-desde-palestina\\\/>Documental: &#8220;Los hijos de Arna&#8221; + Conversatorio resistencia cultural desde Palestina<\\\/a><\\\/p>\",\"special\":\"\"},{\"start\":\"2025-01-10 19:30\",\"end\":\"2025-01-10 21:30\",\"url\":\"https:\\\/\\\/nunoa.cl\\\/nunoapanorama\\\/event\\\/cine-recordando-a-marisa-paredes-tacones-lejanos\\\/\",\"title\":\"Cine: Recordando a Marisa Paredes &#8220;Tacones Lejanos&#8221;.\",\"desc\":\"<a href=https:\\\/\\\/nunoa.cl\\\/nunoapanorama\\\/event\\\/cine-recordando-a-marisa-paredes-tacones-lejanos\\\/><img width=\\\"1024\\\" height=\\\"576\\\" src=\\\"https:\\\/\\\/nunoa.cl\\\/nunoapanorama\\\/wp-content\\\/uploads\\\/2025\\\/01\\\/1626975261270-1024x576-1.jpg\\\" class=\\\"attachment-post-thumbnail size-post-thumbnail wp-post-image\\\" alt=\\\"\\\" srcset=\\\"https:\\\/\\\/nunoa.cl\\\/nunoapanorama\\\/wp-content\\\/uploads\\\/2025\\\/01\\\/1626975261270-1024x576-1.jpg 1024w, https:\\\/\\\/nunoa.cl\\\/nunoapanorama\\\/wp-content\\\/uploads\\\/2025\\\/01\\\/1626975261270-1024x576-1-300x169.jpg 300w, https:\\\/\\\/nunoa.cl\\\/nunoapanorama\\\/wp-content\\\/uploads\\\/2025\\\/01\\\/1626975261270-1024x576-1-768x432.jpg 768w\\\" sizes=\\\"(max-width: 1024px) 100vw, 1024px\\\" \\\/><\\\/a><p><a href=https:\\\/\\\/nunoa.cl\\\/nunoapanorama\\\/event\\\/cine-recordando-a-marisa-paredes-tacones-lejanos\\\/>Cine: Recordando a Marisa Paredes &#8220;Tacones Lejanos&#8221;.<\\\/a><\\\/p>\",\"special\":\"\"},{\"start\":\"2025-01-11 19:30\",\"end\":\"2025-01-11 21:00\",\"url\":\"https:\\\/\\\/nunoa.cl\\\/nunoapanorama\\\/event\\\/estreno-la-mutante-cine-foro\\\/\",\"title\":\"Estreno: La Mutante + Cine foro\",\"desc\":\"<a href=https:\\\/\\\/nunoa.cl\\\/nunoapanorama\\\/event\\\/estreno-la-mutante-cine-foro\\\/><img width=\\\"1024\\\" height=\\\"576\\\" src=\\\"https:\\\/\\\/nunoa.cl\\\/nunoapanorama\\\/wp-content\\\/uploads\\\/2025\\\/01\\\/STILL-13-1024x576-1.jpg\\\" class=\\\"attachment-post-thumbnail size-post-thumbnail wp-post-image\\\" alt=\\\"\\\" srcset=\\\"https:\\\/\\\/nunoa.cl\\\/nunoapanorama\\\/wp-content\\\/uploads\\\/2025\\\/01\\\/STILL-13-1024x576-1.jpg 1024w, https:\\\/\\\/nunoa.cl\\\/nunoapanorama\\\/wp-content\\\/uploads\\\/2025\\\/01\\\/STILL-13-1024x576-1-300x169.jpg 300w, https:\\\/\\\/nunoa.cl\\\/nunoapanorama\\\/wp-content\\\/uploads\\\/2025\\\/01\\\/STILL-13-1024x576-1-768x432.jpg 768w\\\" sizes=\\\"(max-width: 1024px) 100vw, 1024px\\\" \\\/><\\\/a><p><a href=https:\\\/\\\/nunoa.cl\\\/nunoapanorama\\\/event\\\/estreno-la-mutante-cine-foro\\\/>Estreno: La Mutante + Cine foro<\\\/a><\\\/p>\",\"special\":\"\"},{\"start\":\"2025-01-14 19:00\",\"end\":\"2025-01-14 19:30\",\"url\":\"https:\\\/\\\/nunoa.cl\\\/nunoapanorama\\\/event\\\/ciclo-el-documental-un-lugar-sin-limites-cortometrajes-de-carolina-astudillo\\\/\",\"title\":\"Ciclo \\u201cEl Documental: un lugar sin l\\u00edmites\\u201d, Cortometrajes de Carolina Astudillo\",\"desc\":\"<a href=https:\\\/\\\/nunoa.cl\\\/nunoapanorama\\\/event\\\/ciclo-el-documental-un-lugar-sin-limites-cortometrajes-de-carolina-astudillo\\\/><img width=\\\"768\\\" height=\\\"574\\\" src=\\\"https:\\\/\\\/nunoa.cl\\\/nunoapanorama\\\/wp-content\\\/uploads\\\/2025\\\/01\\\/postal-768x574-1.png\\\" class=\\\"attachment-post-thumbnail size-post-thumbnail wp-post-image\\\" alt=\\\"\\\" srcset=\\\"https:\\\/\\\/nunoa.cl\\\/nunoapanorama\\\/wp-content\\\/uploads\\\/2025\\\/01\\\/postal-768x574-1.png 768w, https:\\\/\\\/nunoa.cl\\\/nunoapanorama\\\/wp-content\\\/uploads\\\/2025\\\/01\\\/postal-768x574-1-300x224.png 300w\\\" sizes=\\\"(max-width: 768px) 100vw, 768px\\\" \\\/><\\\/a><p><a href=https:\\\/\\\/nunoa.cl\\\/nunoapanorama\\\/event\\\/ciclo-el-documental-un-lugar-sin-limites-cortometrajes-de-carolina-astudillo\\\/>Ciclo \\u201cEl Documental: un lugar sin l\\u00edmites\\u201d, Cortometrajes de Carolina Astudillo<\\\/a><\\\/p>\",\"special\":\"\"},{\"start\":\"2025-01-17 19:30\",\"end\":\"2025-01-17 21:00\",\"url\":\"https:\\\/\\\/nunoa.cl\\\/nunoapanorama\\\/event\\\/verano-cine-foro\\\/\",\"title\":\"Verano + Cine foro\",\"desc\":\"<a href=https:\\\/\\\/nunoa.cl\\\/nunoapanorama\\\/event\\\/verano-cine-foro\\\/><img width=\\\"1024\\\" height=\\\"512\\\" src=\\\"https:\\\/\\\/nunoa.cl\\\/nunoapanorama\\\/wp-content\\\/uploads\\\/2025\\\/01\\\/verano-630x468.jpg.1100x550_q85_crop-smart_upscale-1024x512-1.jpg\\\" class=\\\"attachment-post-thumbnail size-post-thumbnail wp-post-image\\\" alt=\\\"\\\" srcset=\\\"https:\\\/\\\/nunoa.cl\\\/nunoapanorama\\\/wp-content\\\/uploads\\\/2025\\\/01\\\/verano-630x468.jpg.1100x550_q85_crop-smart_upscale-1024x512-1.jpg 1024w, https:\\\/\\\/nunoa.cl\\\/nunoapanorama\\\/wp-content\\\/uploads\\\/2025\\\/01\\\/verano-630x468.jpg.1100x550_q85_crop-smart_upscale-1024x512-1-300x150.jpg 300w, https:\\\/\\\/nunoa.cl\\\/nunoapanorama\\\/wp-content\\\/uploads\\\/2025\\\/01\\\/verano-630x468.jpg.1100x550_q85_crop-smart_upscale-1024x512-1-768x384.jpg 768w\\\" sizes=\\\"(max-width: 1024px) 100vw, 1024px\\\" \\\/><\\\/a><p><a href=https:\\\/\\\/nunoa.cl\\\/nunoapanorama\\\/event\\\/verano-cine-foro\\\/>Verano + Cine foro<\\\/a><\\\/p>\",\"special\":\"\"},{\"start\":\"2025-02-22 11:00\",\"end\":\"2025-02-22 12:00\",\"url\":\"https:\\\/\\\/nunoa.cl\\\/nunoapanorama\\\/event\\\/taller-cuentos-de-hadas-clasicos-y-reescrituras\\\/\",\"title\":\"TALLER: \\u201cCuentos de hadas, cl\\u00e1sicos y reescrituras\\u201d\",\"desc\":\"<a href=https:\\\/\\\/nunoa.cl\\\/nunoapanorama\\\/event\\\/taller-cuentos-de-hadas-clasicos-y-reescrituras\\\/><img width=\\\"1080\\\" height=\\\"1353\\\" src=\\\"https:\\\/\\\/nunoa.cl\\\/nunoapanorama\\\/wp-content\\\/uploads\\\/2025\\\/02\\\/Screenshot_2025-02-19-11-46-07-144_com.instagram.android-edit.jpg\\\" class=\\\"attachment-post-thumbnail size-post-thumbnail wp-post-image\\\" alt=\\\"\\\" srcset=\\\"https:\\\/\\\/nunoa.cl\\\/nunoapanorama\\\/wp-content\\\/uploads\\\/2025\\\/02\\\/Screenshot_2025-02-19-11-46-07-144_com.instagram.android-edit.jpg 1080w, https:\\\/\\\/nunoa.cl\\\/nunoapanorama\\\/wp-content\\\/uploads\\\/2025\\\/02\\\/Screenshot_2025-02-19-11-46-07-144_com.instagram.android-edit-239x300.jpg 239w, https:\\\/\\\/nunoa.cl\\\/nunoapanorama\\\/wp-content\\\/uploads\\\/2025\\\/02\\\/Screenshot_2025-02-19-11-46-07-144_com.instagram.android-edit-817x1024.jpg 817w, https:\\\/\\\/nunoa.cl\\\/nunoapanorama\\\/wp-content\\\/uploads\\\/2025\\\/02\\\/Screenshot_2025-02-19-11-46-07-144_com.instagram.android-edit-768x962.jpg 768w\\\" sizes=\\\"(max-width: 1080px) 100vw, 1080px\\\" \\\/><\\\/a><p><a href=https:\\\/\\\/nunoa.cl\\\/nunoapanorama\\\/event\\\/taller-cuentos-de-hadas-clasicos-y-reescrituras\\\/>TALLER: \\u201cCuentos de hadas, cl\\u00e1sicos y reescrituras\\u201d<\\\/a><\\\/p>\",\"special\":\"\"},{\"start\":\"2025-02-23 18:30\",\"end\":\"2025-02-23 19:30\",\"url\":\"https:\\\/\\\/nunoa.cl\\\/nunoapanorama\\\/event\\\/domingos-infantiles-cuentacuentos\\\/\",\"title\":\"Domingos Infantiles: Cuentacuentos\",\"desc\":\"<a href=https:\\\/\\\/nunoa.cl\\\/nunoapanorama\\\/event\\\/domingos-infantiles-cuentacuentos\\\/><img width=\\\"1080\\\" height=\\\"1353\\\" src=\\\"https:\\\/\\\/nunoa.cl\\\/nunoapanorama\\\/wp-content\\\/uploads\\\/2025\\\/02\\\/Screenshot_2025-02-19-11-46-57-313_com.instagram.android-edit.jpg\\\" class=\\\"attachment-post-thumbnail size-post-thumbnail wp-post-image\\\" alt=\\\"\\\" srcset=\\\"https:\\\/\\\/nunoa.cl\\\/nunoapanorama\\\/wp-content\\\/uploads\\\/2025\\\/02\\\/Screenshot_2025-02-19-11-46-57-313_com.instagram.android-edit.jpg 1080w, https:\\\/\\\/nunoa.cl\\\/nunoapanorama\\\/wp-content\\\/uploads\\\/2025\\\/02\\\/Screenshot_2025-02-19-11-46-57-313_com.instagram.android-edit-239x300.jpg 239w, https:\\\/\\\/nunoa.cl\\\/nunoapanorama\\\/wp-content\\\/uploads\\\/2025\\\/02\\\/Screenshot_2025-02-19-11-46-57-313_com.instagram.android-edit-817x1024.jpg 817w, https:\\\/\\\/nunoa.cl\\\/nunoapanorama\\\/wp-content\\\/uploads\\\/2025\\\/02\\\/Screenshot_2025-02-19-11-46-57-313_com.instagram.android-edit-768x962.jpg 768w\\\" sizes=\\\"(max-width: 1080px) 100vw, 1080px\\\" \\\/><\\\/a><p><a href=https:\\\/\\\/nunoa.cl\\\/nunoapanorama\\\/event\\\/domingos-infantiles-cuentacuentos\\\/>Domingos Infantiles: Cuentacuentos<\\\/a><\\\/p>\",\"special\":\"\"},{\"start\":\"2025-02-22 20:00\",\"end\":\"2025-02-22 21:00\",\"url\":\"https:\\\/\\\/nunoa.cl\\\/nunoapanorama\\\/event\\\/musica-en-tu-plaza-parque-ramon-cruz\\\/\",\"title\":\"M\\u00fasica en tu Plaza: Parque Ram\\u00f3n Cruz\",\"desc\":\"<a href=https:\\\/\\\/nunoa.cl\\\/nunoapanorama\\\/event\\\/musica-en-tu-plaza-parque-ramon-cruz\\\/><img width=\\\"1080\\\" height=\\\"1345\\\" src=\\\"https:\\\/\\\/nunoa.cl\\\/nunoapanorama\\\/wp-content\\\/uploads\\\/2025\\\/02\\\/Screenshot_2025-02-19-11-47-26-968_com.instagram.android-edit.jpg\\\" class=\\\"attachment-post-thumbnail size-post-thumbnail wp-post-image\\\" alt=\\\"\\\" srcset=\\\"https:\\\/\\\/nunoa.cl\\\/nunoapanorama\\\/wp-content\\\/uploads\\\/2025\\\/02\\\/Screenshot_2025-02-19-11-47-26-968_com.instagram.android-edit.jpg 1080w, https:\\\/\\\/nunoa.cl\\\/nunoapanorama\\\/wp-content\\\/uploads\\\/2025\\\/02\\\/Screenshot_2025-02-19-11-47-26-968_com.instagram.android-edit-241x300.jpg 241w, https:\\\/\\\/nunoa.cl\\\/nunoapanorama\\\/wp-content\\\/uploads\\\/2025\\\/02\\\/Screenshot_2025-02-19-11-47-26-968_com.instagram.android-edit-822x1024.jpg 822w, https:\\\/\\\/nunoa.cl\\\/nunoapanorama\\\/wp-content\\\/uploads\\\/2025\\\/02\\\/Screenshot_2025-02-19-11-47-26-968_com.instagram.android-edit-768x956.jpg 768w\\\" sizes=\\\"(max-width: 1080px) 100vw, 1080px\\\" \\\/><\\\/a><p><a href=https:\\\/\\\/nunoa.cl\\\/nunoapanorama\\\/event\\\/musica-en-tu-plaza-parque-ramon-cruz\\\/>M\\u00fasica en tu Plaza: Parque Ram\\u00f3n Cruz<\\\/a><\\\/p>\",\"special\":\"\"},{\"start\":\"2025-02-22 20:00\",\"end\":\"2025-02-22 21:00\",\"url\":\"https:\\\/\\\/nunoa.cl\\\/nunoapanorama\\\/event\\\/musica-en-tu-plaza-los-parecidos-en-la-cancha-de-la-villa-olimpica\\\/\",\"title\":\"M\\u00fasica en tu Plaza: &#8220;Los Parecidos&#8221; en la Cancha de la Villa Ol\\u00edmpica\",\"desc\":\"<a href=https:\\\/\\\/nunoa.cl\\\/nunoapanorama\\\/event\\\/musica-en-tu-plaza-los-parecidos-en-la-cancha-de-la-villa-olimpica\\\/><img width=\\\"1080\\\" height=\\\"1340\\\" src=\\\"https:\\\/\\\/nunoa.cl\\\/nunoapanorama\\\/wp-content\\\/uploads\\\/2025\\\/02\\\/Screenshot_2025-02-21-11-34-19-842_com.instagram.android-edit.jpg\\\" class=\\\"attachment-post-thumbnail size-post-thumbnail wp-post-image\\\" alt=\\\"\\\" srcset=\\\"https:\\\/\\\/nunoa.cl\\\/nunoapanorama\\\/wp-content\\\/uploads\\\/2025\\\/02\\\/Screenshot_2025-02-21-11-34-19-842_com.instagram.android-edit.jpg 1080w, https:\\\/\\\/nunoa.cl\\\/nunoapanorama\\\/wp-content\\\/uploads\\\/2025\\\/02\\\/Screenshot_2025-02-21-11-34-19-842_com.instagram.android-edit-242x300.jpg 242w, https:\\\/\\\/nunoa.cl\\\/nunoapanorama\\\/wp-content\\\/uploads\\\/2025\\\/02\\\/Screenshot_2025-02-21-11-34-19-842_com.instagram.android-edit-825x1024.jpg 825w, https:\\\/\\\/nunoa.cl\\\/nunoapanorama\\\/wp-content\\\/uploads\\\/2025\\\/02\\\/Screenshot_2025-02-21-11-34-19-842_com.instagram.android-edit-768x953.jpg 768w\\\" sizes=\\\"(max-width: 1080px) 100vw, 1080px\\\" \\\/><\\\/a><p><a href=https:\\\/\\\/nunoa.cl\\\/nunoapanorama\\\/event\\\/musica-en-tu-plaza-los-parecidos-en-la-cancha-de-la-villa-olimpica\\\/>M\\u00fasica en tu Plaza: &#8220;Los Parecidos&#8221; en la Cancha de la Villa Ol\\u00edmpica<\\\/a><\\\/p>\",\"special\":\"\"},{\"start\":\"2025-03-04 10:00\",\"end\":\"2025-06-30 19:00\",\"url\":\"https:\\\/\\\/nunoa.cl\\\/nunoapanorama\\\/event\\\/exposicion-balmes-barrios-balmes\\\/\",\"title\":\"Exposici\\u00f3n: BALMES-BARRIOS-BALMES\",\"desc\":\"<a href=https:\\\/\\\/nunoa.cl\\\/nunoapanorama\\\/event\\\/exposicion-balmes-barrios-balmes\\\/><img width=\\\"1076\\\" height=\\\"1345\\\" src=\\\"https:\\\/\\\/nunoa.cl\\\/nunoapanorama\\\/wp-content\\\/uploads\\\/2025\\\/03\\\/1741013386405.jpg\\\" class=\\\"attachment-post-thumbnail size-post-thumbnail wp-post-image\\\" alt=\\\"\\\" srcset=\\\"https:\\\/\\\/nunoa.cl\\\/nunoapanorama\\\/wp-content\\\/uploads\\\/2025\\\/03\\\/1741013386405.jpg 1076w, https:\\\/\\\/nunoa.cl\\\/nunoapanorama\\\/wp-content\\\/uploads\\\/2025\\\/03\\\/1741013386405-240x300.jpg 240w, https:\\\/\\\/nunoa.cl\\\/nunoapanorama\\\/wp-content\\\/uploads\\\/2025\\\/03\\\/1741013386405-819x1024.jpg 819w, https:\\\/\\\/nunoa.cl\\\/nunoapanorama\\\/wp-content\\\/uploads\\\/2025\\\/03\\\/1741013386405-768x960.jpg 768w\\\" sizes=\\\"(max-width: 1076px) 100vw, 1076px\\\" \\\/><\\\/a><p><a href=https:\\\/\\\/nunoa.cl\\\/nunoapanorama\\\/event\\\/exposicion-balmes-barrios-balmes\\\/>Exposici\\u00f3n: BALMES-BARRIOS-BALMES<\\\/a><\\\/p>\",\"special\":\"\"},{\"start\":\"2025-03-01 20:00\",\"end\":\"2025-03-29 21:00\",\"url\":\"https:\\\/\\\/nunoa.cl\\\/nunoapanorama\\\/event\\\/ellas-en-la-musica\\\/\",\"title\":\"\\u201cEllas en la M\\u00fasica\\u201d\",\"desc\":\"<a href=https:\\\/\\\/nunoa.cl\\\/nunoapanorama\\\/event\\\/ellas-en-la-musica\\\/><img width=\\\"1080\\\" height=\\\"1341\\\" src=\\\"https:\\\/\\\/nunoa.cl\\\/nunoapanorama\\\/wp-content\\\/uploads\\\/2025\\\/03\\\/1741015792064.jpg\\\" class=\\\"attachment-post-thumbnail size-post-thumbnail wp-post-image\\\" alt=\\\"\\\" srcset=\\\"https:\\\/\\\/nunoa.cl\\\/nunoapanorama\\\/wp-content\\\/uploads\\\/2025\\\/03\\\/1741015792064.jpg 1080w, https:\\\/\\\/nunoa.cl\\\/nunoapanorama\\\/wp-content\\\/uploads\\\/2025\\\/03\\\/1741015792064-242x300.jpg 242w, https:\\\/\\\/nunoa.cl\\\/nunoapanorama\\\/wp-content\\\/uploads\\\/2025\\\/03\\\/1741015792064-825x1024.jpg 825w, https:\\\/\\\/nunoa.cl\\\/nunoapanorama\\\/wp-content\\\/uploads\\\/2025\\\/03\\\/1741015792064-768x954.jpg 768w\\\" sizes=\\\"(max-width: 1080px) 100vw, 1080px\\\" \\\/><\\\/a><p><a href=https:\\\/\\\/nunoa.cl\\\/nunoapanorama\\\/event\\\/ellas-en-la-musica\\\/>\\u201cEllas en la M\\u00fasica\\u201d<\\\/a><\\\/p>\",\"special\":\"\"},{\"start\":\"2025-03-07 10:00\",\"end\":\"2025-05-02 18:00\",\"url\":\"https:\\\/\\\/nunoa.cl\\\/nunoapanorama\\\/event\\\/exposicion-barros-de-colores-los-mas-galanos\\\/\",\"title\":\"Exposici\\u00f3n: &#8220;Barros de Colores, los m\\u00e1s galanos&#8221;\",\"desc\":\"<a href=https:\\\/\\\/nunoa.cl\\\/nunoapanorama\\\/event\\\/exposicion-barros-de-colores-los-mas-galanos\\\/><img width=\\\"1080\\\" height=\\\"1352\\\" src=\\\"https:\\\/\\\/nunoa.cl\\\/nunoapanorama\\\/wp-content\\\/uploads\\\/2025\\\/03\\\/1741204910547.jpg\\\" class=\\\"attachment-post-thumbnail size-post-thumbnail wp-post-image\\\" alt=\\\"\\\" srcset=\\\"https:\\\/\\\/nunoa.cl\\\/nunoapanorama\\\/wp-content\\\/uploads\\\/2025\\\/03\\\/1741204910547.jpg 1080w, https:\\\/\\\/nunoa.cl\\\/nunoapanorama\\\/wp-content\\\/uploads\\\/2025\\\/03\\\/1741204910547-240x300.jpg 240w, https:\\\/\\\/nunoa.cl\\\/nunoapanorama\\\/wp-content\\\/uploads\\\/2025\\\/03\\\/1741204910547-818x1024.jpg 818w, https:\\\/\\\/nunoa.cl\\\/nunoapanorama\\\/wp-content\\\/uploads\\\/2025\\\/03\\\/1741204910547-768x961.jpg 768w\\\" sizes=\\\"(max-width: 1080px) 100vw, 1080px\\\" \\\/><\\\/a><p><a href=https:\\\/\\\/nunoa.cl\\\/nunoapanorama\\\/event\\\/exposicion-barros-de-colores-los-mas-galanos\\\/>Exposici\\u00f3n: &#8220;Barros de Colores, los m\\u00e1s galanos&#8221;<\\\/a><\\\/p>\",\"special\":\"\"},{\"start\":\"2025-04-21 10:00\",\"end\":\"2025-04-25 17:00\",\"url\":\"https:\\\/\\\/nunoa.cl\\\/nunoapanorama\\\/event\\\/semana-del-libro-campus-juan-gomez-millas\\\/\",\"title\":\"Semana del Libro Campus Juan G\\u00f3mez Millas\",\"desc\":\"<a href=https:\\\/\\\/nunoa.cl\\\/nunoapanorama\\\/event\\\/semana-del-libro-campus-juan-gomez-millas\\\/><img width=\\\"1080\\\" height=\\\"1349\\\" src=\\\"https:\\\/\\\/nunoa.cl\\\/nunoapanorama\\\/wp-content\\\/uploads\\\/2025\\\/04\\\/Screenshot_2025-04-15-08-59-01-318_com.instagram.android-edit.jpg\\\" class=\\\"attachment-post-thumbnail size-post-thumbnail wp-post-image\\\" alt=\\\"\\\" srcset=\\\"https:\\\/\\\/nunoa.cl\\\/nunoapanorama\\\/wp-content\\\/uploads\\\/2025\\\/04\\\/Screenshot_2025-04-15-08-59-01-318_com.instagram.android-edit.jpg 1080w, https:\\\/\\\/nunoa.cl\\\/nunoapanorama\\\/wp-content\\\/uploads\\\/2025\\\/04\\\/Screenshot_2025-04-15-08-59-01-318_com.instagram.android-edit-240x300.jpg 240w, https:\\\/\\\/nunoa.cl\\\/nunoapanorama\\\/wp-content\\\/uploads\\\/2025\\\/04\\\/Screenshot_2025-04-15-08-59-01-318_com.instagram.android-edit-820x1024.jpg 820w, https:\\\/\\\/nunoa.cl\\\/nunoapanorama\\\/wp-content\\\/uploads\\\/2025\\\/04\\\/Screenshot_2025-04-15-08-59-01-318_com.instagram.android-edit-768x959.jpg 768w\\\" sizes=\\\"(max-width: 1080px) 100vw, 1080px\\\" \\\/><\\\/a><p><a href=https:\\\/\\\/nunoa.cl\\\/nunoapanorama\\\/event\\\/semana-del-libro-campus-juan-gomez-millas\\\/>Semana del Libro Campus Juan G\\u00f3mez Millas<\\\/a><\\\/p>\",\"special\":\"\"},{\"start\":\"2025-04-14 10:00\",\"end\":\"2025-05-16 17:00\",\"url\":\"https:\\\/\\\/nunoa.cl\\\/nunoapanorama\\\/event\\\/exposicion-kurruf-en-la-plataforma-cultural\\\/\",\"title\":\"Exposici\\u00f3n K\\u00fcrruf en la Plataforma Cultural\",\"desc\":\"<a href=https:\\\/\\\/nunoa.cl\\\/nunoapanorama\\\/event\\\/exposicion-kurruf-en-la-plataforma-cultural\\\/><img width=\\\"1080\\\" height=\\\"1351\\\" src=\\\"https:\\\/\\\/nunoa.cl\\\/nunoapanorama\\\/wp-content\\\/uploads\\\/2025\\\/04\\\/Screenshot_2025-04-15-09-28-06-596_com.instagram.android-edit.jpg\\\" class=\\\"attachment-post-thumbnail size-post-thumbnail wp-post-image\\\" alt=\\\"\\\" srcset=\\\"https:\\\/\\\/nunoa.cl\\\/nunoapanorama\\\/wp-content\\\/uploads\\\/2025\\\/04\\\/Screenshot_2025-04-15-09-28-06-596_com.instagram.android-edit.jpg 1080w, https:\\\/\\\/nunoa.cl\\\/nunoapanorama\\\/wp-content\\\/uploads\\\/2025\\\/04\\\/Screenshot_2025-04-15-09-28-06-596_com.instagram.android-edit-240x300.jpg 240w, https:\\\/\\\/nunoa.cl\\\/nunoapanorama\\\/wp-content\\\/uploads\\\/2025\\\/04\\\/Screenshot_2025-04-15-09-28-06-596_com.instagram.android-edit-819x1024.jpg 819w, https:\\\/\\\/nunoa.cl\\\/nunoapanorama\\\/wp-content\\\/uploads\\\/2025\\\/04\\\/Screenshot_2025-04-15-09-28-06-596_com.instagram.android-edit-768x961.jpg 768w\\\" sizes=\\\"(max-width: 1080px) 100vw, 1080px\\\" \\\/><\\\/a><p><a href=https:\\\/\\\/nunoa.cl\\\/nunoapanorama\\\/event\\\/exposicion-kurruf-en-la-plataforma-cultural\\\/>Exposici\\u00f3n K\\u00fcrruf en la Plataforma Cultural<\\\/a><\\\/p>\",\"special\":\"\"},{\"start\":\"2025-04-17 12:45\",\"end\":\"2025-04-17 14:00\",\"url\":\"https:\\\/\\\/nunoa.cl\\\/nunoapanorama\\\/event\\\/cierre-exposicion-novela\\\/\",\"title\":\"Cierre Exposici\\u00f3n &#8220;Novela&#8221;\",\"desc\":\"<a href=https:\\\/\\\/nunoa.cl\\\/nunoapanorama\\\/event\\\/cierre-exposicion-novela\\\/><img width=\\\"1080\\\" height=\\\"1077\\\" src=\\\"https:\\\/\\\/nunoa.cl\\\/nunoapanorama\\\/wp-content\\\/uploads\\\/2025\\\/04\\\/Screenshot_2025-04-16-10-42-56-867_com.instagram.android-edit.jpg\\\" class=\\\"attachment-post-thumbnail size-post-thumbnail wp-post-image\\\" alt=\\\"\\\" srcset=\\\"https:\\\/\\\/nunoa.cl\\\/nunoapanorama\\\/wp-content\\\/uploads\\\/2025\\\/04\\\/Screenshot_2025-04-16-10-42-56-867_com.instagram.android-edit.jpg 1080w, https:\\\/\\\/nunoa.cl\\\/nunoapanorama\\\/wp-content\\\/uploads\\\/2025\\\/04\\\/Screenshot_2025-04-16-10-42-56-867_com.instagram.android-edit-300x300.jpg 300w, https:\\\/\\\/nunoa.cl\\\/nunoapanorama\\\/wp-content\\\/uploads\\\/2025\\\/04\\\/Screenshot_2025-04-16-10-42-56-867_com.instagram.android-edit-1024x1021.jpg 1024w, https:\\\/\\\/nunoa.cl\\\/nunoapanorama\\\/wp-content\\\/uploads\\\/2025\\\/04\\\/Screenshot_2025-04-16-10-42-56-867_com.instagram.android-edit-150x150.jpg 150w, https:\\\/\\\/nunoa.cl\\\/nunoapanorama\\\/wp-content\\\/uploads\\\/2025\\\/04\\\/Screenshot_2025-04-16-10-42-56-867_com.instagram.android-edit-768x766.jpg 768w, https:\\\/\\\/nunoa.cl\\\/nunoapanorama\\\/wp-content\\\/uploads\\\/2025\\\/04\\\/Screenshot_2025-04-16-10-42-56-867_com.instagram.android-edit-500x500.jpg 500w, https:\\\/\\\/nunoa.cl\\\/nunoapanorama\\\/wp-content\\\/uploads\\\/2025\\\/04\\\/Screenshot_2025-04-16-10-42-56-867_com.instagram.android-edit-80x80.jpg 80w\\\" sizes=\\\"(max-width: 1080px) 100vw, 1080px\\\" \\\/><\\\/a><p><a href=https:\\\/\\\/nunoa.cl\\\/nunoapanorama\\\/event\\\/cierre-exposicion-novela\\\/>Cierre Exposici\\u00f3n &#8220;Novela&#8221;<\\\/a><\\\/p>\",\"special\":\"\"},{\"start\":\"2025-04-23 10:00\",\"end\":\"2025-05-09 17:00\",\"url\":\"https:\\\/\\\/nunoa.cl\\\/nunoapanorama\\\/event\\\/exposicion-informe-de-obra\\\/\",\"title\":\"Exposici\\u00f3n &#8220;Informe de Obra&#8221;\",\"desc\":\"<a href=https:\\\/\\\/nunoa.cl\\\/nunoapanorama\\\/event\\\/exposicion-informe-de-obra\\\/><img width=\\\"1065\\\" height=\\\"1069\\\" src=\\\"https:\\\/\\\/nunoa.cl\\\/nunoapanorama\\\/wp-content\\\/uploads\\\/2025\\\/04\\\/IMG_20250421_092709.jpg\\\" class=\\\"attachment-post-thumbnail size-post-thumbnail wp-post-image\\\" alt=\\\"\\\" srcset=\\\"https:\\\/\\\/nunoa.cl\\\/nunoapanorama\\\/wp-content\\\/uploads\\\/2025\\\/04\\\/IMG_20250421_092709.jpg 1065w, https:\\\/\\\/nunoa.cl\\\/nunoapanorama\\\/wp-content\\\/uploads\\\/2025\\\/04\\\/IMG_20250421_092709-300x300.jpg 300w, https:\\\/\\\/nunoa.cl\\\/nunoapanorama\\\/wp-content\\\/uploads\\\/2025\\\/04\\\/IMG_20250421_092709-1020x1024.jpg 1020w, https:\\\/\\\/nunoa.cl\\\/nunoapanorama\\\/wp-content\\\/uploads\\\/2025\\\/04\\\/IMG_20250421_092709-150x150.jpg 150w, https:\\\/\\\/nunoa.cl\\\/nunoapanorama\\\/wp-content\\\/uploads\\\/2025\\\/04\\\/IMG_20250421_092709-768x771.jpg 768w, https:\\\/\\\/nunoa.cl\\\/nunoapanorama\\\/wp-content\\\/uploads\\\/2025\\\/04\\\/IMG_20250421_092709-80x80.jpg 80w\\\" sizes=\\\"(max-width: 1065px) 100vw, 1065px\\\" \\\/><\\\/a><p><a href=https:\\\/\\\/nunoa.cl\\\/nunoapanorama\\\/event\\\/exposicion-informe-de-obra\\\/>Exposici\\u00f3n &#8220;Informe de Obra&#8221;<\\\/a><\\\/p>\",\"special\":\"\"},{\"start\":\"2025-04-22 11:30\",\"end\":\"2025-04-22 12:30\",\"url\":\"https:\\\/\\\/nunoa.cl\\\/nunoapanorama\\\/event\\\/lanzamiento-del-libro-nunohue-historia-de-nunoa-providencia-las-condes-y-la-reina\\\/\",\"title\":\"Lanzamiento del Libro: &#8220;\\u00d1u\\u00f1ohue: Historia de \\u00d1u\\u00f1oa, Providencia, Las Condes y La Reina&#8221;\",\"desc\":\"<a href=https:\\\/\\\/nunoa.cl\\\/nunoapanorama\\\/event\\\/lanzamiento-del-libro-nunohue-historia-de-nunoa-providencia-las-condes-y-la-reina\\\/><img width=\\\"2048\\\" height=\\\"2560\\\" src=\\\"https:\\\/\\\/nunoa.cl\\\/nunoapanorama\\\/wp-content\\\/uploads\\\/2025\\\/04\\\/Nunohue-scaled.png\\\" class=\\\"attachment-post-thumbnail size-post-thumbnail wp-post-image\\\" alt=\\\"\\\" srcset=\\\"https:\\\/\\\/nunoa.cl\\\/nunoapanorama\\\/wp-content\\\/uploads\\\/2025\\\/04\\\/Nunohue-scaled.png 2048w, https:\\\/\\\/nunoa.cl\\\/nunoapanorama\\\/wp-content\\\/uploads\\\/2025\\\/04\\\/Nunohue-240x300.png 240w, https:\\\/\\\/nunoa.cl\\\/nunoapanorama\\\/wp-content\\\/uploads\\\/2025\\\/04\\\/Nunohue-819x1024.png 819w, https:\\\/\\\/nunoa.cl\\\/nunoapanorama\\\/wp-content\\\/uploads\\\/2025\\\/04\\\/Nunohue-768x960.png 768w, https:\\\/\\\/nunoa.cl\\\/nunoapanorama\\\/wp-content\\\/uploads\\\/2025\\\/04\\\/Nunohue-1229x1536.png 1229w, https:\\\/\\\/nunoa.cl\\\/nunoapanorama\\\/wp-content\\\/uploads\\\/2025\\\/04\\\/Nunohue-1638x2048.png 1638w\\\" sizes=\\\"(max-width: 2048px) 100vw, 2048px\\\" \\\/><\\\/a><p><a href=https:\\\/\\\/nunoa.cl\\\/nunoapanorama\\\/event\\\/lanzamiento-del-libro-nunohue-historia-de-nunoa-providencia-las-condes-y-la-reina\\\/>Lanzamiento del Libro: &#8220;\\u00d1u\\u00f1ohue: Historia de \\u00d1u\\u00f1oa, Providencia, Las Condes y La Reina&#8221;<\\\/a><\\\/p>\",\"special\":\"\"},{\"start\":\"2025-05-19 10:00\",\"end\":\"2025-06-06 17:00\",\"url\":\"https:\\\/\\\/nunoa.cl\\\/nunoapanorama\\\/event\\\/exposicion-brote\\\/\",\"title\":\"Exposici\\u00f3n &#8220;Brote&#8221;\",\"desc\":\"<a href=https:\\\/\\\/nunoa.cl\\\/nunoapanorama\\\/event\\\/exposicion-brote\\\/><img width=\\\"1080\\\" height=\\\"1077\\\" src=\\\"https:\\\/\\\/nunoa.cl\\\/nunoapanorama\\\/wp-content\\\/uploads\\\/2025\\\/05\\\/Screenshot_2025-05-14-13-39-27-926_com.instagram.android-edit.jpg\\\" class=\\\"attachment-post-thumbnail size-post-thumbnail wp-post-image\\\" alt=\\\"\\\" srcset=\\\"https:\\\/\\\/nunoa.cl\\\/nunoapanorama\\\/wp-content\\\/uploads\\\/2025\\\/05\\\/Screenshot_2025-05-14-13-39-27-926_com.instagram.android-edit.jpg 1080w, https:\\\/\\\/nunoa.cl\\\/nunoapanorama\\\/wp-content\\\/uploads\\\/2025\\\/05\\\/Screenshot_2025-05-14-13-39-27-926_com.instagram.android-edit-300x300.jpg 300w, https:\\\/\\\/nunoa.cl\\\/nunoapanorama\\\/wp-content\\\/uploads\\\/2025\\\/05\\\/Screenshot_2025-05-14-13-39-27-926_com.instagram.android-edit-1024x1021.jpg 1024w, https:\\\/\\\/nunoa.cl\\\/nunoapanorama\\\/wp-content\\\/uploads\\\/2025\\\/05\\\/Screenshot_2025-05-14-13-39-27-926_com.instagram.android-edit-150x150.jpg 150w, https:\\\/\\\/nunoa.cl\\\/nunoapanorama\\\/wp-content\\\/uploads\\\/2025\\\/05\\\/Screenshot_2025-05-14-13-39-27-926_com.instagram.android-edit-768x766.jpg 768w, https:\\\/\\\/nunoa.cl\\\/nunoapanorama\\\/wp-content\\\/uploads\\\/2025\\\/05\\\/Screenshot_2025-05-14-13-39-27-926_com.instagram.android-edit-500x500.jpg 500w, https:\\\/\\\/nunoa.cl\\\/nunoapanorama\\\/wp-content\\\/uploads\\\/2025\\\/05\\\/Screenshot_2025-05-14-13-39-27-926_com.instagram.android-edit-80x80.jpg 80w\\\" sizes=\\\"(max-width: 1080px) 100vw, 1080px\\\" \\\/><\\\/a><p><a href=https:\\\/\\\/nunoa.cl\\\/nunoapanorama\\\/event\\\/exposicion-brote\\\/>Exposici\\u00f3n &#8220;Brote&#8221;<\\\/a><\\\/p>\",\"special\":\"\"}]' \n\t data-lang='es' \n\t data-button-text='{\"today\":\"today\",\"month\":\"month\",\"week\":\"week\",\"day\":\"day\",\"list\":\"list\"}' \n\t data-no-events-text='No hay eventos para mostrar' \n\t data-all-day-text='Todos el d\u00eda'\n\t data-first-day='1'>\n\t\t<div class=\"ovaev_events_fullcalendar\"><\/div>\n<\/div>\n\t\t<\/div>\n\t\t\t\t<\/div>\n\t\t\t\t<div class=\"elementor-element elementor-element-ea397e4 elementor-widget elementor-widget-ova_events_slide\" data-id=\"ea397e4\" data-element_type=\"widget\" data-settings=\"{&quot;pause_on_hover&quot;:&quot;yes&quot;,&quot;infinite&quot;:&quot;yes&quot;,&quot;autoplay&quot;:&quot;yes&quot;,&quot;autoplay_speed&quot;:3000,&quot;dot_control&quot;:&quot;no&quot;,&quot;nav_control&quot;:&quot;yes&quot;}\" data-widget_type=\"ova_events_slide.default\">\n\t\t\t\t<div class=\"elementor-widget-container\">\n\t\t\t\n<div class=\"ovaev-event-element ovaev-event-slide\" >\n\t\t\n\t<div class=\"wp-content ovaev-slide owl-carousel\" data-options=\"{&quot;items&quot;:3,&quot;slideBy&quot;:1,&quot;margin&quot;:30,&quot;autoplayHoverPause&quot;:true,&quot;loop&quot;:true,&quot;autoplay&quot;:true,&quot;autoplayTimeout&quot;:3000,&quot;smartSpeed&quot;:500,&quot;dots&quot;:false,&quot;nav&quot;:true}\">\n\t\t\n<div class=\"ovaev-content\">\n\t<div class=\"type3\">\n\t\t<!-- Display Highlight Date 1 -->\n\t\t\n<div class=\"date-event\">\n\t<span class=\"date\">17<\/span>\n\t<span class=\"month\">Jun<\/span>\n<\/div>\n\n\n\t\t<div class=\"desc\">\n\n\t\t\t<!-- Thumbnail -->\n\t\t\t\n<div class=\"event-thumbnail\" style=\"background-image:url(https:\/\/nunoa.cl\/nunoapanorama\/wp-content\/uploads\/2023\/06\/Captura-de-pantalla-2023-06-08-133410.jpg);\">\n\t<a href=\"https:\/\/nunoa.cl\/nunoapanorama\/event\/winol-tripantu-2023\/\">\n\t\t<img loading=\"lazy\" decoding=\"async\" width=\"500\" height=\"500\" src=\"https:\/\/nunoa.cl\/nunoapanorama\/wp-content\/uploads\/2023\/06\/Captura-de-pantalla-2023-06-08-133410-500x500.jpg\" class=\"attachment-ovaev_event_thumbnail size-ovaev_event_thumbnail wp-post-image\" alt=\"\" srcset=\"https:\/\/nunoa.cl\/nunoapanorama\/wp-content\/uploads\/2023\/06\/Captura-de-pantalla-2023-06-08-133410-500x500.jpg 500w, https:\/\/nunoa.cl\/nunoapanorama\/wp-content\/uploads\/2023\/06\/Captura-de-pantalla-2023-06-08-133410-300x300.jpg 300w, https:\/\/nunoa.cl\/nunoapanorama\/wp-content\/uploads\/2023\/06\/Captura-de-pantalla-2023-06-08-133410-150x150.jpg 150w, https:\/\/nunoa.cl\/nunoapanorama\/wp-content\/uploads\/2023\/06\/Captura-de-pantalla-2023-06-08-133410-80x80.jpg 80w\" sizes=\"(max-width: 500px) 100vw, 500px\" \/>\t<\/a>\n<\/div>\n\n\t\t\t<div class=\"event_post\">\n\t\t\t\t<!-- Tille -->\n\t\t\t\t\n<h2 class=\"second_font event_title\">\n\t<a href=\"https:\/\/nunoa.cl\/nunoapanorama\/event\/winol-tripantu-2023\/\">\n\t\tWI\u00d1OL TRIPANTU 2023\t<\/a>\n<\/h2>\n\t\t\t\t<div class=\"time-event\">\n\t\t\t\t\t<!-- Date -->\n\t\t\t\t\t\n<div class=\"time equal-date\">\n\t\n\t<span class=\"icon-time\">\n\t\t<i class=\"far fa-clock icon_event\"><\/i>\n\t<\/span>\n\n\t\t\t<span class=\"time-date-child\">\n\t\t\t<span class=\"date-child\">\n\t\t\t\t17 de junio de 2023 @\t\t\t<\/span>\n\n\t\t\t<span> 11:00<\/span>\n\n\t\t\t\t\t\t\t<a href=\"https:\/\/nunoa.cl\/nunoapanorama\/event\/winol-tripantu-2023\/ \" class=\"more_date_text\" data-id=\"1175\">\n\t\t\t\t\t<span>, mas<\/span>\t\n\t\t\t\t<\/a>\n\t\t\t\t\n\t\t<\/span>\n\t\n<\/div>\n\n\t\t\t\t\t<!-- Tille -->\n\t\t\t\t\t\n\t<div class=\"venue\">\n\t\t\n\t\t<i class=\"fas fa-map-marker-alt icon_event\"><\/i>\n\t\t\n\t\t<span class=\"number\">\n\t\t\tPlaza \u00d1u\u00f1oa Norte, Av. Irarr\u00e1zaval 3550\t\t<\/span>\n\t\t\n\t<\/div>\n\n\t\t\t\t<\/div>\n\t\t\t<\/div>\n\t\t<\/div>\n\t<\/div>\n<\/div>\n\n<div class=\"ovaev-content\">\n\t<div class=\"type3\">\n\t\t<!-- Display Highlight Date 1 -->\n\t\t\n<div class=\"date-event\">\n\t<span class=\"date\">16<\/span>\n\t<span class=\"month\">Sep<\/span>\n<\/div>\n\n\n\t\t<div class=\"desc\">\n\n\t\t\t<!-- Thumbnail -->\n\t\t\t\n<div class=\"event-thumbnail\" style=\"background-image:url(https:\/\/nunoa.cl\/nunoapanorama\/wp-content\/uploads\/2022\/09\/line-up_Mesa-de-trabajo-1.jpg);\">\n\t<a href=\"https:\/\/nunoa.cl\/nunoapanorama\/event\/vuelta-al-barrio\/\">\n\t\t<img loading=\"lazy\" decoding=\"async\" width=\"500\" height=\"500\" src=\"https:\/\/nunoa.cl\/nunoapanorama\/wp-content\/uploads\/2022\/09\/line-up_Mesa-de-trabajo-1-500x500.jpg\" class=\"attachment-ovaev_event_thumbnail size-ovaev_event_thumbnail wp-post-image\" alt=\"\" srcset=\"https:\/\/nunoa.cl\/nunoapanorama\/wp-content\/uploads\/2022\/09\/line-up_Mesa-de-trabajo-1-500x500.jpg 500w, https:\/\/nunoa.cl\/nunoapanorama\/wp-content\/uploads\/2022\/09\/line-up_Mesa-de-trabajo-1-300x300.jpg 300w, https:\/\/nunoa.cl\/nunoapanorama\/wp-content\/uploads\/2022\/09\/line-up_Mesa-de-trabajo-1-1024x1024.jpg 1024w, https:\/\/nunoa.cl\/nunoapanorama\/wp-content\/uploads\/2022\/09\/line-up_Mesa-de-trabajo-1-150x150.jpg 150w, https:\/\/nunoa.cl\/nunoapanorama\/wp-content\/uploads\/2022\/09\/line-up_Mesa-de-trabajo-1-768x768.jpg 768w, https:\/\/nunoa.cl\/nunoapanorama\/wp-content\/uploads\/2022\/09\/line-up_Mesa-de-trabajo-1-80x80.jpg 80w, https:\/\/nunoa.cl\/nunoapanorama\/wp-content\/uploads\/2022\/09\/line-up_Mesa-de-trabajo-1-600x600.jpg 600w, https:\/\/nunoa.cl\/nunoapanorama\/wp-content\/uploads\/2022\/09\/line-up_Mesa-de-trabajo-1-100x100.jpg 100w, https:\/\/nunoa.cl\/nunoapanorama\/wp-content\/uploads\/2022\/09\/line-up_Mesa-de-trabajo-1.jpg 1181w\" sizes=\"(max-width: 500px) 100vw, 500px\" \/>\t<\/a>\n<\/div>\n\n\t\t\t<div class=\"event_post\">\n\t\t\t\t<!-- Tille -->\n\t\t\t\t\n<h2 class=\"second_font event_title\">\n\t<a href=\"https:\/\/nunoa.cl\/nunoapanorama\/event\/vuelta-al-barrio\/\">\n\t\tVuelta al Barrio\t<\/a>\n<\/h2>\n\t\t\t\t<div class=\"time-event\">\n\t\t\t\t\t<!-- Date -->\n\t\t\t\t\t\n<div class=\"time equal-date\">\n\t\n\t<span class=\"icon-time\">\n\t\t<i class=\"far fa-clock icon_event\"><\/i>\n\t<\/span>\n\n\t\t\t<span class=\"time-date-child\">\n\t\t\t<span class=\"date-child\">\n\t\t\t\t16 de septiembre de 2022 @\t\t\t<\/span>\n\n\t\t\t<span> 12:00<\/span>\n\n\t\t\t\t\t\t\t<a href=\"https:\/\/nunoa.cl\/nunoapanorama\/event\/vuelta-al-barrio\/ \" class=\"more_date_text\" data-id=\"523\">\n\t\t\t\t\t<span>, mas<\/span>\t\n\t\t\t\t<\/a>\n\t\t\t\t\n\t\t<\/span>\n\t\n<\/div>\n\n\t\t\t\t\t<!-- Tille -->\n\t\t\t\t\t\n\t<div class=\"venue\">\n\t\t\n\t\t<i class=\"fas fa-map-marker-alt icon_event\"><\/i>\n\t\t\n\t\t<span class=\"number\">\n\t\t\tParque Pucar\u00e1,  Villa los Presidentes, Parque San Eugenio, \u00d1u\u00f1oa.\t\t<\/span>\n\t\t\n\t<\/div>\n\n\t\t\t\t<\/div>\n\t\t\t<\/div>\n\t\t<\/div>\n\t<\/div>\n<\/div>\n\n<div class=\"ovaev-content\">\n\t<div class=\"type3\">\n\t\t<!-- Display Highlight Date 1 -->\n\t\t\n<div class=\"date-event\">\n\t<span class=\"date\">24<\/span>\n\t<span class=\"month\">Jun<\/span>\n<\/div>\n\n\n\t\t<div class=\"desc\">\n\n\t\t\t<!-- Thumbnail -->\n\t\t\t\n<div class=\"event-thumbnail\" style=\"background-image:url(https:\/\/nunoa.cl\/nunoapanorama\/wp-content\/uploads\/2024\/06\/1718203318848.jpg);\">\n\t<a href=\"https:\/\/nunoa.cl\/nunoapanorama\/event\/vive-las-vacaciones-de-invierno-en-nunoa-con-talleres-cine-y-teatro\/\">\n\t\t<img loading=\"lazy\" decoding=\"async\" width=\"500\" height=\"500\" src=\"https:\/\/nunoa.cl\/nunoapanorama\/wp-content\/uploads\/2024\/06\/1718203318848-500x500.jpg\" class=\"attachment-ovaev_event_thumbnail size-ovaev_event_thumbnail wp-post-image\" alt=\"\" srcset=\"https:\/\/nunoa.cl\/nunoapanorama\/wp-content\/uploads\/2024\/06\/1718203318848-500x500.jpg 500w, https:\/\/nunoa.cl\/nunoapanorama\/wp-content\/uploads\/2024\/06\/1718203318848-300x300.jpg 300w, https:\/\/nunoa.cl\/nunoapanorama\/wp-content\/uploads\/2024\/06\/1718203318848-150x150.jpg 150w, https:\/\/nunoa.cl\/nunoapanorama\/wp-content\/uploads\/2024\/06\/1718203318848-80x80.jpg 80w\" sizes=\"(max-width: 500px) 100vw, 500px\" \/>\t<\/a>\n<\/div>\n\n\t\t\t<div class=\"event_post\">\n\t\t\t\t<!-- Tille -->\n\t\t\t\t\n<h2 class=\"second_font event_title\">\n\t<a href=\"https:\/\/nunoa.cl\/nunoapanorama\/event\/vive-las-vacaciones-de-invierno-en-nunoa-con-talleres-cine-y-teatro\/\">\n\t\tVive las vacaciones de invierno en \u00d1u\u00f1oa con talleres, cine y teatro\t<\/a>\n<\/h2>\n\t\t\t\t<div class=\"time-event\">\n\t\t\t\t\t<!-- Date -->\n\t\t\t\t\t\n<div class=\"time equal-date\">\n\t\n\t<span class=\"icon-time\">\n\t\t<i class=\"far fa-clock icon_event\"><\/i>\n\t<\/span>\n\n\t\t\t<span class=\"time-date-child\">\n\t\t\t<span class=\"date-child\">\n\t\t\t\t24 de junio de 2024 @\t\t\t<\/span>\n\n\t\t\t<span> 10:00<\/span>\n\n\t\t\t\t\t\t\t<a href=\"https:\/\/nunoa.cl\/nunoapanorama\/event\/vive-las-vacaciones-de-invierno-en-nunoa-con-talleres-cine-y-teatro\/ \" class=\"more_date_text\" data-id=\"1624\">\n\t\t\t\t\t<span>, mas<\/span>\t\n\t\t\t\t<\/a>\n\t\t\t\t\n\t\t<\/span>\n\t\n<\/div>\n\n\t\t\t\t\t<!-- Tille -->\n\t\t\t\t\t\n\n\t\t\t\t<\/div>\n\t\t\t<\/div>\n\t\t<\/div>\n\t<\/div>\n<\/div>\n\n<div class=\"ovaev-content\">\n\t<div class=\"type3\">\n\t\t<!-- Display Highlight Date 1 -->\n\t\t\n<div class=\"date-event\">\n\t<span class=\"date\">20<\/span>\n\t<span class=\"month\">Ago<\/span>\n<\/div>\n\n\n\t\t<div class=\"desc\">\n\n\t\t\t<!-- Thumbnail -->\n\t\t\t\n<div class=\"event-thumbnail\" style=\"background-image:url(https:\/\/nunoa.cl\/nunoapanorama\/wp-content\/uploads\/2022\/08\/Recorridos-patrimonio-post-2-1.png);\">\n\t<a href=\"https:\/\/nunoa.cl\/nunoapanorama\/event\/visita-cementerio-general-agosto\/\">\n\t\t<img loading=\"lazy\" decoding=\"async\" width=\"500\" height=\"500\" src=\"https:\/\/nunoa.cl\/nunoapanorama\/wp-content\/uploads\/2022\/08\/Recorridos-patrimonio-post-2-1-500x500.png\" class=\"attachment-ovaev_event_thumbnail size-ovaev_event_thumbnail wp-post-image\" alt=\"\" srcset=\"https:\/\/nunoa.cl\/nunoapanorama\/wp-content\/uploads\/2022\/08\/Recorridos-patrimonio-post-2-1-500x500.png 500w, https:\/\/nunoa.cl\/nunoapanorama\/wp-content\/uploads\/2022\/08\/Recorridos-patrimonio-post-2-1-300x300.png 300w, https:\/\/nunoa.cl\/nunoapanorama\/wp-content\/uploads\/2022\/08\/Recorridos-patrimonio-post-2-1-1024x1024.png 1024w, https:\/\/nunoa.cl\/nunoapanorama\/wp-content\/uploads\/2022\/08\/Recorridos-patrimonio-post-2-1-150x150.png 150w, https:\/\/nunoa.cl\/nunoapanorama\/wp-content\/uploads\/2022\/08\/Recorridos-patrimonio-post-2-1-768x768.png 768w, https:\/\/nunoa.cl\/nunoapanorama\/wp-content\/uploads\/2022\/08\/Recorridos-patrimonio-post-2-1-80x80.png 80w, https:\/\/nunoa.cl\/nunoapanorama\/wp-content\/uploads\/2022\/08\/Recorridos-patrimonio-post-2-1-600x600.png 600w, https:\/\/nunoa.cl\/nunoapanorama\/wp-content\/uploads\/2022\/08\/Recorridos-patrimonio-post-2-1-100x100.png 100w, https:\/\/nunoa.cl\/nunoapanorama\/wp-content\/uploads\/2022\/08\/Recorridos-patrimonio-post-2-1.png 1080w\" sizes=\"(max-width: 500px) 100vw, 500px\" \/>\t<\/a>\n<\/div>\n\n\t\t\t<div class=\"event_post\">\n\t\t\t\t<!-- Tille -->\n\t\t\t\t\n<h2 class=\"second_font event_title\">\n\t<a href=\"https:\/\/nunoa.cl\/nunoapanorama\/event\/visita-cementerio-general-agosto\/\">\n\t\tVisita guiada por el Cementerio General\t<\/a>\n<\/h2>\n\t\t\t\t<div class=\"time-event\">\n\t\t\t\t\t<!-- Date -->\n\t\t\t\t\t\n<div class=\"time equal-date\">\n\t\n\t<span class=\"icon-time\">\n\t\t<i class=\"far fa-clock icon_event\"><\/i>\n\t<\/span>\n\n\t\t\t<span class=\"time-date-child\">\n\t\t\t<span class=\"date-child\">\n\t\t\t\t10:30 - 15:00\t\t\t<\/span>\n\t\t<\/span>\n\t\n<\/div>\n\n\t\t\t\t\t<!-- Tille -->\n\t\t\t\t\t\n\t<div class=\"venue\">\n\t\t\n\t\t<i class=\"fas fa-map-marker-alt icon_event\"><\/i>\n\t\t\n\t\t<span class=\"number\">\n\t\t\tJorge Washington 116, \u00d1u\u00f1oa (Espacio Literario)\t\t<\/span>\n\t\t\n\t<\/div>\n\n\t\t\t\t<\/div>\n\t\t\t<\/div>\n\t\t<\/div>\n\t<\/div>\n<\/div>\n\n<div class=\"ovaev-content\">\n\t<div class=\"type3\">\n\t\t<!-- Display Highlight Date 1 -->\n\t\t\n<div class=\"date-event\">\n\t<span class=\"date\">17<\/span>\n\t<span class=\"month\">Ene<\/span>\n<\/div>\n\n\n\t\t<div class=\"desc\">\n\n\t\t\t<!-- Thumbnail -->\n\t\t\t\n<div class=\"event-thumbnail\" style=\"background-image:url(https:\/\/nunoa.cl\/nunoapanorama\/wp-content\/uploads\/2025\/01\/verano-630x468.jpg.1100x550_q85_crop-smart_upscale-1024x512-1.jpg);\">\n\t<a href=\"https:\/\/nunoa.cl\/nunoapanorama\/event\/verano-cine-foro\/\">\n\t\t<img loading=\"lazy\" decoding=\"async\" width=\"500\" height=\"500\" src=\"https:\/\/nunoa.cl\/nunoapanorama\/wp-content\/uploads\/2025\/01\/verano-630x468.jpg.1100x550_q85_crop-smart_upscale-1024x512-1-500x500.jpg\" class=\"attachment-ovaev_event_thumbnail size-ovaev_event_thumbnail wp-post-image\" alt=\"\" srcset=\"https:\/\/nunoa.cl\/nunoapanorama\/wp-content\/uploads\/2025\/01\/verano-630x468.jpg.1100x550_q85_crop-smart_upscale-1024x512-1-500x500.jpg 500w, https:\/\/nunoa.cl\/nunoapanorama\/wp-content\/uploads\/2025\/01\/verano-630x468.jpg.1100x550_q85_crop-smart_upscale-1024x512-1-150x150.jpg 150w, https:\/\/nunoa.cl\/nunoapanorama\/wp-content\/uploads\/2025\/01\/verano-630x468.jpg.1100x550_q85_crop-smart_upscale-1024x512-1-80x80.jpg 80w\" sizes=\"(max-width: 500px) 100vw, 500px\" \/>\t<\/a>\n<\/div>\n\n\t\t\t<div class=\"event_post\">\n\t\t\t\t<!-- Tille -->\n\t\t\t\t\n<h2 class=\"second_font event_title\">\n\t<a href=\"https:\/\/nunoa.cl\/nunoapanorama\/event\/verano-cine-foro\/\">\n\t\tVerano + Cine foro\t<\/a>\n<\/h2>\n\t\t\t\t<div class=\"time-event\">\n\t\t\t\t\t<!-- Date -->\n\t\t\t\t\t\n<div class=\"time equal-date\">\n\t\n\t<span class=\"icon-time\">\n\t\t<i class=\"far fa-clock icon_event\"><\/i>\n\t<\/span>\n\n\t\t\t<span class=\"time-date-child\">\n\t\t\t<span class=\"date-child\">\n\t\t\t\t19:30 - 21:00\t\t\t<\/span>\n\t\t<\/span>\n\t\n<\/div>\n\n\t\t\t\t\t<!-- Tille -->\n\t\t\t\t\t\n\t<div class=\"venue\">\n\t\t\n\t\t<i class=\"fas fa-map-marker-alt icon_event\"><\/i>\n\t\t\n\t\t<span class=\"number\">\n\t\t\tSala de Cine de \u00d1u\u00f1oa Irarr\u00e1zaval 4055, \u00d1u\u00f1oa\t\t<\/span>\n\t\t\n\t<\/div>\n\n\t\t\t\t<\/div>\n\t\t\t<\/div>\n\t\t<\/div>\n\t<\/div>\n<\/div>\n\n<div class=\"ovaev-content\">\n\t<div class=\"type3\">\n\t\t<!-- Display Highlight Date 1 -->\n\t\t\n<div class=\"date-event\">\n\t<span class=\"date\">20<\/span>\n\t<span class=\"month\">Ago<\/span>\n<\/div>\n\n\n\t\t<div class=\"desc\">\n\n\t\t\t<!-- Thumbnail -->\n\t\t\t\n<div class=\"event-thumbnail\" style=\"background-image:url(https:\/\/nunoa.cl\/nunoapanorama\/wp-content\/uploads\/2022\/08\/feed-El-Cachafaz.jpg);\">\n\t<a href=\"https:\/\/nunoa.cl\/nunoapanorama\/event\/variete-galeria-de-experiencias\/\">\n\t\t<img loading=\"lazy\" decoding=\"async\" width=\"500\" height=\"500\" src=\"https:\/\/nunoa.cl\/nunoapanorama\/wp-content\/uploads\/2022\/08\/feed-El-Cachafaz-500x500.jpg\" class=\"attachment-ovaev_event_thumbnail size-ovaev_event_thumbnail wp-post-image\" alt=\"\" srcset=\"https:\/\/nunoa.cl\/nunoapanorama\/wp-content\/uploads\/2022\/08\/feed-El-Cachafaz-500x500.jpg 500w, https:\/\/nunoa.cl\/nunoapanorama\/wp-content\/uploads\/2022\/08\/feed-El-Cachafaz-300x300.jpg 300w, https:\/\/nunoa.cl\/nunoapanorama\/wp-content\/uploads\/2022\/08\/feed-El-Cachafaz-1024x1024.jpg 1024w, https:\/\/nunoa.cl\/nunoapanorama\/wp-content\/uploads\/2022\/08\/feed-El-Cachafaz-150x150.jpg 150w, https:\/\/nunoa.cl\/nunoapanorama\/wp-content\/uploads\/2022\/08\/feed-El-Cachafaz-768x768.jpg 768w, https:\/\/nunoa.cl\/nunoapanorama\/wp-content\/uploads\/2022\/08\/feed-El-Cachafaz-80x80.jpg 80w, https:\/\/nunoa.cl\/nunoapanorama\/wp-content\/uploads\/2022\/08\/feed-El-Cachafaz-600x600.jpg 600w, https:\/\/nunoa.cl\/nunoapanorama\/wp-content\/uploads\/2022\/08\/feed-El-Cachafaz-100x100.jpg 100w, https:\/\/nunoa.cl\/nunoapanorama\/wp-content\/uploads\/2022\/08\/feed-El-Cachafaz.jpg 1080w\" sizes=\"(max-width: 500px) 100vw, 500px\" \/>\t<\/a>\n<\/div>\n\n\t\t\t<div class=\"event_post\">\n\t\t\t\t<!-- Tille -->\n\t\t\t\t\n<h2 class=\"second_font event_title\">\n\t<a href=\"https:\/\/nunoa.cl\/nunoapanorama\/event\/variete-galeria-de-experiencias\/\">\n\t\tVariet\u00e9 &#8220;Galer\u00eda de Experiencias&#8221;\t<\/a>\n<\/h2>\n\t\t\t\t<div class=\"time-event\">\n\t\t\t\t\t<!-- Date -->\n\t\t\t\t\t\n<div class=\"time equal-date\">\n\t\n\t<span class=\"icon-time\">\n\t\t<i class=\"far fa-clock icon_event\"><\/i>\n\t<\/span>\n\n\t\t\t<span class=\"time-date-child\">\n\t\t\t<span class=\"date-child\">\n\t\t\t\t20 de agosto de 2022 @\t\t\t<\/span>\n\n\t\t\t<span> 16:00<\/span>\n\n\t\t\t\t\t\t\t<a href=\"https:\/\/nunoa.cl\/nunoapanorama\/event\/variete-galeria-de-experiencias\/ \" class=\"more_date_text\" data-id=\"491\">\n\t\t\t\t\t<span>, mas<\/span>\t\n\t\t\t\t<\/a>\n\t\t\t\t\n\t\t<\/span>\n\t\n<\/div>\n\n\t\t\t\t\t<!-- Tille -->\n\t\t\t\t\t\n\t<div class=\"venue\">\n\t\t\n\t\t<i class=\"fas fa-map-marker-alt icon_event\"><\/i>\n\t\t\n\t\t<span class=\"number\">\n\t\t\tAv. Italia 1679, \u00d1u\u00f1oa\t\t<\/span>\n\t\t\n\t<\/div>\n\n\t\t\t\t<\/div>\n\t\t\t<\/div>\n\t\t<\/div>\n\t<\/div>\n<\/div>\n\n<div class=\"ovaev-content\">\n\t<div class=\"type3\">\n\t\t<!-- Display Highlight Date 1 -->\n\t\t\n<div class=\"date-event\">\n\t<span class=\"date\">04<\/span>\n\t<span class=\"month\">Ago<\/span>\n<\/div>\n\n\n\t\t<div class=\"desc\">\n\n\t\t\t<!-- Thumbnail -->\n\t\t\t\n<div class=\"event-thumbnail\" style=\"background-image:url(https:\/\/nunoa.cl\/nunoapanorama\/wp-content\/uploads\/2023\/07\/2099.jpg);\">\n\t<a href=\"https:\/\/nunoa.cl\/nunoapanorama\/event\/valca-namo-lanzamiento-ausencia-artista-invitado-futnes-espacio-incluir\/\">\n\t\t<img loading=\"lazy\" decoding=\"async\" width=\"500\" height=\"500\" src=\"https:\/\/nunoa.cl\/nunoapanorama\/wp-content\/uploads\/2023\/07\/2099-500x500.jpg\" class=\"attachment-ovaev_event_thumbnail size-ovaev_event_thumbnail wp-post-image\" alt=\"\" srcset=\"https:\/\/nunoa.cl\/nunoapanorama\/wp-content\/uploads\/2023\/07\/2099-500x500.jpg 500w, https:\/\/nunoa.cl\/nunoapanorama\/wp-content\/uploads\/2023\/07\/2099-300x300.jpg 300w, https:\/\/nunoa.cl\/nunoapanorama\/wp-content\/uploads\/2023\/07\/2099-150x150.jpg 150w, https:\/\/nunoa.cl\/nunoapanorama\/wp-content\/uploads\/2023\/07\/2099-768x768.jpg 768w, https:\/\/nunoa.cl\/nunoapanorama\/wp-content\/uploads\/2023\/07\/2099-80x80.jpg 80w, https:\/\/nunoa.cl\/nunoapanorama\/wp-content\/uploads\/2023\/07\/2099.jpg 1000w\" sizes=\"(max-width: 500px) 100vw, 500px\" \/>\t<\/a>\n<\/div>\n\n\t\t\t<div class=\"event_post\">\n\t\t\t\t<!-- Tille -->\n\t\t\t\t\n<h2 class=\"second_font event_title\">\n\t<a href=\"https:\/\/nunoa.cl\/nunoapanorama\/event\/valca-namo-lanzamiento-ausencia-artista-invitado-futnes-espacio-incluir\/\">\n\t\tVALCA NAMO &#8211; LANZAMIENTO AUSENCIA ARTISTA INVITADO: FUTNES &#8211; ESPACIO INCLUIR\t<\/a>\n<\/h2>\n\t\t\t\t<div class=\"time-event\">\n\t\t\t\t\t<!-- Date -->\n\t\t\t\t\t\n<div class=\"time equal-date\">\n\t\n\t<span class=\"icon-time\">\n\t\t<i class=\"far fa-clock icon_event\"><\/i>\n\t<\/span>\n\n\t\t\t<span class=\"time-date-child\">\n\t\t\t<span class=\"date-child\">\n\t\t\t\t20:00 - 22:00\t\t\t<\/span>\n\t\t<\/span>\n\t\n<\/div>\n\n\t\t\t\t\t<!-- Tille -->\n\t\t\t\t\t\n\t<div class=\"venue\">\n\t\t\n\t\t<i class=\"fas fa-map-marker-alt icon_event\"><\/i>\n\t\t\n\t\t<span class=\"number\">\n\t\t\tEspacio Incluir, Avd. Alcalde Jorge Monckeberg 581, \u00d1u\u00f1oa\t\t<\/span>\n\t\t\n\t<\/div>\n\n\t\t\t\t<\/div>\n\t\t\t<\/div>\n\t\t<\/div>\n\t<\/div>\n<\/div>\n\n<div class=\"ovaev-content\">\n\t<div class=\"type3\">\n\t\t<!-- Display Highlight Date 1 -->\n\t\t\n<div class=\"date-event\">\n\t<span class=\"date\">09<\/span>\n\t<span class=\"month\">Nov<\/span>\n<\/div>\n\n\n\t\t<div class=\"desc\">\n\n\t\t\t<!-- Thumbnail -->\n\t\t\t\n<div class=\"event-thumbnail\" style=\"background-image:url(https:\/\/nunoa.cl\/nunoapanorama\/wp-content\/uploads\/2023\/11\/Captura-de-pantalla-2023-11-09-122447.jpg);\">\n\t<a href=\"https:\/\/nunoa.cl\/nunoapanorama\/event\/v-festival-internacional-de-narracion-oral-chile-cuentos\/\">\n\t\t<img loading=\"lazy\" decoding=\"async\" width=\"500\" height=\"500\" src=\"https:\/\/nunoa.cl\/nunoapanorama\/wp-content\/uploads\/2023\/11\/Captura-de-pantalla-2023-11-09-122447-500x500.jpg\" class=\"attachment-ovaev_event_thumbnail size-ovaev_event_thumbnail wp-post-image\" alt=\"\" srcset=\"https:\/\/nunoa.cl\/nunoapanorama\/wp-content\/uploads\/2023\/11\/Captura-de-pantalla-2023-11-09-122447-500x500.jpg 500w, https:\/\/nunoa.cl\/nunoapanorama\/wp-content\/uploads\/2023\/11\/Captura-de-pantalla-2023-11-09-122447-300x300.jpg 300w, https:\/\/nunoa.cl\/nunoapanorama\/wp-content\/uploads\/2023\/11\/Captura-de-pantalla-2023-11-09-122447-150x150.jpg 150w, https:\/\/nunoa.cl\/nunoapanorama\/wp-content\/uploads\/2023\/11\/Captura-de-pantalla-2023-11-09-122447-768x770.jpg 768w, https:\/\/nunoa.cl\/nunoapanorama\/wp-content\/uploads\/2023\/11\/Captura-de-pantalla-2023-11-09-122447-80x80.jpg 80w, https:\/\/nunoa.cl\/nunoapanorama\/wp-content\/uploads\/2023\/11\/Captura-de-pantalla-2023-11-09-122447.jpg 880w\" sizes=\"(max-width: 500px) 100vw, 500px\" \/>\t<\/a>\n<\/div>\n\n\t\t\t<div class=\"event_post\">\n\t\t\t\t<!-- Tille -->\n\t\t\t\t\n<h2 class=\"second_font event_title\">\n\t<a href=\"https:\/\/nunoa.cl\/nunoapanorama\/event\/v-festival-internacional-de-narracion-oral-chile-cuentos\/\">\n\t\tV Festival Internacional de Narraci\u00f3n Oral Chile Cuentos\t<\/a>\n<\/h2>\n\t\t\t\t<div class=\"time-event\">\n\t\t\t\t\t<!-- Date -->\n\t\t\t\t\t\n<div class=\"time equal-date\">\n\t\n\t<span class=\"icon-time\">\n\t\t<i class=\"far fa-clock icon_event\"><\/i>\n\t<\/span>\n\n\t\t\t<span class=\"time-date-child\">\n\t\t\t<span class=\"date-child\">\n\t\t\t\t9 de noviembre de 2023 @\t\t\t<\/span>\n\n\t\t\t<span> 17:00<\/span>\n\n\t\t\t\t\t\t\t<a href=\"https:\/\/nunoa.cl\/nunoapanorama\/event\/v-festival-internacional-de-narracion-oral-chile-cuentos\/ \" class=\"more_date_text\" data-id=\"1502\">\n\t\t\t\t\t<span>, mas<\/span>\t\n\t\t\t\t<\/a>\n\t\t\t\t\n\t\t<\/span>\n\t\n<\/div>\n\n\t\t\t\t\t<!-- Tille -->\n\t\t\t\t\t\n\t<div class=\"venue\">\n\t\t\n\t\t<i class=\"fas fa-map-marker-alt icon_event\"><\/i>\n\t\t\n\t\t<span class=\"number\">\n\t\t\tEspacio Literario, Jorge Washington 116, \u00d1u\u00f1oa.\t\t<\/span>\n\t\t\n\t<\/div>\n\n\t\t\t\t<\/div>\n\t\t\t<\/div>\n\t\t<\/div>\n\t<\/div>\n<\/div>\n\n<div class=\"ovaev-content\">\n\t<div class=\"type3\">\n\t\t<!-- Display Highlight Date 1 -->\n\t\t\n<div class=\"date-event\">\n\t<span class=\"date\">11<\/span>\n\t<span class=\"month\">Ago<\/span>\n<\/div>\n\n\n\t\t<div class=\"desc\">\n\n\t\t\t<!-- Thumbnail -->\n\t\t\t\n<div class=\"event-thumbnail\" style=\"background-image:url(https:\/\/nunoa.cl\/nunoapanorama\/wp-content\/uploads\/2023\/08\/2299.jpg);\">\n\t<a href=\"https:\/\/nunoa.cl\/nunoapanorama\/event\/tributo-david-bowie-starman-los-psiconautas\/\">\n\t\t<img loading=\"lazy\" decoding=\"async\" width=\"500\" height=\"500\" src=\"https:\/\/nunoa.cl\/nunoapanorama\/wp-content\/uploads\/2023\/08\/2299-500x500.jpg\" class=\"attachment-ovaev_event_thumbnail size-ovaev_event_thumbnail wp-post-image\" alt=\"\" srcset=\"https:\/\/nunoa.cl\/nunoapanorama\/wp-content\/uploads\/2023\/08\/2299-500x500.jpg 500w, https:\/\/nunoa.cl\/nunoapanorama\/wp-content\/uploads\/2023\/08\/2299-300x300.jpg 300w, https:\/\/nunoa.cl\/nunoapanorama\/wp-content\/uploads\/2023\/08\/2299-150x150.jpg 150w, https:\/\/nunoa.cl\/nunoapanorama\/wp-content\/uploads\/2023\/08\/2299-768x768.jpg 768w, https:\/\/nunoa.cl\/nunoapanorama\/wp-content\/uploads\/2023\/08\/2299-80x80.jpg 80w, https:\/\/nunoa.cl\/nunoapanorama\/wp-content\/uploads\/2023\/08\/2299.jpg 1000w\" sizes=\"(max-width: 500px) 100vw, 500px\" \/>\t<\/a>\n<\/div>\n\n\t\t\t<div class=\"event_post\">\n\t\t\t\t<!-- Tille -->\n\t\t\t\t\n<h2 class=\"second_font event_title\">\n\t<a href=\"https:\/\/nunoa.cl\/nunoapanorama\/event\/tributo-david-bowie-starman-los-psiconautas\/\">\n\t\tTRIBUTO DAVID BOWIE (STARMAN) &#8211; LOS PSICONAUTAS\t<\/a>\n<\/h2>\n\t\t\t\t<div class=\"time-event\">\n\t\t\t\t\t<!-- Date -->\n\t\t\t\t\t\n<div class=\"time equal-date\">\n\t\n\t<span class=\"icon-time\">\n\t\t<i class=\"far fa-clock icon_event\"><\/i>\n\t<\/span>\n\n\t\t\t<span class=\"time-date-child\">\n\t\t\t<span class=\"date-child\">\n\t\t\t\t11 de agosto de 2023 @\t\t\t<\/span>\n\n\t\t\t<span> 21:00<\/span>\n\n\t\t\t\t\t\t\t<a href=\"https:\/\/nunoa.cl\/nunoapanorama\/event\/tributo-david-bowie-starman-los-psiconautas\/ \" class=\"more_date_text\" data-id=\"1301\">\n\t\t\t\t\t<span>, mas<\/span>\t\n\t\t\t\t<\/a>\n\t\t\t\t\n\t\t<\/span>\n\t\n<\/div>\n\n\t\t\t\t\t<!-- Tille -->\n\t\t\t\t\t\n\t<div class=\"venue\">\n\t\t\n\t\t<i class=\"fas fa-map-marker-alt icon_event\"><\/i>\n\t\t\n\t\t<span class=\"number\">\n\t\t\tSala RBX, Av. Vicu\u00f1a Mackenna 1212, \u00d1u\u00f1oa.\t\t<\/span>\n\t\t\n\t<\/div>\n\n\t\t\t\t<\/div>\n\t\t\t<\/div>\n\t\t<\/div>\n\t<\/div>\n<\/div>\n\t<\/div>\n\n<\/div>\t\t<\/div>\n\t\t\t\t<\/div>\n\t\t\t\t\t<\/div>\n\t\t<\/div>\n\t\t\t\t\t<\/div>\n\t\t<\/section>\n\t\t\t\t<section class=\"elementor-section elementor-top-section elementor-element elementor-element-744018e elementor-section-stretched elementor-section-boxed elementor-section-height-default elementor-section-height-default\" data-id=\"744018e\" data-element_type=\"section\" data-settings=\"{&quot;stretch_section&quot;:&quot;section-stretched&quot;,&quot;background_background&quot;:&quot;classic&quot;}\">\n\t\t\t\t\t\t<div class=\"elementor-container elementor-column-gap-default\">\n\t\t\t\t\t<div class=\"elementor-column elementor-col-100 elementor-top-column elementor-element elementor-element-0c7bcae\" data-id=\"0c7bcae\" data-element_type=\"column\">\n\t\t\t<div class=\"elementor-widget-wrap elementor-element-populated\">\n\t\t\t\t\t\t<div class=\"elementor-element elementor-element-d5ebc15 elementor-widget elementor-widget-heading\" data-id=\"d5ebc15\" data-element_type=\"widget\" data-widget_type=\"heading.default\">\n\t\t\t\t<div class=\"elementor-widget-container\">\n\t\t\t<style>\/*! elementor - v3.23.0 - 10-07-2024 *\/\n.elementor-heading-title{padding:0;margin:0;line-height:1}.elementor-widget-heading .elementor-heading-title[class*=elementor-size-]>a{color:inherit;font-size:inherit;line-height:inherit}.elementor-widget-heading .elementor-heading-title.elementor-size-small{font-size:15px}.elementor-widget-heading .elementor-heading-title.elementor-size-medium{font-size:19px}.elementor-widget-heading .elementor-heading-title.elementor-size-large{font-size:29px}.elementor-widget-heading .elementor-heading-title.elementor-size-xl{font-size:39px}.elementor-widget-heading .elementor-heading-title.elementor-size-xxl{font-size:59px}<\/style><h2 class=\"elementor-heading-title elementor-size-default\">\u00bfQu\u00e9 es nunoapanorama?<\/h2>\t\t<\/div>\n\t\t\t\t<\/div>\n\t\t\t\t<div class=\"elementor-element elementor-element-26921e7 elementor-tabs-alignment-center elementor-tabs-view-horizontal elementor-widget elementor-widget-tabs\" data-id=\"26921e7\" data-element_type=\"widget\" data-widget_type=\"tabs.default\">\n\t\t\t\t<div class=\"elementor-widget-container\">\n\t\t\t<style>\/*! elementor - v3.23.0 - 10-07-2024 *\/\n.elementor-widget-tabs.elementor-tabs-view-vertical .elementor-tabs-wrapper{width:25%;flex-shrink:0}.elementor-widget-tabs.elementor-tabs-view-vertical .elementor-tab-desktop-title.elementor-active{border-inline-end-style:none}.elementor-widget-tabs.elementor-tabs-view-vertical .elementor-tab-desktop-title.elementor-active:after,.elementor-widget-tabs.elementor-tabs-view-vertical .elementor-tab-desktop-title.elementor-active:before{height:999em;width:0;right:0;border-inline-end-style:solid}.elementor-widget-tabs.elementor-tabs-view-vertical .elementor-tab-desktop-title.elementor-active:before{top:0;transform:translateY(-100%)}.elementor-widget-tabs.elementor-tabs-view-vertical .elementor-tab-desktop-title.elementor-active:after{top:100%}.elementor-widget-tabs.elementor-tabs-view-horizontal .elementor-tab-desktop-title{display:table-cell}.elementor-widget-tabs.elementor-tabs-view-horizontal .elementor-tab-desktop-title.elementor-active{border-bottom-style:none}.elementor-widget-tabs.elementor-tabs-view-horizontal .elementor-tab-desktop-title.elementor-active:after,.elementor-widget-tabs.elementor-tabs-view-horizontal .elementor-tab-desktop-title.elementor-active:before{bottom:0;height:0;width:999em;border-bottom-style:solid}.elementor-widget-tabs.elementor-tabs-view-horizontal .elementor-tab-desktop-title.elementor-active:before{right:100%}.elementor-widget-tabs.elementor-tabs-view-horizontal .elementor-tab-desktop-title.elementor-active:after{left:100%}.elementor-widget-tabs .elementor-tab-content,.elementor-widget-tabs .elementor-tab-title,.elementor-widget-tabs .elementor-tab-title:after,.elementor-widget-tabs .elementor-tab-title:before,.elementor-widget-tabs .elementor-tabs-content-wrapper{border:1px #d5d8dc}.elementor-widget-tabs .elementor-tabs{text-align:start}.elementor-widget-tabs .elementor-tabs-wrapper{overflow:hidden}.elementor-widget-tabs .elementor-tab-title{cursor:pointer;outline:var(--focus-outline,none)}.elementor-widget-tabs .elementor-tab-desktop-title{position:relative;padding:20px 25px;font-weight:700;line-height:1;border:solid transparent}.elementor-widget-tabs .elementor-tab-desktop-title.elementor-active{border-color:#d5d8dc}.elementor-widget-tabs .elementor-tab-desktop-title.elementor-active:after,.elementor-widget-tabs .elementor-tab-desktop-title.elementor-active:before{display:block;content:\"\";position:absolute}.elementor-widget-tabs .elementor-tab-desktop-title:focus-visible{border:1px solid #000}.elementor-widget-tabs .elementor-tab-mobile-title{padding:10px;cursor:pointer}.elementor-widget-tabs .elementor-tab-content{padding:20px;display:none}@media (max-width:767px){.elementor-tabs .elementor-tab-content,.elementor-tabs .elementor-tab-title{border-style:solid solid none}.elementor-tabs .elementor-tabs-wrapper{display:none}.elementor-tabs .elementor-tabs-content-wrapper{border-bottom-style:solid}.elementor-tabs .elementor-tab-content{padding:10px}}@media (min-width:768px){.elementor-widget-tabs.elementor-tabs-view-vertical .elementor-tabs{display:flex}.elementor-widget-tabs.elementor-tabs-view-vertical .elementor-tabs-wrapper{flex-direction:column}.elementor-widget-tabs.elementor-tabs-view-vertical .elementor-tabs-content-wrapper{flex-grow:1;border-style:solid solid solid none}.elementor-widget-tabs.elementor-tabs-view-horizontal .elementor-tab-content{border-style:none solid solid}.elementor-widget-tabs.elementor-tabs-alignment-center .elementor-tabs-wrapper,.elementor-widget-tabs.elementor-tabs-alignment-end .elementor-tabs-wrapper,.elementor-widget-tabs.elementor-tabs-alignment-stretch .elementor-tabs-wrapper{display:flex}.elementor-widget-tabs.elementor-tabs-alignment-center .elementor-tabs-wrapper{justify-content:center}.elementor-widget-tabs.elementor-tabs-alignment-end .elementor-tabs-wrapper{justify-content:flex-end}.elementor-widget-tabs.elementor-tabs-alignment-stretch.elementor-tabs-view-horizontal .elementor-tab-title{width:100%}.elementor-widget-tabs.elementor-tabs-alignment-stretch.elementor-tabs-view-vertical .elementor-tab-title{height:100%}.elementor-tabs .elementor-tab-mobile-title{display:none}}<\/style>\t\t<div class=\"elementor-tabs\">\n\t\t\t<div class=\"elementor-tabs-wrapper\" role=\"tablist\" >\n\t\t\t\t\t\t\t\t\t<div id=\"elementor-tab-title-4041\" class=\"elementor-tab-title elementor-tab-desktop-title\" aria-selected=\"true\" data-tab=\"1\" role=\"tab\" tabindex=\"0\" aria-controls=\"elementor-tab-content-4041\" aria-expanded=\"false\">\u00bfDe qu\u00e9 se trata?<\/div>\n\t\t\t\t\t\t\t\t\t<div id=\"elementor-tab-title-4042\" class=\"elementor-tab-title elementor-tab-desktop-title\" aria-selected=\"false\" data-tab=\"2\" role=\"tab\" tabindex=\"-1\" aria-controls=\"elementor-tab-content-4042\" aria-expanded=\"false\">\u00bfCu\u00e1l es el objetivo?<\/div>\n\t\t\t\t\t\t\t\t\t<div id=\"elementor-tab-title-4043\" class=\"elementor-tab-title elementor-tab-desktop-title\" aria-selected=\"false\" data-tab=\"3\" role=\"tab\" tabindex=\"-1\" aria-controls=\"elementor-tab-content-4043\" aria-expanded=\"false\">\u00bfA qui\u00e9nes est\u00e1 dirigido?<\/div>\n\t\t\t\t\t\t\t\t\t<div id=\"elementor-tab-title-4044\" class=\"elementor-tab-title elementor-tab-desktop-title\" aria-selected=\"false\" data-tab=\"4\" role=\"tab\" tabindex=\"-1\" aria-controls=\"elementor-tab-content-4044\" aria-expanded=\"false\">\u00bfCu\u00e1les son las condiciones?<\/div>\n\t\t\t\t\t\t\t<\/div>\n\t\t\t<div class=\"elementor-tabs-content-wrapper\" role=\"tablist\" aria-orientation=\"vertical\">\n\t\t\t\t\t\t\t\t\t<div class=\"elementor-tab-title elementor-tab-mobile-title\" aria-selected=\"true\" data-tab=\"1\" role=\"tab\" tabindex=\"0\" aria-controls=\"elementor-tab-content-4041\" aria-expanded=\"false\">\u00bfDe qu\u00e9 se trata?<\/div>\n\t\t\t\t\t<div id=\"elementor-tab-content-4041\" class=\"elementor-tab-content elementor-clearfix\" data-tab=\"1\" role=\"tabpanel\" aria-labelledby=\"elementor-tab-title-4041\" tabindex=\"0\" hidden=\"false\"><p>Un espacio digital exclusivamente dedicado a la promoci\u00f3n y difusi\u00f3n de actividades art\u00edsticas y culturales realizadas en \u00d1u\u00f1oa, sean organizadas por la municipalidad, establecimientos educacionales, espacios culturales, juntas de vecinos, artistas locales y\/u otras agrupaciones de la comuna.<\/p><\/div>\n\t\t\t\t\t\t\t\t\t<div class=\"elementor-tab-title elementor-tab-mobile-title\" aria-selected=\"false\" data-tab=\"2\" role=\"tab\" tabindex=\"-1\" aria-controls=\"elementor-tab-content-4042\" aria-expanded=\"false\">\u00bfCu\u00e1l es el objetivo?<\/div>\n\t\t\t\t\t<div id=\"elementor-tab-content-4042\" class=\"elementor-tab-content elementor-clearfix\" data-tab=\"2\" role=\"tabpanel\" aria-labelledby=\"elementor-tab-title-4042\" tabindex=\"0\" hidden=\"hidden\"><p>El objetivo de este espacio es promocionar, difundir \u00a0y visibilizar actividades art\u00edsticas y eventos culturales que se realicen en el territorio de \u00d1u\u00f1oa, abriendo canales de difusi\u00f3n institucionales a artistas, cultores y organizaciones locales.<\/p><\/div>\n\t\t\t\t\t\t\t\t\t<div class=\"elementor-tab-title elementor-tab-mobile-title\" aria-selected=\"false\" data-tab=\"3\" role=\"tab\" tabindex=\"-1\" aria-controls=\"elementor-tab-content-4043\" aria-expanded=\"false\">\u00bfA qui\u00e9nes est\u00e1 dirigido?<\/div>\n\t\t\t\t\t<div id=\"elementor-tab-content-4043\" class=\"elementor-tab-content elementor-clearfix\" data-tab=\"3\" role=\"tabpanel\" aria-labelledby=\"elementor-tab-title-4043\" tabindex=\"0\" hidden=\"hidden\"><p>Este espacio de difusi\u00f3n busca beneficiar en paralelo tanto a cualquier persona que busque conocer la oferta cultural que hay en \u00d1u\u00f1oa, como a organizadores de eventos culturales que quieran difundir las actividades que realizan en la comuna.<\/p><\/div>\n\t\t\t\t\t\t\t\t\t<div class=\"elementor-tab-title elementor-tab-mobile-title\" aria-selected=\"false\" data-tab=\"4\" role=\"tab\" tabindex=\"-1\" aria-controls=\"elementor-tab-content-4044\" aria-expanded=\"false\">\u00bfCu\u00e1les son las condiciones?<\/div>\n\t\t\t\t\t<div id=\"elementor-tab-content-4044\" class=\"elementor-tab-content elementor-clearfix\" data-tab=\"4\" role=\"tabpanel\" aria-labelledby=\"elementor-tab-title-4044\" tabindex=\"0\" hidden=\"hidden\"><div><p>1 &#8211; La Ilustre Municipalidad de \u00d1u\u00f1oa dispone de este sitio \u00fanica y exclusivamente como canal de difusi\u00f3n, por lo que no se hace responsable de organizar ni prestar ayuda econ\u00f3mica o de otra \u00edndole a los organizadores de las actividades publicadas en \u00e9l.<\/p><p>2 &#8211; La Ilustre Municipalidad de \u00d1u\u00f1oa no se hace responsable por ning\u00fan cambio o cancelaci\u00f3n de las actividades publicadas en el sitio, as\u00ed como tampoco del eventual no cumplimiento del servicio prometido por parte de los organizadores de las actividades hacia sus asistentes.<\/p><p>3 &#8211; Sobre las actividades a difundir en espacios p\u00fablicos, se les solicitar\u00e1 a los organizadores como requisito excluyente la autorizaci\u00f3n correspondiente al uso de dicho espacio, otorgada por la Ilustre Municipalidad de \u00d1u\u00f1oa.<\/p><p>4 &#8211; S\u00f3lo se difundir\u00e1n actividades realizadas en el territorio de \u00d1u\u00f1oa, sin importar la comuna de residencia u origen del organizador.<\/p><p>5 &#8211; Las solicitudes para publicar actividades en el sitio deben ser enviadas con un plazo m\u00ednimo de 7 (siete) d\u00edas h\u00e1biles previos a su realizaci\u00f3n.<\/p><p>6 &#8211; Se proh\u00edbe utilizar el sitio para actos fraudulentos.<\/p><p>7 &#8211; Queda rotundamente prohibida la publicaci\u00f3n de actividades cuyo contenido contenga lenguaje ofensivo, resulte intimidatorio, injurioso o calumnioso, que incite a la violencia, que contenga violencia gr\u00e1fica o que de cualquier manera atente contra la dignidad de cualquier persona, grupo humano o instituci\u00f3n.<\/p><p>8 &#8211; No se difundir\u00e1 ninguna actividad que sea financiada por alg\u00fan partido pol\u00edtico \u00a0o cuyo principal fin sea de propaganda pol\u00edtica.<\/p><p>9 &#8211; Las opiniones y l\u00edneas editoriales vertidas por los organizadores y realizadores de las actividades publicadas en este sitio web, son de exclusiva responsabilidad de quienes las emiten y no representan, necesariamente, la visi\u00f3n de la Ilustre Municipalidad de \u00d1u\u00f1oa como instituci\u00f3n ni el pensamiento de los funcionarios que trabajan en ella.<\/p><p>10 &#8211; La Municipalidad de \u00d1u\u00f1oa se reserva el derecho de seleccionar seg\u00fan las normas precedentes aquellas actividades que se publicar\u00e1n en la plataforma, as\u00ed como la facultad de rechazar a aquellas organizaciones y\/o personas naturales que hayan incumplido de manera reiterada los presentes t\u00e9rminos y condiciones, o hayan incumplido la normativa vigente en alguna actividad previamente realizada.<\/p><\/div><\/div>\n\t\t\t\t\t\t\t<\/div>\n\t\t<\/div>\n\t\t\t\t<\/div>\n\t\t\t\t<\/div>\n\t\t\t\t\t<\/div>\n\t\t<\/div>\n\t\t\t\t\t<\/div>\n\t\t<\/section>\n\t\t\t\t<section class=\"elementor-section elementor-top-section elementor-element elementor-element-5db7983 elementor-section-boxed elementor-section-height-default elementor-section-height-default\" data-id=\"5db7983\" data-element_type=\"section\">\n\t\t\t\t\t\t<div class=\"elementor-container elementor-column-gap-default\">\n\t\t\t\t\t<div class=\"elementor-column elementor-col-100 elementor-top-column elementor-element elementor-element-d4c7f3c\" data-id=\"d4c7f3c\" data-element_type=\"column\">\n\t\t\t<div class=\"elementor-widget-wrap elementor-element-populated\">\n\t\t\t\t\t\t<div class=\"elementor-element elementor-element-29b627a elementor-widget elementor-widget-heading\" data-id=\"29b627a\" data-element_type=\"widget\" data-widget_type=\"heading.default\">\n\t\t\t\t<div class=\"elementor-widget-container\">\n\t\t\t<h2 class=\"elementor-heading-title elementor-size-default\">Esta es una iniciativa de<\/h2>\t\t<\/div>\n\t\t\t\t<\/div>\n\t\t\t\t\t<\/div>\n\t\t<\/div>\n\t\t\t\t\t<\/div>\n\t\t<\/section>\n\t\t\t\t<section class=\"elementor-section elementor-top-section elementor-element elementor-element-923142e elementor-section-boxed elementor-section-height-default elementor-section-height-default\" data-id=\"923142e\" data-element_type=\"section\">\n\t\t\t\t\t\t<div class=\"elementor-container elementor-column-gap-default\">\n\t\t\t\t\t<div class=\"elementor-column elementor-col-33 elementor-top-column elementor-element elementor-element-e8c56a5\" data-id=\"e8c56a5\" data-element_type=\"column\">\n\t\t\t<div class=\"elementor-widget-wrap elementor-element-populated\">\n\t\t\t\t\t\t<div class=\"elementor-element elementor-element-8b7a166 elementor-widget elementor-widget-image\" data-id=\"8b7a166\" data-element_type=\"widget\" data-widget_type=\"image.default\">\n\t\t\t\t<div class=\"elementor-widget-container\">\n\t\t\t<style>\/*! elementor - v3.23.0 - 10-07-2024 *\/\n.elementor-widget-image{text-align:center}.elementor-widget-image a{display:inline-block}.elementor-widget-image a img[src$=\".svg\"]{width:48px}.elementor-widget-image img{vertical-align:middle;display:inline-block}<\/style>\t\t\t\t\t\t\t\t\t\t\t<a href=\"https:\/\/nunoapatrimonial.cl\/\">\n\t\t\t\t\t\t\t<img loading=\"lazy\" decoding=\"async\" width=\"300\" height=\"122\" src=\"https:\/\/nunoa.cl\/nunoapanorama\/wp-content\/uploads\/2022\/07\/nunoa-patrimonio-300x122.png\" class=\"attachment-medium size-medium wp-image-330\" alt=\"\" srcset=\"https:\/\/nunoa.cl\/nunoapanorama\/wp-content\/uploads\/2022\/07\/nunoa-patrimonio-300x122.png 300w, https:\/\/nunoa.cl\/nunoapanorama\/wp-content\/uploads\/2022\/07\/nunoa-patrimonio-1024x416.png 1024w, https:\/\/nunoa.cl\/nunoapanorama\/wp-content\/uploads\/2022\/07\/nunoa-patrimonio-768x312.png 768w, https:\/\/nunoa.cl\/nunoapanorama\/wp-content\/uploads\/2022\/07\/nunoa-patrimonio-1536x625.png 1536w, https:\/\/nunoa.cl\/nunoapanorama\/wp-content\/uploads\/2022\/07\/nunoa-patrimonio-2048x833.png 2048w, https:\/\/nunoa.cl\/nunoapanorama\/wp-content\/uploads\/2022\/07\/nunoa-patrimonio-600x244.png 600w\" sizes=\"(max-width: 300px) 100vw, 300px\" \/>\t\t\t\t\t\t\t\t<\/a>\n\t\t\t\t\t\t\t\t\t\t\t\t\t<\/div>\n\t\t\t\t<\/div>\n\t\t\t\t\t<\/div>\n\t\t<\/div>\n\t\t\t\t<div class=\"elementor-column elementor-col-33 elementor-top-column elementor-element elementor-element-bc403d8\" data-id=\"bc403d8\" data-element_type=\"column\">\n\t\t\t<div class=\"elementor-widget-wrap elementor-element-populated\">\n\t\t\t\t\t\t<div class=\"elementor-element elementor-element-406b2b7 elementor-widget elementor-widget-image\" data-id=\"406b2b7\" data-element_type=\"widget\" data-widget_type=\"image.default\">\n\t\t\t\t<div class=\"elementor-widget-container\">\n\t\t\t\t\t\t\t\t\t\t\t\t\t\t<a href=\"https:\/\/www.nunoa.cl\/\">\n\t\t\t\t\t\t\t<img loading=\"lazy\" decoding=\"async\" width=\"300\" height=\"122\" src=\"https:\/\/nunoa.cl\/nunoapanorama\/wp-content\/uploads\/2022\/07\/LOGO-1-300x122.png\" class=\"attachment-medium size-medium wp-image-329\" alt=\"\" srcset=\"https:\/\/nunoa.cl\/nunoapanorama\/wp-content\/uploads\/2022\/07\/LOGO-1-300x122.png 300w, https:\/\/nunoa.cl\/nunoapanorama\/wp-content\/uploads\/2022\/07\/LOGO-1-1024x416.png 1024w, https:\/\/nunoa.cl\/nunoapanorama\/wp-content\/uploads\/2022\/07\/LOGO-1-768x312.png 768w, https:\/\/nunoa.cl\/nunoapanorama\/wp-content\/uploads\/2022\/07\/LOGO-1-1536x625.png 1536w, https:\/\/nunoa.cl\/nunoapanorama\/wp-content\/uploads\/2022\/07\/LOGO-1-2048x833.png 2048w, https:\/\/nunoa.cl\/nunoapanorama\/wp-content\/uploads\/2022\/07\/LOGO-1-600x244.png 600w\" sizes=\"(max-width: 300px) 100vw, 300px\" \/>\t\t\t\t\t\t\t\t<\/a>\n\t\t\t\t\t\t\t\t\t\t\t\t\t<\/div>\n\t\t\t\t<\/div>\n\t\t\t\t\t<\/div>\n\t\t<\/div>\n\t\t\t\t<div class=\"elementor-column elementor-col-33 elementor-top-column elementor-element elementor-element-31a414c\" data-id=\"31a414c\" data-element_type=\"column\">\n\t\t\t<div class=\"elementor-widget-wrap elementor-element-populated\">\n\t\t\t\t\t\t<div class=\"elementor-element elementor-element-567a3f1 elementor-widget elementor-widget-image\" data-id=\"567a3f1\" data-element_type=\"widget\" data-widget_type=\"image.default\">\n\t\t\t\t<div class=\"elementor-widget-container\">\n\t\t\t\t\t\t\t\t\t\t\t\t\t\t<a href=\"https:\/\/www.ccn.cl\/\">\n\t\t\t\t\t\t\t<img loading=\"lazy\" decoding=\"async\" width=\"300\" height=\"122\" src=\"https:\/\/nunoa.cl\/nunoapanorama\/wp-content\/uploads\/2022\/07\/ccn-300x122.png\" class=\"attachment-medium size-medium wp-image-328\" alt=\"\" srcset=\"https:\/\/nunoa.cl\/nunoapanorama\/wp-content\/uploads\/2022\/07\/ccn-300x122.png 300w, https:\/\/nunoa.cl\/nunoapanorama\/wp-content\/uploads\/2022\/07\/ccn-1024x416.png 1024w, https:\/\/nunoa.cl\/nunoapanorama\/wp-content\/uploads\/2022\/07\/ccn-768x312.png 768w, https:\/\/nunoa.cl\/nunoapanorama\/wp-content\/uploads\/2022\/07\/ccn-1536x625.png 1536w, https:\/\/nunoa.cl\/nunoapanorama\/wp-content\/uploads\/2022\/07\/ccn-2048x833.png 2048w, https:\/\/nunoa.cl\/nunoapanorama\/wp-content\/uploads\/2022\/07\/ccn-600x244.png 600w\" sizes=\"(max-width: 300px) 100vw, 300px\" \/>\t\t\t\t\t\t\t\t<\/a>\n\t\t\t\t\t\t\t\t\t\t\t\t\t<\/div>\n\t\t\t\t<\/div>\n\t\t\t\t\t<\/div>\n\t\t<\/div>\n\t\t\t\t\t<\/div>\n\t\t<\/section>\n\t\t\t\t<\/div>\n\t\t","protected":false},"excerpt":{"rendered":"<p>Anterior Siguiente Inscribe Tu Evento Fecha de inicio Fecha de termino Categor\u00eda Todas las categor\u00edasPatrimonioAudiovisualArtes esc\u00e9nicas&nbsp;&nbsp;&nbsp;M\u00fasica&nbsp;&nbsp;&nbsp;Danza&nbsp;&nbsp;&nbsp;Teatro&nbsp;&nbsp;&nbsp;CircoActividad gratuitaActividad pagadaArtes VisualesFeria de EmprendedoresTalleres 29 Oct 2022 Actividad pagada, Artes esc\u00e9nicas, M\u00fasica RBX y Rockaxis presentan Electrofobia 29 de octubre de 2022 @ 21:00 , mas Vicu\u00f1a Mackenna 1220, \u00d1u\u00f1oa M\u00e1s detalles 21 Oct 2022 Actividad pagada, M\u00fasica [&hellip;]<\/p>\n","protected":false},"author":1,"featured_media":0,"parent":0,"menu_order":0,"comment_status":"closed","ping_status":"closed","template":"","meta":{"footnotes":""},"class_list":["post-3","page","type-page","status-publish","hentry"],"_links":{"self":[{"href":"https:\/\/nunoa.cl\/nunoapanorama\/wp-json\/wp\/v2\/pages\/3","targetHints":{"allow":["GET"]}}],"collection":[{"href":"https:\/\/nunoa.cl\/nunoapanorama\/wp-json\/wp\/v2\/pages"}],"about":[{"href":"https:\/\/nunoa.cl\/nunoapanorama\/wp-json\/wp\/v2\/types\/page"}],"author":[{"embeddable":true,"href":"https:\/\/nunoa.cl\/nunoapanorama\/wp-json\/wp\/v2\/users\/1"}],"replies":[{"embeddable":true,"href":"https:\/\/nunoa.cl\/nunoapanorama\/wp-json\/wp\/v2\/comments?post=3"}],"version-history":[{"count":0,"href":"https:\/\/nunoa.cl\/nunoapanorama\/wp-json\/wp\/v2\/pages\/3\/revisions"}],"wp:attachment":[{"href":"https:\/\/nunoa.cl\/nunoapanorama\/wp-json\/wp\/v2\/media?parent=3"}],"curies":[{"name":"wp","href":"https:\/\/api.w.org\/{rel}","templated":true}]}}